{"id":100,"date":"2022-06-05T08:41:08","date_gmt":"2022-06-05T08:41:08","guid":{"rendered":"https:\/\/nuestrosescritores.com\/sergiorubioblanco\/?page_id=100"},"modified":"2022-06-05T11:06:20","modified_gmt":"2022-06-05T11:06:20","slug":"poesia","status":"publish","type":"page","link":"https:\/\/nuestrosescritores.com\/sergiorubioblanco\/poesia\/","title":{"rendered":"POES\u00cdA"},"content":{"rendered":"<div class=\"wpb-content-wrapper\">[vc_row full_width=&#8221;stretch_row_content_no_spaces&#8221; full_height=&#8221;yes&#8221; equal_height=&#8221;yes&#8221;][vc_column extend=&#8221;false&#8221;]<div id=\"rowvcpt-row-settings\" class=\"rowvcpt-row-set RowVcPt-row-setting69ef676299a4d \" data-no=\"RowVcPt-row-setting69ef676299a4d\"><div class=\"columns-bg-wrap columns-bg-anim-colors columns-bg-image  columns_simple_image\" id=\"RowVcPt-image-bg-69ef676299a4c\"   data-parallax_sense=\"30\" src=\"https:\/\/nuestrosescritores.com\/sergiorubioblanco\/wp-content\/uploads\/sites\/132\/2022\/06\/bmaz3ot0ckq.jpg\" style=\"background-image: url(https:\/\/nuestrosescritores.com\/sergiorubioblanco\/wp-content\/uploads\/sites\/132\/2022\/06\/bmaz3ot0ckq.jpg);background-position: center center;background-size: cover;background-attachment: fixed;\"><\/div><\/div>[\/vc_column][\/vc_row][vc_row][vc_column extend=&#8221;false&#8221;][vc_column_text]\n<h1><a name=\"_Toc102326624\"><\/a><strong>CISMA EN LA NOCHE<\/strong><\/h1>\n<p>&nbsp;<\/p>\n<p>Del difunto sol sus rayos se descosen<\/p>\n<p>y las farolas pliegan la luz de sus halos.<\/p>\n<p>No s\u00e9 en qu\u00e9 punto de la noche<\/p>\n<p>he tomado el camino equivocado,<\/p>\n<p>sintiendo precipicios vivos a cada paso.<\/p>\n<p>&nbsp;<\/p>\n<p>Puede que no haya m\u00e1s alternativa<\/p>\n<p>que intentar guiarme por esta luna<\/p>\n<p>donde habita el sol entre dudas,<\/p>\n<p>para evitar de posibles lobos su batida<\/p>\n<p>y hallar una salida a esta noche confusa.<\/p>\n<p>&nbsp;<\/p>\n<p>El desconocimiento se antoja<\/p>\n<p>emboscada ya que mi vida<\/p>\n<p>nunca encontr\u00f3 raz\u00f3n en la huida<\/p>\n<p>donde el peligro, a solas, se deshoja<\/p>\n<p>entre cultivos de semilla clandestina.<\/p>\n<p>&nbsp;<\/p>\n<p>Camino cientos de metros<\/p>\n<p>y mis o\u00eddos se inquietan<\/p>\n<p>con un torrente de ruidos que se asienta<\/p>\n<p>donde dormitan v\u00edsceras de sentimientos<\/p>\n<p>que truenan un aviso de tormenta.<\/p>\n<p>&nbsp;<\/p>\n<p>Me desquicia el pulm\u00f3n del tiempo:<\/p>\n<p>se deshace como cubos de hielo<\/p>\n<p>por revivir entre mis tibios dedos,<\/p>\n<p>a la lumbre del arrepentimiento,<\/p>\n<p>esa hoguera que consume mis sue\u00f1os.<\/p>\n<p>&nbsp;<\/p>\n<p>Me angustio lejos del descanso<\/p>\n<p>por las ruinas devastadas que retengo.<\/p>\n<p>Ni esta oscuridad apaga el recuerdo:<\/p>\n<p>un term\u00f3metro de reloj insano<\/p>\n<p>que esposa mi presente prestado<\/p>\n<p>a una a\u00f1oranza de suspiro hipotecado.<\/p>\n<p>&nbsp;<\/p>\n<p>No quiero alistarme en la oscuridad.<\/p>\n<p>Camino rectas y curvas que acogen<\/p>\n<p>pisadas como estr\u00edas de luminosidad<\/p>\n<p>sin poder dar una alternativa veraz<\/p>\n<p>a esta noche que hasta mi sombra absorbe.<\/p>\n<p>&nbsp;<\/p>\n<p>&nbsp;<\/p>\n<p>Hay aves que no cesan de sisear<\/p>\n<p>pero sortea la sugesti\u00f3n<\/p>\n<p>la fortaleza que cruza mi incomodidad.<\/p>\n<p>&nbsp;<\/p>\n<p>Es mi fragilidad interior<\/p>\n<p>la que intenta emerger con necesidad<\/p>\n<p>de abanderar la luz del mundo exterior.<\/p>\n<p>&nbsp;<\/p>\n<p>Remuevo la madurez<\/p>\n<p>que mi edad atestigua<\/p>\n<p>e intento escapar de la red<\/p>\n<p>donde mi inseguridad es continua.<\/p>\n<p>&nbsp;<\/p>\n<p>Alargo la zancada para nada<\/p>\n<p>pero algo me dice que este camino<\/p>\n<p>conseguir\u00e1 derribar la madrugada.<\/p>\n<p>&nbsp;<\/p>\n<p>La luna toma la pureza de Granada<\/p>\n<p>por querer cobrar sentido<\/p>\n<p>la noche que una l\u00e1grima bes\u00f3 mi boca<\/p>\n<p>para desgajar el legado de mis derrotas.<\/p>\n<p>Migas de luz mi mirada encuentra.<\/p>\n<p>Escucho voces al un\u00edsono<\/p>\n<p>y resuelven el camino en un s\u00edmbolo<\/p>\n<p>donde el amanecer espera en la meta.<\/p>\n<p>\u00bfC\u00f3mo no me he podido dar cuenta?<\/p>\n<p>&nbsp;<\/p>\n<p>Reconozco esas voces en concierto<\/p>\n<p>como las delatoras de mi envoltorio.<\/p>\n<p>Mi nostalgia urge de di\u00e1logo interno<\/p>\n<p>para no bailar m\u00e1s con demonios<\/p>\n<p>que compran lunas con mi cautiverio.<\/p>\n<p>&nbsp;<\/p>\n<p>Soy reh\u00e9n de mi conciencia:<\/p>\n<p>un descontento que no admite divorcio<\/p>\n<p>con el estruendo que dej\u00e9 en prenda.<\/p>\n<p>&nbsp;<\/p>\n<p>Llevar\u00e9 mi ej\u00e9rcito de soliloquios<\/p>\n<p>a una desnuda guerra<\/p>\n<p>donde los enemigos no sean negocio.<\/p>\n<p>&nbsp;<\/p>\n<p>Las huellas del camino<\/p>\n<p>son de esta oscuridad mi pasaporte.<\/p>\n<p>Soy yo quien ha de espantar el hast\u00edo<\/p>\n<p>y derribar heridas a lomos de acordes.<\/p>\n<p>&nbsp;<\/p>\n<p>Larga intimidad aguarda la noche<\/p>\n<p>para devolver el color a mi destino,<\/p>\n<p>desmontando la poes\u00eda mis barrotes.<\/p>\n<p>&nbsp;<\/p>\n<p>&nbsp;<\/p>\n<span class='bctt-click-to-tweet'><span class='bctt-ctt-text'><a href='https:\/\/x.com\/intent\/tweet?url=https%3A%2F%2Fnuestrosescritores.com%2Fsergiorubioblanco%2Fpoesia%2F&#038;text=CISMA%20EN%20LA%20NOCHE%20del%20libro%20CONCIERTO%20DE%20COLORES%20de%20SERGIO%20RUBIO%20BLANCO&#038;via=poesiaerestu&#038;related=poesiaerestu' target='_blank'rel=\"noopener noreferrer\">CISMA EN LA NOCHE del libro CONCIERTO DE COLORES de SERGIO RUBIO BLANCO <\/a><\/span><a href='https:\/\/x.com\/intent\/tweet?url=https%3A%2F%2Fnuestrosescritores.com%2Fsergiorubioblanco%2Fpoesia%2F&#038;text=CISMA%20EN%20LA%20NOCHE%20del%20libro%20CONCIERTO%20DE%20COLORES%20de%20SERGIO%20RUBIO%20BLANCO&#038;via=poesiaerestu&#038;related=poesiaerestu' target='_blank' class='bctt-ctt-btn'rel=\"noopener noreferrer\">Compartir en X<\/a><\/span>[\/vc_column_text][\/vc_column][\/vc_row][vc_row full_width=&#8221;stretch_row_content_no_spaces&#8221; full_height=&#8221;yes&#8221; equal_height=&#8221;yes&#8221;][vc_column extend=&#8221;false&#8221;]<div id=\"rowvcpt-row-settings\" class=\"rowvcpt-row-set RowVcPt-row-setting69ef67629a23c \" data-no=\"RowVcPt-row-setting69ef67629a23c\"><div class=\"columns-bg-wrap columns-bg-anim-colors columns-bg-image  columns_simple_image\" id=\"RowVcPt-image-bg-69ef67629a23b\"   data-parallax_sense=\"30\" src=\"https:\/\/nuestrosescritores.com\/sergiorubioblanco\/wp-content\/uploads\/sites\/132\/2022\/06\/fvnsnnmlet8.jpg\" style=\"background-image: url(https:\/\/nuestrosescritores.com\/sergiorubioblanco\/wp-content\/uploads\/sites\/132\/2022\/06\/fvnsnnmlet8.jpg);background-position: center center;background-size: cover;background-attachment: fixed;\"><\/div><\/div>[\/vc_column][\/vc_row][vc_row][vc_column extend=&#8221;false&#8221;][vc_column_text]\n<h1><a name=\"_Toc99734021\"><\/a><\/h1>\n<h1><a name=\"_Toc102326632\"><\/a><strong>ROSTRO DE OTO\u00d1O<\/strong><\/h1>\n<p>&nbsp;<\/p>\n<p>Altera mi sue\u00f1o un rostro<\/p>\n<p>que las estrellas pespuntan con dulzura.<\/p>\n<p>Tropiezo con negros escombros<\/p>\n<p>y no puedo ver esos ojos que oculta<\/p>\n<p>por miedo a la desnudez del oto\u00f1o<\/p>\n<p>en esta noche que deambula.<\/p>\n<p>&nbsp;<\/p>\n<p>Intento rozar con mis dedos<\/p>\n<p>la cara oculta de sus terrenos.<\/p>\n<p>Es un rostro que sintoniza al silencio,<\/p>\n<p>que penetra en mi respiraci\u00f3n<\/p>\n<p>como crudo revuelo<\/p>\n<p>del que no s\u00e9 si soy centuri\u00f3n<\/p>\n<p>o tan s\u00f3lo siervo.<\/p>\n<p>&nbsp;<\/p>\n<p>Navega con intermitencia,<\/p>\n<p>desconocido por el cauce del sue\u00f1o.<\/p>\n<p>Es un rostro que asume la paciencia<\/p>\n<p>cuando estallan los focos del tiempo<\/p>\n<p>y las sombras seducen al miedo.<\/p>\n<p>&nbsp;<\/p>\n<p>Siento el cansancio y un desagrado<\/p>\n<p>al batallar contra mi subconsciente.<\/p>\n<p>Ese rostro huye del deseo aciago<\/p>\n<p>y vierte una pesadilla como lente<\/p>\n<p>donde la realidad no es lo que parece.<\/p>\n<p>&nbsp;<\/p>\n<p>\u00bfPor qu\u00e9 no me mira ese rostro<\/p>\n<p>que viaja por el and\u00e9n de mi sue\u00f1o?<\/p>\n<p>&nbsp;<\/p>\n<p>Mi temperatura desciende y toca fondo<\/p>\n<p>en las arenas movedizas del desprecio,<\/p>\n<p>empe\u00f1ando fr\u00edo al viento del entorno.<\/p>\n<p>&nbsp;<\/p>\n<p>El rostro se acerca y se aleja.<\/p>\n<p>Pareciera expresarse, pero me evita.<\/p>\n<p>La b\u00fasqueda de la raz\u00f3n se fatiga<\/p>\n<p>y la emoci\u00f3n se topa con la verja<\/p>\n<p>que niega mi entrada con prisas<\/p>\n<p>al recinto de su sonrisa.<\/p>\n<p>&nbsp;<\/p>\n<p>S\u00f3lo podr\u00e9 recordarlo como el abismo<\/p>\n<p>que insinu\u00f3 los excesos de mi letargo.<\/p>\n<p>Mi vigilia perseguir\u00e1 el m\u00ednimo atisbo<\/p>\n<p>hasta hacerme saber, ausente el enga\u00f1o,<\/p>\n<p>que el ilusorio rostro rescato.<\/p>\n<p>&nbsp;<\/p>\n<p>La luz del alba comienza a parir destello.<\/p>\n<p>Abandona su grupa la noche del jinete<\/p>\n<p>para lanzar sus redes por otros sue\u00f1os.<\/p>\n<p>&nbsp;<\/p>\n<p>Siente mi respiraci\u00f3n quemarla el fuego.<\/p>\n<p>Mis p\u00e1rpados cumplen sus deberes<\/p>\n<p>y me devuelven la realidad que debo.<\/p>\n<p>&nbsp;<\/p>\n<p>El olvido sabio escapa<\/p>\n<p>del recuerdo que otra noche recobro<\/p>\n<p>al intuir el dominio de ese rostro<\/p>\n<p>que no atendi\u00f3 mi mirada,<\/p>\n<p>cansada de alertar mi fragata<\/p>\n<p>en el radar de sus ojos.<\/p>\n<p>&nbsp;<\/p>\n<p>Ese rostro siempre ser\u00e1 oto\u00f1o.<\/p>\n<p>Convirti\u00f3 mis sentimientos<\/p>\n<p>en crisantemos con los que decoro<\/p>\n<p>la ilusi\u00f3n primera a la que a\u00fan imploro.<\/p>\n<p>&nbsp;<\/p>\n<p>Cuando aterrice el invierno,<\/p>\n<p>se helar\u00e1 el aire que inspiro,<\/p>\n<p>pero yo aguardar\u00e9 despierto<\/p>\n<p>por si el rostro renace del fr\u00edo.<\/p>\n<span class='bctt-click-to-tweet'><span class='bctt-ctt-text'><a href='https:\/\/x.com\/intent\/tweet?url=https%3A%2F%2Fnuestrosescritores.com%2Fsergiorubioblanco%2Fpoesia%2F&#038;text=ROSTRO%20DE%20OTO%C3%91O%20del%20libro%20CONCIERTO%20DE%20COLORES%20de%20SERGIO%20RUBIO%20BLANCO&#038;via=poesiaerestu&#038;related=poesiaerestu' target='_blank'rel=\"noopener noreferrer\">ROSTRO DE OTO\u00d1O del libro CONCIERTO DE COLORES de SERGIO RUBIO BLANCO <\/a><\/span><a href='https:\/\/x.com\/intent\/tweet?url=https%3A%2F%2Fnuestrosescritores.com%2Fsergiorubioblanco%2Fpoesia%2F&#038;text=ROSTRO%20DE%20OTO%C3%91O%20del%20libro%20CONCIERTO%20DE%20COLORES%20de%20SERGIO%20RUBIO%20BLANCO&#038;via=poesiaerestu&#038;related=poesiaerestu' target='_blank' class='bctt-ctt-btn'rel=\"noopener noreferrer\">Compartir en X<\/a><\/span>\n<p>&nbsp;<\/p>\n<p>&nbsp;[\/vc_column_text][\/vc_column][\/vc_row][vc_row full_width=&#8221;stretch_row_content_no_spaces&#8221; full_height=&#8221;yes&#8221; equal_height=&#8221;yes&#8221;][vc_column extend=&#8221;false&#8221;]<div id=\"rowvcpt-row-settings\" class=\"rowvcpt-row-set RowVcPt-row-setting69ef67629a6b6 \" data-no=\"RowVcPt-row-setting69ef67629a6b6\"><div class=\"columns-bg-wrap columns-bg-anim-colors columns-bg-image  columns_simple_image\" id=\"RowVcPt-image-bg-69ef67629a6b5\"   data-parallax_sense=\"30\" src=\"https:\/\/nuestrosescritores.com\/sergiorubioblanco\/wp-content\/uploads\/sites\/132\/2022\/06\/bkkgjzx4iqo.jpg\" style=\"background-image: url(https:\/\/nuestrosescritores.com\/sergiorubioblanco\/wp-content\/uploads\/sites\/132\/2022\/06\/bkkgjzx4iqo.jpg);background-position: center center;background-size: cover;background-attachment: fixed;\"><\/div><\/div>[\/vc_column][\/vc_row][vc_row][vc_column extend=&#8221;false&#8221;][vc_column_text]\n<h1><a name=\"_Toc102326646\"><\/a><strong>CANCI\u00d3N AL BEB\u00c9 AUSENTE<\/strong><\/h1>\n<p>&nbsp;<\/p>\n<p>Te siento muy fr\u00e1gil<\/p>\n<p>aunque no te acunen mis brazos.<\/p>\n<p>Me concentro en el papel y el l\u00e1piz<\/p>\n<p>que trata de trazar tus ojos y labios.<\/p>\n<p>Me gustar\u00eda ser de tu velero m\u00e1stil<\/p>\n<p>y surcar tus primeros hallazgos.<\/p>\n<p>&nbsp;<\/p>\n<p>Tan s\u00f3lo te imagin\u00e9 una madre<\/p>\n<p>de las mujeres que me desarmaron.<\/p>\n<p>Hay puertas que no se abren<\/p>\n<p>y qued\u00e9 en la sala de espera encerrado,<\/p>\n<p>sin poder salir del continuo rechazo.<\/p>\n<p>&nbsp;<\/p>\n<p>Me pierdo al buscar en vano<\/p>\n<p>las huellas en la arena desierta<\/p>\n<p>que pisar\u00edan tus zapatos.<\/p>\n<p>Imagino una mirada intensa<\/p>\n<p>en acontecimientos se\u00f1alados.<\/p>\n<p>&nbsp;<\/p>\n<p>Tus llantos de luces vestir\u00eda<\/p>\n<p>para atrapar una sola sonrisa<\/p>\n<p>donde el viento oscila.<\/p>\n<p>Firmar\u00eda cualquier amnist\u00eda<\/p>\n<p>con ristras de caricias.<\/p>\n<p>&nbsp;<\/p>\n<p>Me pesar\u00eda que heredases<\/p>\n<p>esos d\u00edas de apat\u00eda y desaliento<\/p>\n<p>que editaron tantos ejemplares<\/p>\n<p>en ese rinc\u00f3n donde las tardes<\/p>\n<p>me sum\u00edan en el invierno.<\/p>\n<p>&nbsp;<\/p>\n<p>Te ense\u00f1ar\u00eda a amar<\/p>\n<p>sin importar el tipo de g\u00e9nero.<\/p>\n<p>Te hablar\u00eda de libertad<\/p>\n<p>para que perdieses el miedo<\/p>\n<p>a buscar en bosques la dignidad<\/p>\n<p>que acicala los salones del cielo.<\/p>\n<p>&nbsp;<\/p>\n<p>Si de la soledad naciesen tus sue\u00f1os,<\/p>\n<p>mi compa\u00f1\u00eda despu\u00e9s te escuchar\u00eda<\/p>\n<p>al temer tu incomprensi\u00f3n perderlos.<\/p>\n<p>&nbsp;<\/p>\n<p>Pronto el amor har\u00eda en ti poes\u00eda<\/p>\n<p>y callar\u00edas los malos momentos<\/p>\n<p>que absorbe la intimidad por cortes\u00eda.<\/p>\n<p>&nbsp;<\/p>\n<p>De tu principal pregunta<\/p>\n<p>te responder\u00eda que ni siquiera los sabios<\/p>\n<p>supieron habitar la felicidad presunta.<\/p>\n<p>&nbsp;<\/p>\n<p>\u00bfSabes? De un roto pelda\u00f1o<\/p>\n<p>cay\u00f3 un amor en cadena.<\/p>\n<p>Una \u00faltima certeza<\/p>\n<p>se apag\u00f3 en un pardo tejado<\/p>\n<p>donde escaparon mis fuerzas<\/p>\n<p>por echar al vuelo las ideas<\/p>\n<p>que me adornaron.<\/p>\n<p>&nbsp;<\/p>\n<p>Tu cerezo se ocult\u00f3 de mi primavera<\/p>\n<p>y hoy su flor a\u00fan reposa<\/p>\n<p>donde ning\u00fan valle la espera,<\/p>\n<p>como un terceto extraviado en la prosa<\/p>\n<p>de ese beb\u00e9 que no ser\u00e1 novela.<\/p>\n<p>&nbsp;<\/p>\n<p>&nbsp;<\/p>\n<span class='bctt-click-to-tweet'><span class='bctt-ctt-text'><a href='https:\/\/x.com\/intent\/tweet?url=https%3A%2F%2Fnuestrosescritores.com%2Fsergiorubioblanco%2Fpoesia%2F&#038;text=CANCI%C3%93N%20AL%20BEB%C3%89%20AUSENTE%20del%20libro%20CONCIERTO%20DE%20COLORES%20de%20SERGIO%20RUBIO%20BLANCO&#038;via=poesiaerestu&#038;related=poesiaerestu' target='_blank'rel=\"noopener noreferrer\">CANCI\u00d3N AL BEB\u00c9 AUSENTE del libro CONCIERTO DE COLORES de SERGIO RUBIO BLANCO <\/a><\/span><a href='https:\/\/x.com\/intent\/tweet?url=https%3A%2F%2Fnuestrosescritores.com%2Fsergiorubioblanco%2Fpoesia%2F&#038;text=CANCI%C3%93N%20AL%20BEB%C3%89%20AUSENTE%20del%20libro%20CONCIERTO%20DE%20COLORES%20de%20SERGIO%20RUBIO%20BLANCO&#038;via=poesiaerestu&#038;related=poesiaerestu' target='_blank' class='bctt-ctt-btn'rel=\"noopener noreferrer\">Compartir en X<\/a><\/span>\n<p>&nbsp;<\/p>\n<p>&nbsp;[\/vc_column_text][\/vc_column][\/vc_row][vc_row full_width=&#8221;stretch_row_content_no_spaces&#8221; full_height=&#8221;yes&#8221; equal_height=&#8221;yes&#8221;][vc_column extend=&#8221;false&#8221;]<div id=\"rowvcpt-row-settings\" class=\"rowvcpt-row-set RowVcPt-row-setting69ef67629aa34 \" data-no=\"RowVcPt-row-setting69ef67629aa34\"><div class=\"columns-bg-wrap columns-bg-anim-colors columns-bg-image  columns_simple_image\" id=\"RowVcPt-image-bg-69ef67629aa33\"   data-parallax_sense=\"30\" src=\"https:\/\/nuestrosescritores.com\/sergiorubioblanco\/wp-content\/uploads\/sites\/132\/2022\/06\/awlygu86doc.jpg\" style=\"background-image: url(https:\/\/nuestrosescritores.com\/sergiorubioblanco\/wp-content\/uploads\/sites\/132\/2022\/06\/awlygu86doc.jpg);background-position: center center;background-size: cover;background-attachment: fixed;\"><\/div><\/div>[\/vc_column][\/vc_row][vc_row][vc_column extend=&#8221;false&#8221;][vc_column_text]\n<h1><a name=\"_Toc99734038\"><\/a><\/h1>\n<h1><a name=\"_Toc102326635\"><\/a>SONETO DE INFANCIA<\/h1>\n<p>&nbsp;<\/p>\n<p>Nubes de tiempo colman de inocencia<\/p>\n<p>la mirada t\u00edmida de un ser puro.<\/p>\n<p>Busca alejarse de miedos oscuros<\/p>\n<p>y no piensa a\u00fan en prontas ausencias.<\/p>\n<p>&nbsp;<\/p>\n<p>Ti\u00f1e con una graciosa impaciencia<\/p>\n<p>sus futuros deseos inmaduros.<\/p>\n<p>Le cuidan con miel y no pasa apuros<\/p>\n<p>creciendo con la voz de la prudencia.<\/p>\n<p>&nbsp;<\/p>\n<p>Necesita un abrigo de tres capas<\/p>\n<p>para que su seguridad proteja<\/p>\n<p>y sienta que el peligro se le escapa.<\/p>\n<p>&nbsp;<\/p>\n<p>Un d\u00eda a\u00f1orar\u00e1 aquellas lentejas<\/p>\n<p>que armonizaron una densa etapa<\/p>\n<p>donde cop\u00f3 la atenci\u00f3n en bandeja.<\/p>\n<span class='bctt-click-to-tweet'><span class='bctt-ctt-text'><a href='https:\/\/x.com\/intent\/tweet?url=https%3A%2F%2Fnuestrosescritores.com%2Fsergiorubioblanco%2Fpoesia%2F&#038;text=SONETO%20DE%20INFANCIA%20del%20libro%20CONCIERTO%20DE%20COLORES%20de%20SERGIO%20RUBIO%20BLANCO&#038;via=poesiaerestu&#038;related=poesiaerestu' target='_blank'rel=\"noopener noreferrer\">SONETO DE INFANCIA del libro CONCIERTO DE COLORES de SERGIO RUBIO BLANCO <\/a><\/span><a href='https:\/\/x.com\/intent\/tweet?url=https%3A%2F%2Fnuestrosescritores.com%2Fsergiorubioblanco%2Fpoesia%2F&#038;text=SONETO%20DE%20INFANCIA%20del%20libro%20CONCIERTO%20DE%20COLORES%20de%20SERGIO%20RUBIO%20BLANCO&#038;via=poesiaerestu&#038;related=poesiaerestu' target='_blank' class='bctt-ctt-btn'rel=\"noopener noreferrer\">Compartir en X<\/a><\/span>\n<p>&nbsp;<\/p>\n<p>&nbsp;[\/vc_column_text][\/vc_column][\/vc_row][vc_row full_height=&#8221;yes&#8221; equal_height=&#8221;yes&#8221;][vc_column extend=&#8221;false&#8221;]<div id=\"rowvcpt-row-settings\" class=\"rowvcpt-row-set RowVcPt-row-setting69ef67629ad29 \" data-no=\"RowVcPt-row-setting69ef67629ad29\"><div class=\"columns-bg-wrap columns-bg-anim-colors columns-bg-image  columns_simple_image\" id=\"RowVcPt-image-bg-69ef67629ad28\"   data-parallax_sense=\"30\" src=\"https:\/\/nuestrosescritores.com\/sergiorubioblanco\/wp-content\/uploads\/sites\/132\/2022\/06\/SergioRubioBlanco_SSquare_Alargado-Mediano.png\" style=\"background-image: url(https:\/\/nuestrosescritores.com\/sergiorubioblanco\/wp-content\/uploads\/sites\/132\/2022\/06\/SergioRubioBlanco_SSquare_Alargado-Mediano.png);background-position: center center;background-size: cover;background-attachment: fixed;\"><\/div><\/div><div class=\"ult-spacer spacer-69ef67629afd1\" data-id=\"69ef67629afd1\" data-height=\"150\" data-height-mobile=\"150\" data-height-tab=\"150\" data-height-tab-portrait=\"\" data-height-mobile-landscape=\"\" style=\"clear:both;display:block;\"><\/div>[vc_column_text]\n<p style=\"text-align: center;\"><a class=\"fasc-button fasc-size-xlarge fasc-type-glossy fasc-rounded-medium\" style=\"background-color: #33809e; color: #ffffff;\" href=\"https:\/\/librodepoesia.com\/libro\/concierto-de-colores-sergio-rubio-blanco\/\">Comprar el libro<\/a><\/p>\n[\/vc_column_text][\/vc_column][\/vc_row]\n<\/div>","protected":false},"excerpt":{"rendered":"<p>[vc_row full_width=&#8221;stretch_row_content_no_spaces&#8221; full_height=&#8221;yes&#8221; equal_height=&#8221;yes&#8221;][vc_column extend=&#8221;false&#8221;][\/vc_column][\/vc_row][vc_row][vc_column extend=&#8221;false&#8221;][vc_column_text] CISMA EN LA NOCHE &nbsp; Del difunto sol sus rayos se descosen y las farolas pliegan la luz de sus halos. No s\u00e9 en qu\u00e9 punto de la noche he tomado el camino equivocado, sintiendo precipicios vivos a cada paso. &nbsp; Puede que no haya m\u00e1s alternativa que intentar [&hellip;]<\/p>\n","protected":false},"author":1,"featured_media":0,"parent":0,"menu_order":0,"comment_status":"closed","ping_status":"closed","template":"","meta":{"_acf_changed":false,"footnotes":""},"class_list":["post-100","page","type-page","status-publish","hentry"],"acf":[],"yoast_head":"<!-- This site is optimized with the Yoast SEO Premium plugin v24.7 (Yoast SEO v27.4) - https:\/\/yoast.com\/product\/yoast-seo-premium-wordpress\/ -->\n<title>POES\u00cdA - Sergio Rubio Blanco<\/title>\n<meta name=\"description\" content=\"Poes\u00eda del libro CONCIERTO DE COLORES. El escritor nos da una muestra tras publicar su libro con la Editorial Poes\u00eda eres t\u00fa 2022.\" \/>\n<meta name=\"robots\" content=\"index, follow, max-snippet:-1, max-image-preview:large, max-video-preview:-1\" \/>\n<link rel=\"canonical\" href=\"https:\/\/nuestrosescritores.com\/sergiorubioblanco\/poesia\/\" \/>\n<meta property=\"og:locale\" content=\"es_ES\" \/>\n<meta property=\"og:type\" content=\"article\" \/>\n<meta property=\"og:title\" content=\"POES\u00cdA\" \/>\n<meta property=\"og:description\" content=\"Poes\u00eda del libro CONCIERTO DE COLORES. El escritor nos da una muestra tras publicar su libro con la Editorial Poes\u00eda eres t\u00fa 2022.\" \/>\n<meta property=\"og:url\" content=\"https:\/\/nuestrosescritores.com\/sergiorubioblanco\/poesia\/\" \/>\n<meta property=\"og:site_name\" content=\"Sergio Rubio Blanco\" \/>\n<meta property=\"article:modified_time\" content=\"2022-06-05T11:06:20+00:00\" \/>\n<meta name=\"twitter:card\" content=\"summary_large_image\" \/>\n<meta name=\"twitter:label1\" content=\"Tiempo de lectura\" \/>\n\t<meta name=\"twitter:data1\" content=\"6 minutos\" \/>\n<script type=\"application\/ld+json\" class=\"yoast-schema-graph\">{\"@context\":\"https:\\\/\\\/schema.org\",\"@graph\":[{\"@type\":\"WebPage\",\"@id\":\"https:\\\/\\\/nuestrosescritores.com\\\/sergiorubioblanco\\\/poesia\\\/\",\"url\":\"https:\\\/\\\/nuestrosescritores.com\\\/sergiorubioblanco\\\/poesia\\\/\",\"name\":\"POES\u00cdA - Sergio Rubio Blanco\",\"isPartOf\":{\"@id\":\"https:\\\/\\\/nuestrosescritores.com\\\/sergiorubioblanco\\\/#website\"},\"datePublished\":\"2022-06-05T08:41:08+00:00\",\"dateModified\":\"2022-06-05T11:06:20+00:00\",\"description\":\"Poes\u00eda del libro CONCIERTO DE COLORES. El escritor nos da una muestra tras publicar su libro con la Editorial Poes\u00eda eres t\u00fa 2022.\",\"breadcrumb\":{\"@id\":\"https:\\\/\\\/nuestrosescritores.com\\\/sergiorubioblanco\\\/poesia\\\/#breadcrumb\"},\"inLanguage\":\"es\",\"potentialAction\":[{\"@type\":\"ReadAction\",\"target\":[\"https:\\\/\\\/nuestrosescritores.com\\\/sergiorubioblanco\\\/poesia\\\/\"]}]},{\"@type\":\"BreadcrumbList\",\"@id\":\"https:\\\/\\\/nuestrosescritores.com\\\/sergiorubioblanco\\\/poesia\\\/#breadcrumb\",\"itemListElement\":[{\"@type\":\"ListItem\",\"position\":1,\"name\":\"Portada\",\"item\":\"https:\\\/\\\/nuestrosescritores.com\\\/sergiorubioblanco\\\/\"},{\"@type\":\"ListItem\",\"position\":2,\"name\":\"POES\u00cdA\"}]},{\"@type\":\"WebSite\",\"@id\":\"https:\\\/\\\/nuestrosescritores.com\\\/sergiorubioblanco\\\/#website\",\"url\":\"https:\\\/\\\/nuestrosescritores.com\\\/sergiorubioblanco\\\/\",\"name\":\"Nuestros escritores\",\"description\":\"Escritor\",\"potentialAction\":[{\"@type\":\"SearchAction\",\"target\":{\"@type\":\"EntryPoint\",\"urlTemplate\":\"https:\\\/\\\/nuestrosescritores.com\\\/sergiorubioblanco\\\/?s={search_term_string}\"},\"query-input\":{\"@type\":\"PropertyValueSpecification\",\"valueRequired\":true,\"valueName\":\"search_term_string\"}}],\"inLanguage\":\"es\"}]}<\/script>\n<!-- \/ Yoast SEO Premium plugin. -->","yoast_head_json":{"title":"POES\u00cdA - Sergio Rubio Blanco","description":"Poes\u00eda del libro CONCIERTO DE COLORES. El escritor nos da una muestra tras publicar su libro con la Editorial Poes\u00eda eres t\u00fa 2022.","robots":{"index":"index","follow":"follow","max-snippet":"max-snippet:-1","max-image-preview":"max-image-preview:large","max-video-preview":"max-video-preview:-1"},"canonical":"https:\/\/nuestrosescritores.com\/sergiorubioblanco\/poesia\/","og_locale":"es_ES","og_type":"article","og_title":"POES\u00cdA","og_description":"Poes\u00eda del libro CONCIERTO DE COLORES. El escritor nos da una muestra tras publicar su libro con la Editorial Poes\u00eda eres t\u00fa 2022.","og_url":"https:\/\/nuestrosescritores.com\/sergiorubioblanco\/poesia\/","og_site_name":"Sergio Rubio Blanco","article_modified_time":"2022-06-05T11:06:20+00:00","twitter_card":"summary_large_image","twitter_misc":{"Tiempo de lectura":"6 minutos"},"schema":{"@context":"https:\/\/schema.org","@graph":[{"@type":"WebPage","@id":"https:\/\/nuestrosescritores.com\/sergiorubioblanco\/poesia\/","url":"https:\/\/nuestrosescritores.com\/sergiorubioblanco\/poesia\/","name":"POES\u00cdA - Sergio Rubio Blanco","isPartOf":{"@id":"https:\/\/nuestrosescritores.com\/sergiorubioblanco\/#website"},"datePublished":"2022-06-05T08:41:08+00:00","dateModified":"2022-06-05T11:06:20+00:00","description":"Poes\u00eda del libro CONCIERTO DE COLORES. El escritor nos da una muestra tras publicar su libro con la Editorial Poes\u00eda eres t\u00fa 2022.","breadcrumb":{"@id":"https:\/\/nuestrosescritores.com\/sergiorubioblanco\/poesia\/#breadcrumb"},"inLanguage":"es","potentialAction":[{"@type":"ReadAction","target":["https:\/\/nuestrosescritores.com\/sergiorubioblanco\/poesia\/"]}]},{"@type":"BreadcrumbList","@id":"https:\/\/nuestrosescritores.com\/sergiorubioblanco\/poesia\/#breadcrumb","itemListElement":[{"@type":"ListItem","position":1,"name":"Portada","item":"https:\/\/nuestrosescritores.com\/sergiorubioblanco\/"},{"@type":"ListItem","position":2,"name":"POES\u00cdA"}]},{"@type":"WebSite","@id":"https:\/\/nuestrosescritores.com\/sergiorubioblanco\/#website","url":"https:\/\/nuestrosescritores.com\/sergiorubioblanco\/","name":"Nuestros escritores","description":"Escritor","potentialAction":[{"@type":"SearchAction","target":{"@type":"EntryPoint","urlTemplate":"https:\/\/nuestrosescritores.com\/sergiorubioblanco\/?s={search_term_string}"},"query-input":{"@type":"PropertyValueSpecification","valueRequired":true,"valueName":"search_term_string"}}],"inLanguage":"es"}]}},"_links":{"self":[{"href":"https:\/\/nuestrosescritores.com\/sergiorubioblanco\/wp-json\/wp\/v2\/pages\/100","targetHints":{"allow":["GET"]}}],"collection":[{"href":"https:\/\/nuestrosescritores.com\/sergiorubioblanco\/wp-json\/wp\/v2\/pages"}],"about":[{"href":"https:\/\/nuestrosescritores.com\/sergiorubioblanco\/wp-json\/wp\/v2\/types\/page"}],"author":[{"embeddable":true,"href":"https:\/\/nuestrosescritores.com\/sergiorubioblanco\/wp-json\/wp\/v2\/users\/1"}],"replies":[{"embeddable":true,"href":"https:\/\/nuestrosescritores.com\/sergiorubioblanco\/wp-json\/wp\/v2\/comments?post=100"}],"version-history":[{"count":0,"href":"https:\/\/nuestrosescritores.com\/sergiorubioblanco\/wp-json\/wp\/v2\/pages\/100\/revisions"}],"wp:attachment":[{"href":"https:\/\/nuestrosescritores.com\/sergiorubioblanco\/wp-json\/wp\/v2\/media?parent=100"}],"curies":[{"name":"wp","href":"https:\/\/api.w.org\/{rel}","templated":true}]}}