{"id":105,"date":"2020-11-29T21:09:16","date_gmt":"2020-11-29T21:09:16","guid":{"rendered":"https:\/\/nuestrosescritores.com\/sergiopalomo\/?page_id=105"},"modified":"2020-11-29T22:49:33","modified_gmt":"2020-11-29T22:49:33","slug":"poesia","status":"publish","type":"page","link":"https:\/\/nuestrosescritores.com\/sergiopalomo\/poesia\/","title":{"rendered":"Poes\u00eda"},"content":{"rendered":"<div class=\"wpb-content-wrapper\">[vc_row full_width=&#8221;stretch_row_content_no_spaces&#8221;][vc_column extend=&#8221;false&#8221;]<div class='gambit_parallax_row' data-bg-align='' data-direction='fixed' data-opacity='100' data-velocity='-0.3' data-mobile-enabled='' data-bg-height='2560' data-bg-width='1920' data-bg-image='https:\/\/nuestrosescritores.com\/sergiopalomo\/wp-content\/uploads\/sites\/65\/2020\/11\/dcylndckzlk-scaled.jpg' data-bg-repeat='false' data-id='' style='display: none'><\/div><div class=\"gambit_fullheight_row\" data-content-location=\"center\" style=\"display: none\"><\/div>[\/vc_column][\/vc_row][vc_row][vc_column extend=&#8221;false&#8221;][vc_column_text]\n<h1><a name=\"_Toc45386951\"><\/a><strong>Poes\u00eda tambi\u00e9n es matem\u00e1tica<\/strong><\/h1>\n<p>&nbsp;<\/p>\n<p>Medimos la voracidad del habla<\/p>\n<p>en n\u00fameros irracionales<\/p>\n<p>creando la estad\u00edstica propia,<\/p>\n<p>sumando fisuras y vocales cencelladas,<\/p>\n<p>cuantificamos valores<\/p>\n<p>en las palabras dispersas de futuro<\/p>\n<p>siendo pasajeros de la lectura<\/p>\n<p>y voces ambulantes entre p\u00e1ginas sin porcentaje.<\/p>\n<p>&nbsp;<\/p>\n<p>Encoframos los fonemas<\/p>\n<p>en el encementado destierro de la sintaxis<\/p>\n<p>sin recurrir a la benevolencia de los verbos<\/p>\n<p>que callan y otorgan.<\/p>\n<p>El lenguaje no tiene coartada.<\/p>\n<p>Aprendemos de lo vivido<\/p>\n<p>cimbrando variables y t\u00e9rminos sobre paredes ra\u00eddas,<\/p>\n<p>sumando en perfecta coreograf\u00eda<\/p>\n<p>la tibieza num\u00e9rica y la expresi\u00f3n afilada.<\/p>\n<p>&nbsp;<\/p>\n<p>Somos cifras. Versos.<\/p>\n<p>La pleamar mel\u00f3dica envuelta en palabras,<\/p>\n<p>el tr\u00e1nsito crepuscular del uno al infinito,<\/p>\n<p>la f\u00e1brica de sue\u00f1os<\/p>\n<p>por la que mueren las hojas en blanco<\/p>\n<p>y vive el poeta<\/p>\n<p>en la aritm\u00e9tica de la vida.<\/p>\n<p>&nbsp;<\/p>\n<p>Somos n\u00fameros<\/p>\n<p>resguardados en el estigio del \u00e1mbar,<\/p>\n<p>matem\u00e1ticas que deducen<\/p>\n<p>la econom\u00eda latente de los poemas<\/p>\n<p>no descubiertos,<\/p>\n<p>all\u00ed, frente al \u00e1baco de tus palabras,<\/p>\n<p>donde dialogan tus ojos y los m\u00edos.<\/p>\n<p>&nbsp;<\/p>\n<p>&nbsp;<\/p>\n<p>&nbsp;<\/p>\n<p>&nbsp;<\/p>\n<p>&nbsp;<\/p>\n<p>&nbsp;<\/p>\n<span class='bctt-click-to-tweet'><span class='bctt-ctt-text'><a href='https:\/\/x.com\/intent\/tweet?url=https%3A%2F%2Fnuestrosescritores.com%2Fsergiopalomo%2Fpoesia%2F&#038;text=Poes%C3%ADa%20tambi%C3%A9n%20es%20matem%C3%A1tica%20del%20libro%20VERSAM%C3%81TICAS%20DEL%20%C3%81MBAR%20de%20SERGIO%20PALOMO&#038;via=poesiaerestu&#038;related=poesiaerestu' target='_blank'rel=\"noopener noreferrer\">Poes\u00eda tambi\u00e9n es matem\u00e1tica del libro VERSAM\u00c1TICAS DEL \u00c1MBAR de SERGIO PALOMO <\/a><\/span><a href='https:\/\/x.com\/intent\/tweet?url=https%3A%2F%2Fnuestrosescritores.com%2Fsergiopalomo%2Fpoesia%2F&#038;text=Poes%C3%ADa%20tambi%C3%A9n%20es%20matem%C3%A1tica%20del%20libro%20VERSAM%C3%81TICAS%20DEL%20%C3%81MBAR%20de%20SERGIO%20PALOMO&#038;via=poesiaerestu&#038;related=poesiaerestu' target='_blank' class='bctt-ctt-btn'rel=\"noopener noreferrer\">Compartir en X<\/a><\/span>[\/vc_column_text][\/vc_column][\/vc_row][vc_row full_width=&#8221;stretch_row_content_no_spaces&#8221;][vc_column extend=&#8221;false&#8221;]<div class='gambit_parallax_row' data-bg-align='' data-direction='fixed' data-opacity='100' data-velocity='-0.3' data-mobile-enabled='' data-bg-height='2560' data-bg-width='1707' data-bg-image='https:\/\/nuestrosescritores.com\/sergiopalomo\/wp-content\/uploads\/sites\/65\/2020\/11\/fqx8sfy1zgg-scaled.jpg' data-bg-repeat='false' data-id='' style='display: none'><\/div><div class=\"gambit_fullheight_row\" data-content-location=\"center\" style=\"display: none\"><\/div>[\/vc_column][\/vc_row][vc_row][vc_column extend=&#8221;false&#8221;][vc_column_text]\n<h1><a name=\"_Toc45386957\"><\/a><strong>Paralelas<\/strong><\/h1>\n<p>&nbsp;<\/p>\n<p>Huimos de aquellas noches furtivas<\/p>\n<p>por el miedo a ser imprescindibles,<\/p>\n<p>fuimos fugitivos de los latidos<\/p>\n<p>marcados en \u00e1mbar,<\/p>\n<p>desertores de los n\u00fameros enteros.<\/p>\n<p>&nbsp;<\/p>\n<p>Nos fugamos de los d\u00edas pares<\/p>\n<p>con el anhelo de respirar las ma\u00f1anas,<\/p>\n<p>destronando las pisadas<\/p>\n<p>que compartimos ingenuos,<\/p>\n<p>desinfectando el tacto de las manos.<\/p>\n<p>&nbsp;<\/p>\n<p>Olvidamos el destello fugaz<\/p>\n<p>que sonri\u00f3 nuestras paredes,<\/p>\n<p>corriendo en paralelo hacia vidas propias<\/p>\n<p>y deseos ajenos,<\/p>\n<p>guardando la memoria del plano<\/p>\n<p>en peque\u00f1os frascos de oto\u00f1o<\/p>\n<p>y prolongando, sin saberlo,<\/p>\n<p>el di\u00e1logo a solas con la luna.<\/p>\n<p>&nbsp;<\/p>\n<p>&nbsp;<\/p>\n<p><span style=\"font-size: 8pt;\">Dos rectas que se encuentran en<\/span><\/p>\n<p><span style=\"font-size: 8pt;\">un mismo plano son <strong>paralelas<\/strong> si no se cortan<\/span><\/p>\n<p><span style=\"font-size: 8pt;\">por m\u00e1s que se prolonguen.<\/span><\/p>\n<span class='bctt-click-to-tweet'><span class='bctt-ctt-text'><a href='https:\/\/x.com\/intent\/tweet?url=https%3A%2F%2Fnuestrosescritores.com%2Fsergiopalomo%2Fpoesia%2F&#038;text=Paralelas%C2%A0del%20libro%20VERSAM%C3%81TICAS%20DEL%20%C3%81MBAR%20de%20SERGIO%20PALOMO&#038;via=poesiaerestu&#038;related=poesiaerestu' target='_blank'rel=\"noopener noreferrer\">Paralelas&nbsp;del libro VERSAM\u00c1TICAS DEL \u00c1MBAR de SERGIO PALOMO <\/a><\/span><a href='https:\/\/x.com\/intent\/tweet?url=https%3A%2F%2Fnuestrosescritores.com%2Fsergiopalomo%2Fpoesia%2F&#038;text=Paralelas%C2%A0del%20libro%20VERSAM%C3%81TICAS%20DEL%20%C3%81MBAR%20de%20SERGIO%20PALOMO&#038;via=poesiaerestu&#038;related=poesiaerestu' target='_blank' class='bctt-ctt-btn'rel=\"noopener noreferrer\">Compartir en X<\/a><\/span>\n<p>&nbsp;<\/p>\n<p>&nbsp;[\/vc_column_text][\/vc_column][\/vc_row][vc_row][vc_column extend=&#8221;false&#8221;]<div class='gambit_parallax_row' data-bg-align='' data-direction='fixed' data-opacity='100' data-velocity='-0.3' data-mobile-enabled='' data-bg-height='2560' data-bg-width='1752' data-bg-image='https:\/\/nuestrosescritores.com\/sergiopalomo\/wp-content\/uploads\/sites\/65\/2020\/11\/ggnxvjld1zy-scaled.jpg' data-bg-repeat='false' data-id='' style='display: none'><\/div><div class=\"gambit_fullheight_row\" data-content-location=\"center\" style=\"display: none\"><\/div>[\/vc_column][\/vc_row][vc_row][vc_column extend=&#8221;false&#8221;][vc_column_text]\n<h1><a name=\"_Toc45386968\"><\/a><strong>Mediatriz<\/strong><\/h1>\n<p>&nbsp;<\/p>\n<p>Eras ocaso en la plenitud de los d\u00edas,<\/p>\n<p>la toxina escarchada de la copa de vino,<\/p>\n<p>el oto\u00f1o de los abedules,<\/p>\n<p>la m\u00e1scara sin carnaval.<\/p>\n<p>&nbsp;<\/p>\n<p>Eras la noche desenvuelta<\/p>\n<p>en papel de regalo,<\/p>\n<p>la lluvia acelerada de las sombras,<\/p>\n<p>mentira en tu mirar.<\/p>\n<p>&nbsp;<\/p>\n<p>Ante las primeras pisadas<\/p>\n<p>del invierno<\/p>\n<p>no quise cruzar la mediatriz<\/p>\n<p>de tus solsticios<\/p>\n<p>sobre el \u00e1mbar perpendicular<\/p>\n<p>de tu reposo enjaulado.<\/p>\n<p>&nbsp;<\/p>\n<p>Eras el vaho intrascendente<\/p>\n<p>de los espejos,<\/p>\n<p>la carta marcada escondida en la luna.<\/p>\n<p>Errata y voz al mismo tiempo.<\/p>\n<p>No quise cruzar la mediatriz.<\/p>\n<p>Mi segmento no cambi\u00f3 de estaci\u00f3n.<\/p>\n<p>&nbsp;<\/p>\n<p>&nbsp;<\/p>\n<p>&nbsp;<\/p>\n<p>&nbsp;<\/p>\n<p>&nbsp;<\/p>\n<p><span style=\"font-size: 8pt;\">Una <strong>mediatriz <\/strong>de un segmento es la l\u00ednea recta<\/span><\/p>\n<p><span style=\"font-size: 8pt;\">perpendicular a dicho segmento trazada<\/span><\/p>\n<p><span style=\"font-size: 8pt;\">por su punto medio.<\/span><\/p>\n<p>&nbsp;<\/p>\n<p>&nbsp;<\/p>\n<span class='bctt-click-to-tweet'><span class='bctt-ctt-text'><a href='https:\/\/x.com\/intent\/tweet?url=https%3A%2F%2Fnuestrosescritores.com%2Fsergiopalomo%2Fpoesia%2F&#038;text=Mediatriz%C2%A0del%20libro%20VERSAM%C3%81TICAS%20DEL%20%C3%81MBAR%20de%20SERGIO%20PALOMO&#038;via=poesiaerestu&#038;related=poesiaerestu' target='_blank'rel=\"noopener noreferrer\">Mediatriz&nbsp;del libro VERSAM\u00c1TICAS DEL \u00c1MBAR de SERGIO PALOMO <\/a><\/span><a href='https:\/\/x.com\/intent\/tweet?url=https%3A%2F%2Fnuestrosescritores.com%2Fsergiopalomo%2Fpoesia%2F&#038;text=Mediatriz%C2%A0del%20libro%20VERSAM%C3%81TICAS%20DEL%20%C3%81MBAR%20de%20SERGIO%20PALOMO&#038;via=poesiaerestu&#038;related=poesiaerestu' target='_blank' class='bctt-ctt-btn'rel=\"noopener noreferrer\">Compartir en X<\/a><\/span>[\/vc_column_text][\/vc_column][\/vc_row][vc_row][vc_column extend=&#8221;false&#8221;]<div class='gambit_parallax_row' data-bg-align='' data-direction='fixed' data-opacity='100' data-velocity='-0.3' data-mobile-enabled='' data-bg-height='2560' data-bg-width='1920' data-bg-image='https:\/\/nuestrosescritores.com\/sergiopalomo\/wp-content\/uploads\/sites\/65\/2020\/11\/s7vtpqk5q4e-scaled.jpg' data-bg-repeat='false' data-id='' style='display: none'><\/div><div class=\"gambit_fullheight_row\" data-content-location=\"center\" style=\"display: none\"><\/div>[\/vc_column][\/vc_row][vc_row][vc_column extend=&#8221;false&#8221;][vc_column_text]\n<h1><a name=\"_Toc45386983\"><\/a><strong>Bisectriz<\/strong><\/h1>\n<p>&nbsp;<\/p>\n<p>Transpiras,<\/p>\n<p>y a dos velocidades<\/p>\n<p>ronronea el deseo en tu cintura,<\/p>\n<p>bailando el requiebro<\/p>\n<p>las hostilidades presentadas<\/p>\n<p>y desacelerando la boca su pulso con el aire.<\/p>\n<p>Instante,<\/p>\n<p>alza el vuelo la ingravidez de tu aliento<\/p>\n<p>y la s\u00faplica por explorar orillas sin arena.<\/p>\n<p>El equil\u00e1tero orgasmo de los \u00e1ngulos<\/p>\n<p>ha serpeado la bisectriz de tus lunas.<\/p>\n<p>&nbsp;<\/p>\n<p>&nbsp;<\/p>\n<p>&nbsp;<\/p>\n<p>&nbsp;<\/p>\n<p>&nbsp;<\/p>\n<p><span style=\"font-size: 8pt;\">La <strong>bisectriz<\/strong> es la recta que divide<\/span><\/p>\n<p><span style=\"font-size: 8pt;\">en dos partes iguales a un \u00e1ngulo.<\/span><\/p>\n<p>&nbsp;<\/p>\n<span class='bctt-click-to-tweet'><span class='bctt-ctt-text'><a href='https:\/\/x.com\/intent\/tweet?url=https%3A%2F%2Fnuestrosescritores.com%2Fsergiopalomo%2Fpoesia%2F&#038;text=Bisectriz%20del%20libro%20VERSAM%C3%81TICAS%20DEL%20%C3%81MBAR%20de%20SERGIO%20PALOMO&#038;via=poesiaerestu&#038;related=poesiaerestu' target='_blank'rel=\"noopener noreferrer\">Bisectriz del libro VERSAM\u00c1TICAS DEL \u00c1MBAR de SERGIO PALOMO <\/a><\/span><a href='https:\/\/x.com\/intent\/tweet?url=https%3A%2F%2Fnuestrosescritores.com%2Fsergiopalomo%2Fpoesia%2F&#038;text=Bisectriz%20del%20libro%20VERSAM%C3%81TICAS%20DEL%20%C3%81MBAR%20de%20SERGIO%20PALOMO&#038;via=poesiaerestu&#038;related=poesiaerestu' target='_blank' class='bctt-ctt-btn'rel=\"noopener noreferrer\">Compartir en X<\/a><\/span>[\/vc_column_text][\/vc_column][\/vc_row][vc_row][vc_column extend=&#8221;false&#8221;]<div class='gambit_parallax_row' data-bg-align='' data-direction='fixed' data-opacity='100' data-velocity='-0.3' data-mobile-enabled='' data-bg-height='623' data-bg-width='1366' data-bg-image='https:\/\/nuestrosescritores.com\/sergiopalomo\/wp-content\/uploads\/sites\/65\/2020\/11\/080_SSquare3_Alargado-Medium.jpg' data-bg-repeat='false' data-id='' style='display: none'><\/div><div class=\"gambit_fullheight_row\" data-content-location=\"center\" style=\"display: none\"><\/div>[vc_column_text]\n<p style=\"text-align: center;\"><a class=\"fasc-button fasc-size-xlarge fasc-type-glossy fasc-rounded-medium\" style=\"background-color: #33809e; color: #ffffff;\" href=\"https:\/\/librodepoesia.com\/producto\/versamaticas-del-ambar-sergio-palomo\/\">Comprar el libro<\/a><\/p>\n[\/vc_column_text][\/vc_column][\/vc_row]\n<\/div>","protected":false},"excerpt":{"rendered":"<p>[vc_row full_width=&#8221;stretch_row_content_no_spaces&#8221;][vc_column extend=&#8221;false&#8221;][\/vc_column][\/vc_row][vc_row][vc_column extend=&#8221;false&#8221;][vc_column_text] Poes\u00eda tambi\u00e9n es matem\u00e1tica &nbsp; Medimos la voracidad del habla en n\u00fameros irracionales creando la estad\u00edstica propia, sumando fisuras y vocales cencelladas, cuantificamos valores en las palabras dispersas de futuro siendo pasajeros de la lectura y voces ambulantes entre p\u00e1ginas sin porcentaje. &nbsp; Encoframos los fonemas en el encementado destierro de [&hellip;]<\/p>\n","protected":false},"author":1,"featured_media":0,"parent":0,"menu_order":0,"comment_status":"closed","ping_status":"closed","template":"","meta":{"_acf_changed":false,"footnotes":""},"class_list":["post-105","page","type-page","status-publish","hentry"],"acf":[],"yoast_head":"<!-- This site is optimized with the Yoast SEO Premium plugin v24.7 (Yoast SEO v27.4) - https:\/\/yoast.com\/product\/yoast-seo-premium-wordpress\/ -->\n<title>Poes\u00eda - Sergio Palomo<\/title>\n<meta name=\"description\" content=\"Poes\u00eda del libro VERSAM\u00c1TICAS DEL \u00c1MBAR, el escritor SERGIO PALOMO nos da una muestra tras publicar un libro con la Editorial Poes\u00eda eres t\u00fa.\" \/>\n<meta name=\"robots\" content=\"index, follow, max-snippet:-1, max-image-preview:large, max-video-preview:-1\" \/>\n<link rel=\"canonical\" href=\"https:\/\/nuestrosescritores.com\/sergiopalomo\/poesia\/\" \/>\n<meta property=\"og:locale\" content=\"es_ES\" \/>\n<meta property=\"og:type\" content=\"article\" \/>\n<meta property=\"og:title\" content=\"Poes\u00eda\" \/>\n<meta property=\"og:description\" content=\"Poes\u00eda del libro VERSAM\u00c1TICAS DEL \u00c1MBAR, el escritor SERGIO PALOMO nos da una muestra tras publicar un libro con la Editorial Poes\u00eda eres t\u00fa.\" \/>\n<meta property=\"og:url\" content=\"https:\/\/nuestrosescritores.com\/sergiopalomo\/poesia\/\" \/>\n<meta property=\"og:site_name\" content=\"Sergio Palomo\" \/>\n<meta property=\"article:modified_time\" content=\"2020-11-29T22:49:33+00:00\" \/>\n<meta name=\"twitter:card\" content=\"summary_large_image\" \/>\n<meta name=\"twitter:label1\" content=\"Tiempo de lectura\" \/>\n\t<meta name=\"twitter:data1\" content=\"4 minutos\" \/>\n<script type=\"application\/ld+json\" class=\"yoast-schema-graph\">{\"@context\":\"https:\\\/\\\/schema.org\",\"@graph\":[{\"@type\":\"WebPage\",\"@id\":\"https:\\\/\\\/nuestrosescritores.com\\\/sergiopalomo\\\/poesia\\\/\",\"url\":\"https:\\\/\\\/nuestrosescritores.com\\\/sergiopalomo\\\/poesia\\\/\",\"name\":\"Poes\u00eda - Sergio Palomo\",\"isPartOf\":{\"@id\":\"https:\\\/\\\/nuestrosescritores.com\\\/sergiopalomo\\\/#website\"},\"datePublished\":\"2020-11-29T21:09:16+00:00\",\"dateModified\":\"2020-11-29T22:49:33+00:00\",\"description\":\"Poes\u00eda del libro VERSAM\u00c1TICAS DEL \u00c1MBAR, el escritor SERGIO PALOMO nos da una muestra tras publicar un libro con la Editorial Poes\u00eda eres t\u00fa.\",\"breadcrumb\":{\"@id\":\"https:\\\/\\\/nuestrosescritores.com\\\/sergiopalomo\\\/poesia\\\/#breadcrumb\"},\"inLanguage\":\"es\",\"potentialAction\":[{\"@type\":\"ReadAction\",\"target\":[\"https:\\\/\\\/nuestrosescritores.com\\\/sergiopalomo\\\/poesia\\\/\"]}]},{\"@type\":\"BreadcrumbList\",\"@id\":\"https:\\\/\\\/nuestrosescritores.com\\\/sergiopalomo\\\/poesia\\\/#breadcrumb\",\"itemListElement\":[{\"@type\":\"ListItem\",\"position\":1,\"name\":\"Portada\",\"item\":\"https:\\\/\\\/nuestrosescritores.com\\\/sergiopalomo\\\/\"},{\"@type\":\"ListItem\",\"position\":2,\"name\":\"Poes\u00eda\"}]},{\"@type\":\"WebSite\",\"@id\":\"https:\\\/\\\/nuestrosescritores.com\\\/sergiopalomo\\\/#website\",\"url\":\"https:\\\/\\\/nuestrosescritores.com\\\/sergiopalomo\\\/\",\"name\":\"Nuestros escritores\",\"description\":\"Escritor\",\"potentialAction\":[{\"@type\":\"SearchAction\",\"target\":{\"@type\":\"EntryPoint\",\"urlTemplate\":\"https:\\\/\\\/nuestrosescritores.com\\\/sergiopalomo\\\/?s={search_term_string}\"},\"query-input\":{\"@type\":\"PropertyValueSpecification\",\"valueRequired\":true,\"valueName\":\"search_term_string\"}}],\"inLanguage\":\"es\"}]}<\/script>\n<!-- \/ Yoast SEO Premium plugin. -->","yoast_head_json":{"title":"Poes\u00eda - Sergio Palomo","description":"Poes\u00eda del libro VERSAM\u00c1TICAS DEL \u00c1MBAR, el escritor SERGIO PALOMO nos da una muestra tras publicar un libro con la Editorial Poes\u00eda eres t\u00fa.","robots":{"index":"index","follow":"follow","max-snippet":"max-snippet:-1","max-image-preview":"max-image-preview:large","max-video-preview":"max-video-preview:-1"},"canonical":"https:\/\/nuestrosescritores.com\/sergiopalomo\/poesia\/","og_locale":"es_ES","og_type":"article","og_title":"Poes\u00eda","og_description":"Poes\u00eda del libro VERSAM\u00c1TICAS DEL \u00c1MBAR, el escritor SERGIO PALOMO nos da una muestra tras publicar un libro con la Editorial Poes\u00eda eres t\u00fa.","og_url":"https:\/\/nuestrosescritores.com\/sergiopalomo\/poesia\/","og_site_name":"Sergio Palomo","article_modified_time":"2020-11-29T22:49:33+00:00","twitter_card":"summary_large_image","twitter_misc":{"Tiempo de lectura":"4 minutos"},"schema":{"@context":"https:\/\/schema.org","@graph":[{"@type":"WebPage","@id":"https:\/\/nuestrosescritores.com\/sergiopalomo\/poesia\/","url":"https:\/\/nuestrosescritores.com\/sergiopalomo\/poesia\/","name":"Poes\u00eda - Sergio Palomo","isPartOf":{"@id":"https:\/\/nuestrosescritores.com\/sergiopalomo\/#website"},"datePublished":"2020-11-29T21:09:16+00:00","dateModified":"2020-11-29T22:49:33+00:00","description":"Poes\u00eda del libro VERSAM\u00c1TICAS DEL \u00c1MBAR, el escritor SERGIO PALOMO nos da una muestra tras publicar un libro con la Editorial Poes\u00eda eres t\u00fa.","breadcrumb":{"@id":"https:\/\/nuestrosescritores.com\/sergiopalomo\/poesia\/#breadcrumb"},"inLanguage":"es","potentialAction":[{"@type":"ReadAction","target":["https:\/\/nuestrosescritores.com\/sergiopalomo\/poesia\/"]}]},{"@type":"BreadcrumbList","@id":"https:\/\/nuestrosescritores.com\/sergiopalomo\/poesia\/#breadcrumb","itemListElement":[{"@type":"ListItem","position":1,"name":"Portada","item":"https:\/\/nuestrosescritores.com\/sergiopalomo\/"},{"@type":"ListItem","position":2,"name":"Poes\u00eda"}]},{"@type":"WebSite","@id":"https:\/\/nuestrosescritores.com\/sergiopalomo\/#website","url":"https:\/\/nuestrosescritores.com\/sergiopalomo\/","name":"Nuestros escritores","description":"Escritor","potentialAction":[{"@type":"SearchAction","target":{"@type":"EntryPoint","urlTemplate":"https:\/\/nuestrosescritores.com\/sergiopalomo\/?s={search_term_string}"},"query-input":{"@type":"PropertyValueSpecification","valueRequired":true,"valueName":"search_term_string"}}],"inLanguage":"es"}]}},"_links":{"self":[{"href":"https:\/\/nuestrosescritores.com\/sergiopalomo\/wp-json\/wp\/v2\/pages\/105","targetHints":{"allow":["GET"]}}],"collection":[{"href":"https:\/\/nuestrosescritores.com\/sergiopalomo\/wp-json\/wp\/v2\/pages"}],"about":[{"href":"https:\/\/nuestrosescritores.com\/sergiopalomo\/wp-json\/wp\/v2\/types\/page"}],"author":[{"embeddable":true,"href":"https:\/\/nuestrosescritores.com\/sergiopalomo\/wp-json\/wp\/v2\/users\/1"}],"replies":[{"embeddable":true,"href":"https:\/\/nuestrosescritores.com\/sergiopalomo\/wp-json\/wp\/v2\/comments?post=105"}],"version-history":[{"count":0,"href":"https:\/\/nuestrosescritores.com\/sergiopalomo\/wp-json\/wp\/v2\/pages\/105\/revisions"}],"wp:attachment":[{"href":"https:\/\/nuestrosescritores.com\/sergiopalomo\/wp-json\/wp\/v2\/media?parent=105"}],"curies":[{"name":"wp","href":"https:\/\/api.w.org\/{rel}","templated":true}]}}