{"id":124,"date":"2023-12-03T09:47:49","date_gmt":"2023-12-03T08:47:49","guid":{"rendered":"https:\/\/nuestrosescritores.com\/saradelatorrecasado\/?page_id=124"},"modified":"2023-12-03T10:08:17","modified_gmt":"2023-12-03T09:08:17","slug":"poesia","status":"publish","type":"page","link":"https:\/\/nuestrosescritores.com\/saradelatorrecasado\/poesia\/","title":{"rendered":"POES\u00cdA"},"content":{"rendered":"\t\t<div data-elementor-type=\"wp-page\" data-elementor-id=\"124\" class=\"elementor elementor-124\">\n\t\t\t\t\t\t<section class=\"elementor-section elementor-top-section elementor-element elementor-element-72c2eac7 elementor-section-full_width elementor-section-height-full elementor-section-content-middle back elementor-section-height-default elementor-section-items-middle\" data-id=\"72c2eac7\" data-element_type=\"section\" data-e-type=\"section\">\n\t\t\t\t\t\t\t<div class=\"elementor-background-overlay\"><\/div>\n\t\t\t\t\t\t\t<div class=\"elementor-container elementor-column-gap-no\">\n\t\t\t\t\t<div class=\"aux-parallax-section elementor-column elementor-col-100 elementor-top-column elementor-element elementor-element-7587c9c6\" data-id=\"7587c9c6\" data-element_type=\"column\" data-e-type=\"column\">\n\t\t\t<div class=\"elementor-widget-wrap\">\n\t\t\t\t\t\t\t<\/div>\n\t\t<\/div>\n\t\t\t\t\t<\/div>\n\t\t<\/section>\n\t\t\t\t<section class=\"elementor-section elementor-top-section elementor-element elementor-element-789645e8 elementor-section-boxed elementor-section-height-default elementor-section-height-default\" data-id=\"789645e8\" data-element_type=\"section\" data-e-type=\"section\">\n\t\t\t\t\t\t<div class=\"elementor-container elementor-column-gap-default\">\n\t\t\t\t\t<div class=\"aux-parallax-section elementor-column elementor-col-100 elementor-top-column elementor-element elementor-element-33b242a4\" data-id=\"33b242a4\" data-element_type=\"column\" data-e-type=\"column\">\n\t\t\t<div class=\"elementor-widget-wrap elementor-element-populated\">\n\t\t\t\t\t\t<div class=\"elementor-element elementor-element-7d9d98c7 elementor-widget elementor-widget-text-editor\" data-id=\"7d9d98c7\" data-element_type=\"widget\" data-e-type=\"widget\" data-widget_type=\"text-editor.default\">\n\t\t\t\t<div class=\"elementor-widget-container\">\n\t\t\t\t\t\t\t\t\t<h1><a name=\"_Toc132999983\"><\/a><\/h1><p><a name=\"_Toc151312722\"><\/a><strong>INICIACI\u00d3N<\/strong><\/p><p>Esp\u00edritus libres como n\u00f3madas<\/p><p>rebeldes vagan por las olas,<\/p><p>esperando el \u00faltimo grano del reloj de arena<\/p><p>viajan cuando el sol duerme y sube la marea.<\/p><p>Gato y cuervo como familiares<\/p><p>dominan las estrellas, m\u00e1gica medianoche<\/p><p>la luna bruja pasa por sus fases<\/p><p>los lobos le a\u00fallan en pleno auge,<\/p><p>sopla viento del S\u00e1hara<\/p><p>inunda el olor de la hoguera<\/p><p>ra\u00edces, p\u00e9talos y ramas<\/p><p>maleficios, vud\u00fa y cartas.<\/p><p>Reuni\u00f3n de aquelarre, hijas de H\u00e9cate<\/p><p>siluetas de vicio en el paisaje,<\/p><p>melod\u00edas de flauta cortan el silencio<\/p><p>brebajes y bailes, es el comienzo.<\/p><p>Presagio de muerte, te leen el destino<\/p><p>sin bola de cristal, mancias o embrujo luciferino,<\/p><p>tu alma, moneda de cambio<\/p><p>se beben tu suerte y cortan el hilo.<\/p><p>Son flores en el desierto<\/p><p>hechizan con un beso seco,<\/p><p>rozas su piel t\u00f3xica, \u00e9xtasis, puro veneno,<\/p><p>te escoltan hasta las puertas del infierno.<\/p><p><span class='bctt-click-to-tweet'><span class='bctt-ctt-text'><a href='https:\/\/x.com\/intent\/tweet?url=https%3A%2F%2Fnuestrosescritores.com%2Fsaradelatorrecasado%2Fpoesia%2F&#038;text=INICIACI%C3%93N%20del%20libro%20EL%20MUNDO%20EN%20VERSOS%20DE%20BRUJA%20de%20SARA%20DE%20LA%20TORRE%20CASADO.&#038;related' target='_blank'rel=\"noopener noreferrer\">INICIACI\u00d3N del libro EL MUNDO EN VERSOS DE BRUJA de SARA DE LA TORRE CASADO. <\/a><\/span><a href='https:\/\/x.com\/intent\/tweet?url=https%3A%2F%2Fnuestrosescritores.com%2Fsaradelatorrecasado%2Fpoesia%2F&#038;text=INICIACI%C3%93N%20del%20libro%20EL%20MUNDO%20EN%20VERSOS%20DE%20BRUJA%20de%20SARA%20DE%20LA%20TORRE%20CASADO.&#038;related' target='_blank' class='bctt-ctt-btn'rel=\"noopener noreferrer\">Compartir en X<\/a><\/span><\/p>\t\t\t\t\t\t\t\t<\/div>\n\t\t\t\t<\/div>\n\t\t\t\t\t<\/div>\n\t\t<\/div>\n\t\t\t\t\t<\/div>\n\t\t<\/section>\n\t\t\t\t<section class=\"elementor-section elementor-top-section elementor-element elementor-element-243e73bf elementor-section-height-full elementor-section-content-middle back elementor-section-boxed elementor-section-height-default elementor-section-items-middle\" data-id=\"243e73bf\" data-element_type=\"section\" data-e-type=\"section\">\n\t\t\t\t\t\t\t<div class=\"elementor-background-overlay\"><\/div>\n\t\t\t\t\t\t\t<div class=\"elementor-container elementor-column-gap-no\">\n\t\t\t\t\t<div class=\"aux-parallax-section elementor-column elementor-col-100 elementor-top-column elementor-element elementor-element-6c5f33a4\" data-id=\"6c5f33a4\" data-element_type=\"column\" data-e-type=\"column\">\n\t\t\t<div class=\"elementor-widget-wrap\">\n\t\t\t\t\t\t\t<\/div>\n\t\t<\/div>\n\t\t\t\t\t<\/div>\n\t\t<\/section>\n\t\t\t\t<section class=\"elementor-section elementor-top-section elementor-element elementor-element-4c13e5ed elementor-section-full_width elementor-section-height-default elementor-section-height-default\" data-id=\"4c13e5ed\" data-element_type=\"section\" data-e-type=\"section\">\n\t\t\t\t\t\t<div class=\"elementor-container elementor-column-gap-default\">\n\t\t\t\t\t<div class=\"aux-parallax-section elementor-column elementor-col-100 elementor-top-column elementor-element elementor-element-22f43441\" data-id=\"22f43441\" data-element_type=\"column\" data-e-type=\"column\">\n\t\t\t<div class=\"elementor-widget-wrap elementor-element-populated\">\n\t\t\t\t\t\t<div class=\"elementor-element elementor-element-47c0022c elementor-widget elementor-widget-text-editor\" data-id=\"47c0022c\" data-element_type=\"widget\" data-e-type=\"widget\" data-widget_type=\"text-editor.default\">\n\t\t\t\t<div class=\"elementor-widget-container\">\n\t\t\t\t\t\t\t\t\t<h1><a name=\"_Toc132999983\"><\/a><\/h1><p><a name=\"_Toc151312732\"><\/a><strong>ARDER EN EL FUEGO<\/strong><\/p><p>Se elevan los cuervos<\/p><p>al sonar las campanas,<\/p><p>cruzan los cielos<\/p><p>las bestias aladas&#8230;<\/p><p>esa es la llamada, hermanas.<\/p><p>Dancemos bajo la luz nocturna<\/p><p>en esta noche de presagios,<\/p><p>agradezcamos a la madre luna<\/p><p>por la inmensa magia.<\/p><p>Al grito de mujer maldita,<\/p><p>en la medianoche aullamos<\/p><p>y como jinetes del apocalipsis<\/p><p>a nuestros enemigos arrasamos.<\/p><p>Sobrenatural y medieval juego<\/p><p>el de las brujas y caballeros,<\/p><p>que cazan y mueren por ego<\/p><p>en estos tiempos modernos.<\/p><p>Se vierte la sangre,<\/p><p>une las manos el aquelarre<\/p><p>tu herida, es la nuestra<\/p><p>as\u00ed como de nuestras ancestras.<\/p><p>Con paganos rituales<\/p><p>de terrenales a inmortales,<\/p><p>ofrendemos a la madre tierra<\/p><p>y que nuestro esp\u00edritu alce el vuelo&#8230;<\/p><p>estamos preparadas, para arder en el fuego.<\/p><p><span class='bctt-click-to-tweet'><span class='bctt-ctt-text'><a href='https:\/\/x.com\/intent\/tweet?url=https%3A%2F%2Fnuestrosescritores.com%2Fsaradelatorrecasado%2Fpoesia%2F&#038;text=ARDER%20EN%20EL%20FUEGO%20del%20libro%20EL%20MUNDO%20EN%20VERSOS%20DE%20BRUJA%20de%20SARA%20DE%20LA%20TORRE%20CASADO.&#038;related' target='_blank'rel=\"noopener noreferrer\">ARDER EN EL FUEGO del libro EL MUNDO EN VERSOS DE BRUJA de SARA DE LA TORRE CASADO. <\/a><\/span><a href='https:\/\/x.com\/intent\/tweet?url=https%3A%2F%2Fnuestrosescritores.com%2Fsaradelatorrecasado%2Fpoesia%2F&#038;text=ARDER%20EN%20EL%20FUEGO%20del%20libro%20EL%20MUNDO%20EN%20VERSOS%20DE%20BRUJA%20de%20SARA%20DE%20LA%20TORRE%20CASADO.&#038;related' target='_blank' class='bctt-ctt-btn'rel=\"noopener noreferrer\">Compartir en X<\/a><\/span><\/p>\t\t\t\t\t\t\t\t<\/div>\n\t\t\t\t<\/div>\n\t\t\t\t\t<\/div>\n\t\t<\/div>\n\t\t\t\t\t<\/div>\n\t\t<\/section>\n\t\t\t\t<section class=\"elementor-section elementor-top-section elementor-element elementor-element-13fa1c38 elementor-section-full_width elementor-section-height-full elementor-section-content-middle back elementor-section-height-default elementor-section-items-middle\" data-id=\"13fa1c38\" data-element_type=\"section\" data-e-type=\"section\">\n\t\t\t\t\t\t\t<div class=\"elementor-background-overlay\"><\/div>\n\t\t\t\t\t\t\t<div class=\"elementor-container elementor-column-gap-no\">\n\t\t\t\t\t<div class=\"aux-parallax-section elementor-column elementor-col-100 elementor-top-column elementor-element elementor-element-6fd8f185\" data-id=\"6fd8f185\" data-element_type=\"column\" data-e-type=\"column\">\n\t\t\t<div class=\"elementor-widget-wrap\">\n\t\t\t\t\t\t\t<\/div>\n\t\t<\/div>\n\t\t\t\t\t<\/div>\n\t\t<\/section>\n\t\t\t\t<section class=\"elementor-section elementor-top-section elementor-element elementor-element-1c310de elementor-section-boxed elementor-section-height-default elementor-section-height-default\" data-id=\"1c310de\" data-element_type=\"section\" data-e-type=\"section\">\n\t\t\t\t\t\t<div class=\"elementor-container elementor-column-gap-default\">\n\t\t\t\t\t<div class=\"aux-parallax-section elementor-column elementor-col-100 elementor-top-column elementor-element elementor-element-686a7b74\" data-id=\"686a7b74\" data-element_type=\"column\" data-e-type=\"column\">\n\t\t\t<div class=\"elementor-widget-wrap elementor-element-populated\">\n\t\t\t\t\t\t<div class=\"elementor-element elementor-element-c3853be elementor-widget elementor-widget-text-editor\" data-id=\"c3853be\" data-element_type=\"widget\" data-e-type=\"widget\" data-widget_type=\"text-editor.default\">\n\t\t\t\t<div class=\"elementor-widget-container\">\n\t\t\t\t\t\t\t\t\t<h1><a name=\"_Toc132999983\"><\/a><\/h1><h1><a name=\"_Toc132999987\"><\/a><\/h1><h1><a name=\"_Toc133000005\"><\/a><\/h1><p><a name=\"_Toc56681388\"><\/a><a name=\"_Toc151312739\"><\/a><strong>RITUAL<\/strong><\/p><p>Rueda el mazo por el canto,<\/p><p>suena el cuenco con eco,<\/p><p>se quema el incienso lento,<\/p><p>corta la daga la palma<\/p><p>y cae la sangre en gotas.<\/p><p>Se apaga la llama<\/p><p>invocadora de magia arcana,<\/p><p>el esp\u00edritu animal te elige,<\/p><p>te quiere y protege<\/p><p>de aquello que no adviertes,<\/p><p>tu m\u00e1s sincera familia<\/p><p>en las noches tu vig\u00eda,<\/p><p>siempre fiel compa\u00f1\u00eda.<\/p><p>Une hilo rojo del hado<\/p><p>de coraz\u00f3n a coraz\u00f3n enlazado<\/p><p>el pacto ha finalizado.<\/p><p><span class='bctt-click-to-tweet'><span class='bctt-ctt-text'><a href='https:\/\/x.com\/intent\/tweet?url=https%3A%2F%2Fnuestrosescritores.com%2Fsaradelatorrecasado%2Fpoesia%2F&#038;text=RITUAL%20del%20libro%20EL%20MUNDO%20EN%20VERSOS%20DE%20BRUJA%20de%20SARA%20DE%20LA%20TORRE%20CASADO.&#038;related' target='_blank'rel=\"noopener noreferrer\">RITUAL del libro EL MUNDO EN VERSOS DE BRUJA de SARA DE LA TORRE CASADO. <\/a><\/span><a href='https:\/\/x.com\/intent\/tweet?url=https%3A%2F%2Fnuestrosescritores.com%2Fsaradelatorrecasado%2Fpoesia%2F&#038;text=RITUAL%20del%20libro%20EL%20MUNDO%20EN%20VERSOS%20DE%20BRUJA%20de%20SARA%20DE%20LA%20TORRE%20CASADO.&#038;related' target='_blank' class='bctt-ctt-btn'rel=\"noopener noreferrer\">Compartir en X<\/a><\/span><\/p>\t\t\t\t\t\t\t\t<\/div>\n\t\t\t\t<\/div>\n\t\t\t\t\t<\/div>\n\t\t<\/div>\n\t\t\t\t\t<\/div>\n\t\t<\/section>\n\t\t\t\t<section class=\"elementor-section elementor-top-section elementor-element elementor-element-6eeb610b elementor-section-full_width elementor-section-height-full elementor-section-content-middle back elementor-section-height-default elementor-section-items-middle\" data-id=\"6eeb610b\" data-element_type=\"section\" data-e-type=\"section\">\n\t\t\t\t\t\t\t<div class=\"elementor-background-overlay\"><\/div>\n\t\t\t\t\t\t\t<div class=\"elementor-container elementor-column-gap-no\">\n\t\t\t\t\t<div class=\"aux-parallax-section elementor-column elementor-col-100 elementor-top-column elementor-element elementor-element-7258ff0f\" data-id=\"7258ff0f\" data-element_type=\"column\" data-e-type=\"column\">\n\t\t\t<div class=\"elementor-widget-wrap\">\n\t\t\t\t\t\t\t<\/div>\n\t\t<\/div>\n\t\t\t\t\t<\/div>\n\t\t<\/section>\n\t\t\t\t<section class=\"elementor-section elementor-top-section elementor-element elementor-element-1786b72e elementor-section-boxed elementor-section-height-default elementor-section-height-default\" data-id=\"1786b72e\" data-element_type=\"section\" data-e-type=\"section\">\n\t\t\t\t\t\t<div class=\"elementor-container elementor-column-gap-default\">\n\t\t\t\t\t<div class=\"aux-parallax-section elementor-column elementor-col-100 elementor-top-column elementor-element elementor-element-47555063\" data-id=\"47555063\" data-element_type=\"column\" data-e-type=\"column\">\n\t\t\t<div class=\"elementor-widget-wrap elementor-element-populated\">\n\t\t\t\t\t\t<div class=\"elementor-element elementor-element-1d2ad8a1 elementor-widget elementor-widget-text-editor\" data-id=\"1d2ad8a1\" data-element_type=\"widget\" data-e-type=\"widget\" data-widget_type=\"text-editor.default\">\n\t\t\t\t<div class=\"elementor-widget-container\">\n\t\t\t\t\t\t\t\t\t<h1><a name=\"_Toc133000005\"><\/a><\/h1><h1><a name=\"_Toc133000014\"><\/a><\/h1><p><a name=\"_Toc151312749\"><\/a><strong>FR\u00cdO EN LA PIEL<\/strong><\/p><p>He sentido el fr\u00edo en la piel<\/p><p>tras una caricia breve<\/p><p>y el abandonar de un abrazo,<\/p><p>sembraste un verano en m\u00ed<\/p><p>m\u00e1s no sobrevivi\u00f3 al invierno<\/p><p>que dejaste al partir<\/p><p>y qued\u00f3 mi querer mutilado<\/p><p>como mar que rompe en el acantilado,<\/p><p>tu ausencia vuela lejos como hoja<\/p><p>mientras como tatuaje se marca<\/p><p>y la tinta recorre los pedazos,<\/p><p>ya solo queda esperar que acoja<\/p><p>mi esp\u00edtiru agonizante la parca<\/p><p>entre sus ya conocidos brazos.<\/p><p><span class='bctt-click-to-tweet'><span class='bctt-ctt-text'><a href='https:\/\/x.com\/intent\/tweet?url=https%3A%2F%2Fnuestrosescritores.com%2Fsaradelatorrecasado%2Fpoesia%2F&#038;text=FR%C3%8DO%20EN%20LA%20PIEL%20del%20libro%20EL%20MUNDO%20EN%20VERSOS%20DE%20BRUJA%20de%20SARA%20DE%20LA%20TORRE%20CASADO.&#038;related' target='_blank'rel=\"noopener noreferrer\">FR\u00cdO EN LA PIEL del libro EL MUNDO EN VERSOS DE BRUJA de SARA DE LA TORRE CASADO. <\/a><\/span><a href='https:\/\/x.com\/intent\/tweet?url=https%3A%2F%2Fnuestrosescritores.com%2Fsaradelatorrecasado%2Fpoesia%2F&#038;text=FR%C3%8DO%20EN%20LA%20PIEL%20del%20libro%20EL%20MUNDO%20EN%20VERSOS%20DE%20BRUJA%20de%20SARA%20DE%20LA%20TORRE%20CASADO.&#038;related' target='_blank' class='bctt-ctt-btn'rel=\"noopener noreferrer\">Compartir en X<\/a><\/span><\/p>\t\t\t\t\t\t\t\t<\/div>\n\t\t\t\t<\/div>\n\t\t\t\t\t<\/div>\n\t\t<\/div>\n\t\t\t\t\t<\/div>\n\t\t<\/section>\n\t\t\t\t<section class=\"elementor-section elementor-top-section elementor-element elementor-element-70cc5698 elementor-section-full_width elementor-section-height-full elementor-section-content-middle back elementor-section-height-default elementor-section-items-middle\" data-id=\"70cc5698\" data-element_type=\"section\" data-e-type=\"section\">\n\t\t\t\t\t\t\t<div class=\"elementor-background-overlay\"><\/div>\n\t\t\t\t\t\t\t<div class=\"elementor-container elementor-column-gap-no\">\n\t\t\t\t\t<div class=\"aux-parallax-section elementor-column elementor-col-100 elementor-top-column elementor-element elementor-element-6c9acf4a\" data-id=\"6c9acf4a\" data-element_type=\"column\" data-e-type=\"column\">\n\t\t\t<div class=\"elementor-widget-wrap\">\n\t\t\t\t\t\t\t<\/div>\n\t\t<\/div>\n\t\t\t\t\t<\/div>\n\t\t<\/section>\n\t\t\t\t<section class=\"elementor-section elementor-top-section elementor-element elementor-element-128cc1f0 elementor-section-boxed elementor-section-height-default elementor-section-height-default\" data-id=\"128cc1f0\" data-element_type=\"section\" data-e-type=\"section\">\n\t\t\t\t\t\t<div class=\"elementor-container elementor-column-gap-default\">\n\t\t\t\t\t<div class=\"aux-parallax-section elementor-column elementor-col-100 elementor-top-column elementor-element elementor-element-5bce4a0c\" data-id=\"5bce4a0c\" data-element_type=\"column\" data-e-type=\"column\">\n\t\t\t<div class=\"elementor-widget-wrap elementor-element-populated\">\n\t\t\t\t\t\t<div class=\"elementor-element elementor-element-7407ae2f elementor-widget elementor-widget-text-editor\" data-id=\"7407ae2f\" data-element_type=\"widget\" data-e-type=\"widget\" data-widget_type=\"text-editor.default\">\n\t\t\t\t<div class=\"elementor-widget-container\">\n\t\t\t\t\t\t\t\t\t<h1><a name=\"_Toc133000005\"><\/a><\/h1><h1><a name=\"_Toc133000031\"><\/a><\/h1><p><a name=\"_Toc151312752\"><\/a><strong>HUMANIDAD<\/strong><\/p><p>Hab\u00eda una vez<\/p><p>un mundo cruel<\/p><p>de muerte e indiferencia,<\/p><p>donde la bondad brilla<\/p><p>solo por su ausencia.<\/p><p>Una absoluta pesadilla,<\/p><p>supremac\u00eda de especies<\/p><p>que dictan las leyes<\/p><p>y exterminan sin piedad,<\/p><p>eso es la humanidad.<\/p><p><span class='bctt-click-to-tweet'><span class='bctt-ctt-text'><a href='https:\/\/x.com\/intent\/tweet?url=https%3A%2F%2Fnuestrosescritores.com%2Fsaradelatorrecasado%2Fpoesia%2F&#038;text=HUMANIDAD%20del%20libro%20EL%20MUNDO%20EN%20VERSOS%20DE%20BRUJA%20de%20SARA%20DE%20LA%20TORRE%20CASADO.&#038;related' target='_blank'rel=\"noopener noreferrer\">HUMANIDAD del libro EL MUNDO EN VERSOS DE BRUJA de SARA DE LA TORRE CASADO. <\/a><\/span><a href='https:\/\/x.com\/intent\/tweet?url=https%3A%2F%2Fnuestrosescritores.com%2Fsaradelatorrecasado%2Fpoesia%2F&#038;text=HUMANIDAD%20del%20libro%20EL%20MUNDO%20EN%20VERSOS%20DE%20BRUJA%20de%20SARA%20DE%20LA%20TORRE%20CASADO.&#038;related' target='_blank' class='bctt-ctt-btn'rel=\"noopener noreferrer\">Compartir en X<\/a><\/span><\/p>\t\t\t\t\t\t\t\t<\/div>\n\t\t\t\t<\/div>\n\t\t\t\t\t<\/div>\n\t\t<\/div>\n\t\t\t\t\t<\/div>\n\t\t<\/section>\n\t\t\t\t<section class=\"elementor-section elementor-top-section elementor-element elementor-element-4a903769 elementor-section-full_width elementor-section-height-full elementor-section-content-middle back elementor-section-height-default elementor-section-items-middle\" data-id=\"4a903769\" data-element_type=\"section\" data-e-type=\"section\">\n\t\t\t\t\t\t\t<div class=\"elementor-background-overlay\"><\/div>\n\t\t\t\t\t\t\t<div class=\"elementor-container elementor-column-gap-no\">\n\t\t\t\t\t<div class=\"aux-parallax-section elementor-column elementor-col-100 elementor-top-column elementor-element elementor-element-7e6d94ff\" data-id=\"7e6d94ff\" data-element_type=\"column\" data-e-type=\"column\">\n\t\t\t<div class=\"elementor-widget-wrap elementor-element-populated\">\n\t\t\t\t\t\t<div class=\"elementor-element elementor-element-5ea13c6f elementor-button-success elementor-align-center elementor-widget elementor-widget-button\" data-id=\"5ea13c6f\" data-element_type=\"widget\" data-e-type=\"widget\" data-widget_type=\"button.default\">\n\t\t\t\t<div class=\"elementor-widget-container\">\n\t\t\t\t\t\t\t\t\t<div class=\"elementor-button-wrapper\">\n\t\t\t\t\t<a class=\"elementor-button elementor-button-link elementor-size-xl\" href=\"https:\/\/librodepoesia.com\/libro\/el-mundo-en-versos-de-bruja-sara-de-la-torre-casado\/\">\n\t\t\t\t\t\t<span class=\"elementor-button-content-wrapper\">\n\t\t\t\t\t\t\t\t\t<span class=\"elementor-button-text\">COMPRAR EL LIBRO<\/span>\n\t\t\t\t\t<\/span>\n\t\t\t\t\t<\/a>\n\t\t\t\t<\/div>\n\t\t\t\t\t\t\t\t<\/div>\n\t\t\t\t<\/div>\n\t\t\t\t\t<\/div>\n\t\t<\/div>\n\t\t\t\t\t<\/div>\n\t\t<\/section>\n\t\t\t\t<\/div>\n\t\t","protected":false},"excerpt":{"rendered":"<p>INICIACI\u00d3N Esp\u00edritus libres como n\u00f3madas rebeldes vagan por las olas, esperando el \u00faltimo grano del reloj de arena viajan cuando el sol duerme y sube la marea. Gato y cuervo como familiares dominan las estrellas, m\u00e1gica medianoche la luna bruja pasa por sus fases los lobos le a\u00fallan en pleno auge, sopla viento del S\u00e1hara [&hellip;]<\/p>\n","protected":false},"author":1,"featured_media":0,"parent":0,"menu_order":0,"comment_status":"closed","ping_status":"closed","template":"","meta":{"_acf_changed":false,"footnotes":""},"class_list":["post-124","page","type-page","status-publish","hentry"],"acf":[],"yoast_head":"<!-- This site is optimized with the Yoast SEO Premium plugin v24.7 (Yoast SEO v27.5) - https:\/\/yoast.com\/product\/yoast-seo-premium-wordpress\/ -->\n<title>POES\u00cdA - Sara de la Torre Casado<\/title>\n<meta name=\"robots\" content=\"index, follow, max-snippet:-1, max-image-preview:large, max-video-preview:-1\" \/>\n<link rel=\"canonical\" href=\"https:\/\/nuestrosescritores.com\/saradelatorrecasado\/poesia\/\" \/>\n<meta property=\"og:locale\" content=\"es_ES\" \/>\n<meta property=\"og:type\" content=\"article\" \/>\n<meta property=\"og:title\" content=\"POES\u00cdA\" \/>\n<meta property=\"og:description\" content=\"INICIACI\u00d3N Esp\u00edritus libres como n\u00f3madas rebeldes vagan por las olas, esperando el \u00faltimo grano del reloj de arena viajan cuando el sol duerme y sube la marea. Gato y cuervo como familiares dominan las estrellas, m\u00e1gica medianoche la luna bruja pasa por sus fases los lobos le a\u00fallan en pleno auge, sopla viento del S\u00e1hara [&hellip;]\" \/>\n<meta property=\"og:url\" content=\"https:\/\/nuestrosescritores.com\/saradelatorrecasado\/poesia\/\" \/>\n<meta property=\"og:site_name\" content=\"Sara de la Torre Casado\" \/>\n<meta property=\"article:modified_time\" content=\"2023-12-03T09:08:17+00:00\" \/>\n<meta name=\"twitter:card\" content=\"summary_large_image\" \/>\n<meta name=\"twitter:label1\" content=\"Tiempo de lectura\" \/>\n\t<meta name=\"twitter:data1\" content=\"3 minutos\" \/>\n<script type=\"application\/ld+json\" class=\"yoast-schema-graph\">{\"@context\":\"https:\\\/\\\/schema.org\",\"@graph\":[{\"@type\":\"WebPage\",\"@id\":\"https:\\\/\\\/nuestrosescritores.com\\\/saradelatorrecasado\\\/poesia\\\/\",\"url\":\"https:\\\/\\\/nuestrosescritores.com\\\/saradelatorrecasado\\\/poesia\\\/\",\"name\":\"POES\u00cdA - Sara de la Torre Casado\",\"isPartOf\":{\"@id\":\"https:\\\/\\\/nuestrosescritores.com\\\/saradelatorrecasado\\\/#website\"},\"datePublished\":\"2023-12-03T08:47:49+00:00\",\"dateModified\":\"2023-12-03T09:08:17+00:00\",\"breadcrumb\":{\"@id\":\"https:\\\/\\\/nuestrosescritores.com\\\/saradelatorrecasado\\\/poesia\\\/#breadcrumb\"},\"inLanguage\":\"es\",\"potentialAction\":[{\"@type\":\"ReadAction\",\"target\":[\"https:\\\/\\\/nuestrosescritores.com\\\/saradelatorrecasado\\\/poesia\\\/\"]}]},{\"@type\":\"BreadcrumbList\",\"@id\":\"https:\\\/\\\/nuestrosescritores.com\\\/saradelatorrecasado\\\/poesia\\\/#breadcrumb\",\"itemListElement\":[{\"@type\":\"ListItem\",\"position\":1,\"name\":\"Portada\",\"item\":\"https:\\\/\\\/nuestrosescritores.com\\\/saradelatorrecasado\\\/\"},{\"@type\":\"ListItem\",\"position\":2,\"name\":\"POES\u00cdA\"}]},{\"@type\":\"WebSite\",\"@id\":\"https:\\\/\\\/nuestrosescritores.com\\\/saradelatorrecasado\\\/#website\",\"url\":\"https:\\\/\\\/nuestrosescritores.com\\\/saradelatorrecasado\\\/\",\"name\":\"Nuestros escritores\",\"description\":\"Escritora\",\"potentialAction\":[{\"@type\":\"SearchAction\",\"target\":{\"@type\":\"EntryPoint\",\"urlTemplate\":\"https:\\\/\\\/nuestrosescritores.com\\\/saradelatorrecasado\\\/?s={search_term_string}\"},\"query-input\":{\"@type\":\"PropertyValueSpecification\",\"valueRequired\":true,\"valueName\":\"search_term_string\"}}],\"inLanguage\":\"es\"}]}<\/script>\n<!-- \/ Yoast SEO Premium plugin. -->","yoast_head_json":{"title":"POES\u00cdA - Sara de la Torre Casado","robots":{"index":"index","follow":"follow","max-snippet":"max-snippet:-1","max-image-preview":"max-image-preview:large","max-video-preview":"max-video-preview:-1"},"canonical":"https:\/\/nuestrosescritores.com\/saradelatorrecasado\/poesia\/","og_locale":"es_ES","og_type":"article","og_title":"POES\u00cdA","og_description":"INICIACI\u00d3N Esp\u00edritus libres como n\u00f3madas rebeldes vagan por las olas, esperando el \u00faltimo grano del reloj de arena viajan cuando el sol duerme y sube la marea. Gato y cuervo como familiares dominan las estrellas, m\u00e1gica medianoche la luna bruja pasa por sus fases los lobos le a\u00fallan en pleno auge, sopla viento del S\u00e1hara [&hellip;]","og_url":"https:\/\/nuestrosescritores.com\/saradelatorrecasado\/poesia\/","og_site_name":"Sara de la Torre Casado","article_modified_time":"2023-12-03T09:08:17+00:00","twitter_card":"summary_large_image","twitter_misc":{"Tiempo de lectura":"3 minutos"},"schema":{"@context":"https:\/\/schema.org","@graph":[{"@type":"WebPage","@id":"https:\/\/nuestrosescritores.com\/saradelatorrecasado\/poesia\/","url":"https:\/\/nuestrosescritores.com\/saradelatorrecasado\/poesia\/","name":"POES\u00cdA - Sara de la Torre Casado","isPartOf":{"@id":"https:\/\/nuestrosescritores.com\/saradelatorrecasado\/#website"},"datePublished":"2023-12-03T08:47:49+00:00","dateModified":"2023-12-03T09:08:17+00:00","breadcrumb":{"@id":"https:\/\/nuestrosescritores.com\/saradelatorrecasado\/poesia\/#breadcrumb"},"inLanguage":"es","potentialAction":[{"@type":"ReadAction","target":["https:\/\/nuestrosescritores.com\/saradelatorrecasado\/poesia\/"]}]},{"@type":"BreadcrumbList","@id":"https:\/\/nuestrosescritores.com\/saradelatorrecasado\/poesia\/#breadcrumb","itemListElement":[{"@type":"ListItem","position":1,"name":"Portada","item":"https:\/\/nuestrosescritores.com\/saradelatorrecasado\/"},{"@type":"ListItem","position":2,"name":"POES\u00cdA"}]},{"@type":"WebSite","@id":"https:\/\/nuestrosescritores.com\/saradelatorrecasado\/#website","url":"https:\/\/nuestrosescritores.com\/saradelatorrecasado\/","name":"Nuestros escritores","description":"Escritora","potentialAction":[{"@type":"SearchAction","target":{"@type":"EntryPoint","urlTemplate":"https:\/\/nuestrosescritores.com\/saradelatorrecasado\/?s={search_term_string}"},"query-input":{"@type":"PropertyValueSpecification","valueRequired":true,"valueName":"search_term_string"}}],"inLanguage":"es"}]}},"_links":{"self":[{"href":"https:\/\/nuestrosescritores.com\/saradelatorrecasado\/wp-json\/wp\/v2\/pages\/124","targetHints":{"allow":["GET"]}}],"collection":[{"href":"https:\/\/nuestrosescritores.com\/saradelatorrecasado\/wp-json\/wp\/v2\/pages"}],"about":[{"href":"https:\/\/nuestrosescritores.com\/saradelatorrecasado\/wp-json\/wp\/v2\/types\/page"}],"author":[{"embeddable":true,"href":"https:\/\/nuestrosescritores.com\/saradelatorrecasado\/wp-json\/wp\/v2\/users\/1"}],"replies":[{"embeddable":true,"href":"https:\/\/nuestrosescritores.com\/saradelatorrecasado\/wp-json\/wp\/v2\/comments?post=124"}],"version-history":[{"count":0,"href":"https:\/\/nuestrosescritores.com\/saradelatorrecasado\/wp-json\/wp\/v2\/pages\/124\/revisions"}],"wp:attachment":[{"href":"https:\/\/nuestrosescritores.com\/saradelatorrecasado\/wp-json\/wp\/v2\/media?parent=124"}],"curies":[{"name":"wp","href":"https:\/\/api.w.org\/{rel}","templated":true}]}}