{"id":68,"date":"2025-06-07T08:59:19","date_gmt":"2025-06-07T06:59:19","guid":{"rendered":"https:\/\/nuestrosescritores.com\/santiagovillar\/?page_id=68"},"modified":"2025-06-07T09:29:29","modified_gmt":"2025-06-07T07:29:29","slug":"el-cielo-en-la-tierra","status":"publish","type":"page","link":"https:\/\/nuestrosescritores.com\/santiagovillar\/el-cielo-en-la-tierra\/","title":{"rendered":"EL CIELO EN LA TIERRA"},"content":{"rendered":"<div class=\"wpb-content-wrapper\">[vc_row full_width=&#8221;stretch_row_content_no_spaces&#8221;][vc_column]<style >@media (min-width:992px){.empty_space69f3659701dda {padding-top: 40px;}}@media (max-width:991px){.empty_space69f3659701dda {padding-top: 16px;}}@media (max-width:600px){.empty_space69f3659701dda {padding-top: 20px;}}<\/style><div class=\"pt-plus-empty-space empty_space69f3659701dda \" data-uid=\"empty_space69f3659701dda\" ><\/div><div id=\"pt-plus-row-settings\" class=\"pt-plus-row-set pt-plus-rowsetting69f3659701e13  \" data-no=\"pt-plus-rowsetting69f3659701e13\" data-get-name=\"Phlox Pro\"><div  id=\"bgGallaryslide69f3659701eb7\" class=\"pt-plus-row-slideshow \"><\/div><script >\n\t\t\t\t\t(function($) {\n\t\t\t\t\t$(\"#bgGallaryslide69f3659701eb7\").vegas({\n\t\t\t\t\t\t\toverlay: \"\",\n\t\t\t\t\t\t\ttransitionDuration: 4e3,\n\t\t\t\t\t\t\tdelay: 7000,\n\t\t\t\t\t\t\tslides: [{src: \"https:\/\/nuestrosescritores.com\/santiagovillar\/wp-content\/uploads\/sites\/204\/2025\/06\/freepik__una-composicin-abstracta-con-pinceladas-fluidas-en__18920.webp\",transition: \"blur2\",transitionDuration: 5000},{src: \"https:\/\/nuestrosescritores.com\/santiagovillar\/wp-content\/uploads\/sites\/204\/2025\/06\/freepik__un-paisaje-onrico-con-montaas-distantes-bajo-un-ci__18918.webp\",transition: \"blur2\",transitionDuration: 5000},{src: \"https:\/\/nuestrosescritores.com\/santiagovillar\/wp-content\/uploads\/sites\/204\/2025\/06\/freepik__una-composicin-minimalista-dividida-en-dos-mitades__18909.webp\",transition: \"blur2\",transitionDuration: 5000},]\n\t\t\t\t\t\t});\t\t\n\t\t\t\t\t})(jQuery);\n\t\t\t\t\t<\/script><div class=\"pt-plus-row-overlay\" style=\"background:rgba(255,255,255,0.7)\"><\/div><\/div>[vc_row_inner][vc_column_inner width=&#8221;1\/2&#8243; css=&#8221;.vc_custom_1566981416365{padding: 15% !important;}&#8221;][vc_empty_space][vc_single_image image=&#8221;76&#8243; img_size=&#8221;full&#8221; alignment=&#8221;center&#8221; css=&#8221;&#8221;][\/vc_column_inner][vc_column_inner width=&#8221;1\/2&#8243;][vc_empty_space][vc_column_text css=&#8221;.vc_custom_1749275767141{padding-top: 25px !important;padding-right: 25px !important;padding-bottom: 25px !important;padding-left: 25px !important;background-color: rgba(252,252,252,0.47) !important;*background-color: rgb(252,252,252) !important;}&#8221;]<strong>T\u00edtulo:<\/strong> EL CIELO EN LA TIERRA<\/p>\n<p><strong>Autor:<\/strong> SANTIAGO VILLAR PALL\u00c1S<\/p>\n<p>&nbsp;<\/p>\n<p>A\u00f1o de Publicaci\u00f3n: 2025<\/p>\n<p>&nbsp;<\/p>\n<p>Editorial: Poes\u00eda eres t\u00fa<\/p>\n<p><a href=\"http:\/\/www.poesiaerestu.com\/\">http:\/\/www.poesiaerestu.com<\/a><\/p>\n<p>&nbsp;<\/p>\n<p>ISBN-13: 979-13-87806-01-9<\/p>\n<p>&nbsp;<\/p>\n<p>PVP: 12 Euros (IVA Incluido).<\/p>\n<p>&nbsp;<\/p>\n<p>P\u00e1gs. 102<\/p>\n<p>&nbsp;<\/p>\n<p>&nbsp;<\/p>\n<p>&nbsp;<\/p>\n<p>&nbsp;<\/p>\n<p><strong>RESE\u00d1A:<\/strong><\/p>\n<p>&nbsp;<\/p>\n<p><em>El cielo en la tierra<\/em> es un poemario que abraza la vida en su paradoja: luminosa y herida, ef\u00edmera como eterna. Estos versos no explican el misterio; lo habitan. Resuenan en ellos el amor hecho a\u00f1icos, la p\u00e9rdida que revela, la naturaleza desnuda, el asombro frente al mundo; una espiritualidad sin dogmas que late en la corteza del pan, en la grieta del muro, en el ala del p\u00e1jaro que cruza el invierno.<\/p>\n<p>&nbsp;<\/p>\n<p>Dividido en dos partes \u2014La tierra y el cielo\u2014, el libro tiende un puente entre lo que se toca y lo que se intuye. Porque el cielo no reside solo en lo alto: palpita en los dedos que levantan el polvo. Y aunque el tiempo borre cada huella, persiste el calor \u00edntimo del rescoldo.<\/p>\n<p>&nbsp;<\/p>\n<p>Escritos con una voz desnuda y l\u00facida, estos poemas dialogan con la filosof\u00eda de los umbrales, el deseo que trastoca el alma y la muerte que ense\u00f1a a mirar. Sin artificios, rozan lo indecible:<\/p>\n<p>&nbsp;<\/p>\n<p>\u201cQue vivir es un acto de belleza.<\/p>\n<p>Que lo fr\u00e1gil \u2014s\u00ed\u2014<\/p>\n<p>contiene la semilla<\/p>\n<p>de lo eterno\u201d.<\/p>\n[\/vc_column_text][vc_column_text css=&#8221;&#8221;]<span class='bctt-click-to-tweet'><span class='bctt-ctt-text'><a href='https:\/\/x.com\/intent\/tweet?url=https%3A%2F%2Fnuestrosescritores.com%2Fsantiagovillar%2Fel-cielo-en-la-tierra%2F&#038;text=Lee%20gratis%20las%20primeras%20p%C3%A1ginas%20del%20libro%20EL%20CIELO%20EN%20LA%20TIERRA%20de%20SANTIAGO%20VILLAR%20PALL%C3%81S&#038;via=poesiaerestu&#038;related=poesiaerestu' target='_blank'rel=\"noopener noreferrer\">Lee gratis las primeras p\u00e1ginas del libro EL CIELO EN LA TIERRA de SANTIAGO VILLAR PALL\u00c1S <\/a><\/span><a href='https:\/\/x.com\/intent\/tweet?url=https%3A%2F%2Fnuestrosescritores.com%2Fsantiagovillar%2Fel-cielo-en-la-tierra%2F&#038;text=Lee%20gratis%20las%20primeras%20p%C3%A1ginas%20del%20libro%20EL%20CIELO%20EN%20LA%20TIERRA%20de%20SANTIAGO%20VILLAR%20PALL%C3%81S&#038;via=poesiaerestu&#038;related=poesiaerestu' target='_blank' class='bctt-ctt-btn'rel=\"noopener noreferrer\">Compartir en X<\/a><\/span>[\/vc_column_text][vc_empty_space][\/vc_column_inner][\/vc_row_inner][\/vc_column][\/vc_row][vc_row full_width=&#8221;stretch_row_content_no_spaces&#8221;][vc_column extend=&#8221;false&#8221;]<div class=\"cq-colorblock customized square \" data-titlesize=\"\" data-image=\"https:\/\/nuestrosescritores.com\/santiagovillar\/wp-content\/uploads\/sites\/204\/2025\/06\/book6.png\" data-contentcolor=\"#000000\" data-textblockbg=\"customized\" data-custombgcolor=\"rgba(1,18,58,0.59)\"><div class=\"cq-colorblock-textcontainer\"><div class=\"cq-colorblock-content\"><div class=\"cq-colorblock-caption\">\n<p style=\"text-align: center;\"><span style=\"font-size: 24pt;\"><strong>PRIMERAS P\u00c1GINAS<\/strong><\/span><\/p>\n<\/div><\/div><\/div><div class=\"cq-colorblock-imagecontainer\"><img decoding=\"async\" src=\"https:\/\/nuestrosescritores.com\/santiagovillar\/wp-content\/uploads\/sites\/204\/2025\/06\/book6-500x391.png\" class=\"cq-coverslider-image\" alt=\"\"><\/a> <\/div><\/div>[\/vc_column][\/vc_row][vc_row full_width=&#8221;stretch_row_content_no_spaces&#8221;][vc_column extend=&#8221;false&#8221;]<div id=\"pt-plus-row-settings\" class=\"pt-plus-row-set pt-plus-rowsetting69f3659703142  \" data-no=\"pt-plus-rowsetting69f3659703142\" data-get-name=\"Phlox Pro\"><div  id=\"bgGallaryslide69f36597031e6\" class=\"pt-plus-row-slideshow \"><\/div><script >\n\t\t\t\t\t(function($) {\n\t\t\t\t\t$(\"#bgGallaryslide69f36597031e6\").vegas({\n\t\t\t\t\t\t\toverlay: \"https:\/\/nuestrosescritores.com\/santiagovillar\/wp-content\/plugins\/theplus_addon\/vc_elements\/css\/extra\/overlays\/01.png\",\n\t\t\t\t\t\t\ttransitionDuration: 4e3,\n\t\t\t\t\t\t\tdelay: 7000,\n\t\t\t\t\t\t\tslides: [{src: \"https:\/\/nuestrosescritores.com\/santiagovillar\/wp-content\/uploads\/sites\/204\/2025\/06\/freepik__una-escalera-de-piedra-que-asciende-desde-un-suelo__18928.webp\",transition: \"blur2\",transitionDuration: 5000},{src: \"https:\/\/nuestrosescritores.com\/santiagovillar\/wp-content\/uploads\/sites\/204\/2025\/06\/freepik__un-rbol-solitario-en-una-colina-al-atardecer-cuya-__18924.webp\",transition: \"blur2\",transitionDuration: 5000},{src: \"https:\/\/nuestrosescritores.com\/santiagovillar\/wp-content\/uploads\/sites\/204\/2025\/06\/freepik__un-paisaje-onrico-con-montaas-distantes-bajo-un-ci__18918.webp\",transition: \"blur2\",transitionDuration: 5000},{src: \"https:\/\/nuestrosescritores.com\/santiagovillar\/wp-content\/uploads\/sites\/204\/2025\/06\/freepik__una-silueta-humana-contemplativa-de-espaldas-miran__18914.webp\",transition: \"blur2\",transitionDuration: 5000},{src: \"https:\/\/nuestrosescritores.com\/santiagovillar\/wp-content\/uploads\/sites\/204\/2025\/06\/Gemini_Generated_Image_bgthdvbgthdvbgth-copia.webp\",transition: \"blur2\",transitionDuration: 5000},]\n\t\t\t\t\t\t});\t\t\n\t\t\t\t\t})(jQuery);\n\t\t\t\t\t<\/script><div class=\"pt-plus-row-overlay\" style=\"background:rgba(255,255,255,0.45)\"><\/div><\/div>[vc_column_text css=&#8221;&#8221;]<div id=\"flipbook-container-0\" data-fullscreen=\"#ededed|95|true\" data-slide-delay=\"2000\" data-display=\"front\"  class=\"flipbook-container flipbook-container-0  toc-old\"><div id=\"flipbook-0\" data-fb-id=\"elcieloenlatierra\" data-fb-w=\"629\" data-fb-h=\"892\" class=\"flipbook rfbwp-init\"><div class=\"fb-page single\"><div class=\"fb-page-content\"><div class=\"fb-container\"><div class=\"page-html\"><\/div><img decoding=\"async\" src=\"https:\/\/nuestrosescritores.com\/santiagovillar\/wp-content\/plugins\/responsive-flipbook\/assets\/images\/loader.gif\" class=\"bg-img-placeholder rfbwp-image\"\/><img decoding=\"async\" src=\"https:\/\/nuestrosescritores.com\/santiagovillar\/wp-content\/plugins\/responsive-flipbook\/assets\/images\/preloader.gif\" data-src=\"http:\/\/nuestrosescritores.com\/santiagovillar\/wp-content\/uploads\/sites\/204\/2025\/06\/0_Portada_Elcieloylatierra.jpg\" class=\"bg-img rfbwp-image\"\/><img decoding=\"async\" src=\"https:\/\/nuestrosescritores.com\/santiagovillar\/wp-content\/plugins\/responsive-flipbook\/assets\/images\/preloader.gif\" data-src=\"http:\/\/nuestrosescritores.com\/santiagovillar\/wp-content\/uploads\/sites\/204\/2025\/06\/0_Portada_Elcieloylatierra.jpg\" class=\"bg-img zoom-large rfbwp-image\"\/><\/div><\/div><\/div><div class=\"fb-page single\"><div class=\"fb-page-content\"><div class=\"fb-container\"><div class=\"page-html\"><\/div><img decoding=\"async\" src=\"https:\/\/nuestrosescritores.com\/santiagovillar\/wp-content\/plugins\/responsive-flipbook\/assets\/images\/loader.gif\" class=\"bg-img-placeholder rfbwp-image\"\/><img decoding=\"async\" src=\"https:\/\/nuestrosescritores.com\/santiagovillar\/wp-content\/plugins\/responsive-flipbook\/assets\/images\/preloader.gif\" data-src=\"http:\/\/nuestrosescritores.com\/santiagovillar\/wp-content\/uploads\/sites\/204\/2025\/06\/elcieloenlatierra_002.jpg\" class=\"bg-img rfbwp-image\"\/><\/div><\/div><\/div><div class=\"fb-page single\"><div class=\"fb-page-content\"><div class=\"fb-container\"><div class=\"page-html\"><\/div><img decoding=\"async\" src=\"https:\/\/nuestrosescritores.com\/santiagovillar\/wp-content\/plugins\/responsive-flipbook\/assets\/images\/loader.gif\" class=\"bg-img-placeholder rfbwp-image\"\/><img decoding=\"async\" src=\"https:\/\/nuestrosescritores.com\/santiagovillar\/wp-content\/plugins\/responsive-flipbook\/assets\/images\/preloader.gif\" data-src=\"http:\/\/nuestrosescritores.com\/santiagovillar\/wp-content\/uploads\/sites\/204\/2025\/06\/elcieloenlatierra_003.jpg\" class=\"bg-img rfbwp-image\"\/><\/div><\/div><\/div><div class=\"fb-page single\"><div class=\"fb-page-content\"><div class=\"fb-container\"><div class=\"page-html\"><\/div><img decoding=\"async\" src=\"https:\/\/nuestrosescritores.com\/santiagovillar\/wp-content\/plugins\/responsive-flipbook\/assets\/images\/loader.gif\" class=\"bg-img-placeholder rfbwp-image\"\/><img decoding=\"async\" src=\"https:\/\/nuestrosescritores.com\/santiagovillar\/wp-content\/plugins\/responsive-flipbook\/assets\/images\/preloader.gif\" data-src=\"http:\/\/nuestrosescritores.com\/santiagovillar\/wp-content\/uploads\/sites\/204\/2025\/06\/elcieloenlatierra_004.jpg\" class=\"bg-img rfbwp-image\"\/><\/div><\/div><\/div><div class=\"fb-page single\"><div class=\"fb-page-content\"><div class=\"fb-container\"><div class=\"page-html\"><\/div><img decoding=\"async\" src=\"https:\/\/nuestrosescritores.com\/santiagovillar\/wp-content\/plugins\/responsive-flipbook\/assets\/images\/loader.gif\" class=\"bg-img-placeholder rfbwp-image\"\/><img decoding=\"async\" src=\"https:\/\/nuestrosescritores.com\/santiagovillar\/wp-content\/plugins\/responsive-flipbook\/assets\/images\/preloader.gif\" data-src=\"http:\/\/nuestrosescritores.com\/santiagovillar\/wp-content\/uploads\/sites\/204\/2025\/06\/elcieloenlatierra_005.jpg\" class=\"bg-img rfbwp-image\"\/><\/div><\/div><\/div><div class=\"fb-page single\"><div class=\"fb-page-content\"><div class=\"fb-container\"><div class=\"page-html\"><\/div><img decoding=\"async\" src=\"https:\/\/nuestrosescritores.com\/santiagovillar\/wp-content\/plugins\/responsive-flipbook\/assets\/images\/loader.gif\" class=\"bg-img-placeholder rfbwp-image\"\/><img decoding=\"async\" src=\"https:\/\/nuestrosescritores.com\/santiagovillar\/wp-content\/plugins\/responsive-flipbook\/assets\/images\/preloader.gif\" data-src=\"http:\/\/nuestrosescritores.com\/santiagovillar\/wp-content\/uploads\/sites\/204\/2025\/06\/elcieloenlatierra_006.jpg\" class=\"bg-img rfbwp-image\"\/><\/div><\/div><\/div><div class=\"fb-page single\"><div class=\"fb-page-content\"><div class=\"fb-container\"><div class=\"page-html\"><\/div><img decoding=\"async\" src=\"https:\/\/nuestrosescritores.com\/santiagovillar\/wp-content\/plugins\/responsive-flipbook\/assets\/images\/loader.gif\" class=\"bg-img-placeholder rfbwp-image\"\/><img decoding=\"async\" src=\"https:\/\/nuestrosescritores.com\/santiagovillar\/wp-content\/plugins\/responsive-flipbook\/assets\/images\/preloader.gif\" data-src=\"http:\/\/nuestrosescritores.com\/santiagovillar\/wp-content\/uploads\/sites\/204\/2025\/06\/elcieloenlatierra_007.jpg\" class=\"bg-img rfbwp-image\"\/><\/div><\/div><\/div><div class=\"fb-page single\"><div class=\"fb-page-content\"><div class=\"fb-container\"><div class=\"page-html\"><\/div><img decoding=\"async\" src=\"https:\/\/nuestrosescritores.com\/santiagovillar\/wp-content\/plugins\/responsive-flipbook\/assets\/images\/loader.gif\" class=\"bg-img-placeholder rfbwp-image\"\/><img decoding=\"async\" src=\"https:\/\/nuestrosescritores.com\/santiagovillar\/wp-content\/plugins\/responsive-flipbook\/assets\/images\/preloader.gif\" data-src=\"http:\/\/nuestrosescritores.com\/santiagovillar\/wp-content\/uploads\/sites\/204\/2025\/06\/elcieloenlatierra_008.jpg\" class=\"bg-img rfbwp-image\"\/><\/div><\/div><\/div><div class=\"fb-page single\"><div class=\"fb-page-content\"><div class=\"fb-container\"><div class=\"page-html\"><\/div><img decoding=\"async\" src=\"https:\/\/nuestrosescritores.com\/santiagovillar\/wp-content\/plugins\/responsive-flipbook\/assets\/images\/loader.gif\" class=\"bg-img-placeholder rfbwp-image\"\/><img decoding=\"async\" src=\"https:\/\/nuestrosescritores.com\/santiagovillar\/wp-content\/plugins\/responsive-flipbook\/assets\/images\/preloader.gif\" data-src=\"http:\/\/nuestrosescritores.com\/santiagovillar\/wp-content\/uploads\/sites\/204\/2025\/06\/elcieloenlatierra_009.jpg\" class=\"bg-img rfbwp-image\"\/><\/div><\/div><\/div><div class=\"fb-page single\"><div class=\"fb-page-content\"><div class=\"fb-container\"><div class=\"page-html\"><\/div><img decoding=\"async\" src=\"https:\/\/nuestrosescritores.com\/santiagovillar\/wp-content\/plugins\/responsive-flipbook\/assets\/images\/loader.gif\" class=\"bg-img-placeholder rfbwp-image\"\/><img decoding=\"async\" src=\"https:\/\/nuestrosescritores.com\/santiagovillar\/wp-content\/plugins\/responsive-flipbook\/assets\/images\/preloader.gif\" data-src=\"http:\/\/nuestrosescritores.com\/santiagovillar\/wp-content\/uploads\/sites\/204\/2025\/06\/elcieloenlatierra_010.jpg\" class=\"bg-img rfbwp-image\"\/><\/div><\/div><\/div><div class=\"fb-page single\"><div class=\"fb-page-content\"><div class=\"fb-container\"><div class=\"page-html\"><\/div><img decoding=\"async\" src=\"https:\/\/nuestrosescritores.com\/santiagovillar\/wp-content\/plugins\/responsive-flipbook\/assets\/images\/loader.gif\" class=\"bg-img-placeholder rfbwp-image\"\/><img decoding=\"async\" src=\"https:\/\/nuestrosescritores.com\/santiagovillar\/wp-content\/plugins\/responsive-flipbook\/assets\/images\/preloader.gif\" data-src=\"http:\/\/nuestrosescritores.com\/santiagovillar\/wp-content\/uploads\/sites\/204\/2025\/06\/elcieloenlatierra_011.jpg\" class=\"bg-img rfbwp-image\"\/><\/div><\/div><\/div><div class=\"fb-page single\"><div class=\"fb-page-content\"><div class=\"fb-container\"><div class=\"page-html\"><\/div><img decoding=\"async\" src=\"https:\/\/nuestrosescritores.com\/santiagovillar\/wp-content\/plugins\/responsive-flipbook\/assets\/images\/loader.gif\" class=\"bg-img-placeholder rfbwp-image\"\/><img decoding=\"async\" src=\"https:\/\/nuestrosescritores.com\/santiagovillar\/wp-content\/plugins\/responsive-flipbook\/assets\/images\/preloader.gif\" data-src=\"http:\/\/nuestrosescritores.com\/santiagovillar\/wp-content\/uploads\/sites\/204\/2025\/06\/elcieloenlatierra_012.jpg\" class=\"bg-img rfbwp-image\"\/><\/div><\/div><\/div><div class=\"fb-page single\"><div class=\"fb-page-content\"><div class=\"fb-container\"><div class=\"page-html\"><\/div><img decoding=\"async\" src=\"https:\/\/nuestrosescritores.com\/santiagovillar\/wp-content\/plugins\/responsive-flipbook\/assets\/images\/loader.gif\" class=\"bg-img-placeholder rfbwp-image\"\/><img decoding=\"async\" src=\"https:\/\/nuestrosescritores.com\/santiagovillar\/wp-content\/plugins\/responsive-flipbook\/assets\/images\/preloader.gif\" data-src=\"http:\/\/nuestrosescritores.com\/santiagovillar\/wp-content\/uploads\/sites\/204\/2025\/06\/elcieloenlatierra_013.jpg\" class=\"bg-img rfbwp-image\"\/><\/div><\/div><\/div><div class=\"fb-page single\"><div class=\"fb-page-content\"><div class=\"fb-container\"><div class=\"page-html\"><\/div><img decoding=\"async\" src=\"https:\/\/nuestrosescritores.com\/santiagovillar\/wp-content\/plugins\/responsive-flipbook\/assets\/images\/loader.gif\" class=\"bg-img-placeholder rfbwp-image\"\/><img decoding=\"async\" src=\"https:\/\/nuestrosescritores.com\/santiagovillar\/wp-content\/plugins\/responsive-flipbook\/assets\/images\/preloader.gif\" data-src=\"http:\/\/nuestrosescritores.com\/santiagovillar\/wp-content\/uploads\/sites\/204\/2025\/06\/elcieloenlatierra_014.jpg\" class=\"bg-img rfbwp-image\"\/><\/div><\/div><\/div><div class=\"fb-page single\"><div class=\"fb-page-content\"><div class=\"fb-container\"><div class=\"page-html\"><\/div><img decoding=\"async\" src=\"https:\/\/nuestrosescritores.com\/santiagovillar\/wp-content\/plugins\/responsive-flipbook\/assets\/images\/loader.gif\" class=\"bg-img-placeholder rfbwp-image\"\/><img decoding=\"async\" src=\"https:\/\/nuestrosescritores.com\/santiagovillar\/wp-content\/plugins\/responsive-flipbook\/assets\/images\/preloader.gif\" data-src=\"http:\/\/nuestrosescritores.com\/santiagovillar\/wp-content\/uploads\/sites\/204\/2025\/06\/elcieloenlatierra_006.jpg\" class=\"bg-img rfbwp-image\"\/><img decoding=\"async\" src=\"https:\/\/nuestrosescritores.com\/santiagovillar\/wp-content\/plugins\/responsive-flipbook\/assets\/images\/preloader.gif\" data-src=\"http:\/\/nuestrosescritores.com\/santiagovillar\/wp-content\/uploads\/sites\/204\/2025\/06\/elcieloenlatierra_006.jpg\" class=\"bg-img zoom-large rfbwp-image\"\/><\/div><\/div><\/div><div class=\"fb-page single\"><div class=\"fb-page-content\"><div class=\"fb-container\"><div class=\"page-html\"><\/div><img decoding=\"async\" src=\"https:\/\/nuestrosescritores.com\/santiagovillar\/wp-content\/plugins\/responsive-flipbook\/assets\/images\/loader.gif\" class=\"bg-img-placeholder rfbwp-image\"\/><img decoding=\"async\" src=\"https:\/\/nuestrosescritores.com\/santiagovillar\/wp-content\/plugins\/responsive-flipbook\/assets\/images\/preloader.gif\" data-src=\"http:\/\/nuestrosescritores.com\/santiagovillar\/wp-content\/uploads\/sites\/204\/2025\/06\/Contraportada_Elcieloylatierra.jpg\" class=\"bg-img rfbwp-image\"\/><img decoding=\"async\" src=\"https:\/\/nuestrosescritores.com\/santiagovillar\/wp-content\/plugins\/responsive-flipbook\/assets\/images\/preloader.gif\" data-src=\"http:\/\/nuestrosescritores.com\/santiagovillar\/wp-content\/uploads\/sites\/204\/2025\/06\/Contraportada_Elcieloylatierra.jpg\" class=\"bg-img zoom-large rfbwp-image\"\/><\/div><\/div><\/div><\/div><div id=\"fb-nav-0\" class=\"fb-nav mobile spread bottom \" data-menu-type=\"spread\"  data-grouped=\"true\" data-prev-icon=\"fa fa-chevron-left\" data-next-icon=\"fa fa-chevron-right\" data-up-icon=\"fa fa-chevron-up\" data-down-icon=\"fa fa-chevron-down\"><ul class=\"alternative-nav\"><li id=\"fb-zoom-out-0\" class=\"fb-zoom-out\" data-icon=\"fa fa-search-minus\"><\/li><li class=\"big-next show-all-close\" data-icon=\"fa fa-times\"><\/li><\/ul><ul class=\"main-nav\"><li class=\"toc round\" data-icon=\"fa fa-th-list\" data-toc-index=\"2\"><\/li><li class=\"zoom round\" data-icon=\"fa fa-search-plus\" data-icon-active=\"fa fa-search-minus\"><\/li><li class=\"slideshow round\" data-icon=\"fa fa-play\" data-icon-active=\"fa fa-pause\"><\/li><li class=\"show-all round\" data-icon=\"fa fa-th\"  data-cols=\"3\"><\/li><li class=\"fullscreen round\" data-icon=\"fa fa-expand\" data-icon-active=\"fa fa-compress\"><\/li><\/ul><\/div><\/div>[\/vc_column_text][\/vc_column][\/vc_row][vc_row css=&#8221;.vc_custom_1749280479248{padding: 5% !important;background-color: #ededce !important;}&#8221;][vc_column css=&#8221;.vc_custom_1749280427334{padding: 5% !important;}&#8221;][vc_column_text css=&#8221;&#8221;]\n<audio class=\"wp-audio-shortcode\" id=\"audio-68-1\" preload=\"none\" style=\"width: 100%;\" controls=\"controls\"><source type=\"audio\/wav\" src=\"http:\/\/nuestrosescritores.com\/santiagovillar\/wp-content\/uploads\/sites\/204\/2025\/06\/El-Cielo-en-la-Tierra.wav?_=1\" \/><a href=\"http:\/\/nuestrosescritores.com\/santiagovillar\/wp-content\/uploads\/sites\/204\/2025\/06\/El-Cielo-en-la-Tierra.wav\">http:\/\/nuestrosescritores.com\/santiagovillar\/wp-content\/uploads\/sites\/204\/2025\/06\/El-Cielo-en-la-Tierra.wav<\/a><\/audio>\n[\/vc_column_text][vc_column_text css=&#8221;&#8221;]<!-- INFORME DE LECTURA: \"EL CIELO EN LA TIERRA\" DE SANTIAGO VILLAR PALL\u00c1S --><\/p>\n<h2>Sinopsis<\/h2>\n<p><em>El cielo en la tierra<\/em> de <a href=\"https:\/\/nuestrosescritores.com\/santiagovillar\/escritor\/\">Santiago Villar Pall\u00e1s<\/a> es un poemario que abraza la vida en su paradoja: luminosa y herida, ef\u00edmera como eterna. Sus versos no buscan explicar el misterio, sino habitarlo. En ellos resuena el amor hecho a\u00f1icos, la p\u00e9rdida que revela, la naturaleza desnuda, el asombro ante el mundo y una espiritualidad sin dogmas que late en lo cotidiano: en la corteza del pan, en la grieta del muro, en el ala del p\u00e1jaro que cruza el invierno.<\/p>\n<p>Dividido en dos partes \u2014La tierra y El cielo\u2014, el libro tiende un puente entre lo que se toca y lo que se intuye. El cielo no reside solo en lo alto: palpita en los dedos que levantan el polvo. Aunque el tiempo borre cada huella, persiste el calor \u00edntimo del rescoldo. Escrito con una voz desnuda y l\u00facida, el poemario dialoga con la filosof\u00eda de los umbrales, el deseo que trastoca el alma y la muerte que ense\u00f1a a mirar. Sin artificios, roza lo indecible: vivir es un acto de belleza, y lo fr\u00e1gil contiene la semilla de lo eterno.<\/p>\n<h2>An\u00e1lisis de la m\u00e9trica<\/h2>\n<p>La m\u00e9trica dominante es el verso libre, con una cadencia que privilegia la naturalidad del pensamiento y la respiraci\u00f3n. El ritmo surge de la alternancia entre poemas breves, de tono afor\u00edstico, y composiciones m\u00e1s extensas de desarrollo meditativo. La rima es ocasional y nunca forzada, dejando espacio a la musicalidad interna: asonancias, aliteraciones y pausas que marcan el tempo emocional. La puntuaci\u00f3n se utiliza de forma estrat\u00e9gica, con encabalgamientos y puntos suspensivos que sugieren continuidad y profundidad en la reflexi\u00f3n.<\/p>\n<h2>Comparativa con la poes\u00eda de otros autores<\/h2>\n<p>La obra dialoga con la tradici\u00f3n espa\u00f1ola, desde la esencialidad de Antonio Machado hasta la pureza expresiva de Juan Ram\u00f3n Jim\u00e9nez. Se percibe la huella de la poes\u00eda de la experiencia, pero el autor se distancia del realismo para buscar una trascendencia serena, cercana a la de poetas como Clara Jan\u00e9s o Antonio Colinas. Frente a la iron\u00eda o el desencanto de parte de la l\u00edrica actual, <em>El cielo en la tierra<\/em> propone una voz seria, sin solemnidad, y una mirada que universaliza la experiencia personal. Comparte con Valente o Colinas la aspiraci\u00f3n a una poes\u00eda de conocimiento, pero con un registro m\u00e1s accesible y comunicativo.<\/p>\n<h2>Di\u00e1logo con la tradici\u00f3n po\u00e9tica espa\u00f1ola<\/h2>\n<p>El poemario se inscribe en la corriente meditativa que explora la dualidad entre lo material y lo espiritual. La influencia de Machado se manifiesta en la b\u00fasqueda de la palabra esencial y en la reflexi\u00f3n sobre el tiempo. De Juan Ram\u00f3n Jim\u00e9nez hereda el af\u00e1n de pureza y la poes\u00eda como v\u00eda de conocimiento. El di\u00e1logo con la tradici\u00f3n es expl\u00edcito en los ep\u00edgrafes y en la intertextualidad, pero nunca erudito: el autor utiliza la herencia po\u00e9tica como trampol\u00edn para su propia voz, no como lastre. As\u00ed, la obra se posiciona como un puente entre la l\u00edrica cl\u00e1sica y una sensibilidad contempor\u00e1nea que no renuncia a lo trascendente.<\/p>\n<h2>Posicionamiento en el panorama actual de la poes\u00eda<\/h2>\n<p>En el contexto actual, <em>El cielo en la tierra<\/em> representa una propuesta madura y honesta. Frente a la tendencia urbana y desarraigada de muchos poetas j\u00f3venes, Villar Pall\u00e1s recupera la dimensi\u00f3n espiritual y filos\u00f3fica sin caer en misticismos. Su tratamiento del amor, la paternidad y la conciencia de finitud conecta con una generaci\u00f3n que busca sentido m\u00e1s all\u00e1 de la inmediatez. La obra puede atraer tanto a lectores habituales de poes\u00eda como a un p\u00fablico interesado en la reflexi\u00f3n existencial, gracias a su equilibrio entre profundidad y claridad.<\/p>\n<h2>T\u00e9cnicas literarias<\/h2>\n<p>El autor emplea la met\u00e1fora como recurso principal, condensando ideas complejas en im\u00e1genes memorables. El s\u00edmbolo se utiliza con precisi\u00f3n: agua, viento, tierra y fuego funcionan como correlatos de estados an\u00edmicos y filos\u00f3ficos. La intertextualidad aparece en ep\u00edgrafes y alusiones, estableciendo un di\u00e1logo generacional. La an\u00e1fora y el paralelismo aportan cohesi\u00f3n r\u00edtmica, mientras que el encabalgamiento y la puntuaci\u00f3n flexible otorgan fluidez y apertura interpretativa. El tono es sobrio, pero la emoci\u00f3n est\u00e1 siempre presente, evitando el sentimentalismo.<\/p>\n<h2>Comparativa con autores contempor\u00e1neos<\/h2>\n<p>La voz de Villar Pall\u00e1s se distingue por su equilibrio entre reflexi\u00f3n y emoci\u00f3n. Frente a la iron\u00eda o el distanciamiento de buena parte de la l\u00edrica actual, apuesta por una seriedad comunicativa que recuerda a Luis Garc\u00eda Montero en sus mejores momentos. Comparado con Raquel Lanseros o Erika Mart\u00ednez, muestra menor apego a la an\u00e9cdota personal y mayor inclinaci\u00f3n a universalizar la experiencia. Frente a la densidad simb\u00f3lica de Juan Carlos Mestre o la hermeticidad de Valente, Villar Pall\u00e1s opta por la claridad y la accesibilidad sin perder profundidad.<\/p>\n<h2>Simbolismos<\/h2>\n<p>El s\u00edmbolo central es la tensi\u00f3n cielo\/tierra: no como oposici\u00f3n, sino como complementariedad. El agua simboliza la fluidez del tiempo y la purificaci\u00f3n; el viento, la libertad y el cambio; la tierra, el arraigo y la memoria; el fuego, la pasi\u00f3n y la transformaci\u00f3n. Los \u00e1tomos representan la condici\u00f3n humana y su b\u00fasqueda de sentido en lo ef\u00edmero. Las estrellas y el cielo aluden a la aspiraci\u00f3n hacia lo absoluto, pero tambi\u00e9n a la peque\u00f1ez y la humildad ante el misterio.<\/p>\n<h2>Impacto de la estructura en la percepci\u00f3n del lector<\/h2>\n<p>La estructura bipartita del poemario \u2014de la tierra al cielo\u2014 crea un itinerario de ascensi\u00f3n y apertura. El lector inicia el viaje en lo tangible y cotidiano, para luego elevarse hacia lo contemplativo y universal. Esta progresi\u00f3n favorece una lectura envolvente: primero el reconocimiento en lo pr\u00f3ximo, despu\u00e9s la apertura a lo trascendente. El orden interno de los poemas, con piezas de apertura y cierre bien situadas, refuerza la sensaci\u00f3n de unidad y prop\u00f3sito, evitando la dispersi\u00f3n habitual en muchos libros de poes\u00eda.<\/p>\n<h2>Estructura tem\u00e1tica y secuencial<\/h2>\n<p>La primera secci\u00f3n, <strong>La tierra<\/strong>, explora la identidad, las relaciones, el tiempo y la finitud. Los poemas sobre la paternidad y la memoria act\u00faan como bisagras emocionales. La segunda parte, <strong>El cielo<\/strong>, transita de la contemplaci\u00f3n natural a la reflexi\u00f3n c\u00f3smica y al amor como s\u00edntesis de ambos planos. Los poemas sobre lugares concretos introducen la dimensi\u00f3n hist\u00f3rica y social, mientras que la secuencia final retorna al amor como reconciliaci\u00f3n de cielo y tierra. El conjunto avanza de lo particular a lo universal, de la experiencia a la trascendencia, manteniendo siempre un tono cercano y humano.[\/vc_column_text][\/vc_column][\/vc_row][vc_row][vc_column]<div class=\"cq-dagallery-container\" style=\"width:80%;margin:0 auto;\"><ul class=\"cq-dagallery\" data-gallerywidth=\"80%\" data-width=\"240\" data-height=\"168\" data-color=\"#ffffff\" data-background=\"#000000\" data-opacity=\"0.8\"><li class=\"\" data-width=\"240\" data-height=\"168\" data-margin=\"5px\" style=\"margin:5px\"><a class=\"normal\" href=\"https:\/\/nuestrosescritores.com\/santiagovillar\/wp-content\/uploads\/sites\/204\/2025\/06\/book2.png\" rel=\"6843\"><img src='https:\/\/nuestrosescritores.com\/santiagovillar\/wp-content\/uploads\/sites\/204\/2025\/06\/book2-178x168.png' width='240' height='168' alt='' \/><\/a><div class=\"dagallery-info\" style=\"padding:20px;color:#ffffff;background-color:#000000\"><\/div><\/li><li class=\"\" data-width=\"240\" data-height=\"168\" data-margin=\"5px\" style=\"margin:5px\"><a class=\"normal\" href=\"https:\/\/nuestrosescritores.com\/santiagovillar\/wp-content\/uploads\/sites\/204\/2025\/06\/book3.png\" rel=\"6843\"><img src='https:\/\/nuestrosescritores.com\/santiagovillar\/wp-content\/uploads\/sites\/204\/2025\/06\/book3-178x168.png' width='240' height='168' alt='' \/><\/a><div class=\"dagallery-info\" style=\"padding:20px;color:#ffffff;background-color:#000000\"><\/div><\/li><li class=\"\" data-width=\"240\" data-height=\"168\" data-margin=\"5px\" style=\"margin:5px\"><a class=\"normal\" href=\"https:\/\/nuestrosescritores.com\/santiagovillar\/wp-content\/uploads\/sites\/204\/2025\/06\/book4.png\" rel=\"6843\"><img src='https:\/\/nuestrosescritores.com\/santiagovillar\/wp-content\/uploads\/sites\/204\/2025\/06\/book4-178x168.png' width='240' height='168' alt='' \/><\/a><div class=\"dagallery-info\" style=\"padding:20px;color:#ffffff;background-color:#000000\"><\/div><\/li><li class=\"\" data-width=\"240\" data-height=\"168\" data-margin=\"5px\" style=\"margin:5px\"><a class=\"normal\" href=\"https:\/\/nuestrosescritores.com\/santiagovillar\/wp-content\/uploads\/sites\/204\/2025\/06\/book5.png\" rel=\"6843\"><img src='https:\/\/nuestrosescritores.com\/santiagovillar\/wp-content\/uploads\/sites\/204\/2025\/06\/book5-178x168.png' width='240' height='168' alt='' \/><\/a><div class=\"dagallery-info\" style=\"padding:20px;color:#ffffff;background-color:#000000\"><\/div><\/li><li class=\"\" data-width=\"240\" data-height=\"168\" data-margin=\"5px\" style=\"margin:5px\"><a class=\"normal\" href=\"https:\/\/nuestrosescritores.com\/santiagovillar\/wp-content\/uploads\/sites\/204\/2025\/06\/book6.png\" rel=\"6843\"><img src='https:\/\/nuestrosescritores.com\/santiagovillar\/wp-content\/uploads\/sites\/204\/2025\/06\/book6-215x168.png' width='240' height='168' alt='' \/><\/a><div class=\"dagallery-info\" style=\"padding:20px;color:#ffffff;background-color:#000000\"><\/div><\/li><li class=\"\" data-width=\"240\" data-height=\"168\" data-margin=\"5px\" style=\"margin:5px\"><a class=\"normal\" href=\"https:\/\/nuestrosescritores.com\/santiagovillar\/wp-content\/uploads\/sites\/204\/2025\/06\/book1.png\" rel=\"6843\"><img src='https:\/\/nuestrosescritores.com\/santiagovillar\/wp-content\/uploads\/sites\/204\/2025\/06\/book1-178x168.png' width='240' height='168' alt='' \/><\/a><div class=\"dagallery-info\" style=\"padding:20px;color:#ffffff;background-color:#000000\"><\/div><\/li><\/ul><\/div>[\/vc_column][\/vc_row][vc_row full_width=&#8221;stretch_row_content_no_spaces&#8221; full_height=&#8221;yes&#8221; columns_placement=&#8221;stretch&#8221; equal_height=&#8221;yes&#8221; content_placement=&#8221;top&#8221;][vc_column extend=&#8221;false&#8221;]<div id=\"pt-plus-row-settings\" class=\"pt-plus-row-set pt-plus-rowsetting69f3659705fd3  \" data-no=\"pt-plus-rowsetting69f3659705fd3\" data-get-name=\"Phlox Pro\"><div id=\"wrapper-row_video_bg_69f36597061da\" class=\"pt-plus-columns-bg-wrap columns-video-bg columns-youtube-bg\" style=\"background-image: url(https:\/\/nuestrosescritores.com\/santiagovillar\/wp-content\/uploads\/sites\/204\/2025\/06\/freepik__una-composicin-minimalista-dividida-en-dos-mitades__18909.webp);\">\n\t\t\t\t\t\t\t\t\t\t\t\t<div class=\"video-js columns_vc_hidden-md columns_vc_hidden-sm columns_vc_hidden-xs\"><iframe id=\"row_video_bg_69f36597061da\"   data-muted=\"1\" width=\"100%\" height=\"100%\" src=\"https:\/\/www.youtube.com\/embed\/MSoBE3PpuVs?wmode=opaque&amp;autoplay=1&amp;loop=1&amp;playlist=MSoBE3PpuVs&amp;enablejsapi=1&amp;showinfo=0&amp;controls=0&amp;rel=0\" frameborder=\"0\" class=\"pt-plus-bg-video columns-bg-frame\" allowfullscreen><\/iframe><\/div>\n\t\t\t\t\t\t\t\t\t\t\t<\/div><div class=\"pt_plus_mordern_image_effects \" style=\"top:20%;left:45%;\"><div class=\"\" ><img decoding=\"async\" src=\"https:\/\/nuestrosescritores.com\/santiagovillar\/wp-content\/uploads\/sites\/204\/2025\/06\/book2.png\" alt=\"\" class=\"mordern-image-effect morder_image_style  pulse\"  data-tablet-width=\"120\"  data-mobile-width=\"100\"><\/div><\/div><div class=\"pt-plus-row-overlay\" style=\"background:rgba(255,255,255,0.65)\"><\/div><\/div>[vc_btn title=&#8221;COMPRAR LIBRO DE POES\u00cdA&#8221; color=&#8221;primary&#8221; size=&#8221;lg&#8221; align=&#8221;center&#8221; css_animation=&#8221;bounceInDown&#8221; css=&#8221;.vc_custom_1749279538103{padding-top: 10% !important;padding-bottom: 10% !important;}&#8221; link=&#8221;url:https%3A%2F%2Flibrodepoesia.com%2Flibro%2Fel-cielo-en-la-tierra-santiago-villar-pallas%2F|target:_blank&#8221;][vc_empty_space height=&#8221;400px&#8221;][vc_btn title=&#8221;COMPRAR LIBRO DE POES\u00cdA&#8221; color=&#8221;primary&#8221; size=&#8221;lg&#8221; align=&#8221;center&#8221; css_animation=&#8221;bounceInDown&#8221; css=&#8221;.vc_custom_1749279551741{padding-top: 10% !important;padding-bottom: 10% !important;}&#8221; link=&#8221;url:https%3A%2F%2Flibrodepoesia.com%2Flibro%2Fel-cielo-en-la-tierra-santiago-villar-pallas%2F|target:_blank&#8221;][vc_empty_space height=&#8221;400px&#8221;][\/vc_column][\/vc_row]\n<\/div>","protected":false},"excerpt":{"rendered":"<p>[vc_row full_width=&#8221;stretch_row_content_no_spaces&#8221;][vc_column][vc_row_inner][vc_column_inner width=&#8221;1\/2&#8243; css=&#8221;.vc_custom_1566981416365{padding: 15% !important;}&#8221;][vc_empty_space][vc_single_image image=&#8221;76&#8243; img_size=&#8221;full&#8221; alignment=&#8221;center&#8221; css=&#8221;&#8221;][\/vc_column_inner][vc_column_inner width=&#8221;1\/2&#8243;][vc_empty_space][vc_column_text css=&#8221;.vc_custom_1749275767141{padding-top: 25px !important;padding-right: 25px !important;padding-bottom: 25px !important;padding-left: 25px !important;background-color: rgba(252,252,252,0.47) !important;*background-color: rgb(252,252,252) !important;}&#8221;]T\u00edtulo: EL CIELO EN LA TIERRA Autor: SANTIAGO VILLAR PALL\u00c1S &nbsp; A\u00f1o de Publicaci\u00f3n: 2025 &nbsp; Editorial: Poes\u00eda eres t\u00fa http:\/\/www.poesiaerestu.com &nbsp; ISBN-13: 979-13-87806-01-9 &nbsp; PVP: 12 Euros (IVA Incluido). &nbsp; P\u00e1gs. [&hellip;]<\/p>\n","protected":false},"author":1,"featured_media":76,"parent":0,"menu_order":0,"comment_status":"closed","ping_status":"closed","template":"","meta":{"_acf_changed":false,"footnotes":""},"class_list":["post-68","page","type-page","status-publish","has-post-thumbnail","hentry"],"acf":[],"yoast_head":"<!-- This site is optimized with the Yoast SEO Premium plugin v24.7 (Yoast SEO v27.5) - https:\/\/yoast.com\/product\/yoast-seo-premium-wordpress\/ -->\n<title>EL CIELO EN LA TIERRA - Santiago Villar Pall\u00e1s<\/title>\n<meta name=\"description\" content=\"El cielo en la tierra es un poemario que abraza la vida en su paradoja: luminosa y herida, ef\u00edmera como eterna.\" \/>\n<meta name=\"robots\" content=\"index, follow, max-snippet:-1, max-image-preview:large, max-video-preview:-1\" \/>\n<link rel=\"canonical\" href=\"https:\/\/nuestrosescritores.com\/santiagovillar\/el-cielo-en-la-tierra\/\" \/>\n<meta property=\"og:locale\" content=\"es_ES\" \/>\n<meta property=\"og:type\" content=\"article\" \/>\n<meta property=\"og:title\" content=\"EL CIELO EN LA TIERRA\" \/>\n<meta property=\"og:description\" content=\"El cielo en la tierra es un poemario que abraza la vida en su paradoja: luminosa y herida, ef\u00edmera como eterna.\" \/>\n<meta property=\"og:url\" content=\"https:\/\/nuestrosescritores.com\/santiagovillar\/el-cielo-en-la-tierra\/\" \/>\n<meta property=\"og:site_name\" content=\"Santiago Villar Pall\u00e1s\" \/>\n<meta property=\"article:modified_time\" content=\"2025-06-07T07:29:29+00:00\" \/>\n<meta property=\"og:image\" content=\"http:\/\/nuestrosescritores.com\/santiagovillar\/wp-content\/uploads\/sites\/204\/2025\/06\/0_Portada_Elcieloylatierra.jpg\" \/>\n\t<meta property=\"og:image:width\" content=\"559\" \/>\n\t<meta property=\"og:image:height\" content=\"794\" \/>\n\t<meta property=\"og:image:type\" content=\"image\/jpeg\" \/>\n<meta name=\"twitter:card\" content=\"summary_large_image\" \/>\n<meta name=\"twitter:label1\" content=\"Tiempo de lectura\" \/>\n\t<meta name=\"twitter:data1\" content=\"7 minutos\" \/>\n<script type=\"application\/ld+json\" class=\"yoast-schema-graph\">{\"@context\":\"https:\\\/\\\/schema.org\",\"@graph\":[{\"@type\":\"WebPage\",\"@id\":\"https:\\\/\\\/nuestrosescritores.com\\\/santiagovillar\\\/el-cielo-en-la-tierra\\\/\",\"url\":\"https:\\\/\\\/nuestrosescritores.com\\\/santiagovillar\\\/el-cielo-en-la-tierra\\\/\",\"name\":\"EL CIELO EN LA TIERRA - Santiago Villar Pall\u00e1s\",\"isPartOf\":{\"@id\":\"https:\\\/\\\/nuestrosescritores.com\\\/santiagovillar\\\/#website\"},\"primaryImageOfPage\":{\"@id\":\"https:\\\/\\\/nuestrosescritores.com\\\/santiagovillar\\\/el-cielo-en-la-tierra\\\/#primaryimage\"},\"image\":{\"@id\":\"https:\\\/\\\/nuestrosescritores.com\\\/santiagovillar\\\/el-cielo-en-la-tierra\\\/#primaryimage\"},\"thumbnailUrl\":\"https:\\\/\\\/nuestrosescritores.com\\\/santiagovillar\\\/wp-content\\\/uploads\\\/sites\\\/204\\\/2025\\\/06\\\/0_Portada_Elcieloylatierra.jpg\",\"datePublished\":\"2025-06-07T06:59:19+00:00\",\"dateModified\":\"2025-06-07T07:29:29+00:00\",\"description\":\"El cielo en la tierra es un poemario que abraza la vida en su paradoja: luminosa y herida, ef\u00edmera como eterna.\",\"breadcrumb\":{\"@id\":\"https:\\\/\\\/nuestrosescritores.com\\\/santiagovillar\\\/el-cielo-en-la-tierra\\\/#breadcrumb\"},\"inLanguage\":\"es\",\"potentialAction\":[{\"@type\":\"ReadAction\",\"target\":[\"https:\\\/\\\/nuestrosescritores.com\\\/santiagovillar\\\/el-cielo-en-la-tierra\\\/\"]}]},{\"@type\":\"ImageObject\",\"inLanguage\":\"es\",\"@id\":\"https:\\\/\\\/nuestrosescritores.com\\\/santiagovillar\\\/el-cielo-en-la-tierra\\\/#primaryimage\",\"url\":\"https:\\\/\\\/nuestrosescritores.com\\\/santiagovillar\\\/wp-content\\\/uploads\\\/sites\\\/204\\\/2025\\\/06\\\/0_Portada_Elcieloylatierra.jpg\",\"contentUrl\":\"https:\\\/\\\/nuestrosescritores.com\\\/santiagovillar\\\/wp-content\\\/uploads\\\/sites\\\/204\\\/2025\\\/06\\\/0_Portada_Elcieloylatierra.jpg\",\"width\":559,\"height\":794,\"caption\":\"EL CIELO EN LA TIERRA\"},{\"@type\":\"BreadcrumbList\",\"@id\":\"https:\\\/\\\/nuestrosescritores.com\\\/santiagovillar\\\/el-cielo-en-la-tierra\\\/#breadcrumb\",\"itemListElement\":[{\"@type\":\"ListItem\",\"position\":1,\"name\":\"Portada\",\"item\":\"https:\\\/\\\/nuestrosescritores.com\\\/santiagovillar\\\/\"},{\"@type\":\"ListItem\",\"position\":2,\"name\":\"EL CIELO EN LA TIERRA\"}]},{\"@type\":\"WebSite\",\"@id\":\"https:\\\/\\\/nuestrosescritores.com\\\/santiagovillar\\\/#website\",\"url\":\"https:\\\/\\\/nuestrosescritores.com\\\/santiagovillar\\\/\",\"name\":\"Nuestros escritores\",\"description\":\"Escritor\",\"potentialAction\":[{\"@type\":\"SearchAction\",\"target\":{\"@type\":\"EntryPoint\",\"urlTemplate\":\"https:\\\/\\\/nuestrosescritores.com\\\/santiagovillar\\\/?s={search_term_string}\"},\"query-input\":{\"@type\":\"PropertyValueSpecification\",\"valueRequired\":true,\"valueName\":\"search_term_string\"}}],\"inLanguage\":\"es\"}]}<\/script>\n<!-- \/ Yoast SEO Premium plugin. -->","yoast_head_json":{"title":"EL CIELO EN LA TIERRA - Santiago Villar Pall\u00e1s","description":"El cielo en la tierra es un poemario que abraza la vida en su paradoja: luminosa y herida, ef\u00edmera como eterna.","robots":{"index":"index","follow":"follow","max-snippet":"max-snippet:-1","max-image-preview":"max-image-preview:large","max-video-preview":"max-video-preview:-1"},"canonical":"https:\/\/nuestrosescritores.com\/santiagovillar\/el-cielo-en-la-tierra\/","og_locale":"es_ES","og_type":"article","og_title":"EL CIELO EN LA TIERRA","og_description":"El cielo en la tierra es un poemario que abraza la vida en su paradoja: luminosa y herida, ef\u00edmera como eterna.","og_url":"https:\/\/nuestrosescritores.com\/santiagovillar\/el-cielo-en-la-tierra\/","og_site_name":"Santiago Villar Pall\u00e1s","article_modified_time":"2025-06-07T07:29:29+00:00","og_image":[{"width":559,"height":794,"url":"http:\/\/nuestrosescritores.com\/santiagovillar\/wp-content\/uploads\/sites\/204\/2025\/06\/0_Portada_Elcieloylatierra.jpg","type":"image\/jpeg"}],"twitter_card":"summary_large_image","twitter_misc":{"Tiempo de lectura":"7 minutos"},"schema":{"@context":"https:\/\/schema.org","@graph":[{"@type":"WebPage","@id":"https:\/\/nuestrosescritores.com\/santiagovillar\/el-cielo-en-la-tierra\/","url":"https:\/\/nuestrosescritores.com\/santiagovillar\/el-cielo-en-la-tierra\/","name":"EL CIELO EN LA TIERRA - Santiago Villar Pall\u00e1s","isPartOf":{"@id":"https:\/\/nuestrosescritores.com\/santiagovillar\/#website"},"primaryImageOfPage":{"@id":"https:\/\/nuestrosescritores.com\/santiagovillar\/el-cielo-en-la-tierra\/#primaryimage"},"image":{"@id":"https:\/\/nuestrosescritores.com\/santiagovillar\/el-cielo-en-la-tierra\/#primaryimage"},"thumbnailUrl":"https:\/\/nuestrosescritores.com\/santiagovillar\/wp-content\/uploads\/sites\/204\/2025\/06\/0_Portada_Elcieloylatierra.jpg","datePublished":"2025-06-07T06:59:19+00:00","dateModified":"2025-06-07T07:29:29+00:00","description":"El cielo en la tierra es un poemario que abraza la vida en su paradoja: luminosa y herida, ef\u00edmera como eterna.","breadcrumb":{"@id":"https:\/\/nuestrosescritores.com\/santiagovillar\/el-cielo-en-la-tierra\/#breadcrumb"},"inLanguage":"es","potentialAction":[{"@type":"ReadAction","target":["https:\/\/nuestrosescritores.com\/santiagovillar\/el-cielo-en-la-tierra\/"]}]},{"@type":"ImageObject","inLanguage":"es","@id":"https:\/\/nuestrosescritores.com\/santiagovillar\/el-cielo-en-la-tierra\/#primaryimage","url":"https:\/\/nuestrosescritores.com\/santiagovillar\/wp-content\/uploads\/sites\/204\/2025\/06\/0_Portada_Elcieloylatierra.jpg","contentUrl":"https:\/\/nuestrosescritores.com\/santiagovillar\/wp-content\/uploads\/sites\/204\/2025\/06\/0_Portada_Elcieloylatierra.jpg","width":559,"height":794,"caption":"EL CIELO EN LA TIERRA"},{"@type":"BreadcrumbList","@id":"https:\/\/nuestrosescritores.com\/santiagovillar\/el-cielo-en-la-tierra\/#breadcrumb","itemListElement":[{"@type":"ListItem","position":1,"name":"Portada","item":"https:\/\/nuestrosescritores.com\/santiagovillar\/"},{"@type":"ListItem","position":2,"name":"EL CIELO EN LA TIERRA"}]},{"@type":"WebSite","@id":"https:\/\/nuestrosescritores.com\/santiagovillar\/#website","url":"https:\/\/nuestrosescritores.com\/santiagovillar\/","name":"Nuestros escritores","description":"Escritor","potentialAction":[{"@type":"SearchAction","target":{"@type":"EntryPoint","urlTemplate":"https:\/\/nuestrosescritores.com\/santiagovillar\/?s={search_term_string}"},"query-input":{"@type":"PropertyValueSpecification","valueRequired":true,"valueName":"search_term_string"}}],"inLanguage":"es"}]}},"_links":{"self":[{"href":"https:\/\/nuestrosescritores.com\/santiagovillar\/wp-json\/wp\/v2\/pages\/68","targetHints":{"allow":["GET"]}}],"collection":[{"href":"https:\/\/nuestrosescritores.com\/santiagovillar\/wp-json\/wp\/v2\/pages"}],"about":[{"href":"https:\/\/nuestrosescritores.com\/santiagovillar\/wp-json\/wp\/v2\/types\/page"}],"author":[{"embeddable":true,"href":"https:\/\/nuestrosescritores.com\/santiagovillar\/wp-json\/wp\/v2\/users\/1"}],"replies":[{"embeddable":true,"href":"https:\/\/nuestrosescritores.com\/santiagovillar\/wp-json\/wp\/v2\/comments?post=68"}],"version-history":[{"count":0,"href":"https:\/\/nuestrosescritores.com\/santiagovillar\/wp-json\/wp\/v2\/pages\/68\/revisions"}],"wp:featuredmedia":[{"embeddable":true,"href":"https:\/\/nuestrosescritores.com\/santiagovillar\/wp-json\/wp\/v2\/media\/76"}],"wp:attachment":[{"href":"https:\/\/nuestrosescritores.com\/santiagovillar\/wp-json\/wp\/v2\/media?parent=68"}],"curies":[{"name":"wp","href":"https:\/\/api.w.org\/{rel}","templated":true}]}}