{"id":15,"date":"2025-06-07T00:25:25","date_gmt":"2025-06-06T22:25:25","guid":{"rendered":"https:\/\/nuestrosescritores.com\/santiagovillar\/?page_id=15"},"modified":"2025-06-07T12:32:21","modified_gmt":"2025-06-07T10:32:21","slug":"escritor","status":"publish","type":"page","link":"https:\/\/nuestrosescritores.com\/santiagovillar\/","title":{"rendered":"Escritor"},"content":{"rendered":"<div class=\"wpb-content-wrapper\">[vc_row full_width=&#8221;stretch_row_content_no_spaces&#8221; full_height=&#8221;yes&#8221; equal_height=&#8221;yes&#8221;][vc_column extend=&#8221;false&#8221;][layerslider_vc id=&#8221;3&#8243;][layerslider_vc id=&#8221;2&#8243;][\/vc_column][\/vc_row][vc_row extend=&#8221;false&#8221; design__empty_1=&#8221;&#8221; background=&#8221;&#8221; background_image_type=&#8221;static&#8221; background_image__effect=&#8221;&#8221; bg_size=&#8221;initial&#8221; bg_position=&#8221;center-center&#8221; row_bg_image=&#8221;&#8221; bg_repeat=&#8221;no-repeat&#8221; background_image_type__bg_color=&#8221;rgba(255, 255, 255, 1)&#8221; row_bg_parallax_images=&#8221;&#8221; row_bg_slideshow_images=&#8221;&#8221; background_video_type=&#8221;youtube&#8221; background_video__youtube__url=&#8221;&#8221; background_video__youtube__parallax=&#8221;&#8221; background_video__youtube__options=&#8221;&#8221; background_video__youtube__fallback_image=&#8221;&#8221; background_video__hosted__mp4=&#8221;&#8221; background_video__hosted__webm=&#8221;&#8221; background_video__hosted__ogv=&#8221;&#8221; background_video__hosted__parallax=&#8221;&#8221; background_video__hosted__options=&#8221;&#8221; background_video__hosted__fallback_image=&#8221;&#8221; background_color_type=&#8221;color&#8221; bg__empty_1=&#8221;&#8221; background_color_type__gradient_color1=&#8221;rgba(44, 74, 228, 1)&#8221; background_color_type__gradient_color2=&#8221;rgba(44, 74, 228, 1)&#8221; background_color_type__color_color1=&#8221;rgba(44, 74, 228, 1)&#8221; bg__empty_2=&#8221;&#8221; background_color__effect=&#8221;&#8221; background_color__direction=&#8221;left-to-right&#8221; settings__tag_1=&#8221;&#8221; viewport_lg=&#8221;&#8221; viewport_md=&#8221;&#8221; viewport_sm=&#8221;&#8221; viewport_xs=&#8221;&#8221; settings__empty_1=&#8221;&#8221; version=&#8221;1&#8243;][vc_column width=&#8221;1\/2&#8243; extend=&#8221;false&#8221;]<div class=\"ult-content-box-container \" >\t\t<div class=\"ult-content-box\" style=\"background-color:rgba(255,255,255,0.49);box-shadow: px px 8px px #f2f2f2 none;border-style:none;-webkit-transition: all 700ms ease;-moz-transition: all 700ms ease;-ms-transition: all 700ms ease;-o-transition: all 700ms ease;transition: all 700ms ease;\"  data-hover_box_shadow=\"none\"     data-bg=\"rgba(255,255,255,0.49)\"  data-border_color=\"\" >[vc_column_text css=&#8221;.vc_custom_1749245844704{padding-top: 15% !important;padding-right: 15% !important;padding-bottom: 15% !important;padding-left: 15% !important;}&#8221;]<strong>Santiago Villar Pall\u00e1s<\/strong> naci\u00f3 en Barcelona en 1975, ciudad donde la luz y la memoria se entrelazan en las calles y en la mirada de quienes, como \u00e9l, han aprendido a leer la vida en sus detalles m\u00e1s sutiles. Profesor de instituto, licenciado en Filosof\u00eda y Psicolog\u00eda por la Universidad de Barcelona, ha dedicado su trayectoria profesional y vital a explorar los territorios fronterizos entre el pensamiento y la emoci\u00f3n, el conocimiento y la experiencia.<\/p>\n<p>Desde sus primeros a\u00f1os, Villar Pall\u00e1s mostr\u00f3 una sensibilidad especial hacia la palabra y el asombro. Su formaci\u00f3n filos\u00f3fica le dot\u00f3 de una mirada cr\u00edtica y reflexiva, mientras que la psicolog\u00eda le ense\u00f1\u00f3 a escuchar las voces interiores que habitan en cada ser humano. Estas dos vertientes confluyen en su poes\u00eda, donde lo cotidiano se convierte en materia de revelaci\u00f3n y lo trascendente se encarna en lo inmediato.<\/p>\n<p>Su obra po\u00e9tica, que incluye tres poemarios publicados, nace del deseo de reconciliar lo cotidiano con lo eterno, de descubrir belleza y sentido en la fragilidad del vivir. En \u201cEl cielo en la tierra\u201d, Villar Pall\u00e1s propone un viaje l\u00edrico y existencial que invita al lector a mirar el mundo con los ojos del asombro y la compasi\u00f3n. Cada poema es una puerta abierta a lo vasto, un destello de lo sagrado en lo com\u00fan. El autor no busca explicar el misterio, sino habitarlo: \u201cEl cielo no est\u00e1 all\u00e1 arriba, sino aqu\u00ed, en cada respiro, en cada instante compartido\u201d.<\/p>\n<p>Quienes le conocen destacan su capacidad para escuchar y para encontrar la luz en las zonas de sombra. Sus alumnos recuerdan sus clases como espacios de di\u00e1logo y descubrimiento, y sus lectores encuentran en sus versos una voz cercana, honesta y l\u00facida. Villar Pall\u00e1s se aleja de la ret\u00f3rica vac\u00eda y apuesta por un lenguaje depurado, preciso y musical, capaz de emocionar sin artificios.<\/p>\n<p>En el contexto literario actual, su poes\u00eda dialoga con la tradici\u00f3n espa\u00f1ola \u2014Machado, Juan Ram\u00f3n Jim\u00e9nez, Rilke\u2014 pero la actualiza con una mirada inclusiva y contempor\u00e1nea. Su obra ha sido reconocida por su profundidad filos\u00f3fica accesible, su capacidad para evocar emociones y su estructura coherente y org\u00e1nica. M\u00e1s all\u00e1 de los premios o los reconocimientos, Villar Pall\u00e1s busca que sus poemas sean refugio y espejo, invitaci\u00f3n y consuelo.<\/p>\n<p>Una an\u00e9cdota ilustra su modo de estar en el mundo: en una presentaci\u00f3n, al ser preguntado por el sentido \u00faltimo de la poes\u00eda, respondi\u00f3 con humildad y una sonrisa: \u201cLa poes\u00eda es el arte de mirar dos veces; la primera vez vemos el mundo, la segunda, nos descubrimos a nosotros mismos en \u00e9l\u201d.<\/p>\n<p>Santiago Villar Pall\u00e1s es, en suma, un poeta de la cercan\u00eda y la profundidad, un autor que ha hecho de la palabra un puente entre la tierra y el cielo, entre el lector y el misterio de estar vivos.<\/p>\n<p><strong>&nbsp;<\/strong><\/p>\n<p><strong>&nbsp;<\/strong><\/p>\n<p><strong>&nbsp;<\/strong><\/p>\n<span class='bctt-click-to-tweet'><span class='bctt-ctt-text'><a href='https:\/\/x.com\/intent\/tweet?url=https%3A%2F%2Fnuestrosescritores.com%2Fsantiagovillar%2F&#038;text=Santiago%20Villar%20Pall%C3%A1s%20.%20Escritor%2C%20poeta.&#038;related' target='_blank'rel=\"noopener noreferrer\">Santiago Villar Pall\u00e1s . Escritor, poeta. <\/a><\/span><a href='https:\/\/x.com\/intent\/tweet?url=https%3A%2F%2Fnuestrosescritores.com%2Fsantiagovillar%2F&#038;text=Santiago%20Villar%20Pall%C3%A1s%20.%20Escritor%2C%20poeta.&#038;related' target='_blank' class='bctt-ctt-btn'rel=\"noopener noreferrer\">Compartir en X<\/a><\/span>[\/vc_column_text]\t\t<\/div><\/div>[\/vc_column][vc_column width=&#8221;1\/2&#8243; extend=&#8221;false&#8221;]<div class=\"gambit_fullheight_row\" data-content-location=\"center\" style=\"display: none\"><\/div><div id=\"rowvcpt-row-settings\" class=\"rowvcpt-row-set RowVcPt-row-setting69f354be552ed \" data-no=\"RowVcPt-row-setting69f354be552ed\"><div  id=\"bgGallaryslide69f354be552f0\" class=\"rowvcpt-slideshow \"><\/div><script type=\"text\/javascript\">\n(function($) {\n$(\"#bgGallaryslide69f354be552f0\").vegas({\n        overlay: \"https:\/\/nuestrosescritores.com\/santiagovillar\/wp-content\/plugins\/ultimate-row-background\/css\/overlays\/0'.esc_attr(1.png).'\",\n        transitionDuration: 4e3,\n        delay: 7000,\n        slides: [{src: \"https:\/\/nuestrosescritores.com\/santiagovillar\/wp-content\/uploads\/sites\/204\/2025\/06\/Gemini_Generated_Image_t3cn2nt3cn2nt3cn-copia.webp\",transition: \"fade2\",transitionDuration: 5000},{src: \"https:\/\/nuestrosescritores.com\/santiagovillar\/wp-content\/uploads\/sites\/204\/2025\/06\/Gemini_Generated_Image_kkyvtokkyvtokkyv-copia.webp\",transition: \"fade2\",transitionDuration: 5000},{src: \"https:\/\/nuestrosescritores.com\/santiagovillar\/wp-content\/uploads\/sites\/204\/2025\/06\/ChatGPT-Image-15-abr-2025-18_37_52.webp\",transition: \"fade2\",transitionDuration: 5000},{src: \"https:\/\/nuestrosescritores.com\/santiagovillar\/wp-content\/uploads\/sites\/204\/2025\/06\/Gemini_Generated_Image_bgthdvbgthdvbgth-copia.webp\",transition: \"fade2\",transitionDuration: 5000},{src: \"https:\/\/nuestrosescritores.com\/santiagovillar\/wp-content\/uploads\/sites\/204\/2025\/06\/ChatGPT-Image-15-abr-2025-18_41_31-copia.webp\",transition: \"fade2\",transitionDuration: 5000},{src: \"https:\/\/nuestrosescritores.com\/santiagovillar\/wp-content\/uploads\/sites\/204\/2025\/06\/Gemini_Generated_Image_6t8tvt6t8tvt6t8t.webp\",transition: \"fade2\",transitionDuration: 5000},{src: \"https:\/\/nuestrosescritores.com\/santiagovillar\/wp-content\/uploads\/sites\/204\/2025\/06\/Gemini_Generated_Image_ewa1kdewa1kdewa1.webp\",transition: \"fade2\",transitionDuration: 5000},{src: \"https:\/\/nuestrosescritores.com\/santiagovillar\/wp-content\/uploads\/sites\/204\/2025\/06\/Gemini_Generated_Image_j9enzqj9enzqj9en.webp\",transition: \"fade2\",transitionDuration: 5000},{src: \"https:\/\/nuestrosescritores.com\/santiagovillar\/wp-content\/uploads\/sites\/204\/2025\/06\/freepik__una-composicin-minimalista-dividida-en-dos-mitades__18908.webp\",transition: \"fade2\",transitionDuration: 5000},{src: \"https:\/\/nuestrosescritores.com\/santiagovillar\/wp-content\/uploads\/sites\/204\/2025\/06\/freepik__una-composicin-minimalista-dividida-en-dos-mitades__18909.webp\",transition: \"fade2\",transitionDuration: 5000},{src: \"https:\/\/nuestrosescritores.com\/santiagovillar\/wp-content\/uploads\/sites\/204\/2025\/06\/freepik__un-crculo-perfecto-dividido-diagonalmente-mitad-lu__18911.webp\",transition: \"fade2\",transitionDuration: 5000},{src: \"https:\/\/nuestrosescritores.com\/santiagovillar\/wp-content\/uploads\/sites\/204\/2025\/06\/freepik__na-ventana-abierta-desde-la-que-se-ve-un-cielo-al-__18912.webp\",transition: \"fade2\",transitionDuration: 5000},{src: \"https:\/\/nuestrosescritores.com\/santiagovillar\/wp-content\/uploads\/sites\/204\/2025\/06\/freepik__na-ventana-abierta-desde-la-que-se-ve-un-cielo-al-__18913.webp\",transition: \"fade2\",transitionDuration: 5000},{src: \"https:\/\/nuestrosescritores.com\/santiagovillar\/wp-content\/uploads\/sites\/204\/2025\/06\/freepik__una-silueta-humana-contemplativa-de-espaldas-miran__18914.webp\",transition: \"fade2\",transitionDuration: 5000},{src: \"https:\/\/nuestrosescritores.com\/santiagovillar\/wp-content\/uploads\/sites\/204\/2025\/06\/freepik__un-paisaje-onrico-con-montaas-distantes-bajo-un-ci__18917.webp\",transition: \"fade2\",transitionDuration: 5000},{src: \"https:\/\/nuestrosescritores.com\/santiagovillar\/wp-content\/uploads\/sites\/204\/2025\/06\/freepik__una-composicin-abstracta-con-pinceladas-fluidas-en__18920.webp\",transition: \"fade2\",transitionDuration: 5000},{src: \"https:\/\/nuestrosescritores.com\/santiagovillar\/wp-content\/uploads\/sites\/204\/2025\/06\/freepik__una-mano-extendida-hacia-arriba-desde-la-parte-inf__18921.webp\",transition: \"fade2\",transitionDuration: 5000},{src: \"https:\/\/nuestrosescritores.com\/santiagovillar\/wp-content\/uploads\/sites\/204\/2025\/06\/freepik__un-rbol-solitario-en-una-colina-al-atardecer-cuya-__18924.webp\",transition: \"fade2\",transitionDuration: 5000},{src: \"https:\/\/nuestrosescritores.com\/santiagovillar\/wp-content\/uploads\/sites\/204\/2025\/06\/freepik__una-composicin-tipo-collage-con-texturas-de-papel-__18925.webp\",transition: \"fade2\",transitionDuration: 5000},{src: \"https:\/\/nuestrosescritores.com\/santiagovillar\/wp-content\/uploads\/sites\/204\/2025\/06\/freepik__una-escalera-de-piedra-que-asciende-desde-un-suelo__18928.webp\",transition: \"fade2\",transitionDuration: 5000},{src: \"https:\/\/nuestrosescritores.com\/santiagovillar\/wp-content\/uploads\/sites\/204\/2025\/06\/Editor1freepik__una-composicin-minimalista-dividida-en-dos-mitades__18909.webp\",transition: \"fade2\",transitionDuration: 5000},{src: \"https:\/\/nuestrosescritores.com\/santiagovillar\/wp-content\/uploads\/sites\/204\/2025\/06\/Editor2Gemini_Generated_Image_j9enzqj9enzqj9en-scaled.webp\",transition: \"fade2\",transitionDuration: 5000},{src: \"https:\/\/nuestrosescritores.com\/santiagovillar\/wp-content\/uploads\/sites\/204\/2025\/06\/Editor3freepik__una-mano-extendida-hacia-arriba-desde-la-parte-inf__18921.webp\",transition: \"fade2\",transitionDuration: 5000},{src: \"https:\/\/nuestrosescritores.com\/santiagovillar\/wp-content\/uploads\/sites\/204\/2025\/06\/Editor6freepik__una-escalera-de-piedra-que-asciende-desde-un-suelo__18928.webp\",transition: \"fade2\",transitionDuration: 5000},]\n    });\t\t\n})(jQuery);\n<\/script><div class=\"rowvcpt-overlay\" style=\"background:rgba(255,255,255,0.69)\"><\/div><\/div>[vc_single_image image=&#8221;19&#8243; img_size=&#8221;full&#8221; alignment=&#8221;center&#8221; css=&#8221;&#8221;][\/vc_column][\/vc_row][vc_row full_height=&#8221;yes&#8221; equal_height=&#8221;yes&#8221;][vc_column extend=&#8221;false&#8221;]<div id=\"rowvcpt-row-settings\" class=\"rowvcpt-row-set RowVcPt-row-setting69f354be5ab5b \" data-no=\"RowVcPt-row-setting69f354be5ab5b\"><div class=\"columns-bg-wrap columns-bg-anim-colors columns-bg-image  columns_simple_image\" id=\"RowVcPt-image-bg-69f354be5ab5a\"   data-parallax_sense=\"30\" src=\"https:\/\/nuestrosescritores.com\/santiagovillar\/wp-content\/uploads\/sites\/204\/2025\/06\/freepik__una-composicin-minimalista-dividida-en-dos-mitades__18908.webp\" style=\"background-image: url(https:\/\/nuestrosescritores.com\/santiagovillar\/wp-content\/uploads\/sites\/204\/2025\/06\/freepik__una-composicin-minimalista-dividida-en-dos-mitades__18908.webp);background-size: cover;background-attachment: fixed;\"><\/div><\/div>[\/vc_column][\/vc_row][vc_row][vc_column extend=&#8221;false&#8221;]<div class=\"gambit_fullheight_row\" data-content-location=\"center\" style=\"display: none\"><\/div><div id=\"rowvcpt-row-settings\" class=\"rowvcpt-row-set RowVcPt-row-setting69f354be5aba8 \" data-no=\"RowVcPt-row-setting69f354be5aba8\"><div  id=\"bgGallaryslide69f354be5abaa\" class=\"rowvcpt-slideshow \"><\/div><script type=\"text\/javascript\">\n(function($) {\n$(\"#bgGallaryslide69f354be5abaa\").vegas({\n        overlay: \"https:\/\/nuestrosescritores.com\/santiagovillar\/wp-content\/plugins\/ultimate-row-background\/css\/overlays\/0'.esc_attr(1.png).'\",\n        transitionDuration: 4e3,\n        delay: 7000,\n        slides: [{src: \"https:\/\/nuestrosescritores.com\/santiagovillar\/wp-content\/uploads\/sites\/204\/2025\/06\/freepik__un-crculo-perfecto-dividido-diagonalmente-mitad-lu__18911.webp\",transition: \"fade2\",transitionDuration: 5000},{src: \"https:\/\/nuestrosescritores.com\/santiagovillar\/wp-content\/uploads\/sites\/204\/2025\/06\/Gemini_Generated_Image_hvdxuwhvdxuwhvdx.webp\",transition: \"fade2\",transitionDuration: 5000},{src: \"https:\/\/nuestrosescritores.com\/santiagovillar\/wp-content\/uploads\/sites\/204\/2025\/06\/Gemini_Generated_Image_ewa1kdewa1kdewa1.webp\",transition: \"fade2\",transitionDuration: 5000},{src: \"https:\/\/nuestrosescritores.com\/santiagovillar\/wp-content\/uploads\/sites\/204\/2025\/06\/freepik__una-silueta-humana-contemplativa-de-espaldas-miran__18914.webp\",transition: \"fade2\",transitionDuration: 5000},{src: \"https:\/\/nuestrosescritores.com\/santiagovillar\/wp-content\/uploads\/sites\/204\/2025\/06\/freepik__una-mano-extendida-hacia-arriba-desde-la-parte-inf__18922.webp\",transition: \"fade2\",transitionDuration: 5000},]\n    });\t\t\n})(jQuery);\n<\/script><div class=\"rowvcpt-overlay\" style=\"background:rgba(255,255,255,0.69)\"><\/div><\/div><div id=\"uvc-type-wrap-3312\"  data-ultimate-target='#uvc-type-wrap-3312'  data-responsive-json-new='{\"font-size\":\"\",\"line-height\":\"\"}'  class=\"uvc-type-wrap vc_custom_1749245878663 ult-adjust-bottom-margin ult-responsive  uvc-type-align-center uvc-type-no-prefix uvc-wrap-255265878869f354be5b2a2\" style=\"text-align:center;\"><span id=\"typed-255265878869f354be5b2a2\" class=\"ultimate-typed-main \" style=\" font-weight:bold; text-transform: unset;\"><\/span><script type=\"text\/javascript\">\n\t\t\t\t\t\tjQuery(function($){ \n\t\t\t\t\t\t\t$(document).ready(function(){\n\t\t\t\t\t\t\t\tif( typeof jQuery(\"#typed-255265878869f354be5b2a2\").typed == \"function\"){\n\t\t\t\t\t\t\t\t\t$(\"#typed-255265878869f354be5b2a2\").typed({\n\t\t\t\t\t\t\t\t\t\tstrings: [\"Santi Villar es profesor de instituto p\u00fablico y ha estudiado Filosof\u00eda y Psicolog\u00eda en la Universidad de Barcelona. Ha publicado dos poemarios. El cielo en la tierra, su tercer libro, nace del deseo de reconciliar lo cotidiano con lo eterno, de descubrir belleza y sentido en la fragilidad del vivir.\"],\n\t\t\t\t\t\t\t\t\t\ttypeSpeed: 35,\n\t\t\t\t\t\t\t\t\t\tbackSpeed: 0,\n\t\t\t\t\t\t\t\t\t\tstartDelay: \"200\",\n\t\t\t\t\t\t\t\t\t\tbackDelay: \"1500\",\n\t\t\t\t\t\t\t\t\t\tloop: true,\n\t\t\t\t\t\t\t\t\t\tloopCount: false,\n\t\t\t\t\t\t\t\t\t\tshowCursor: true,\n\t\t\t\t\t\t\t\t\t\tcursorChar: \"|\",\n\t\t\t\t\t\t\t\t\t\tattr: null\n\t\t\t\t\t\t\t\t\t});\n\t\t\t\t\t\t\t\t}\n\t\t\t\t\t\t\t});\n\t\t\t\t\t\t});\n\t\t\t\t\t<\/script><\/div>[\/vc_column][\/vc_row][vc_row full_height=&#8221;yes&#8221; equal_height=&#8221;yes&#8221;][vc_column extend=&#8221;false&#8221;]<div id=\"rowvcpt-row-settings\" class=\"rowvcpt-row-set RowVcPt-row-setting69f354be5b552 \" data-no=\"RowVcPt-row-setting69f354be5b552\"><div class=\"columns-bg-wrap columns-bg-anim-colors columns-bg-image  columns_simple_image\" id=\"RowVcPt-image-bg-69f354be5b551\"   data-parallax_sense=\"30\" src=\"https:\/\/nuestrosescritores.com\/santiagovillar\/wp-content\/uploads\/sites\/204\/2025\/06\/freepik__un-paisaje-onrico-con-montaas-distantes-bajo-un-ci__18918.webp\" style=\"background-image: url(https:\/\/nuestrosescritores.com\/santiagovillar\/wp-content\/uploads\/sites\/204\/2025\/06\/freepik__un-paisaje-onrico-con-montaas-distantes-bajo-un-ci__18918.webp);background-position: left center;background-size: cover;background-attachment: fixed;\"><\/div><\/div>[vc_column_text css=&#8221;&#8221;]\n<p style=\"text-align: center;\"><a class=\"fasc-button fasc-size-xlarge fasc-type-glossy fasc-rounded-medium\" style=\"background-color: #2f9e38; color: #ffffff;\" href=\"https:\/\/librodepoesia.com\/libro\/el-cielo-en-la-tierra-santiago-villar-pallas\/\">COMPRA SUS LIBROS<\/a><\/p>\n[\/vc_column_text][\/vc_column][\/vc_row]\n<\/div>","protected":false},"excerpt":{"rendered":"<p>[vc_row full_width=&#8221;stretch_row_content_no_spaces&#8221; full_height=&#8221;yes&#8221; equal_height=&#8221;yes&#8221;][vc_column extend=&#8221;false&#8221;][layerslider_vc id=&#8221;3&#8243;][layerslider_vc id=&#8221;2&#8243;][\/vc_column][\/vc_row][vc_row extend=&#8221;false&#8221; design__empty_1=&#8221;&#8221; background=&#8221;&#8221; background_image_type=&#8221;static&#8221; background_image__effect=&#8221;&#8221; bg_size=&#8221;initial&#8221; bg_position=&#8221;center-center&#8221; row_bg_image=&#8221;&#8221; bg_repeat=&#8221;no-repeat&#8221; background_image_type__bg_color=&#8221;rgba(255, 255, 255, 1)&#8221; row_bg_parallax_images=&#8221;&#8221; row_bg_slideshow_images=&#8221;&#8221; background_video_type=&#8221;youtube&#8221; background_video__youtube__url=&#8221;&#8221; background_video__youtube__parallax=&#8221;&#8221; background_video__youtube__options=&#8221;&#8221; background_video__youtube__fallback_image=&#8221;&#8221; background_video__hosted__mp4=&#8221;&#8221; background_video__hosted__webm=&#8221;&#8221; background_video__hosted__ogv=&#8221;&#8221; background_video__hosted__parallax=&#8221;&#8221; background_video__hosted__options=&#8221;&#8221; background_video__hosted__fallback_image=&#8221;&#8221; background_color_type=&#8221;color&#8221; bg__empty_1=&#8221;&#8221; background_color_type__gradient_color1=&#8221;rgba(44, 74, 228, 1)&#8221; background_color_type__gradient_color2=&#8221;rgba(44, 74, 228, 1)&#8221; background_color_type__color_color1=&#8221;rgba(44, 74, 228, 1)&#8221; bg__empty_2=&#8221;&#8221; background_color__effect=&#8221;&#8221; background_color__direction=&#8221;left-to-right&#8221; settings__tag_1=&#8221;&#8221; viewport_lg=&#8221;&#8221; viewport_md=&#8221;&#8221; viewport_sm=&#8221;&#8221; viewport_xs=&#8221;&#8221; [&hellip;]<\/p>\n","protected":false},"author":1,"featured_media":9,"parent":0,"menu_order":0,"comment_status":"closed","ping_status":"closed","template":"","meta":{"_acf_changed":false,"footnotes":""},"class_list":["post-15","page","type-page","status-publish","has-post-thumbnail","hentry"],"acf":[],"yoast_head":"<!-- This site is optimized with the Yoast SEO Premium plugin v24.7 (Yoast SEO v27.5) - https:\/\/yoast.com\/product\/yoast-seo-premium-wordpress\/ -->\n<title>Escritor - Santiago Villar Pall\u00e1s<\/title>\n<meta name=\"description\" content=\"SANTIAGO VILLAR PALL\u00c1S es el escritor del libro EL CIELO EN LA TIERRA . La escritora acaba de publicar un libro con la Editorial Poes\u00eda eres t\u00fa.\" \/>\n<meta name=\"robots\" content=\"index, follow, max-snippet:-1, max-image-preview:large, max-video-preview:-1\" \/>\n<link rel=\"canonical\" href=\"https:\/\/nuestrosescritores.com\/santiagovillar\/\" \/>\n<meta property=\"og:locale\" content=\"es_ES\" \/>\n<meta property=\"og:type\" content=\"article\" \/>\n<meta property=\"og:title\" content=\"Escritor\" \/>\n<meta property=\"og:description\" content=\"SANTIAGO VILLAR PALL\u00c1S es el escritor del libro EL CIELO EN LA TIERRA . La escritora acaba de publicar un libro con la Editorial Poes\u00eda eres t\u00fa.\" \/>\n<meta property=\"og:url\" content=\"https:\/\/nuestrosescritores.com\/santiagovillar\/\" \/>\n<meta property=\"og:site_name\" content=\"Santiago Villar Pall\u00e1s\" \/>\n<meta property=\"article:modified_time\" content=\"2025-06-07T10:32:21+00:00\" \/>\n<meta property=\"og:image\" content=\"http:\/\/nuestrosescritores.com\/santiagovillar\/wp-content\/uploads\/sites\/204\/2025\/06\/cropped-Santiago-Villar-Pallas-Escritor-scaled-1.png\" \/>\n\t<meta property=\"og:image:width\" content=\"512\" \/>\n\t<meta property=\"og:image:height\" content=\"512\" \/>\n\t<meta property=\"og:image:type\" content=\"image\/png\" \/>\n<meta name=\"twitter:card\" content=\"summary_large_image\" \/>\n<meta name=\"twitter:label1\" content=\"Tiempo de lectura\" \/>\n\t<meta name=\"twitter:data1\" content=\"10 minutos\" \/>\n<script type=\"application\/ld+json\" class=\"yoast-schema-graph\">{\"@context\":\"https:\\\/\\\/schema.org\",\"@graph\":[{\"@type\":\"WebPage\",\"@id\":\"https:\\\/\\\/nuestrosescritores.com\\\/santiagovillar\\\/\",\"url\":\"https:\\\/\\\/nuestrosescritores.com\\\/santiagovillar\\\/\",\"name\":\"Escritor - Santiago Villar Pall\u00e1s\",\"isPartOf\":{\"@id\":\"https:\\\/\\\/nuestrosescritores.com\\\/santiagovillar\\\/#website\"},\"primaryImageOfPage\":{\"@id\":\"https:\\\/\\\/nuestrosescritores.com\\\/santiagovillar\\\/#primaryimage\"},\"image\":{\"@id\":\"https:\\\/\\\/nuestrosescritores.com\\\/santiagovillar\\\/#primaryimage\"},\"thumbnailUrl\":\"https:\\\/\\\/nuestrosescritores.com\\\/santiagovillar\\\/wp-content\\\/uploads\\\/sites\\\/204\\\/2025\\\/06\\\/cropped-Santiago-Villar-Pallas-Escritor-scaled-1.png\",\"datePublished\":\"2025-06-06T22:25:25+00:00\",\"dateModified\":\"2025-06-07T10:32:21+00:00\",\"description\":\"SANTIAGO VILLAR PALL\u00c1S es el escritor del libro EL CIELO EN LA TIERRA . La escritora acaba de publicar un libro con la Editorial Poes\u00eda eres t\u00fa.\",\"breadcrumb\":{\"@id\":\"https:\\\/\\\/nuestrosescritores.com\\\/santiagovillar\\\/#breadcrumb\"},\"inLanguage\":\"es\",\"potentialAction\":[{\"@type\":\"ReadAction\",\"target\":[\"https:\\\/\\\/nuestrosescritores.com\\\/santiagovillar\\\/\"]}]},{\"@type\":\"ImageObject\",\"inLanguage\":\"es\",\"@id\":\"https:\\\/\\\/nuestrosescritores.com\\\/santiagovillar\\\/#primaryimage\",\"url\":\"https:\\\/\\\/nuestrosescritores.com\\\/santiagovillar\\\/wp-content\\\/uploads\\\/sites\\\/204\\\/2025\\\/06\\\/cropped-Santiago-Villar-Pallas-Escritor-scaled-1.png\",\"contentUrl\":\"https:\\\/\\\/nuestrosescritores.com\\\/santiagovillar\\\/wp-content\\\/uploads\\\/sites\\\/204\\\/2025\\\/06\\\/cropped-Santiago-Villar-Pallas-Escritor-scaled-1.png\",\"width\":512,\"height\":512,\"caption\":\"Santiago Villar Pall\u00e1s Escritor\"},{\"@type\":\"BreadcrumbList\",\"@id\":\"https:\\\/\\\/nuestrosescritores.com\\\/santiagovillar\\\/#breadcrumb\",\"itemListElement\":[{\"@type\":\"ListItem\",\"position\":1,\"name\":\"Portada\",\"item\":\"https:\\\/\\\/nuestrosescritores.com\\\/santiagovillar\\\/\"},{\"@type\":\"ListItem\",\"position\":2,\"name\":\"Escritor\"}]},{\"@type\":\"WebSite\",\"@id\":\"https:\\\/\\\/nuestrosescritores.com\\\/santiagovillar\\\/#website\",\"url\":\"https:\\\/\\\/nuestrosescritores.com\\\/santiagovillar\\\/\",\"name\":\"Nuestros escritores\",\"description\":\"Escritor\",\"potentialAction\":[{\"@type\":\"SearchAction\",\"target\":{\"@type\":\"EntryPoint\",\"urlTemplate\":\"https:\\\/\\\/nuestrosescritores.com\\\/santiagovillar\\\/?s={search_term_string}\"},\"query-input\":{\"@type\":\"PropertyValueSpecification\",\"valueRequired\":true,\"valueName\":\"search_term_string\"}}],\"inLanguage\":\"es\"}]}<\/script>\n<!-- \/ Yoast SEO Premium plugin. -->","yoast_head_json":{"title":"Escritor - Santiago Villar Pall\u00e1s","description":"SANTIAGO VILLAR PALL\u00c1S es el escritor del libro EL CIELO EN LA TIERRA . La escritora acaba de publicar un libro con la Editorial Poes\u00eda eres t\u00fa.","robots":{"index":"index","follow":"follow","max-snippet":"max-snippet:-1","max-image-preview":"max-image-preview:large","max-video-preview":"max-video-preview:-1"},"canonical":"https:\/\/nuestrosescritores.com\/santiagovillar\/","og_locale":"es_ES","og_type":"article","og_title":"Escritor","og_description":"SANTIAGO VILLAR PALL\u00c1S es el escritor del libro EL CIELO EN LA TIERRA . La escritora acaba de publicar un libro con la Editorial Poes\u00eda eres t\u00fa.","og_url":"https:\/\/nuestrosescritores.com\/santiagovillar\/","og_site_name":"Santiago Villar Pall\u00e1s","article_modified_time":"2025-06-07T10:32:21+00:00","og_image":[{"width":512,"height":512,"url":"http:\/\/nuestrosescritores.com\/santiagovillar\/wp-content\/uploads\/sites\/204\/2025\/06\/cropped-Santiago-Villar-Pallas-Escritor-scaled-1.png","type":"image\/png"}],"twitter_card":"summary_large_image","twitter_misc":{"Tiempo de lectura":"10 minutos"},"schema":{"@context":"https:\/\/schema.org","@graph":[{"@type":"WebPage","@id":"https:\/\/nuestrosescritores.com\/santiagovillar\/","url":"https:\/\/nuestrosescritores.com\/santiagovillar\/","name":"Escritor - Santiago Villar Pall\u00e1s","isPartOf":{"@id":"https:\/\/nuestrosescritores.com\/santiagovillar\/#website"},"primaryImageOfPage":{"@id":"https:\/\/nuestrosescritores.com\/santiagovillar\/#primaryimage"},"image":{"@id":"https:\/\/nuestrosescritores.com\/santiagovillar\/#primaryimage"},"thumbnailUrl":"https:\/\/nuestrosescritores.com\/santiagovillar\/wp-content\/uploads\/sites\/204\/2025\/06\/cropped-Santiago-Villar-Pallas-Escritor-scaled-1.png","datePublished":"2025-06-06T22:25:25+00:00","dateModified":"2025-06-07T10:32:21+00:00","description":"SANTIAGO VILLAR PALL\u00c1S es el escritor del libro EL CIELO EN LA TIERRA . La escritora acaba de publicar un libro con la Editorial Poes\u00eda eres t\u00fa.","breadcrumb":{"@id":"https:\/\/nuestrosescritores.com\/santiagovillar\/#breadcrumb"},"inLanguage":"es","potentialAction":[{"@type":"ReadAction","target":["https:\/\/nuestrosescritores.com\/santiagovillar\/"]}]},{"@type":"ImageObject","inLanguage":"es","@id":"https:\/\/nuestrosescritores.com\/santiagovillar\/#primaryimage","url":"https:\/\/nuestrosescritores.com\/santiagovillar\/wp-content\/uploads\/sites\/204\/2025\/06\/cropped-Santiago-Villar-Pallas-Escritor-scaled-1.png","contentUrl":"https:\/\/nuestrosescritores.com\/santiagovillar\/wp-content\/uploads\/sites\/204\/2025\/06\/cropped-Santiago-Villar-Pallas-Escritor-scaled-1.png","width":512,"height":512,"caption":"Santiago Villar Pall\u00e1s Escritor"},{"@type":"BreadcrumbList","@id":"https:\/\/nuestrosescritores.com\/santiagovillar\/#breadcrumb","itemListElement":[{"@type":"ListItem","position":1,"name":"Portada","item":"https:\/\/nuestrosescritores.com\/santiagovillar\/"},{"@type":"ListItem","position":2,"name":"Escritor"}]},{"@type":"WebSite","@id":"https:\/\/nuestrosescritores.com\/santiagovillar\/#website","url":"https:\/\/nuestrosescritores.com\/santiagovillar\/","name":"Nuestros escritores","description":"Escritor","potentialAction":[{"@type":"SearchAction","target":{"@type":"EntryPoint","urlTemplate":"https:\/\/nuestrosescritores.com\/santiagovillar\/?s={search_term_string}"},"query-input":{"@type":"PropertyValueSpecification","valueRequired":true,"valueName":"search_term_string"}}],"inLanguage":"es"}]}},"_links":{"self":[{"href":"https:\/\/nuestrosescritores.com\/santiagovillar\/wp-json\/wp\/v2\/pages\/15","targetHints":{"allow":["GET"]}}],"collection":[{"href":"https:\/\/nuestrosescritores.com\/santiagovillar\/wp-json\/wp\/v2\/pages"}],"about":[{"href":"https:\/\/nuestrosescritores.com\/santiagovillar\/wp-json\/wp\/v2\/types\/page"}],"author":[{"embeddable":true,"href":"https:\/\/nuestrosescritores.com\/santiagovillar\/wp-json\/wp\/v2\/users\/1"}],"replies":[{"embeddable":true,"href":"https:\/\/nuestrosescritores.com\/santiagovillar\/wp-json\/wp\/v2\/comments?post=15"}],"version-history":[{"count":0,"href":"https:\/\/nuestrosescritores.com\/santiagovillar\/wp-json\/wp\/v2\/pages\/15\/revisions"}],"wp:featuredmedia":[{"embeddable":true,"href":"https:\/\/nuestrosescritores.com\/santiagovillar\/wp-json\/wp\/v2\/media\/9"}],"wp:attachment":[{"href":"https:\/\/nuestrosescritores.com\/santiagovillar\/wp-json\/wp\/v2\/media?parent=15"}],"curies":[{"name":"wp","href":"https:\/\/api.w.org\/{rel}","templated":true}]}}