{"id":102,"date":"2025-06-07T11:43:38","date_gmt":"2025-06-07T09:43:38","guid":{"rendered":"https:\/\/nuestrosescritores.com\/santiagovillar\/?page_id=102"},"modified":"2025-06-07T11:49:35","modified_gmt":"2025-06-07T09:49:35","slug":"poesia","status":"publish","type":"page","link":"https:\/\/nuestrosescritores.com\/santiagovillar\/poesia\/","title":{"rendered":"POES\u00cdA"},"content":{"rendered":"<div class=\"wpb-content-wrapper\">[vc_row full_width=&#8221;stretch_row_content_no_spaces&#8221;][vc_column extend=&#8221;false&#8221;]<div class='gambit_parallax_row' data-bg-align='' data-direction='fixed' data-opacity='100' data-velocity='-0.3' data-mobile-enabled='' data-bg-height='1280' data-bg-width='960' data-bg-image='https:\/\/nuestrosescritores.com\/santiagovillar\/wp-content\/uploads\/sites\/204\/2025\/06\/freepik__una-composicin-minimalista-dividida-en-dos-mitades__18909.webp' data-bg-repeat='false' data-id='' style='display: none'><\/div><div class=\"gambit_fullheight_row\" data-content-location=\"center\" style=\"display: none\"><\/div>[\/vc_column][\/vc_row][vc_row][vc_column extend=&#8221;false&#8221; css=&#8221;.vc_custom_1749289573400{padding: 15% !important;}&#8221;][vc_column_text css=&#8221;&#8221;]\n<h1><a name=\"_Toc25777144\"><\/a><\/h1>\n<h2><a name=\"_Toc194947396\"><\/a><strong>S\u00e9 t\u00fa mismo, despierta<\/strong><\/h2>\n<p>&nbsp;<\/p>\n<p><em>Tras el vivir y el so\u00f1ar,<\/em><\/p>\n<p><em>est\u00e1 lo que m\u00e1s importa: despertar.<\/em><\/p>\n<p>Antonio Machado<\/p>\n<p>&nbsp;<\/p>\n<p>Escucha la luz de tu historia,<\/p>\n<p>no caigas en la desmemoria.<\/p>\n<p>Aprende de ella para no repetirla,<\/p>\n<p>transf\u00f3rmala en llama viva.<\/p>\n<p>&nbsp;<\/p>\n<p>Cuida con firmeza tu \u00e1nimo,<\/p>\n<p>no te pierdas en lo oscuro,<\/p>\n<p>no te quedes atado.<\/p>\n<p>&nbsp;<\/p>\n<p>Al\u00e9jate de los vanos artificios,<\/p>\n<p>de los h\u00e9roes de humo;<\/p>\n<p>elige lo aut\u00e9ntico,<\/p>\n<p>lo libre, lo valiente, lo tuyo.<\/p>\n<p>&nbsp;<\/p>\n<p>No abandones tu pensamiento,<\/p>\n<p>ni temas al miedo profundo;<\/p>\n<p>no eleves nada en un pedestal;<\/p>\n<p>crece desde lo vivido,<\/p>\n<p>desde lo que eres,<\/p>\n<p>desde lo que sabes.<\/p>\n<p>&nbsp;<\/p>\n<p>No pierdas el hilo de tu rumbo,<\/p>\n<p>ni desperdicies tu destino;<\/p>\n<p>tras cada lucha y esfuerzo,<\/p>\n<p>recon\u00f3cete en tu reflejo.<\/p>\n<p>&nbsp;<\/p>\n<p>S\u00e9 t\u00fa mismo, despierta.<\/p>\n<p>Vive, sue\u00f1a\u2026<\/p>\n<p>el amor nunca nos abandona,<\/p>\n<p>s\u00e9 la luz que arde en tu propia llama.<\/p>\n<p>&nbsp;<\/p>\n<p>&nbsp;<\/p>\n<span class='bctt-click-to-tweet'><span class='bctt-ctt-text'><a href='https:\/\/x.com\/intent\/tweet?url=https%3A%2F%2Fnuestrosescritores.com%2Fsantiagovillar%2Fpoesia%2F&#038;text=S%C3%A9%20t%C3%BA%20mismo%2C%20despierta%C2%A0del%20libro%20EL%20CIELO%20EN%20LA%20TIERRA%20de%20SANTIAGO%20VILLAR%20PALL%C3%81S&#038;via=poesiaerestu&#038;related=poesiaerestu' target='_blank'rel=\"noopener noreferrer\">S\u00e9 t\u00fa mismo, despierta&nbsp;del libro EL CIELO EN LA TIERRA de SANTIAGO VILLAR PALL\u00c1S <\/a><\/span><a href='https:\/\/x.com\/intent\/tweet?url=https%3A%2F%2Fnuestrosescritores.com%2Fsantiagovillar%2Fpoesia%2F&#038;text=S%C3%A9%20t%C3%BA%20mismo%2C%20despierta%C2%A0del%20libro%20EL%20CIELO%20EN%20LA%20TIERRA%20de%20SANTIAGO%20VILLAR%20PALL%C3%81S&#038;via=poesiaerestu&#038;related=poesiaerestu' target='_blank' class='bctt-ctt-btn'rel=\"noopener noreferrer\">Compartir en X<\/a><\/span>\n<p>&nbsp;[\/vc_column_text][\/vc_column][\/vc_row][vc_row full_width=&#8221;stretch_row_content_no_spaces&#8221;][vc_column extend=&#8221;false&#8221;]<div class='gambit_parallax_row' data-bg-align='' data-direction='fixed' data-opacity='100' data-velocity='-0.3' data-mobile-enabled='' data-bg-height='2048' data-bg-width='2048' data-bg-image='https:\/\/nuestrosescritores.com\/santiagovillar\/wp-content\/uploads\/sites\/204\/2025\/06\/Gemini_Generated_Image_bgthdvbgthdvbgth-copia.webp' data-bg-repeat='false' data-id='' style='display: none'><\/div><div class=\"gambit_fullheight_row\" data-content-location=\"center\" style=\"display: none\"><\/div>[\/vc_column][\/vc_row][vc_row][vc_column extend=&#8221;false&#8221; css=&#8221;.vc_custom_1749289587215{padding: 15% !important;}&#8221;][vc_column_text css=&#8221;&#8221;]\n<h2><strong>Un joven vivido<\/strong><\/h2>\n<p><em>&nbsp;<\/em><\/p>\n<p><em>La edad no es solo los a\u00f1os que se tienen,<\/em><\/p>\n<p><em>es lo que se hace con los a\u00f1os.<\/em><\/p>\n<p>Jos\u00e9 Luis Pinillos<\/p>\n<p>&nbsp;<\/p>\n<p>La edad se vive,<\/p>\n<p>no solo se cuenta.<\/p>\n<p>&nbsp;<\/p>\n<p>Lo vi<\/p>\n<p>en un ni\u00f1o<\/p>\n<p>que no estaba perdido.<\/p>\n<p>En un chiquillo,<\/p>\n<p>que creci\u00f3 sorprendido.<\/p>\n<p>En un hombre despierto,<\/p>\n<p>que ama lo vivido.<\/p>\n<p>&nbsp;<\/p>\n<p>Lo vi,<\/p>\n<p>no eras un anciano rendido,<\/p>\n<p>sino un joven vivido.<\/p>\n<p>&nbsp;<\/p>\n<p>&nbsp;<\/p>\n<span class='bctt-click-to-tweet'><span class='bctt-ctt-text'><a href='https:\/\/x.com\/intent\/tweet?url=https%3A%2F%2Fnuestrosescritores.com%2Fsantiagovillar%2Fpoesia%2F&#038;text=Un%20joven%20vivido%20del%20libro%20EL%20CIELO%20EN%20LA%20TIERRA%20de%20SANTIAGO%20VILLAR%20PALL%C3%81S&#038;via=poesiaerestu&#038;related=poesiaerestu' target='_blank'rel=\"noopener noreferrer\">Un joven vivido del libro EL CIELO EN LA TIERRA de SANTIAGO VILLAR PALL\u00c1S <\/a><\/span><a href='https:\/\/x.com\/intent\/tweet?url=https%3A%2F%2Fnuestrosescritores.com%2Fsantiagovillar%2Fpoesia%2F&#038;text=Un%20joven%20vivido%20del%20libro%20EL%20CIELO%20EN%20LA%20TIERRA%20de%20SANTIAGO%20VILLAR%20PALL%C3%81S&#038;via=poesiaerestu&#038;related=poesiaerestu' target='_blank' class='bctt-ctt-btn'rel=\"noopener noreferrer\">Compartir en X<\/a><\/span>\n<p>&nbsp;<\/p>\n<p>&nbsp;[\/vc_column_text][\/vc_column][\/vc_row][vc_row][vc_column extend=&#8221;false&#8221;]<div class='gambit_parallax_row' data-bg-align='' data-direction='fixed' data-opacity='100' data-velocity='-0.3' data-mobile-enabled='' data-bg-height='1280' data-bg-width='960' data-bg-image='https:\/\/nuestrosescritores.com\/santiagovillar\/wp-content\/uploads\/sites\/204\/2025\/06\/freepik__una-escalera-de-piedra-que-asciende-desde-un-suelo__18927.webp' data-bg-repeat='false' data-id='' style='display: none'><\/div><div class=\"gambit_fullheight_row\" data-content-location=\"center\" style=\"display: none\"><\/div>[\/vc_column][\/vc_row][vc_row][vc_column extend=&#8221;false&#8221; css=&#8221;.vc_custom_1749289599713{padding: 15% !important;}&#8221;][vc_column_text css=&#8221;&#8221;]\n<h2><a name=\"_Toc194947416\"><\/a><strong>Tu luz<\/strong><\/h2>\n<p><em>&nbsp;<\/em><\/p>\n<p><em>Estos d\u00edas azules y este sol de infancia<\/em>.<\/p>\n<p>Antonio Machado<\/p>\n<p>&nbsp;<\/p>\n<p>T\u00fa me diste la luz para ver.<\/p>\n<p>Con esa luz descubro la vida,<\/p>\n<p>como un claro tras la maleza:<\/p>\n<p>a veces lejana y serena,<\/p>\n<p>otras, cercana y plena.<\/p>\n<p>&nbsp;<\/p>\n<p>T\u00fa me diste la luz para comprender.<\/p>\n<p>Una luz en el momento justo,<\/p>\n<p>para revelar lo oculto,<\/p>\n<p>alejarme del abismo,<\/p>\n<p>y hallarme a m\u00ed mismo.<\/p>\n<p>&nbsp;<\/p>\n<p>T\u00fa me diste la luz para seguir.<\/p>\n<p>Para saber lo que quiero,<\/p>\n<p>para gozar de lo ef\u00edmero<\/p>\n<p>y persistir en mi destino.<\/p>\n<p>&nbsp;<\/p>\n<p>T\u00fa me diste la luz para atreverme.<\/p>\n<p>Para abrazar lo nuevo,<\/p>\n<p>como un ni\u00f1o que, en su juego,<\/p>\n<p>descubre el mundo<\/p>\n<p>libre de lo impuesto y lo ajeno.<\/p>\n<p>&nbsp;<\/p>\n<p>T\u00fa me diste luz para ser.<\/p>\n<p>Para encender mi propio fuego,<\/p>\n<p>llevando tu brillo, puro y sincero,<\/p>\n<p>como gu\u00eda en mi camino.<\/p>\n<p>&nbsp;<\/p>\n<p>&nbsp;<\/p>\n<p>&nbsp;<\/p>\n<p>&nbsp;<\/p>\n<span class='bctt-click-to-tweet'><span class='bctt-ctt-text'><a href='https:\/\/x.com\/intent\/tweet?url=https%3A%2F%2Fnuestrosescritores.com%2Fsantiagovillar%2Fpoesia%2F&#038;text=Tu%20luz%20del%20libro%20EL%20CIELO%20EN%20LA%20TIERRA%20de%20SANTIAGO%20VILLAR%20PALL%C3%81S&#038;via=poesiaerestu&#038;related=poesiaerestu' target='_blank'rel=\"noopener noreferrer\">Tu luz del libro EL CIELO EN LA TIERRA de SANTIAGO VILLAR PALL\u00c1S <\/a><\/span><a href='https:\/\/x.com\/intent\/tweet?url=https%3A%2F%2Fnuestrosescritores.com%2Fsantiagovillar%2Fpoesia%2F&#038;text=Tu%20luz%20del%20libro%20EL%20CIELO%20EN%20LA%20TIERRA%20de%20SANTIAGO%20VILLAR%20PALL%C3%81S&#038;via=poesiaerestu&#038;related=poesiaerestu' target='_blank' class='bctt-ctt-btn'rel=\"noopener noreferrer\">Compartir en X<\/a><\/span>[\/vc_column_text][\/vc_column][\/vc_row][vc_row][vc_column extend=&#8221;false&#8221;]<div class='gambit_parallax_row' data-bg-align='' data-direction='fixed' data-opacity='100' data-velocity='-0.3' data-mobile-enabled='' data-bg-height='1280' data-bg-width='960' data-bg-image='https:\/\/nuestrosescritores.com\/santiagovillar\/wp-content\/uploads\/sites\/204\/2025\/06\/freepik__un-crculo-perfecto-dividido-diagonalmente-mitad-lu__18910.webp' data-bg-repeat='false' data-id='' style='display: none'><\/div><div class=\"gambit_fullheight_row\" data-content-location=\"center\" style=\"display: none\"><\/div>[vc_column_text css=&#8221;&#8221;]\n<p style=\"text-align: center;\"><a class=\"fasc-button fasc-size-xlarge fasc-type-glossy fasc-rounded-medium\" style=\"background-color: #33809e; color: #ffffff;\" href=\"https:\/\/librodepoesia.com\/libro\/el-cielo-en-la-tierra-santiago-villar-pallas\/\">Comprar el libro<\/a><\/p>\n[\/vc_column_text][\/vc_column][\/vc_row]\n<\/div>","protected":false},"excerpt":{"rendered":"<p>[vc_row full_width=&#8221;stretch_row_content_no_spaces&#8221;][vc_column extend=&#8221;false&#8221;][\/vc_column][\/vc_row][vc_row][vc_column extend=&#8221;false&#8221; css=&#8221;.vc_custom_1749289573400{padding: 15% !important;}&#8221;][vc_column_text css=&#8221;&#8221;] S\u00e9 t\u00fa mismo, despierta &nbsp; Tras el vivir y el so\u00f1ar, est\u00e1 lo que m\u00e1s importa: despertar. Antonio Machado &nbsp; Escucha la luz de tu historia, no caigas en la desmemoria. Aprende de ella para no repetirla, transf\u00f3rmala en llama viva. &nbsp; Cuida con firmeza tu \u00e1nimo, [&hellip;]<\/p>\n","protected":false},"author":1,"featured_media":0,"parent":0,"menu_order":0,"comment_status":"closed","ping_status":"closed","template":"","meta":{"_acf_changed":false,"footnotes":""},"class_list":["post-102","page","type-page","status-publish","hentry"],"acf":[],"yoast_head":"<!-- This site is optimized with the Yoast SEO Premium plugin v24.7 (Yoast SEO v27.5) - https:\/\/yoast.com\/product\/yoast-seo-premium-wordpress\/ -->\n<title>POES\u00cdA - Santiago Villar Pall\u00e1s<\/title>\n<meta name=\"description\" content=\"Poes\u00eda del libro EL CIELO EN LA TIERRA de SANTIAGO VILLAR PALL\u00c1S, el escritor nos da una muestra tras publicar un libro de poes\u00eda.\" \/>\n<meta name=\"robots\" content=\"index, follow, max-snippet:-1, max-image-preview:large, max-video-preview:-1\" \/>\n<link rel=\"canonical\" href=\"https:\/\/nuestrosescritores.com\/santiagovillar\/poesia\/\" \/>\n<meta property=\"og:locale\" content=\"es_ES\" \/>\n<meta property=\"og:type\" content=\"article\" \/>\n<meta property=\"og:title\" content=\"POES\u00cdA\" \/>\n<meta property=\"og:description\" content=\"Poes\u00eda del libro EL CIELO EN LA TIERRA de SANTIAGO VILLAR PALL\u00c1S, el escritor nos da una muestra tras publicar un libro de poes\u00eda.\" \/>\n<meta property=\"og:url\" content=\"https:\/\/nuestrosescritores.com\/santiagovillar\/poesia\/\" \/>\n<meta property=\"og:site_name\" content=\"Santiago Villar Pall\u00e1s\" \/>\n<meta property=\"article:modified_time\" content=\"2025-06-07T09:49:35+00:00\" \/>\n<meta name=\"twitter:card\" content=\"summary_large_image\" \/>\n<meta name=\"twitter:label1\" content=\"Tiempo de lectura\" \/>\n\t<meta name=\"twitter:data1\" content=\"2 minutos\" \/>\n<script type=\"application\/ld+json\" class=\"yoast-schema-graph\">{\"@context\":\"https:\\\/\\\/schema.org\",\"@graph\":[{\"@type\":\"WebPage\",\"@id\":\"https:\\\/\\\/nuestrosescritores.com\\\/santiagovillar\\\/poesia\\\/\",\"url\":\"https:\\\/\\\/nuestrosescritores.com\\\/santiagovillar\\\/poesia\\\/\",\"name\":\"POES\u00cdA - Santiago Villar Pall\u00e1s\",\"isPartOf\":{\"@id\":\"https:\\\/\\\/nuestrosescritores.com\\\/santiagovillar\\\/#website\"},\"datePublished\":\"2025-06-07T09:43:38+00:00\",\"dateModified\":\"2025-06-07T09:49:35+00:00\",\"description\":\"Poes\u00eda del libro EL CIELO EN LA TIERRA de SANTIAGO VILLAR PALL\u00c1S, el escritor nos da una muestra tras publicar un libro de poes\u00eda.\",\"breadcrumb\":{\"@id\":\"https:\\\/\\\/nuestrosescritores.com\\\/santiagovillar\\\/poesia\\\/#breadcrumb\"},\"inLanguage\":\"es\",\"potentialAction\":[{\"@type\":\"ReadAction\",\"target\":[\"https:\\\/\\\/nuestrosescritores.com\\\/santiagovillar\\\/poesia\\\/\"]}]},{\"@type\":\"BreadcrumbList\",\"@id\":\"https:\\\/\\\/nuestrosescritores.com\\\/santiagovillar\\\/poesia\\\/#breadcrumb\",\"itemListElement\":[{\"@type\":\"ListItem\",\"position\":1,\"name\":\"Portada\",\"item\":\"https:\\\/\\\/nuestrosescritores.com\\\/santiagovillar\\\/\"},{\"@type\":\"ListItem\",\"position\":2,\"name\":\"POES\u00cdA\"}]},{\"@type\":\"WebSite\",\"@id\":\"https:\\\/\\\/nuestrosescritores.com\\\/santiagovillar\\\/#website\",\"url\":\"https:\\\/\\\/nuestrosescritores.com\\\/santiagovillar\\\/\",\"name\":\"Nuestros escritores\",\"description\":\"Escritor\",\"potentialAction\":[{\"@type\":\"SearchAction\",\"target\":{\"@type\":\"EntryPoint\",\"urlTemplate\":\"https:\\\/\\\/nuestrosescritores.com\\\/santiagovillar\\\/?s={search_term_string}\"},\"query-input\":{\"@type\":\"PropertyValueSpecification\",\"valueRequired\":true,\"valueName\":\"search_term_string\"}}],\"inLanguage\":\"es\"}]}<\/script>\n<!-- \/ Yoast SEO Premium plugin. -->","yoast_head_json":{"title":"POES\u00cdA - Santiago Villar Pall\u00e1s","description":"Poes\u00eda del libro EL CIELO EN LA TIERRA de SANTIAGO VILLAR PALL\u00c1S, el escritor nos da una muestra tras publicar un libro de poes\u00eda.","robots":{"index":"index","follow":"follow","max-snippet":"max-snippet:-1","max-image-preview":"max-image-preview:large","max-video-preview":"max-video-preview:-1"},"canonical":"https:\/\/nuestrosescritores.com\/santiagovillar\/poesia\/","og_locale":"es_ES","og_type":"article","og_title":"POES\u00cdA","og_description":"Poes\u00eda del libro EL CIELO EN LA TIERRA de SANTIAGO VILLAR PALL\u00c1S, el escritor nos da una muestra tras publicar un libro de poes\u00eda.","og_url":"https:\/\/nuestrosescritores.com\/santiagovillar\/poesia\/","og_site_name":"Santiago Villar Pall\u00e1s","article_modified_time":"2025-06-07T09:49:35+00:00","twitter_card":"summary_large_image","twitter_misc":{"Tiempo de lectura":"2 minutos"},"schema":{"@context":"https:\/\/schema.org","@graph":[{"@type":"WebPage","@id":"https:\/\/nuestrosescritores.com\/santiagovillar\/poesia\/","url":"https:\/\/nuestrosescritores.com\/santiagovillar\/poesia\/","name":"POES\u00cdA - Santiago Villar Pall\u00e1s","isPartOf":{"@id":"https:\/\/nuestrosescritores.com\/santiagovillar\/#website"},"datePublished":"2025-06-07T09:43:38+00:00","dateModified":"2025-06-07T09:49:35+00:00","description":"Poes\u00eda del libro EL CIELO EN LA TIERRA de SANTIAGO VILLAR PALL\u00c1S, el escritor nos da una muestra tras publicar un libro de poes\u00eda.","breadcrumb":{"@id":"https:\/\/nuestrosescritores.com\/santiagovillar\/poesia\/#breadcrumb"},"inLanguage":"es","potentialAction":[{"@type":"ReadAction","target":["https:\/\/nuestrosescritores.com\/santiagovillar\/poesia\/"]}]},{"@type":"BreadcrumbList","@id":"https:\/\/nuestrosescritores.com\/santiagovillar\/poesia\/#breadcrumb","itemListElement":[{"@type":"ListItem","position":1,"name":"Portada","item":"https:\/\/nuestrosescritores.com\/santiagovillar\/"},{"@type":"ListItem","position":2,"name":"POES\u00cdA"}]},{"@type":"WebSite","@id":"https:\/\/nuestrosescritores.com\/santiagovillar\/#website","url":"https:\/\/nuestrosescritores.com\/santiagovillar\/","name":"Nuestros escritores","description":"Escritor","potentialAction":[{"@type":"SearchAction","target":{"@type":"EntryPoint","urlTemplate":"https:\/\/nuestrosescritores.com\/santiagovillar\/?s={search_term_string}"},"query-input":{"@type":"PropertyValueSpecification","valueRequired":true,"valueName":"search_term_string"}}],"inLanguage":"es"}]}},"_links":{"self":[{"href":"https:\/\/nuestrosescritores.com\/santiagovillar\/wp-json\/wp\/v2\/pages\/102","targetHints":{"allow":["GET"]}}],"collection":[{"href":"https:\/\/nuestrosescritores.com\/santiagovillar\/wp-json\/wp\/v2\/pages"}],"about":[{"href":"https:\/\/nuestrosescritores.com\/santiagovillar\/wp-json\/wp\/v2\/types\/page"}],"author":[{"embeddable":true,"href":"https:\/\/nuestrosescritores.com\/santiagovillar\/wp-json\/wp\/v2\/users\/1"}],"replies":[{"embeddable":true,"href":"https:\/\/nuestrosescritores.com\/santiagovillar\/wp-json\/wp\/v2\/comments?post=102"}],"version-history":[{"count":0,"href":"https:\/\/nuestrosescritores.com\/santiagovillar\/wp-json\/wp\/v2\/pages\/102\/revisions"}],"wp:attachment":[{"href":"https:\/\/nuestrosescritores.com\/santiagovillar\/wp-json\/wp\/v2\/media?parent=102"}],"curies":[{"name":"wp","href":"https:\/\/api.w.org\/{rel}","templated":true}]}}