{"id":19,"date":"2024-01-27T18:26:32","date_gmt":"2024-01-27T17:26:32","guid":{"rendered":"https:\/\/nuestrosescritores.com\/pilarquilez\/?page_id=19"},"modified":"2024-02-04T19:39:42","modified_gmt":"2024-02-04T18:39:42","slug":"maria-pilar-perez-quilez","status":"publish","type":"page","link":"https:\/\/nuestrosescritores.com\/pilarquilez\/","title":{"rendered":"Mar\u00eda Pilar P\u00e9rez Qu\u00edlez"},"content":{"rendered":"\t\t<div data-elementor-type=\"wp-page\" data-elementor-id=\"19\" class=\"elementor elementor-19\">\n\t\t\t\t\t\t<section class=\"elementor-section elementor-top-section elementor-element elementor-element-7d46ffc1 elementor-section-full_width elementor-section-height-default elementor-section-height-default\" data-id=\"7d46ffc1\" data-element_type=\"section\" data-e-type=\"section\">\n\t\t\t\t\t\t<div class=\"elementor-container elementor-column-gap-default\">\n\t\t\t\t\t<div class=\"aux-parallax-section elementor-column elementor-col-100 elementor-top-column elementor-element elementor-element-62cd83c5\" data-id=\"62cd83c5\" data-element_type=\"column\" data-e-type=\"column\">\n\t\t\t<div class=\"elementor-widget-wrap elementor-element-populated\">\n\t\t\t\t\t\t<div class=\"elementor-element elementor-element-64d880de elementor-widget elementor-widget-layerslider\" data-id=\"64d880de\" data-element_type=\"widget\" data-e-type=\"widget\" data-widget_type=\"layerslider.default\">\n\t\t\t\t<div class=\"elementor-widget-container\">\n\t\t\t\t\t<script type=\"text\/javascript\">jQuery(function() { _initLayerSlider( '#layerslider_1_1wvntch9lh7js', {createdWith: '7.9.9', sliderVersion: '7.14.2', skin: 'v6', useSrcset: true, skinsPath: 'https:\/\/nuestrosescritores.com\/pilarquilez\/wp-content\/plugins\/LayerSlider\/assets\/static\/layerslider\/skins\/', performanceMode: true}); });<\/script><div id=\"layerslider_1_1wvntch9lh7js\"  class=\"ls-wp-container fitvidsignore ls-selectable\" style=\"width:1280px;height:720px;margin:0 auto;\"><div class=\"ls-slide\" ><ls-layer style=\"width:1282px;height:721px;top:0px;left:0px;\" class=\"ls-l ls-media-layer\" data-ls=\"showinfo:enabled;controls:enabled;poster:https:\/\/nuestrosescritores.com\/pilarquilez\/wp-content\/uploads\/sites\/169\/2024\/02\/Youtube.png;muted:enabled;\"><iframe width=\"560\" height=\"315\" frameborder=\"0\" allowfullscreen data-src=\"https:\/\/www.youtube.com\/embed\/n4qRbivuKo8\"><\/iframe><\/ls-layer><\/div><div class=\"ls-slide\" ><ls-layer style=\"width:1282px;height:721px;top:0px;left:0px;\" class=\"ls-l ls-media-layer\" data-ls=\"showinfo:enabled;controls:enabled;poster:https:\/\/nuestrosescritores.com\/pilarquilez\/wp-content\/uploads\/sites\/169\/2024\/02\/Youtube.png;muted:enabled;\"><iframe width=\"560\" height=\"315\" frameborder=\"0\" allowfullscreen data-src=\"https:\/\/www.youtube.com\/embed\/n4qRbivuKo8\"><\/iframe><\/ls-layer><\/div><\/div>\t\t\t\t<\/div>\n\t\t\t\t<\/div>\n\t\t\t\t\t<\/div>\n\t\t<\/div>\n\t\t\t\t\t<\/div>\n\t\t<\/section>\n\t\t\t\t<section class=\"elementor-section elementor-top-section elementor-element elementor-element-1ce9bdef elementor-section-full_width elementor-section-height-full elementor-section-height-default elementor-section-items-middle\" data-id=\"1ce9bdef\" data-element_type=\"section\" data-e-type=\"section\" data-settings=\"{&quot;background_background&quot;:&quot;slideshow&quot;,&quot;background_slideshow_gallery&quot;:[{&quot;id&quot;:22,&quot;url&quot;:&quot;http:\\\/\\\/nuestrosescritores.com\\\/pilarquilez\\\/wp-content\\\/uploads\\\/sites\\\/169\\\/2024\\\/01\\\/i2vjsirklty.jpg&quot;},{&quot;id&quot;:23,&quot;url&quot;:&quot;http:\\\/\\\/nuestrosescritores.com\\\/pilarquilez\\\/wp-content\\\/uploads\\\/sites\\\/169\\\/2024\\\/01\\\/5e4tij8culg.jpg&quot;},{&quot;id&quot;:24,&quot;url&quot;:&quot;http:\\\/\\\/nuestrosescritores.com\\\/pilarquilez\\\/wp-content\\\/uploads\\\/sites\\\/169\\\/2024\\\/01\\\/dngibpz90tg.jpg&quot;},{&quot;id&quot;:25,&quot;url&quot;:&quot;http:\\\/\\\/nuestrosescritores.com\\\/pilarquilez\\\/wp-content\\\/uploads\\\/sites\\\/169\\\/2024\\\/01\\\/ppbu4tc9ho.jpg&quot;}],&quot;background_slideshow_ken_burns&quot;:&quot;yes&quot;,&quot;background_slideshow_loop&quot;:&quot;yes&quot;,&quot;background_slideshow_slide_duration&quot;:5000,&quot;background_slideshow_slide_transition&quot;:&quot;fade&quot;,&quot;background_slideshow_transition_duration&quot;:500,&quot;background_slideshow_ken_burns_zoom_direction&quot;:&quot;in&quot;}\">\n\t\t\t\t\t\t\t<div class=\"elementor-background-overlay\"><\/div>\n\t\t\t\t\t\t\t<div class=\"elementor-container elementor-column-gap-no\">\n\t\t\t\t\t<div class=\"aux-parallax-section elementor-column elementor-col-50 elementor-top-column elementor-element elementor-element-18d6309e\" data-id=\"18d6309e\" data-element_type=\"column\" data-e-type=\"column\">\n\t\t\t<div class=\"elementor-widget-wrap elementor-element-populated\">\n\t\t\t\t\t\t<div class=\"elementor-element elementor-element-6e0e36ca elementor-invisible elementor-widget elementor-widget-text-editor\" data-id=\"6e0e36ca\" data-element_type=\"widget\" data-e-type=\"widget\" data-settings=\"{&quot;_animation&quot;:&quot;fadeIn&quot;,&quot;_animation_delay&quot;:20}\" data-widget_type=\"text-editor.default\">\n\t\t\t\t<div class=\"elementor-widget-container\">\n\t\t\t\t\t\t\t\t\t<p>Pilar P\u00e9rez Qu\u00edlez, (Jumilla, 1981). Ingeniera de Telecomunicaciones.<\/p><p>Cuando era ni\u00f1a y le preguntaban qu\u00e9 quer\u00eda ser de mayor contestaba que inform\u00e1tica y escritora.<\/p><p>Entre 2008 y 2010 residi\u00f3, junto con su marido, en Belfast (Irlanda del Norte), ciudad en la que trabaj\u00f3 como inform\u00e1tica y profesora de conversaci\u00f3n en espa\u00f1ol en Strathearn School. En 2017 gan\u00f3 el Primer Premio Literatura, modalidad B, de Arte joven de Ayto. De Jumilla \u201cDefender lo nuestro\u201d, relato que inspira un cap\u00edtulo de \u201cLa nacionalidad del peinado\u201d.<\/p><p>Dirigi\u00f3 talleres de escritura en la Biblioteca de Jumilla en homenaje a Mary Shelley. Particip\u00f3 en la antolog\u00eda de relatos \u201cDiecis\u00e9is historias que vienen a cuento\u201d editada por Lola L\u00f3pez Mond\u00e9jar y publicada por Raspabook en 2019 con el relato \u201c\u00bfQu\u00e9 est\u00e1s pensando?\u201d<\/p><p>Disfruta mucho participando en talleres de escritura y clubes de lectura.<\/p><p>Por las noches se duerme leyendo junto a sus hijas Rita y Lupe.<\/p><p><span class='bctt-click-to-tweet'><span class='bctt-ctt-text'><a href='https:\/\/x.com\/intent\/tweet?url=https%3A%2F%2Fnuestrosescritores.com%2Fpilarquilez%2F&#038;text=Pilar%20P%C3%A9rez%20Qu%C3%ADlez.%20Escritora.&#038;related' target='_blank'rel=\"noopener noreferrer\">Pilar P\u00e9rez Qu\u00edlez. Escritora. <\/a><\/span><a href='https:\/\/x.com\/intent\/tweet?url=https%3A%2F%2Fnuestrosescritores.com%2Fpilarquilez%2F&#038;text=Pilar%20P%C3%A9rez%20Qu%C3%ADlez.%20Escritora.&#038;related' target='_blank' class='bctt-ctt-btn'rel=\"noopener noreferrer\">Compartir en X<\/a><\/span><\/p>\t\t\t\t\t\t\t\t<\/div>\n\t\t\t\t<\/div>\n\t\t\t\t\t<\/div>\n\t\t<\/div>\n\t\t\t\t<div class=\"aux-parallax-section elementor-column elementor-col-50 elementor-top-column elementor-element elementor-element-21d0b2b9\" data-id=\"21d0b2b9\" data-element_type=\"column\" data-e-type=\"column\">\n\t\t\t<div class=\"elementor-widget-wrap elementor-element-populated\">\n\t\t\t\t\t\t<div class=\"elementor-element elementor-element-2a009f1f elementor-widget elementor-widget-image\" data-id=\"2a009f1f\" data-element_type=\"widget\" data-e-type=\"widget\" data-widget_type=\"image.default\">\n\t\t\t\t<div class=\"elementor-widget-container\">\n\t\t\t\t\t\t\t\t\t\t\t\t\t\t\t<img fetchpriority=\"high\" decoding=\"async\" width=\"768\" height=\"1151\" src=\"https:\/\/nuestrosescritores.com\/pilarquilez\/wp-content\/uploads\/sites\/169\/2024\/01\/Libro-Pili-2-Mediano.jpg\" class=\"attachment-full size-full wp-image-38\" alt=\"\" srcset=\"https:\/\/nuestrosescritores.com\/pilarquilez\/wp-content\/uploads\/sites\/169\/2024\/01\/Libro-Pili-2-Mediano.jpg 768w, https:\/\/nuestrosescritores.com\/pilarquilez\/wp-content\/uploads\/sites\/169\/2024\/01\/Libro-Pili-2-Mediano-500x749.jpg 500w\" sizes=\"(max-width: 768px) 100vw, 768px\" \/>\t\t\t\t\t\t\t\t\t\t\t\t\t\t\t<\/div>\n\t\t\t\t<\/div>\n\t\t\t\t\t<\/div>\n\t\t<\/div>\n\t\t\t\t\t<\/div>\n\t\t<\/section>\n\t\t\t\t<section class=\"elementor-section elementor-top-section elementor-element elementor-element-30d97c8a elementor-section-full_width elementor-section-height-full aux-page-cover-wrapper elementor-section-height-default elementor-section-items-middle\" data-id=\"30d97c8a\" data-element_type=\"section\" data-e-type=\"section\">\n\t\t\t\t\t\t<div class=\"elementor-container elementor-column-gap-no\">\n\t\t\t\t\t<div class=\"aux-parallax-section elementor-column elementor-col-100 elementor-top-column elementor-element elementor-element-74e8af37\" data-id=\"74e8af37\" data-element_type=\"column\" data-e-type=\"column\">\n\t\t\t<div class=\"elementor-widget-wrap\">\n\t\t\t\t\t\t\t<\/div>\n\t\t<\/div>\n\t\t\t\t\t<\/div>\n\t\t<\/section>\n\t\t\t\t<section class=\"elementor-section elementor-top-section elementor-element elementor-element-65df0901 elementor-section-full_width elementor-section-height-full elementor-section-content-middle elementor-section-stretched back elementor-section-height-default elementor-section-items-middle\" data-id=\"65df0901\" data-element_type=\"section\" data-e-type=\"section\" data-settings=\"{&quot;background_background&quot;:&quot;classic&quot;,&quot;stretch_section&quot;:&quot;section-stretched&quot;}\">\n\t\t\t\t\t\t<div class=\"elementor-container elementor-column-gap-default\">\n\t\t\t\t\t<div class=\"aux-parallax-section elementor-column elementor-col-100 elementor-top-column elementor-element elementor-element-1dd280ea\" data-id=\"1dd280ea\" data-element_type=\"column\" data-e-type=\"column\" data-settings=\"{&quot;background_background&quot;:&quot;classic&quot;}\">\n\t\t\t<div class=\"elementor-widget-wrap\">\n\t\t\t\t\t\t\t<\/div>\n\t\t<\/div>\n\t\t\t\t\t<\/div>\n\t\t<\/section>\n\t\t\t\t<section class=\"elementor-section elementor-top-section elementor-element elementor-element-cdab5b1 elementor-section-full_width elementor-section-height-full elementor-section-stretched elementor-section-height-default elementor-section-items-middle\" data-id=\"cdab5b1\" data-element_type=\"section\" data-e-type=\"section\" data-settings=\"{&quot;stretch_section&quot;:&quot;section-stretched&quot;,&quot;background_background&quot;:&quot;slideshow&quot;,&quot;background_slideshow_gallery&quot;:[{&quot;id&quot;:27,&quot;url&quot;:&quot;http:\\\/\\\/nuestrosescritores.com\\\/pilarquilez\\\/wp-content\\\/uploads\\\/sites\\\/169\\\/2024\\\/01\\\/iy59i0m7op4.jpg&quot;},{&quot;id&quot;:28,&quot;url&quot;:&quot;http:\\\/\\\/nuestrosescritores.com\\\/pilarquilez\\\/wp-content\\\/uploads\\\/sites\\\/169\\\/2024\\\/01\\\/746ced84az4.jpg&quot;},{&quot;id&quot;:29,&quot;url&quot;:&quot;http:\\\/\\\/nuestrosescritores.com\\\/pilarquilez\\\/wp-content\\\/uploads\\\/sites\\\/169\\\/2024\\\/01\\\/mfgs1uadyac.jpg&quot;}],&quot;background_slideshow_ken_burns&quot;:&quot;yes&quot;,&quot;background_slideshow_loop&quot;:&quot;yes&quot;,&quot;background_slideshow_slide_duration&quot;:5000,&quot;background_slideshow_slide_transition&quot;:&quot;fade&quot;,&quot;background_slideshow_transition_duration&quot;:500,&quot;background_slideshow_ken_burns_zoom_direction&quot;:&quot;in&quot;}\">\n\t\t\t\t\t\t\t<div class=\"elementor-background-overlay\"><\/div>\n\t\t\t\t\t\t\t<div class=\"elementor-container elementor-column-gap-no\">\n\t\t\t\t\t<div class=\"aux-parallax-section elementor-column elementor-col-100 elementor-top-column elementor-element elementor-element-32a5e40\" data-id=\"32a5e40\" data-element_type=\"column\" data-e-type=\"column\">\n\t\t\t<div class=\"elementor-widget-wrap elementor-element-populated\">\n\t\t\t\t\t\t<div class=\"elementor-element elementor-element-3dade1ae elementor-widget__width-inherit elementor-widget elementor-widget-text-editor\" data-id=\"3dade1ae\" data-element_type=\"widget\" data-e-type=\"widget\" data-settings=\"{&quot;_animation&quot;:&quot;none&quot;}\" data-widget_type=\"text-editor.default\">\n\t\t\t\t<div class=\"elementor-widget-container\">\n\t\t\t\t\t\t\t\t\t<p><strong>\u00bfPuede la forma en que peinas tu flequillo condicionar qui\u00e9n eres?<\/strong><\/p><p>Luisa viaja a Belfast con la intenci\u00f3n de mejorar su nivel de ingl\u00e9s. Enseguida encuentra piso, pero no tardar\u00e1 en descubrir que su casero tiene un pu\u00f1al preparado para ejecutar una venganza, \u00bfo quiz\u00e1s no?<\/p><p>En esta novela nada es lo que parece ser. Kevin (cat\u00f3lico) es tan misterioso como transparente lo es John (protestante), un cliente del pub que se empe\u00f1a en contar su vida a Luisa durante su jornada laboral. \u00a1Y qu\u00e9 vida ha tenido este hombre! Una serie de sucesos los unir\u00e1 firmemente, \u00bfo quiz\u00e1s no?<\/p><p>Junto a Mireya, Pau, Leire, Stella, Yvania, Iker\u2026 Luisa ir\u00e1 descubriendo la l\u00ednea fina que separa el amor del odio y analizando los detalles min\u00fasculos que conforman la nacionalidad de un individuo. \u00bfQu\u00e9 se esconde tras la sonrisa de sus clientes? \u00bfPuede el lugar donde nacemos determinar c\u00f3mo nos peinamos?<\/p><p>El lector conocer\u00e1 los entresijos del turbulento per\u00edodo en Irlanda del Norte conocido como <em>The troubles, <\/em>a la vez que se divertir\u00e1 con esta especie de \u201cexperiencia Erasmus\u201d de la protagonista.<\/p><p>\u00a0<\/p><p>Sobre <em>La nacionalidad del peinado<\/em> se ha dicho:<\/p><p>\u00a0<\/p><p><em>En esta novela tenemos un mapa de conflictos generacionales y culturales, un despliegue de intereses, inquietudes, preguntas, que hacen de la novela algo que va m\u00e1s all\u00e1 de una simple \u2018aventura\u2019 de vida.<\/em><\/p><p>Ronaldo Men\u00e9ndez<\/p><p><em>La autora se maneja con soltura, incluso con elegancia, en el p\u00e1rrafo y es capaz de tener una visi\u00f3n de conjunto muy eficaz en cuanto a la dimensi\u00f3n y estructura de los cap\u00edtulos.<\/em><\/p><p>Gin\u00e9s S\u00e1nchez<\/p><p><em>El trabajo de construcci\u00f3n de personajes es especialmente notable y lo que m\u00e1s, junto a la estructura de las tramas, contribuye a la f\u00e9rrea verosimilitud, coherencia interna y, dir\u00eda, grandeza, de la historia.<\/em><\/p><p>Cristina Cerrada<\/p>\t\t\t\t\t\t\t\t<\/div>\n\t\t\t\t<\/div>\n\t\t\t\t\t<\/div>\n\t\t<\/div>\n\t\t\t\t\t<\/div>\n\t\t<\/section>\n\t\t\t\t<section class=\"elementor-section elementor-top-section elementor-element elementor-element-7bfb5daf elementor-section-full_width elementor-section-height-full elementor-section-content-middle back elementor-section-height-default elementor-section-items-middle\" data-id=\"7bfb5daf\" data-element_type=\"section\" data-e-type=\"section\" data-settings=\"{&quot;background_background&quot;:&quot;classic&quot;}\">\n\t\t\t\t\t\t<div class=\"elementor-container elementor-column-gap-no\">\n\t\t\t\t\t<div class=\"aux-parallax-section elementor-column elementor-col-100 elementor-top-column elementor-element elementor-element-de4999b\" data-id=\"de4999b\" data-element_type=\"column\" data-e-type=\"column\">\n\t\t\t<div class=\"elementor-widget-wrap elementor-element-populated\">\n\t\t\t\t\t\t<div class=\"elementor-element elementor-element-290b2d28 elementor-widget elementor-widget-text-editor\" data-id=\"290b2d28\" data-element_type=\"widget\" data-e-type=\"widget\" data-widget_type=\"text-editor.default\">\n\t\t\t\t<div class=\"elementor-widget-container\">\n\t\t\t\t\t\t\t\t\t<p style=\"text-align: center;\"><a class=\"fasc-button fasc-size-xlarge fasc-type-glossy fasc-rounded-medium fasc-style-bold\" style=\"background-color: #339e5a; color: #ffffff;\" href=\"https:\/\/librodepoesia.com\/libro\/la-nacionalidad-del-peinado-maria-pilar-perez-quilez\/\">COMPRA SUS LIBROS<\/a><\/p>\t\t\t\t\t\t\t\t<\/div>\n\t\t\t\t<\/div>\n\t\t\t\t\t<\/div>\n\t\t<\/div>\n\t\t\t\t\t<\/div>\n\t\t<\/section>\n\t\t\t\t<section class=\"elementor-section elementor-top-section elementor-element elementor-element-6056ecf8 elementor-section-full_width elementor-section-height-full elementor-section-height-default elementor-section-items-middle\" data-id=\"6056ecf8\" data-element_type=\"section\" data-e-type=\"section\" data-settings=\"{&quot;shape_divider_top&quot;:&quot;mountains&quot;,&quot;shape_divider_bottom&quot;:&quot;mountains&quot;}\">\n\t\t\t\t\t\t\t<div class=\"elementor-background-overlay\"><\/div>\n\t\t\t\t\t\t<div class=\"elementor-shape elementor-shape-top\" aria-hidden=\"true\" data-negative=\"false\">\n\t\t\t<svg xmlns=\"http:\/\/www.w3.org\/2000\/svg\" viewBox=\"0 0 1000 100\" preserveAspectRatio=\"none\">\n\t<path class=\"elementor-shape-fill\" opacity=\"0.33\" d=\"M473,67.3c-203.9,88.3-263.1-34-320.3,0C66,119.1,0,59.7,0,59.7V0h1000v59.7 c0,0-62.1,26.1-94.9,29.3c-32.8,3.3-62.8-12.3-75.8-22.1C806,49.6,745.3,8.7,694.9,4.7S492.4,59,473,67.3z\"\/>\n\t<path class=\"elementor-shape-fill\" opacity=\"0.66\" d=\"M734,67.3c-45.5,0-77.2-23.2-129.1-39.1c-28.6-8.7-150.3-10.1-254,39.1 s-91.7-34.4-149.2,0C115.7,118.3,0,39.8,0,39.8V0h1000v36.5c0,0-28.2-18.5-92.1-18.5C810.2,18.1,775.7,67.3,734,67.3z\"\/>\n\t<path class=\"elementor-shape-fill\" d=\"M766.1,28.9c-200-57.5-266,65.5-395.1,19.5C242,1.8,242,5.4,184.8,20.6C128,35.8,132.3,44.9,89.9,52.5C28.6,63.7,0,0,0,0 h1000c0,0-9.9,40.9-83.6,48.1S829.6,47,766.1,28.9z\"\/>\n<\/svg>\t\t<\/div>\n\t\t\t\t<div class=\"elementor-shape elementor-shape-bottom\" aria-hidden=\"true\" data-negative=\"false\">\n\t\t\t<svg xmlns=\"http:\/\/www.w3.org\/2000\/svg\" viewBox=\"0 0 1000 100\" preserveAspectRatio=\"none\">\n\t<path class=\"elementor-shape-fill\" opacity=\"0.33\" d=\"M473,67.3c-203.9,88.3-263.1-34-320.3,0C66,119.1,0,59.7,0,59.7V0h1000v59.7 c0,0-62.1,26.1-94.9,29.3c-32.8,3.3-62.8-12.3-75.8-22.1C806,49.6,745.3,8.7,694.9,4.7S492.4,59,473,67.3z\"\/>\n\t<path class=\"elementor-shape-fill\" opacity=\"0.66\" d=\"M734,67.3c-45.5,0-77.2-23.2-129.1-39.1c-28.6-8.7-150.3-10.1-254,39.1 s-91.7-34.4-149.2,0C115.7,118.3,0,39.8,0,39.8V0h1000v36.5c0,0-28.2-18.5-92.1-18.5C810.2,18.1,775.7,67.3,734,67.3z\"\/>\n\t<path class=\"elementor-shape-fill\" d=\"M766.1,28.9c-200-57.5-266,65.5-395.1,19.5C242,1.8,242,5.4,184.8,20.6C128,35.8,132.3,44.9,89.9,52.5C28.6,63.7,0,0,0,0 h1000c0,0-9.9,40.9-83.6,48.1S829.6,47,766.1,28.9z\"\/>\n<\/svg>\t\t<\/div>\n\t\t\t\t\t<div class=\"elementor-container elementor-column-gap-default\">\n\t\t\t\t\t<div class=\"aux-parallax-section elementor-column elementor-col-100 elementor-top-column elementor-element elementor-element-516f0fe6\" data-id=\"516f0fe6\" data-element_type=\"column\" data-e-type=\"column\">\n\t\t\t<div class=\"elementor-widget-wrap elementor-element-populated\">\n\t\t\t\t\t\t<div class=\"elementor-element elementor-element-29768ea8 elementor-widget__width-inherit elementor-widget elementor-widget-text-editor\" data-id=\"29768ea8\" data-element_type=\"widget\" data-e-type=\"widget\" data-widget_type=\"text-editor.default\">\n\t\t\t\t<div class=\"elementor-widget-container\">\n\t\t\t\t\t\t\t\t\t<p>Esta p\u00e1gina web est\u00e1 realizada por el GRUPO EDITORIAL P\u00c9REZ-AYALA para el escritor MAR\u00cdA PILAR P\u00c9REZ QU\u00cdLEZ porque acaba de publicar un libro en una de las siguientes editoriales de poes\u00eda:<br \/>Editorial Poes\u00eda eres t\u00fa: Una editorial para poetas contempor\u00e1neos, con un cat\u00e1logo diverso de las diferentes tendencias de la poes\u00eda.<br \/>Ediciones Rilke: Una colecci\u00f3n de poes\u00eda cl\u00e1sica con poetas contempor\u00e1neos de gran trayectoria.<br \/>Ediciones Azor\u00edn: Una editorial para escritores y temas de Alicante y Murcia, un sello regional a nivel nacional.<br \/>Contamos tambi\u00e9n con editoriales de narrativa como Ediciones Amaniel y una editorial de autoedici\u00f3n como la Editorial Agencia del libro y un sistema de crowdfunding de libros para que los nuevos escritores puedan publicar un libro gratis.<br \/>Informaci\u00f3n tras publicar un libro: LA NACIONALIDAD DEL PEINADO de MAR\u00cdA PILAR P\u00c9REZ QU\u00cdLEZ con la editorial de poes\u00eda Editorial Poes\u00eda eres t\u00fa.<br \/>MAR\u00cdA PILAR P\u00c9REZ QU\u00cdLEZ logra publicar un libro de poes\u00eda, LA NACIONALIDAD DEL PEINADO, tras un proceso de selecci\u00f3n de obras con la Editorial Poes\u00eda eres t\u00fa.<br \/>Todos los derechos del libro LA NACIONALIDAD DEL PEINADO pertenecen a MAR\u00cdA PILAR P\u00c9REZ QU\u00cdLEZ tras publicar un libro con la Editorial Poes\u00eda eres t\u00fa.<br \/>Publicar un libro de poes\u00eda como LA NACIONALIDAD DEL PEINADO de MAR\u00cdA PILAR P\u00c9REZ QU\u00cdLEZ es posible gracias al trabajo de todo el equipo de la Editorial Poes\u00eda eres t\u00fa.<br \/>Toda la promoci\u00f3n del libro LA NACIONALIDAD DEL PEINADO la puedes ver en la p\u00e1gina de la Editorial Poes\u00eda eres t\u00fa y en la web que la editorial le hace a MAR\u00cdA PILAR P\u00c9REZ QU\u00cdLEZ tras publicar un libro.<br \/>MAR\u00cdA PILAR P\u00c9REZ QU\u00cdLEZ agradece a la Editorial Poes\u00eda eres t\u00fa y la Agencia del libro por facilitar el trabajo de publicar un libro: LA NACIONALIDAD DEL PEINADO.<br \/>La Editorial Poes\u00eda eres t\u00fa y MAR\u00cdA PILAR P\u00c9REZ QU\u00cdLEZ agradecen la colaboraci\u00f3n de los poetas, que han conseguido publicar un libro, y lectores del libro LA NACIONALIDAD DEL PEINADO por su colaboraci\u00f3n en la promoci\u00f3n y difusi\u00f3n de la obra.<\/p>\t\t\t\t\t\t\t\t<\/div>\n\t\t\t\t<\/div>\n\t\t\t\t\t<\/div>\n\t\t<\/div>\n\t\t\t\t\t<\/div>\n\t\t<\/section>\n\t\t\t\t<\/div>\n\t\t","protected":false},"excerpt":{"rendered":"<p>Pilar P\u00e9rez Qu\u00edlez, (Jumilla, 1981). Ingeniera de Telecomunicaciones. Cuando era ni\u00f1a y le preguntaban qu\u00e9 quer\u00eda ser de mayor contestaba que inform\u00e1tica y escritora. Entre 2008 y 2010 residi\u00f3, junto con su marido, en Belfast (Irlanda del Norte), ciudad en la que trabaj\u00f3 como inform\u00e1tica y profesora de conversaci\u00f3n en espa\u00f1ol en Strathearn School. En [&hellip;]<\/p>\n","protected":false},"author":1,"featured_media":0,"parent":0,"menu_order":0,"comment_status":"closed","ping_status":"closed","template":"","meta":{"_acf_changed":false,"footnotes":""},"class_list":["post-19","page","type-page","status-publish","hentry"],"acf":[],"yoast_head":"<!-- This site is optimized with the Yoast SEO Premium plugin v24.7 (Yoast SEO v27.5) - https:\/\/yoast.com\/product\/yoast-seo-premium-wordpress\/ -->\n<title>Mar\u00eda Pilar P\u00e9rez Qu\u00edlez - Mar\u00eda Pilar P\u00e9rez Qu\u00edlez<\/title>\n<meta name=\"description\" content=\"Mar\u00eda Pilar P\u00e9rez Qu\u00edlez es la escritora del libro LA NACIONALIDAD DEL PEINADO publiado con Ediciones Amaniel en el 2024.\" \/>\n<meta name=\"robots\" content=\"index, follow, max-snippet:-1, max-image-preview:large, max-video-preview:-1\" \/>\n<link rel=\"canonical\" href=\"https:\/\/nuestrosescritores.com\/pilarquilez\/\" \/>\n<meta property=\"og:locale\" content=\"es_ES\" \/>\n<meta property=\"og:type\" content=\"article\" \/>\n<meta property=\"og:title\" content=\"Mar\u00eda Pilar P\u00e9rez Qu\u00edlez\" \/>\n<meta property=\"og:description\" content=\"Mar\u00eda Pilar P\u00e9rez Qu\u00edlez es la escritora del libro LA NACIONALIDAD DEL PEINADO publiado con Ediciones Amaniel en el 2024.\" \/>\n<meta property=\"og:url\" content=\"https:\/\/nuestrosescritores.com\/pilarquilez\/\" \/>\n<meta property=\"og:site_name\" content=\"Mar\u00eda Pilar P\u00e9rez Qu\u00edlez\" \/>\n<meta property=\"article:modified_time\" content=\"2024-02-04T18:39:42+00:00\" \/>\n<meta property=\"og:image\" content=\"http:\/\/nuestrosescritores.com\/pilarquilez\/wp-content\/uploads\/sites\/169\/2024\/01\/Libro-Pili-2-Mediano.jpg\" \/>\n<meta name=\"twitter:card\" content=\"summary_large_image\" \/>\n<meta name=\"twitter:label1\" content=\"Tiempo de lectura\" \/>\n\t<meta name=\"twitter:data1\" content=\"5 minutos\" \/>\n<script type=\"application\/ld+json\" class=\"yoast-schema-graph\">{\"@context\":\"https:\\\/\\\/schema.org\",\"@graph\":[{\"@type\":\"WebPage\",\"@id\":\"https:\\\/\\\/nuestrosescritores.com\\\/pilarquilez\\\/\",\"url\":\"https:\\\/\\\/nuestrosescritores.com\\\/pilarquilez\\\/\",\"name\":\"Mar\u00eda Pilar P\u00e9rez Qu\u00edlez - Mar\u00eda Pilar P\u00e9rez Qu\u00edlez\",\"isPartOf\":{\"@id\":\"https:\\\/\\\/nuestrosescritores.com\\\/pilarquilez\\\/#website\"},\"primaryImageOfPage\":{\"@id\":\"https:\\\/\\\/nuestrosescritores.com\\\/pilarquilez\\\/#primaryimage\"},\"image\":{\"@id\":\"https:\\\/\\\/nuestrosescritores.com\\\/pilarquilez\\\/#primaryimage\"},\"thumbnailUrl\":\"http:\\\/\\\/nuestrosescritores.com\\\/pilarquilez\\\/wp-content\\\/uploads\\\/sites\\\/169\\\/2024\\\/01\\\/Libro-Pili-2-Mediano.jpg\",\"datePublished\":\"2024-01-27T17:26:32+00:00\",\"dateModified\":\"2024-02-04T18:39:42+00:00\",\"description\":\"Mar\u00eda Pilar P\u00e9rez Qu\u00edlez es la escritora del libro LA NACIONALIDAD DEL PEINADO publiado con Ediciones Amaniel en el 2024.\",\"breadcrumb\":{\"@id\":\"https:\\\/\\\/nuestrosescritores.com\\\/pilarquilez\\\/#breadcrumb\"},\"inLanguage\":\"es\",\"potentialAction\":[{\"@type\":\"ReadAction\",\"target\":[\"https:\\\/\\\/nuestrosescritores.com\\\/pilarquilez\\\/\"]}]},{\"@type\":\"ImageObject\",\"inLanguage\":\"es\",\"@id\":\"https:\\\/\\\/nuestrosescritores.com\\\/pilarquilez\\\/#primaryimage\",\"url\":\"https:\\\/\\\/nuestrosescritores.com\\\/pilarquilez\\\/wp-content\\\/uploads\\\/sites\\\/169\\\/2024\\\/01\\\/Libro-Pili-2-Mediano.jpg\",\"contentUrl\":\"https:\\\/\\\/nuestrosescritores.com\\\/pilarquilez\\\/wp-content\\\/uploads\\\/sites\\\/169\\\/2024\\\/01\\\/Libro-Pili-2-Mediano.jpg\",\"width\":768,\"height\":1151},{\"@type\":\"BreadcrumbList\",\"@id\":\"https:\\\/\\\/nuestrosescritores.com\\\/pilarquilez\\\/#breadcrumb\",\"itemListElement\":[{\"@type\":\"ListItem\",\"position\":1,\"name\":\"Portada\",\"item\":\"https:\\\/\\\/nuestrosescritores.com\\\/pilarquilez\\\/\"},{\"@type\":\"ListItem\",\"position\":2,\"name\":\"Mar\u00eda Pilar P\u00e9rez Qu\u00edlez\"}]},{\"@type\":\"WebSite\",\"@id\":\"https:\\\/\\\/nuestrosescritores.com\\\/pilarquilez\\\/#website\",\"url\":\"https:\\\/\\\/nuestrosescritores.com\\\/pilarquilez\\\/\",\"name\":\"Nuestros escritores\",\"description\":\"Escritora\",\"potentialAction\":[{\"@type\":\"SearchAction\",\"target\":{\"@type\":\"EntryPoint\",\"urlTemplate\":\"https:\\\/\\\/nuestrosescritores.com\\\/pilarquilez\\\/?s={search_term_string}\"},\"query-input\":{\"@type\":\"PropertyValueSpecification\",\"valueRequired\":true,\"valueName\":\"search_term_string\"}}],\"inLanguage\":\"es\"}]}<\/script>\n<!-- \/ Yoast SEO Premium plugin. -->","yoast_head_json":{"title":"Mar\u00eda Pilar P\u00e9rez Qu\u00edlez - Mar\u00eda Pilar P\u00e9rez Qu\u00edlez","description":"Mar\u00eda Pilar P\u00e9rez Qu\u00edlez es la escritora del libro LA NACIONALIDAD DEL PEINADO publiado con Ediciones Amaniel en el 2024.","robots":{"index":"index","follow":"follow","max-snippet":"max-snippet:-1","max-image-preview":"max-image-preview:large","max-video-preview":"max-video-preview:-1"},"canonical":"https:\/\/nuestrosescritores.com\/pilarquilez\/","og_locale":"es_ES","og_type":"article","og_title":"Mar\u00eda Pilar P\u00e9rez Qu\u00edlez","og_description":"Mar\u00eda Pilar P\u00e9rez Qu\u00edlez es la escritora del libro LA NACIONALIDAD DEL PEINADO publiado con Ediciones Amaniel en el 2024.","og_url":"https:\/\/nuestrosescritores.com\/pilarquilez\/","og_site_name":"Mar\u00eda Pilar P\u00e9rez Qu\u00edlez","article_modified_time":"2024-02-04T18:39:42+00:00","og_image":[{"url":"http:\/\/nuestrosescritores.com\/pilarquilez\/wp-content\/uploads\/sites\/169\/2024\/01\/Libro-Pili-2-Mediano.jpg","type":"","width":"","height":""}],"twitter_card":"summary_large_image","twitter_misc":{"Tiempo de lectura":"5 minutos"},"schema":{"@context":"https:\/\/schema.org","@graph":[{"@type":"WebPage","@id":"https:\/\/nuestrosescritores.com\/pilarquilez\/","url":"https:\/\/nuestrosescritores.com\/pilarquilez\/","name":"Mar\u00eda Pilar P\u00e9rez Qu\u00edlez - Mar\u00eda Pilar P\u00e9rez Qu\u00edlez","isPartOf":{"@id":"https:\/\/nuestrosescritores.com\/pilarquilez\/#website"},"primaryImageOfPage":{"@id":"https:\/\/nuestrosescritores.com\/pilarquilez\/#primaryimage"},"image":{"@id":"https:\/\/nuestrosescritores.com\/pilarquilez\/#primaryimage"},"thumbnailUrl":"http:\/\/nuestrosescritores.com\/pilarquilez\/wp-content\/uploads\/sites\/169\/2024\/01\/Libro-Pili-2-Mediano.jpg","datePublished":"2024-01-27T17:26:32+00:00","dateModified":"2024-02-04T18:39:42+00:00","description":"Mar\u00eda Pilar P\u00e9rez Qu\u00edlez es la escritora del libro LA NACIONALIDAD DEL PEINADO publiado con Ediciones Amaniel en el 2024.","breadcrumb":{"@id":"https:\/\/nuestrosescritores.com\/pilarquilez\/#breadcrumb"},"inLanguage":"es","potentialAction":[{"@type":"ReadAction","target":["https:\/\/nuestrosescritores.com\/pilarquilez\/"]}]},{"@type":"ImageObject","inLanguage":"es","@id":"https:\/\/nuestrosescritores.com\/pilarquilez\/#primaryimage","url":"https:\/\/nuestrosescritores.com\/pilarquilez\/wp-content\/uploads\/sites\/169\/2024\/01\/Libro-Pili-2-Mediano.jpg","contentUrl":"https:\/\/nuestrosescritores.com\/pilarquilez\/wp-content\/uploads\/sites\/169\/2024\/01\/Libro-Pili-2-Mediano.jpg","width":768,"height":1151},{"@type":"BreadcrumbList","@id":"https:\/\/nuestrosescritores.com\/pilarquilez\/#breadcrumb","itemListElement":[{"@type":"ListItem","position":1,"name":"Portada","item":"https:\/\/nuestrosescritores.com\/pilarquilez\/"},{"@type":"ListItem","position":2,"name":"Mar\u00eda Pilar P\u00e9rez Qu\u00edlez"}]},{"@type":"WebSite","@id":"https:\/\/nuestrosescritores.com\/pilarquilez\/#website","url":"https:\/\/nuestrosescritores.com\/pilarquilez\/","name":"Nuestros escritores","description":"Escritora","potentialAction":[{"@type":"SearchAction","target":{"@type":"EntryPoint","urlTemplate":"https:\/\/nuestrosescritores.com\/pilarquilez\/?s={search_term_string}"},"query-input":{"@type":"PropertyValueSpecification","valueRequired":true,"valueName":"search_term_string"}}],"inLanguage":"es"}]}},"_links":{"self":[{"href":"https:\/\/nuestrosescritores.com\/pilarquilez\/wp-json\/wp\/v2\/pages\/19","targetHints":{"allow":["GET"]}}],"collection":[{"href":"https:\/\/nuestrosescritores.com\/pilarquilez\/wp-json\/wp\/v2\/pages"}],"about":[{"href":"https:\/\/nuestrosescritores.com\/pilarquilez\/wp-json\/wp\/v2\/types\/page"}],"author":[{"embeddable":true,"href":"https:\/\/nuestrosescritores.com\/pilarquilez\/wp-json\/wp\/v2\/users\/1"}],"replies":[{"embeddable":true,"href":"https:\/\/nuestrosescritores.com\/pilarquilez\/wp-json\/wp\/v2\/comments?post=19"}],"version-history":[{"count":0,"href":"https:\/\/nuestrosescritores.com\/pilarquilez\/wp-json\/wp\/v2\/pages\/19\/revisions"}],"wp:attachment":[{"href":"https:\/\/nuestrosescritores.com\/pilarquilez\/wp-json\/wp\/v2\/media?parent=19"}],"curies":[{"name":"wp","href":"https:\/\/api.w.org\/{rel}","templated":true}]}}