{"id":107,"date":"2021-10-24T15:52:59","date_gmt":"2021-10-24T15:52:59","guid":{"rendered":"https:\/\/nuestrosescritores.com\/pilarmartinperez\/?page_id=107"},"modified":"2021-10-24T21:36:01","modified_gmt":"2021-10-24T21:36:01","slug":"poesias","status":"publish","type":"page","link":"https:\/\/nuestrosescritores.com\/pilarmartinperez\/poesias\/","title":{"rendered":"Poes\u00edas"},"content":{"rendered":"<div class=\"wpb-content-wrapper\">[vc_row full_width=&#8221;stretch_row_content_no_spaces&#8221; full_height=&#8221;yes&#8221; equal_height=&#8221;yes&#8221;][vc_column extend=&#8221;false&#8221;]<div id=\"rowvcpt-row-settings\" class=\"rowvcpt-row-set RowVcPt-row-setting69f398939f6c9 \" data-no=\"RowVcPt-row-setting69f398939f6c9\"><div class=\"columns-bg-wrap columns-bg-anim-colors columns-bg-image  columns_simple_image\" id=\"RowVcPt-image-bg-69f398939f6c8\"   data-parallax_sense=\"30\" src=\"https:\/\/nuestrosescritores.com\/pilarmartinperez\/wp-content\/uploads\/sites\/108\/2021\/10\/PhotoEffectBackLightMockup3FP-Mediano.jpg\" style=\"background-image: url(https:\/\/nuestrosescritores.com\/pilarmartinperez\/wp-content\/uploads\/sites\/108\/2021\/10\/PhotoEffectBackLightMockup3FP-Mediano.jpg);background-position: center center;background-size: cover;background-attachment: fixed;\"><\/div><\/div>[\/vc_column][\/vc_row][vc_row][vc_column extend=&#8221;false&#8221;][vc_column_text]\n<h1>&nbsp;<\/h1>\n<h1><a name=\"_Toc72690508\"><\/a><\/h1>\n<h1><a name=\"_Toc77778611\"><\/a><\/h1>\n<h1><a name=\"_Toc85385593\"><\/a><strong>1.- disidente<\/strong><\/h1>\n<p>&nbsp;<\/p>\n<p>&nbsp;<\/p>\n<p>A veces de m\u00ed, del mundo, de todo lo heredado, inoculado o<\/p>\n[impuesto.<\/p>\n<p>De tus miedos y los m\u00edos. De tu ausencia y la m\u00eda. Del reloj.<\/p>\n<p>De los sue\u00f1os no dormidos y los sue\u00f1os no so\u00f1ados.<\/p>\n<p>&nbsp;<\/p>\n<p>De mis sesgos y mis c\u00e1rceles. De mi infancia. De mi herencia.<\/p>\n<p>De mis debilidades y las tuyas.<\/p>\n<p>De los ma\u00f1anas inciertos y los ayeres demasiado ciertos.<\/p>\n<p>De tus mentiras y las m\u00edas.<\/p>\n<p>&nbsp;<\/p>\n<p>De lo que fue. De lo que nunca m\u00e1s ser\u00e1.<\/p>\n<p>De lo posible y lo imposible. De lo cotidiano y lo irrepetible.<\/p>\n<p>Del suelo bajo mis pies y del cielo derrumbado sobre mis sesos.<\/p>\n<p>&nbsp;<\/p>\n<p>Disidente de ti.<\/p>\n<p>Disidente por compasi\u00f3n.<\/p>\n<p>Disidente por sutura.<\/p>\n<p>&nbsp;<\/p>\n<span class='bctt-click-to-tweet'><span class='bctt-ctt-text'><a href='https:\/\/x.com\/intent\/tweet?url=https%3A%2F%2Fnuestrosescritores.com%2Fpilarmartinperez%2Fpoesias%2F&#038;text=1.-%20disidente%20del%20libro%20IRREVERENTE%20de%20PILAR%20MART%C3%8DN%20P%C3%89REZ&#038;via=poesiaerestu&#038;related=poesiaerestu' target='_blank'rel=\"noopener noreferrer\">1.- disidente del libro IRREVERENTE de PILAR MART\u00cdN P\u00c9REZ <\/a><\/span><a href='https:\/\/x.com\/intent\/tweet?url=https%3A%2F%2Fnuestrosescritores.com%2Fpilarmartinperez%2Fpoesias%2F&#038;text=1.-%20disidente%20del%20libro%20IRREVERENTE%20de%20PILAR%20MART%C3%8DN%20P%C3%89REZ&#038;via=poesiaerestu&#038;related=poesiaerestu' target='_blank' class='bctt-ctt-btn'rel=\"noopener noreferrer\">Compartir en X<\/a><\/span>[\/vc_column_text][\/vc_column][\/vc_row][vc_row full_width=&#8221;stretch_row_content_no_spaces&#8221; full_height=&#8221;yes&#8221; equal_height=&#8221;yes&#8221;][vc_column extend=&#8221;false&#8221;]<div id=\"rowvcpt-row-settings\" class=\"rowvcpt-row-set RowVcPt-row-setting69f398939fc5c \" data-no=\"RowVcPt-row-setting69f398939fc5c\"><div class=\"columns-bg-wrap columns-bg-anim-colors columns-bg-image  columns_simple_image\" id=\"RowVcPt-image-bg-69f398939fc5b\"   data-parallax_sense=\"30\" src=\"https:\/\/nuestrosescritores.com\/pilarmartinperez\/wp-content\/uploads\/sites\/108\/2021\/10\/PhotoEffectFireHole1FP-Mediano.jpg\" style=\"background-image: url(https:\/\/nuestrosescritores.com\/pilarmartinperez\/wp-content\/uploads\/sites\/108\/2021\/10\/PhotoEffectFireHole1FP-Mediano.jpg);background-position: center center;background-size: cover;background-attachment: fixed;\"><\/div><\/div>[\/vc_column][\/vc_row][vc_row][vc_column extend=&#8221;false&#8221;][vc_column_text]\n<h1><a name=\"_Toc77778617\"><\/a><\/h1>\n<h1><a name=\"_Toc77014564\"><\/a><\/h1>\n<h1><a name=\"_Toc78567357\"><\/a><\/h1>\n<h1><a name=\"_Toc85385607\"><\/a><strong>15.-diab\u00f3lico<\/strong><\/h1>\n<p>&nbsp;<\/p>\n<p>&nbsp;<\/p>\n<p>No es rojo, caliente y sulfurado;<\/p>\n<p>es m\u00e1s bien azul el\u00e9ctrico, fr\u00edo<\/p>\n<p>y huele a incienso, madera y cuero.<\/p>\n<p>&nbsp;<\/p>\n<p>R\u00edgido, ignorante e inclemente.<\/p>\n<p>Incapaz de empat\u00eda ni de sentimiento de culpa.<\/p>\n<p>&nbsp;<\/p>\n<p>Si te toca la frente mientras duermes,<\/p>\n<p>congelar\u00e1 tu posibilidad de SER.<\/p>\n<h1><span style=\"font-size: 16px;\">.<\/span><\/h1>\n<p>&nbsp;<\/p>\n<span class='bctt-click-to-tweet'><span class='bctt-ctt-text'><a href='https:\/\/x.com\/intent\/tweet?url=https%3A%2F%2Fnuestrosescritores.com%2Fpilarmartinperez%2Fpoesias%2F&#038;text=15.-diab%C3%B3lico%20del%20libro%20IRREVERENTE%20de%20PILAR%20MART%C3%8DN%20P%C3%89REZ&#038;via=poesiaerestu&#038;related=poesiaerestu' target='_blank'rel=\"noopener noreferrer\">15.-diab\u00f3lico del libro IRREVERENTE de PILAR MART\u00cdN P\u00c9REZ <\/a><\/span><a href='https:\/\/x.com\/intent\/tweet?url=https%3A%2F%2Fnuestrosescritores.com%2Fpilarmartinperez%2Fpoesias%2F&#038;text=15.-diab%C3%B3lico%20del%20libro%20IRREVERENTE%20de%20PILAR%20MART%C3%8DN%20P%C3%89REZ&#038;via=poesiaerestu&#038;related=poesiaerestu' target='_blank' class='bctt-ctt-btn'rel=\"noopener noreferrer\">Compartir en X<\/a><\/span>\n<p>&nbsp;<\/p>\n<p>&nbsp;[\/vc_column_text][\/vc_column][\/vc_row][vc_row full_height=&#8221;yes&#8221;][vc_column extend=&#8221;false&#8221;]<div id=\"rowvcpt-row-settings\" class=\"rowvcpt-row-set RowVcPt-row-setting69f39893a0030 \" data-no=\"RowVcPt-row-setting69f39893a0030\"><div class=\"columns-bg-wrap columns-bg-anim-colors columns-bg-image  columns_simple_image\" id=\"RowVcPt-image-bg-69f39893a002f\"   data-parallax_sense=\"30\" src=\"https:\/\/nuestrosescritores.com\/pilarmartinperez\/wp-content\/uploads\/sites\/108\/2021\/10\/PilarMartinPerez_irreverente_Alargado-Mediano-1.jpg\" style=\"background-image: url(https:\/\/nuestrosescritores.com\/pilarmartinperez\/wp-content\/uploads\/sites\/108\/2021\/10\/PilarMartinPerez_irreverente_Alargado-Mediano-1.jpg);background-position: center top;background-size: cover;background-attachment: fixed;\"><\/div><\/div>[\/vc_column][\/vc_row][vc_row][vc_column extend=&#8221;false&#8221;][vc_column_text]\n<h1><a name=\"_Toc77778628\"><\/a><\/h1>\n<h1><a name=\"_Toc78567364\"><\/a><\/h1>\n<h1><a name=\"_Toc85385623\"><\/a><strong>31.-dialogante<\/strong><\/h1>\n<p>&nbsp;<\/p>\n<p>&nbsp;<\/p>\n<p>Entre mis tripas y mis sesos<\/p>\n<p>nunca hubo pactos.<\/p>\n<p>&nbsp;<\/p>\n<p>Las coronarias siempre procuraron interceder<\/p>\n<p>con su dialogante, est\u00e9ril y absurda forma<\/p>\n<p>de te\u00f1irlo todo de rojo.<\/p>\n<p>&nbsp;<\/p>\n<p>Mis pies re\u00edan<\/p>\n<p>mientras caminaban en direcci\u00f3n contraria.<\/p>\n<p>&nbsp;<\/p>\n<p>Mis manos<\/p>\n<p>tej\u00edan excusas con encajes.<\/p>\n<p>&nbsp;<\/p>\n<p>Entretanto mis ojos iban gestando las cataratas<\/p>\n<p>de las que emanaba la neblina<\/p>\n<p>que me serv\u00eda de pretexto.<\/p>\n<p>&nbsp;<\/p>\n<p>&nbsp;<\/p>\n<p>&nbsp;<\/p>\n<span class='bctt-click-to-tweet'><span class='bctt-ctt-text'><a href='https:\/\/x.com\/intent\/tweet?url=https%3A%2F%2Fnuestrosescritores.com%2Fpilarmartinperez%2Fpoesias%2F&#038;text=31.-dialogante%20del%20libro%20IRREVERENTE%20de%20PILAR%20MART%C3%8DN%20P%C3%89REZ&#038;via=poesiaerestu&#038;related=poesiaerestu' target='_blank'rel=\"noopener noreferrer\">31.-dialogante del libro IRREVERENTE de PILAR MART\u00cdN P\u00c9REZ <\/a><\/span><a href='https:\/\/x.com\/intent\/tweet?url=https%3A%2F%2Fnuestrosescritores.com%2Fpilarmartinperez%2Fpoesias%2F&#038;text=31.-dialogante%20del%20libro%20IRREVERENTE%20de%20PILAR%20MART%C3%8DN%20P%C3%89REZ&#038;via=poesiaerestu&#038;related=poesiaerestu' target='_blank' class='bctt-ctt-btn'rel=\"noopener noreferrer\">Compartir en X<\/a><\/span>[\/vc_column_text][\/vc_column][\/vc_row][vc_row full_height=&#8221;yes&#8221; equal_height=&#8221;yes&#8221;][vc_column extend=&#8221;false&#8221;]<div id=\"rowvcpt-row-settings\" class=\"rowvcpt-row-set RowVcPt-row-setting69f39893a03d5 \" data-no=\"RowVcPt-row-setting69f39893a03d5\"><div class=\"columns-bg-wrap columns-bg-anim-colors columns-bg-image  columns_simple_image\" id=\"RowVcPt-image-bg-69f39893a03d4\"   data-parallax_sense=\"30\" src=\"https:\/\/nuestrosescritores.com\/pilarmartinperez\/wp-content\/uploads\/sites\/108\/2021\/10\/VEXEL-Art_Alargado-Mediano.jpg\" style=\"background-image: url(https:\/\/nuestrosescritores.com\/pilarmartinperez\/wp-content\/uploads\/sites\/108\/2021\/10\/VEXEL-Art_Alargado-Mediano.jpg);background-position: center center;background-size: cover;background-attachment: fixed;\"><\/div><\/div>[\/vc_column][\/vc_row][vc_row][vc_column extend=&#8221;false&#8221;][vc_column_text]\n<h1><a name=\"_Toc77778637\"><\/a><\/h1>\n<h1><a name=\"_Toc77014591\"><\/a><\/h1>\n<h1>&nbsp;<\/h1>\n<h1><a name=\"_Toc85385647\"><\/a><strong>54.- eco<\/strong><\/h1>\n<p>&nbsp;<\/p>\n<p>&nbsp;<\/p>\n<p>A mis espaldas, sin mi consentimiento,<\/p>\n<p>a traici\u00f3n y con alevos\u00eda,<\/p>\n<p>se escondi\u00f3 en mi l\u00edmbico<\/p>\n<p>el eco de una sentencia.<\/p>\n<p>&nbsp;<\/p>\n<p>Furtiva y clandestina por verg\u00fcenza,<\/p>\n<p>su negro sobre blanco sigue siendo, en mi sentir,<\/p>\n<p>como la cuchilla en el ojo de Bu\u00f1uel.<\/p>\n<p>El perro andaluz de mi humillaci\u00f3n.<\/p>\n<p>&nbsp;<\/p>\n<p>Cazarla fue una Odisea,<\/p>\n<p>ponerle palabras una erudici\u00f3n,<\/p>\n<p>negarla una heroicidad.<\/p>\n<p>Amputarla, con el bistur\u00ed de mi entendimiento, una gesta.<\/p>\n<p>&nbsp;<\/p>\n<p>Pero no. Escribirla sigue vedado.<\/p>\n<p>&nbsp;<\/p>\n<p>&nbsp;<\/p>\n<span class='bctt-click-to-tweet'><span class='bctt-ctt-text'><a href='https:\/\/x.com\/intent\/tweet?url=https%3A%2F%2Fnuestrosescritores.com%2Fpilarmartinperez%2Fpoesias%2F&#038;text=54.-%20eco%20del%20libro%20IRREVERENTE%20de%20PILAR%20MART%C3%8DN%20P%C3%89REZ&#038;via=poesiaerestu&#038;related=poesiaerestu' target='_blank'rel=\"noopener noreferrer\">54.- eco del libro IRREVERENTE de PILAR MART\u00cdN P\u00c9REZ <\/a><\/span><a href='https:\/\/x.com\/intent\/tweet?url=https%3A%2F%2Fnuestrosescritores.com%2Fpilarmartinperez%2Fpoesias%2F&#038;text=54.-%20eco%20del%20libro%20IRREVERENTE%20de%20PILAR%20MART%C3%8DN%20P%C3%89REZ&#038;via=poesiaerestu&#038;related=poesiaerestu' target='_blank' class='bctt-ctt-btn'rel=\"noopener noreferrer\">Compartir en X<\/a><\/span>[\/vc_column_text][\/vc_column][\/vc_row][vc_row full_height=&#8221;yes&#8221; equal_height=&#8221;yes&#8221;][vc_column extend=&#8221;false&#8221;]<div id=\"rowvcpt-row-settings\" class=\"rowvcpt-row-set RowVcPt-row-setting69f39893a0795 \" data-no=\"RowVcPt-row-setting69f39893a0795\"><div class=\"columns-bg-wrap columns-bg-anim-colors columns-bg-image  columns_simple_image\" id=\"RowVcPt-image-bg-69f39893a0794\"   data-parallax_sense=\"30\" src=\"https:\/\/nuestrosescritores.com\/pilarmartinperez\/wp-content\/uploads\/sites\/108\/2021\/10\/PhotoEffectGlowingEffect5FP2-Mediano.jpg\" style=\"background-image: url(https:\/\/nuestrosescritores.com\/pilarmartinperez\/wp-content\/uploads\/sites\/108\/2021\/10\/PhotoEffectGlowingEffect5FP2-Mediano.jpg);background-position: center center;background-size: cover;background-attachment: fixed;\"><\/div><\/div>[\/vc_column][\/vc_row][vc_row][vc_column extend=&#8221;false&#8221;][vc_column_text]\n<h1><a name=\"_Toc77778642\"><\/a><\/h1>\n<h1><a name=\"_Toc77014596\"><\/a><\/h1>\n<h1>&nbsp;<\/h1>\n<p><a name=\"_Toc85385695\"><\/a><strong>101.-caprichoso<\/strong><\/p>\n<p>&nbsp;<\/p>\n<p>&nbsp;<\/p>\n<p>Veinte a\u00f1os despu\u00e9s<\/p>\n<p>sigo sintiendo aquello<\/p>\n<p>que sent\u00ed al conoceros.<\/p>\n<p>&nbsp;<\/p>\n<p>Admiraci\u00f3n, envidia y respeto.<\/p>\n<p>El lujo de contemplar<\/p>\n<p>c\u00f3mo ibais enriqueciendo mi vida.<\/p>\n<p>&nbsp;<\/p>\n<p>Dos apuestos Apolos,<\/p>\n<p>cultos, divertidos y enamorados.<\/p>\n<p>&nbsp;<\/p>\n<p>Modelo del buen querer,<\/p>\n<p>patr\u00f3n y ejemplo de libertad sin clausulas.<\/p>\n<p>&nbsp;<\/p>\n<p>M\u00e1gico hechizo<\/p>\n<p>que alg\u00fan dios caprichoso revent\u00f3<\/p>\n<p>celoso de vuestra dicha,<\/p>\n<p>sabiendo que, a pesar de todo,<\/p>\n<p>segu\u00eds siendo uno,<\/p>\n<p>siquiera en mi memoria.<\/p>\n<span class='bctt-click-to-tweet'><span class='bctt-ctt-text'><a href='https:\/\/x.com\/intent\/tweet?url=https%3A%2F%2Fnuestrosescritores.com%2Fpilarmartinperez%2Fpoesias%2F&#038;text=101.-caprichoso%C2%A0del%20libro%20IRREVERENTE%20de%20PILAR%20MART%C3%8DN%20P%C3%89REZ&#038;via=poesiaerestu&#038;related=poesiaerestu' target='_blank'rel=\"noopener noreferrer\">101.-caprichoso&nbsp;del libro IRREVERENTE de PILAR MART\u00cdN P\u00c9REZ <\/a><\/span><a href='https:\/\/x.com\/intent\/tweet?url=https%3A%2F%2Fnuestrosescritores.com%2Fpilarmartinperez%2Fpoesias%2F&#038;text=101.-caprichoso%C2%A0del%20libro%20IRREVERENTE%20de%20PILAR%20MART%C3%8DN%20P%C3%89REZ&#038;via=poesiaerestu&#038;related=poesiaerestu' target='_blank' class='bctt-ctt-btn'rel=\"noopener noreferrer\">Compartir en X<\/a><\/span>[\/vc_column_text][\/vc_column][\/vc_row][vc_row full_height=&#8221;yes&#8221; equal_height=&#8221;yes&#8221;][vc_column extend=&#8221;false&#8221;]<div id=\"rowvcpt-row-settings\" class=\"rowvcpt-row-set RowVcPt-row-setting69f39893a0b84 \" data-no=\"RowVcPt-row-setting69f39893a0b84\"><div class=\"columns-bg-wrap columns-bg-anim-colors columns-bg-image  columns_simple_image\" id=\"RowVcPt-image-bg-69f39893a0b83\"   data-parallax_sense=\"30\" src=\"https:\/\/nuestrosescritores.com\/pilarmartinperez\/wp-content\/uploads\/sites\/108\/2021\/10\/PilarmartinPerezIrreverente_Alargado-Mediano.jpg\" style=\"background-image: url(https:\/\/nuestrosescritores.com\/pilarmartinperez\/wp-content\/uploads\/sites\/108\/2021\/10\/PilarmartinPerezIrreverente_Alargado-Mediano.jpg);background-position: center center;background-size: cover;background-attachment: fixed;\"><\/div><\/div><div class=\"ult-spacer spacer-69f39893a0e7e\" data-id=\"69f39893a0e7e\" data-height=\"150\" data-height-mobile=\"150\" data-height-tab=\"150\" data-height-tab-portrait=\"\" data-height-mobile-landscape=\"\" style=\"clear:both;display:block;\"><\/div>[vc_column_text]\n<p style=\"text-align: center;\"><a class=\"fasc-button fasc-size-xlarge fasc-type-glossy fasc-rounded-medium\" style=\"background-color: #33809e; color: #ffffff;\" href=\"https:\/\/librodepoesia.com\/libro\/irreverente-pilar-martin-perez\/\">Comprar el libro<\/a><\/p>\n[\/vc_column_text][\/vc_column][\/vc_row]\n<\/div>","protected":false},"excerpt":{"rendered":"<p>[vc_row full_width=&#8221;stretch_row_content_no_spaces&#8221; full_height=&#8221;yes&#8221; equal_height=&#8221;yes&#8221;][vc_column extend=&#8221;false&#8221;][\/vc_column][\/vc_row][vc_row][vc_column extend=&#8221;false&#8221;][vc_column_text] &nbsp; 1.- disidente &nbsp; &nbsp; A veces de m\u00ed, del mundo, de todo lo heredado, inoculado o [impuesto. De tus miedos y los m\u00edos. De tu ausencia y la m\u00eda. Del reloj. De los sue\u00f1os no dormidos y los sue\u00f1os no so\u00f1ados. &nbsp; De mis sesgos y mis c\u00e1rceles. [&hellip;]<\/p>\n","protected":false},"author":1,"featured_media":0,"parent":0,"menu_order":0,"comment_status":"closed","ping_status":"closed","template":"","meta":{"_acf_changed":false,"footnotes":""},"class_list":["post-107","page","type-page","status-publish","hentry"],"acf":[],"yoast_head":"<!-- This site is optimized with the Yoast SEO Premium plugin v24.7 (Yoast SEO v27.5) - https:\/\/yoast.com\/product\/yoast-seo-premium-wordpress\/ -->\n<title>Poes\u00edas - Pilar Mart\u00edn P\u00e9rez<\/title>\n<meta name=\"description\" content=\"Poes\u00eda del libro IRREVERENTE de PILAR MART\u00cdN P\u00c9REZ. La escritora nos da una muestra tras publicar un libro.\" \/>\n<meta name=\"robots\" content=\"index, follow, max-snippet:-1, max-image-preview:large, max-video-preview:-1\" \/>\n<link rel=\"canonical\" href=\"https:\/\/nuestrosescritores.com\/pilarmartinperez\/poesias\/\" \/>\n<meta property=\"og:locale\" content=\"es_ES\" \/>\n<meta property=\"og:type\" content=\"article\" \/>\n<meta property=\"og:title\" content=\"Poes\u00edas\" \/>\n<meta property=\"og:description\" content=\"Poes\u00eda del libro IRREVERENTE de PILAR MART\u00cdN P\u00c9REZ. La escritora nos da una muestra tras publicar un libro.\" \/>\n<meta property=\"og:url\" content=\"https:\/\/nuestrosescritores.com\/pilarmartinperez\/poesias\/\" \/>\n<meta property=\"og:site_name\" content=\"Pilar Mart\u00edn P\u00e9rez\" \/>\n<meta property=\"article:modified_time\" content=\"2021-10-24T21:36:01+00:00\" \/>\n<meta name=\"twitter:card\" content=\"summary_large_image\" \/>\n<meta name=\"twitter:label1\" content=\"Tiempo de lectura\" \/>\n\t<meta name=\"twitter:data1\" content=\"3 minutos\" \/>\n<script type=\"application\/ld+json\" class=\"yoast-schema-graph\">{\"@context\":\"https:\\\/\\\/schema.org\",\"@graph\":[{\"@type\":\"WebPage\",\"@id\":\"https:\\\/\\\/nuestrosescritores.com\\\/pilarmartinperez\\\/poesias\\\/\",\"url\":\"https:\\\/\\\/nuestrosescritores.com\\\/pilarmartinperez\\\/poesias\\\/\",\"name\":\"Poes\u00edas - Pilar Mart\u00edn P\u00e9rez\",\"isPartOf\":{\"@id\":\"https:\\\/\\\/nuestrosescritores.com\\\/pilarmartinperez\\\/#website\"},\"datePublished\":\"2021-10-24T15:52:59+00:00\",\"dateModified\":\"2021-10-24T21:36:01+00:00\",\"description\":\"Poes\u00eda del libro IRREVERENTE de PILAR MART\u00cdN P\u00c9REZ. La escritora nos da una muestra tras publicar un libro.\",\"breadcrumb\":{\"@id\":\"https:\\\/\\\/nuestrosescritores.com\\\/pilarmartinperez\\\/poesias\\\/#breadcrumb\"},\"inLanguage\":\"es\",\"potentialAction\":[{\"@type\":\"ReadAction\",\"target\":[\"https:\\\/\\\/nuestrosescritores.com\\\/pilarmartinperez\\\/poesias\\\/\"]}]},{\"@type\":\"BreadcrumbList\",\"@id\":\"https:\\\/\\\/nuestrosescritores.com\\\/pilarmartinperez\\\/poesias\\\/#breadcrumb\",\"itemListElement\":[{\"@type\":\"ListItem\",\"position\":1,\"name\":\"Portada\",\"item\":\"https:\\\/\\\/nuestrosescritores.com\\\/pilarmartinperez\\\/\"},{\"@type\":\"ListItem\",\"position\":2,\"name\":\"Poes\u00edas\"}]},{\"@type\":\"WebSite\",\"@id\":\"https:\\\/\\\/nuestrosescritores.com\\\/pilarmartinperez\\\/#website\",\"url\":\"https:\\\/\\\/nuestrosescritores.com\\\/pilarmartinperez\\\/\",\"name\":\"Nuestros escritores\",\"description\":\"Escritora\",\"potentialAction\":[{\"@type\":\"SearchAction\",\"target\":{\"@type\":\"EntryPoint\",\"urlTemplate\":\"https:\\\/\\\/nuestrosescritores.com\\\/pilarmartinperez\\\/?s={search_term_string}\"},\"query-input\":{\"@type\":\"PropertyValueSpecification\",\"valueRequired\":true,\"valueName\":\"search_term_string\"}}],\"inLanguage\":\"es\"}]}<\/script>\n<!-- \/ Yoast SEO Premium plugin. -->","yoast_head_json":{"title":"Poes\u00edas - Pilar Mart\u00edn P\u00e9rez","description":"Poes\u00eda del libro IRREVERENTE de PILAR MART\u00cdN P\u00c9REZ. La escritora nos da una muestra tras publicar un libro.","robots":{"index":"index","follow":"follow","max-snippet":"max-snippet:-1","max-image-preview":"max-image-preview:large","max-video-preview":"max-video-preview:-1"},"canonical":"https:\/\/nuestrosescritores.com\/pilarmartinperez\/poesias\/","og_locale":"es_ES","og_type":"article","og_title":"Poes\u00edas","og_description":"Poes\u00eda del libro IRREVERENTE de PILAR MART\u00cdN P\u00c9REZ. La escritora nos da una muestra tras publicar un libro.","og_url":"https:\/\/nuestrosescritores.com\/pilarmartinperez\/poesias\/","og_site_name":"Pilar Mart\u00edn P\u00e9rez","article_modified_time":"2021-10-24T21:36:01+00:00","twitter_card":"summary_large_image","twitter_misc":{"Tiempo de lectura":"3 minutos"},"schema":{"@context":"https:\/\/schema.org","@graph":[{"@type":"WebPage","@id":"https:\/\/nuestrosescritores.com\/pilarmartinperez\/poesias\/","url":"https:\/\/nuestrosescritores.com\/pilarmartinperez\/poesias\/","name":"Poes\u00edas - Pilar Mart\u00edn P\u00e9rez","isPartOf":{"@id":"https:\/\/nuestrosescritores.com\/pilarmartinperez\/#website"},"datePublished":"2021-10-24T15:52:59+00:00","dateModified":"2021-10-24T21:36:01+00:00","description":"Poes\u00eda del libro IRREVERENTE de PILAR MART\u00cdN P\u00c9REZ. La escritora nos da una muestra tras publicar un libro.","breadcrumb":{"@id":"https:\/\/nuestrosescritores.com\/pilarmartinperez\/poesias\/#breadcrumb"},"inLanguage":"es","potentialAction":[{"@type":"ReadAction","target":["https:\/\/nuestrosescritores.com\/pilarmartinperez\/poesias\/"]}]},{"@type":"BreadcrumbList","@id":"https:\/\/nuestrosescritores.com\/pilarmartinperez\/poesias\/#breadcrumb","itemListElement":[{"@type":"ListItem","position":1,"name":"Portada","item":"https:\/\/nuestrosescritores.com\/pilarmartinperez\/"},{"@type":"ListItem","position":2,"name":"Poes\u00edas"}]},{"@type":"WebSite","@id":"https:\/\/nuestrosescritores.com\/pilarmartinperez\/#website","url":"https:\/\/nuestrosescritores.com\/pilarmartinperez\/","name":"Nuestros escritores","description":"Escritora","potentialAction":[{"@type":"SearchAction","target":{"@type":"EntryPoint","urlTemplate":"https:\/\/nuestrosescritores.com\/pilarmartinperez\/?s={search_term_string}"},"query-input":{"@type":"PropertyValueSpecification","valueRequired":true,"valueName":"search_term_string"}}],"inLanguage":"es"}]}},"_links":{"self":[{"href":"https:\/\/nuestrosescritores.com\/pilarmartinperez\/wp-json\/wp\/v2\/pages\/107","targetHints":{"allow":["GET"]}}],"collection":[{"href":"https:\/\/nuestrosescritores.com\/pilarmartinperez\/wp-json\/wp\/v2\/pages"}],"about":[{"href":"https:\/\/nuestrosescritores.com\/pilarmartinperez\/wp-json\/wp\/v2\/types\/page"}],"author":[{"embeddable":true,"href":"https:\/\/nuestrosescritores.com\/pilarmartinperez\/wp-json\/wp\/v2\/users\/1"}],"replies":[{"embeddable":true,"href":"https:\/\/nuestrosescritores.com\/pilarmartinperez\/wp-json\/wp\/v2\/comments?post=107"}],"version-history":[{"count":0,"href":"https:\/\/nuestrosescritores.com\/pilarmartinperez\/wp-json\/wp\/v2\/pages\/107\/revisions"}],"wp:attachment":[{"href":"https:\/\/nuestrosescritores.com\/pilarmartinperez\/wp-json\/wp\/v2\/media?parent=107"}],"curies":[{"name":"wp","href":"https:\/\/api.w.org\/{rel}","templated":true}]}}