{"id":91,"date":"2020-02-09T17:08:30","date_gmt":"2020-02-09T17:08:30","guid":{"rendered":"https:\/\/nuestrosescritores.com\/manuelalvarezmachado\/?page_id=91"},"modified":"2020-03-08T11:54:35","modified_gmt":"2020-03-08T11:54:35","slug":"extracto-de-la-obra","status":"publish","type":"page","link":"https:\/\/nuestrosescritores.com\/manuelalvarezmachado\/antonio-machado-y-la-familia-landa\/extracto-de-la-obra\/","title":{"rendered":"Extracto de la obra"},"content":{"rendered":"<div class=\"wpb-content-wrapper\">[vc_row][vc_column extend=&#8221;false&#8221;][vc_column_text css=&#8221;.vc_custom_1570383087157{margin-top: -30000px !important;}&#8221;]\n<h1><strong><em><u>Poes\u00eda del libro ANTONIO MACHADO Y LA FAMILIA LANDA de MANUEL \u00c1LVAREZ MACHADO. El escritor nos da una muestra tras publicar un libro.<\/u><\/em><\/strong><\/h1>\n<h2><strong><em><u><img fetchpriority=\"high\" decoding=\"async\" class=\"alignnone size-full wp-image-11\" src=\"https:\/\/nuestrosescritores.com\/manuelalvarezmachado\/wp-content\/uploads\/sites\/26\/2020\/02\/0_Portada_AMyFamiliaLanda.jpg\" alt=\"ANTONIO MACHADO Y LA FAMILIA LANDA\" width=\"559\" height=\"794\">Poes\u00eda del libro ANTONIO MACHADO Y LA FAMILIA LANDA de MANUEL \u00c1LVAREZ MACHADO El poeta nos da una muestra tras publicar un libro.<\/u><\/em><\/strong><\/h2>\n<h3><strong><em><u>Poes\u00eda del libro ANTONIO MACHADO Y LA FAMILIA LANDA de MANUEL \u00c1LVAREZ MACHADO El autor nos da una muestra tras publicar un libro.<\/u><\/em><\/strong><\/h3>\n<h4><strong><em><u>Poes\u00eda del libro ANTONIO MACHADO Y LA FAMILIA LANDA de MANUEL \u00c1LVAREZ MACHADO El autor nos da una muestra tras publicar un libro.<\/u><\/em><\/strong><\/h4>\n<h5><strong><em><u>Poes\u00eda del libro ANTONIO MACHADO Y LA FAMILIA LANDA de MANUEL \u00c1LVAREZ MACHADO El autor nos da una muestra tras publicar un libro.<\/u><\/em><\/strong><\/h5>\n[\/vc_column_text][\/vc_column][\/vc_row][vc_row full_width=&#8221;stretch_row_content_no_spaces&#8221;][vc_column extend=&#8221;false&#8221;]<div class='gambit_parallax_row' data-bg-align='' data-direction='fixed' data-opacity='100' data-velocity='-0.3' data-mobile-enabled='' data-bg-height='1067' data-bg-width='1600' data-bg-image='https:\/\/nuestrosescritores.com\/manuelalvarezmachado\/wp-content\/uploads\/sites\/26\/2020\/02\/0ppkxwtyh0g.jpg' data-bg-repeat='false' data-id='' style='display: none'><\/div><div class=\"gambit_fullheight_row\" data-content-location=\"center\" style=\"display: none\"><\/div>[\/vc_column][\/vc_row][vc_row][vc_column extend=&#8221;false&#8221;]<style >@media (min-width:992px){.empty_space69f0bb3f5dce3 {padding-top: 50px;}}@media (max-width:991px){.empty_space69f0bb3f5dce3 {padding-top: 22px;}}@media (max-width:600px){.empty_space69f0bb3f5dce3 {padding-top: 15px;}}<\/style><div class=\"pt-plus-empty-space empty_space69f0bb3f5dce3 \" data-uid=\"empty_space69f0bb3f5dce3\" ><\/div>[vc_column_text]Antonio Machado y \u00c1lvarez (1846-1893), padre de Antonio Machado Ruiz, y Rub\u00e9n Landa Coronado (1849-1923), padre de Rub\u00e9n Landa Vaz, casi con seguridad se conocieron personalmente en aquellos a\u00f1os que transcurrieron entre 1883 y 1893.<\/p>\n<p>&nbsp;<\/p>\n<p>Ten\u00edan muchas vivencias, actividades y amistades en com\u00fan. Ambos formaban parte del c\u00edrculo de influencia de la Instituci\u00f3n Libre de Ense\u00f1anza. Incluso sus propios ascendentes como Antonio Machado N\u00fa\u00f1ez.<\/p>\n<p>&nbsp;<\/p>\n<p>Ambos eran amigos personales de Francisco Giner de los R\u00edos, de Manuel Bartolom\u00e9 Coss\u00edo, de Nicol\u00e1s Salmer\u00f3n, que fue uno de los presidentes de la 1\u00aa Rep\u00fablica Espa\u00f1ola, y otras importantes y conocidas personalidades de aquellas fechas.<\/p>\n<p>&nbsp;<\/p>\n<p>El padre de los Machado Ruiz desempe\u00f1\u00f3 la catedra de folklore, es decir, costumbres, literatura y poes\u00eda popular en la Instituci\u00f3n Libre de Ense\u00f1anza.<\/p>\n<p>&nbsp;<\/p>\n<p>Antonio Machado y \u00c1lvarez fue colaborador y redactor de la revista de posicionamiento republicano de Salmer\u00f3n \u201cLa Justicia. Diario republicano\u201d, en la que public\u00f3 numerosos art\u00edculos, as\u00ed como su padre Antonio Machado N\u00fa\u00f1ez. Rub\u00e9n Landa Coronado, como abogado, krausista, tambi\u00e9n compart\u00eda ideas jur\u00eddicas y pol\u00edticas con su buen amigo Salmer\u00f3n.[&#8230;]\n<p>&nbsp;<\/p>\n<span class='bctt-click-to-tweet'><span class='bctt-ctt-text'><a href='https:\/\/x.com\/intent\/tweet?url=https%3A%2F%2Fnuestrosescritores.com%2Fmanuelalvarezmachado%2Fantonio-machado-y-la-familia-landa%2Fextracto-de-la-obra%2F&#038;text=EXTRACTO%C2%A0del%20libro%20ANTONIO%20MACHADO%20Y%20LA%20FAMILIA%20LANDA%20de%20MANUEL%20%C3%81LVAREZ%20MACHADO&#038;via=poesiaerestu&#038;related=poesiaerestu' target='_blank'rel=\"noopener noreferrer\">EXTRACTO&nbsp;del libro ANTONIO MACHADO Y LA FAMILIA LANDA de MANUEL \u00c1LVAREZ MACHADO <\/a><\/span><a href='https:\/\/x.com\/intent\/tweet?url=https%3A%2F%2Fnuestrosescritores.com%2Fmanuelalvarezmachado%2Fantonio-machado-y-la-familia-landa%2Fextracto-de-la-obra%2F&#038;text=EXTRACTO%C2%A0del%20libro%20ANTONIO%20MACHADO%20Y%20LA%20FAMILIA%20LANDA%20de%20MANUEL%20%C3%81LVAREZ%20MACHADO&#038;via=poesiaerestu&#038;related=poesiaerestu' target='_blank' class='bctt-ctt-btn'rel=\"noopener noreferrer\">Compartir en X<\/a><\/span>\n<p>&nbsp;[\/vc_column_text][\/vc_column][\/vc_row][vc_row full_width=&#8221;stretch_row_content_no_spaces&#8221;][vc_column extend=&#8221;false&#8221;]<div class='gambit_parallax_row' data-bg-align='' data-direction='fixed' data-opacity='100' data-velocity='-0.3' data-mobile-enabled='' data-bg-height='1068' data-bg-width='1600' data-bg-image='https:\/\/nuestrosescritores.com\/manuelalvarezmachado\/wp-content\/uploads\/sites\/26\/2020\/02\/lzkc4lnqdgm.jpg' data-bg-repeat='false' data-id='' style='display: none'><\/div><div class=\"gambit_fullheight_row\" data-content-location=\"center\" style=\"display: none\"><\/div>[\/vc_column][\/vc_row][vc_row][vc_column extend=&#8221;false&#8221;]<style >@media (min-width:992px){.empty_space69f0bb3f5e31d {padding-top: 50px;}}@media (max-width:991px){.empty_space69f0bb3f5e31d {padding-top: 22px;}}@media (max-width:600px){.empty_space69f0bb3f5e31d {padding-top: 15px;}}<\/style><div class=\"pt-plus-empty-space empty_space69f0bb3f5e31d \" data-uid=\"empty_space69f0bb3f5e31d\" ><\/div>[vc_column_text]Relata Landa que Machado dec\u00eda que conoc\u00eda bien la literatura francesa, que hab\u00eda le\u00eddo pronto los vol\u00famenes de Proust y criticaba la frecuente mala intenci\u00f3n de algunos escritores para llamar la atenci\u00f3n. (A. Gide). Hablaba con gran respeto de Rub\u00e9n Dar\u00edo, al que conoci\u00f3 y trat\u00f3 en Par\u00eds, admiraba a Valle-Incl\u00e1n. Le cont\u00f3 que en un caf\u00e9 de Madrid un cliente lanz\u00f3 una botella a otro cliente, con la mala suerte que hiri\u00f3 en un brazo a Valle-Incl\u00e1n y que como consecuencia de la herida fue preciso amput\u00e1rselo, neg\u00e1ndose a que empleasen anest\u00e9sicos, y que soport\u00f3 la operaci\u00f3n con enorme entereza, sin quejas. [&#8230;]\n<p>&nbsp;<\/p>\n<p>&nbsp;<\/p>\n<p>&nbsp;<\/p>\n<span class='bctt-click-to-tweet'><span class='bctt-ctt-text'><a href='https:\/\/x.com\/intent\/tweet?url=https%3A%2F%2Fnuestrosescritores.com%2Fmanuelalvarezmachado%2Fantonio-machado-y-la-familia-landa%2Fextracto-de-la-obra%2F&#038;text=EXTRACTO%C2%A0del%20libro%20ANTONIO%20MACHADO%20Y%20LA%20FAMILIA%20LANDA%20de%20MANUEL%20%C3%81LVAREZ%20MACHADO&#038;via=poesiaerestu&#038;related=poesiaerestu' target='_blank'rel=\"noopener noreferrer\">EXTRACTO&nbsp;del libro ANTONIO MACHADO Y LA FAMILIA LANDA de MANUEL \u00c1LVAREZ MACHADO <\/a><\/span><a href='https:\/\/x.com\/intent\/tweet?url=https%3A%2F%2Fnuestrosescritores.com%2Fmanuelalvarezmachado%2Fantonio-machado-y-la-familia-landa%2Fextracto-de-la-obra%2F&#038;text=EXTRACTO%C2%A0del%20libro%20ANTONIO%20MACHADO%20Y%20LA%20FAMILIA%20LANDA%20de%20MANUEL%20%C3%81LVAREZ%20MACHADO&#038;via=poesiaerestu&#038;related=poesiaerestu' target='_blank' class='bctt-ctt-btn'rel=\"noopener noreferrer\">Compartir en X<\/a><\/span>\n<p>&nbsp;<\/p>\n<p>&nbsp;[\/vc_column_text][\/vc_column][\/vc_row][vc_row][vc_column extend=&#8221;false&#8221;]<div class='gambit_parallax_row' data-bg-align='' data-direction='fixed' data-opacity='100' data-velocity='-0.3' data-mobile-enabled='' data-bg-height='1065' data-bg-width='1600' data-bg-image='https:\/\/nuestrosescritores.com\/manuelalvarezmachado\/wp-content\/uploads\/sites\/26\/2020\/02\/hxwvwhmcdbm.jpg' data-bg-repeat='false' data-id='' style='display: none'><\/div><div class=\"gambit_fullheight_row\" data-content-location=\"center\" style=\"display: none\"><\/div>[\/vc_column][\/vc_row][vc_row][vc_column extend=&#8221;false&#8221;]<style >@media (min-width:992px){.empty_space69f0bb3f5e777 {padding-top: 50px;}}@media (max-width:991px){.empty_space69f0bb3f5e777 {padding-top: 22px;}}@media (max-width:600px){.empty_space69f0bb3f5e777 {padding-top: 15px;}}<\/style><div class=\"pt-plus-empty-space empty_space69f0bb3f5e777 \" data-uid=\"empty_space69f0bb3f5e777\" ><\/div>[vc_column_text]Antonio Machado fund\u00f3 con otros profesores, entre ellos Mariano Quintanilla, la Universidad Popular de Segovia. Los profesores daban gratuitamente las clases nocturnas, organizaban conferencias p\u00fablicas y crearon una biblioteca circulante que prestaba libros a personas de la capital y de los pueblos de la provincia. Don Antonio daba clases de franc\u00e9s y contaba que siempre ten\u00eda alumnos, pero que todos eran nuevos cada d\u00eda. Humor e iron\u00eda no le faltaba. [&#8230;]\n<p>&nbsp;<\/p>\n<p>&nbsp;<\/p>\n<span class='bctt-click-to-tweet'><span class='bctt-ctt-text'><a href='https:\/\/x.com\/intent\/tweet?url=https%3A%2F%2Fnuestrosescritores.com%2Fmanuelalvarezmachado%2Fantonio-machado-y-la-familia-landa%2Fextracto-de-la-obra%2F&#038;text=EXTRACTO%20del%20libro%20ANTONIO%20MACHADO%20Y%20LA%20FAMILIA%20LANDA%20de%20MANUEL%20%C3%81LVAREZ%20MACHADO&#038;via=poesiaerestu&#038;related=poesiaerestu' target='_blank'rel=\"noopener noreferrer\">EXTRACTO del libro ANTONIO MACHADO Y LA FAMILIA LANDA de MANUEL \u00c1LVAREZ MACHADO <\/a><\/span><a href='https:\/\/x.com\/intent\/tweet?url=https%3A%2F%2Fnuestrosescritores.com%2Fmanuelalvarezmachado%2Fantonio-machado-y-la-familia-landa%2Fextracto-de-la-obra%2F&#038;text=EXTRACTO%20del%20libro%20ANTONIO%20MACHADO%20Y%20LA%20FAMILIA%20LANDA%20de%20MANUEL%20%C3%81LVAREZ%20MACHADO&#038;via=poesiaerestu&#038;related=poesiaerestu' target='_blank' class='bctt-ctt-btn'rel=\"noopener noreferrer\">Compartir en X<\/a><\/span>[\/vc_column_text][\/vc_column][\/vc_row][vc_row][vc_column extend=&#8221;false&#8221;]<div class='gambit_parallax_row' data-bg-align='' data-direction='fixed' data-opacity='100' data-velocity='-0.3' data-mobile-enabled='' data-bg-height='314' data-bg-width='1366' data-bg-image='https:\/\/nuestrosescritores.com\/manuelalvarezmachado\/wp-content\/uploads\/sites\/26\/2020\/02\/ManuelAlvarez_FotoMesa_SSquare_Alargado-Mediano.png' data-bg-repeat='false' data-id='' style='display: none'><\/div><div class=\"gambit_fullheight_row\" data-content-location=\"center\" style=\"display: none\"><\/div>[vc_column_text]\n<p style=\"text-align: center;\"><a class=\"fasc-button fasc-size-xlarge fasc-type-glossy fasc-rounded-medium\" style=\"background-color: #33809e; color: #ffffff;\" href=\"https:\/\/librodepoesia.com\/producto\/antonio-machado-y-la-familia-landa-manuel-alvarez-machado\/\">Comprar el libro<\/a><\/p>\n[\/vc_column_text][\/vc_column][\/vc_row][vc_row][vc_column extend=&#8221;false&#8221;][vc_column_text css=&#8221;.vc_custom_1549215104378{margin-top: -30000px !important;}&#8221;]\n<h1><strong><em><u>Poes\u00eda del libro ANTONIO MACHADO Y LA FAMILIA LANDA de MANUEL \u00c1LVAREZ MACHADO. El escritor nos da una muestra tras publicar un libro.<\/u><\/em><\/strong><\/h1>\n<h2><strong><em><u>Poes\u00eda del libro ANTONIO MACHADO Y LA FAMILIA LANDA de MANUEL \u00c1LVAREZ MACHADO El poeta nos da una muestra tras publicar un libro.<\/u><\/em><\/strong><\/h2>\n<h3><strong><em><u>Poes\u00eda del libro ANTONIO MACHADO Y LA FAMILIA LANDA de MANUEL \u00c1LVAREZ MACHADO El autor nos da una muestra tras publicar un libro.<\/u><\/em><\/strong><\/h3>\n<h4><strong><em><u>Poes\u00eda del libro ANTONIO MACHADO Y LA FAMILIA LANDA de MANUEL \u00c1LVAREZ MACHADO El autor nos da una muestra tras publicar un libro.<\/u><\/em><\/strong><\/h4>\n<h5><strong><em><u>Poes\u00eda del libro ANTONIO MACHADO Y LA FAMILIA LANDA de MANUEL \u00c1LVAREZ MACHADO El autor nos da una muestra tras publicar un libro.<\/u><\/em><\/strong><\/h5>\n[\/vc_column_text][\/vc_column][\/vc_row]\n<\/div>","protected":false},"excerpt":{"rendered":"<p>[vc_row][vc_column extend=&#8221;false&#8221;][vc_column_text css=&#8221;.vc_custom_1570383087157{margin-top: -30000px !important;}&#8221;] Poes\u00eda del libro ANTONIO MACHADO Y LA FAMILIA LANDA de MANUEL \u00c1LVAREZ MACHADO. El escritor nos da una muestra tras publicar un libro. Poes\u00eda del libro ANTONIO MACHADO Y LA FAMILIA LANDA de MANUEL \u00c1LVAREZ MACHADO El poeta nos da una muestra tras publicar un libro. Poes\u00eda del libro ANTONIO [&hellip;]<\/p>\n","protected":false},"author":1,"featured_media":0,"parent":49,"menu_order":3,"comment_status":"closed","ping_status":"closed","template":"","meta":{"_acf_changed":false,"footnotes":""},"class_list":["post-91","page","type-page","status-publish","hentry"],"acf":[],"yoast_head":"<!-- This site is optimized with the Yoast SEO Premium plugin v24.7 (Yoast SEO v27.4) - https:\/\/yoast.com\/product\/yoast-seo-premium-wordpress\/ -->\n<title>Extracto de la obra - Manuel \u00c1lvarez Machado<\/title>\n<meta name=\"robots\" content=\"index, follow, max-snippet:-1, max-image-preview:large, max-video-preview:-1\" \/>\n<link rel=\"canonical\" href=\"https:\/\/nuestrosescritores.com\/manuelalvarezmachado\/antonio-machado-y-la-familia-landa\/extracto-de-la-obra\/\" \/>\n<meta property=\"og:locale\" content=\"es_ES\" \/>\n<meta property=\"og:type\" content=\"article\" \/>\n<meta property=\"og:title\" content=\"Extracto de la obra\" \/>\n<meta property=\"og:description\" content=\"[vc_row][vc_column extend=&#8221;false&#8221;][vc_column_text css=&#8221;.vc_custom_1570383087157{margin-top: -30000px !important;}&#8221;] Poes\u00eda del libro ANTONIO MACHADO Y LA FAMILIA LANDA de MANUEL \u00c1LVAREZ MACHADO. El escritor nos da una muestra tras publicar un libro. Poes\u00eda del libro ANTONIO MACHADO Y LA FAMILIA LANDA de MANUEL \u00c1LVAREZ MACHADO El poeta nos da una muestra tras publicar un libro. Poes\u00eda del libro ANTONIO [&hellip;]\" \/>\n<meta property=\"og:url\" content=\"https:\/\/nuestrosescritores.com\/manuelalvarezmachado\/antonio-machado-y-la-familia-landa\/extracto-de-la-obra\/\" \/>\n<meta property=\"og:site_name\" content=\"Manuel \u00c1lvarez Machado\" \/>\n<meta property=\"article:modified_time\" content=\"2020-03-08T11:54:35+00:00\" \/>\n<meta property=\"og:image\" content=\"https:\/\/nuestrosescritores.com\/manuelalvarezmachado\/wp-content\/uploads\/sites\/26\/2020\/02\/0_Portada_AMyFamiliaLanda.jpg\" \/>\n<meta name=\"twitter:card\" content=\"summary_large_image\" \/>\n<meta name=\"twitter:label1\" content=\"Tiempo de lectura\" \/>\n\t<meta name=\"twitter:data1\" content=\"5 minutos\" \/>\n<script type=\"application\/ld+json\" class=\"yoast-schema-graph\">{\"@context\":\"https:\\\/\\\/schema.org\",\"@graph\":[{\"@type\":\"WebPage\",\"@id\":\"https:\\\/\\\/nuestrosescritores.com\\\/manuelalvarezmachado\\\/antonio-machado-y-la-familia-landa\\\/extracto-de-la-obra\\\/\",\"url\":\"https:\\\/\\\/nuestrosescritores.com\\\/manuelalvarezmachado\\\/antonio-machado-y-la-familia-landa\\\/extracto-de-la-obra\\\/\",\"name\":\"Extracto de la obra - Manuel \u00c1lvarez Machado\",\"isPartOf\":{\"@id\":\"https:\\\/\\\/nuestrosescritores.com\\\/manuelalvarezmachado\\\/#website\"},\"primaryImageOfPage\":{\"@id\":\"https:\\\/\\\/nuestrosescritores.com\\\/manuelalvarezmachado\\\/antonio-machado-y-la-familia-landa\\\/extracto-de-la-obra\\\/#primaryimage\"},\"image\":{\"@id\":\"https:\\\/\\\/nuestrosescritores.com\\\/manuelalvarezmachado\\\/antonio-machado-y-la-familia-landa\\\/extracto-de-la-obra\\\/#primaryimage\"},\"thumbnailUrl\":\"https:\\\/\\\/nuestrosescritores.com\\\/manuelalvarezmachado\\\/wp-content\\\/uploads\\\/sites\\\/26\\\/2020\\\/02\\\/0_Portada_AMyFamiliaLanda.jpg\",\"datePublished\":\"2020-02-09T17:08:30+00:00\",\"dateModified\":\"2020-03-08T11:54:35+00:00\",\"breadcrumb\":{\"@id\":\"https:\\\/\\\/nuestrosescritores.com\\\/manuelalvarezmachado\\\/antonio-machado-y-la-familia-landa\\\/extracto-de-la-obra\\\/#breadcrumb\"},\"inLanguage\":\"es\",\"potentialAction\":[{\"@type\":\"ReadAction\",\"target\":[\"https:\\\/\\\/nuestrosescritores.com\\\/manuelalvarezmachado\\\/antonio-machado-y-la-familia-landa\\\/extracto-de-la-obra\\\/\"]}]},{\"@type\":\"ImageObject\",\"inLanguage\":\"es\",\"@id\":\"https:\\\/\\\/nuestrosescritores.com\\\/manuelalvarezmachado\\\/antonio-machado-y-la-familia-landa\\\/extracto-de-la-obra\\\/#primaryimage\",\"url\":\"https:\\\/\\\/nuestrosescritores.com\\\/manuelalvarezmachado\\\/wp-content\\\/uploads\\\/sites\\\/26\\\/2020\\\/02\\\/0_Portada_AMyFamiliaLanda.jpg\",\"contentUrl\":\"https:\\\/\\\/nuestrosescritores.com\\\/manuelalvarezmachado\\\/wp-content\\\/uploads\\\/sites\\\/26\\\/2020\\\/02\\\/0_Portada_AMyFamiliaLanda.jpg\",\"width\":559,\"height\":794,\"caption\":\"ANTONIO MACHADO Y LA FAMILIA LANDA\"},{\"@type\":\"BreadcrumbList\",\"@id\":\"https:\\\/\\\/nuestrosescritores.com\\\/manuelalvarezmachado\\\/antonio-machado-y-la-familia-landa\\\/extracto-de-la-obra\\\/#breadcrumb\",\"itemListElement\":[{\"@type\":\"ListItem\",\"position\":1,\"name\":\"Portada\",\"item\":\"https:\\\/\\\/nuestrosescritores.com\\\/manuelalvarezmachado\\\/\"},{\"@type\":\"ListItem\",\"position\":2,\"name\":\"ANTONIO MACHADO Y LA FAMILIA LANDA\",\"item\":\"https:\\\/\\\/nuestrosescritores.com\\\/manuelalvarezmachado\\\/antonio-machado-y-la-familia-landa\\\/\"},{\"@type\":\"ListItem\",\"position\":3,\"name\":\"Extracto de la obra\"}]},{\"@type\":\"WebSite\",\"@id\":\"https:\\\/\\\/nuestrosescritores.com\\\/manuelalvarezmachado\\\/#website\",\"url\":\"https:\\\/\\\/nuestrosescritores.com\\\/manuelalvarezmachado\\\/\",\"name\":\"Nuestros escritores\",\"description\":\"Escritor\",\"potentialAction\":[{\"@type\":\"SearchAction\",\"target\":{\"@type\":\"EntryPoint\",\"urlTemplate\":\"https:\\\/\\\/nuestrosescritores.com\\\/manuelalvarezmachado\\\/?s={search_term_string}\"},\"query-input\":{\"@type\":\"PropertyValueSpecification\",\"valueRequired\":true,\"valueName\":\"search_term_string\"}}],\"inLanguage\":\"es\"}]}<\/script>\n<!-- \/ Yoast SEO Premium plugin. -->","yoast_head_json":{"title":"Extracto de la obra - Manuel \u00c1lvarez Machado","robots":{"index":"index","follow":"follow","max-snippet":"max-snippet:-1","max-image-preview":"max-image-preview:large","max-video-preview":"max-video-preview:-1"},"canonical":"https:\/\/nuestrosescritores.com\/manuelalvarezmachado\/antonio-machado-y-la-familia-landa\/extracto-de-la-obra\/","og_locale":"es_ES","og_type":"article","og_title":"Extracto de la obra","og_description":"[vc_row][vc_column extend=&#8221;false&#8221;][vc_column_text css=&#8221;.vc_custom_1570383087157{margin-top: -30000px !important;}&#8221;] Poes\u00eda del libro ANTONIO MACHADO Y LA FAMILIA LANDA de MANUEL \u00c1LVAREZ MACHADO. El escritor nos da una muestra tras publicar un libro. Poes\u00eda del libro ANTONIO MACHADO Y LA FAMILIA LANDA de MANUEL \u00c1LVAREZ MACHADO El poeta nos da una muestra tras publicar un libro. Poes\u00eda del libro ANTONIO [&hellip;]","og_url":"https:\/\/nuestrosescritores.com\/manuelalvarezmachado\/antonio-machado-y-la-familia-landa\/extracto-de-la-obra\/","og_site_name":"Manuel \u00c1lvarez Machado","article_modified_time":"2020-03-08T11:54:35+00:00","og_image":[{"url":"https:\/\/nuestrosescritores.com\/manuelalvarezmachado\/wp-content\/uploads\/sites\/26\/2020\/02\/0_Portada_AMyFamiliaLanda.jpg","type":"","width":"","height":""}],"twitter_card":"summary_large_image","twitter_misc":{"Tiempo de lectura":"5 minutos"},"schema":{"@context":"https:\/\/schema.org","@graph":[{"@type":"WebPage","@id":"https:\/\/nuestrosescritores.com\/manuelalvarezmachado\/antonio-machado-y-la-familia-landa\/extracto-de-la-obra\/","url":"https:\/\/nuestrosescritores.com\/manuelalvarezmachado\/antonio-machado-y-la-familia-landa\/extracto-de-la-obra\/","name":"Extracto de la obra - Manuel \u00c1lvarez Machado","isPartOf":{"@id":"https:\/\/nuestrosescritores.com\/manuelalvarezmachado\/#website"},"primaryImageOfPage":{"@id":"https:\/\/nuestrosescritores.com\/manuelalvarezmachado\/antonio-machado-y-la-familia-landa\/extracto-de-la-obra\/#primaryimage"},"image":{"@id":"https:\/\/nuestrosescritores.com\/manuelalvarezmachado\/antonio-machado-y-la-familia-landa\/extracto-de-la-obra\/#primaryimage"},"thumbnailUrl":"https:\/\/nuestrosescritores.com\/manuelalvarezmachado\/wp-content\/uploads\/sites\/26\/2020\/02\/0_Portada_AMyFamiliaLanda.jpg","datePublished":"2020-02-09T17:08:30+00:00","dateModified":"2020-03-08T11:54:35+00:00","breadcrumb":{"@id":"https:\/\/nuestrosescritores.com\/manuelalvarezmachado\/antonio-machado-y-la-familia-landa\/extracto-de-la-obra\/#breadcrumb"},"inLanguage":"es","potentialAction":[{"@type":"ReadAction","target":["https:\/\/nuestrosescritores.com\/manuelalvarezmachado\/antonio-machado-y-la-familia-landa\/extracto-de-la-obra\/"]}]},{"@type":"ImageObject","inLanguage":"es","@id":"https:\/\/nuestrosescritores.com\/manuelalvarezmachado\/antonio-machado-y-la-familia-landa\/extracto-de-la-obra\/#primaryimage","url":"https:\/\/nuestrosescritores.com\/manuelalvarezmachado\/wp-content\/uploads\/sites\/26\/2020\/02\/0_Portada_AMyFamiliaLanda.jpg","contentUrl":"https:\/\/nuestrosescritores.com\/manuelalvarezmachado\/wp-content\/uploads\/sites\/26\/2020\/02\/0_Portada_AMyFamiliaLanda.jpg","width":559,"height":794,"caption":"ANTONIO MACHADO Y LA FAMILIA LANDA"},{"@type":"BreadcrumbList","@id":"https:\/\/nuestrosescritores.com\/manuelalvarezmachado\/antonio-machado-y-la-familia-landa\/extracto-de-la-obra\/#breadcrumb","itemListElement":[{"@type":"ListItem","position":1,"name":"Portada","item":"https:\/\/nuestrosescritores.com\/manuelalvarezmachado\/"},{"@type":"ListItem","position":2,"name":"ANTONIO MACHADO Y LA FAMILIA LANDA","item":"https:\/\/nuestrosescritores.com\/manuelalvarezmachado\/antonio-machado-y-la-familia-landa\/"},{"@type":"ListItem","position":3,"name":"Extracto de la obra"}]},{"@type":"WebSite","@id":"https:\/\/nuestrosescritores.com\/manuelalvarezmachado\/#website","url":"https:\/\/nuestrosescritores.com\/manuelalvarezmachado\/","name":"Nuestros escritores","description":"Escritor","potentialAction":[{"@type":"SearchAction","target":{"@type":"EntryPoint","urlTemplate":"https:\/\/nuestrosescritores.com\/manuelalvarezmachado\/?s={search_term_string}"},"query-input":{"@type":"PropertyValueSpecification","valueRequired":true,"valueName":"search_term_string"}}],"inLanguage":"es"}]}},"_links":{"self":[{"href":"https:\/\/nuestrosescritores.com\/manuelalvarezmachado\/wp-json\/wp\/v2\/pages\/91","targetHints":{"allow":["GET"]}}],"collection":[{"href":"https:\/\/nuestrosescritores.com\/manuelalvarezmachado\/wp-json\/wp\/v2\/pages"}],"about":[{"href":"https:\/\/nuestrosescritores.com\/manuelalvarezmachado\/wp-json\/wp\/v2\/types\/page"}],"author":[{"embeddable":true,"href":"https:\/\/nuestrosescritores.com\/manuelalvarezmachado\/wp-json\/wp\/v2\/users\/1"}],"replies":[{"embeddable":true,"href":"https:\/\/nuestrosescritores.com\/manuelalvarezmachado\/wp-json\/wp\/v2\/comments?post=91"}],"version-history":[{"count":0,"href":"https:\/\/nuestrosescritores.com\/manuelalvarezmachado\/wp-json\/wp\/v2\/pages\/91\/revisions"}],"up":[{"embeddable":true,"href":"https:\/\/nuestrosescritores.com\/manuelalvarezmachado\/wp-json\/wp\/v2\/pages\/49"}],"wp:attachment":[{"href":"https:\/\/nuestrosescritores.com\/manuelalvarezmachado\/wp-json\/wp\/v2\/media?parent=91"}],"curies":[{"name":"wp","href":"https:\/\/api.w.org\/{rel}","templated":true}]}}