{"id":444,"date":"2025-06-19T08:07:59","date_gmt":"2025-06-19T08:07:59","guid":{"rendered":"https:\/\/nuestrosescritores.com\/manuelalvarezmachado\/?page_id=444"},"modified":"2025-06-19T08:22:33","modified_gmt":"2025-06-19T08:22:33","slug":"homenaje","status":"publish","type":"page","link":"https:\/\/nuestrosescritores.com\/manuelalvarezmachado\/homenaje\/","title":{"rendered":"HOMENAJE"},"content":{"rendered":"<div class=\"wpb-content-wrapper\">[vc_row css=&#8221;.vc_custom_1750320638633{padding: 15% !important;}&#8221;][vc_column][vc_video link=&#8221;https:\/\/www.youtube.com\/watch?v=h-lrRjj9BP8&#8243; css=&#8221;&#8221;][\/vc_column][\/vc_row][vc_row css=&#8221;.vc_custom_1750320651994{padding: 10% !important;}&#8221;][vc_column][vc_column_text css=&#8221;&#8221;]\n<hr \/>\n<h3><strong>Manuel \u00c1lvarez Machado: El Guardi\u00e1n Incansable del Legado Machado y Defensor de la Verdad Hist\u00f3rica<\/strong><\/h3>\n<p>El 13 de junio de 2025, la Casa de Castilla-La Mancha en Madrid fue el escenario de un emotivo homenaje a <strong>Manuel \u00c1lvarez Machado<\/strong>, quien falleci\u00f3 el 18 de mayo del a\u00f1o anterior [YouTube video title, 2]. Este evento rindi\u00f3 tributo a una figura fundamental en la preservaci\u00f3n del patrimonio de una de las familias literarias m\u00e1s importantes de Espa\u00f1a.<\/p>\n<h4><strong>Una Vida Dedicada a la Sabidur\u00eda y la Verdad<\/strong><\/h4>\n<p>Manuel \u00c1lvarez Machado, sobrino nieto de los poetas Manuel y Antonio Machado, dedic\u00f3 gran parte de su vida a investigar y preservar el legado literario de su familia, a pesar de haberse formado como abogado. Durante d\u00e9cadas, su labor principal fue <strong>ordenar, estudiar y clasificar los numerosos manuscritos familiares<\/strong> que atesoraban la obra de Antonio, Manuel y Francisco Machado, as\u00ed como la de su padre, Antonio Machado y \u00c1lvarez, m\u00e1s conocido por el seud\u00f3nimo Dem\u00f3filo.<\/p>\n<p>M\u00e1s all\u00e1 de su meticulosa investigaci\u00f3n, Manuel fue un <strong>firme defensor de la verdad hist\u00f3rica<\/strong>, combatiendo con sus pesquisas los mitos y leyendas tejidos alrededor de la figura de sus t\u00edos abuelos. Nunca, mientras su salud se lo permiti\u00f3, se neg\u00f3 a acudir a conferencias, eventos culturales o cualquier lugar donde se requiriera su presencia, siempre dispuesto a acercar la obra de sus ancestros y la suya propia a un p\u00fablico cada vez m\u00e1s curioso. Quienes le conocieron, como la editora de Risque, lo describen como un hombre de <strong>sabidur\u00eda, ingenio, perseverancia, tremenda humanidad, cercan\u00eda, humildad e infinita capacidad para sacar adelante proyectos<\/strong>. Jos\u00e9 Manuel Caballero Bonar lo describi\u00f3 como un hombre &#8220;bondadoso y pr\u00f3digo, siempre presto a extender su mano&#8221;.<\/p>\n<h4><strong>Una Obra Monumental, Incluso en Tiempos Dif\u00edciles<\/strong><\/h4>\n<p>El trabajo m\u00e1s ingente de Manuel se llev\u00f3 a cabo durante la pandemia. A pesar de las circunstancias y de no encontrarse ya bien de salud, demostr\u00f3 un &#8220;perseverante esfuerzo&#8221; para sacar a la luz <strong>seis libros fundamentales<\/strong> que abarcan las circunstancias que rodearon a la familia Machado Ruiz en la prensa desde 1929 hasta 1939. Estos vol\u00famenes representan un patrimonio vital para descifrar los acontecimientos que impactaron de lleno a la estirpe Machado.<\/p>\n<p>Entre las obras que vieron la luz gracias a su incansable labor se encuentran:<\/p>\n<ul>\n<li><em>Antonio Machado y la familia Landa<\/em><\/li>\n<li><em>Adriana Lecouvreur en el teatro de los hermanos Machado<\/em><\/li>\n<li><em>Antonio Machado Camino del estilo<\/em><\/li>\n<li><em>Antonio Machado su exilio en Collioure<\/em><\/li>\n<li><em>Manuel y Antonio Machado de Madrid 1932 a Collioure en 1939<\/em><\/li>\n<li><em>La \u00faltima cartera de Antonio Machado<\/em><\/li>\n<\/ul>\n<p>Detr\u00e1s de cada uno de estos textos hubo un esfuerzo tit\u00e1nico, que implic\u00f3 &#8220;innumerables horas visualizando archivos, escaneando recortes de prensa y realizando una labor exhaustiva de clasificaci\u00f3n&#8221;.<\/p>\n<h4><strong>Desentra\u00f1ando Misterios y Revelando Verdades Hist\u00f3ricas<\/strong><\/h4>\n<p>Una de las investigaciones que m\u00e1s apasion\u00f3 a Manuel fue la del <strong>viaje de Manuel Machado a Collioure<\/strong> tras la muerte de Antonio. A pesar de las dudas de muchos &#8220;entendidos&#8221;, Manuel \u00c1lvarez Machado estaba convencido de que su t\u00edo abuelo hab\u00eda estado all\u00ed. La clave de este misterio se desvel\u00f3 poco antes de su muerte con el descubrimiento de <strong>dos pasaportes fechados el 14 de febrero de 1939<\/strong> a nombre de Manuel Machado y Eulalia C\u00e1ceres en los documentos de Burgos, confirmando as\u00ed su presencia en el funeral de Antonio. Este hallazgo fue crucial, ya que se consideraba que Manuel Machado no hab\u00eda asistido.<\/p>\n<p>Se destaca que Manuel Machado, que hablaba muy bien franc\u00e9s (hasta el punto de ser confundido con un parisino), probablemente viaj\u00f3 a Par\u00eds, donde ten\u00eda muchos amigos y hab\u00eda trabajado como traductor para Garnier. En Collioure, tuvo discusiones con su hermano Jos\u00e9, quien, debido a que sus tres hijas hab\u00edan sido enviadas a Rusia en el \u00faltimo env\u00edo de ni\u00f1os, tem\u00eda las repercusiones de regresar a Espa\u00f1a y decidi\u00f3 exiliarse en Chile.<\/p>\n<p>Manuel \u00c1lvarez Machado tambi\u00e9n se dedic\u00f3 a clarificar otros aspectos del legado Machado:<\/p>\n<ul>\n<li>Combati\u00f3 el &#8220;absurdo debate&#8221; sobre si los hermanos eran &#8220;galgos o podencos&#8221;.<\/li>\n<li>Subray\u00f3 la importancia del <strong>teatro para la solvencia econ\u00f3mica de los Machado<\/strong>, destacando el \u00e9xito de obras como <em>La Lola se va a los puertos<\/em> en Espa\u00f1a y Argentina. Antonio Machado mismo enfatizaba que lo importante en el teatro era el movimiento de los personajes.<\/li>\n<li>Luch\u00f3 por sacar a Manuel Machado del &#8220;ostracismo&#8221; al que a veces se le relegaba.<\/li>\n<li>Desvel\u00f3 que el <strong>Himno de la Rep\u00fablica fue compuesto por \u00d3scar y Manuel Machado<\/strong>, y no por Antonio, como err\u00f3neamente se consigna en algunos lugares.<\/li>\n<li>Destac\u00f3 la valent\u00eda de <strong>Manuel Machado<\/strong> al regresar a ver a su familia en Burgos en julio de 1936, lo que le vali\u00f3 dos detenciones de las que fue liberado.<\/li>\n<li>Resalt\u00f3 el papel de Manuel \u00c1lvarez Machado en el regreso de su bisabuelo, <strong>Francisco Machado<\/strong>, a Espa\u00f1a sin ninguna m\u00e1cula en su expediente, a pesar de las dificultades y la resistencia inicial de su madre.<\/li>\n<li>Puso en valor la publicaci\u00f3n del art\u00edculo <strong>&#8220;El quinto no matar&#8221; de Manuel Machado<\/strong> en el ABC en 1946, un acto de gran valent\u00eda dada la fuerte censura y la proximidad al 1 de abril, d\u00eda de la victoria franquista.<\/li>\n<li>Record\u00f3 la profunda humanidad de <strong>Antonio Machado<\/strong>, quien, a pesar de las &#8220;cegueras&#8221;, &#8220;errores&#8221; e &#8220;injusticias&#8221; de sus adversarios, confes\u00f3 que &#8220;nunca pudo aborrecerlos&#8221; porque &#8220;eran espa\u00f1oles y el lazo fraterno&#8230; no pod\u00eda romperse&#8221;.<\/li>\n<li>Mencion\u00f3 los homenajes a Antonio Machado en Collioure, incluyendo uno en 1959 con personalidades como Picasso y Jean-Paul Sartre, y un poema en catal\u00e1n escrito por Gumersindo Gomila en 1942 durante la ocupaci\u00f3n francesa, siendo la \u00fanica manifestaci\u00f3n p\u00fablica en su memoria de 1940 a 1945.<\/li>\n<\/ul>\n<h4><strong>La Aventura de la Editorial Ediciones Machadianas<\/strong><\/h4>\n<p>Motivado por la necesidad de publicar los documentos de los hermanos Machado, Manuel \u00c1lvarez Machado impuls\u00f3 la creaci\u00f3n de la editorial Ediciones Machadianas. Lo que al principio parec\u00eda una &#8220;locura&#8221; \u2014&#8221;\u00bfc\u00f3mo vamos a hacer eso si eso los libros no tenemos que hacerlo?&#8221;\u2014 se convirti\u00f3 en una realidad gracias a su empuje y a la colaboraci\u00f3n de un equipo que se uni\u00f3 a su visi\u00f3n, incluyendo a Jes\u00fas en maquetaci\u00f3n, Mar como corrector, Alber como modulador y Marta en las portadas. La camarader\u00eda y el desinter\u00e9s por figurar fueron claves en este proyecto, donde siempre se prioriz\u00f3 la obra de los Machado.<\/p>\n<h4><strong>Un Recuerdo que Perdurar\u00e1<\/strong><\/h4>\n<p>La partida de Manuel \u00c1lvarez Machado ha dejado un profundo vac\u00edo; para la editora de ediciones Rilke, Madrid ha perdido &#8220;parte de su alma&#8221; desde su partida. Sin embargo, su recuerdo &#8220;perdurar\u00e1 inmaculable&#8221; en la memoria de quienes le conocieron y en la esencia de sus corazones. Su entusiasmo contagioso, su capacidad para convertir los sue\u00f1os en realidad y su habilidad para fortalecer y animar a quienes le rodeaban lo convirtieron en un &#8220;faro en la noche&#8221; y un &#8220;motor desbocado de potencia&#8221;.<\/p>\n<p>El homenaje concluy\u00f3 con la interpretaci\u00f3n de poemas de Antonio Machado, como &#8220;Coplas por la muerte de Guido&#8221; y &#8220;Retrato&#8221;, y de su abuelo, como &#8220;El reloj de la c\u00e1rcel&#8221;, adem\u00e1s de poemas dedicados al propio Manuel \u00c1lvarez Machado, evidenciando c\u00f3mo su legado sigue vivo a trav\u00e9s de la poes\u00eda que tanto am\u00f3 y protegi\u00f3. Su trabajo no ha sido en vano, y gracias a su &#8220;meticulosa labor investigadora&#8221;, hemos podido conocer numerosos documentos in\u00e9ditos, cartas, poemas y aspectos fundamentales de la memoria hist\u00f3rica.<\/p>\n<hr \/>\n[\/vc_column_text][\/vc_column][\/vc_row]\n<\/div>","protected":false},"excerpt":{"rendered":"<p>[vc_row css=&#8221;.vc_custom_1750320638633{padding: 15% !important;}&#8221;][vc_column][vc_video link=&#8221;https:\/\/www.youtube.com\/watch?v=h-lrRjj9BP8&#8243; css=&#8221;&#8221;][\/vc_column][\/vc_row][vc_row css=&#8221;.vc_custom_1750320651994{padding: 10% !important;}&#8221;][vc_column][vc_column_text css=&#8221;&#8221;] Manuel \u00c1lvarez Machado: El Guardi\u00e1n Incansable del Legado Machado y Defensor de la Verdad Hist\u00f3rica El 13 de junio de 2025, la Casa de Castilla-La Mancha en Madrid fue el escenario de un emotivo homenaje a Manuel \u00c1lvarez Machado, quien falleci\u00f3 el 18 de mayo [&hellip;]<\/p>\n","protected":false},"author":1,"featured_media":0,"parent":0,"menu_order":0,"comment_status":"closed","ping_status":"closed","template":"","meta":{"_acf_changed":false,"footnotes":""},"class_list":["post-444","page","type-page","status-publish","hentry"],"acf":[],"yoast_head":"<!-- This site is optimized with the Yoast SEO Premium plugin v24.7 (Yoast SEO v27.4) - https:\/\/yoast.com\/product\/yoast-seo-premium-wordpress\/ -->\n<title>HOMENAJE - Manuel \u00c1lvarez Machado<\/title>\n<meta name=\"description\" content=\"Manuel \u00c1lvarez Machado: guardi\u00e1n incansable del legado Machado. Descubre su vida, su lucha por la verdad hist\u00f3rica y su obra esencial.\" \/>\n<meta name=\"robots\" content=\"index, follow, max-snippet:-1, max-image-preview:large, max-video-preview:-1\" \/>\n<link rel=\"canonical\" href=\"https:\/\/nuestrosescritores.com\/manuelalvarezmachado\/homenaje\/\" \/>\n<meta property=\"og:locale\" content=\"es_ES\" \/>\n<meta property=\"og:type\" content=\"article\" \/>\n<meta property=\"og:title\" content=\"HOMENAJE\" \/>\n<meta property=\"og:description\" content=\"Manuel \u00c1lvarez Machado: guardi\u00e1n incansable del legado Machado. Descubre su vida, su lucha por la verdad hist\u00f3rica y su obra esencial.\" \/>\n<meta property=\"og:url\" content=\"https:\/\/nuestrosescritores.com\/manuelalvarezmachado\/homenaje\/\" \/>\n<meta property=\"og:site_name\" content=\"Manuel \u00c1lvarez Machado\" \/>\n<meta property=\"article:modified_time\" content=\"2025-06-19T08:22:33+00:00\" \/>\n<meta name=\"twitter:card\" content=\"summary_large_image\" \/>\n<meta name=\"twitter:label1\" content=\"Tiempo de lectura\" \/>\n\t<meta name=\"twitter:data1\" content=\"6 minutos\" \/>\n<script type=\"application\/ld+json\" class=\"yoast-schema-graph\">{\"@context\":\"https:\\\/\\\/schema.org\",\"@graph\":[{\"@type\":\"WebPage\",\"@id\":\"https:\\\/\\\/nuestrosescritores.com\\\/manuelalvarezmachado\\\/homenaje\\\/\",\"url\":\"https:\\\/\\\/nuestrosescritores.com\\\/manuelalvarezmachado\\\/homenaje\\\/\",\"name\":\"HOMENAJE - Manuel \u00c1lvarez Machado\",\"isPartOf\":{\"@id\":\"https:\\\/\\\/nuestrosescritores.com\\\/manuelalvarezmachado\\\/#website\"},\"datePublished\":\"2025-06-19T08:07:59+00:00\",\"dateModified\":\"2025-06-19T08:22:33+00:00\",\"description\":\"Manuel \u00c1lvarez Machado: guardi\u00e1n incansable del legado Machado. Descubre su vida, su lucha por la verdad hist\u00f3rica y su obra esencial.\",\"breadcrumb\":{\"@id\":\"https:\\\/\\\/nuestrosescritores.com\\\/manuelalvarezmachado\\\/homenaje\\\/#breadcrumb\"},\"inLanguage\":\"es\",\"potentialAction\":[{\"@type\":\"ReadAction\",\"target\":[\"https:\\\/\\\/nuestrosescritores.com\\\/manuelalvarezmachado\\\/homenaje\\\/\"]}]},{\"@type\":\"BreadcrumbList\",\"@id\":\"https:\\\/\\\/nuestrosescritores.com\\\/manuelalvarezmachado\\\/homenaje\\\/#breadcrumb\",\"itemListElement\":[{\"@type\":\"ListItem\",\"position\":1,\"name\":\"Portada\",\"item\":\"https:\\\/\\\/nuestrosescritores.com\\\/manuelalvarezmachado\\\/\"},{\"@type\":\"ListItem\",\"position\":2,\"name\":\"HOMENAJE\"}]},{\"@type\":\"WebSite\",\"@id\":\"https:\\\/\\\/nuestrosescritores.com\\\/manuelalvarezmachado\\\/#website\",\"url\":\"https:\\\/\\\/nuestrosescritores.com\\\/manuelalvarezmachado\\\/\",\"name\":\"Nuestros escritores\",\"description\":\"Escritor\",\"potentialAction\":[{\"@type\":\"SearchAction\",\"target\":{\"@type\":\"EntryPoint\",\"urlTemplate\":\"https:\\\/\\\/nuestrosescritores.com\\\/manuelalvarezmachado\\\/?s={search_term_string}\"},\"query-input\":{\"@type\":\"PropertyValueSpecification\",\"valueRequired\":true,\"valueName\":\"search_term_string\"}}],\"inLanguage\":\"es\"}]}<\/script>\n<!-- \/ Yoast SEO Premium plugin. -->","yoast_head_json":{"title":"HOMENAJE - Manuel \u00c1lvarez Machado","description":"Manuel \u00c1lvarez Machado: guardi\u00e1n incansable del legado Machado. Descubre su vida, su lucha por la verdad hist\u00f3rica y su obra esencial.","robots":{"index":"index","follow":"follow","max-snippet":"max-snippet:-1","max-image-preview":"max-image-preview:large","max-video-preview":"max-video-preview:-1"},"canonical":"https:\/\/nuestrosescritores.com\/manuelalvarezmachado\/homenaje\/","og_locale":"es_ES","og_type":"article","og_title":"HOMENAJE","og_description":"Manuel \u00c1lvarez Machado: guardi\u00e1n incansable del legado Machado. Descubre su vida, su lucha por la verdad hist\u00f3rica y su obra esencial.","og_url":"https:\/\/nuestrosescritores.com\/manuelalvarezmachado\/homenaje\/","og_site_name":"Manuel \u00c1lvarez Machado","article_modified_time":"2025-06-19T08:22:33+00:00","twitter_card":"summary_large_image","twitter_misc":{"Tiempo de lectura":"6 minutos"},"schema":{"@context":"https:\/\/schema.org","@graph":[{"@type":"WebPage","@id":"https:\/\/nuestrosescritores.com\/manuelalvarezmachado\/homenaje\/","url":"https:\/\/nuestrosescritores.com\/manuelalvarezmachado\/homenaje\/","name":"HOMENAJE - Manuel \u00c1lvarez Machado","isPartOf":{"@id":"https:\/\/nuestrosescritores.com\/manuelalvarezmachado\/#website"},"datePublished":"2025-06-19T08:07:59+00:00","dateModified":"2025-06-19T08:22:33+00:00","description":"Manuel \u00c1lvarez Machado: guardi\u00e1n incansable del legado Machado. Descubre su vida, su lucha por la verdad hist\u00f3rica y su obra esencial.","breadcrumb":{"@id":"https:\/\/nuestrosescritores.com\/manuelalvarezmachado\/homenaje\/#breadcrumb"},"inLanguage":"es","potentialAction":[{"@type":"ReadAction","target":["https:\/\/nuestrosescritores.com\/manuelalvarezmachado\/homenaje\/"]}]},{"@type":"BreadcrumbList","@id":"https:\/\/nuestrosescritores.com\/manuelalvarezmachado\/homenaje\/#breadcrumb","itemListElement":[{"@type":"ListItem","position":1,"name":"Portada","item":"https:\/\/nuestrosescritores.com\/manuelalvarezmachado\/"},{"@type":"ListItem","position":2,"name":"HOMENAJE"}]},{"@type":"WebSite","@id":"https:\/\/nuestrosescritores.com\/manuelalvarezmachado\/#website","url":"https:\/\/nuestrosescritores.com\/manuelalvarezmachado\/","name":"Nuestros escritores","description":"Escritor","potentialAction":[{"@type":"SearchAction","target":{"@type":"EntryPoint","urlTemplate":"https:\/\/nuestrosescritores.com\/manuelalvarezmachado\/?s={search_term_string}"},"query-input":{"@type":"PropertyValueSpecification","valueRequired":true,"valueName":"search_term_string"}}],"inLanguage":"es"}]}},"_links":{"self":[{"href":"https:\/\/nuestrosescritores.com\/manuelalvarezmachado\/wp-json\/wp\/v2\/pages\/444","targetHints":{"allow":["GET"]}}],"collection":[{"href":"https:\/\/nuestrosescritores.com\/manuelalvarezmachado\/wp-json\/wp\/v2\/pages"}],"about":[{"href":"https:\/\/nuestrosescritores.com\/manuelalvarezmachado\/wp-json\/wp\/v2\/types\/page"}],"author":[{"embeddable":true,"href":"https:\/\/nuestrosescritores.com\/manuelalvarezmachado\/wp-json\/wp\/v2\/users\/1"}],"replies":[{"embeddable":true,"href":"https:\/\/nuestrosescritores.com\/manuelalvarezmachado\/wp-json\/wp\/v2\/comments?post=444"}],"version-history":[{"count":0,"href":"https:\/\/nuestrosescritores.com\/manuelalvarezmachado\/wp-json\/wp\/v2\/pages\/444\/revisions"}],"wp:attachment":[{"href":"https:\/\/nuestrosescritores.com\/manuelalvarezmachado\/wp-json\/wp\/v2\/media?parent=444"}],"curies":[{"name":"wp","href":"https:\/\/api.w.org\/{rel}","templated":true}]}}