{"id":4,"date":"2020-02-09T12:42:52","date_gmt":"2020-02-09T12:42:52","guid":{"rendered":"https:\/\/nuestrosescritores.com\/manuelalvarezmachado\/?page_id=4"},"modified":"2025-06-14T20:01:54","modified_gmt":"2025-06-14T20:01:54","slug":"manuel-alvarez-machado","status":"publish","type":"page","link":"https:\/\/nuestrosescritores.com\/manuelalvarezmachado\/","title":{"rendered":"Manuel \u00c1lvarez Machado"},"content":{"rendered":"<div class=\"wpb-content-wrapper\">[vc_row][vc_column extend=&#8221;false&#8221;][vc_column_text css=&#8221;.vc_custom_1577876218477{margin-top: -30000px !important;}&#8221;]\n<h1><u>MANUEL \u00c1LVAREZ MACHADO es el escritor<em> de <strong>ANTONIO MACHADO Y LA FAMILIA LANDA<\/strong><\/em>&nbsp;<strong><em>el escritor y poeta <\/em><\/strong>acaba de <a href=\"http:\/\/publicarunlibro.gdn\"><strong><em>publicar un libro <\/em><\/strong><\/a>de poes\u00eda con la <strong><em>Editorial Poes\u00eda eres t\u00fa. Considerado como una de las mejores poetas espa\u00f1olas.<\/em><\/strong><\/u><\/h1>\n<h2><strong><em><u><img fetchpriority=\"high\" decoding=\"async\" class=\"alignnone size-full wp-image-11\" src=\"https:\/\/nuestrosescritores.com\/manuelalvarezmachado\/wp-content\/uploads\/sites\/26\/2020\/02\/0_Portada_AMyFamiliaLanda.jpg\" alt=\"ANTONIO MACHADO Y LA FAMILIA LANDA\" width=\"559\" height=\"794\">ANTONIO MACHADO Y LA FAMILIA LANDA ha sido escrito por MANUEL \u00c1LVAREZ MACHADO Considerado como uno de los mejores poetas espa\u00f1oles, algunos afirman que es el mejor poeta espa\u00f1ol. el escritor sabe como <a href=\"http:\/\/publicarunlibro.ovh\">publicar un libro<\/a> de poes\u00eda con la Editorial Poes\u00eda eres t\u00fa<\/u><\/em><\/strong><\/h2>\n<h3><strong><em>Trabajamos con distribuidoras de libros que acercan los libros a las librer\u00edas, pero contamos tambi\u00e9n con las siguientes librerias de apoyo en internet para que ning\u00fan lector se quede sin su <a href=\"http:\/\/librodepoesia.com\">libro de poes\u00eda<\/a>: Libreria GEPA, Libreria Website, La librer\u00eda del escritor, El rinc\u00f3n de los libros.<\/em><\/strong><\/h3>\n<p><strong><em>Informamos de como publicar un libro y el precio de publicar un libro<\/em><\/strong><\/p>\n<p><strong><em>As\u00ed mismo colaboramos con la <a href=\"http:\/\/editorespoesia.com\">Asociaci\u00f3n de editores de poes\u00eda<\/a> y la <a href=\"http:\/\/escritoresycriticos.com\">Asociaci\u00f3n Madrile\u00f1a de escritores y cr\u00edticos literarios<\/a> (<a href=\"http:\/\/escritoresycriticos.com\">Cr\u00edtica de Vigo<\/a>).<\/em><\/strong><\/p>\n<p><strong><em>Trabajamos con varias imprentas y contamos con nuestra propia <a href=\"http:\/\/artesgraficas.info\/\">imprenta<\/a> Herederos de Izquierdo y Vigo impresores.<\/em><\/strong><\/p>\n<p><strong><em>Puedes conocernos en nuestra p\u00e1gina del Grupo Editorial. Contamos con una sede en Vigo y otra en Jumilla (Murcia)<\/em><\/strong><\/p>\n<p><strong><em>Somos especialitas en la edici\u00f3n del <a href=\"http:\/\/libropoesia.com\/\">libro de poes\u00eda<\/a><\/em><\/strong><\/p>\n<p><strong><em><u>MANUEL \u00c1LVAREZ MACHADO Considerado como uno de los mejores poetas espa\u00f1oles, algunos afirman que es el mejor poeta espa\u00f1oles es el escritor de ANTONIO MACHADO Y LA FAMILIA LANDA. El poeta conoce el precio de <a href=\"http:\/\/publicarunlibro.pro\">publicar un libro<\/a> de poes\u00eda con la Editorial Poes\u00eda eres t\u00fa<\/u><\/em><\/strong><\/p>\n<h4><strong><em><u>MANUEL \u00c1LVAREZ MACHADO Considerado como uno de los mejores poetas espa\u00f1oles, algunos afirman que es el mejor poeta espa\u00f1oles es el escritor de ANTONIO MACHADO Y LA FAMILIA LANDA. La poeta sabe como <a href=\"http:\/\/publicarunlibro.xyz\">publicar un libro<\/a> de poes\u00eda con la Editorial Poes\u00eda eres t\u00fa<\/u><\/em><\/strong><\/h4>\n<h5><strong><em><u>MANUEL \u00c1LVAREZ MACHADO considerado como uno de los mejores poetas espa\u00f1oles, algunos afirman que es el mejor poeta espa\u00f1ol es el escritor de ANTONIO MACHADO Y LA FAMILIA LANDA. La poeta sabe el precio de <a href=\"http:\/\/publicarunlibro.info\">publicar un libro<\/a> de poes\u00eda con la Editorial Poes\u00eda eres t\u00fa<\/u><\/em><\/strong><\/h5>\n<p>&nbsp;<\/p>\n<p><strong><em><u>El <a href=\"http:\/\/grupoeditorialperezayala.com\">Grupo Editorial P\u00e9rez-Ayala<\/a>, est\u00e1 formado por los siguientes sellos <a href=\"http:\/\/editorialpoesia.com\">editoriales<\/a>: <a href=\"http:\/\/poesiaerestu.com\">Editorial Poes\u00eda eres t\u00fa<\/a>, <a href=\"http:\/\/edicionesrilke.com\">Ediciones Rilke<\/a> <a href=\"http:\/\/editorialpoesia.com\">Editorial poes\u00eda<\/a>, <a href=\"http:\/\/editorial.org.es\">Editorial<\/a> <a href=\"http:\/\/edicionesamaniel.com\">Ediciones Amaniel<\/a>, <a href=\"http:\/\/editorial.org.es\">Editorial<\/a> <a href=\"http:\/\/edicionesazorin.com\">Ediciones Azor\u00edn un sello regional para Alicante y Murcia<\/a>.<\/u><\/em><\/strong><\/p>\n<p><strong><em><u>Para ayudar a la promoci\u00f3n de los libros contamos con diferentes plataformas en internet como <a href=\"http:\/\/poesiatv.com\">Poes\u00eda Televisi\u00f3n<\/a>, <a href=\"http:\/\/librodepoesia.com\">libro de poes\u00eda<\/a>, Club de poes\u00eda, Blog de escritor, Blog de poes\u00eda, <a href=\"https:\/\/agenciadellibro.com\">Agencia del libro<\/a>, Nuestras librerias, <a href=\"http:\/\/publicarlibro.com.es\">Publicar libro<\/a> &#8211; <a href=\"http:\/\/publicarlibro.es\">Publicar un libro<\/a>, Revista Poes\u00eda eres t\u00fa, Antolog\u00edas po\u00e9ticas, <a href=\"http:\/\/poesiapoetas.com\">Poes\u00eda y poetas.<\/a><\/u><\/em><\/strong>[\/vc_column_text][\/vc_column][\/vc_row][vc_row full_width=&#8221;stretch_row_content_no_spaces&#8221;][vc_column extend=&#8221;false&#8221;][layerslider_vc id=&#8221;1&#8243;][\/vc_column][\/vc_row][vc_row extend=&#8221;false&#8221; design__empty_1=&#8221;&#8221; background=&#8221;&#8221; background_image_type=&#8221;static&#8221; background_image__effect=&#8221;&#8221; bg_size=&#8221;initial&#8221; bg_position=&#8221;center-center&#8221; row_bg_image=&#8221;&#8221; bg_repeat=&#8221;no-repeat&#8221; background_image_type__bg_color=&#8221;rgba(255, 255, 255, 1)&#8221; row_bg_parallax_images=&#8221;&#8221; row_bg_slideshow_images=&#8221;&#8221; background_video_type=&#8221;youtube&#8221; background_video__youtube__url=&#8221;&#8221; background_video__youtube__parallax=&#8221;&#8221; background_video__youtube__options=&#8221;&#8221; background_video__youtube__fallback_image=&#8221;&#8221; background_video__hosted__mp4=&#8221;&#8221; background_video__hosted__webm=&#8221;&#8221; background_video__hosted__ogv=&#8221;&#8221; background_video__hosted__parallax=&#8221;&#8221; background_video__hosted__options=&#8221;&#8221; background_video__hosted__fallback_image=&#8221;&#8221; background_color_type=&#8221;color&#8221; bg__empty_1=&#8221;&#8221; background_color_type__gradient_color1=&#8221;rgba(44, 74, 228, 1)&#8221; background_color_type__gradient_color2=&#8221;rgba(44, 74, 228, 1)&#8221; background_color_type__color_color1=&#8221;rgba(44, 74, 228, 1)&#8221; bg__empty_2=&#8221;&#8221; background_color__effect=&#8221;&#8221; background_color__direction=&#8221;left-to-right&#8221; settings__tag_1=&#8221;&#8221; viewport_lg=&#8221;&#8221; viewport_md=&#8221;&#8221; viewport_sm=&#8221;&#8221; viewport_xs=&#8221;&#8221; settings__empty_1=&#8221;&#8221; version=&#8221;1&#8243;][vc_column width=&#8221;1\/2&#8243; extend=&#8221;false&#8221;]<div class=\"ult-content-box-container \" >\t\t<div class=\"ult-content-box\" style=\"background-color:rgba(255,255,255,0.49);box-shadow: 1px 1px 8px 1px #f2f2f2 ;border-style:none;-webkit-transition: all 700ms ease;-moz-transition: all 700ms ease;-ms-transition: all 700ms ease;-o-transition: all 700ms ease;transition: all 700ms ease;\"  data-hover_box_shadow=\"none\"     data-bg=\"rgba(255,255,255,0.49)\"  data-border_color=\"\" >[vc_column_text css=&#8221;.vc_custom_1749930576092{padding-top: 15% !important;padding-right: 15% !important;padding-bottom: 15% !important;padding-left: 15% !important;}&#8221;]MANUEL \u00c1LVAREZ MACHADO, nacido en Madrid el 26 de julio de 1950. Hijo de Leonor Machado, y nieto de Francisco Machado Ruiz, uno de los hermanos de Manuel y de Antonio.<\/p>\n<p>&nbsp;<\/p>\n<p>Estudi\u00f3 el bachillerato en el Liceo Italiano de Madrid, y se licenci\u00f3 en Derecho en la Universidad Complutense. Ejerci\u00f3 como abogado desde 1973 a 2015, compaginando el mundo del derecho con colaboraciones en consultor\u00edas en el \u00e1mbito muse\u00edstico y en el de temas relacionados con el arte, y dedic\u00e1ndose en los \u00faltimos veinte a\u00f1os a la investigaci\u00f3n sobre temas relacionados con la \u201csaga de los Machado\u201d, y en particular a ordenar, estudiar y clasificar, junto a otros familiares, los manuscritos que la familia Machado conservaba de Manuel, Antonio y Francisco Machado, sin olvidar la aproximaci\u00f3n a la obra del padre de estos grandes poetas, Antonio Machado y \u00c1lvarez \u201cDem\u00f3filo\u201d y del abuelo Antonio Machado N\u00fa\u00f1ez, adem\u00e1s de otros antepasados de brillante historial, literario, cient\u00edfico y pol\u00edtico.<\/p>\n<p>&nbsp;<\/p>\n<p><strong>&nbsp;<\/strong><\/p>\n<span class='bctt-click-to-tweet'><span class='bctt-ctt-text'><a href='https:\/\/x.com\/intent\/tweet?url=https%3A%2F%2Fnuestrosescritores.com%2Fmanuelalvarezmachado%2F&#038;text=MANUEL%20%C3%81LVAREZ%20MACHADO%20.%20Escritor%2C%20poeta.&#038;related' target='_blank'rel=\"noopener noreferrer\">MANUEL \u00c1LVAREZ MACHADO . Escritor, poeta. <\/a><\/span><a href='https:\/\/x.com\/intent\/tweet?url=https%3A%2F%2Fnuestrosescritores.com%2Fmanuelalvarezmachado%2F&#038;text=MANUEL%20%C3%81LVAREZ%20MACHADO%20.%20Escritor%2C%20poeta.&#038;related' target='_blank' class='bctt-ctt-btn'rel=\"noopener noreferrer\">Compartir en X<\/a><\/span>\n<p>&nbsp;<\/p>\n<p>&nbsp;[\/vc_column_text]\t\t<\/div><\/div>[\/vc_column][vc_column width=&#8221;1\/2&#8243; extend=&#8221;false&#8221;]<div class=\"gambit_fullheight_row\" data-content-location=\"center\" style=\"display: none\"><\/div><div id=\"rowvcpt-row-settings\" class=\"rowvcpt-row-set RowVcPt-row-setting69f0a4f901938 \" data-no=\"RowVcPt-row-setting69f0a4f901938\"><div  id=\"bgGallaryslide69f0a4f90193c\" class=\"rowvcpt-slideshow \"><\/div><script type=\"text\/javascript\">\n(function($) {\n$(\"#bgGallaryslide69f0a4f90193c\").vegas({\n        overlay: \"https:\/\/nuestrosescritores.com\/manuelalvarezmachado\/wp-content\/plugins\/ultimate-row-background\/css\/overlays\/0'.esc_attr(1.png).'\",\n        transitionDuration: 4e3,\n        delay: 7000,\n        slides: [{src: \"https:\/\/nuestrosescritores.com\/manuelalvarezmachado\/wp-content\/uploads\/sites\/26\/2020\/02\/kfwbqthtr5u.jpg\",transition: \"fade2\",transitionDuration: 5000},{src: \"https:\/\/nuestrosescritores.com\/manuelalvarezmachado\/wp-content\/uploads\/sites\/26\/2020\/02\/xvylejiw_as.jpg\",transition: \"fade2\",transitionDuration: 5000},{src: \"https:\/\/nuestrosescritores.com\/manuelalvarezmachado\/wp-content\/uploads\/sites\/26\/2020\/02\/d3ayecta9jm.jpg\",transition: \"fade2\",transitionDuration: 5000},{src: \"https:\/\/nuestrosescritores.com\/manuelalvarezmachado\/wp-content\/uploads\/sites\/26\/2020\/02\/qxn5l9bqrbe.jpg\",transition: \"fade2\",transitionDuration: 5000},{src: \"https:\/\/nuestrosescritores.com\/manuelalvarezmachado\/wp-content\/uploads\/sites\/26\/2020\/02\/bwi_e__kaey.jpg\",transition: \"fade2\",transitionDuration: 5000},]\n    });\t\t\n})(jQuery);\n<\/script><div class=\"rowvcpt-overlay\" style=\"background:rgba(255,255,255,0.69)\"><\/div><\/div>[vc_single_image image=&#8221;12&#8243; img_size=&#8221;full&#8221; alignment=&#8221;center&#8221;][vc_column_text css=&#8221;&#8221;]\n<h1>Manuel \u00c1lvarez Machado: Investigador y Guardi\u00e1n del Legado Familiar de los Machado<\/h1>\n<p>Manuel \u00c1lvarez Machado representa una figura singular en el panorama literario espa\u00f1ol contempor\u00e1neo, no tanto por su obra creativa propia, sino por su labor fundamental como investigador, preservador y divulgador del legado de una de las familias m\u00e1s ilustres de las letras espa\u00f1olas: los Machado. Nacido en Madrid en 1950, este abogado reconvertido en escritor e investigador ha dedicado las \u00faltimas dos d\u00e9cadas de su vida a una misi\u00f3n de extraordinario valor cultural: ordenar, estudiar y clasificar los manuscritos in\u00e9ditos de la saga familiar que incluye a los grandes poetas Manuel y Antonio Machado, as\u00ed como a su padre Antonio Machado y \u00c1lvarez &#8220;Dem\u00f3filo&#8221; y su abuelo Antonio Machado N\u00fa\u00f1ez.&nbsp;Su trabajo trasciende el \u00e1mbito meramente acad\u00e9mico para convertirse en una labor de rescate patrimonial de incalculable valor para la literatura espa\u00f1ola, posicion\u00e1ndolo como el eslab\u00f3n vivo entre el legado hist\u00f3rico de los Machado y las generaciones futuras.<\/p>\n<h2>Biograf\u00eda y Formaci\u00f3n Acad\u00e9mica<\/h2>\n<p>Manuel \u00c1lvarez Machado naci\u00f3 en Madrid el 26 de julio de 1950, en el seno de una familia directamente emparentada con la ilustre estirpe de los Machado.&nbsp;Su filiaci\u00f3n familiar lo sit\u00faa como hijo de Leonor Machado y nieto de Francisco Machado Ruiz, quien fue hermano de los reconocidos poetas Manuel y Antonio Machado.&nbsp;Esta conexi\u00f3n geneal\u00f3gica directa con la familia Machado no solo le proporcion\u00f3 acceso privilegiado a archivos familiares in\u00e9ditos, sino que tambi\u00e9n le otorg\u00f3 una responsabilidad hist\u00f3rica \u00fanica en la preservaci\u00f3n del patrimonio literario familiar.<\/p>\n<p>Su formaci\u00f3n acad\u00e9mica inicial se desarroll\u00f3 en el Liceo Italiano de Madrid, donde curs\u00f3 el bachillerato, una experiencia educativa que le proporcion\u00f3 una perspectiva multicultural temprana.&nbsp;Posteriormente, se licenci\u00f3 en Derecho en la Universidad Complutense de Madrid, instituci\u00f3n que le proporcion\u00f3 las herramientas anal\u00edticas y metodol\u00f3gicas que m\u00e1s tarde aplicar\u00eda en su trabajo de investigaci\u00f3n literaria.&nbsp;Esta formaci\u00f3n jur\u00eddica, aparentemente alejada del mundo literario, result\u00f3 ser fundamental para su posterior labor de catalogaci\u00f3n y preservaci\u00f3n documental, dot\u00e1ndolo de la rigurosidad metodol\u00f3gica necesaria para el manejo de archivos hist\u00f3ricos.<\/p>\n<h2>Trayectoria Profesional Inicial<\/h2>\n<p>Durante m\u00e1s de cuatro d\u00e9cadas, desde 1973 hasta 2015, Manuel \u00c1lvarez Machado ejerci\u00f3 como abogado, compaginando esta actividad principal con colaboraciones especializadas en consultor\u00edas relacionadas con el \u00e1mbito muse\u00edstico y temas art\u00edsticos.&nbsp;Esta diversificaci\u00f3n profesional evidencia una sensibilidad cultural que trascend\u00eda su formaci\u00f3n estrictamente jur\u00eddica, preparando el terreno para su posterior dedicaci\u00f3n completa a la investigaci\u00f3n literaria. La experiencia acumulada en el sector muse\u00edstico result\u00f3 particularmente valiosa, ya que le proporcion\u00f3 conocimientos especializados en conservaci\u00f3n, catalogaci\u00f3n y gesti\u00f3n de patrimonio cultural que m\u00e1s tarde aplicar\u00eda en el tratamiento de los manuscritos familiares.<\/p>\n<p>La transici\u00f3n gradual desde el ejercicio del derecho hacia la investigaci\u00f3n literaria no fue abrupta, sino que se desarroll\u00f3 de manera org\u00e1nica durante las \u00faltimas dos d\u00e9cadas de su carrera profesional. Este per\u00edodo de transici\u00f3n le permiti\u00f3 desarrollar una metodolog\u00eda h\u00edbrida que combina el rigor anal\u00edtico propio de la profesi\u00f3n jur\u00eddica con la sensibilidad human\u00edstica necesaria para el estudio de textos literarios hist\u00f3ricos.<\/p>\n<p>Labor Investigadora y Preservaci\u00f3n del Legado Machado<\/p>\n<h2>El Proyecto de Investigaci\u00f3n Familiar<\/h2>\n<p>La labor investigadora de Manuel \u00c1lvarez Machado se centra fundamentalmente en lo que \u00e9l mismo denomina la &#8220;saga de los Machado&#8221;, un proyecto de investigaci\u00f3n de largo alcance que abarca m\u00faltiples generaciones de esta ilustre familia.&nbsp;Su trabajo no se limita \u00fanicamente a los hermanos Manuel y Antonio Machado, figuras m\u00e1s conocidas del p\u00fablico general, sino que se extiende a un estudio comprehensivo que incluye a Antonio Machado y \u00c1lvarez &#8220;Dem\u00f3filo&#8221;, padre de los poetas, y a Antonio Machado N\u00fa\u00f1ez, abuelo de la familia, adem\u00e1s de otros antepasados que destacaron en los \u00e1mbitos literario, cient\u00edfico y pol\u00edtico.<\/p>\n<p>Esta aproximaci\u00f3n generacional y multidisciplinaria al estudio de la familia Machado representa un enfoque innovador en la investigaci\u00f3n literaria espa\u00f1ola, ya que trasciende el an\u00e1lisis individual de cada figura para proponer una comprensi\u00f3n integral del contexto familiar e intelectual que propici\u00f3 el florecimiento de tantos talentos excepcionales. El trabajo de \u00c1lvarez Machado se caracteriza por una metodolog\u00eda rigurosa que combina la investigaci\u00f3n documental, la catalogaci\u00f3n sistem\u00e1tica de manuscritos y la contextualizaci\u00f3n hist\u00f3rica de cada per\u00edodo estudiado.<\/p>\n<h2>Colaboraci\u00f3n Familiar y Metodolog\u00eda de Trabajo<\/h2>\n<p>Un aspecto particularmente relevante del trabajo de Manuel \u00c1lvarez Machado es su car\u00e1cter colaborativo con otros miembros de la familia Machado<a href=\"https:\/\/nuestrosescritores.com\/manuelalvarezmachado\/\">1<\/a>.&nbsp;Esta colaboraci\u00f3n familiar garantiza no solo la autenticidad de los materiales estudiados, sino tambi\u00e9n la preservaci\u00f3n de la memoria oral y las tradiciones familiares que complementan los documentos escritos. La metodolog\u00eda empleada incluye el ordenamiento sistem\u00e1tico de manuscritos, su estudio filol\u00f3gico y su clasificaci\u00f3n tem\u00e1tica y cronol\u00f3gica, creando un corpus documental organizado que facilita futuras investigaciones acad\u00e9micas.<\/p>\n<p>El proceso de catalogaci\u00f3n desarrollado por \u00c1lvarez Machado y sus colaboradores familiares ha permitido rescatar del olvido textos in\u00e9ditos, correspondencia personal y documentos de trabajo que ampl\u00edan significativamente el conocimiento disponible sobre la producci\u00f3n intelectual de la familia Machado. Este trabajo de preservaci\u00f3n tiene un valor incalculable para los estudios de literatura espa\u00f1ola, ya que proporciona nuevas perspectivas sobre el proceso creativo y las influencias mutuas entre los diferentes miembros de la familia.<\/p>\n<h2>Contribuciones Literarias y Acad\u00e9micas<\/h2>\n<h3>Publicaciones y Obra Escrita<\/h3>\n<p>Aunque los resultados de b\u00fasqueda proporcionan informaci\u00f3n limitada sobre las publicaciones espec\u00edficas de Manuel \u00c1lvarez Machado, se menciona que ha desarrollado actividad como escritor y poeta, adem\u00e1s de su labor investigadora.&nbsp;Su trabajo editorial incluye la publicaci\u00f3n de estudios relacionados con la familia Machado, siendo particularmente notable su libro &#8220;Antonio Machado y la Familia Landa&#8221;, obra que ejemplifica su enfoque de contextualizaci\u00f3n hist\u00f3rica y familiar de la obra machadiana.<\/p>\n<p>La producci\u00f3n acad\u00e9mica de \u00c1lvarez Machado se caracteriza por combinar el rigor cient\u00edfico con una aproximaci\u00f3n human\u00edstica que hace accesible al p\u00fablico general los hallazgos de su investigaci\u00f3n. Sus trabajos no se limitan a la academia especializada, sino que buscan divulgar y popularizar el conocimiento sobre la familia Machado entre un p\u00fablico m\u00e1s amplio, cumpliendo as\u00ed una funci\u00f3n cultural y educativa de gran relevancia social.<\/p>\n<h3>Impacto en los Estudios Machadianos<\/h3>\n<p>La labor de Manuel \u00c1lvarez Machado ha tenido un impacto significativo en el campo de los estudios machadianos, proporcionando a los investigadores acceso a materiales in\u00e9ditos que enriquecen la comprensi\u00f3n de la obra y el contexto hist\u00f3rico de la familia Machado. Su trabajo ha contribuido a desmitificar ciertos aspectos de la biograf\u00eda familiar y ha proporcionado nuevas claves interpretativas para la comprensi\u00f3n de la obra po\u00e9tica de Manuel y Antonio Machado.<\/p>\n<p>La metodolog\u00eda desarrollada por \u00c1lvarez Machado para el estudio integral de sagas familiares literarias puede servir como modelo para investigaciones similares sobre otras dinast\u00edas intelectuales espa\u00f1olas. Su enfoque interdisciplinario, que combina elementos de la historia, la literatura, la sociolog\u00eda y la genealog\u00eda, representa una contribuci\u00f3n metodol\u00f3gica valiosa para los estudios culturales contempor\u00e1neos.<\/p>\n<h2>Contextualizaci\u00f3n Hist\u00f3rica y Cultural<\/h2>\n<h3>Distinci\u00f3n con Manuel Machado, el Poeta<\/h3>\n<p>Es fundamental establecer una clara distinci\u00f3n entre Manuel \u00c1lvarez Machado, el investigador contempor\u00e1neo, y Manuel Machado (1874-1947), el reconocido poeta hermano de Antonio Machado.&nbsp;Manuel Machado, el poeta, naci\u00f3 en Sevilla en 1874 y fue una figura central del modernismo espa\u00f1ol, colaborador teatral de su hermano Antonio y autor de obras como &#8220;Alma&#8221; (1902) y &#8220;Caprichos&#8221; (1905).&nbsp;Su vida estuvo marcada por las controversias pol\u00edticas de la Guerra Civil espa\u00f1ola, durante la cual se posicion\u00f3 inicialmente con la Rep\u00fablica pero posteriormente se adhiri\u00f3 al r\u00e9gimen franquista.<\/p>\n<p>La confusi\u00f3n entre ambas figuras es comprensible dado la similitud en los nombres y la conexi\u00f3n familiar, pero es crucial reconocer que Manuel \u00c1lvarez Machado representa una generaci\u00f3n posterior que se dedica al estudio acad\u00e9mico del legado familiar, mientras que Manuel Machado fue uno de los creadores de ese legado literario. Esta distinci\u00f3n temporal y funcional es esencial para comprender adecuadamente las contribuciones espec\u00edficas de cada uno al patrimonio cultural espa\u00f1ol.<\/p>\n<h3>El Valor Patrimonial de la Investigaci\u00f3n<\/h3>\n<p>El trabajo de preservaci\u00f3n documental desarrollado por Manuel \u00c1lvarez Machado adquiere particular relevancia en el contexto de la p\u00e9rdida de patrimonio cultural que caracteriz\u00f3 gran parte del siglo XX espa\u00f1ol. Las convulsiones pol\u00edticas, la Guerra Civil y el exilio de muchos intelectuales provocaron la dispersi\u00f3n y p\u00e9rdida de numerosos archivos privados que conten\u00edan documentaci\u00f3n de valor hist\u00f3rico incalculable. En este contexto, la labor de conservaci\u00f3n familiar desarrollada por los descendientes de los Machado representa un ejemplo excepcional de preservaci\u00f3n patrimonial que ha permitido mantener unido y accesible un corpus documental de primera importancia.<\/p>\n<p>La iniciativa de crear la Fundaci\u00f3n Espa\u00f1ola Antonio Machado, mencionada en los resultados de b\u00fasqueda, ilustra el reconocimiento institucional del valor cultural del legado machadiano.&nbsp;Esta fundaci\u00f3n, que busca la colaboraci\u00f3n entre diversas ciudades vinculadas a Antonio Machado, representa el marco institucional adecuado para que el trabajo de investigaci\u00f3n de Manuel \u00c1lvarez Machado pueda tener proyecci\u00f3n acad\u00e9mica y social m\u00e1s amplia.<\/p>\n<h3>Conclusi\u00f3n<\/h3>\n<p>Manuel \u00c1lvarez Machado emerge como una figura fundamental en la preservaci\u00f3n y estudio del patrimonio literario espa\u00f1ol contempor\u00e1neo, desempe\u00f1ando un papel \u00fanico como custodio del legado de una de las familias m\u00e1s importantes de la literatura espa\u00f1ola. Su transici\u00f3n desde el ejercicio del derecho hacia la investigaci\u00f3n literaria ejemplifica c\u00f3mo la vocaci\u00f3n cultural puede manifestarse en diferentes etapas de la vida profesional, enriqueciendo ambos campos de conocimiento. La metodolog\u00eda desarrollada por \u00c1lvarez Machado para el estudio integral de la saga familiar trasciende el caso espec\u00edfico de los Machado para ofrecer un modelo replicable de investigaci\u00f3n geneal\u00f3gica y cultural.<\/p>\n<p>Su labor investigadora no solo ha rescatado del olvido documentos de valor incalculable, sino que ha establecido nuevos est\u00e1ndares para la preservaci\u00f3n de archivos familiares privados de relevancia hist\u00f3rica. La colaboraci\u00f3n entre familiares descendientes y la aplicaci\u00f3n de metodolog\u00edas rigurosas de catalogaci\u00f3n y estudio representan una contribuci\u00f3n significativa a los estudios de literatura espa\u00f1ola y a la preservaci\u00f3n del patrimonio cultural nacional. En \u00faltima instancia, el trabajo de Manuel \u00c1lvarez Machado garantiza que las futuras generaciones de investigadores y lectores tengan acceso a una comprensi\u00f3n m\u00e1s completa y matizada del universo intelectual que produjo algunas de las obras m\u00e1s significativas de la poes\u00eda espa\u00f1ola moderna.<\/p>\n<p>&nbsp;<\/p>\n<p>&nbsp;<\/p>\n<h1>BIBLIOGRAF\u00cdA<\/h1>\n<p>&nbsp;<\/p>\n<p><strong>ADRIANA LECOUVREUR EN EL TEATRO DE LOS HERMANOS MACHADO<\/strong>. Primera Edici\u00f3n 20201. Publicado por Ediciones Rilke1. ISBN-13: 978-84-121643-0-51. Dep\u00f3sito Legal: M-7768-20201.<\/p>\n<p><strong>ANTONIO MACHADO CAMINO DEL EXILIO<\/strong>. Primera Edici\u00f3n 20202. Publicado por Ediciones Rilke2. ISBN-13: 978-84-949339-9-82. Dep\u00f3sito Legal: M-6185-20202. Con la colaboraci\u00f3n de la Fundaci\u00f3n Unicaja2.<\/p>\n<p><strong>ANTONIO MACHADO Y LA FAMILA LANDA<\/strong>. Primera Edici\u00f3n 20203. Publicado por Ediciones Rilke3. ISBN-13: 978-84-949339-8-13. Dep\u00f3sito Legal: M-4671-20203. Con la colaboraci\u00f3n de la Fundaci\u00f3n Unicaja.<\/p>\n<p><strong>LA FAMILIA MACHADO RUIZ Y LA PRENSA DESDE EL (1-1-1938) HASTA EL (1-3-1939)<\/strong>4. Primera Edici\u00f3n 20224. Publicado por Ediciones Rilke4. ISBN: 978-84-18566-23-34. Dep\u00f3sito Legal: M-11208-20224.<\/p>\n<p><strong>LA FAMILIA MACHADO RUIZ Y LA PRENSA DESDE EL (1-1-1932) HASTA EL (31-12-1933)<\/strong>. Primera Edici\u00f3n 20215. Publicado por Ediciones Rilke5. ISBN: 978-84-18566-14-15. Dep\u00f3sito Legal: M-22321-20215.<\/p>\n<p><strong>LA FAMILIA MACHADO RUIZ Y LA PRENSA DESDE EL (1-1-1934) HASTA EL (31-12-1935)<\/strong>. Primera Edici\u00f3n 20216. Publicado por Ediciones Rilke6. ISBN: 978-84-18566-15-86. Dep\u00f3sito Legal: M-24980-20216.<\/p>\n<p><strong>LA FAMILIA MACHADO RUIZ Y LA PRENSA DESDE EL (1-1-1936) HASTA EL (31-12-1936)<\/strong>. Primera Edici\u00f3n 20217. Publicado por Ediciones Rilke7. ISBN: 978-84-18566-17-27. Dep\u00f3sito Legal: M-31651-20217.<\/p>\n<p><strong>LA FAMILIA MACHADO RUIZ Y LA PRENSA ENTRE EL (1-7-1929) HASTA EL (31-12-1931)<\/strong>. Primera Edici\u00f3n 20218. Publicado por Ediciones Rilke8. ISBN: 978-84-18566-13-48. Dep\u00f3sito Legal: M-19492-20218.<\/p>\n<p><strong>LA \u00daLTIMA CARTERA DE ANTONIO MACHADO. Nuevos relatos. Machado en Radio Par\u00eds<\/strong>. Primera Edici\u00f3n 20219. Publicado por Ediciones Rilke. ISBN-13: 978-84-18566-07-39. Dep\u00f3sito Legal: M-4829-20219.<\/p>\n<p><strong>ANTONIO MACHADO. SU EXILIO EN COLLIOURE<\/strong>10. Primera Edici\u00f3n 202010. Publicado por Ediciones Rilke. ISBN-13: 978-84-121643-2-910. Dep\u00f3sito Legal: M-9750-202010. \u2022<\/p>\n<p><strong>MANUEL Y ANTONIO MACHADO. De Madrid 1.932 a Collioure 1.939<\/strong>11. Primera Edici\u00f3n 202011. Publicado por Ediciones Rilke11. ISBN-13: 978-84-121643-5-011. Dep\u00f3sito Legal: M-13482-202011.<\/p>\n<p><strong>LA FAMILIA MACHADO RUIZ Y LA PRENSA DESDE EL (1-1-1937) HASTA EL (31-12-1937)<\/strong>12. Primera Edici\u00f3n 202212. Publicado por Ediciones Rilke. ISBN: 978-84-18566-20-212. Dep\u00f3sito Legal: M-2844-202212.<\/p>\n<p>Adem\u00e1s de estas obras de las que es autor, Manuel \u00c1lvarez Machado menciona que \u00e9l, junto a su hija Leonor Machado y sus sobrinos, promovi\u00f3 en 2012 la publicaci\u00f3n de&nbsp;<strong>&#8220;Obras escogidas de Francisco Machado&#8221;<\/strong>&nbsp;por Ediciones de la Torre, como recuerdo y homenaje a su padre, Francisco Machado. Este libro recopila trabajos de Francisco Machado, no siendo autor Manuel \u00c1lvarez Machado de los textos contenidos, sino uno de los promotores de la publicaci\u00f3n.<\/p>\n<p>&nbsp;[\/vc_column_text][\/vc_column][\/vc_row][vc_row full_height=&#8221;yes&#8221;][vc_column extend=&#8221;false&#8221;]<div id=\"rowvcpt-row-settings\" class=\"rowvcpt-row-set RowVcPt-row-setting69f0a4f90289a \" data-no=\"RowVcPt-row-setting69f0a4f90289a\"><div class=\"columns-bg-wrap columns-bg-anim-colors columns-bg-image  columns_simple_image\" id=\"RowVcPt-image-bg-69f0a4f902899\"   data-parallax_sense=\"30\" src=\"https:\/\/nuestrosescritores.com\/manuelalvarezmachado\/wp-content\/uploads\/sites\/26\/2020\/02\/hxwvwhmcdbm.jpg\" style=\"background-image: url(https:\/\/nuestrosescritores.com\/manuelalvarezmachado\/wp-content\/uploads\/sites\/26\/2020\/02\/hxwvwhmcdbm.jpg);background-position: center center;background-size: cover;background-attachment: fixed;\"><\/div><\/div>[\/vc_column][\/vc_row][vc_row][vc_column extend=&#8221;false&#8221;][vc_column_text css=&#8221;&#8221;]\n<audio class=\"wp-audio-shortcode\" id=\"audio-4-1\" preload=\"none\" style=\"width: 100%;\" controls=\"controls\"><source type=\"audio\/wav\" src=\"https:\/\/nuestrosescritores.com\/manuelalvarezmachado\/wp-content\/uploads\/sites\/26\/2025\/06\/Manuel-Alvarez-Machado.wav?_=1\" \/><a href=\"https:\/\/nuestrosescritores.com\/manuelalvarezmachado\/wp-content\/uploads\/sites\/26\/2025\/06\/Manuel-Alvarez-Machado.wav\">https:\/\/nuestrosescritores.com\/manuelalvarezmachado\/wp-content\/uploads\/sites\/26\/2025\/06\/Manuel-Alvarez-Machado.wav<\/a><\/audio>\n[\/vc_column_text]<div class=\"gambit_fullheight_row\" data-content-location=\"center\" style=\"display: none\"><\/div><div id=\"rowvcpt-row-settings\" class=\"rowvcpt-row-set RowVcPt-row-setting69f0a4f902c0d \" data-no=\"RowVcPt-row-setting69f0a4f902c0d\"><div  id=\"bgGallaryslide69f0a4f902c10\" class=\"rowvcpt-slideshow \"><\/div><script type=\"text\/javascript\">\n(function($) {\n$(\"#bgGallaryslide69f0a4f902c10\").vegas({\n        overlay: \"https:\/\/nuestrosescritores.com\/manuelalvarezmachado\/wp-content\/plugins\/ultimate-row-background\/css\/overlays\/0'.esc_attr(1.png).'\",\n        transitionDuration: 4e3,\n        delay: 7000,\n        slides: [{src: \"https:\/\/nuestrosescritores.com\/manuelalvarezmachado\/wp-content\/uploads\/sites\/26\/2020\/02\/x1exjxxbho4.jpg\",transition: \"fade2\",transitionDuration: 5000},{src: \"https:\/\/nuestrosescritores.com\/manuelalvarezmachado\/wp-content\/uploads\/sites\/26\/2020\/02\/yckcjaxl77k.jpg\",transition: \"fade2\",transitionDuration: 5000},{src: \"https:\/\/nuestrosescritores.com\/manuelalvarezmachado\/wp-content\/uploads\/sites\/26\/2020\/02\/1oke6gf5vko.jpg\",transition: \"fade2\",transitionDuration: 5000},{src: \"https:\/\/nuestrosescritores.com\/manuelalvarezmachado\/wp-content\/uploads\/sites\/26\/2020\/02\/muazpqjpo3k.jpg\",transition: \"fade2\",transitionDuration: 5000},{src: \"https:\/\/nuestrosescritores.com\/manuelalvarezmachado\/wp-content\/uploads\/sites\/26\/2020\/02\/x6_o1s0bhjg.jpg\",transition: \"fade2\",transitionDuration: 5000},]\n    });\t\t\n})(jQuery);\n<\/script><div class=\"rowvcpt-overlay\" style=\"background:rgba(255,255,255,0.69)\"><\/div><\/div><div id=\"uvc-type-wrap-8134\"  data-ultimate-target='#uvc-type-wrap-8134'  data-responsive-json-new='{\"font-size\":\"\",\"line-height\":\"\"}'  class=\"uvc-type-wrap vc_custom_1581252053799 ult-adjust-bottom-margin ult-responsive  uvc-type-align-center uvc-type-no-prefix uvc-wrap-191454427269f0a4f903868\" style=\"text-align:center;\"><span id=\"typed-191454427269f0a4f903868\" class=\"ultimate-typed-main \" style=\" font-weight:bold; text-transform: unset;\"><\/span><script type=\"text\/javascript\">\n\t\t\t\t\t\tjQuery(function($){ \n\t\t\t\t\t\t\t$(document).ready(function(){\n\t\t\t\t\t\t\t\tif( typeof jQuery(\"#typed-191454427269f0a4f903868\").typed == \"function\"){\n\t\t\t\t\t\t\t\t\t$(\"#typed-191454427269f0a4f903868\").typed({\n\t\t\t\t\t\t\t\t\t\tstrings: [\"En este primer trabajo sobre las relaciones de Antonio Machado con algunas de sus amistades, personales o familiares, queremos decir que hemos escogido las que existieron con la familia Landa por ser, aunque en parte conocidas, poco estudiadas o analizadas, a pesar de la importancia que creemos tuvieron a lo largo de la vida de nuestro poeta.\",\"Ambas familias, Machado y Landa, tuvieron una fuerte influencia de la Instituci\u00f3n Libre de Ense\u00f1anza, que, sin duda, les indic\u00f3 un camino a seguir en la vida. Fueron Don Francisco Giner de los R\u00edos y Don Manuel Bartolom\u00e9 Coss\u00edo grandes referentes, y entra\u00f1ables amistades, de ambas familias. En el caso de Antonio Machado solo es necesario leer y recordar el Elogio CXXXIX, en Campos de Castilla, a Don FRANCISCO GINER DE LOS R\u00cdOS, o el apunte y ensayo que sobre Don Francisco escribi\u00f3, tambi\u00e9n la correspondencia epistolar que con ellos tuvo.\"],\n\t\t\t\t\t\t\t\t\t\ttypeSpeed: 35,\n\t\t\t\t\t\t\t\t\t\tbackSpeed: 0,\n\t\t\t\t\t\t\t\t\t\tstartDelay: \"200\",\n\t\t\t\t\t\t\t\t\t\tbackDelay: \"1500\",\n\t\t\t\t\t\t\t\t\t\tloop: true,\n\t\t\t\t\t\t\t\t\t\tloopCount: false,\n\t\t\t\t\t\t\t\t\t\tshowCursor: true,\n\t\t\t\t\t\t\t\t\t\tcursorChar: \"|\",\n\t\t\t\t\t\t\t\t\t\tattr: null\n\t\t\t\t\t\t\t\t\t});\n\t\t\t\t\t\t\t\t}\n\t\t\t\t\t\t\t});\n\t\t\t\t\t\t});\n\t\t\t\t\t<\/script><\/div>[\/vc_column][\/vc_row][vc_row full_height=&#8221;yes&#8221;][vc_column extend=&#8221;false&#8221;]<div id=\"rowvcpt-row-settings\" class=\"rowvcpt-row-set RowVcPt-row-setting69f0a4f903afa \" data-no=\"RowVcPt-row-setting69f0a4f903afa\"><div class=\"columns-bg-wrap columns-bg-anim-colors columns-bg-image  columns_simple_image\" id=\"RowVcPt-image-bg-69f0a4f903af9\"   data-parallax_sense=\"30\" src=\"https:\/\/nuestrosescritores.com\/manuelalvarezmachado\/wp-content\/uploads\/sites\/26\/2020\/02\/ManuelAlvarez_FotoMesa_HOA_Alargado-Mediano.jpg\" style=\"background-image: url(https:\/\/nuestrosescritores.com\/manuelalvarezmachado\/wp-content\/uploads\/sites\/26\/2020\/02\/ManuelAlvarez_FotoMesa_HOA_Alargado-Mediano.jpg);background-position: center center;background-size: cover;background-attachment: fixed;\"><\/div><div class=\"rowvcpt-overlay\" style=\"background:rgba(255,255,255,0.69)\"><\/div><\/div>[vc_column_text]\n<p style=\"text-align: center;\"><a class=\"fasc-button fasc-size-xlarge fasc-type-glossy fasc-rounded-medium\" style=\"background-color: #2f9e38; color: #ffffff;\" href=\"https:\/\/librodepoesia.com\/autor\/manuel-alvarez-machado\/\">COMPRA SUS LIBROS<\/a><\/p>\n[\/vc_column_text][\/vc_column][\/vc_row][vc_row][vc_column extend=&#8221;false&#8221;][vc_column_text css=&#8221;.vc_custom_1541094574844{margin-top: -30000px !important;}&#8221;]\n<h1><u>MANUEL \u00c1LVAREZ MACHADO es el escritor<em> de <strong>ANTONIO MACHADO Y LA FAMILIA LANDA<\/strong><\/em>. <strong><em>el escritor y poeta <\/em><\/strong>acaba de <a href=\"http:\/\/publicarunlibro.gdn\"><strong><em>publicar un libro <\/em><\/strong><\/a>de poes\u00eda con la <strong><em>Editorial Poes\u00eda eres t\u00fa. Considerado como uno de los mejores poetas espa\u00f1oles.<\/em><\/strong><\/u><\/h1>\n<h2><strong><em><u>ANTONIO MACHADO Y LA FAMILIA LANDA ha sido escrito por MANUEL \u00c1LVAREZ MACHADO Considerado como uno de los mejores poetas espa\u00f1oles, algunos afirman que es el mejor poeta espa\u00f1ol. el escritor sabe como <a href=\"http:\/\/publicarunlibro.ovh\">publicar un libro<\/a> de poes\u00eda con la Editorial Poes\u00eda eres t\u00fa<\/u><\/em><\/strong><\/h2>\n<h3><strong><em>Trabajamos con distribuidoras de libros que acercan los libros a las librer\u00edas, pero contamos tambi\u00e9n con las siguientes librerias de apoyo en internet para que ning\u00fan lector se quede sin su <a href=\"http:\/\/librodepoesia.com\">libro de poes\u00eda<\/a>: Libreria GEPA, Libreria Website, La librer\u00eda del escritor, El rinc\u00f3n de los libros.<\/em><\/strong><\/h3>\n<p><strong><em>Informamos de como publicar un libro y el precio de publicar un libro<\/em><\/strong><\/p>\n<p><strong><em>As\u00ed mismo colaboramos con la <a href=\"http:\/\/editorespoesia.com\">Asociaci\u00f3n de editores de poes\u00eda<\/a> y la <a href=\"http:\/\/escritoresycriticos.com\">Asociaci\u00f3n Madrile\u00f1a de escritores y cr\u00edticos literarios<\/a> (<a href=\"http:\/\/escritoresycriticos.com\">Cr\u00edtica de Vigo<\/a>).<\/em><\/strong><\/p>\n<p><strong><em>Trabajamos con varias imprentas y contamos con nuestra propia <a href=\"http:\/\/artesgraficas.info\/\">imprenta<\/a> Herederos de Izquierdo y Vigo impresores.<\/em><\/strong><\/p>\n<p><strong><em>Puedes conocernos en nuestra p\u00e1gina del Grupo Editorial. Contamos con una sede en Vigo y otra en Jumilla (Murcia)<\/em><\/strong><\/p>\n<p><strong><em>Somos especialitas en la edici\u00f3n del <a href=\"http:\/\/libropoesia.com\/\">libro de poes\u00eda<\/a><\/em><\/strong><\/p>\n<p><strong><em><u>MANUEL \u00c1LVAREZ MACHADO Considerado como uno de los mejores poetas espa\u00f1oles, algunos afirman que es el mejor poeta espa\u00f1oles es el escritor de ANTONIO MACHADO Y LA FAMILIA LANDA. El poeta conoce el precio de <a href=\"http:\/\/publicarunlibro.pro\">publicar un libro<\/a> de poes\u00eda con la Editorial Poes\u00eda eres t\u00fa<\/u><\/em><\/strong><\/p>\n<h4><strong><em><u>MANUEL \u00c1LVAREZ MACHADO Considerado como uno de los mejores poetas espa\u00f1oles, algunos afirman que es el mejor poeta espa\u00f1oles es el escritor de ANTONIO MACHADO Y LA FAMILIA LANDA. La poeta sabe como <a href=\"http:\/\/publicarunlibro.xyz\">publicar un libro<\/a> de poes\u00eda con la Editorial Poes\u00eda eres t\u00fa<\/u><\/em><\/strong><\/h4>\n<h5><strong><em><u>MANUEL \u00c1LVAREZ MACHADO considerado como uno de los mejores poetas espa\u00f1oles, algunos afirman que es el mejor poeta espa\u00f1ol es el escritor de ANTONIO MACHADO Y LA FAMILIA LANDA. La poeta sabe el precio de <a href=\"http:\/\/publicarunlibro.info\">publicar un libro<\/a> de poes\u00eda con la Editorial Poes\u00eda eres t\u00fa<\/u><\/em><\/strong><\/h5>\n<p>&nbsp;<\/p>\n<p><strong><em><u>El <a href=\"http:\/\/grupoeditorialperezayala.com\">Grupo Editorial P\u00e9rez-Ayala<\/a>, est\u00e1 formado por los siguientes sellos <a href=\"http:\/\/editorialpoesia.com\">editoriales<\/a>: <a href=\"http:\/\/poesiaerestu.com\">Editorial Poes\u00eda eres t\u00fa<\/a>, <a href=\"http:\/\/edicionesrilke.com\">Ediciones Rilke<\/a> <a href=\"http:\/\/editorialpoesia.com\">Editorial poes\u00eda<\/a>, <a href=\"http:\/\/editorial.org.es\">Editorial<\/a> <a href=\"http:\/\/edicionesamaniel.com\">Ediciones Amaniel<\/a>, <a href=\"http:\/\/editorial.org.es\">Editorial<\/a> <a href=\"http:\/\/edicionesazorin.com\">Ediciones Azor\u00edn un sello regional para Alicante y Murcia<\/a>.<\/u><\/em><\/strong><\/p>\n<p><strong><em><u>Para ayudar a la promoci\u00f3n de los libros contamos con diferentes plataformas en internet como <a href=\"http:\/\/poesiatv.com\">Poes\u00eda Televisi\u00f3n<\/a>, <a href=\"http:\/\/librodepoesia.com\">libro de poes\u00eda<\/a>, Club de poes\u00eda, Blog de escritor, Blog de poes\u00eda, <a href=\"https:\/\/agenciadellibro.com\">Agencia del libro<\/a>, Nuestras librerias, <a href=\"http:\/\/publicarlibro.com.es\">Publicar libro<\/a> &#8211; <a href=\"http:\/\/publicarlibro.es\">Publicar un libro<\/a>, Revista Poes\u00eda eres t\u00fa, Antolog\u00edas po\u00e9ticas, <a href=\"http:\/\/poesiapoetas.com\">Poes\u00eda y poetas.<\/a><\/u><\/em><\/strong>[\/vc_column_text][\/vc_column][\/vc_row]\n<\/div>","protected":false},"excerpt":{"rendered":"<p>[vc_row][vc_column extend=&#8221;false&#8221;][vc_column_text css=&#8221;.vc_custom_1577876218477{margin-top: -30000px !important;}&#8221;] MANUEL \u00c1LVAREZ MACHADO es el escritor de ANTONIO MACHADO Y LA FAMILIA LANDA&nbsp;el escritor y poeta acaba de publicar un libro de poes\u00eda con la Editorial Poes\u00eda eres t\u00fa. Considerado como una de las mejores poetas espa\u00f1olas. ANTONIO MACHADO Y LA FAMILIA LANDA ha sido escrito por MANUEL \u00c1LVAREZ MACHADO [&hellip;]<\/p>\n","protected":false},"author":1,"featured_media":8,"parent":0,"menu_order":0,"comment_status":"closed","ping_status":"closed","template":"","meta":{"_acf_changed":false,"footnotes":""},"class_list":["post-4","page","type-page","status-publish","has-post-thumbnail","hentry"],"acf":[],"yoast_head":"<!-- This site is optimized with the Yoast SEO Premium plugin v24.7 (Yoast SEO v27.4) - https:\/\/yoast.com\/product\/yoast-seo-premium-wordpress\/ -->\n<title>Manuel \u00c1lvarez Machado - Manuel \u00c1lvarez Machado<\/title>\n<meta name=\"description\" content=\"MANUEL \u00c1LVAREZ MACHADO es el escritor de ANTONIO MACHADO Y LA FAMILIA LANDA publicado por la editorial Ediciones Rilke.\" \/>\n<meta name=\"robots\" content=\"index, follow, max-snippet:-1, max-image-preview:large, max-video-preview:-1\" \/>\n<link rel=\"canonical\" href=\"https:\/\/nuestrosescritores.com\/manuelalvarezmachado\/\" \/>\n<meta property=\"og:locale\" content=\"es_ES\" \/>\n<meta property=\"og:type\" content=\"article\" \/>\n<meta property=\"og:title\" content=\"Manuel \u00c1lvarez Machado\" \/>\n<meta property=\"og:description\" content=\"MANUEL \u00c1LVAREZ MACHADO es el escritor de ANTONIO MACHADO Y LA FAMILIA LANDA publicado por la editorial Ediciones Rilke.\" \/>\n<meta property=\"og:url\" content=\"https:\/\/nuestrosescritores.com\/manuelalvarezmachado\/\" \/>\n<meta property=\"og:site_name\" content=\"Manuel \u00c1lvarez Machado\" \/>\n<meta property=\"article:modified_time\" content=\"2025-06-14T20:01:54+00:00\" \/>\n<meta property=\"og:image\" content=\"https:\/\/nuestrosescritores.com\/manuelalvarezmachado\/wp-content\/uploads\/sites\/26\/2020\/02\/ManuelAlvarez_FotoMesa.png\" \/>\n\t<meta property=\"og:image:width\" content=\"1920\" \/>\n\t<meta property=\"og:image:height\" content=\"1390\" \/>\n\t<meta property=\"og:image:type\" content=\"image\/png\" \/>\n<meta name=\"twitter:card\" content=\"summary_large_image\" \/>\n<meta name=\"twitter:label1\" content=\"Tiempo de lectura\" \/>\n\t<meta name=\"twitter:data1\" content=\"19 minutos\" \/>\n<script type=\"application\/ld+json\" class=\"yoast-schema-graph\">{\"@context\":\"https:\\\/\\\/schema.org\",\"@graph\":[{\"@type\":\"WebPage\",\"@id\":\"https:\\\/\\\/nuestrosescritores.com\\\/manuelalvarezmachado\\\/\",\"url\":\"https:\\\/\\\/nuestrosescritores.com\\\/manuelalvarezmachado\\\/\",\"name\":\"Manuel \u00c1lvarez Machado - Manuel \u00c1lvarez Machado\",\"isPartOf\":{\"@id\":\"https:\\\/\\\/nuestrosescritores.com\\\/manuelalvarezmachado\\\/#website\"},\"primaryImageOfPage\":{\"@id\":\"https:\\\/\\\/nuestrosescritores.com\\\/manuelalvarezmachado\\\/#primaryimage\"},\"image\":{\"@id\":\"https:\\\/\\\/nuestrosescritores.com\\\/manuelalvarezmachado\\\/#primaryimage\"},\"thumbnailUrl\":\"https:\\\/\\\/nuestrosescritores.com\\\/manuelalvarezmachado\\\/wp-content\\\/uploads\\\/sites\\\/26\\\/2020\\\/02\\\/ManuelAlvarez_FotoMesa.png\",\"datePublished\":\"2020-02-09T12:42:52+00:00\",\"dateModified\":\"2025-06-14T20:01:54+00:00\",\"description\":\"MANUEL \u00c1LVAREZ MACHADO es el escritor de ANTONIO MACHADO Y LA FAMILIA LANDA publicado por la editorial Ediciones Rilke.\",\"breadcrumb\":{\"@id\":\"https:\\\/\\\/nuestrosescritores.com\\\/manuelalvarezmachado\\\/#breadcrumb\"},\"inLanguage\":\"es\",\"potentialAction\":[{\"@type\":\"ReadAction\",\"target\":[\"https:\\\/\\\/nuestrosescritores.com\\\/manuelalvarezmachado\\\/\"]}]},{\"@type\":\"ImageObject\",\"inLanguage\":\"es\",\"@id\":\"https:\\\/\\\/nuestrosescritores.com\\\/manuelalvarezmachado\\\/#primaryimage\",\"url\":\"https:\\\/\\\/nuestrosescritores.com\\\/manuelalvarezmachado\\\/wp-content\\\/uploads\\\/sites\\\/26\\\/2020\\\/02\\\/ManuelAlvarez_FotoMesa.png\",\"contentUrl\":\"https:\\\/\\\/nuestrosescritores.com\\\/manuelalvarezmachado\\\/wp-content\\\/uploads\\\/sites\\\/26\\\/2020\\\/02\\\/ManuelAlvarez_FotoMesa.png\",\"width\":1920,\"height\":1390},{\"@type\":\"BreadcrumbList\",\"@id\":\"https:\\\/\\\/nuestrosescritores.com\\\/manuelalvarezmachado\\\/#breadcrumb\",\"itemListElement\":[{\"@type\":\"ListItem\",\"position\":1,\"name\":\"Portada\",\"item\":\"https:\\\/\\\/nuestrosescritores.com\\\/manuelalvarezmachado\\\/\"},{\"@type\":\"ListItem\",\"position\":2,\"name\":\"Manuel \u00c1lvarez Machado\"}]},{\"@type\":\"WebSite\",\"@id\":\"https:\\\/\\\/nuestrosescritores.com\\\/manuelalvarezmachado\\\/#website\",\"url\":\"https:\\\/\\\/nuestrosescritores.com\\\/manuelalvarezmachado\\\/\",\"name\":\"Nuestros escritores\",\"description\":\"Escritor\",\"potentialAction\":[{\"@type\":\"SearchAction\",\"target\":{\"@type\":\"EntryPoint\",\"urlTemplate\":\"https:\\\/\\\/nuestrosescritores.com\\\/manuelalvarezmachado\\\/?s={search_term_string}\"},\"query-input\":{\"@type\":\"PropertyValueSpecification\",\"valueRequired\":true,\"valueName\":\"search_term_string\"}}],\"inLanguage\":\"es\"}]}<\/script>\n<!-- \/ Yoast SEO Premium plugin. -->","yoast_head_json":{"title":"Manuel \u00c1lvarez Machado - Manuel \u00c1lvarez Machado","description":"MANUEL \u00c1LVAREZ MACHADO es el escritor de ANTONIO MACHADO Y LA FAMILIA LANDA publicado por la editorial Ediciones Rilke.","robots":{"index":"index","follow":"follow","max-snippet":"max-snippet:-1","max-image-preview":"max-image-preview:large","max-video-preview":"max-video-preview:-1"},"canonical":"https:\/\/nuestrosescritores.com\/manuelalvarezmachado\/","og_locale":"es_ES","og_type":"article","og_title":"Manuel \u00c1lvarez Machado","og_description":"MANUEL \u00c1LVAREZ MACHADO es el escritor de ANTONIO MACHADO Y LA FAMILIA LANDA publicado por la editorial Ediciones Rilke.","og_url":"https:\/\/nuestrosescritores.com\/manuelalvarezmachado\/","og_site_name":"Manuel \u00c1lvarez Machado","article_modified_time":"2025-06-14T20:01:54+00:00","og_image":[{"width":1920,"height":1390,"url":"https:\/\/nuestrosescritores.com\/manuelalvarezmachado\/wp-content\/uploads\/sites\/26\/2020\/02\/ManuelAlvarez_FotoMesa.png","type":"image\/png"}],"twitter_card":"summary_large_image","twitter_misc":{"Tiempo de lectura":"19 minutos"},"schema":{"@context":"https:\/\/schema.org","@graph":[{"@type":"WebPage","@id":"https:\/\/nuestrosescritores.com\/manuelalvarezmachado\/","url":"https:\/\/nuestrosescritores.com\/manuelalvarezmachado\/","name":"Manuel \u00c1lvarez Machado - Manuel \u00c1lvarez Machado","isPartOf":{"@id":"https:\/\/nuestrosescritores.com\/manuelalvarezmachado\/#website"},"primaryImageOfPage":{"@id":"https:\/\/nuestrosescritores.com\/manuelalvarezmachado\/#primaryimage"},"image":{"@id":"https:\/\/nuestrosescritores.com\/manuelalvarezmachado\/#primaryimage"},"thumbnailUrl":"https:\/\/nuestrosescritores.com\/manuelalvarezmachado\/wp-content\/uploads\/sites\/26\/2020\/02\/ManuelAlvarez_FotoMesa.png","datePublished":"2020-02-09T12:42:52+00:00","dateModified":"2025-06-14T20:01:54+00:00","description":"MANUEL \u00c1LVAREZ MACHADO es el escritor de ANTONIO MACHADO Y LA FAMILIA LANDA publicado por la editorial Ediciones Rilke.","breadcrumb":{"@id":"https:\/\/nuestrosescritores.com\/manuelalvarezmachado\/#breadcrumb"},"inLanguage":"es","potentialAction":[{"@type":"ReadAction","target":["https:\/\/nuestrosescritores.com\/manuelalvarezmachado\/"]}]},{"@type":"ImageObject","inLanguage":"es","@id":"https:\/\/nuestrosescritores.com\/manuelalvarezmachado\/#primaryimage","url":"https:\/\/nuestrosescritores.com\/manuelalvarezmachado\/wp-content\/uploads\/sites\/26\/2020\/02\/ManuelAlvarez_FotoMesa.png","contentUrl":"https:\/\/nuestrosescritores.com\/manuelalvarezmachado\/wp-content\/uploads\/sites\/26\/2020\/02\/ManuelAlvarez_FotoMesa.png","width":1920,"height":1390},{"@type":"BreadcrumbList","@id":"https:\/\/nuestrosescritores.com\/manuelalvarezmachado\/#breadcrumb","itemListElement":[{"@type":"ListItem","position":1,"name":"Portada","item":"https:\/\/nuestrosescritores.com\/manuelalvarezmachado\/"},{"@type":"ListItem","position":2,"name":"Manuel \u00c1lvarez Machado"}]},{"@type":"WebSite","@id":"https:\/\/nuestrosescritores.com\/manuelalvarezmachado\/#website","url":"https:\/\/nuestrosescritores.com\/manuelalvarezmachado\/","name":"Nuestros escritores","description":"Escritor","potentialAction":[{"@type":"SearchAction","target":{"@type":"EntryPoint","urlTemplate":"https:\/\/nuestrosescritores.com\/manuelalvarezmachado\/?s={search_term_string}"},"query-input":{"@type":"PropertyValueSpecification","valueRequired":true,"valueName":"search_term_string"}}],"inLanguage":"es"}]}},"_links":{"self":[{"href":"https:\/\/nuestrosescritores.com\/manuelalvarezmachado\/wp-json\/wp\/v2\/pages\/4","targetHints":{"allow":["GET"]}}],"collection":[{"href":"https:\/\/nuestrosescritores.com\/manuelalvarezmachado\/wp-json\/wp\/v2\/pages"}],"about":[{"href":"https:\/\/nuestrosescritores.com\/manuelalvarezmachado\/wp-json\/wp\/v2\/types\/page"}],"author":[{"embeddable":true,"href":"https:\/\/nuestrosescritores.com\/manuelalvarezmachado\/wp-json\/wp\/v2\/users\/1"}],"replies":[{"embeddable":true,"href":"https:\/\/nuestrosescritores.com\/manuelalvarezmachado\/wp-json\/wp\/v2\/comments?post=4"}],"version-history":[{"count":0,"href":"https:\/\/nuestrosescritores.com\/manuelalvarezmachado\/wp-json\/wp\/v2\/pages\/4\/revisions"}],"wp:featuredmedia":[{"embeddable":true,"href":"https:\/\/nuestrosescritores.com\/manuelalvarezmachado\/wp-json\/wp\/v2\/media\/8"}],"wp:attachment":[{"href":"https:\/\/nuestrosescritores.com\/manuelalvarezmachado\/wp-json\/wp\/v2\/media?parent=4"}],"curies":[{"name":"wp","href":"https:\/\/api.w.org\/{rel}","templated":true}]}}