{"id":257,"date":"2020-06-03T15:38:36","date_gmt":"2020-06-03T15:38:36","guid":{"rendered":"https:\/\/nuestrosescritores.com\/manuelalvarezmachado\/?page_id=257"},"modified":"2025-06-14T19:58:19","modified_gmt":"2025-06-14T19:58:19","slug":"libros","status":"publish","type":"page","link":"https:\/\/nuestrosescritores.com\/manuelalvarezmachado\/libros\/","title":{"rendered":"Libros"},"content":{"rendered":"<div class=\"wpb-content-wrapper\">[vc_row][vc_column]\n\t\t<div id=\"rfbwp_69f0b9b7d7dd8\" class=\"rfbwp-shelf rfbwp-shelf-style-classic\">\n\t\t<div class=\"rfbwp-shelf-books\">\n\t\t\t<a href=\"#landa\" data-fb-id=\"landa\" data-fb-w=\"629\" data-fb-h=\"892\" data-fb-r=\"0.70515695067265\" data-fb-p=\"0\" data-fb-n=\"72\" data-fb-fs=\"#ededed|95|true\" class=\"rfbwp-shelf-book\" style=\"\"><img decoding=\"async\" class=\"rfbwp-image\" src=\"https:\/\/nuestrosescritores.com\/manuelalvarezmachado\/wp-content\/uploads\/sites\/26\/2020\/02\/Cubierta300AMyFamiliaLanda4.jpg\"><\/a><a href=\"#exilio\" data-fb-id=\"exilio\" data-fb-w=\"629\" data-fb-h=\"892\" data-fb-r=\"0.70515695067265\" data-fb-p=\"0\" data-fb-n=\"72\" data-fb-fs=\"#ededed|95|true\" class=\"rfbwp-shelf-book\" style=\"\"><img decoding=\"async\" class=\"rfbwp-image\" src=\"https:\/\/nuestrosescritores.com\/manuelalvarezmachado\/wp-content\/uploads\/sites\/26\/2020\/02\/0_PortadaAMyCaminodelexilio-1.jpg\"><\/a><a href=\"#adriana\" data-fb-id=\"adriana\" data-fb-w=\"629\" data-fb-h=\"892\" data-fb-r=\"0.70515695067265\" data-fb-p=\"0\" data-fb-n=\"72\" data-fb-fs=\"#ededed|95|true\" class=\"rfbwp-shelf-book\" style=\"\"><img decoding=\"async\" class=\"rfbwp-image\" src=\"https:\/\/nuestrosescritores.com\/manuelalvarezmachado\/wp-content\/uploads\/sites\/26\/2020\/03\/0_Portada_AdrianaLecouvreur.jpg\"><\/a><a href=\"#suexilio\" data-fb-id=\"suexilio\" data-fb-w=\"629\" data-fb-h=\"892\" data-fb-r=\"0.70515695067265\" data-fb-p=\"0\" data-fb-n=\"72\" data-fb-fs=\"#ededed|95|true\" class=\"rfbwp-shelf-book\" style=\"\"><img decoding=\"async\" class=\"rfbwp-image\" src=\"https:\/\/nuestrosescritores.com\/manuelalvarezmachado\/wp-content\/uploads\/sites\/26\/2020\/04\/0_Portada_Colliure.jpg\"><\/a><a href=\"#antonioymanuel\" data-fb-id=\"antonioymanuel\" data-fb-w=\"629\" data-fb-h=\"892\" data-fb-r=\"0.70515695067265\" data-fb-p=\"0\" data-fb-n=\"72\" data-fb-fs=\"#ededed|95|true\" class=\"rfbwp-shelf-book\" style=\"\"><img decoding=\"async\" class=\"rfbwp-image\" src=\"https:\/\/nuestrosescritores.com\/manuelalvarezmachado\/wp-content\/uploads\/sites\/26\/2020\/06\/0_Portada_ManuelyAntonioMachado-1.jpg\"><\/a>\t\t<\/div>\n\t\t<div class=\"rfbwp-shelf-box\"><a href=\"#\" class=\"rfbwp-close\"><\/a><div class=\"rfbwp-shelf-wrap\"><\/div><\/div>\n\t\t<div class=\"rfbwp-shelf-cache\"><\/div>\t\t<div class=\"rfbwp-shelf-display\">\n\t\t\t<div class=\"rfbwp-shelf-front\"><\/div>\n\t\t\t<div class=\"rfbwp-shelf-front-gradient\"><\/div>\n\t\t\t<div class=\"rfbwp-shelf-top\"><\/div>\n\t\t\t<div class=\"rfbwp-shelf-top-gradient\"><\/div>\n\t\t\t<div class=\"rfbwp-shelf-shadow\"><\/div>\n\t\t<\/div>\n\t<\/div>\n\n\t[\/vc_column][\/vc_row][vc_row][vc_column][vc_column_text css=&#8221;.vc_custom_1749931095808{padding: 15% !important;}&#8221;]<strong>Cronolog\u00eda Detallada de los Acontecimientos Principales<\/strong><\/p>\n<ul>\n<li><strong>Mediados de 1929:<\/strong> Los cinco hermanos Machado Ruiz (Manuel, Antonio, Jos\u00e9, Joaqu\u00edn, y Francisco) residen en Madrid en sus respectivas viviendas. Manuel vive en la calle Churruca con su esposa Eulalia y su suegro Francisco C\u00e1ceres Aldama. Antonio, aunque pasa los fines de semana y d\u00edas festivos en Madrid en su casa de General Arrando con su madre Ana Ruiz Hern\u00e1ndez y su hermano Jos\u00e9 con su familia, reside en Segovia.<\/li>\n<li><strong>Finales de 1929:<\/strong> Se produce la intentona golpista de S\u00e1nchez Guerra, que fracasa pero contribuye al desgaste del gobierno de Primo de Rivera. Primo de Rivera enfrenta crecientes presiones para dimitir al perder la confianza del ej\u00e9rcito y la marina.<\/li>\n<li><strong>11 de febrero de 1930:<\/strong> La obra teatral &#8220;La Lola se va a los puertos&#8221; de Manuel y Antonio Machado se representa en el teatro de la Zarzuela en Madrid, continuando su \u00e9xito.<\/li>\n<li><strong>21 de febrero de 1930:<\/strong> El Heraldo de Madrid publica una fotograf\u00eda de Albert Einstein tocando el viol\u00edn.<\/li>\n<li><strong>Verano de 1930:<\/strong> Antonio y Manuel Machado dan entrevistas period\u00edsticas sobre sus planes de trabajo. Manuel suele responder aunque Antonio est\u00e9 presente.<\/li>\n<li><strong>19 de mayo de 1931:<\/strong> Se levanta en Madrid el &#8220;Estado de Guerra&#8221; que estaba en vigor desde el 15 de diciembre de 1930.<\/li>\n<li><strong>22 de mayo de 1931:<\/strong> Se proclama la &#8220;libertad religiosa&#8221; en Espa\u00f1a, generando rechazo en los sectores religiosos conservadores.<\/li>\n<li><strong>17 de junio de 1931:<\/strong> Se inaugura la Plaza de Toros Monumental de las Ventas en Madrid.<\/li>\n<li><strong>27 de noviembre de 1931:<\/strong> Niceto Alcal\u00e1 Zamora es elegido miembro de la Real Academia Espa\u00f1ola.<\/li>\n<li><strong>9 de diciembre de 1931:<\/strong> Se aprueba la Constituci\u00f3n de la Segunda Rep\u00fablica Espa\u00f1ola.<\/li>\n<li><strong>11 de diciembre de 1931:<\/strong> El Parlamento Brit\u00e1nico aprueba el Estatuto de Westminster, reconociendo la independencia de varios territorios brit\u00e1nicos.<\/li>\n<li><strong>Enero de 1932:<\/strong> El a\u00f1o comienza con noticias de explosiones de bombas en La Felguera y disturbios en Sevilla y otras ciudades de Espa\u00f1a, conocidos como la Revoluci\u00f3n de enero de 1933. El ambiente social se caracteriza por una continua efervescencia.<\/li>\n<li><strong>29 de enero de 1932:<\/strong> La revista Nuevo Mundo publica un art\u00edculo titulado \u201cHombres que tienen hambre; tierras que tienen sed\u201d sobre los problemas sociales en Andaluc\u00eda.<\/li>\n<li><strong>18 de febrero de 1932:<\/strong> El emperador japon\u00e9s declara a Manzhouguo independiente de China.<\/li>\n<li><strong>22 de febrero de 1932:<\/strong> Adolf Hitler se presenta como candidato a la presidencia de la Rep\u00fablica Alemana por el Partido Nacionalsocialista Alem\u00e1n de los Trabajadores.<\/li>\n<li><strong>25 de febrero de 1932:<\/strong> Se aprueba en Espa\u00f1a la Ley de Divorcio, entrando en vigor al d\u00eda siguiente.<\/li>\n<li><strong>19 de diciembre de 1932:<\/strong> El servicio mundial de la BBC comienza a transmitir para todo el Imperio Brit\u00e1nico.<\/li>\n<li><strong>23 de diciembre de 1932:<\/strong> Se promulga en Espa\u00f1a la ley del Impuesto sobre la Renta.<\/li>\n<li><strong>25 de diciembre de 1932:<\/strong> La I. G. Farbeindustrie solicita la patente del \u201cprontosil\u201d, primera aplicaci\u00f3n m\u00e9dica de las sulfamidas. Un terremoto de grado 7,6 en la provincia de Gansu, China, mata a aproximadamente 70.000 personas.<\/li>\n<li><strong>7 de enero de 1933:<\/strong> Francisco Machado Ruiz es trasladado de Director del Reformatorio de Adultos de Alicante a la prisi\u00f3n de mujeres de Madrid (la antigua C\u00e1rcel de mujeres conocida como \u201cQui\u00f1ones\u201d, a la espera de la nueva).<\/li>\n<li><strong>5 de marzo de 1933:<\/strong> En Estados Unidos, el presidente Franklin D. Roosevelt declara un feriado bancario debido a la crisis bancaria.<\/li>\n<li><strong>Entre el 5 y el 8 de marzo de 1933:<\/strong> Tendencias autoritarias se manifiestan en Europa. En Grecia, el general Plastiras da un golpe de Estado. En Austria, el canciller Engelbert Dollfuss se erige en dictador.<\/li>\n<li><strong>21 de marzo de 1933:<\/strong> Se suprimen los sindicatos libres en Alemania.<\/li>\n<li><strong>27 de marzo de 1933:<\/strong> Jap\u00f3n se retira de la Sociedad de Naciones e invade territorio de la Rep\u00fablica de China.<\/li>\n<li><strong>26 de abril de 1933:<\/strong> En Alemania, Hermann G\u00f6ring establece la Gestapo.<\/li>\n<li><strong>8 de mayo de 1933:<\/strong> En la India, Mahatma Gandhi comienza una huelga de hambre contra el maltrato de los hind\u00faes parias.<\/li>\n<li><strong>10 de mayo de 1933:<\/strong> Quema de 20.000 libros de autores en la lista negra nazi en Berl\u00edn.<\/li>\n<li><strong>17 de mayo de 1933:<\/strong> Se aprueba en Espa\u00f1a la ley de confesiones y congregaciones religiosas.<\/li>\n<li><strong>24 de mayo de 1933:<\/strong> El Reichstag concede amplios poderes a Adolf Hitler por cuatro a\u00f1os.<\/li>\n<li><strong>11 de junio de 1933:<\/strong> Los aviadores espa\u00f1oles Mariano Barber\u00e1n y Joaqu\u00edn Collar llegan a Camag\u00fcey (Cuba) en el avi\u00f3n \u201cCuatro Vientos\u201d tras un vuelo sin escala desde Sevilla.<\/li>\n<li><strong>20 de junio de 1933:<\/strong> Mariano Barber\u00e1n y Joaqu\u00edn Collar desaparecen en el mar Caribe durante su ruta prevista de La Habana a M\u00e9xico.<\/li>\n<li><strong>21 de junio de 1933:<\/strong> Adolf Hitler proh\u00edbe en Alemania todos los partidos no nazis.<\/li>\n<li><strong>24 de julio de 1933:<\/strong> Se conoce en Espa\u00f1a la sentencia contra la \u201cSanjurjada\u201d.<\/li>\n<li><strong>26 de julio de 1933:<\/strong> En Cuba, el presidente Gerardo Machado otorga una amnist\u00eda y restablece las garant\u00edas constitucionales. En Alemania, se promulga una ley de esterilizaci\u00f3n.<\/li>\n<li><strong>27 de julio de 1933:<\/strong> El Gobierno de la Segunda Rep\u00fablica Espa\u00f1ola reconoce a la Uni\u00f3n Sovi\u00e9tica, restableciendo relaciones diplom\u00e1ticas.<\/li>\n<li><strong>4 de agosto de 1933:<\/strong> En la India, el Gobierno brit\u00e1nico encarcela a Mahatma Gandhi.<\/li>\n<li><strong>5 de agosto de 1933:<\/strong> Polonia y la Ciudad libre de D\u00e1nzig firman un acuerdo sobre la utilizaci\u00f3n del puerto de la ciudad.<\/li>\n<li><strong>13 de agosto de 1933:<\/strong> El dictador Gerardo Machado abandona Cuba con destino a las islas Bahamas. Se proclama presidente provisional de la Rep\u00fablica cubana al se\u00f1or C\u00e9spedes Ortiz.<\/li>\n<li><strong>17 de agosto de 1933:<\/strong> Se anuncia en la prensa espa\u00f1ola un homenaje nacional a Blasco Ib\u00e1\u00f1ez con motivo del traslado de sus restos a Espa\u00f1a.<\/li>\n<li><strong>30 de agosto de 1933:<\/strong> Se produce la entrega oficial de la nueva C\u00e1rcel de Mujeres de Madrid, con la firma del Acta de recepci\u00f3n por Victoria Kent y otras autoridades.<\/li>\n<li><strong>19 de octubre de 1933:<\/strong> Alemania renuncia a mantenerse en la Sociedad de Naciones.<\/li>\n<li><strong>29 de octubre de 1933:<\/strong> Jos\u00e9 Antonio Primo de Rivera pronuncia en Madrid el Discurso de fundaci\u00f3n de Falange Espa\u00f1ola.<\/li>\n<li><strong>5 de noviembre de 1933:<\/strong> Se aprueba en refer\u00e9ndum el Estatuto vasco en el Pa\u00eds Vasco.<\/li>\n<li><strong>Noviembre de 1933:<\/strong> Asesinan al rey Mohammed Nadir Sha de Afganist\u00e1n. Le sucede su hijo Mohammed Zahir Sha.<\/li>\n<li><strong>17 de noviembre de 1933:<\/strong> El Gobierno de Estados Unidos reconoce a la Uni\u00f3n Sovi\u00e9tica.<\/li>\n<li><strong>19 de noviembre de 1933:<\/strong> Se celebran por primera vez en Espa\u00f1a Elecciones Generales con sufragio universal, incluyendo el voto femenino. Ganan los partidos de derechas.<\/li>\n<li><strong>5 de diciembre de 1933:<\/strong> Se abole la Ley seca en Estados Unidos.<\/li>\n<li><strong>9 de febrero de 1934:<\/strong> Grecia, Turqu\u00eda, Ruman\u00eda y Yugoslavia firman el Pacto balc\u00e1nico.<\/li>\n<li><strong>Entre el 12 y el 16 de febrero de 1934:<\/strong> Se desarrolla la Guerra Civil Austriaca, con la derrota de los socialdem\u00f3cratas.<\/li>\n<li><strong>16 de febrero de 1934:<\/strong> Se efect\u00faa el primer vuelo sobre Madrid del autogiro La Cierva, pilotado por su inventor.<\/li>\n<li><strong>18 de febrero de 1934:<\/strong> Se promulga en Noruega una ley que otorga a las mujeres acceso a todos los cargos oficiales del Estado y la Iglesia.<\/li>\n<li><strong>20 de abril de 1934:<\/strong> Las Cortes espa\u00f1olas aprueban la Ley de Amnist\u00eda.<\/li>\n<li><strong>28 de abril de 1934:<\/strong> Ricardo Samper es elegido presidente del gobierno de la Segunda Rep\u00fablica Espa\u00f1ola.<\/li>\n<li><strong>5 de mayo de 1934:<\/strong> La Uni\u00f3n Sovi\u00e9tica y Polonia firman una pr\u00f3rroga del pacto de no agresi\u00f3n.<\/li>\n<li><strong>19 de mayo de 1934:<\/strong> Triunfa un pronunciamiento antidemocr\u00e1tico militar en Bulgaria.<\/li>\n<li><strong>13 de junio de 1934:<\/strong> Adolf Hitler y Mussolini se re\u00fanen en Venecia.<\/li>\n<li><strong>15 de abril de 1935:<\/strong> Se reabre al p\u00fablico la Biblioteca Municipal de Madrid en el antiguo Hospicio.<\/li>\n<li><strong>12 de julio de 1936 (domingo):<\/strong> Toda la familia Machado se re\u00fane a comer en casa de Manuel Machado en Madrid. Los presentes incluyen a Manuel y su esposa Eulalia, Antonio Machado, Jos\u00e9 Machado, su esposa Matea Monedero y sus tres hijas, Joaqu\u00edn Machado y su esposa Carmen L\u00f3pez Coll, Francisco Machado con su esposa Mercedes Mart\u00ednez y sus tres hijas, y la madre de los hermanos, Ana Ru\u00edz.<\/li>\n<li><strong>Noviembre de 1936:<\/strong> Antonio Machado sale de Madrid con destino a Valencia. El gobierno republicano propone trasladar a los intelectuales espa\u00f1oles a Valencia por seguridad. El Quinto Regimiento participa en este traslado.<\/li>\n<li><strong>Finales de 1936:<\/strong> Los frentes y zonas controladas en Espa\u00f1a est\u00e1n m\u00e1s o menos definidos. Los bombardeos a\u00e9reos y desde el mar aumentan su actividad.<\/li>\n<li><strong>13 de enero de 1937:<\/strong> El diario &#8220;Las Canciller\u00edas de Europa&#8221; menciona que las canciller\u00edas europeas adquieren la actividad de los d\u00edas de la Gran Guerra, se\u00f1alando la ambici\u00f3n de Alemania e Italia en Espa\u00f1a. Antonio Machado expresa su confianza en la juventud.<\/li>\n<li><strong>8 de junio de 1937:<\/strong> El Ministerio de Instrucci\u00f3n P\u00fablica y Bellas Artes nombra a Antonio Machado y Jos\u00e9 Puche \u00c1lvarez como vocales de la Comisi\u00f3n Delegada de la Junta Delegada de Ampliaci\u00f3n de Estudios e Investigaci\u00f3n.<\/li>\n<li><strong>4 de agosto de 1937:<\/strong> El Ministerio de Instrucci\u00f3n P\u00fablica y Bellas Artes nombra a Antonio Machado como vocal de la Junta para Ampliaci\u00f3n de Estudios e Investigaciones Cient\u00edficas en Valencia.<\/li>\n<li><strong>Octubre de 1938:<\/strong> Matea, esposa de Jos\u00e9 Machado, escribe a sus hijas en Rusia, indicando que se les han enviado libros a trav\u00e9s de un amigo de su t\u00edo Antonio, mostrando la preocupaci\u00f3n de Antonio por la educaci\u00f3n de sus sobrinas en Rusia.<\/li>\n<li><strong>Noviembre de 1938 (anterior al 30):<\/strong> Ana, la madre de los hermanos Machado, de 90 a\u00f1os, escribe a sus nietas en Rusia. Antonio Machado tambi\u00e9n escribe a sus sobrinas, expresando su agrado por sus estudios.<\/li>\n<li><strong>Finales de enero\/Principios de febrero de 1939:<\/strong> Antonio, Jos\u00e9, Matea, y Ana llegan a Collioure, Francia, tras su exilio de Espa\u00f1a. Se alojan en el hotel de la Sra. Quintana.<\/li>\n<li><strong>2 de febrero de 1939:<\/strong> La familia Machado en Collioure recibe 2000 francos de la Embajada Espa\u00f1ola en Par\u00eds, lo que consideran un buen inicio para pagar deudas y planificar un posible viaje a la U.R.R.S. para reunirse con las hijas de Jos\u00e9 y Matea. La salud de Antonio y su madre mejora.<\/li>\n<li><strong>5 de febrero de 1939:<\/strong> Escriben una carta a Tom\u00e1s Navarro Tom\u00e1s, posiblemente mencionando la pr\u00f3xima partida a la U.R.R.S.<\/li>\n<li><strong>6 de febrero de 1939:<\/strong> Jos\u00e9 Machado deposita la carta para Tom\u00e1s Navarro Tom\u00e1s en la estafeta de correos en Collioure. Antonio espera conversando con Juliette Figueres en su tienda. Antonio menciona a los Figueres que perdi\u00f3 todos sus libros y que eso le dol\u00eda m\u00e1s que haber perdido ropa.<\/li>\n<li><strong>10 de febrero de 1939 (viernes):<\/strong> No llega correo. El d\u00eda transcurre lentamente.<\/li>\n<li><strong>15 de febrero de 1939:<\/strong> Antonio Machado recibe una carta de Santullano desde Par\u00eds, aconsej\u00e1ndole esperar en Collioure o Toulouse antes de ir a la U.R.R.S. y mencionando posibles ayudas econ\u00f3micas.<\/li>\n<li><strong>18 de febrero de 1939:<\/strong> Reciben una carta de Jean Sermet (fechada el 17 de febrero) informando sobre el alojamiento y la comida para los refugiados espa\u00f1oles en Toulouse y la dificultad de obtener permisos de residencia, aunque los ha incluido en la lista.<\/li>\n<li><strong>Febrero de 1939 (antes del 25):<\/strong> J.B. Trend ofrece a Antonio Machado un puesto de Lector en el Departamento de Espa\u00f1ol de la Universidad de Cambridge para el per\u00edodo de octubre de 1939 a junio de 1940, ampliable. Trend le pide que le comunique su decisi\u00f3n antes del 25 de febrero.<\/li>\n<li><strong>25 de febrero de 1939:<\/strong> Fecha l\u00edmite para que Antonio Machado comunique a J.B. Trend si acepta el puesto en Cambridge.<\/li>\n<\/ul>\n[\/vc_column_text][\/vc_column][\/vc_row]\n<\/div>","protected":false},"excerpt":{"rendered":"<p>[vc_row][vc_column][\/vc_column][\/vc_row][vc_row][vc_column][vc_column_text css=&#8221;.vc_custom_1749931095808{padding: 15% !important;}&#8221;]Cronolog\u00eda Detallada de los Acontecimientos Principales Mediados de 1929: Los cinco hermanos Machado Ruiz (Manuel, Antonio, Jos\u00e9, Joaqu\u00edn, y Francisco) residen en Madrid en sus respectivas viviendas. Manuel vive en la calle Churruca con su esposa Eulalia y su suegro Francisco C\u00e1ceres Aldama. Antonio, aunque pasa los fines de semana y d\u00edas [&hellip;]<\/p>\n","protected":false},"author":1,"featured_media":0,"parent":0,"menu_order":0,"comment_status":"closed","ping_status":"closed","template":"","meta":{"_acf_changed":false,"footnotes":""},"class_list":["post-257","page","type-page","status-publish","hentry"],"acf":[],"yoast_head":"<!-- This site is optimized with the Yoast SEO Premium plugin v24.7 (Yoast SEO v27.4) - https:\/\/yoast.com\/product\/yoast-seo-premium-wordpress\/ -->\n<title>Libros - Manuel \u00c1lvarez Machado<\/title>\n<meta name=\"description\" content=\"Libros de Manuel \u00c1lvarez Machado sobrino nieto de Antonio y Manuel Machado\" \/>\n<meta name=\"robots\" content=\"index, follow, max-snippet:-1, max-image-preview:large, max-video-preview:-1\" \/>\n<link rel=\"canonical\" href=\"https:\/\/nuestrosescritores.com\/manuelalvarezmachado\/libros\/\" \/>\n<meta property=\"og:locale\" content=\"es_ES\" \/>\n<meta property=\"og:type\" content=\"article\" \/>\n<meta property=\"og:title\" content=\"Libros\" \/>\n<meta property=\"og:description\" content=\"Libros de Manuel \u00c1lvarez Machado sobrino nieto de Antonio y Manuel Machado\" \/>\n<meta property=\"og:url\" content=\"https:\/\/nuestrosescritores.com\/manuelalvarezmachado\/libros\/\" \/>\n<meta property=\"og:site_name\" content=\"Manuel \u00c1lvarez Machado\" \/>\n<meta property=\"article:modified_time\" content=\"2025-06-14T19:58:19+00:00\" \/>\n<meta name=\"twitter:card\" content=\"summary_large_image\" \/>\n<meta name=\"twitter:label1\" content=\"Tiempo de lectura\" \/>\n\t<meta name=\"twitter:data1\" content=\"9 minutos\" \/>\n<script type=\"application\/ld+json\" class=\"yoast-schema-graph\">{\"@context\":\"https:\\\/\\\/schema.org\",\"@graph\":[{\"@type\":\"WebPage\",\"@id\":\"https:\\\/\\\/nuestrosescritores.com\\\/manuelalvarezmachado\\\/libros\\\/\",\"url\":\"https:\\\/\\\/nuestrosescritores.com\\\/manuelalvarezmachado\\\/libros\\\/\",\"name\":\"Libros - Manuel \u00c1lvarez Machado\",\"isPartOf\":{\"@id\":\"https:\\\/\\\/nuestrosescritores.com\\\/manuelalvarezmachado\\\/#website\"},\"datePublished\":\"2020-06-03T15:38:36+00:00\",\"dateModified\":\"2025-06-14T19:58:19+00:00\",\"description\":\"Libros de Manuel \u00c1lvarez Machado sobrino nieto de Antonio y Manuel Machado\",\"breadcrumb\":{\"@id\":\"https:\\\/\\\/nuestrosescritores.com\\\/manuelalvarezmachado\\\/libros\\\/#breadcrumb\"},\"inLanguage\":\"es\",\"potentialAction\":[{\"@type\":\"ReadAction\",\"target\":[\"https:\\\/\\\/nuestrosescritores.com\\\/manuelalvarezmachado\\\/libros\\\/\"]}]},{\"@type\":\"BreadcrumbList\",\"@id\":\"https:\\\/\\\/nuestrosescritores.com\\\/manuelalvarezmachado\\\/libros\\\/#breadcrumb\",\"itemListElement\":[{\"@type\":\"ListItem\",\"position\":1,\"name\":\"Portada\",\"item\":\"https:\\\/\\\/nuestrosescritores.com\\\/manuelalvarezmachado\\\/\"},{\"@type\":\"ListItem\",\"position\":2,\"name\":\"Libros\"}]},{\"@type\":\"WebSite\",\"@id\":\"https:\\\/\\\/nuestrosescritores.com\\\/manuelalvarezmachado\\\/#website\",\"url\":\"https:\\\/\\\/nuestrosescritores.com\\\/manuelalvarezmachado\\\/\",\"name\":\"Nuestros escritores\",\"description\":\"Escritor\",\"potentialAction\":[{\"@type\":\"SearchAction\",\"target\":{\"@type\":\"EntryPoint\",\"urlTemplate\":\"https:\\\/\\\/nuestrosescritores.com\\\/manuelalvarezmachado\\\/?s={search_term_string}\"},\"query-input\":{\"@type\":\"PropertyValueSpecification\",\"valueRequired\":true,\"valueName\":\"search_term_string\"}}],\"inLanguage\":\"es\"}]}<\/script>\n<!-- \/ Yoast SEO Premium plugin. -->","yoast_head_json":{"title":"Libros - Manuel \u00c1lvarez Machado","description":"Libros de Manuel \u00c1lvarez Machado sobrino nieto de Antonio y Manuel Machado","robots":{"index":"index","follow":"follow","max-snippet":"max-snippet:-1","max-image-preview":"max-image-preview:large","max-video-preview":"max-video-preview:-1"},"canonical":"https:\/\/nuestrosescritores.com\/manuelalvarezmachado\/libros\/","og_locale":"es_ES","og_type":"article","og_title":"Libros","og_description":"Libros de Manuel \u00c1lvarez Machado sobrino nieto de Antonio y Manuel Machado","og_url":"https:\/\/nuestrosescritores.com\/manuelalvarezmachado\/libros\/","og_site_name":"Manuel \u00c1lvarez Machado","article_modified_time":"2025-06-14T19:58:19+00:00","twitter_card":"summary_large_image","twitter_misc":{"Tiempo de lectura":"9 minutos"},"schema":{"@context":"https:\/\/schema.org","@graph":[{"@type":"WebPage","@id":"https:\/\/nuestrosescritores.com\/manuelalvarezmachado\/libros\/","url":"https:\/\/nuestrosescritores.com\/manuelalvarezmachado\/libros\/","name":"Libros - Manuel \u00c1lvarez Machado","isPartOf":{"@id":"https:\/\/nuestrosescritores.com\/manuelalvarezmachado\/#website"},"datePublished":"2020-06-03T15:38:36+00:00","dateModified":"2025-06-14T19:58:19+00:00","description":"Libros de Manuel \u00c1lvarez Machado sobrino nieto de Antonio y Manuel Machado","breadcrumb":{"@id":"https:\/\/nuestrosescritores.com\/manuelalvarezmachado\/libros\/#breadcrumb"},"inLanguage":"es","potentialAction":[{"@type":"ReadAction","target":["https:\/\/nuestrosescritores.com\/manuelalvarezmachado\/libros\/"]}]},{"@type":"BreadcrumbList","@id":"https:\/\/nuestrosescritores.com\/manuelalvarezmachado\/libros\/#breadcrumb","itemListElement":[{"@type":"ListItem","position":1,"name":"Portada","item":"https:\/\/nuestrosescritores.com\/manuelalvarezmachado\/"},{"@type":"ListItem","position":2,"name":"Libros"}]},{"@type":"WebSite","@id":"https:\/\/nuestrosescritores.com\/manuelalvarezmachado\/#website","url":"https:\/\/nuestrosescritores.com\/manuelalvarezmachado\/","name":"Nuestros escritores","description":"Escritor","potentialAction":[{"@type":"SearchAction","target":{"@type":"EntryPoint","urlTemplate":"https:\/\/nuestrosescritores.com\/manuelalvarezmachado\/?s={search_term_string}"},"query-input":{"@type":"PropertyValueSpecification","valueRequired":true,"valueName":"search_term_string"}}],"inLanguage":"es"}]}},"_links":{"self":[{"href":"https:\/\/nuestrosescritores.com\/manuelalvarezmachado\/wp-json\/wp\/v2\/pages\/257","targetHints":{"allow":["GET"]}}],"collection":[{"href":"https:\/\/nuestrosescritores.com\/manuelalvarezmachado\/wp-json\/wp\/v2\/pages"}],"about":[{"href":"https:\/\/nuestrosescritores.com\/manuelalvarezmachado\/wp-json\/wp\/v2\/types\/page"}],"author":[{"embeddable":true,"href":"https:\/\/nuestrosescritores.com\/manuelalvarezmachado\/wp-json\/wp\/v2\/users\/1"}],"replies":[{"embeddable":true,"href":"https:\/\/nuestrosescritores.com\/manuelalvarezmachado\/wp-json\/wp\/v2\/comments?post=257"}],"version-history":[{"count":0,"href":"https:\/\/nuestrosescritores.com\/manuelalvarezmachado\/wp-json\/wp\/v2\/pages\/257\/revisions"}],"wp:attachment":[{"href":"https:\/\/nuestrosescritores.com\/manuelalvarezmachado\/wp-json\/wp\/v2\/media?parent=257"}],"curies":[{"name":"wp","href":"https:\/\/api.w.org\/{rel}","templated":true}]}}