{"id":87,"date":"2019-11-23T22:08:03","date_gmt":"2019-11-23T21:08:03","guid":{"rendered":"https:\/\/nuestrosescritores.com\/manuelaguileraserrano\/?page_id=87"},"modified":"2019-11-23T22:57:25","modified_gmt":"2019-11-23T21:57:25","slug":"poesia","status":"publish","type":"page","link":"https:\/\/nuestrosescritores.com\/manuelaguileraserrano\/poesia\/","title":{"rendered":"Poes\u00eda"},"content":{"rendered":"<div class=\"wpb-content-wrapper\">[vc_row][vc_column extend=&#8221;false&#8221;][vc_column_text css=&#8221;.vc_custom_1574542881828{margin-top: -30000px !important;}&#8221;]\n<h1><strong><em><u>Poes\u00eda del libro LOS ROSTROS DE \u00cdTACA de MANUEL AGUILERA SERRANO. El escritor nos da una muestra tras publicar un libro.<\/u><\/em><\/strong><\/h1>\n<h2><strong><em><u><img fetchpriority=\"high\" decoding=\"async\" class=\"alignnone size-medium wp-image-9\" src=\"https:\/\/nuestrosescritores.com\/manuelaguileraserrano\/wp-content\/uploads\/sites\/14\/2019\/11\/0_Portada_LosrostrosdeItaca-300x300.jpg\" alt=\"\" width=\"300\" height=\"300\" srcset=\"https:\/\/nuestrosescritores.com\/manuelaguileraserrano\/wp-content\/uploads\/sites\/14\/2019\/11\/0_Portada_LosrostrosdeItaca-300x300.jpg 300w, https:\/\/nuestrosescritores.com\/manuelaguileraserrano\/wp-content\/uploads\/sites\/14\/2019\/11\/0_Portada_LosrostrosdeItaca-150x150.jpg 150w\" sizes=\"(max-width: 300px) 100vw, 300px\" \/>Poes\u00eda del libro LOS ROSTROS DE \u00cdTACA de MANUEL AGUILERA SERRANO El poeta nos da una muestra tras publicar un libro.<\/u><\/em><\/strong><\/h2>\n<h3><strong><em><u>Poes\u00eda del libro LOS ROSTROS DE \u00cdTACA de MANUEL AGUILERA SERRANO El autor nos da una muestra tras publicar un libro.<\/u><\/em><\/strong><\/h3>\n<h4><strong><em><u>Poes\u00eda del libro LOS ROSTROS DE \u00cdTACA de MANUEL AGUILERA SERRANO El autor nos da una muestra tras publicar un libro.<\/u><\/em><\/strong><\/h4>\n<h5><strong><em><u>Poes\u00eda del libro LOS ROSTROS DE \u00cdTACA de MANUEL AGUILERA SERRANO El autor nos da una muestra tras publicar un libro.<\/u><\/em><\/strong><\/h5>\n[\/vc_column_text][\/vc_column][\/vc_row][vc_row full_width=&#8221;stretch_row_content_no_spaces&#8221;][vc_column extend=&#8221;false&#8221;]<div class='gambit_parallax_row' data-bg-align='' data-direction='fixed' data-opacity='100' data-velocity='-0.3' data-mobile-enabled='' data-bg-height='1200' data-bg-width='800' data-bg-image='https:\/\/nuestrosescritores.com\/manuelaguileraserrano\/wp-content\/uploads\/sites\/14\/2019\/11\/zo59x35in34.jpg' data-bg-repeat='false' data-id='' style='display: none'><\/div><div class=\"gambit_fullheight_row\" data-content-location=\"center\" style=\"display: none\"><\/div>[\/vc_column][\/vc_row][vc_row][vc_column extend=&#8221;false&#8221;][vc_column_text]\n<h1><a name=\"_Toc24037370\"><\/a><strong>I<\/strong><\/h1>\n<p>&nbsp;<\/p>\n<h1><a name=\"_Toc24037371\"><\/a><strong>\u00cdtaca<\/strong><\/h1>\n<p>&nbsp;<\/p>\n<p>Muy pronto la salida de Odiseo.<\/p>\n<p>Mucho antes de que el canto de los gallos<\/p>\n<p>rasgase la membrana del albor.<\/p>\n<p>Tal orden que cumplir,<\/p>\n<p>y chirriaron los goznes de la puerta,<\/p>\n<p>y Argos se ech\u00f3 a sus pies<\/p>\n<p>con gemir lastimero,<\/p>\n<p>y lloraron Tel\u00e9maco y Pen\u00e9lope.<\/p>\n<p>Veinte a\u00f1os divididos,<\/p>\n<p>borr\u00e1ndose las huellas del ausente.<\/p>\n<p>Mas volvi\u00f3 antes de abrirse<\/p>\n<p>la sima del olvido.<\/p>\n<p>&nbsp;<\/p>\n<p>As\u00ed, aquella ma\u00f1ana diamantina<\/p>\n<p>en que sal\u00ed, muy ni\u00f1o,<\/p>\n<p>saciado de caricias y consejos.<\/p>\n<p>El penoso camino, el transcurrir<\/p>\n<p>de los a\u00f1os\u2026 y queda a\u00fan la vuelta.<\/p>\n<p>Algo de m\u00ed qued\u00f3<\/p>\n<p>bajo la p\u00e1tina de los faroles,<\/p>\n<p>en las a\u00f1osas ramas de los \u00e1rboles,<\/p>\n<p>en la sibilante agua de las fuentes.<\/p>\n<p>&nbsp;<\/p>\n<p>\u00cdtaca: la salida y el retorno.<\/p>\n<p>Obligado salir.<\/p>\n<p>Anhelado volver: reconocerse<\/p>\n<p>en los c\u00e1lidos ojos del afecto<\/p>\n<p>antes de que los dientes del olvido<\/p>\n<p>marquen su palidez.<\/p>\n<p>&nbsp;<\/p>\n<span class='bctt-click-to-tweet'><span class='bctt-ctt-text'><a href='https:\/\/x.com\/intent\/tweet?url=https%3A%2F%2Fnuestrosescritores.com%2Fmanuelaguileraserrano%2Fpoesia%2F&#038;text=%C3%8Dtaca%C2%A0del%20libro%20LOS%20ROSTROS%20DE%20%C3%8DTACA%20de%20MANUEL%20AGUILERA%20SERRANO&#038;via=poesiaerestu&#038;related=poesiaerestu' target='_blank'rel=\"noopener noreferrer\">\u00cdtaca&nbsp;del libro LOS ROSTROS DE \u00cdTACA de MANUEL AGUILERA SERRANO <\/a><\/span><a href='https:\/\/x.com\/intent\/tweet?url=https%3A%2F%2Fnuestrosescritores.com%2Fmanuelaguileraserrano%2Fpoesia%2F&#038;text=%C3%8Dtaca%C2%A0del%20libro%20LOS%20ROSTROS%20DE%20%C3%8DTACA%20de%20MANUEL%20AGUILERA%20SERRANO&#038;via=poesiaerestu&#038;related=poesiaerestu' target='_blank' class='bctt-ctt-btn'rel=\"noopener noreferrer\">Compartir en X<\/a><\/span>\n<p>&nbsp;[\/vc_column_text][\/vc_column][\/vc_row][vc_row full_width=&#8221;stretch_row_content_no_spaces&#8221;][vc_column extend=&#8221;false&#8221;]<div class='gambit_parallax_row' data-bg-align='' data-direction='fixed' data-opacity='100' data-velocity='-0.3' data-mobile-enabled='' data-bg-height='1200' data-bg-width='900' data-bg-image='https:\/\/nuestrosescritores.com\/manuelaguileraserrano\/wp-content\/uploads\/sites\/14\/2019\/11\/th0hvgfid-e.jpg' data-bg-repeat='false' data-id='' style='display: none'><\/div><div class=\"gambit_fullheight_row\" data-content-location=\"center\" style=\"display: none\"><\/div>[\/vc_column][\/vc_row][vc_row][vc_column extend=&#8221;false&#8221;][vc_column_text]\n<h1><a name=\"_Toc24037374\"><\/a><strong>III<\/strong><\/h1>\n<h1><em>&nbsp;<\/em><\/h1>\n<h1><strong>El 33<\/strong><\/h1>\n<p>&nbsp;<\/p>\n<p>Qu\u00e9 poco te pesaba el 33<\/p>\n<p>con la tinta indeleble a las espaldas.<\/p>\n<p>De los pupitres, el postrero, el tuyo,<\/p>\n<p>un endeble roc\u00edn tras enjaezados<\/p>\n<p>corceles. Presid\u00eda el almanaque<\/p>\n<p>un junio pantocr\u00e1tor.<\/p>\n<p>&nbsp;<\/p>\n<p>Cu\u00e1nto trot\u00e9 por sierras, por campi\u00f1as,<\/p>\n<p>de lejanos pa\u00edses,<\/p>\n<p>cu\u00e1nto sudor encarcelando reyes<\/p>\n<p>y dinast\u00edas la infantil memoria,<\/p>\n<p>que pronto se esfumaban<\/p>\n<p>por m\u00e1gicas fisuras.<\/p>\n<p>&nbsp;<\/p>\n<p>Qu\u00e9 poco te pesaba el 33,<\/p>\n<p>amigo. Dime qu\u00e9 piadoso D\u00e9dalo<\/p>\n<p>te guio por el tortuoso laberinto<\/p>\n<p>del saber sorteando<\/p>\n<p>d\u00e9cimas y cent\u00e9simas.<\/p>\n<p>Dime qui\u00e9n te inculc\u00f3 que lo importante<\/p>\n<p>es tan solo llegar.<\/p>\n<p>Llegar a nuestro ritmo.<\/p>\n<p>&nbsp;<\/p>\n<p>&nbsp;<\/p>\n<span class='bctt-click-to-tweet'><span class='bctt-ctt-text'><a href='https:\/\/x.com\/intent\/tweet?url=https%3A%2F%2Fnuestrosescritores.com%2Fmanuelaguileraserrano%2Fpoesia%2F&#038;text=El%2033%C2%A0del%20libro%20LOS%20ROSTROS%20DE%20%C3%8DTACA%20de%20MANUEL%20AGUILERA%20SERRANO&#038;via=poesiaerestu&#038;related=poesiaerestu' target='_blank'rel=\"noopener noreferrer\">El 33&nbsp;del libro LOS ROSTROS DE \u00cdTACA de MANUEL AGUILERA SERRANO <\/a><\/span><a href='https:\/\/x.com\/intent\/tweet?url=https%3A%2F%2Fnuestrosescritores.com%2Fmanuelaguileraserrano%2Fpoesia%2F&#038;text=El%2033%C2%A0del%20libro%20LOS%20ROSTROS%20DE%20%C3%8DTACA%20de%20MANUEL%20AGUILERA%20SERRANO&#038;via=poesiaerestu&#038;related=poesiaerestu' target='_blank' class='bctt-ctt-btn'rel=\"noopener noreferrer\">Compartir en X<\/a><\/span>\n<p>&nbsp;<\/p>\n<p>&nbsp;[\/vc_column_text][\/vc_column][\/vc_row][vc_row][vc_column extend=&#8221;false&#8221;]<div class='gambit_parallax_row' data-bg-align='' data-direction='fixed' data-opacity='100' data-velocity='-0.3' data-mobile-enabled='' data-bg-height='1068' data-bg-width='1600' data-bg-image='https:\/\/nuestrosescritores.com\/manuelaguileraserrano\/wp-content\/uploads\/sites\/14\/2019\/11\/l7ejfi_v_lw.jpg' data-bg-repeat='false' data-id='' style='display: none'><\/div><div class=\"gambit_fullheight_row\" data-content-location=\"center\" style=\"display: none\"><\/div>[\/vc_column][\/vc_row][vc_row][vc_column extend=&#8221;false&#8221;][vc_column_text]\n<h1><a name=\"_Toc24037380\"><\/a><strong>IX<\/strong><\/h1>\n<h1>&nbsp;<\/h1>\n<h1><strong>El instante placentero<\/strong><\/h1>\n<p><em>&nbsp;<\/em><\/p>\n<p>Fugaz<\/p>\n<p>pero intenso, el latido del instante<\/p>\n<p>\u2015el\u00e9ctrico y fulgente desde el n\u00facleo\u2015<\/p>\n<p>se va desvaneciendo en el recuerdo.<\/p>\n<p>&nbsp;<\/p>\n<p>Los ojos siempre abiertos del olivo,<\/p>\n<p>ojos de b\u00faho plenos de mirada,<\/p>\n<p>fieles vig\u00edas del Mediterr\u00e1neo.<\/p>\n<p>&nbsp;<\/p>\n<p>El tierno amanecer de la rosa entre espinos<\/p>\n<p>que env\u00eda la mejor de sus sonrisas<\/p>\n<p>al primer balbuceo de la luz,<\/p>\n<p>no estimando el acoso.<\/p>\n<p>&nbsp;<\/p>\n<p>El paso vacilante del peque\u00f1o,<\/p>\n<p>cuyos dedos aferran los del padre<\/p>\n<p>igual que los del p\u00e1jaro la rama.<\/p>\n<p>&nbsp;<\/p>\n<p>Globo que escapa de la mano. Nada<\/p>\n<p>que prevalezca, ni siquiera un rasgo<\/p>\n<p>de lo que ya se absorbe en el recuerdo.<\/p>\n<p>&nbsp;<\/p>\n<p>&nbsp;<\/p>\n<span class='bctt-click-to-tweet'><span class='bctt-ctt-text'><a href='https:\/\/x.com\/intent\/tweet?url=https%3A%2F%2Fnuestrosescritores.com%2Fmanuelaguileraserrano%2Fpoesia%2F&#038;text=El%20instante%20placentero%20del%20libro%20LOS%20ROSTROS%20DE%20%C3%8DTACA%20de%20MANUEL%20AGUILERA%20SERRANO&#038;via=poesiaerestu&#038;related=poesiaerestu' target='_blank'rel=\"noopener noreferrer\">El instante placentero del libro LOS ROSTROS DE \u00cdTACA de MANUEL AGUILERA SERRANO <\/a><\/span><a href='https:\/\/x.com\/intent\/tweet?url=https%3A%2F%2Fnuestrosescritores.com%2Fmanuelaguileraserrano%2Fpoesia%2F&#038;text=El%20instante%20placentero%20del%20libro%20LOS%20ROSTROS%20DE%20%C3%8DTACA%20de%20MANUEL%20AGUILERA%20SERRANO&#038;via=poesiaerestu&#038;related=poesiaerestu' target='_blank' class='bctt-ctt-btn'rel=\"noopener noreferrer\">Compartir en X<\/a><\/span>[\/vc_column_text][\/vc_column][\/vc_row][vc_row][vc_column extend=&#8221;false&#8221;]<div class='gambit_parallax_row' data-bg-align='' data-direction='fixed' data-opacity='100' data-velocity='-0.3' data-mobile-enabled='' data-bg-height='539' data-bg-width='1366' data-bg-image='https:\/\/nuestrosescritores.com\/manuelaguileraserrano\/wp-content\/uploads\/sites\/14\/2019\/11\/ManuelSketch_Losrosotrsdeitaca-Mediano.jpg' data-bg-repeat='false' data-id='' style='display: none'><\/div><div class=\"gambit_fullheight_row\" data-content-location=\"center\" style=\"display: none\"><\/div>[vc_column_text]\n<p style=\"text-align: center;\"><a class=\"fasc-button fasc-size-xlarge fasc-type-glossy fasc-rounded-medium\" style=\"background-color: #33809e; color: #ffffff;\" href=\"https:\/\/librodepoesia.com\/producto\/los-rostros-de-itaca-manuel-aguilera-serrano\/\">Comprar el libro<\/a><\/p>\n[\/vc_column_text][\/vc_column][\/vc_row][vc_row][vc_column extend=&#8221;false&#8221;][vc_column_text css=&#8221;.vc_custom_1549215104378{margin-top: -30000px !important;}&#8221;]\n<h1><strong><em><u>Poes\u00eda del libro LOS ROSTROS DE \u00cdTACA de MANUEL AGUILERA SERRANO. El escritor nos da una muestra tras publicar un libro.<\/u><\/em><\/strong><\/h1>\n<h2><strong><em><u>Poes\u00eda del libro LOS ROSTROS DE \u00cdTACA de MANUEL AGUILERA SERRANO El poeta nos da una muestra tras publicar un libro.<\/u><\/em><\/strong><\/h2>\n<h3><strong><em><u>Poes\u00eda del libro LOS ROSTROS DE \u00cdTACA de MANUEL AGUILERA SERRANO El autor nos da una muestra tras publicar un libro.<\/u><\/em><\/strong><\/h3>\n<h4><strong><em><u>Poes\u00eda del libro LOS ROSTROS DE \u00cdTACA de MANUEL AGUILERA SERRANO El autor nos da una muestra tras publicar un libro.<\/u><\/em><\/strong><\/h4>\n<h5><strong><em><u>Poes\u00eda del libro LOS ROSTROS DE \u00cdTACA de MANUEL AGUILERA SERRANO El autor nos da una muestra tras publicar un libro.<\/u><\/em><\/strong><\/h5>\n[\/vc_column_text][\/vc_column][\/vc_row]\n<\/div>","protected":false},"excerpt":{"rendered":"<p>[vc_row][vc_column extend=&#8221;false&#8221;][vc_column_text css=&#8221;.vc_custom_1574542881828{margin-top: -30000px !important;}&#8221;] Poes\u00eda del libro LOS ROSTROS DE \u00cdTACA de MANUEL AGUILERA SERRANO. El escritor nos da una muestra tras publicar un libro. Poes\u00eda del libro LOS ROSTROS DE \u00cdTACA de MANUEL AGUILERA SERRANO El poeta nos da una muestra tras publicar un libro. Poes\u00eda del libro LOS ROSTROS DE \u00cdTACA de [&hellip;]<\/p>\n","protected":false},"author":1,"featured_media":0,"parent":0,"menu_order":3,"comment_status":"closed","ping_status":"closed","template":"","meta":{"_acf_changed":false,"footnotes":""},"class_list":["post-87","page","type-page","status-publish","hentry"],"acf":[],"yoast_head":"<!-- This site is optimized with the Yoast SEO Premium plugin v24.7 (Yoast SEO v27.5) - https:\/\/yoast.com\/product\/yoast-seo-premium-wordpress\/ -->\n<title>Poes\u00eda - Manuel Aguilera Serrano<\/title>\n<meta name=\"description\" content=\"Poes\u00eda del libro LOS ROSTROS DE \u00cdTACA de Manuel Aguilera Serrano, publicado por Ediciones Rilke en el a\u00f1o 2019.\" \/>\n<meta name=\"robots\" content=\"index, follow, max-snippet:-1, max-image-preview:large, max-video-preview:-1\" \/>\n<link rel=\"canonical\" href=\"https:\/\/nuestrosescritores.com\/manuelaguileraserrano\/poesia\/\" \/>\n<meta property=\"og:locale\" content=\"es_ES\" \/>\n<meta property=\"og:type\" content=\"article\" \/>\n<meta property=\"og:title\" content=\"Poes\u00eda\" \/>\n<meta property=\"og:description\" content=\"Poes\u00eda del libro LOS ROSTROS DE \u00cdTACA de Manuel Aguilera Serrano, publicado por Ediciones Rilke en el a\u00f1o 2019.\" \/>\n<meta property=\"og:url\" content=\"https:\/\/nuestrosescritores.com\/manuelaguileraserrano\/poesia\/\" \/>\n<meta property=\"og:site_name\" content=\"Manuel Aguilera Serrano\" \/>\n<meta property=\"article:modified_time\" content=\"2019-11-23T21:57:25+00:00\" \/>\n<meta property=\"og:image\" content=\"https:\/\/nuestrosescritores.com\/manuelaguileraserrano\/wp-content\/uploads\/sites\/14\/2019\/11\/0_Portada_LosrostrosdeItaca-300x300.jpg\" \/>\n<meta name=\"twitter:card\" content=\"summary_large_image\" \/>\n<meta name=\"twitter:label1\" content=\"Tiempo de lectura\" \/>\n\t<meta name=\"twitter:data1\" content=\"4 minutos\" \/>\n<script type=\"application\/ld+json\" class=\"yoast-schema-graph\">{\"@context\":\"https:\\\/\\\/schema.org\",\"@graph\":[{\"@type\":\"WebPage\",\"@id\":\"https:\\\/\\\/nuestrosescritores.com\\\/manuelaguileraserrano\\\/poesia\\\/\",\"url\":\"https:\\\/\\\/nuestrosescritores.com\\\/manuelaguileraserrano\\\/poesia\\\/\",\"name\":\"Poes\u00eda - Manuel Aguilera Serrano\",\"isPartOf\":{\"@id\":\"https:\\\/\\\/nuestrosescritores.com\\\/manuelaguileraserrano\\\/#website\"},\"primaryImageOfPage\":{\"@id\":\"https:\\\/\\\/nuestrosescritores.com\\\/manuelaguileraserrano\\\/poesia\\\/#primaryimage\"},\"image\":{\"@id\":\"https:\\\/\\\/nuestrosescritores.com\\\/manuelaguileraserrano\\\/poesia\\\/#primaryimage\"},\"thumbnailUrl\":\"https:\\\/\\\/nuestrosescritores.com\\\/manuelaguileraserrano\\\/wp-content\\\/uploads\\\/sites\\\/14\\\/2019\\\/11\\\/0_Portada_LosrostrosdeItaca-300x300.jpg\",\"datePublished\":\"2019-11-23T21:08:03+00:00\",\"dateModified\":\"2019-11-23T21:57:25+00:00\",\"description\":\"Poes\u00eda del libro LOS ROSTROS DE \u00cdTACA de Manuel Aguilera Serrano, publicado por Ediciones Rilke en el a\u00f1o 2019.\",\"breadcrumb\":{\"@id\":\"https:\\\/\\\/nuestrosescritores.com\\\/manuelaguileraserrano\\\/poesia\\\/#breadcrumb\"},\"inLanguage\":\"es\",\"potentialAction\":[{\"@type\":\"ReadAction\",\"target\":[\"https:\\\/\\\/nuestrosescritores.com\\\/manuelaguileraserrano\\\/poesia\\\/\"]}]},{\"@type\":\"ImageObject\",\"inLanguage\":\"es\",\"@id\":\"https:\\\/\\\/nuestrosescritores.com\\\/manuelaguileraserrano\\\/poesia\\\/#primaryimage\",\"url\":\"https:\\\/\\\/nuestrosescritores.com\\\/manuelaguileraserrano\\\/wp-content\\\/uploads\\\/sites\\\/14\\\/2019\\\/11\\\/0_Portada_LosrostrosdeItaca.jpg\",\"contentUrl\":\"https:\\\/\\\/nuestrosescritores.com\\\/manuelaguileraserrano\\\/wp-content\\\/uploads\\\/sites\\\/14\\\/2019\\\/11\\\/0_Portada_LosrostrosdeItaca.jpg\",\"width\":559,\"height\":794},{\"@type\":\"BreadcrumbList\",\"@id\":\"https:\\\/\\\/nuestrosescritores.com\\\/manuelaguileraserrano\\\/poesia\\\/#breadcrumb\",\"itemListElement\":[{\"@type\":\"ListItem\",\"position\":1,\"name\":\"Portada\",\"item\":\"https:\\\/\\\/nuestrosescritores.com\\\/manuelaguileraserrano\\\/\"},{\"@type\":\"ListItem\",\"position\":2,\"name\":\"Poes\u00eda\"}]},{\"@type\":\"WebSite\",\"@id\":\"https:\\\/\\\/nuestrosescritores.com\\\/manuelaguileraserrano\\\/#website\",\"url\":\"https:\\\/\\\/nuestrosescritores.com\\\/manuelaguileraserrano\\\/\",\"name\":\"Nuestros escritores\",\"description\":\"Escritor\",\"potentialAction\":[{\"@type\":\"SearchAction\",\"target\":{\"@type\":\"EntryPoint\",\"urlTemplate\":\"https:\\\/\\\/nuestrosescritores.com\\\/manuelaguileraserrano\\\/?s={search_term_string}\"},\"query-input\":{\"@type\":\"PropertyValueSpecification\",\"valueRequired\":true,\"valueName\":\"search_term_string\"}}],\"inLanguage\":\"es\"}]}<\/script>\n<!-- \/ Yoast SEO Premium plugin. -->","yoast_head_json":{"title":"Poes\u00eda - Manuel Aguilera Serrano","description":"Poes\u00eda del libro LOS ROSTROS DE \u00cdTACA de Manuel Aguilera Serrano, publicado por Ediciones Rilke en el a\u00f1o 2019.","robots":{"index":"index","follow":"follow","max-snippet":"max-snippet:-1","max-image-preview":"max-image-preview:large","max-video-preview":"max-video-preview:-1"},"canonical":"https:\/\/nuestrosescritores.com\/manuelaguileraserrano\/poesia\/","og_locale":"es_ES","og_type":"article","og_title":"Poes\u00eda","og_description":"Poes\u00eda del libro LOS ROSTROS DE \u00cdTACA de Manuel Aguilera Serrano, publicado por Ediciones Rilke en el a\u00f1o 2019.","og_url":"https:\/\/nuestrosescritores.com\/manuelaguileraserrano\/poesia\/","og_site_name":"Manuel Aguilera Serrano","article_modified_time":"2019-11-23T21:57:25+00:00","og_image":[{"url":"https:\/\/nuestrosescritores.com\/manuelaguileraserrano\/wp-content\/uploads\/sites\/14\/2019\/11\/0_Portada_LosrostrosdeItaca-300x300.jpg","type":"","width":"","height":""}],"twitter_card":"summary_large_image","twitter_misc":{"Tiempo de lectura":"4 minutos"},"schema":{"@context":"https:\/\/schema.org","@graph":[{"@type":"WebPage","@id":"https:\/\/nuestrosescritores.com\/manuelaguileraserrano\/poesia\/","url":"https:\/\/nuestrosescritores.com\/manuelaguileraserrano\/poesia\/","name":"Poes\u00eda - Manuel Aguilera Serrano","isPartOf":{"@id":"https:\/\/nuestrosescritores.com\/manuelaguileraserrano\/#website"},"primaryImageOfPage":{"@id":"https:\/\/nuestrosescritores.com\/manuelaguileraserrano\/poesia\/#primaryimage"},"image":{"@id":"https:\/\/nuestrosescritores.com\/manuelaguileraserrano\/poesia\/#primaryimage"},"thumbnailUrl":"https:\/\/nuestrosescritores.com\/manuelaguileraserrano\/wp-content\/uploads\/sites\/14\/2019\/11\/0_Portada_LosrostrosdeItaca-300x300.jpg","datePublished":"2019-11-23T21:08:03+00:00","dateModified":"2019-11-23T21:57:25+00:00","description":"Poes\u00eda del libro LOS ROSTROS DE \u00cdTACA de Manuel Aguilera Serrano, publicado por Ediciones Rilke en el a\u00f1o 2019.","breadcrumb":{"@id":"https:\/\/nuestrosescritores.com\/manuelaguileraserrano\/poesia\/#breadcrumb"},"inLanguage":"es","potentialAction":[{"@type":"ReadAction","target":["https:\/\/nuestrosescritores.com\/manuelaguileraserrano\/poesia\/"]}]},{"@type":"ImageObject","inLanguage":"es","@id":"https:\/\/nuestrosescritores.com\/manuelaguileraserrano\/poesia\/#primaryimage","url":"https:\/\/nuestrosescritores.com\/manuelaguileraserrano\/wp-content\/uploads\/sites\/14\/2019\/11\/0_Portada_LosrostrosdeItaca.jpg","contentUrl":"https:\/\/nuestrosescritores.com\/manuelaguileraserrano\/wp-content\/uploads\/sites\/14\/2019\/11\/0_Portada_LosrostrosdeItaca.jpg","width":559,"height":794},{"@type":"BreadcrumbList","@id":"https:\/\/nuestrosescritores.com\/manuelaguileraserrano\/poesia\/#breadcrumb","itemListElement":[{"@type":"ListItem","position":1,"name":"Portada","item":"https:\/\/nuestrosescritores.com\/manuelaguileraserrano\/"},{"@type":"ListItem","position":2,"name":"Poes\u00eda"}]},{"@type":"WebSite","@id":"https:\/\/nuestrosescritores.com\/manuelaguileraserrano\/#website","url":"https:\/\/nuestrosescritores.com\/manuelaguileraserrano\/","name":"Nuestros escritores","description":"Escritor","potentialAction":[{"@type":"SearchAction","target":{"@type":"EntryPoint","urlTemplate":"https:\/\/nuestrosescritores.com\/manuelaguileraserrano\/?s={search_term_string}"},"query-input":{"@type":"PropertyValueSpecification","valueRequired":true,"valueName":"search_term_string"}}],"inLanguage":"es"}]}},"_links":{"self":[{"href":"https:\/\/nuestrosescritores.com\/manuelaguileraserrano\/wp-json\/wp\/v2\/pages\/87","targetHints":{"allow":["GET"]}}],"collection":[{"href":"https:\/\/nuestrosescritores.com\/manuelaguileraserrano\/wp-json\/wp\/v2\/pages"}],"about":[{"href":"https:\/\/nuestrosescritores.com\/manuelaguileraserrano\/wp-json\/wp\/v2\/types\/page"}],"author":[{"embeddable":true,"href":"https:\/\/nuestrosescritores.com\/manuelaguileraserrano\/wp-json\/wp\/v2\/users\/1"}],"replies":[{"embeddable":true,"href":"https:\/\/nuestrosescritores.com\/manuelaguileraserrano\/wp-json\/wp\/v2\/comments?post=87"}],"version-history":[{"count":0,"href":"https:\/\/nuestrosescritores.com\/manuelaguileraserrano\/wp-json\/wp\/v2\/pages\/87\/revisions"}],"wp:attachment":[{"href":"https:\/\/nuestrosescritores.com\/manuelaguileraserrano\/wp-json\/wp\/v2\/media?parent=87"}],"curies":[{"name":"wp","href":"https:\/\/api.w.org\/{rel}","templated":true}]}}