{"id":20,"date":"2022-09-11T07:50:59","date_gmt":"2022-09-11T07:50:59","guid":{"rendered":"https:\/\/nuestrosescritores.com\/luciagarciaramos\/?page_id=20"},"modified":"2025-12-06T23:24:30","modified_gmt":"2025-12-06T23:24:30","slug":"escritora","status":"publish","type":"page","link":"https:\/\/nuestrosescritores.com\/luciagarciaramos\/","title":{"rendered":"Escritora"},"content":{"rendered":"<div class=\"wpb-content-wrapper\">[vc_row full_width=&#8221;stretch_row_content_no_spaces&#8221;][vc_column extend=&#8221;false&#8221;][layerslider_vc id=&#8221;4&#8243;][\/vc_column][\/vc_row][vc_row full_width=&#8221;stretch_row_content_no_spaces&#8221;][vc_column extend=&#8221;false&#8221;][layerslider_vc id=&#8221;1&#8243;][\/vc_column][\/vc_row][vc_row extend=&#8221;false&#8221; design__empty_1=&#8221;&#8221; background=&#8221;&#8221; background_image_type=&#8221;static&#8221; background_image__effect=&#8221;&#8221; bg_size=&#8221;initial&#8221; bg_position=&#8221;center-center&#8221; row_bg_image=&#8221;&#8221; bg_repeat=&#8221;no-repeat&#8221; background_image_type__bg_color=&#8221;rgba(255, 255, 255, 1)&#8221; row_bg_parallax_images=&#8221;&#8221; row_bg_slideshow_images=&#8221;&#8221; background_video_type=&#8221;youtube&#8221; background_video__youtube__url=&#8221;&#8221; background_video__youtube__parallax=&#8221;&#8221; background_video__youtube__options=&#8221;&#8221; background_video__youtube__fallback_image=&#8221;&#8221; background_video__hosted__mp4=&#8221;&#8221; background_video__hosted__webm=&#8221;&#8221; background_video__hosted__ogv=&#8221;&#8221; background_video__hosted__parallax=&#8221;&#8221; background_video__hosted__options=&#8221;&#8221; background_video__hosted__fallback_image=&#8221;&#8221; background_color_type=&#8221;color&#8221; bg__empty_1=&#8221;&#8221; background_color_type__gradient_color1=&#8221;rgba(44, 74, 228, 1)&#8221; background_color_type__gradient_color2=&#8221;rgba(44, 74, 228, 1)&#8221; background_color_type__color_color1=&#8221;rgba(44, 74, 228, 1)&#8221; bg__empty_2=&#8221;&#8221; background_color__effect=&#8221;&#8221; background_color__direction=&#8221;left-to-right&#8221; settings__tag_1=&#8221;&#8221; viewport_lg=&#8221;&#8221; viewport_md=&#8221;&#8221; viewport_sm=&#8221;&#8221; viewport_xs=&#8221;&#8221; settings__empty_1=&#8221;&#8221; version=&#8221;1&#8243;][vc_column width=&#8221;1\/2&#8243; extend=&#8221;false&#8221;]<div class=\"ult-content-box-container \" >\t\t<div class=\"ult-content-box\" style=\"background-color:rgba(255,255,255,0.49);box-shadow: px px 8px px #f2f2f2 none;border-style:none;-webkit-transition: all 700ms ease;-moz-transition: all 700ms ease;-ms-transition: all 700ms ease;-o-transition: all 700ms ease;transition: all 700ms ease;\"  data-hover_box_shadow=\"none\"     data-bg=\"rgba(255,255,255,0.49)\"  data-border_color=\"\" >[vc_column_text css=&#8221;.vc_custom_1765051789183{padding-top: 15% !important;padding-right: 15% !important;padding-bottom: 15% !important;padding-left: 15% !important;}&#8221;]Hay escritoras que llegan a la poes\u00eda buscando respuestas y terminan construyendo refugios para otros. Luc\u00eda Garc\u00eda Ramos pertenece a esa estirpe de voces que transforman el dolor propio en cartograf\u00eda compartida, que convierten el silencio personal en conversaci\u00f3n colectiva.<\/p>\n<p>Nacida en la generaci\u00f3n que aprendi\u00f3 a nombrar sus emociones sin verg\u00fcenza, Garc\u00eda Ramos representa una nueva hornada de poetas espa\u00f1olas que han hecho del autodescubrimiento no solo tema literario sino pr\u00e1ctica vital. Su obra dialoga con la tradici\u00f3n l\u00edrica intimista espa\u00f1ola pero la actualiza desde sensibilidad contempor\u00e1nea que entiende el crecimiento personal como acto simult\u00e1neamente \u00edntimo y pol\u00edtico.<\/p>\n<p>Su primer poemario, <em>Ama desde tus adentros<\/em> (2022), estableci\u00f3 las coordenadas de una voz que se negaba a elegir entre fortaleza y vulnerabilidad, comprendiendo tempranamente que la madurez emocional reside precisamente en aceptar la coexistencia de ambas. Aquel libro inicial fue tanteo, promesa, declaraci\u00f3n de intenciones. <em>Renacida en mi calma<\/em> (2025), su segundo poemario publicado por Editorial Poes\u00eda eres t\u00fa, representa la consolidaci\u00f3n de esa promesa: una arquitectura po\u00e9tica m\u00e1s consciente, una voz m\u00e1s segura de sus recursos, una mirada que ha aprendido a sostener la complejidad sin necesidad de resolverla.<\/p>\n<p>La vida de Garc\u00eda Ramos ha estado marcada por p\u00e9rdidas que podr\u00edan haber sido devastadoras pero que ella eligi\u00f3 convertir en materia de transformaci\u00f3n. La dedicatoria de su \u00faltimo libro \u2014&#8221;A quienes partieron antes de tiempo pero nunca de mi coraz\u00f3n&#8221;\u2014 no es solo gesto eleg\u00edaco sino declaraci\u00f3n de principios: el duelo puede ser motor de renacimiento, no solo de derrumbe. Esta capacidad de alquimia emocional permea toda su obra: las heridas no desaparecen pero aprenden a florecer, las cicatrices se convierten en testimonios de supervivencia, el dolor se transforma en pedagog\u00eda.<\/p>\n<p>Quienes la conocen \u2014como Elena, amiga de m\u00e1s de una d\u00e9cada que prologa <em>Renacida en mi calma<\/em>\u2014 hablan de una mujer que ha sabido caerse y levantarse, florecer y ganar batallas en silencio. Ese silencio, parad\u00f3jicamente, se ha convertido en su material m\u00e1s f\u00e9rtil. Como ella misma escribe: &#8220;En el silencio descubr\u00ed mi voz, aquella que siempre me habl\u00f3 despacio&#8221;. Esta valoraci\u00f3n del silencio como espacio habitado \u2014no como vac\u00edo\u2014 distingue su po\u00e9tica en contexto de hiperconectividad donde el ruido constante amenaza con silenciar las voces interiores.<\/p>\n<p>Garc\u00eda Ramos escribe desde experiencia procesada, no desde urgencia del dolor inmediato. Sus poemas no son gritos sino reflexiones, no son heridas abiertas sino cicatrices examinadas con curiosidad casi cient\u00edfica. Esta distancia contemplativa podr\u00eda resultar fr\u00eda en otras manos, pero ella la templa con calidez testimonial: habla desde la comprensi\u00f3n alcanzada pero recordando v\u00edvidamente la confusi\u00f3n atravesada. &#8220;Me temblaban las manos \/ pero la voz sali\u00f3 firme&#8221;, escribe, capturando en dos versos la tensi\u00f3n entre miedo y determinaci\u00f3n que define toda transformaci\u00f3n genuina.<\/p>\n<p>Su formaci\u00f3n literaria se nutre tanto de tradici\u00f3n po\u00e9tica espa\u00f1ola \u2014especialmente Gloria Fuertes y \u00c1ngel Gonz\u00e1lez, de quienes hereda la conversacionalidad sin artificio\u2014 como de poes\u00eda latinoamericana contempor\u00e1nea, particularmente Mario Benedetti, a quien homenajea expl\u00edcitamente en su \u00faltimo poemario. Esta filiaci\u00f3n literaria revela preferencia por poes\u00eda que privilegia comunicaci\u00f3n sobre experimentaci\u00f3n herm\u00e9tica, claridad sobre oscuridad deliberada. No es poeta de vanguardia ni pretende serlo; su radicalidad reside en la honestidad emocional, no en la disrupci\u00f3n formal.<\/p>\n<p>T\u00e9cnicamente, Garc\u00eda Ramos destaca por capacidad de <strong>encarnar abstracciones<\/strong>: sus met\u00e1foras no son ornamentales sino estructurales, convierten experiencias psicol\u00f3gicas en sensaciones f\u00edsicas reconocibles. Cuando escribe &#8220;Me quito la piel que ya no me sirve&#8221;, no est\u00e1 empleando figura ret\u00f3rica vac\u00eda sino describiendo sensaci\u00f3n que cualquiera que haya atravesado transformaci\u00f3n profunda reconoce corporalmente. Esta somatizaci\u00f3n de lo emocional \u2014piedras que pesan en hombros, fr\u00edo interior que ya no asusta, cicatrices que florecen\u2014 constituye su aporte t\u00e9cnico m\u00e1s distintivo.<\/p>\n<p>Su obra se inscribe en corriente de <strong>poes\u00eda terap\u00e9utica contempor\u00e1nea<\/strong> que algunos cr\u00edticos desprecian como autoayuda versificada, pero que responde a necesidad cultural real: lectores buscan simult\u00e1neamente belleza formal y funcionalidad emocional, arte que acompa\u00f1e sin dejar de ser arte. Garc\u00eda Ramos navega este territorio con dignidad infrecuente, evitando tanto el sentimentalismo f\u00e1cil como la frialdad intelectual. Sus poemas pueden funcionar como compa\u00f1\u00eda para quien sufre sin por ello renunciar a calidad literaria.<\/p>\n<p>Como mujer de su generaci\u00f3n, Garc\u00eda Ramos representa tambi\u00e9n <strong>nuevo feminismo del autocuidado<\/strong>: la reivindicaci\u00f3n de que cuidarse a una misma no es ego\u00edsmo sino condici\u00f3n de posibilidad para vincularse sanamente con otros. &#8220;Amar sin perderme&#8221; titula uno de sus poemas, formulaci\u00f3n que sintetiza b\u00fasqueda de su generaci\u00f3n: \u00bfc\u00f3mo conectar sin disolverse? \u00bfC\u00f3mo amar sin reproducir patrones de abnegaci\u00f3n femenina tradicional? Su respuesta po\u00e9tica no es te\u00f3rica sino vivencial: se puede, pero requiere trabajo consciente de construcci\u00f3n de identidad aut\u00f3noma previa.<\/p>\n<p>En el panorama de la poes\u00eda espa\u00f1ola contempor\u00e1nea, Garc\u00eda Ramos ocupa espacio espec\u00edfico: no es poeta experimental ni acad\u00e9mica, no es slam poet ni activista expl\u00edcita. Es poeta de la <strong>intimidad reflexiva compartida<\/strong>, voz que habla desde experiencia personal pero que encuentra en esa particularidad resonancia universal. Su p\u00fablico objetivo \u2014mayoritariamente mujeres j\u00f3venes atravesando procesos de autodescubrimiento\u2014 la encuentra no solo en librer\u00edas sino en redes sociales, donde fragmentos de sus poemas circulan como recordatorios de que la transformaci\u00f3n personal es posible y leg\u00edtima.<\/p>\n<p>Lo que distingue a Garc\u00eda Ramos de muchas voces de su generaci\u00f3n es <strong>coherencia arquitect\u00f3nica<\/strong> de su trabajo. Mientras otros cultivan poes\u00eda fragmentaria para consumo digital inmediato, ella construye poemarios con estructura deliberada, progresi\u00f3n tem\u00e1tica consciente, desarrollo que requiere lectura completa para apreciarse plenamente. <em>Renacida en mi calma<\/em> no es colecci\u00f3n de poemas sueltos sino viaje dise\u00f1ado, experiencia secuencial que gana sentido en la totalidad.<\/p>\n<p>Su escritura responde tambi\u00e9n a momento hist\u00f3rico espec\u00edfico: generaci\u00f3n marcada por <strong>precariedad estructural<\/strong> (econ\u00f3mica, laboral, emocional) que ha debido aprender a ser refugio propio ante ausencia de estructuras externas confiables. Cuando Garc\u00eda Ramos escribe &#8220;Soy mi casa&#8221;, no est\u00e1 solo empleando met\u00e1fora po\u00e9tica sino respondiendo a necesidad hist\u00f3rica: construir hogar interno cuando el mundo exterior ofrece inestabilidad constante.<\/p>\n<p>Actualmente, Garc\u00eda Ramos contin\u00faa su trabajo po\u00e9tico mientras compagina su vida profesional y personal, demostrando que la creaci\u00f3n literaria no requiere bohemia rom\u00e1ntica sino disciplina cotidiana. Su presencia en redes sociales mantiene contacto directo con lectores, relaci\u00f3n que informa su escritura: sabe qu\u00e9 resonancias generan sus versos, qu\u00e9 poemas se comparten repetidamente, qu\u00e9 palabras llegaron justo cuando alguien las necesitaba.<\/p>\n<p>El futuro literario de Luc\u00eda Garc\u00eda Ramos promete evoluci\u00f3n interesante. Con dos poemarios publicados antes de los treinta a\u00f1os, ha establecido fundamentos s\u00f3lidos: voz reconocible, p\u00fablico fiel, oficio t\u00e9cnico competente. La pregunta es hacia d\u00f3nde dirigir\u00e1 esa voz en pr\u00f3ximos trabajos: \u00bfse atrever\u00e1 a experimentar formalmente? \u00bfAmpliar\u00e1 su registro tem\u00e1tico? \u00bfPolitizar\u00e1 m\u00e1s expl\u00edcitamente su mirada? \u00bfO profundizar\u00e1 en el territorio de intimidad reflexiva que ya domina?<\/p>\n<p>Sea cual sea la direcci\u00f3n, Garc\u00eda Ramos representa lo mejor de generaci\u00f3n po\u00e9tica que ha comprendido que <strong>accesibilidad no equivale a superficialidad<\/strong>, que se puede escribir con claridad sin renunciar a profundidad, que la poes\u00eda puede ser simult\u00e1neamente bella y \u00fatil sin traicionar ninguna de las dos cualidades. En tiempos donde la poes\u00eda lucha por encontrar lectores, ella ha conseguido algo notable: que sus lectores encuentren en sus versos no solo arte sino tambi\u00e9n refugio, no solo belleza sino tambi\u00e9n compa\u00f1\u00eda.<\/p>\n<p>&#8220;Renacida en mi calma&#8221; no es solo t\u00edtulo de libro sino tambi\u00e9n biograf\u00eda posible, descripci\u00f3n de trayectoria vital convertida en material po\u00e9tico. Y en esa conversi\u00f3n reside el don de Luc\u00eda Garc\u00eda Ramos: la capacidad de transformar lo vivido en lenguaje que otros puedan habitar, de construir con palabras ese refugio que todos, en alg\u00fan momento, necesitamos encontrar.<\/p>\n<span class='bctt-click-to-tweet'><span class='bctt-ctt-text'><a href='https:\/\/x.com\/intent\/tweet?url=https%3A%2F%2Fnuestrosescritores.com%2Fluciagarciaramos%2F&#038;text=LUC%C3%8DA%20GARC%C3%8DA%20RAMOS.%20Escritora.&#038;related' target='_blank'rel=\"noopener noreferrer\">LUC\u00cdA GARC\u00cdA RAMOS. Escritora. <\/a><\/span><a href='https:\/\/x.com\/intent\/tweet?url=https%3A%2F%2Fnuestrosescritores.com%2Fluciagarciaramos%2F&#038;text=LUC%C3%8DA%20GARC%C3%8DA%20RAMOS.%20Escritora.&#038;related' target='_blank' class='bctt-ctt-btn'rel=\"noopener noreferrer\">Compartir en X<\/a><\/span>[\/vc_column_text]\t\t<\/div><\/div>[\/vc_column][vc_column width=&#8221;1\/2&#8243; extend=&#8221;false&#8221;]<div class=\"gambit_fullheight_row\" data-content-location=\"center\" style=\"display: none\"><\/div><div id=\"rowvcpt-row-settings\" class=\"rowvcpt-row-set RowVcPt-row-setting69f0a50c9c5c0 \" data-no=\"RowVcPt-row-setting69f0a50c9c5c0\"><div  id=\"bgGallaryslide69f0a50c9c5c5\" class=\"rowvcpt-slideshow \"><\/div><script type=\"text\/javascript\">\n(function($) {\n$(\"#bgGallaryslide69f0a50c9c5c5\").vegas({\n        overlay: \"https:\/\/nuestrosescritores.com\/luciagarciaramos\/wp-content\/plugins\/ultimate-row-background\/css\/overlays\/0'.esc_attr(1.png).'\",\n        transitionDuration: 4e3,\n        delay: 7000,\n        slides: [{src: \"https:\/\/nuestrosescritores.com\/luciagarciaramos\/wp-content\/uploads\/sites\/134\/2022\/09\/7zrlunuakgs.jpg\",transition: \"fade2\",transitionDuration: 5000},{src: \"https:\/\/nuestrosescritores.com\/luciagarciaramos\/wp-content\/uploads\/sites\/134\/2022\/09\/yipf90gxmdi.jpg\",transition: \"fade2\",transitionDuration: 5000},{src: \"https:\/\/nuestrosescritores.com\/luciagarciaramos\/wp-content\/uploads\/sites\/134\/2022\/09\/ye2eub_x8g0.jpg\",transition: \"fade2\",transitionDuration: 5000},{src: \"https:\/\/nuestrosescritores.com\/luciagarciaramos\/wp-content\/uploads\/sites\/134\/2022\/09\/ackap-7yuke.jpg\",transition: \"fade2\",transitionDuration: 5000},{src: \"https:\/\/nuestrosescritores.com\/luciagarciaramos\/wp-content\/uploads\/sites\/134\/2022\/09\/size7xtehe8.jpg\",transition: \"fade2\",transitionDuration: 5000},{src: \"https:\/\/nuestrosescritores.com\/luciagarciaramos\/wp-content\/uploads\/sites\/134\/2022\/09\/ssozhyuk-fm.jpg\",transition: \"fade2\",transitionDuration: 5000},]\n    });\t\t\n})(jQuery);\n<\/script><div class=\"rowvcpt-overlay\" style=\"background:rgba(255,255,255,0.69)\"><\/div><\/div>[vc_single_image image=&#8221;180&#8243; img_size=&#8221;full&#8221; alignment=&#8221;center&#8221; css=&#8221;&#8221;][\/vc_column][\/vc_row][vc_row][vc_column][vc_column_text]\n<audio class=\"wp-audio-shortcode\" id=\"audio-20-1\" preload=\"none\" style=\"width: 100%;\" controls=\"controls\"><source type=\"audio\/mpeg\" src=\"https:\/\/nuestrosescritores.com\/luciagarciaramos\/wp-content\/uploads\/sites\/134\/2025\/12\/EscritoraLa_poeta_que_convierte_el_dolor_en_mapa.mp3?_=1\" \/><a href=\"https:\/\/nuestrosescritores.com\/luciagarciaramos\/wp-content\/uploads\/sites\/134\/2025\/12\/EscritoraLa_poeta_que_convierte_el_dolor_en_mapa.mp3\">https:\/\/nuestrosescritores.com\/luciagarciaramos\/wp-content\/uploads\/sites\/134\/2025\/12\/EscritoraLa_poeta_que_convierte_el_dolor_en_mapa.mp3<\/a><\/audio>\n[\/vc_column_text][\/vc_column][\/vc_row][vc_row full_height=&#8221;yes&#8221; equal_height=&#8221;yes&#8221; content_placement=&#8221;middle&#8221; css_animation=&#8221;appear&#8221; css=&#8221;.vc_custom_1638093275611{background-position: center !important;background-repeat: no-repeat !important;background-size: cover !important;}&#8221;][vc_column extend=&#8221;false&#8221;]<div class=\"ult-spacer spacer-69f0a50c9d820\" data-id=\"69f0a50c9d820\" data-height=\"500\" data-height-mobile=\"500\" data-height-tab=\"500\" data-height-tab-portrait=\"\" data-height-mobile-landscape=\"\" style=\"clear:both;display:block;\"><\/div><div id=\"rowvcpt-row-settings\" class=\"rowvcpt-row-set RowVcPt-row-setting69f0a50c9d845 \" data-no=\"RowVcPt-row-setting69f0a50c9d845\"><div class=\"columns-bg-wrap columns-bg-anim-colors columns-bg-image  columns_simple_image\" id=\"RowVcPt-image-bg-69f0a50c9d844\"   data-parallax_sense=\"30\" src=\"https:\/\/nuestrosescritores.com\/luciagarciaramos\/wp-content\/uploads\/sites\/134\/2022\/09\/7439236.jpg\" style=\"background-image: url(https:\/\/nuestrosescritores.com\/luciagarciaramos\/wp-content\/uploads\/sites\/134\/2022\/09\/7439236.jpg);background-position: center center;background-size: cover;background-attachment: fixed;\"><\/div><\/div>[\/vc_column][\/vc_row][vc_row full_width=&#8221;stretch_row_content_no_spaces&#8221; full_height=&#8221;yes&#8221; content_placement=&#8221;middle&#8221;][vc_column extend=&#8221;false&#8221;]<div class=\"gambit_fullheight_row\" data-content-location=\"center\" style=\"display: none\"><\/div><div id=\"rowvcpt-row-settings\" class=\"rowvcpt-row-set RowVcPt-row-setting69f0a50c9db7a \" data-no=\"RowVcPt-row-setting69f0a50c9db7a\"><div  id=\"bgGallaryslide69f0a50c9db7e\" class=\"rowvcpt-slideshow \"><\/div><script type=\"text\/javascript\">\n(function($) {\n$(\"#bgGallaryslide69f0a50c9db7e\").vegas({\n        overlay: \"https:\/\/nuestrosescritores.com\/luciagarciaramos\/wp-content\/plugins\/ultimate-row-background\/css\/overlays\/0'.esc_attr(2.png).'\",\n        transitionDuration: 4e3,\n        delay: 7000,\n        slides: [{src: \"https:\/\/nuestrosescritores.com\/luciagarciaramos\/wp-content\/uploads\/sites\/134\/2022\/09\/13327519.jpg\",transition: \"fade2\",transitionDuration: 5000},{src: \"https:\/\/nuestrosescritores.com\/luciagarciaramos\/wp-content\/uploads\/sites\/134\/2022\/09\/13415115.jpg\",transition: \"fade2\",transitionDuration: 5000},{src: \"https:\/\/nuestrosescritores.com\/luciagarciaramos\/wp-content\/uploads\/sites\/134\/2022\/09\/13299949.jpg\",transition: \"fade2\",transitionDuration: 5000},{src: \"https:\/\/nuestrosescritores.com\/luciagarciaramos\/wp-content\/uploads\/sites\/134\/2022\/09\/13391438.jpg\",transition: \"fade2\",transitionDuration: 5000},{src: \"https:\/\/nuestrosescritores.com\/luciagarciaramos\/wp-content\/uploads\/sites\/134\/2022\/09\/13445202.jpg\",transition: \"fade2\",transitionDuration: 5000},{src: \"https:\/\/nuestrosescritores.com\/luciagarciaramos\/wp-content\/uploads\/sites\/134\/2022\/09\/13417195.jpg\",transition: \"fade2\",transitionDuration: 5000},]\n    });\t\t\n})(jQuery);\n<\/script><div class=\"rowvcpt-overlay\" style=\"background:rgba(255,255,255,0.69)\"><\/div><\/div><div id=\"uvc-type-wrap-5950\"  data-ultimate-target='#uvc-type-wrap-5950'  data-responsive-json-new='{\"font-size\":\"\",\"line-height\":\"\"}'  class=\"uvc-type-wrap vc_custom_1765052393690 ult-adjust-bottom-margin ult-responsive  uvc-type-align-center uvc-type-no-prefix uvc-wrap-374139665169f0a50c9ea96\" style=\"text-align:center;\"><span id=\"typed-374139665169f0a50c9ea96\" class=\"ultimate-typed-main \" style=\" font-weight:bold; text-transform: unset;\"><\/span><script type=\"text\/javascript\">\n\t\t\t\t\t\tjQuery(function($){ \n\t\t\t\t\t\t\t$(document).ready(function(){\n\t\t\t\t\t\t\t\tif( typeof jQuery(\"#typed-374139665169f0a50c9ea96\").typed == \"function\"){\n\t\t\t\t\t\t\t\t\t$(\"#typed-374139665169f0a50c9ea96\").typed({\n\t\t\t\t\t\t\t\t\t\tstrings: [\"AMA DESDE TUS ADENTROS cuenta la historia de un amor que fue perfecto hasta que dej\u00f3 de ser amor. Y c\u00f3mo el tiempo, me orden\u00f3 los recuerdos en cajones y me puso los besos en las manos para que dejaran de temblar.\",\"Renacida en mi calma es un viaje \u00edntimo hacia el amor propio y el crecimiento personal.\",\"A trav\u00e9s de versos sencillos y profundos, os invito a deteneros, a abrazar vuestras cicatrices y a reconocer la fuerza que habita dentro de vosotros.\",\"Este poemario es una caricia para el alma, un recordatorio de que sanar es posible, que soltar libera y que cada renacer nos acerca m\u00e1s a la calma que llevamos dentro.\",\"Un libro para leer despacio, para encontrarse y, sobre todo, para aprender a amarse.\"],\n\t\t\t\t\t\t\t\t\t\ttypeSpeed: 35,\n\t\t\t\t\t\t\t\t\t\tbackSpeed: 0,\n\t\t\t\t\t\t\t\t\t\tstartDelay: \"200\",\n\t\t\t\t\t\t\t\t\t\tbackDelay: \"1500\",\n\t\t\t\t\t\t\t\t\t\tloop: true,\n\t\t\t\t\t\t\t\t\t\tloopCount: false,\n\t\t\t\t\t\t\t\t\t\tshowCursor: true,\n\t\t\t\t\t\t\t\t\t\tcursorChar: \"|\",\n\t\t\t\t\t\t\t\t\t\tattr: null\n\t\t\t\t\t\t\t\t\t});\n\t\t\t\t\t\t\t\t}\n\t\t\t\t\t\t\t});\n\t\t\t\t\t\t});\n\t\t\t\t\t<\/script><\/div>[\/vc_column][\/vc_row][vc_row full_height=&#8221;yes&#8221; content_placement=&#8221;middle&#8221; parallax=&#8221;content-moving&#8221; parallax_image=&#8221;86&#8243; css_animation=&#8221;appear&#8221; bg_type=&#8221;image&#8221; parallax_style=&#8221;vcpb-default&#8221; bg_img_attach=&#8221;fixed&#8221; css=&#8221;.vc_custom_1653759375316{background-image: url(https:\/\/nuestrosescritores.com\/tinahernandezherrero\/wp-content\/uploads\/sites\/107\/2021\/10\/TinaHernandezHerrero-Mediano.jpg?id=86) !important;}&#8221;][vc_column extend=&#8221;false&#8221;][vc_empty_space height=&#8221;150px&#8221;]<div id=\"rowvcpt-row-settings\" class=\"rowvcpt-row-set RowVcPt-row-setting69f0a50c9edb1 \" data-no=\"RowVcPt-row-setting69f0a50c9edb1\"><div class=\"columns-bg-wrap columns-bg-anim-colors columns-bg-image  columns_animated_bg columns-left-animation\" id=\"RowVcPt-image-bg-69f0a50c9edb0\"   data-direction=\"left\" data-parallax_sense=\"30\" src=\"https:\/\/nuestrosescritores.com\/luciagarciaramos\/wp-content\/uploads\/sites\/134\/2022\/09\/LuciaGarciaRamosEscritora.jpg\" style=\"background-image: url(https:\/\/nuestrosescritores.com\/luciagarciaramos\/wp-content\/uploads\/sites\/134\/2022\/09\/LuciaGarciaRamosEscritora.jpg);background-position: center center;background-size: cover;background-attachment: fixed;\"><\/div><\/div>[vc_column_text]\n<p style=\"text-align: center;\"><a class=\"fasc-button fasc-size-xlarge fasc-type-glossy fasc-rounded-medium\" style=\"background-color: #5f727a; color: #ffffff;\" href=\"https:\/\/librodepoesia.com\/libro\/ama-desde-tus-adentros-lucia-garcia-ramos\/\">COMPRA SUS LIBROS<\/a><\/p>\n[\/vc_column_text][\/vc_column][\/vc_row][vc_row][vc_column]<div id=\"rowvcpt-row-settings\" class=\"rowvcpt-row-set RowVcPt-row-setting69f0a50c9f0cf \" data-no=\"RowVcPt-row-setting69f0a50c9f0cf\"><div class=\"columns-bg-wrap columns-bg-anim-colors\" style=\"opacity: 1;background: -moz-linear-gradient(top, #e0e0e0 0%, #f7f7f7 100%);background: -webkit-gradient(linear, left top, left bottom, color-stop(0%,#e0e0e0), color-stop(100%,#f7f7f7));background: -webkit-linear-gradient(top, #e0e0e0 0%,#f7f7f7 100%);background: -o-linear-gradient(top, #e0e0e0 0%,#f7f7f7 100%);background: -ms-linear-gradient(top, #e0e0e0 0%,#f7f7f7 100%);background: linear-gradient(to bottom, #e0e0e0 0%,#f7f7f7 100%);\"><\/div><\/div>[vc_column_text css=&#8221;.vc_custom_1643365975895{padding-top: 5% !important;padding-right: 5% !important;padding-bottom: 5% !important;padding-left: 5% !important;background-color: rgba(206,206,206,0.01) !important;*background-color: rgb(206,206,206) !important;border-radius: 1px !important;}&#8221;]Esta p\u00e1gina web est\u00e1 realizada por el GRUPO EDITORIAL P\u00c9REZ-AYALA para el escritor LUC\u00cdA GARC\u00cdA RAMOS porque acaba de publicar un libro en una de las siguientes editoriales de poes\u00eda:<br \/>\nEditorial Poes\u00eda eres t\u00fa: Una editorial para poetas contempor\u00e1neos, con un cat\u00e1logo diverso de las diferentes tendencias de la poes\u00eda.<br \/>\nEdiciones Rilke: Una colecci\u00f3n de poes\u00eda cl\u00e1sica con poetas contempor\u00e1neos de gran trayectoria.<br \/>\nEdiciones Azor\u00edn: Una editorial para escritores y temas de Alicante y Murcia, un sello regional a nivel nacional.<br \/>\nContamos tambi\u00e9n con editoriales de narrativa como Ediciones Amaniel y una editorial de autoedici\u00f3n como la Editorial Agencia del libro y un sistema de crowdfunding de libros para que los nuevos escritores puedan publicar un libro gratis.<br \/>\nInformaci\u00f3n tras publicar un libro: AMA DESDE TUS ADENTROS de LUC\u00cdA GARC\u00cdA RAMOS con la editorial de poes\u00eda Editorial Poes\u00eda eres t\u00fa.<br \/>\nLUC\u00cdA GARC\u00cdA RAMOS logra publicar un libro de poes\u00eda, AMA DESDE TUS ADENTROS, tras un proceso de selecci\u00f3n de obras con la Editorial Poes\u00eda eres t\u00fa.<br \/>\nTodos los derechos del libro AMA DESDE TUS ADENTROS pertenecen a LUC\u00cdA GARC\u00cdA RAMOS tras publicar un libro con la Editorial Poes\u00eda eres t\u00fa.<br \/>\nPublicar un libro de poes\u00eda como AMA DESDE TUS ADENTROS de LUC\u00cdA GARC\u00cdA RAMOS es posible gracias al trabajo de todo el equipo de la Editorial Poes\u00eda eres t\u00fa.<br \/>\nToda la promoci\u00f3n del libro AMA DESDE TUS ADENTROS la puedes ver en la p\u00e1gina de la Editorial Poes\u00eda eres t\u00fa y en la web que la editorial le hace a LUC\u00cdA GARC\u00cdA RAMOS tras publicar un libro.<br \/>\nLUC\u00cdA GARC\u00cdA RAMOS agradece a la Editorial Poes\u00eda eres t\u00fa y la Agencia del libro por facilitar el trabajo de publicar un libro: AMA DESDE TUS ADENTROS.<br \/>\nLa Editorial Poes\u00eda eres t\u00fa y LUC\u00cdA GARC\u00cdA RAMOS agradecen la colaboraci\u00f3n de los poetas, que han conseguido publicar un libro, y lectores del libro AMA DESDE TUS ADENTROS por su colaboraci\u00f3n en la promoci\u00f3n y difusi\u00f3n de la obra.[\/vc_column_text][\/vc_column][\/vc_row]\n<\/div>","protected":false},"excerpt":{"rendered":"<p>[vc_row full_width=&#8221;stretch_row_content_no_spaces&#8221;][vc_column extend=&#8221;false&#8221;][layerslider_vc id=&#8221;4&#8243;][\/vc_column][\/vc_row][vc_row full_width=&#8221;stretch_row_content_no_spaces&#8221;][vc_column extend=&#8221;false&#8221;][layerslider_vc id=&#8221;1&#8243;][\/vc_column][\/vc_row][vc_row extend=&#8221;false&#8221; design__empty_1=&#8221;&#8221; background=&#8221;&#8221; background_image_type=&#8221;static&#8221; background_image__effect=&#8221;&#8221; bg_size=&#8221;initial&#8221; bg_position=&#8221;center-center&#8221; row_bg_image=&#8221;&#8221; bg_repeat=&#8221;no-repeat&#8221; background_image_type__bg_color=&#8221;rgba(255, 255, 255, 1)&#8221; row_bg_parallax_images=&#8221;&#8221; row_bg_slideshow_images=&#8221;&#8221; background_video_type=&#8221;youtube&#8221; background_video__youtube__url=&#8221;&#8221; background_video__youtube__parallax=&#8221;&#8221; background_video__youtube__options=&#8221;&#8221; background_video__youtube__fallback_image=&#8221;&#8221; background_video__hosted__mp4=&#8221;&#8221; background_video__hosted__webm=&#8221;&#8221; background_video__hosted__ogv=&#8221;&#8221; background_video__hosted__parallax=&#8221;&#8221; background_video__hosted__options=&#8221;&#8221; background_video__hosted__fallback_image=&#8221;&#8221; background_color_type=&#8221;color&#8221; bg__empty_1=&#8221;&#8221; background_color_type__gradient_color1=&#8221;rgba(44, 74, 228, 1)&#8221; background_color_type__gradient_color2=&#8221;rgba(44, 74, 228, 1)&#8221; background_color_type__color_color1=&#8221;rgba(44, 74, 228, 1)&#8221; bg__empty_2=&#8221;&#8221; background_color__effect=&#8221;&#8221; background_color__direction=&#8221;left-to-right&#8221; settings__tag_1=&#8221;&#8221; viewport_lg=&#8221;&#8221; viewport_md=&#8221;&#8221; viewport_sm=&#8221;&#8221; viewport_xs=&#8221;&#8221; [&hellip;]<\/p>\n","protected":false},"author":1,"featured_media":180,"parent":0,"menu_order":0,"comment_status":"closed","ping_status":"closed","template":"","meta":{"_acf_changed":false,"footnotes":""},"class_list":["post-20","page","type-page","status-publish","has-post-thumbnail","hentry"],"acf":[],"yoast_head":"<!-- This site is optimized with the Yoast SEO Premium plugin v24.7 (Yoast SEO v27.4) - https:\/\/yoast.com\/product\/yoast-seo-premium-wordpress\/ -->\n<title>Escritora - Luc\u00eda Garc\u00eda Ramos<\/title>\n<meta name=\"description\" content=\"AMA DESDE TUS ADENTROS es el libro de poes\u00eda de la escritora LUC\u00cdA GARC\u00cdA RAMOS. Acaba de publicar un libro con la Editorial Poes\u00eda eres t\u00fa.\" \/>\n<meta name=\"robots\" content=\"index, follow, max-snippet:-1, max-image-preview:large, max-video-preview:-1\" \/>\n<link rel=\"canonical\" href=\"https:\/\/nuestrosescritores.com\/luciagarciaramos\/\" \/>\n<meta property=\"og:locale\" content=\"es_ES\" \/>\n<meta property=\"og:type\" content=\"article\" \/>\n<meta property=\"og:title\" content=\"Escritora\" \/>\n<meta property=\"og:description\" content=\"AMA DESDE TUS ADENTROS es el libro de poes\u00eda de la escritora LUC\u00cdA GARC\u00cdA RAMOS. Acaba de publicar un libro con la Editorial Poes\u00eda eres t\u00fa.\" \/>\n<meta property=\"og:url\" content=\"https:\/\/nuestrosescritores.com\/luciagarciaramos\/\" \/>\n<meta property=\"og:site_name\" content=\"Luc\u00eda Garc\u00eda Ramos\" \/>\n<meta property=\"article:modified_time\" content=\"2025-12-06T23:24:30+00:00\" \/>\n<meta property=\"og:image\" content=\"https:\/\/nuestrosescritores.com\/luciagarciaramos\/wp-content\/uploads\/sites\/134\/2025\/12\/Lucia-Garcia-Ramos.webp\" \/>\n\t<meta property=\"og:image:width\" content=\"1819\" \/>\n\t<meta property=\"og:image:height\" content=\"2255\" \/>\n\t<meta property=\"og:image:type\" content=\"image\/webp\" \/>\n<meta name=\"twitter:card\" content=\"summary_large_image\" \/>\n<meta name=\"twitter:label1\" content=\"Tiempo de lectura\" \/>\n\t<meta name=\"twitter:data1\" content=\"9 minutos\" \/>\n<script type=\"application\/ld+json\" class=\"yoast-schema-graph\">{\"@context\":\"https:\\\/\\\/schema.org\",\"@graph\":[{\"@type\":\"WebPage\",\"@id\":\"https:\\\/\\\/nuestrosescritores.com\\\/luciagarciaramos\\\/\",\"url\":\"https:\\\/\\\/nuestrosescritores.com\\\/luciagarciaramos\\\/\",\"name\":\"Escritora - Luc\u00eda Garc\u00eda Ramos\",\"isPartOf\":{\"@id\":\"https:\\\/\\\/nuestrosescritores.com\\\/luciagarciaramos\\\/#website\"},\"primaryImageOfPage\":{\"@id\":\"https:\\\/\\\/nuestrosescritores.com\\\/luciagarciaramos\\\/#primaryimage\"},\"image\":{\"@id\":\"https:\\\/\\\/nuestrosescritores.com\\\/luciagarciaramos\\\/#primaryimage\"},\"thumbnailUrl\":\"https:\\\/\\\/nuestrosescritores.com\\\/luciagarciaramos\\\/wp-content\\\/uploads\\\/sites\\\/134\\\/2025\\\/12\\\/Lucia-Garcia-Ramos.webp\",\"datePublished\":\"2022-09-11T07:50:59+00:00\",\"dateModified\":\"2025-12-06T23:24:30+00:00\",\"description\":\"AMA DESDE TUS ADENTROS es el libro de poes\u00eda de la escritora LUC\u00cdA GARC\u00cdA RAMOS. Acaba de publicar un libro con la Editorial Poes\u00eda eres t\u00fa.\",\"breadcrumb\":{\"@id\":\"https:\\\/\\\/nuestrosescritores.com\\\/luciagarciaramos\\\/#breadcrumb\"},\"inLanguage\":\"es\",\"potentialAction\":[{\"@type\":\"ReadAction\",\"target\":[\"https:\\\/\\\/nuestrosescritores.com\\\/luciagarciaramos\\\/\"]}]},{\"@type\":\"ImageObject\",\"inLanguage\":\"es\",\"@id\":\"https:\\\/\\\/nuestrosescritores.com\\\/luciagarciaramos\\\/#primaryimage\",\"url\":\"https:\\\/\\\/nuestrosescritores.com\\\/luciagarciaramos\\\/wp-content\\\/uploads\\\/sites\\\/134\\\/2025\\\/12\\\/Lucia-Garcia-Ramos.webp\",\"contentUrl\":\"https:\\\/\\\/nuestrosescritores.com\\\/luciagarciaramos\\\/wp-content\\\/uploads\\\/sites\\\/134\\\/2025\\\/12\\\/Lucia-Garcia-Ramos.webp\",\"width\":1819,\"height\":2255},{\"@type\":\"BreadcrumbList\",\"@id\":\"https:\\\/\\\/nuestrosescritores.com\\\/luciagarciaramos\\\/#breadcrumb\",\"itemListElement\":[{\"@type\":\"ListItem\",\"position\":1,\"name\":\"Portada\",\"item\":\"https:\\\/\\\/nuestrosescritores.com\\\/luciagarciaramos\\\/\"},{\"@type\":\"ListItem\",\"position\":2,\"name\":\"Escritora\"}]},{\"@type\":\"WebSite\",\"@id\":\"https:\\\/\\\/nuestrosescritores.com\\\/luciagarciaramos\\\/#website\",\"url\":\"https:\\\/\\\/nuestrosescritores.com\\\/luciagarciaramos\\\/\",\"name\":\"Nuestros escritores\",\"description\":\"Escritora\",\"potentialAction\":[{\"@type\":\"SearchAction\",\"target\":{\"@type\":\"EntryPoint\",\"urlTemplate\":\"https:\\\/\\\/nuestrosescritores.com\\\/luciagarciaramos\\\/?s={search_term_string}\"},\"query-input\":{\"@type\":\"PropertyValueSpecification\",\"valueRequired\":true,\"valueName\":\"search_term_string\"}}],\"inLanguage\":\"es\"}]}<\/script>\n<!-- \/ Yoast SEO Premium plugin. -->","yoast_head_json":{"title":"Escritora - Luc\u00eda Garc\u00eda Ramos","description":"AMA DESDE TUS ADENTROS es el libro de poes\u00eda de la escritora LUC\u00cdA GARC\u00cdA RAMOS. Acaba de publicar un libro con la Editorial Poes\u00eda eres t\u00fa.","robots":{"index":"index","follow":"follow","max-snippet":"max-snippet:-1","max-image-preview":"max-image-preview:large","max-video-preview":"max-video-preview:-1"},"canonical":"https:\/\/nuestrosescritores.com\/luciagarciaramos\/","og_locale":"es_ES","og_type":"article","og_title":"Escritora","og_description":"AMA DESDE TUS ADENTROS es el libro de poes\u00eda de la escritora LUC\u00cdA GARC\u00cdA RAMOS. Acaba de publicar un libro con la Editorial Poes\u00eda eres t\u00fa.","og_url":"https:\/\/nuestrosescritores.com\/luciagarciaramos\/","og_site_name":"Luc\u00eda Garc\u00eda Ramos","article_modified_time":"2025-12-06T23:24:30+00:00","og_image":[{"width":1819,"height":2255,"url":"https:\/\/nuestrosescritores.com\/luciagarciaramos\/wp-content\/uploads\/sites\/134\/2025\/12\/Lucia-Garcia-Ramos.webp","type":"image\/webp"}],"twitter_card":"summary_large_image","twitter_misc":{"Tiempo de lectura":"9 minutos"},"schema":{"@context":"https:\/\/schema.org","@graph":[{"@type":"WebPage","@id":"https:\/\/nuestrosescritores.com\/luciagarciaramos\/","url":"https:\/\/nuestrosescritores.com\/luciagarciaramos\/","name":"Escritora - Luc\u00eda Garc\u00eda Ramos","isPartOf":{"@id":"https:\/\/nuestrosescritores.com\/luciagarciaramos\/#website"},"primaryImageOfPage":{"@id":"https:\/\/nuestrosescritores.com\/luciagarciaramos\/#primaryimage"},"image":{"@id":"https:\/\/nuestrosescritores.com\/luciagarciaramos\/#primaryimage"},"thumbnailUrl":"https:\/\/nuestrosescritores.com\/luciagarciaramos\/wp-content\/uploads\/sites\/134\/2025\/12\/Lucia-Garcia-Ramos.webp","datePublished":"2022-09-11T07:50:59+00:00","dateModified":"2025-12-06T23:24:30+00:00","description":"AMA DESDE TUS ADENTROS es el libro de poes\u00eda de la escritora LUC\u00cdA GARC\u00cdA RAMOS. Acaba de publicar un libro con la Editorial Poes\u00eda eres t\u00fa.","breadcrumb":{"@id":"https:\/\/nuestrosescritores.com\/luciagarciaramos\/#breadcrumb"},"inLanguage":"es","potentialAction":[{"@type":"ReadAction","target":["https:\/\/nuestrosescritores.com\/luciagarciaramos\/"]}]},{"@type":"ImageObject","inLanguage":"es","@id":"https:\/\/nuestrosescritores.com\/luciagarciaramos\/#primaryimage","url":"https:\/\/nuestrosescritores.com\/luciagarciaramos\/wp-content\/uploads\/sites\/134\/2025\/12\/Lucia-Garcia-Ramos.webp","contentUrl":"https:\/\/nuestrosescritores.com\/luciagarciaramos\/wp-content\/uploads\/sites\/134\/2025\/12\/Lucia-Garcia-Ramos.webp","width":1819,"height":2255},{"@type":"BreadcrumbList","@id":"https:\/\/nuestrosescritores.com\/luciagarciaramos\/#breadcrumb","itemListElement":[{"@type":"ListItem","position":1,"name":"Portada","item":"https:\/\/nuestrosescritores.com\/luciagarciaramos\/"},{"@type":"ListItem","position":2,"name":"Escritora"}]},{"@type":"WebSite","@id":"https:\/\/nuestrosescritores.com\/luciagarciaramos\/#website","url":"https:\/\/nuestrosescritores.com\/luciagarciaramos\/","name":"Nuestros escritores","description":"Escritora","potentialAction":[{"@type":"SearchAction","target":{"@type":"EntryPoint","urlTemplate":"https:\/\/nuestrosescritores.com\/luciagarciaramos\/?s={search_term_string}"},"query-input":{"@type":"PropertyValueSpecification","valueRequired":true,"valueName":"search_term_string"}}],"inLanguage":"es"}]}},"_links":{"self":[{"href":"https:\/\/nuestrosescritores.com\/luciagarciaramos\/wp-json\/wp\/v2\/pages\/20","targetHints":{"allow":["GET"]}}],"collection":[{"href":"https:\/\/nuestrosescritores.com\/luciagarciaramos\/wp-json\/wp\/v2\/pages"}],"about":[{"href":"https:\/\/nuestrosescritores.com\/luciagarciaramos\/wp-json\/wp\/v2\/types\/page"}],"author":[{"embeddable":true,"href":"https:\/\/nuestrosescritores.com\/luciagarciaramos\/wp-json\/wp\/v2\/users\/1"}],"replies":[{"embeddable":true,"href":"https:\/\/nuestrosescritores.com\/luciagarciaramos\/wp-json\/wp\/v2\/comments?post=20"}],"version-history":[{"count":0,"href":"https:\/\/nuestrosescritores.com\/luciagarciaramos\/wp-json\/wp\/v2\/pages\/20\/revisions"}],"wp:featuredmedia":[{"embeddable":true,"href":"https:\/\/nuestrosescritores.com\/luciagarciaramos\/wp-json\/wp\/v2\/media\/180"}],"wp:attachment":[{"href":"https:\/\/nuestrosescritores.com\/luciagarciaramos\/wp-json\/wp\/v2\/media?parent=20"}],"curies":[{"name":"wp","href":"https:\/\/api.w.org\/{rel}","templated":true}]}}