{"id":58,"date":"2024-12-23T20:48:38","date_gmt":"2024-12-23T19:48:38","guid":{"rendered":"https:\/\/nuestrosescritores.com\/joseygiuseppe\/?page_id=58"},"modified":"2024-12-26T16:45:00","modified_gmt":"2024-12-26T15:45:00","slug":"detalles-con-alma","status":"publish","type":"page","link":"https:\/\/nuestrosescritores.com\/joseygiuseppe\/detalles-con-alma\/","title":{"rendered":"DETALLES CON ALMA"},"content":{"rendered":"\t\t<div data-elementor-type=\"wp-page\" data-elementor-id=\"58\" class=\"elementor elementor-58\">\n\t\t\t\t\t\t<section class=\"elementor-section elementor-top-section elementor-element elementor-element-4b7aee74 elementor-section-full_width elementor-section-content-middle elementor-section-height-default elementor-section-height-default\" data-id=\"4b7aee74\" data-element_type=\"section\" data-e-type=\"section\">\n\t\t\t\t\t\t\t<div class=\"elementor-background-overlay\"><\/div>\n\t\t\t\t\t\t\t<div class=\"elementor-container elementor-column-gap-custom\">\n\t\t\t\t\t<div class=\"aux-parallax-section elementor-column elementor-col-50 elementor-top-column elementor-element elementor-element-42bf6404\" data-id=\"42bf6404\" data-element_type=\"column\" data-e-type=\"column\">\n\t\t\t<div class=\"elementor-widget-wrap elementor-element-populated\">\n\t\t\t\t\t\t<div class=\"elementor-element elementor-element-286055c6 elementor-widget elementor-widget-image\" data-id=\"286055c6\" data-element_type=\"widget\" data-e-type=\"widget\" data-widget_type=\"image.default\">\n\t\t\t\t<div class=\"elementor-widget-container\">\n\t\t\t\t\t\t\t\t\t\t\t\t\t\t\t<img fetchpriority=\"high\" decoding=\"async\" width=\"643\" height=\"907\" src=\"https:\/\/nuestrosescritores.com\/joseygiuseppe\/wp-content\/uploads\/sites\/190\/2024\/12\/0_Portada_Detallesconalma.jpg\" class=\"attachment-large size-large wp-image-71\" alt=\"\" srcset=\"https:\/\/nuestrosescritores.com\/joseygiuseppe\/wp-content\/uploads\/sites\/190\/2024\/12\/0_Portada_Detallesconalma.jpg 643w, https:\/\/nuestrosescritores.com\/joseygiuseppe\/wp-content\/uploads\/sites\/190\/2024\/12\/0_Portada_Detallesconalma-500x705.jpg 500w\" sizes=\"(max-width: 643px) 100vw, 643px\" \/>\t\t\t\t\t\t\t\t\t\t\t\t\t\t\t<\/div>\n\t\t\t\t<\/div>\n\t\t\t\t\t<\/div>\n\t\t<\/div>\n\t\t\t\t<div class=\"aux-parallax-section elementor-column elementor-col-50 elementor-top-column elementor-element elementor-element-1624c09\" data-id=\"1624c09\" data-element_type=\"column\" data-e-type=\"column\">\n\t\t\t<div class=\"elementor-widget-wrap elementor-element-populated\">\n\t\t\t\t\t\t<div class=\"elementor-element elementor-element-7084792c elementor-widget elementor-widget-text-editor\" data-id=\"7084792c\" data-element_type=\"widget\" data-e-type=\"widget\" data-widget_type=\"text-editor.default\">\n\t\t\t\t<div class=\"elementor-widget-container\">\n\t\t\t\t\t\t\t\t\t<p><strong>T\u00edtulo:<\/strong> DETALLES CON ALMA<\/p><p>\u00a0<\/p><p><strong>Autor:<\/strong> GIUSEPPE CONCAS. JOS\u00c9 MART\u00cdNEZ GARC\u00cdA<\/p><p>\u00a0<\/p><p>A\u00f1o de Publicaci\u00f3n: 2024<\/p><p>\u00a0<\/p><p>Editorial: Poes\u00eda eres t\u00fa<\/p><p><a href=\"https:\/\/www.poesiaerestu.com\">https:\/\/www.poesiaerestu.com<\/a><\/p><p>\u00a0<\/p><p>ISBN-13: 978-84-18893-87-2<\/p><p>\u00a0<\/p><p>PVP: 25 Euros (IVA Incluido).<\/p><p>\u00a0<\/p><p>P\u00e1gs. 210<\/p><p>\u00a0<\/p><p>\u00a0<\/p><p>\u00a0<\/p><p>\u00a0<\/p><p>\u00a0<\/p><p><strong>RESE\u00d1A:<\/strong><\/p><p>\u00a0<\/p><p>El libro que el lector tiene en sus manos, es una obra \u00fanica que combina fotograf\u00edas y poes\u00edas in\u00e9ditas, ofreciendo una visi\u00f3n personal de Ibiza a trav\u00e9s de im\u00e1genes y palabras. Este libro, en realidad, son dos libros en uno: el primero, dedicado a las tradiciones y costumbres de la isla; el segundo, a la poes\u00eda que describe estas tradiciones de manera l\u00edrica. Fusi\u00f3n de fotograf\u00eda y poes\u00eda que llamamos \u00bfFo-Po-gra-sia? retrata el alma de las tradiciones y costumbres de Ibiza con versos desde el coraz\u00f3n. El objetivo es ense\u00f1ar la Ibiza real con unas im\u00e1genes realizadas por Giuseppe Concas y acompa\u00f1adas por unos versos especiales, escrito por Jos\u00e9 Mart\u00ednez Garc\u00eda, poemas que hablan de amor, pasi\u00f3n e inclusi\u00f3n. La isla de Ibiza, que se conoce en el mundo por sus noches, fiestas y playas, nosotros la plasmamos con sus or\u00edgenes y su esencia.<\/p><p>\u00a0<\/p><p><strong>\u00a0<\/strong><\/p><p><strong>\u00a0<\/strong><\/p><p><span class='bctt-click-to-tweet'><span class='bctt-ctt-text'><a href='https:\/\/x.com\/intent\/tweet?url=https%3A%2F%2Fnuestrosescritores.com%2Fjoseygiuseppe%2Fdetalles-con-alma%2F&#038;text=Lee%20gratis%20las%20primeras%20p%C3%A1ginas%20del%20libro%20DETALLES%20CON%20ALMA%20de%20GIUSEPPE%20CONCAS.%20JOS%C3%89%20MART%C3%8DNEZ%20GARC%C3%8DA&#038;via=poesiaerestu&#038;related=poesiaerestu' target='_blank'rel=\"noopener noreferrer\">Lee gratis las primeras p\u00e1ginas del libro DETALLES CON ALMA de GIUSEPPE CONCAS. JOS\u00c9 MART\u00cdNEZ GARC\u00cdA <\/a><\/span><a href='https:\/\/x.com\/intent\/tweet?url=https%3A%2F%2Fnuestrosescritores.com%2Fjoseygiuseppe%2Fdetalles-con-alma%2F&#038;text=Lee%20gratis%20las%20primeras%20p%C3%A1ginas%20del%20libro%20DETALLES%20CON%20ALMA%20de%20GIUSEPPE%20CONCAS.%20JOS%C3%89%20MART%C3%8DNEZ%20GARC%C3%8DA&#038;via=poesiaerestu&#038;related=poesiaerestu' target='_blank' class='bctt-ctt-btn'rel=\"noopener noreferrer\">Compartir en X<\/a><\/span><\/p>\t\t\t\t\t\t\t\t<\/div>\n\t\t\t\t<\/div>\n\t\t\t\t\t<\/div>\n\t\t<\/div>\n\t\t\t\t\t<\/div>\n\t\t<\/section>\n\t\t\t\t<section class=\"elementor-section elementor-top-section elementor-element elementor-element-224a46c2 elementor-section-full_width elementor-section-content-middle elementor-section-height-default elementor-section-height-default\" data-id=\"224a46c2\" data-element_type=\"section\" data-e-type=\"section\">\n\t\t\t\t\t\t\t<div class=\"elementor-background-overlay\"><\/div>\n\t\t\t\t\t\t\t<div class=\"elementor-container elementor-column-gap-no\">\n\t\t\t\t\t<div class=\"aux-parallax-section elementor-column elementor-col-50 elementor-top-column elementor-element elementor-element-282c25f5\" data-id=\"282c25f5\" data-element_type=\"column\" data-e-type=\"column\">\n\t\t\t<div class=\"elementor-widget-wrap elementor-element-populated\">\n\t\t\t\t\t\t<div class=\"elementor-element elementor-element-54ca6367 elementor-widget elementor-widget-heading\" data-id=\"54ca6367\" data-element_type=\"widget\" data-e-type=\"widget\" data-widget_type=\"heading.default\">\n\t\t\t\t<div class=\"elementor-widget-container\">\n\t\t\t\t\t<h2 class=\"elementor-heading-title elementor-size-xl\">PRIMERAS P\u00c1GINAS<\/h2>\t\t\t\t<\/div>\n\t\t\t\t<\/div>\n\t\t\t\t\t<\/div>\n\t\t<\/div>\n\t\t\t\t<div class=\"aux-parallax-section elementor-column elementor-col-50 elementor-top-column elementor-element elementor-element-6c83a5fa\" data-id=\"6c83a5fa\" data-element_type=\"column\" data-e-type=\"column\">\n\t\t\t<div class=\"elementor-widget-wrap elementor-element-populated\">\n\t\t\t\t\t\t<div class=\"elementor-element elementor-element-9cb7e21 elementor-widget elementor-widget-image\" data-id=\"9cb7e21\" data-element_type=\"widget\" data-e-type=\"widget\" data-widget_type=\"image.default\">\n\t\t\t\t<div class=\"elementor-widget-container\">\n\t\t\t\t\t\t\t\t\t\t\t\t\t\t\t<img decoding=\"async\" width=\"300\" height=\"300\" src=\"https:\/\/nuestrosescritores.com\/joseygiuseppe\/wp-content\/uploads\/sites\/190\/2024\/12\/book6-2-300x300.png\" class=\"attachment-medium size-medium wp-image-79\" alt=\"\" srcset=\"https:\/\/nuestrosescritores.com\/joseygiuseppe\/wp-content\/uploads\/sites\/190\/2024\/12\/book6-2-300x300.png 300w, https:\/\/nuestrosescritores.com\/joseygiuseppe\/wp-content\/uploads\/sites\/190\/2024\/12\/book6-2-150x150.png 150w, https:\/\/nuestrosescritores.com\/joseygiuseppe\/wp-content\/uploads\/sites\/190\/2024\/12\/book6-2-700x700.png 700w\" sizes=\"(max-width: 300px) 100vw, 300px\" \/>\t\t\t\t\t\t\t\t\t\t\t\t\t\t\t<\/div>\n\t\t\t\t<\/div>\n\t\t\t\t\t<\/div>\n\t\t<\/div>\n\t\t\t\t\t<\/div>\n\t\t<\/section>\n\t\t\t\t<section class=\"elementor-section elementor-top-section elementor-element elementor-element-3f12dfe5 elementor-section-full_width elementor-section-height-full elementor-section-content-middle elementor-section-height-default elementor-section-items-middle\" data-id=\"3f12dfe5\" data-element_type=\"section\" data-e-type=\"section\" data-settings=\"{&quot;background_background&quot;:&quot;slideshow&quot;,&quot;background_slideshow_gallery&quot;:[{&quot;id&quot;:&quot;21&quot;,&quot;url&quot;:&quot;http:\\\/\\\/nuestrosescritores.com\\\/joseygiuseppe\\\/wp-content\\\/uploads\\\/sites\\\/190\\\/2024\\\/12\\\/i2vjsirklty.jpg&quot;},{&quot;id&quot;:&quot;23&quot;,&quot;url&quot;:&quot;http:\\\/\\\/nuestrosescritores.com\\\/joseygiuseppe\\\/wp-content\\\/uploads\\\/sites\\\/190\\\/2024\\\/12\\\/5e4tij8culg.jpg&quot;},{&quot;id&quot;:&quot;25&quot;,&quot;url&quot;:&quot;http:\\\/\\\/nuestrosescritores.com\\\/joseygiuseppe\\\/wp-content\\\/uploads\\\/sites\\\/190\\\/2024\\\/12\\\/dngibpz90tg.jpg&quot;},{&quot;id&quot;:&quot;27&quot;,&quot;url&quot;:&quot;http:\\\/\\\/nuestrosescritores.com\\\/joseygiuseppe\\\/wp-content\\\/uploads\\\/sites\\\/190\\\/2024\\\/12\\\/ppbu4tc9ho.jpg&quot;}],&quot;background_slideshow_ken_burns&quot;:&quot;yes&quot;,&quot;background_slideshow_loop&quot;:&quot;yes&quot;,&quot;background_slideshow_slide_duration&quot;:5000,&quot;background_slideshow_slide_transition&quot;:&quot;fade&quot;,&quot;background_slideshow_transition_duration&quot;:500,&quot;background_slideshow_ken_burns_zoom_direction&quot;:&quot;in&quot;}\">\n\t\t\t\t\t\t\t<div class=\"elementor-background-overlay\"><\/div>\n\t\t\t\t\t\t\t<div class=\"elementor-container elementor-column-gap-no\">\n\t\t\t\t\t<div class=\"aux-parallax-section elementor-column elementor-col-100 elementor-top-column elementor-element elementor-element-7af1b243\" data-id=\"7af1b243\" data-element_type=\"column\" data-e-type=\"column\">\n\t\t\t<div class=\"elementor-widget-wrap elementor-element-populated\">\n\t\t\t\t\t\t<div class=\"elementor-element elementor-element-24d2389b elementor-widget__width-inherit elementor-widget elementor-widget-text-editor\" data-id=\"24d2389b\" data-element_type=\"widget\" data-e-type=\"widget\" data-widget_type=\"text-editor.default\">\n\t\t\t\t<div class=\"elementor-widget-container\">\n\t\t\t\t\t\t\t\t\t<div id=\"flipbook-container-0\" data-fullscreen=\"#ededed|95|true\" data-slide-delay=\"2000\" data-display=\"front\"  class=\"flipbook-container flipbook-container-0  toc-old\"><div id=\"flipbook-0\" data-fb-id=\"detallesconalma\" data-fb-w=\"722\" data-fb-h=\"1020\" class=\"flipbook rfbwp-init\"><div class=\"fb-page single\"><div class=\"fb-page-content\"><div class=\"fb-container\"><div class=\"page-html\"><\/div><img decoding=\"async\" src=\"https:\/\/nuestrosescritores.com\/joseygiuseppe\/wp-content\/plugins\/responsive-flipbook\/assets\/images\/loader.gif\" class=\"bg-img-placeholder rfbwp-image\"\/><img decoding=\"async\" src=\"https:\/\/nuestrosescritores.com\/joseygiuseppe\/wp-content\/plugins\/responsive-flipbook\/assets\/images\/preloader.gif\" data-src=\"http:\/\/nuestrosescritores.com\/joseygiuseppe\/wp-content\/uploads\/sites\/190\/2024\/12\/0_Portada_Detallesconalma.jpg\" class=\"bg-img rfbwp-image\"\/><img decoding=\"async\" src=\"https:\/\/nuestrosescritores.com\/joseygiuseppe\/wp-content\/plugins\/responsive-flipbook\/assets\/images\/preloader.gif\" data-src=\"http:\/\/nuestrosescritores.com\/joseygiuseppe\/wp-content\/uploads\/sites\/190\/2024\/12\/0_Portada_Detallesconalma.jpg\" class=\"bg-img zoom-large rfbwp-image\"\/><\/div><\/div><\/div><div class=\"fb-page single\"><div class=\"fb-page-content\"><div class=\"fb-container\"><div class=\"page-html\"><\/div><img decoding=\"async\" src=\"https:\/\/nuestrosescritores.com\/joseygiuseppe\/wp-content\/plugins\/responsive-flipbook\/assets\/images\/loader.gif\" class=\"bg-img-placeholder rfbwp-image\"\/><img decoding=\"async\" src=\"https:\/\/nuestrosescritores.com\/joseygiuseppe\/wp-content\/plugins\/responsive-flipbook\/assets\/images\/preloader.gif\" data-src=\"http:\/\/nuestrosescritores.com\/joseygiuseppe\/wp-content\/uploads\/sites\/190\/2024\/12\/detallesconalma_002-1.jpg\" class=\"bg-img rfbwp-image\"\/><\/div><\/div><\/div><div class=\"fb-page single\"><div class=\"fb-page-content\"><div class=\"fb-container\"><div class=\"page-html\"><\/div><img decoding=\"async\" src=\"https:\/\/nuestrosescritores.com\/joseygiuseppe\/wp-content\/plugins\/responsive-flipbook\/assets\/images\/loader.gif\" class=\"bg-img-placeholder rfbwp-image\"\/><img decoding=\"async\" src=\"https:\/\/nuestrosescritores.com\/joseygiuseppe\/wp-content\/plugins\/responsive-flipbook\/assets\/images\/preloader.gif\" data-src=\"http:\/\/nuestrosescritores.com\/joseygiuseppe\/wp-content\/uploads\/sites\/190\/2024\/12\/detallesconalma_003-1.jpg\" class=\"bg-img rfbwp-image\"\/><\/div><\/div><\/div><div class=\"fb-page single\"><div class=\"fb-page-content\"><div class=\"fb-container\"><div class=\"page-html\"><\/div><img decoding=\"async\" src=\"https:\/\/nuestrosescritores.com\/joseygiuseppe\/wp-content\/plugins\/responsive-flipbook\/assets\/images\/loader.gif\" class=\"bg-img-placeholder rfbwp-image\"\/><img decoding=\"async\" src=\"https:\/\/nuestrosescritores.com\/joseygiuseppe\/wp-content\/plugins\/responsive-flipbook\/assets\/images\/preloader.gif\" data-src=\"http:\/\/nuestrosescritores.com\/joseygiuseppe\/wp-content\/uploads\/sites\/190\/2024\/12\/detallesconalma_004-1.jpg\" class=\"bg-img rfbwp-image\"\/><\/div><\/div><\/div><div class=\"fb-page single\"><div class=\"fb-page-content\"><div class=\"fb-container\"><div class=\"page-html\"><\/div><img decoding=\"async\" src=\"https:\/\/nuestrosescritores.com\/joseygiuseppe\/wp-content\/plugins\/responsive-flipbook\/assets\/images\/loader.gif\" class=\"bg-img-placeholder rfbwp-image\"\/><img decoding=\"async\" src=\"https:\/\/nuestrosescritores.com\/joseygiuseppe\/wp-content\/plugins\/responsive-flipbook\/assets\/images\/preloader.gif\" data-src=\"http:\/\/nuestrosescritores.com\/joseygiuseppe\/wp-content\/uploads\/sites\/190\/2024\/12\/detallesconalma_005-1.jpg\" class=\"bg-img rfbwp-image\"\/><\/div><\/div><\/div><div class=\"fb-page single\"><div class=\"fb-page-content\"><div class=\"fb-container\"><div class=\"page-html\"><\/div><img decoding=\"async\" src=\"https:\/\/nuestrosescritores.com\/joseygiuseppe\/wp-content\/plugins\/responsive-flipbook\/assets\/images\/loader.gif\" class=\"bg-img-placeholder rfbwp-image\"\/><img decoding=\"async\" src=\"https:\/\/nuestrosescritores.com\/joseygiuseppe\/wp-content\/plugins\/responsive-flipbook\/assets\/images\/preloader.gif\" data-src=\"http:\/\/nuestrosescritores.com\/joseygiuseppe\/wp-content\/uploads\/sites\/190\/2024\/12\/detallesconalma_006-1.jpg\" class=\"bg-img rfbwp-image\"\/><\/div><\/div><\/div><div class=\"fb-page single\"><div class=\"fb-page-content\"><div class=\"fb-container\"><div class=\"page-html\"><\/div><img decoding=\"async\" src=\"https:\/\/nuestrosescritores.com\/joseygiuseppe\/wp-content\/plugins\/responsive-flipbook\/assets\/images\/loader.gif\" class=\"bg-img-placeholder rfbwp-image\"\/><img decoding=\"async\" src=\"https:\/\/nuestrosescritores.com\/joseygiuseppe\/wp-content\/plugins\/responsive-flipbook\/assets\/images\/preloader.gif\" data-src=\"http:\/\/nuestrosescritores.com\/joseygiuseppe\/wp-content\/uploads\/sites\/190\/2024\/12\/detallesconalma_007-1.jpg\" class=\"bg-img rfbwp-image\"\/><\/div><\/div><\/div><div class=\"fb-page single\"><div class=\"fb-page-content\"><div class=\"fb-container\"><div class=\"page-html\"><\/div><img decoding=\"async\" src=\"https:\/\/nuestrosescritores.com\/joseygiuseppe\/wp-content\/plugins\/responsive-flipbook\/assets\/images\/loader.gif\" class=\"bg-img-placeholder rfbwp-image\"\/><img decoding=\"async\" src=\"https:\/\/nuestrosescritores.com\/joseygiuseppe\/wp-content\/plugins\/responsive-flipbook\/assets\/images\/preloader.gif\" data-src=\"http:\/\/nuestrosescritores.com\/joseygiuseppe\/wp-content\/uploads\/sites\/190\/2024\/12\/detallesconalma_008-1.jpg\" class=\"bg-img rfbwp-image\"\/><\/div><\/div><\/div><div class=\"fb-page single\"><div class=\"fb-page-content\"><div class=\"fb-container\"><div class=\"page-html\"><\/div><img decoding=\"async\" src=\"https:\/\/nuestrosescritores.com\/joseygiuseppe\/wp-content\/plugins\/responsive-flipbook\/assets\/images\/loader.gif\" class=\"bg-img-placeholder rfbwp-image\"\/><img decoding=\"async\" src=\"https:\/\/nuestrosescritores.com\/joseygiuseppe\/wp-content\/plugins\/responsive-flipbook\/assets\/images\/preloader.gif\" data-src=\"http:\/\/nuestrosescritores.com\/joseygiuseppe\/wp-content\/uploads\/sites\/190\/2024\/12\/detallesconalma_009-1.jpg\" class=\"bg-img rfbwp-image\"\/><\/div><\/div><\/div><div class=\"fb-page single\"><div class=\"fb-page-content\"><div class=\"fb-container\"><div class=\"page-html\"><\/div><img decoding=\"async\" src=\"https:\/\/nuestrosescritores.com\/joseygiuseppe\/wp-content\/plugins\/responsive-flipbook\/assets\/images\/loader.gif\" class=\"bg-img-placeholder rfbwp-image\"\/><img decoding=\"async\" src=\"https:\/\/nuestrosescritores.com\/joseygiuseppe\/wp-content\/plugins\/responsive-flipbook\/assets\/images\/preloader.gif\" data-src=\"http:\/\/nuestrosescritores.com\/joseygiuseppe\/wp-content\/uploads\/sites\/190\/2024\/12\/detallesconalma_010-1.jpg\" class=\"bg-img rfbwp-image\"\/><\/div><\/div><\/div><div class=\"fb-page single\"><div class=\"fb-page-content\"><div class=\"fb-container\"><div class=\"page-html\"><\/div><img decoding=\"async\" src=\"https:\/\/nuestrosescritores.com\/joseygiuseppe\/wp-content\/plugins\/responsive-flipbook\/assets\/images\/loader.gif\" class=\"bg-img-placeholder rfbwp-image\"\/><img decoding=\"async\" src=\"https:\/\/nuestrosescritores.com\/joseygiuseppe\/wp-content\/plugins\/responsive-flipbook\/assets\/images\/preloader.gif\" data-src=\"http:\/\/nuestrosescritores.com\/joseygiuseppe\/wp-content\/uploads\/sites\/190\/2024\/12\/detallesconalma_011-1.jpg\" class=\"bg-img rfbwp-image\"\/><\/div><\/div><\/div><div class=\"fb-page single\"><div class=\"fb-page-content\"><div class=\"fb-container\"><div class=\"page-html\"><\/div><img decoding=\"async\" src=\"https:\/\/nuestrosescritores.com\/joseygiuseppe\/wp-content\/plugins\/responsive-flipbook\/assets\/images\/loader.gif\" class=\"bg-img-placeholder rfbwp-image\"\/><img decoding=\"async\" src=\"https:\/\/nuestrosescritores.com\/joseygiuseppe\/wp-content\/plugins\/responsive-flipbook\/assets\/images\/preloader.gif\" data-src=\"http:\/\/nuestrosescritores.com\/joseygiuseppe\/wp-content\/uploads\/sites\/190\/2024\/12\/detallesconalma_012.jpg\" class=\"bg-img rfbwp-image\"\/><\/div><\/div><\/div><div class=\"fb-page single\"><div class=\"fb-page-content\"><div class=\"fb-container\"><div class=\"page-html\"><\/div><img decoding=\"async\" src=\"https:\/\/nuestrosescritores.com\/joseygiuseppe\/wp-content\/plugins\/responsive-flipbook\/assets\/images\/loader.gif\" class=\"bg-img-placeholder rfbwp-image\"\/><img decoding=\"async\" src=\"https:\/\/nuestrosescritores.com\/joseygiuseppe\/wp-content\/plugins\/responsive-flipbook\/assets\/images\/preloader.gif\" data-src=\"http:\/\/nuestrosescritores.com\/joseygiuseppe\/wp-content\/uploads\/sites\/190\/2024\/12\/detallesconalma_013.jpg\" class=\"bg-img rfbwp-image\"\/><\/div><\/div><\/div><div class=\"fb-page single\"><div class=\"fb-page-content\"><div class=\"fb-container\"><div class=\"page-html\"><\/div><img decoding=\"async\" src=\"https:\/\/nuestrosescritores.com\/joseygiuseppe\/wp-content\/plugins\/responsive-flipbook\/assets\/images\/loader.gif\" class=\"bg-img-placeholder rfbwp-image\"\/><img decoding=\"async\" src=\"https:\/\/nuestrosescritores.com\/joseygiuseppe\/wp-content\/plugins\/responsive-flipbook\/assets\/images\/preloader.gif\" data-src=\"http:\/\/nuestrosescritores.com\/joseygiuseppe\/wp-content\/uploads\/sites\/190\/2024\/12\/detallesconalma_014.jpg\" class=\"bg-img rfbwp-image\"\/><\/div><\/div><\/div><div class=\"fb-page single\"><div class=\"fb-page-content\"><div class=\"fb-container\"><div class=\"page-html\"><\/div><img decoding=\"async\" src=\"https:\/\/nuestrosescritores.com\/joseygiuseppe\/wp-content\/plugins\/responsive-flipbook\/assets\/images\/loader.gif\" class=\"bg-img-placeholder rfbwp-image\"\/><img decoding=\"async\" src=\"https:\/\/nuestrosescritores.com\/joseygiuseppe\/wp-content\/plugins\/responsive-flipbook\/assets\/images\/preloader.gif\" data-src=\"http:\/\/nuestrosescritores.com\/joseygiuseppe\/wp-content\/uploads\/sites\/190\/2024\/12\/detallesconalma_015.jpg\" class=\"bg-img rfbwp-image\"\/><\/div><\/div><\/div><div class=\"fb-page single\"><div class=\"fb-page-content\"><div class=\"fb-container\"><div class=\"page-html\"><\/div><img decoding=\"async\" src=\"https:\/\/nuestrosescritores.com\/joseygiuseppe\/wp-content\/plugins\/responsive-flipbook\/assets\/images\/loader.gif\" class=\"bg-img-placeholder rfbwp-image\"\/><img decoding=\"async\" src=\"https:\/\/nuestrosescritores.com\/joseygiuseppe\/wp-content\/plugins\/responsive-flipbook\/assets\/images\/preloader.gif\" data-src=\"http:\/\/nuestrosescritores.com\/joseygiuseppe\/wp-content\/uploads\/sites\/190\/2024\/12\/detallesconalma_016.jpg\" class=\"bg-img rfbwp-image\"\/><\/div><\/div><\/div><div class=\"fb-page single\"><div class=\"fb-page-content\"><div class=\"fb-container\"><div class=\"page-html\"><\/div><img decoding=\"async\" src=\"https:\/\/nuestrosescritores.com\/joseygiuseppe\/wp-content\/plugins\/responsive-flipbook\/assets\/images\/loader.gif\" class=\"bg-img-placeholder rfbwp-image\"\/><img decoding=\"async\" src=\"https:\/\/nuestrosescritores.com\/joseygiuseppe\/wp-content\/plugins\/responsive-flipbook\/assets\/images\/preloader.gif\" data-src=\"http:\/\/nuestrosescritores.com\/joseygiuseppe\/wp-content\/uploads\/sites\/190\/2024\/12\/detallesconalma_017.jpg\" class=\"bg-img rfbwp-image\"\/><\/div><\/div><\/div><div class=\"fb-page single\"><div class=\"fb-page-content\"><div class=\"fb-container\"><div class=\"page-html\"><\/div><img decoding=\"async\" src=\"https:\/\/nuestrosescritores.com\/joseygiuseppe\/wp-content\/plugins\/responsive-flipbook\/assets\/images\/loader.gif\" class=\"bg-img-placeholder rfbwp-image\"\/><img decoding=\"async\" src=\"https:\/\/nuestrosescritores.com\/joseygiuseppe\/wp-content\/plugins\/responsive-flipbook\/assets\/images\/preloader.gif\" data-src=\"http:\/\/nuestrosescritores.com\/joseygiuseppe\/wp-content\/uploads\/sites\/190\/2024\/12\/detallesconalma_018.jpg\" class=\"bg-img rfbwp-image\"\/><\/div><\/div><\/div><div class=\"fb-page single\"><div class=\"fb-page-content\"><div class=\"fb-container\"><div class=\"page-html\"><\/div><img decoding=\"async\" src=\"https:\/\/nuestrosescritores.com\/joseygiuseppe\/wp-content\/plugins\/responsive-flipbook\/assets\/images\/loader.gif\" class=\"bg-img-placeholder rfbwp-image\"\/><img decoding=\"async\" src=\"https:\/\/nuestrosescritores.com\/joseygiuseppe\/wp-content\/plugins\/responsive-flipbook\/assets\/images\/preloader.gif\" data-src=\"http:\/\/nuestrosescritores.com\/joseygiuseppe\/wp-content\/uploads\/sites\/190\/2024\/12\/detallesconalma_019.jpg\" class=\"bg-img rfbwp-image\"\/><\/div><\/div><\/div><div class=\"fb-page single\"><div class=\"fb-page-content\"><div class=\"fb-container\"><div class=\"page-html\"><\/div><img decoding=\"async\" src=\"https:\/\/nuestrosescritores.com\/joseygiuseppe\/wp-content\/plugins\/responsive-flipbook\/assets\/images\/loader.gif\" class=\"bg-img-placeholder rfbwp-image\"\/><img decoding=\"async\" src=\"https:\/\/nuestrosescritores.com\/joseygiuseppe\/wp-content\/plugins\/responsive-flipbook\/assets\/images\/preloader.gif\" data-src=\"http:\/\/nuestrosescritores.com\/joseygiuseppe\/wp-content\/uploads\/sites\/190\/2024\/12\/detallesconalma_020.jpg\" class=\"bg-img rfbwp-image\"\/><\/div><\/div><\/div><div class=\"fb-page single\"><div class=\"fb-page-content\"><div class=\"fb-container\"><div class=\"page-html\"><\/div><img decoding=\"async\" src=\"https:\/\/nuestrosescritores.com\/joseygiuseppe\/wp-content\/plugins\/responsive-flipbook\/assets\/images\/loader.gif\" class=\"bg-img-placeholder rfbwp-image\"\/><img decoding=\"async\" src=\"https:\/\/nuestrosescritores.com\/joseygiuseppe\/wp-content\/plugins\/responsive-flipbook\/assets\/images\/preloader.gif\" data-src=\"http:\/\/nuestrosescritores.com\/joseygiuseppe\/wp-content\/uploads\/sites\/190\/2024\/12\/detallesconalma_021.jpg\" class=\"bg-img rfbwp-image\"\/><\/div><\/div><\/div><div class=\"fb-page single\"><div class=\"fb-page-content\"><div class=\"fb-container\"><div class=\"page-html\"><\/div><img decoding=\"async\" src=\"https:\/\/nuestrosescritores.com\/joseygiuseppe\/wp-content\/plugins\/responsive-flipbook\/assets\/images\/loader.gif\" class=\"bg-img-placeholder rfbwp-image\"\/><img decoding=\"async\" src=\"https:\/\/nuestrosescritores.com\/joseygiuseppe\/wp-content\/plugins\/responsive-flipbook\/assets\/images\/preloader.gif\" data-src=\"http:\/\/nuestrosescritores.com\/joseygiuseppe\/wp-content\/uploads\/sites\/190\/2024\/12\/detallesconalma_022.jpg\" class=\"bg-img rfbwp-image\"\/><\/div><\/div><\/div><div class=\"fb-page single\"><div class=\"fb-page-content\"><div class=\"fb-container\"><div class=\"page-html\"><\/div><img decoding=\"async\" src=\"https:\/\/nuestrosescritores.com\/joseygiuseppe\/wp-content\/plugins\/responsive-flipbook\/assets\/images\/loader.gif\" class=\"bg-img-placeholder rfbwp-image\"\/><img decoding=\"async\" src=\"https:\/\/nuestrosescritores.com\/joseygiuseppe\/wp-content\/plugins\/responsive-flipbook\/assets\/images\/preloader.gif\" data-src=\"http:\/\/nuestrosescritores.com\/joseygiuseppe\/wp-content\/uploads\/sites\/190\/2024\/12\/detallesconalma_023.jpg\" class=\"bg-img rfbwp-image\"\/><\/div><\/div><\/div><div class=\"fb-page single\"><div class=\"fb-page-content\"><div class=\"fb-container\"><div class=\"page-html\"><\/div><img decoding=\"async\" src=\"https:\/\/nuestrosescritores.com\/joseygiuseppe\/wp-content\/plugins\/responsive-flipbook\/assets\/images\/loader.gif\" class=\"bg-img-placeholder rfbwp-image\"\/><img decoding=\"async\" src=\"https:\/\/nuestrosescritores.com\/joseygiuseppe\/wp-content\/plugins\/responsive-flipbook\/assets\/images\/preloader.gif\" data-src=\"http:\/\/nuestrosescritores.com\/joseygiuseppe\/wp-content\/uploads\/sites\/190\/2024\/12\/detallesconalma_024.jpg\" class=\"bg-img rfbwp-image\"\/><\/div><\/div><\/div><div class=\"fb-page single\"><div class=\"fb-page-content\"><div class=\"fb-container\"><div class=\"page-html\"><\/div><img decoding=\"async\" src=\"https:\/\/nuestrosescritores.com\/joseygiuseppe\/wp-content\/plugins\/responsive-flipbook\/assets\/images\/loader.gif\" class=\"bg-img-placeholder rfbwp-image\"\/><img decoding=\"async\" src=\"https:\/\/nuestrosescritores.com\/joseygiuseppe\/wp-content\/plugins\/responsive-flipbook\/assets\/images\/preloader.gif\" data-src=\"http:\/\/nuestrosescritores.com\/joseygiuseppe\/wp-content\/uploads\/sites\/190\/2024\/12\/detallesconalma_019.jpg\" class=\"bg-img rfbwp-image\"\/><img decoding=\"async\" src=\"https:\/\/nuestrosescritores.com\/joseygiuseppe\/wp-content\/plugins\/responsive-flipbook\/assets\/images\/preloader.gif\" data-src=\"http:\/\/nuestrosescritores.com\/joseygiuseppe\/wp-content\/uploads\/sites\/190\/2024\/12\/detallesconalma_018.jpg\" class=\"bg-img zoom-large rfbwp-image\"\/><\/div><\/div><\/div><div class=\"fb-page single\"><div class=\"fb-page-content\"><div class=\"fb-container\"><div class=\"page-html\"><\/div><img decoding=\"async\" src=\"https:\/\/nuestrosescritores.com\/joseygiuseppe\/wp-content\/plugins\/responsive-flipbook\/assets\/images\/loader.gif\" class=\"bg-img-placeholder rfbwp-image\"\/><img decoding=\"async\" src=\"https:\/\/nuestrosescritores.com\/joseygiuseppe\/wp-content\/plugins\/responsive-flipbook\/assets\/images\/preloader.gif\" data-src=\"http:\/\/nuestrosescritores.com\/joseygiuseppe\/wp-content\/uploads\/sites\/190\/2024\/12\/Contraportada_Detallesconalma.jpg\" class=\"bg-img rfbwp-image\"\/><img decoding=\"async\" src=\"https:\/\/nuestrosescritores.com\/joseygiuseppe\/wp-content\/plugins\/responsive-flipbook\/assets\/images\/preloader.gif\" data-src=\"http:\/\/nuestrosescritores.com\/joseygiuseppe\/wp-content\/uploads\/sites\/190\/2024\/12\/Contraportada_Detallesconalma.jpg\" class=\"bg-img zoom-large rfbwp-image\"\/><\/div><\/div><\/div><\/div><div id=\"fb-nav-0\" class=\"fb-nav mobile spread bottom \" data-menu-type=\"spread\"  data-grouped=\"true\" data-prev-icon=\"fa fa-chevron-left\" data-next-icon=\"fa fa-chevron-right\" data-up-icon=\"fa fa-chevron-up\" data-down-icon=\"fa fa-chevron-down\"><ul class=\"alternative-nav\"><li id=\"fb-zoom-out-0\" class=\"fb-zoom-out\" data-icon=\"fa fa-search-minus\"><\/li><li class=\"big-next show-all-close\" data-icon=\"fa fa-times\"><\/li><\/ul><ul class=\"main-nav\"><li class=\"toc round\" data-icon=\"fa fa-th-list\" data-toc-index=\"2\"><\/li><li class=\"zoom round\" data-icon=\"fa fa-search-plus\" data-icon-active=\"fa fa-search-minus\"><\/li><li class=\"slideshow round\" data-icon=\"fa fa-play\" data-icon-active=\"fa fa-pause\"><\/li><li class=\"show-all round\" data-icon=\"fa fa-th\"  data-cols=\"3\"><\/li><li class=\"fullscreen round\" data-icon=\"fa fa-expand\" data-icon-active=\"fa fa-compress\"><\/li><\/ul><\/div><\/div>\t\t\t\t\t\t\t\t<\/div>\n\t\t\t\t<\/div>\n\t\t\t\t\t<\/div>\n\t\t<\/div>\n\t\t\t\t\t<\/div>\n\t\t<\/section>\n\t\t<div class=\"aux-parallax-section elementor-element elementor-element-c96622b e-con-full e-flex e-con e-parent\" data-id=\"c96622b\" data-element_type=\"container\" data-e-type=\"container\">\n\t\t\t\t<div class=\"elementor-element elementor-element-e4f738f elementor-widget elementor-widget-text-editor\" data-id=\"e4f738f\" data-element_type=\"widget\" data-e-type=\"widget\" data-widget_type=\"text-editor.default\">\n\t\t\t\t<div class=\"elementor-widget-container\">\n\t\t\t\t\t\t\t\t\t<h1>AN\u00c1LISIS<\/h1><p><strong>Sinopsis<\/strong><\/p><p><em>&#8220;Detalles con Alma&#8221;<\/em>\u00a0es una obra colaborativa entre el fot\u00f3grafo Giuseppe Concas y el poeta Jos\u00e9 Mart\u00ednez Garc\u00eda que rinde homenaje a las tradiciones y la cultura de las islas de Ibiza y Formentera. A trav\u00e9s de una combinaci\u00f3n de fotograf\u00edas y poemas, el libro captura la esencia de la vida pitiusa, desde la riqueza visual de los trajes tradicionales hasta la profundidad emocional de las costumbres y rituales. Las im\u00e1genes destacan detalles como bordados, joyas y momentos cotidianos, mientras que los poemas reflexionan sobre el alma y las emociones detr\u00e1s de estas tradiciones. Esta obra es un testimonio art\u00edstico y antropol\u00f3gico que busca preservar y celebrar el patrimonio cultural de estas islas.<\/p><p><strong>Informe sobre la m\u00e9trica<\/strong><\/p><p>Los poemas de Jos\u00e9 Mart\u00ednez Garc\u00eda en\u00a0<em>&#8220;Detalles con Alma&#8221;<\/em>\u00a0se caracterizan por:<\/p><ul><li><strong>Uso del verso octos\u00edlabo<\/strong>: Predomina esta m\u00e9trica, t\u00edpica en la poes\u00eda popular espa\u00f1ola, lo que otorga musicalidad y cercan\u00eda a los versos.<\/li><li><strong>Rima consonante<\/strong>: La mayor\u00eda de los poemas presentan rima consonante en esquemas regulares (ABBA, ABAB), aunque algunos incluyen rimas asonantes o libres.<\/li><li><strong>Repetici\u00f3n de estribillos<\/strong>: En muchos poemas, el primer verso o estrofa se repite al final, reforzando un estilo l\u00edrico tradicional cercano a las canciones populares.<\/li><li><strong>Sencillez formal<\/strong>: Los versos son claros y accesibles, con un lenguaje directo que evoca im\u00e1genes v\u00edvidas y emociones profundas.<\/li><\/ul><p>Ejemplo:<br \/>En el poema\u00a0<em>&#8220;Gal\u00e1n&#8221;<\/em>, se observa una estructura octosil\u00e1bica con rima consonante:<br \/><em>Gal\u00e1n valiente y gentil,<br \/>aprieta el faj\u00edn al talle<br \/>y haz que el chaleco se ajuste<br \/>resaltando sus detalles.<\/em><\/p><p><strong>Comparaci\u00f3n con la poes\u00eda de otros autores<\/strong><\/p><p>La poes\u00eda de Jos\u00e9 Mart\u00ednez Garc\u00eda en este libro tiene claras resonancias con autores cl\u00e1sicos y modernos:<\/p><ol><li><strong>Federico Garc\u00eda Lorca<\/strong>:<ul><li>Al igual que Lorca, Mart\u00ednez Garc\u00eda utiliza im\u00e1genes po\u00e9ticas inspiradas en la tradici\u00f3n popular. Por ejemplo, en\u00a0<em>&#8220;Colores&#8221;<\/em>, los botones del chaleco se comparan con\u00a0<em>&#8220;mozas por agua a la fuente&#8221;<\/em>, evocando met\u00e1foras visuales similares a las del universo lorquiano.<\/li><li>Ambos comparten el uso del simbolismo ligado a elementos rurales y tradicionales (trajes, bailes, joyas), reflejando una conexi\u00f3n profunda con el folclore.<\/li><\/ul><\/li><li><strong>Antonio Machado<\/strong>:<ul><li>La sencillez l\u00edrica y el enfoque en temas como la identidad cultural recuerdan a Machado. Los versos introspectivos sobre la tierra y las costumbres tienen paralelismos con los paisajes emocionales que Machado construy\u00f3 en su poes\u00eda.<\/li><\/ul><\/li><li><strong>Poes\u00eda popular espa\u00f1ola<\/strong>:<ul><li>Mart\u00ednez Garc\u00eda sigue la tradici\u00f3n oral al emplear estructuras repetitivas y r\u00edtmicas propias del romancero espa\u00f1ol. Esto conecta sus poemas con formas ancestrales que buscan transmitir historias o sentimientos colectivos.<\/li><\/ul><\/li><\/ol><p><strong>Conclusi\u00f3n<\/strong><\/p><p><em>&#8220;Detalles con Alma&#8221;<\/em>\u00a0es una obra que combina magistralmente fotograf\u00eda y poes\u00eda para ofrecer una experiencia sensorial completa. La m\u00e9trica sencilla pero efectiva refuerza su car\u00e1cter popular, mientras que las comparaciones con autores como Lorca o Machado subrayan su calidad literaria. Este libro no solo documenta tradiciones culturales, sino que tambi\u00e9n las eleva a trav\u00e9s del arte po\u00e9tico y visual.<\/p><h1>T\u00c9CNICAS LITERARIAS<\/h1><p>En\u00a0<em>&#8220;Detalles con Alma&#8221;<\/em>, Jos\u00e9 Mart\u00ednez Garc\u00eda utiliza diversas t\u00e9cnicas literarias para transmitir emociones, tradiciones y la esencia cultural de Ibiza y Formentera. Estas t\u00e9cnicas enriquecen los poemas y los dotan de una profundidad que conecta al lector con el mundo representado en la obra.<\/p><p><strong>T\u00e9cnicas literarias empleadas<\/strong><\/p><ol><li><strong>Repetici\u00f3n y estribillos<\/strong>:<ul><li>La repetici\u00f3n de versos o frases al inicio y al final de los poemas refuerza la musicalidad y el car\u00e1cter tradicional de la poes\u00eda, evocando las canciones populares. Por ejemplo, en el poema\u00a0<em>&#8220;Gal\u00e1n&#8221;<\/em>, se repite el verso\u00a0<em>&#8220;Gal\u00e1n valiente y gentil&#8221;<\/em>\u00a0como un recurso para enfatizar la tem\u00e1tica central.<\/li><\/ul><\/li><li><strong>Met\u00e1foras y s\u00edmiles<\/strong>:<ul><li>Mart\u00ednez Garc\u00eda emplea met\u00e1foras visuales que conectan elementos cotidianos con emociones profundas. Por ejemplo, en\u00a0<em>&#8220;Colores&#8221;<\/em>, los botones del chaleco son comparados con\u00a0<em>&#8220;mozas por agua a la fuente&#8221;<\/em>, creando una imagen po\u00e9tica que resalta la riqueza simb\u00f3lica de los detalles.<\/li><li>Los s\u00edmiles tambi\u00e9n son recurrentes, como en\u00a0<em>&#8220;Na Lina&#8221;<\/em>, donde se compara la figura de una mujer con una estela que deja huella a su paso.<\/li><\/ul><\/li><li><strong>Personificaci\u00f3n<\/strong>:<ul><li>Los objetos y elementos culturales son dotados de vida propia para destacar su importancia emocional y simb\u00f3lica. En\u00a0<em>&#8220;Casta\u00f1uelas&#8221;<\/em>, se dice:\u00a0<em>&#8220;T\u00fa hablas por como suenan y ellas hablan por ti&#8221;<\/em>, atribuyendo a las casta\u00f1uelas una voz que expresa sentimientos.<\/li><\/ul><\/li><li><strong>Im\u00e1genes sensoriales<\/strong>:<ul><li>Los poemas est\u00e1n impregnados de descripciones sensoriales que apelan a la vista, el tacto y el o\u00eddo, como en\u00a0<em>&#8220;Refacos&#8221;<\/em>\u00a0donde los bordados son descritos como sue\u00f1os tejidos en noches de vela.<\/li><\/ul><\/li><li><strong>Ritmo y m\u00e9trica tradicional<\/strong>:<ul><li>Predomina el verso octos\u00edlabo, t\u00edpico de la poes\u00eda popular espa\u00f1ola, acompa\u00f1ado de rima consonante o asonante, lo que confiere a los poemas un ritmo fluido y mel\u00f3dico.<\/li><\/ul><\/li><li><strong>Simbolismo cultural<\/strong>:<ul><li>Los elementos tradicionales (trajes, joyas, bailes) adquieren un significado m\u00e1s all\u00e1 de su funci\u00f3n pr\u00e1ctica, convirti\u00e9ndose en s\u00edmbolos de identidad cultural y legado emocional.<\/li><\/ul><\/li><li><strong>Sinestesia<\/strong>:<ul><li>En algunos poemas se combinan sensaciones para transmitir emociones complejas. Por ejemplo, en\u00a0<em>&#8220;Enamorado&#8221;<\/em>, se describe al pueblo como algo que &#8220;huele&#8221;, &#8220;besa&#8221; y &#8220;quiere&#8221;, fusionando sentidos f\u00edsicos con sentimientos.<\/li><\/ul><\/li><li><strong>Influencia lorquiana<\/strong>:<ul><li>Se percibe una resonancia con Federico Garc\u00eda Lorca en el uso de im\u00e1genes rurales, simbolismo profundo y estructuras l\u00edricas tradicionales. Poemas como\u00a0<em>&#8220;Colores&#8221;<\/em>\u00a0o\u00a0<em>&#8220;Refacos&#8221;<\/em>\u00a0recuerdan el estilo del poeta granadino al mezclar lo cotidiano con lo trascendente.<\/li><\/ul><\/li><li><strong>Evocaci\u00f3n nost\u00e1lgica<\/strong>:<ul><li>Mart\u00ednez Garc\u00eda utiliza un tono melanc\u00f3lico para evocar las tradiciones como algo valioso pero fr\u00e1gil, digno de ser preservado frente al paso del tiempo.<\/li><\/ul><\/li><li><strong>Di\u00e1logo impl\u00edcito entre tradici\u00f3n y modernidad<\/strong>:<ul><li>La obra no solo celebra las tradiciones culturales, sino que tambi\u00e9n reflexiona sobre su significado en un mundo contempor\u00e1neo, invitando al lector a valorar lo ancestral desde una perspectiva actual.<\/li><\/ul><\/li><\/ol><p><strong>Comparaci\u00f3n con otros autores<\/strong><\/p><ul><li><strong>Federico Garc\u00eda Lorca<\/strong>: Al igual que Lorca, Mart\u00ednez Garc\u00eda combina elementos populares con simbolismo po\u00e9tico, dotando a sus versos de una profundidad emocional que trasciende lo descriptivo.<\/li><li><strong>Antonio Machado<\/strong>: Ambos comparten un tono contemplativo y nost\u00e1lgico hacia las ra\u00edces culturales. Mientras Machado evoca paisajes castellanos, Mart\u00ednez Garc\u00eda centra su mirada en las islas Pitiusas.<\/li><li><strong>Poes\u00eda contempor\u00e1nea espa\u00f1ola<\/strong>: Aunque Mart\u00ednez Garc\u00eda sigue estructuras tradicionales, su obra conecta con la poes\u00eda contempor\u00e1nea por su capacidad para reinterpretar temas cl\u00e1sicos desde una sensibilidad moderna.<\/li><\/ul><p><strong>Conclusi\u00f3n<\/strong><\/p><p>Jos\u00e9 Mart\u00ednez Garc\u00eda utiliza un abanico de t\u00e9cnicas literarias que van desde recursos tradicionales hasta enfoques m\u00e1s introspectivos e innovadores. Su poes\u00eda logra capturar tanto la belleza visual como la emocional del patrimonio ibicenco, ofreciendo al lector una experiencia rica en simbolismo y conexi\u00f3n cultural.<\/p><h1>COMPARATIVA<\/h1><p>La poes\u00eda de Jos\u00e9 Mart\u00ednez Garc\u00eda en\u00a0<em>&#8220;Detalles con Alma&#8221;<\/em>\u00a0se distingue por su enfoque en la tradici\u00f3n y la cultura pitiusa, lo que la sit\u00faa en un lugar particular dentro del panorama de la poes\u00eda contempor\u00e1nea espa\u00f1ola. A continuaci\u00f3n, se analiza c\u00f3mo su obra se compara con la de otros autores contempor\u00e1neos:<\/p><ol><li><strong> Tem\u00e1tica y enfoque<\/strong><\/li><\/ol><ul><li><strong>Jos\u00e9 Mart\u00ednez Garc\u00eda<\/strong>: Su poes\u00eda est\u00e1 profundamente arraigada en las tradiciones culturales, los oficios y las costumbres de Ibiza y Formentera. Utiliza un tono nost\u00e1lgico y celebratorio para preservar el legado cultural de estas islas. Su obra conecta con lo buc\u00f3lico y lo identitario, explorando emociones colectivas a trav\u00e9s de elementos visuales y simb\u00f3licos como los trajes tradicionales, las danzas y los objetos cotidianos.<\/li><li><strong>Otros poetas contempor\u00e1neos<\/strong>: La poes\u00eda actual tiende a abordar una amplia variedad de temas, desde lo \u00edntimo y personal hasta lo social y pol\u00edtico. Poetas como Luis Garc\u00eda Montero o Elvira Sastre exploran cuestiones urbanas, relaciones humanas e introspecci\u00f3n emocional, mientras que autores como Gabriel Celaya o Antonio Gamoneda se enfocan en temas sociales o existenciales. En contraste, Mart\u00ednez Garc\u00eda se aleja de estas corrientes m\u00e1s urbanas o abstractas para centrarse en un \u00e1mbito rural y cultural espec\u00edfico.<\/li><\/ul><ol start=\"2\"><li><strong> Estilo y m\u00e9trica<\/strong><\/li><\/ol><ul><li><strong>Jos\u00e9 Mart\u00ednez Garc\u00eda<\/strong>: Su poes\u00eda sigue formas m\u00e9tricas tradicionales, como el verso octos\u00edlabo con rima consonante o asonante. Este estilo refleja una conexi\u00f3n con la l\u00edrica popular espa\u00f1ola, similar al romancero o a la canci\u00f3n tradicional. Adem\u00e1s, utiliza estribillos repetitivos que refuerzan la musicalidad y el car\u00e1cter folcl\u00f3rico de sus versos.<\/li><li><strong>Poes\u00eda contempor\u00e1nea<\/strong>: Muchos poetas actuales optan por el verso libre y estructuras m\u00e1s experimentales, rompiendo con las m\u00e9tricas cl\u00e1sicas. Por ejemplo, autores como Sara B\u00faho o Marwan emplean un lenguaje coloquial y prosaico para conectar con lectores j\u00f3venes, mientras que poetas como Juan Carlos Mestre combinan im\u00e1genes surrealistas con estructuras innovadoras. En este sentido, Mart\u00ednez Garc\u00eda representa una voz m\u00e1s tradicional frente a la ruptura estil\u00edstica predominante.<\/li><\/ul><ol start=\"3\"><li><strong> Recursos literarios<\/strong><\/li><\/ol><ul><li><strong>Jos\u00e9 Mart\u00ednez Garc\u00eda<\/strong>: Su obra destaca por el uso de met\u00e1foras visuales (como comparar botones de chaleco con &#8220;mozas por agua a la fuente&#8221;) y personificaciones de objetos culturales (por ejemplo, las casta\u00f1uelas &#8220;hablan&#8221; en sus poemas). Tambi\u00e9n emplea im\u00e1genes sensoriales que evocan texturas, colores y sonidos asociados a las tradiciones ibicencas.<\/li><li><strong>Otros autores contempor\u00e1neos<\/strong>: La poes\u00eda actual suele incorporar recursos m\u00e1s innovadores y complejos. Poetas como Jaime Gil de Biedma o Aurora Luque utilizan intertextualidad e im\u00e1genes abstractas para explorar temas universales como el paso del tiempo o el deseo. Por otro lado, poetas como Irene X o Defreds apuestan por una narrativa emocional directa que resuena con las experiencias cotidianas del lector.<\/li><\/ul><ol start=\"4\"><li><strong> Relaci\u00f3n con la tradici\u00f3n<\/strong><\/li><\/ol><ul><li><strong>Jos\u00e9 Mart\u00ednez Garc\u00eda<\/strong>: Su poes\u00eda es claramente un homenaje a las ra\u00edces culturales. Aunque se inspira en autores cl\u00e1sicos como Federico Garc\u00eda Lorca (especialmente en su simbolismo rural), evita la experimentaci\u00f3n formal para mantener un estilo fiel a la tradici\u00f3n.<\/li><li><strong>Otros poetas contempor\u00e1neos<\/strong>: La mayor\u00eda de los poetas actuales combinan referencias cl\u00e1sicas con enfoques modernos. Por ejemplo, Luis Garc\u00eda Montero incorpora elementos machadianos en su poes\u00eda urbana, mientras que autores rupturistas como Blanca Andreu adoptan influencias surrealistas para desafiar las convenciones literarias.<\/li><\/ul><ol start=\"5\"><li><strong> P\u00fablico objetivo<\/strong><\/li><\/ol><ul><li><strong>Jos\u00e9 Mart\u00ednez Garc\u00eda<\/strong>: Sus poemas est\u00e1n dirigidos a un p\u00fablico interesado en preservar las tradiciones culturales y apreciar la belleza de lo local. Su estilo accesible y su tem\u00e1tica espec\u00edfica lo convierten en una voz \u00fanica dentro del panorama contempor\u00e1neo.<\/li><li><strong>Otros poetas contempor\u00e1neos<\/strong>: Muchos escritores actuales buscan conectar con audiencias m\u00e1s amplias mediante temas universales (amor, identidad, justicia social) y formatos accesibles (redes sociales o recitales). Esto contrasta con el enfoque m\u00e1s especializado de Mart\u00ednez Garc\u00eda.<\/li><\/ul><p><strong>Conclusi\u00f3n<\/strong><\/p><p>La poes\u00eda de Jos\u00e9 Mart\u00ednez Garc\u00eda se diferencia notablemente de la mayor\u00eda de los poetas contempor\u00e1neos por su fidelidad a las formas m\u00e9tricas tradicionales y su \u00e9nfasis en temas culturales espec\u00edficos. Mientras que otros autores exploran temas urbanos, introspectivos o sociales mediante estructuras experimentales, Mart\u00ednez Garc\u00eda se posiciona como un guardi\u00e1n del legado cultural pitiuso, utilizando un lenguaje sencillo pero evocador que celebra las ra\u00edces rurales e identitarias. Esta singularidad lo convierte en una figura complementaria dentro del amplio espectro de la poes\u00eda espa\u00f1ola actual.<\/p><h1>SIMBOLISMOS<\/h1><p>En\u00a0<em>&#8220;Detalles con Alma&#8221;<\/em>, Jos\u00e9 Mart\u00ednez Garc\u00eda utiliza una rica variedad de simbolismos para transmitir la esencia cultural, emocional y espiritual de las tradiciones de Ibiza y Formentera. Estos s\u00edmbolos, profundamente enraizados en los elementos culturales y cotidianos de las islas, sirven como veh\u00edculo para explorar temas universales como el amor, la identidad, el legado y la conexi\u00f3n con la tierra.<\/p><p><strong>Simbolismos destacados y su significado<\/strong><\/p><ol><li><strong>La vestimenta tradicional<\/strong>:<ul><li><strong>Trajes y refajos<\/strong>: Representan el orgullo cultural y la conexi\u00f3n con los antepasados. Los bordados son descritos como &#8220;sue\u00f1os tejidos en noches de vela&#8221;, simbolizando el esfuerzo, la dedicaci\u00f3n y la transmisi\u00f3n de tradiciones de generaci\u00f3n en generaci\u00f3n.<\/li><li><strong>Botones de plata<\/strong>: En el poema\u00a0<em>&#8220;Colores&#8221;<\/em>, los botones son comparados con &#8220;mozas por agua a la fuente&#8221;, simbolizando juventud, belleza y vitalidad. Adem\u00e1s, reflejan el linaje y la riqueza espiritual m\u00e1s all\u00e1 del valor material.<\/li><\/ul><\/li><li><strong>Las joyas (anillos, emprendada)<\/strong>:<ul><li>Las joyas aparecen como s\u00edmbolos de herencia y continuidad familiar. En\u00a0<em>&#8220;Emprendada de anillos&#8221;<\/em>, cada anillo cuenta una historia, reflejando amor, sacrificio y memoria. Estos elementos tambi\u00e9n representan el v\u00ednculo entre generaciones y la importancia del legado cultural.<\/li><\/ul><\/li><li><strong>El baile y las casta\u00f1uelas<\/strong>:<ul><li>El baile es un s\u00edmbolo de cortejo, amor y comuni\u00f3n social. En poemas como\u00a0<em>&#8220;El Baile&#8221;<\/em>\u00a0o\u00a0<em>&#8220;Cortejo&#8221;<\/em>, se presenta como una met\u00e1fora del acercamiento emocional entre las personas.<\/li><li>Las casta\u00f1uelas son personificadas en\u00a0<em>&#8220;Casta\u00f1uelas&#8221;<\/em>, donde &#8220;hablan por ti&#8221;, simbolizando la expresi\u00f3n emocional a trav\u00e9s del arte.<\/li><\/ul><\/li><li><strong>La naturaleza<\/strong>:<ul><li>Elementos naturales como el lino (en las esparde\u00f1as) o el olivo (en las casta\u00f1uelas) simbolizan la conexi\u00f3n con la tierra y los recursos locales que sustentan tanto la vida cotidiana como las tradiciones art\u00edsticas.<\/li><li>El \u00e1rbol bajo cuya sombra se descansa tras el trabajo es un s\u00edmbolo de paz, refugio y recompensa por el esfuerzo humano.<\/li><\/ul><\/li><li><strong>El pan<\/strong>:<ul><li>En\u00a0<em>&#8220;El Pan&#8221;<\/em>, este alimento b\u00e1sico simboliza vida, sustento y el amor que se pone en las tareas cotidianas. La preparaci\u00f3n del pan se convierte en una met\u00e1fora del cuidado y la dedicaci\u00f3n hacia los dem\u00e1s.<\/li><\/ul><\/li><li><strong>La procesi\u00f3n religiosa<\/strong>:<ul><li>En\u00a0<em>&#8220;Procesi\u00f3n&#8221;<\/em>, se describe como una manifestaci\u00f3n colectiva de fe e identidad comunitaria. La procesi\u00f3n simboliza unidad espiritual y orgullo por las ra\u00edces religiosas.<\/li><\/ul><\/li><li><strong>Las manos<\/strong>:<ul><li>Las manos aparecen recurrentemente como s\u00edmbolo del trabajo artesanal, la creaci\u00f3n y el legado cultural. En\u00a0<em>&#8220;Manos de alm\u00edbar&#8221;<\/em>, representan esfuerzo, delicadeza y amor por lo que se hace.<\/li><\/ul><\/li><li><strong>El rosario<\/strong>:<ul><li>En\u00a0<em>&#8220;El Rosario&#8221;<\/em>\u00a0o\u00a0<em>&#8220;Entrada a misa&#8221;<\/em>, este objeto devocional simboliza fe, humildad y conexi\u00f3n espiritual con lo divino.<\/li><\/ul><\/li><li><strong>La danza del cortejo<\/strong>:<ul><li>Poemas como\u00a0<em>&#8220;Comp\u00e1s&#8221;<\/em>\u00a0o\u00a0<em>&#8220;Cortejo&#8221;<\/em>\u00a0utilizan la danza como s\u00edmbolo del equilibrio entre lo emocional y lo f\u00edsico, reflejando c\u00f3mo los movimientos r\u00edtmicos pueden expresar sentimientos profundos e incluso conducir al amor.<\/li><\/ul><\/li><li><strong>Los colores<\/strong>:<ul><li>Los colores vibrantes de los trajes tradicionales son s\u00edmbolos de alegr\u00eda, vida y celebraci\u00f3n cultural. Tambi\u00e9n representan diversidad dentro de una identidad com\u00fan.<\/li><\/ul><\/li><\/ol><p><strong>Interpretaci\u00f3n general<\/strong><\/p><p>Los simbolismos en\u00a0<em>&#8220;Detalles con Alma&#8221;<\/em>\u00a0no solo celebran las tradiciones culturales de Ibiza y Formentera, sino que tambi\u00e9n invitan al lector a reflexionar sobre valores universales como el respeto por los ancestros, la importancia del trabajo colectivo y el poder transformador del arte. A trav\u00e9s de estos s\u00edmbolos, Jos\u00e9 Mart\u00ednez Garc\u00eda crea un puente entre lo local y lo universal, mostrando c\u00f3mo las tradiciones pueden ser un espejo para comprender aspectos esenciales de la humanidad.<\/p><h1>ESTRUCTURA<\/h1><p><strong>PERCEPCI\u00d3N DEL LECTOR<\/strong><\/p><p>La estructura de\u00a0<em>&#8220;Detalles con Alma&#8221;<\/em>\u00a0tiene un impacto significativo en la percepci\u00f3n del lector, ya que est\u00e1 cuidadosamente dise\u00f1ada para crear una experiencia inmersiva y emocional. A trav\u00e9s de la combinaci\u00f3n de poes\u00eda y fotograf\u00eda, el libro establece un di\u00e1logo entre las im\u00e1genes y los versos que enriquece la comprensi\u00f3n y el disfrute de ambos lenguajes art\u00edsticos.<\/p><p><strong>Impacto de la estructura en la percepci\u00f3n del lector<\/strong><\/p><ol><li><strong> Alternancia entre poes\u00eda y fotograf\u00eda<\/strong><\/li><\/ol><p>El libro presenta una estructura dual en la que los poemas de Jos\u00e9 Mart\u00ednez Garc\u00eda se intercalan con las fotograf\u00edas de Giuseppe Concas. Esta disposici\u00f3n permite al lector experimentar una narrativa visual y textual simult\u00e1nea, donde cada poema complementa y amplifica el significado de las im\u00e1genes, y viceversa. Este formato:<\/p><ul><li>Refuerza la conexi\u00f3n emocional al permitir que el lector contemple los detalles visuales mientras reflexiona sobre los sentimientos y simbolismos expresados en los versos.<\/li><li>Facilita una lectura pausada e introspectiva, ya que cada poema invita a detenerse a observar los matices culturales y emocionales capturados en las fotograf\u00edas.<\/li><\/ul><ol start=\"2\"><li><strong> Uso de cap\u00edtulos tem\u00e1ticos<\/strong><\/li><\/ol><p>Los poemas y fotograf\u00edas est\u00e1n organizados en torno a temas espec\u00edficos relacionados con las tradiciones ibicencas: la vestimenta, el baile, los oficios, las festividades y los valores culturales. Esta estructura tem\u00e1tica:<\/p><ul><li>Ayuda al lector a navegar por diferentes aspectos de la vida pitiusa de manera ordenada y comprensible.<\/li><li>Crea un efecto acumulativo, donde cada cap\u00edtulo a\u00f1ade una capa m\u00e1s profunda al entendimiento del patrimonio cultural de Ibiza y Formentera.<\/li><\/ul><ol start=\"3\"><li><strong> Repetici\u00f3n como recurso estructural<\/strong><\/li><\/ol><p>Muchos poemas emplean estribillos o versos repetidos al inicio y al final, creando una sensaci\u00f3n c\u00edclica que refuerza la idea de continuidad cultural. Esta repetici\u00f3n tambi\u00e9n aporta musicalidad, haciendo eco de las canciones tradicionales, lo que conecta emocionalmente al lector con el folclore representado.<\/p><ol start=\"4\"><li><strong> Contraste entre lo visual y lo textual<\/strong><\/li><\/ol><p>La relaci\u00f3n entre las im\u00e1genes detalladas y los poemas l\u00edricos genera un contraste que enriquece la percepci\u00f3n del lector:<\/p><ul><li>Las fotograf\u00edas aportan un realismo tangible, mostrando texturas, colores y momentos espec\u00edficos.<\/li><li>Los poemas a\u00f1aden una dimensi\u00f3n subjetiva e introspectiva, explorando las emociones, historias y simbolismos detr\u00e1s de los elementos visuales.<\/li><\/ul><ol start=\"5\"><li><strong> Ritmo pausado e \u00edntimo<\/strong><\/li><\/ol><p>La estructura del libro invita a un ritmo de lectura lento e \u00edntimo. Cada p\u00e1gina ofrece un poema o una imagen que requiere contemplaci\u00f3n, permitiendo al lector sumergirse plenamente en el universo cultural descrito. Este ritmo pausado:<\/p><ul><li>Genera una experiencia meditativa que conecta al lector con el alma de las tradiciones ibicencas.<\/li><li>Refuerza la sensaci\u00f3n de respeto hacia los valores culturales representados.<\/li><\/ul><ol start=\"6\"><li><strong> Di\u00e1logo entre tradici\u00f3n y modernidad<\/strong><\/li><\/ol><p>La estructura tambi\u00e9n refleja un di\u00e1logo entre lo antiguo y lo contempor\u00e1neo:<\/p><ul><li>Los poemas siguen formas m\u00e9tricas tradicionales (como el verso octos\u00edlabo), mientras que las fotograf\u00edas emplean t\u00e9cnicas modernas para capturar detalles con precisi\u00f3n.<\/li><li>Este contraste subraya c\u00f3mo las tradiciones pueden ser reinterpretadas y preservadas en el presente.<\/li><\/ul><p><strong>Percepci\u00f3n global del lector<\/strong><\/p><p>Gracias a su estructura cuidadosamente dise\u00f1ada,\u00a0<em>&#8220;Detalles con Alma&#8221;<\/em>\u00a0logra transmitir m\u00e1s que informaci\u00f3n o emociones aisladas; crea una experiencia sensorial completa. El lector no solo observa las tradiciones ibicencas, sino que tambi\u00e9n las siente como algo vivo y significativo. La alternancia entre poes\u00eda e imagen permite explorar tanto lo tangible como lo intangible: desde los bordados minuciosos hasta el orgullo cultural o el amor impl\u00edcito en cada gesto.<\/p><p>En suma, la estructura del libro gu\u00eda al lector hacia una percepci\u00f3n profunda y respetuosa del legado cultural pitiuso, destacando su belleza visual mientras invita a reflexionar sobre su valor emocional e identitario.<\/p><p><strong>TEMAS Y SECUENCIAS<\/strong><\/p><p>El poemario\u00a0<em>&#8220;Detalles con Alma&#8221;<\/em>\u00a0est\u00e1 estructurado en torno a temas que reflejan las tradiciones, costumbres y valores culturales de Ibiza y Formentera. La secuencia de los poemas sigue un esquema tem\u00e1tico que gu\u00eda al lector a trav\u00e9s de diferentes aspectos de la vida pitiusa, desde la vestimenta y el baile hasta los oficios y las emociones humanas. Esta organizaci\u00f3n permite una experiencia inmersiva y progresiva, donde cada tema se desarrolla con profundidad y sensibilidad.<\/p><p><strong>Estructura tem\u00e1tica del poemario<\/strong><\/p><ol><li><strong>Celebraci\u00f3n de las tradiciones culturales<\/strong>:<ul><li>Los primeros poemas se centran en elementos ic\u00f3nicos de la cultura pitiusa, como los trajes tradicionales (<em>&#8220;Gal\u00e1n&#8221;<\/em>,\u00a0<em>&#8220;Gonella y Plata&#8221;<\/em>,\u00a0<em>&#8220;Vestida de Blanco&#8221;<\/em>) y las joyas (<em>&#8220;Emprendada de Anillos&#8221;<\/em>,\u00a0<em>&#8220;Mano de Plata&#8221;<\/em>). Estos textos destacan el orgullo por el linaje y la riqueza simb\u00f3lica de estos elementos.<\/li><li>La danza tradicional es otro tema recurrente, abordado en poemas como\u00a0<em>&#8220;El Baile&#8221;<\/em>,\u00a0<em>&#8220;Comp\u00e1s&#8221;<\/em>\u00a0y\u00a0<em>&#8220;Cortejo&#8221;<\/em>, donde se explora su papel como expresi\u00f3n cultural y emocional.<\/li><\/ul><\/li><li><strong>Oficios y labores cotidianas<\/strong>:<ul><li>Una parte significativa del poemario est\u00e1 dedicada a los oficios tradicionales, como la elaboraci\u00f3n del pan (<em>&#8220;El Pan&#8221;<\/em>), el bordado (<em>&#8220;Refacos&#8221;<\/em>,\u00a0<em>&#8220;Manos de Alm\u00edbar&#8221;<\/em>) o la construcci\u00f3n de instrumentos musicales (<em>&#8220;Pep&#8221;<\/em>). Estos poemas simbolizan el esfuerzo, la dedicaci\u00f3n y el legado transmitido a trav\u00e9s del trabajo manual.<\/li><\/ul><\/li><li><strong>Rituales religiosos y comunitarios<\/strong>:<ul><li>Los poemas relacionados con festividades religiosas, como\u00a0<em>&#8220;Procesi\u00f3n&#8221;<\/em>\u00a0o\u00a0<em>&#8220;Entrada a Misa&#8221;<\/em>, reflejan la espiritualidad colectiva y el sentido de comunidad. Tambi\u00e9n se abordan momentos solemnes como el\u00a0<em>V\u00eda Crucis<\/em>, que conecta lo religioso con lo emocional.<\/li><\/ul><\/li><li><strong>Relaciones humanas y emociones<\/strong>:<ul><li>El amor, la familia y las conexiones emocionales son temas centrales en poemas como\u00a0<em>&#8220;Petici\u00f3n de Mano&#8221;<\/em>,\u00a0<em>&#8220;Reencuentro&#8221;<\/em>\u00a0o\u00a0<em>&#8220;Las Llaves del Coraz\u00f3n&#8221;<\/em>. Estos textos celebran los v\u00ednculos humanos desde una perspectiva \u00edntima, pero tambi\u00e9n arraigada en las tradiciones culturales.<\/li><\/ul><\/li><li><strong>Naturaleza e identidad rural<\/strong>:<ul><li>La conexi\u00f3n con la naturaleza aparece en varios poemas, como\u00a0<em>&#8220;Paz&#8221;<\/em>\u00a0o\u00a0<em>&#8220;Esparde\u00f1as&#8221;<\/em>, que simbolizan el v\u00ednculo entre las personas y su entorno natural. Este tema refuerza la identidad rural y el respeto por la tierra.<\/li><\/ul><\/li><li><strong>Legado cultural e hist\u00f3rico<\/strong>:<ul><li>El poemario concluye con textos que reflexionan sobre el legado cultural, como\u00a0<em>&#8220;Heredero&#8221;<\/em>\u00a0o\u00a0<em>&#8220;Legado&#8221;<\/em>. Estos poemas subrayan la importancia de preservar las tradiciones para futuras generaciones.<\/li><\/ul><\/li><\/ol><p><strong>Secuencia narrativa<\/strong><\/p><p>La secuencia del poemario no sigue una narrativa lineal, sino que est\u00e1 organizada tem\u00e1ticamente para crear un recorrido emocional y cultural. Esta estructura permite al lector explorar diferentes facetas de la vida pitiusa mientras se mantiene un hilo conductor: la celebraci\u00f3n del alma colectiva de Ibiza y Formentera.<\/p><ul><li><strong>Inicio<\/strong>: Introducci\u00f3n al orgullo cultural mediante elementos visuales como los trajes y joyas.<\/li><li><strong>Desarrollo<\/strong>: Profundizaci\u00f3n en los oficios, rituales religiosos y danzas tradicionales.<\/li><li><strong>Cl\u00edmax<\/strong>: Exploraci\u00f3n de las relaciones humanas, el amor y las emociones universales.<\/li><li><strong>Cierre<\/strong>: Reflexi\u00f3n sobre el legado cultural e hist\u00f3rico, conectando pasado, presente y futuro.<\/li><\/ul><p><strong>Impacto en el lector<\/strong><\/p><p>La estructura tem\u00e1tica permite al lector sumergirse en un universo cultural rico y diverso, mientras que la secuencia progresiva facilita una experiencia emocionalmente envolvente. Cada poema complementa al anterior, construyendo una visi\u00f3n integral de las tradiciones pitiusas que resalta tanto su belleza visual como su profundidad simb\u00f3lica.<\/p><h1>FOTOGRAF\u00cdAS<\/h1><p>Capturar no solo la est\u00e9tica de los elementos culturales, sino tambi\u00e9n el esp\u00edritu y la emoci\u00f3n que subyacen en ellos. A continuaci\u00f3n, se analiza c\u00f3mo las fotograf\u00edas contribuyen a la narrativa del libro y qu\u00e9 impacto tienen en el lector.<\/p><ol><li><strong> Tem\u00e1tica de las fotograf\u00edas<\/strong><\/li><\/ol><p>Las im\u00e1genes de Concas est\u00e1n organizadas en torno a temas clave que reflejan la vida pitiusa:<\/p><ul><li><strong>Vestimenta tradicional<\/strong>: Las fotograf\u00edas destacan los detalles minuciosos de los trajes t\u00edpicos, como los bordados, refajos, joyas (la emprendada) y botones de plata. Estas im\u00e1genes no solo muestran la belleza visual, sino tambi\u00e9n el significado simb\u00f3lico de estas prendas como herencia cultural.<\/li><li><strong>Danza y m\u00fasica<\/strong>: Capturan momentos din\u00e1micos del\u00a0<em>ball pag\u00e8s<\/em>, con \u00e9nfasis en el movimiento, las posturas corporales y la interacci\u00f3n entre los bailarines. Tambi\u00e9n se incluyen instrumentos tradicionales como las casta\u00f1uelas y el tamboril, reflejando la conexi\u00f3n entre m\u00fasica y baile.<\/li><li><strong>Oficios artesanales<\/strong>: Las im\u00e1genes documentan actividades como el bordado, la elaboraci\u00f3n del pan y la construcci\u00f3n de instrumentos musicales. Estas fotograf\u00edas celebran el esfuerzo humano y el legado transmitido a trav\u00e9s del trabajo manual.<\/li><li><strong>Rituales religiosos y festividades<\/strong>: Se retratan procesiones y momentos solemnes que muestran la devoci\u00f3n religiosa de las islas, as\u00ed como escenas festivas llenas de color y alegr\u00eda.<\/li><li><strong>Naturaleza e identidad rural<\/strong>: Las fotograf\u00edas incluyen paisajes rurales y detalles del entorno natural que conectan a las personas con su tierra.<\/li><\/ul><ol start=\"2\"><li><strong> Estilo fotogr\u00e1fico<\/strong><\/li><\/ol><p>Concas emplea una t\u00e9cnica fotogr\u00e1fica que combina precisi\u00f3n t\u00e9cnica con sensibilidad art\u00edstica:<\/p><ul><li><strong>Atenci\u00f3n al detalle<\/strong>: Las im\u00e1genes destacan texturas, patrones y colores con gran nitidez, lo que permite al espectador apreciar los elementos m\u00e1s peque\u00f1os, como los bordados o las vetas de la madera en las casta\u00f1uelas.<\/li><li><strong>Uso del color<\/strong>: Los colores vibrantes de los trajes tradicionales contrastan con fondos m\u00e1s neutros, dirigiendo la atenci\u00f3n hacia los elementos culturales. En otras ocasiones, utiliza tonos c\u00e1lidos para evocar nostalgia o solemnidad.<\/li><li><strong>Composici\u00f3n cuidadosa<\/strong>: Cada fotograf\u00eda est\u00e1 cuidadosamente encuadrada para resaltar tanto los elementos individuales como su contexto cultural. Por ejemplo, un primer plano de unas manos bordando puede estar acompa\u00f1ado por un fondo desenfocado que insin\u00faa el entorno rural.<\/li><li><strong>Juego con la luz<\/strong>: La iluminaci\u00f3n es clave en muchas im\u00e1genes, ya sea para resaltar la textura de un tejido o para crear un ambiente \u00edntimo en escenas religiosas.<\/li><\/ul><ol start=\"3\"><li><strong> Simbolismo visual<\/strong><\/li><\/ol><p>Las fotograf\u00edas est\u00e1n cargadas de simbolismo que complementa los poemas:<\/p><ul><li>Los trajes tradicionales simbolizan identidad cultural y orgullo por las ra\u00edces.<\/li><li>Los instrumentos musicales representan la conexi\u00f3n entre arte, emoci\u00f3n y comunidad.<\/li><li>Las manos trabajadoras evocan esfuerzo, dedicaci\u00f3n y continuidad generacional.<\/li><li>Las procesiones religiosas sugieren unidad espiritual y cohesi\u00f3n social.<\/li><\/ul><ol start=\"4\"><li><strong> Relaci\u00f3n con los poemas<\/strong><\/li><\/ol><p>Las im\u00e1genes no son meros acompa\u00f1amientos visuales; dialogan activamente con los versos de Jos\u00e9 Mart\u00ednez Garc\u00eda. Mientras los poemas exploran emociones e historias relacionadas con las tradiciones, las fotograf\u00edas ofrecen una representaci\u00f3n visual que amplifica estas ideas. Por ejemplo:<\/p><ul><li>Un poema sobre bordados puede ir acompa\u00f1ado de una imagen que muestra hilos entrelazados con precisi\u00f3n.<\/li><li>Un texto sobre el\u00a0<em>ball pag\u00e8s<\/em>\u00a0se complementa con una fotograf\u00eda que captura el movimiento fluido de los bailarines.<\/li><\/ul><ol start=\"5\"><li><strong> Impacto en el lector<\/strong><\/li><\/ol><p>Las fotograf\u00edas tienen un impacto emocional profundo:<\/p><ul><li><strong>Evocaci\u00f3n sensorial<\/strong>: Invitan al lector a imaginar texturas, sonidos y movimientos asociados a las tradiciones ibicencas.<\/li><li><strong>Conexi\u00f3n emocional<\/strong>: Al centrarse en detalles \u00edntimos (como unas manos bordando o unos pies calzados con esparde\u00f1as), las im\u00e1genes humanizan las tradiciones y permiten al lector empatizar con sus protagonistas.<\/li><li><strong>Reflexi\u00f3n cultural<\/strong>: Las fotograf\u00edas inspiran una apreciaci\u00f3n m\u00e1s profunda por el patrimonio pitiuso, mostrando c\u00f3mo cada elemento cultural est\u00e1 impregnado de historia y significado.<\/li><\/ul><ol start=\"6\"><li><strong> Ejemplo destacado<\/strong><\/li><\/ol><p>Una fotograf\u00eda particularmente simb\u00f3lica es &#8220;Sa Tauleta&#8221;, que presenta un bodeg\u00f3n compuesto por esparde\u00f1as, tamboril, flauta y casta\u00f1uelas. Esta imagen encapsula varios aspectos clave del libro: tradici\u00f3n (los objetos), identidad (los elementos culturales) y conexi\u00f3n emocional (la disposici\u00f3n cuidadosa sugiere reverencia). Es un ejemplo perfecto de c\u00f3mo Concas transforma objetos cotidianos en s\u00edmbolos visuales cargados de significado.<\/p><p><strong>Conclusi\u00f3n<\/strong><\/p><p>Las fotograf\u00edas de Giuseppe Concas son mucho m\u00e1s que documentaci\u00f3n visual; son obras art\u00edsticas que capturan el alma de Ibiza y Formentera. A trav\u00e9s de su atenci\u00f3n al detalle, composici\u00f3n cuidadosa y simbolismo profundo, estas im\u00e1genes complementan perfectamente los poemas del libro, creando una experiencia multisensorial que celebra la riqueza cultural pitiusa.<\/p>\t\t\t\t\t\t\t\t<\/div>\n\t\t\t\t<\/div>\n\t\t\t\t<\/div>\n\t\t<div class=\"aux-parallax-section elementor-element elementor-element-8ae94cc e-con-full e-flex e-con e-parent\" data-id=\"8ae94cc\" data-element_type=\"container\" data-e-type=\"container\">\n\t\t\t\t<div class=\"elementor-element elementor-element-e1cd0b2 elementor-widget elementor-widget-aux_tabs\" data-id=\"e1cd0b2\" data-element_type=\"widget\" data-e-type=\"widget\" data-widget_type=\"aux_tabs.default\">\n\t\t\t\t<div class=\"elementor-widget-container\">\n\t\t\t\t\t<section class=\"widget-container aux-widget-tabs aux-parent-auf63249ec\"><div class=\"widget-tabs widget-container bordered\"><div class=\"widget-inner aux-horizontal\"> <ul class=\"tabs\"><li><a id=\"aux-tab-2361\" href=\"#\" role=\"tab\" aria-controls=\"aux-tab-content-2361\">AN\u00c1LISIS<\/a><\/li><li><a id=\"aux-tab-2362\" href=\"#\" role=\"tab\" aria-controls=\"aux-tab-content-2362\">T\u00c9CNICAS LITERARIAS<\/a><\/li><li><a id=\"aux-tab-2363\" href=\"#\" role=\"tab\" aria-controls=\"aux-tab-content-2363\">COMPARATIVA<\/a><\/li><li><a id=\"aux-tab-2364\" href=\"#\" role=\"tab\" aria-controls=\"aux-tab-content-2364\">SIMBOLISMOS<\/a><\/li><li><a id=\"aux-tab-2365\" href=\"#\" role=\"tab\" aria-controls=\"aux-tab-content-2365\">ESTRUCTURA<\/a><\/li><li><a id=\"aux-tab-2366\" href=\"#\" role=\"tab\" aria-controls=\"aux-tab-content-2366\">FOTOGRAF\u00cdAS<\/a><\/li><\/ul><ul class=\"tabs-content\"><li><div id=\"aux-tab-content-2361\" class=\"entry-editor\" role=\"tabpanel\" aria-labelledby=\"aux-tab-2361\"><p><pre class=\"MsoNormal\"><b>Sinopsis<\/b><br \/><br \/><i>\"Detalles con Alma\"<\/i>\u00a0es una obra<br \/>colaborativa entre el fot\u00f3grafo Giuseppe Concas y el poeta Jos\u00e9 Mart\u00ednez Garc\u00eda<br \/>que rinde homenaje a las tradiciones y la cultura de las islas de Ibiza y<br \/>Formentera. A trav\u00e9s de una combinaci\u00f3n de fotograf\u00edas y poemas, el libro<br \/>captura la esencia de la vida pitiusa, desde la riqueza visual de los trajes<br \/>tradicionales hasta la profundidad emocional de las costumbres y rituales. Las<br \/>im\u00e1genes destacan detalles como bordados, joyas y momentos cotidianos, mientras<br \/>que los poemas reflexionan sobre el alma y las emociones detr\u00e1s de estas<br \/>tradiciones. Esta obra es un testimonio art\u00edstico y antropol\u00f3gico que busca<br \/>preservar y celebrar el patrimonio cultural de estas islas.<br \/><br \/><b>Informe sobre la m\u00e9trica<\/b><br \/><br \/>Los poemas de Jos\u00e9 Mart\u00ednez Garc\u00eda en\u00a0<i>\"Detalles<br \/>con Alma\"<\/i>\u00a0se caracterizan por:<\/pre><ul style=\"margin-top: 0cm\" type=\"disc\"><li class=\"MsoNormal\"><pre><b>Uso del verso octos\u00edlabo<\/b>: Predomina esta m\u00e9trica,<br \/><br \/>t\u00edpica en la poes\u00eda popular espa\u00f1ola, lo que otorga musicalidad y cercan\u00eda<br \/><br \/>a los versos.<\/pre><\/li><li class=\"MsoNormal\"><pre><b>Rima consonante<\/b>: La mayor\u00eda de los poemas presentan<br \/><br \/>rima consonante en esquemas regulares (ABBA, ABAB), aunque algunos<br \/><br \/>incluyen rimas asonantes o libres.<\/pre><\/li><li class=\"MsoNormal\"><pre><b>Repetici\u00f3n de estribillos<\/b>: En muchos poemas, el<br \/><br \/>primer verso o estrofa se repite al final, reforzando un estilo l\u00edrico<br \/><br \/>tradicional cercano a las canciones populares.<\/pre><\/li><li class=\"MsoNormal\"><pre><b>Sencillez formal<\/b>: Los versos son claros y<br \/><br \/>accesibles, con un lenguaje directo que evoca im\u00e1genes v\u00edvidas y emociones<br \/><br \/>profundas.<\/pre><\/li><\/ul><pre class=\"MsoNormal\">Ejemplo:<br \/>En el poema\u00a0<i>\"Gal\u00e1n\"<\/i>, se observa una estructura<br \/>octosil\u00e1bica con rima consonante:<br \/><i>Gal\u00e1n valiente y gentil,<br \/>aprieta el faj\u00edn al talle<br \/>y haz que el chaleco se ajuste<br \/>resaltando sus detalles.<\/i><br \/><br \/><b>Comparaci\u00f3n con la poes\u00eda de otros autores<\/b><br \/><br \/>La poes\u00eda de Jos\u00e9 Mart\u00ednez Garc\u00eda en este libro tiene claras<br \/>resonancias con autores cl\u00e1sicos y modernos:<\/pre><ol style=\"margin-top: 0cm\" start=\"1\" type=\"1\"><li class=\"MsoNormal\"><pre><b>Federico Garc\u00eda Lorca<\/b>:<\/pre><ul style=\"margin-top: 0cm\" type=\"disc\"><li class=\"MsoNormal\"><pre>Al igual que Lorca, Mart\u00ednez Garc\u00eda utiliza im\u00e1genes<br \/><br \/>po\u00e9ticas inspiradas en la tradici\u00f3n popular. Por ejemplo, en\u00a0<i>\"Colores\"<\/i>,<br \/><br \/>los botones del chaleco se comparan con\u00a0<i>\"mozas por agua a la<br \/>fuente\"<\/i>, evocando met\u00e1foras visuales similares a las del<br \/><br \/>universo lorquiano.<\/pre><\/li><li class=\"MsoNormal\"><pre>Ambos comparten el uso del simbolismo ligado a elementos<br \/><br \/>rurales y tradicionales (trajes, bailes, joyas), reflejando una conexi\u00f3n<br \/><br \/>profunda con el folclore.<\/pre><\/li><\/ul><\/li><li class=\"MsoNormal\"><pre><b>Antonio Machado<\/b>:<\/pre><ul style=\"margin-top: 0cm\" type=\"disc\"><li class=\"MsoNormal\"><pre>La sencillez l\u00edrica y el enfoque en temas como la<br \/><br \/>identidad cultural recuerdan a Machado. Los versos introspectivos sobre<br \/><br \/>la tierra y las costumbres tienen paralelismos con los paisajes<br \/><br \/>emocionales que Machado construy\u00f3 en su poes\u00eda.<\/pre><\/li><\/ul><\/li><li class=\"MsoNormal\"><pre><b>Poes\u00eda popular espa\u00f1ola<\/b>:<\/pre><ul style=\"margin-top: 0cm\" type=\"disc\"><li class=\"MsoNormal\"><pre>Mart\u00ednez Garc\u00eda sigue la tradici\u00f3n oral al emplear<br \/><br \/>estructuras repetitivas y r\u00edtmicas propias del romancero espa\u00f1ol. Esto<br \/><br \/>conecta sus poemas con formas ancestrales que buscan transmitir historias<br \/><br \/>o sentimientos colectivos.<\/pre><\/li><\/ul><\/li><\/ol><pre class=\"MsoNormal\"><b>Conclusi\u00f3n<\/b><br \/><br \/><i>\"Detalles con Alma\"<\/i>\u00a0es una obra que<br \/>combina magistralmente fotograf\u00eda y poes\u00eda para ofrecer una experiencia<br \/>sensorial completa. La m\u00e9trica sencilla pero efectiva refuerza su car\u00e1cter<br \/>popular, mientras que las comparaciones con autores como Lorca o Machado<br \/>subrayan su calidad literaria. Este libro no solo documenta tradiciones<br \/>culturales, sino que tambi\u00e9n las eleva a trav\u00e9s del arte po\u00e9tico y visual.<br \/><br \/><br \/><\/pre><\/p><\/div><\/li><li><div id=\"aux-tab-content-2362\" class=\"entry-editor\" role=\"tabpanel\" aria-labelledby=\"aux-tab-2362\"><p><pre class=\"MsoNormal\">\u00a0<br \/><br \/>En\u00a0<i>\"Detalles con Alma\"<\/i>, Jos\u00e9 Mart\u00ednez<br \/>Garc\u00eda utiliza diversas t\u00e9cnicas literarias para transmitir emociones,<br \/>tradiciones y la esencia cultural de Ibiza y Formentera. Estas t\u00e9cnicas<br \/>enriquecen los poemas y los dotan de una profundidad que conecta al lector con<br \/>el mundo representado en la obra.<br \/><br \/><b>T\u00e9cnicas literarias empleadas<\/b><\/pre><ol style=\"margin-top: 0cm\" start=\"1\" type=\"1\"><li class=\"MsoNormal\"><pre><b>Repetici\u00f3n y estribillos<\/b>:<\/pre><ul style=\"margin-top: 0cm\" type=\"disc\"><li class=\"MsoNormal\"><pre>La repetici\u00f3n de versos o frases al inicio y al final de<br \/><br \/>los poemas refuerza la musicalidad y el car\u00e1cter tradicional de la poes\u00eda,<br \/><br \/>evocando las canciones populares. Por ejemplo, en el poema\u00a0<i>\"Gal\u00e1n\"<\/i>,<br \/><br \/>se repite el verso\u00a0<i>\"Gal\u00e1n valiente y gentil\"<\/i>\u00a0como<br \/><br \/>un recurso para enfatizar la tem\u00e1tica central.<\/pre><\/li><\/ul><\/li><li class=\"MsoNormal\"><pre><b>Met\u00e1foras y s\u00edmiles<\/b>:<\/pre><ul style=\"margin-top: 0cm\" type=\"disc\"><li class=\"MsoNormal\"><pre>Mart\u00ednez Garc\u00eda emplea met\u00e1foras visuales que conectan<br \/><br \/>elementos cotidianos con emociones profundas. Por ejemplo, en\u00a0<i>\"Colores\"<\/i>,<br \/><br \/>los botones del chaleco son comparados con\u00a0<i>\"mozas por agua a<br \/>la fuente\"<\/i>, creando una imagen po\u00e9tica que resalta la riqueza<br \/><br \/>simb\u00f3lica de los detalles.<\/pre><\/li><li class=\"MsoNormal\"><pre>Los s\u00edmiles tambi\u00e9n son recurrentes, como en\u00a0<i>\"Na<br \/>Lina\"<\/i>, donde se compara la figura de una mujer con una estela<br \/><br \/>que deja huella a su paso.<\/pre><\/li><\/ul><\/li><li class=\"MsoNormal\"><pre><b>Personificaci\u00f3n<\/b>:<\/pre><ul style=\"margin-top: 0cm\" type=\"disc\"><li class=\"MsoNormal\"><pre>Los objetos y elementos culturales son dotados de vida<br \/><br \/>propia para destacar su importancia emocional y simb\u00f3lica. En\u00a0<i>\"Casta\u00f1uelas\"<\/i>,<br \/><br \/>se dice:\u00a0<i>\"T\u00fa hablas por como suenan y ellas hablan por<br \/>ti\"<\/i>, atribuyendo a las casta\u00f1uelas una voz que expresa<br \/><br \/>sentimientos.<\/pre><\/li><\/ul><\/li><li class=\"MsoNormal\"><pre><b>Im\u00e1genes sensoriales<\/b>:<\/pre><ul style=\"margin-top: 0cm\" type=\"disc\"><li class=\"MsoNormal\"><pre>Los poemas est\u00e1n impregnados de descripciones sensoriales<br \/><br \/>que apelan a la vista, el tacto y el o\u00eddo, como en\u00a0<i>\"Refacos\"<\/i>\u00a0donde<br \/><br \/>los bordados son descritos como sue\u00f1os tejidos en noches de vela.<\/pre><\/li><\/ul><\/li><li class=\"MsoNormal\"><pre><b>Ritmo y m\u00e9trica tradicional<\/b>:<\/pre><ul style=\"margin-top: 0cm\" type=\"disc\"><li class=\"MsoNormal\"><pre>Predomina el verso octos\u00edlabo, t\u00edpico de la poes\u00eda<br \/><br \/>popular espa\u00f1ola, acompa\u00f1ado de rima consonante o asonante, lo que<br \/><br \/>confiere a los poemas un ritmo fluido y mel\u00f3dico.<\/pre><\/li><\/ul><\/li><li class=\"MsoNormal\"><pre><b>Simbolismo cultural<\/b>:<\/pre><ul style=\"margin-top: 0cm\" type=\"disc\"><li class=\"MsoNormal\"><pre>Los elementos tradicionales (trajes, joyas, bailes)<br \/><br \/>adquieren un significado m\u00e1s all\u00e1 de su funci\u00f3n pr\u00e1ctica, convirti\u00e9ndose<br \/><br \/>en s\u00edmbolos de identidad cultural y legado emocional.<\/pre><\/li><\/ul><\/li><li class=\"MsoNormal\"><pre><b>Sinestesia<\/b>:<\/pre><ul style=\"margin-top: 0cm\" type=\"disc\"><li class=\"MsoNormal\"><pre>En algunos poemas se combinan sensaciones para transmitir<br \/><br \/>emociones complejas. Por ejemplo, en\u00a0<i>\"Enamorado\"<\/i>,<br \/><br \/>se describe al pueblo como algo que \"huele\", \"besa\" y<br \/><br \/>\"quiere\", fusionando sentidos f\u00edsicos con sentimientos.<\/pre><\/li><\/ul><\/li><li class=\"MsoNormal\"><pre><b>Influencia lorquiana<\/b>:<\/pre><ul style=\"margin-top: 0cm\" type=\"disc\"><li class=\"MsoNormal\"><pre>Se percibe una resonancia con Federico Garc\u00eda Lorca en el<br \/><br \/>uso de im\u00e1genes rurales, simbolismo profundo y estructuras l\u00edricas<br \/><br \/>tradicionales. Poemas como\u00a0<i>\"Colores\"<\/i>\u00a0o\u00a0<i>\"Refacos\"<\/i>\u00a0recuerdan<br \/><br \/>el estilo del poeta granadino al mezclar lo cotidiano con lo<br \/><br \/>trascendente.<\/pre><\/li><\/ul><\/li><li class=\"MsoNormal\"><pre><b>Evocaci\u00f3n nost\u00e1lgica<\/b>:<\/pre><ul style=\"margin-top: 0cm\" type=\"disc\"><li class=\"MsoNormal\"><pre>Mart\u00ednez Garc\u00eda utiliza un tono melanc\u00f3lico para evocar<br \/><br \/>las tradiciones como algo valioso pero fr\u00e1gil, digno de ser preservado<br \/><br \/>frente al paso del tiempo.<\/pre><\/li><\/ul><\/li><li class=\"MsoNormal\"><pre><b>Di\u00e1logo impl\u00edcito entre tradici\u00f3n y modernidad<\/b>:<\/pre><ul style=\"margin-top: 0cm\" type=\"disc\"><li class=\"MsoNormal\"><pre>La obra no solo celebra las tradiciones culturales, sino<br \/><br \/>que tambi\u00e9n reflexiona sobre su significado en un mundo contempor\u00e1neo,<br \/><br \/>invitando al lector a valorar lo ancestral desde una perspectiva actual.<\/pre><\/li><\/ul><\/li><\/ol><pre class=\"MsoNormal\"><b>Comparaci\u00f3n con otros autores<\/b><\/pre><ul style=\"margin-top: 0cm\" type=\"disc\"><li class=\"MsoNormal\"><pre><b>Federico Garc\u00eda Lorca<\/b>: Al igual que Lorca, Mart\u00ednez<br \/><br \/>Garc\u00eda combina elementos populares con simbolismo po\u00e9tico, dotando a sus<br \/><br \/>versos de una profundidad emocional que trasciende lo descriptivo.<\/pre><\/li><li class=\"MsoNormal\"><pre><b>Antonio Machado<\/b>: Ambos comparten un tono<br \/><br \/>contemplativo y nost\u00e1lgico hacia las ra\u00edces culturales. Mientras Machado<br \/><br \/>evoca paisajes castellanos, Mart\u00ednez Garc\u00eda centra su mirada en las islas<br \/><br \/>Pitiusas.<\/pre><\/li><li class=\"MsoNormal\"><pre><b>Poes\u00eda contempor\u00e1nea espa\u00f1ola<\/b>: Aunque Mart\u00ednez<br \/><br \/>Garc\u00eda sigue estructuras tradicionales, su obra conecta con la poes\u00eda<br \/><br \/>contempor\u00e1nea por su capacidad para reinterpretar temas cl\u00e1sicos desde una<br \/><br \/>sensibilidad moderna.<\/pre><\/li><\/ul><pre class=\"MsoNormal\"><b>Conclusi\u00f3n<\/b><br \/><br \/>Jos\u00e9 Mart\u00ednez Garc\u00eda utiliza un abanico de t\u00e9cnicas<br \/>literarias que van desde recursos tradicionales hasta enfoques m\u00e1s<br \/>introspectivos e innovadores. Su poes\u00eda logra capturar tanto la belleza visual<br \/>como la emocional del patrimonio ibicenco, ofreciendo al lector una experiencia<br \/>rica en simbolismo y conexi\u00f3n cultural.<\/pre><\/p><\/div><\/li><li><div id=\"aux-tab-content-2363\" class=\"entry-editor\" role=\"tabpanel\" aria-labelledby=\"aux-tab-2363\"><p><pre>La poes\u00eda de Jos\u00e9 Mart\u00ednez Garc\u00eda en\u00a0<em>\"Detalles con Alma\"<\/em> se distingue por su enfoque en la tradici\u00f3n y la cultura pitiusa, lo que la sit\u00faa en un lugar particular dentro del panorama de la poes\u00eda contempor\u00e1nea espa\u00f1ola. A continuaci\u00f3n, se analiza c\u00f3mo su obra se compara con la de otros autores contempor\u00e1neos:<br \/><br \/><strong>Tem\u00e1tica y enfoque<\/strong><br \/><br \/><strong>Jos\u00e9 Mart\u00ednez Garc\u00eda<\/strong>: Su poes\u00eda est\u00e1 profundamente arraigada en las tradiciones culturales, los oficios y las costumbres de Ibiza y Formentera. Utiliza un tono nost\u00e1lgico y celebratorio para preservar el legado cultural de estas islas. Su obra conecta con lo buc\u00f3lico y lo identitario, explorando emociones colectivas a trav\u00e9s de elementos visuales y simb\u00f3licos como los trajes tradicionales, las danzas y los objetos cotidianos.<br \/><br \/><strong>Otros poetas contempor\u00e1neos<\/strong>: La poes\u00eda actual tiende a abordar una amplia variedad de temas, desde lo \u00edntimo y personal hasta lo social y pol\u00edtico. Poetas como Luis Garc\u00eda Montero o Elvira Sastre exploran cuestiones urbanas, relaciones humanas e introspecci\u00f3n emocional, mientras que autores como Gabriel Celaya o Antonio Gamoneda se enfocan en temas sociales o existenciales. En contraste, Mart\u00ednez Garc\u00eda se aleja de estas corrientes m\u00e1s urbanas o abstractas para centrarse en un \u00e1mbito rural y cultural espec\u00edfico.<br \/><br \/><strong>Estilo y m\u00e9trica<\/strong><br \/><br \/><strong>Jos\u00e9 Mart\u00ednez Garc\u00eda<\/strong>: Su poes\u00eda sigue formas m\u00e9tricas tradicionales, como el verso octos\u00edlabo con rima consonante o asonante. Este estilo refleja una conexi\u00f3n con la l\u00edrica popular espa\u00f1ola, similar al romancero o a la canci\u00f3n tradicional. Adem\u00e1s, utiliza estribillos repetitivos que refuerzan la musicalidad y el car\u00e1cter folcl\u00f3rico de sus versos.<br \/><br \/><strong>Poes\u00eda contempor\u00e1nea<\/strong>: Muchos poetas actuales optan por el verso libre y estructuras m\u00e1s experimentales, rompiendo con las m\u00e9tricas cl\u00e1sicas. Por ejemplo, autores como Sara B\u00faho o Marwan emplean un lenguaje coloquial y prosaico para conectar con lectores j\u00f3venes, mientras que poetas como Juan Carlos Mestre combinan im\u00e1genes surrealistas con estructuras innovadoras. En este sentido, Mart\u00ednez Garc\u00eda representa una voz m\u00e1s tradicional frente a la ruptura estil\u00edstica predominante.<br \/><br \/><strong>Recursos literarios<\/strong><br \/><br \/><strong>Jos\u00e9 Mart\u00ednez Garc\u00eda<\/strong>: Su obra destaca por el uso de met\u00e1foras visuales (como comparar botones de chaleco con \"mozas por agua a la fuente\") y personificaciones de objetos culturales (por ejemplo, las casta\u00f1uelas \"hablan\" en sus poemas). Tambi\u00e9n emplea im\u00e1genes sensoriales que evocan texturas, colores y sonidos asociados a las tradiciones ibicencas.<br \/><br \/><strong>Otros autores contempor\u00e1neos<\/strong>: La poes\u00eda actual suele incorporar recursos m\u00e1s innovadores y complejos. Poetas como Jaime Gil de Biedma o Aurora Luque utilizan intertextualidad e im\u00e1genes abstractas para explorar temas universales como el paso del tiempo o el deseo. Por otro lado, poetas como Irene X o Defreds apuestan por una narrativa emocional directa que resuena con las experiencias cotidianas del lector.<br \/><br \/><strong>Relaci\u00f3n con la tradici\u00f3n<\/strong><br \/><br \/><strong>Jos\u00e9 Mart\u00ednez Garc\u00eda<\/strong>: Su poes\u00eda es claramente un homenaje a las ra\u00edces culturales. Aunque se inspira en autores cl\u00e1sicos como Federico Garc\u00eda Lorca (especialmente en su simbolismo rural), evita la experimentaci\u00f3n formal para mantener un estilo fiel a la tradici\u00f3n.<\/pre><ul><li><pre><strong>Otros poetas contempor\u00e1neos<\/strong>: La mayor\u00eda de los poetas actuales combinan referencias cl\u00e1sicas con enfoques modernos. Por ejemplo, Luis Garc\u00eda Montero incorpora elementos machadianos en su poes\u00eda urbana, mientras que autores rupturistas como Blanca Andreu adoptan influencias surrealistas para desafiar las convenciones literarias.<strong>P\u00fablico objetivo<\/strong><strong>Jos\u00e9 Mart\u00ednez Garc\u00eda<\/strong>: Sus poemas est\u00e1n dirigidos a un p\u00fablico interesado en preservar las tradiciones culturales y apreciar la belleza de lo local. Su estilo accesible y su tem\u00e1tica espec\u00edfica lo convierten en una voz \u00fanica dentro del panorama contempor\u00e1neo.<strong>Otros poetas contempor\u00e1neos<\/strong>: Muchos escritores actuales buscan conectar con audiencias m\u00e1s amplias mediante temas universales (amor, identidad, justicia social) y formatos accesibles (redes sociales o recitales). Esto contrasta con el enfoque m\u00e1s especializado de Mart\u00ednez Garc\u00eda.<strong>Conclusi\u00f3n<\/strong>La poes\u00eda de Jos\u00e9 Mart\u00ednez Garc\u00eda se diferencia notablemente de la mayor\u00eda de los poetas contempor\u00e1neos por su fidelidad a las formas m\u00e9tricas tradicionales y su \u00e9nfasis en temas culturales espec\u00edficos. Mientras que otros autores exploran temas urbanos, introspectivos o sociales mediante estructuras experimentales, Mart\u00ednez Garc\u00eda se posiciona como un guardi\u00e1n del legado cultural pitiuso, utilizando un lenguaje sencillo pero evocador que celebra las ra\u00edces rurales e identitarias. Esta singularidad lo convierte en una figura complementaria dentro del amplio espectro de la poes\u00eda espa\u00f1ola actual.<\/pre><\/li><\/ul><\/p><\/div><\/li><li><div id=\"aux-tab-content-2364\" class=\"entry-editor\" role=\"tabpanel\" aria-labelledby=\"aux-tab-2364\"><p><pre class=\"MsoNormal\">\u00a0<br \/><br \/>En\u00a0<i>\"Detalles con Alma\"<\/i>, Jos\u00e9 Mart\u00ednez<br \/>Garc\u00eda utiliza una rica variedad de simbolismos para transmitir la esencia<br \/>cultural, emocional y espiritual de las tradiciones de Ibiza y Formentera.<br \/>Estos s\u00edmbolos, profundamente enraizados en los elementos culturales y<br \/>cotidianos de las islas, sirven como veh\u00edculo para explorar temas universales<br \/>como el amor, la identidad, el legado y la conexi\u00f3n con la tierra.<br \/><br \/><b>Simbolismos destacados y su significado<\/b><\/pre><ol style=\"margin-top: 0cm\" start=\"1\" type=\"1\"><li class=\"MsoNormal\"><pre><b>La vestimenta tradicional<\/b>:<\/pre><ul style=\"margin-top: 0cm\" type=\"disc\"><li class=\"MsoNormal\"><pre><b>Trajes y refajos<\/b>: Representan el orgullo cultural<br \/><br \/>y la conexi\u00f3n con los antepasados. Los bordados son descritos como<br \/><br \/>\"sue\u00f1os tejidos en noches de vela\", simbolizando el esfuerzo,<br \/><br \/>la dedicaci\u00f3n y la transmisi\u00f3n de tradiciones de generaci\u00f3n en<br \/><br \/>generaci\u00f3n.<\/pre><\/li><li class=\"MsoNormal\"><pre><b>Botones de plata<\/b>: En el poema\u00a0<i>\"Colores\"<\/i>,<br \/><br \/>los botones son comparados con \"mozas por agua a la fuente\",<br \/><br \/>simbolizando juventud, belleza y vitalidad. Adem\u00e1s, reflejan el linaje y<br \/><br \/>la riqueza espiritual m\u00e1s all\u00e1 del valor material.<\/pre><\/li><\/ul><\/li><li class=\"MsoNormal\"><pre><b>Las joyas (anillos, emprendada)<\/b>:<\/pre><ul style=\"margin-top: 0cm\" type=\"disc\"><li class=\"MsoNormal\"><pre>Las joyas aparecen como s\u00edmbolos de herencia y<br \/><br \/>continuidad familiar. En\u00a0<i>\"Emprendada de anillos\"<\/i>,<br \/><br \/>cada anillo cuenta una historia, reflejando amor, sacrificio y memoria.<br \/><br \/>Estos elementos tambi\u00e9n representan el v\u00ednculo entre generaciones y la<br \/><br \/>importancia del legado cultural.<\/pre><\/li><\/ul><\/li><li class=\"MsoNormal\"><pre><b>El baile y las casta\u00f1uelas<\/b>:<\/pre><ul style=\"margin-top: 0cm\" type=\"disc\"><li class=\"MsoNormal\"><pre>El baile es un s\u00edmbolo de cortejo, amor y comuni\u00f3n<br \/><br \/>social. En poemas como\u00a0<i>\"El Baile\"<\/i>\u00a0o\u00a0<i>\"Cortejo\"<\/i>,<br \/><br \/>se presenta como una met\u00e1fora del acercamiento emocional entre las<br \/><br \/>personas.<\/pre><\/li><li class=\"MsoNormal\"><pre>Las casta\u00f1uelas son personificadas en\u00a0<i>\"Casta\u00f1uelas\"<\/i>,<br \/><br \/>donde \"hablan por ti\", simbolizando la expresi\u00f3n emocional a<br \/><br \/>trav\u00e9s del arte.<\/pre><\/li><\/ul><\/li><li class=\"MsoNormal\"><pre><b>La naturaleza<\/b>:<\/pre><ul style=\"margin-top: 0cm\" type=\"disc\"><li class=\"MsoNormal\"><pre>Elementos naturales como el lino (en las esparde\u00f1as) o el<br \/><br \/>olivo (en las casta\u00f1uelas) simbolizan la conexi\u00f3n con la tierra y los<br \/><br \/>recursos locales que sustentan tanto la vida cotidiana como las<br \/><br \/>tradiciones art\u00edsticas.<\/pre><\/li><li class=\"MsoNormal\"><pre>El \u00e1rbol bajo cuya sombra se descansa tras el trabajo es<br \/><br \/>un s\u00edmbolo de paz, refugio y recompensa por el esfuerzo humano.<\/pre><\/li><\/ul><\/li><li class=\"MsoNormal\"><pre><b>El pan<\/b>:<\/pre><ul style=\"margin-top: 0cm\" type=\"disc\"><li class=\"MsoNormal\"><pre>En\u00a0<i>\"El Pan\"<\/i>, este alimento b\u00e1sico<br \/><br \/>simboliza vida, sustento y el amor que se pone en las tareas cotidianas.<br \/><br \/>La preparaci\u00f3n del pan se convierte en una met\u00e1fora del cuidado y la<br \/><br \/>dedicaci\u00f3n hacia los dem\u00e1s.<\/pre><\/li><\/ul><\/li><li class=\"MsoNormal\"><pre><b>La procesi\u00f3n religiosa<\/b>:<\/pre><ul style=\"margin-top: 0cm\" type=\"disc\"><li class=\"MsoNormal\"><pre>En\u00a0<i>\"Procesi\u00f3n\"<\/i>, se describe como<br \/><br \/>una manifestaci\u00f3n colectiva de fe e identidad comunitaria. La procesi\u00f3n<br \/><br \/>simboliza unidad espiritual y orgullo por las ra\u00edces religiosas.<\/pre><\/li><\/ul><\/li><li class=\"MsoNormal\"><pre><b>Las manos<\/b>:<\/pre><ul style=\"margin-top: 0cm\" type=\"disc\"><li class=\"MsoNormal\"><pre>Las manos aparecen recurrentemente como s\u00edmbolo del<br \/><br \/>trabajo artesanal, la creaci\u00f3n y el legado cultural. En\u00a0<i>\"Manos<br \/>de alm\u00edbar\"<\/i>, representan esfuerzo, delicadeza y amor por lo que<br \/><br \/>se hace.<\/pre><\/li><\/ul><\/li><li class=\"MsoNormal\"><pre><b>El rosario<\/b>:<\/pre><ul style=\"margin-top: 0cm\" type=\"disc\"><li class=\"MsoNormal\"><pre>En\u00a0<i>\"El Rosario\"<\/i>\u00a0o\u00a0<i>\"Entrada<br \/>a misa\"<\/i>, este objeto devocional simboliza fe, humildad y<br \/><br \/>conexi\u00f3n espiritual con lo divino.<\/pre><\/li><\/ul><\/li><li class=\"MsoNormal\"><pre><b>La danza del cortejo<\/b>:<\/pre><ul style=\"margin-top: 0cm\" type=\"disc\"><li class=\"MsoNormal\"><pre>Poemas como\u00a0<i>\"Comp\u00e1s\"<\/i>\u00a0o\u00a0<i>\"Cortejo\"<\/i>\u00a0utilizan<br \/><br \/>la danza como s\u00edmbolo del equilibrio entre lo emocional y lo f\u00edsico,<br \/><br \/>reflejando c\u00f3mo los movimientos r\u00edtmicos pueden expresar sentimientos<br \/><br \/>profundos e incluso conducir al amor.<\/pre><\/li><\/ul><\/li><li class=\"MsoNormal\"><pre><b>Los colores<\/b>:<\/pre><ul style=\"margin-top: 0cm\" type=\"disc\"><li class=\"MsoNormal\"><pre>Los colores vibrantes de los trajes tradicionales son<br \/><br \/>s\u00edmbolos de alegr\u00eda, vida y celebraci\u00f3n cultural. Tambi\u00e9n representan<br \/><br \/>diversidad dentro de una identidad com\u00fan.<\/pre><\/li><\/ul><\/li><\/ol><pre class=\"MsoNormal\"><b>Interpretaci\u00f3n general<\/b><br \/><br \/>Los simbolismos en\u00a0<i>\"Detalles con Alma\"<\/i>\u00a0no<br \/>solo celebran las tradiciones culturales de Ibiza y Formentera, sino que<br \/>tambi\u00e9n invitan al lector a reflexionar sobre valores universales como el<br \/>respeto por los ancestros, la importancia del trabajo colectivo y el poder<br \/>transformador del arte. A trav\u00e9s de estos s\u00edmbolos, Jos\u00e9 Mart\u00ednez Garc\u00eda crea<br \/>un puente entre lo local y lo universal, mostrando c\u00f3mo las tradiciones pueden<br \/>ser un espejo para comprender aspectos esenciales de la humanidad.<br \/><br \/><br \/><\/pre><\/p><\/div><\/li><li><div id=\"aux-tab-content-2365\" class=\"entry-editor\" role=\"tabpanel\" aria-labelledby=\"aux-tab-2365\"><p><pre><strong>PERCEPCI\u00d3N DEL LECTOR<\/strong><br \/><br \/>La estructura de\u00a0<em>\"Detalles con Alma\"<\/em>\u00a0tiene un impacto significativo en la percepci\u00f3n del lector, ya que est\u00e1 cuidadosamente dise\u00f1ada para crear una experiencia inmersiva y emocional. A trav\u00e9s de la combinaci\u00f3n de poes\u00eda y fotograf\u00eda, el libro establece un di\u00e1logo entre las im\u00e1genes y los versos que enriquece la comprensi\u00f3n y el disfrute de ambos lenguajes art\u00edsticos.<br \/><br \/><strong>Impacto de la estructura en la percepci\u00f3n del lector<\/strong><br \/><br \/><strong>Alternancia entre poes\u00eda y fotograf\u00eda<\/strong><br \/><br \/>El libro presenta una estructura dual en la que los poemas de Jos\u00e9 Mart\u00ednez Garc\u00eda se intercalan con las fotograf\u00edas de Giuseppe Concas. Esta disposici\u00f3n permite al lector experimentar una narrativa visual y textual simult\u00e1nea, donde cada poema complementa y amplifica el significado de las im\u00e1genes, y viceversa. Este formato:<br \/><br \/>Refuerza la conexi\u00f3n emocional al permitir que el lector contemple los detalles visuales mientras reflexiona sobre los sentimientos y simbolismos expresados en los versos.<br \/><br \/>Facilita una lectura pausada e introspectiva, ya que cada poema invita a detenerse a observar los matices culturales y emocionales capturados en las fotograf\u00edas.<br \/><br \/><strong>Uso de cap\u00edtulos tem\u00e1ticos<\/strong><br \/><br \/>Los poemas y fotograf\u00edas est\u00e1n organizados en torno a temas espec\u00edficos relacionados con las tradiciones ibicencas: la vestimenta, el baile, los oficios, las festividades y los valores culturales. Esta estructura tem\u00e1tica:<br \/><br \/>Ayuda al lector a navegar por diferentes aspectos de la vida pitiusa de manera ordenada y comprensible.<br \/><br \/>Crea un efecto acumulativo, donde cada cap\u00edtulo a\u00f1ade una capa m\u00e1s profunda al entendimiento del patrimonio cultural de Ibiza y Formentera.<br \/><br \/><strong>Repetici\u00f3n como recurso estructural<\/strong><br \/><br \/>Muchos poemas emplean estribillos o versos repetidos al inicio y al final, creando una sensaci\u00f3n c\u00edclica que refuerza la idea de continuidad cultural. Esta repetici\u00f3n tambi\u00e9n aporta musicalidad, haciendo eco de las canciones tradicionales, lo que conecta emocionalmente al lector con el folclore representado.<br \/><br \/><strong>Contraste entre lo visual y lo textual<\/strong><br \/><br \/>La relaci\u00f3n entre las im\u00e1genes detalladas y los poemas l\u00edricos genera un contraste que enriquece la percepci\u00f3n del lector:<br \/><br \/>Las fotograf\u00edas aportan un realismo tangible, mostrando texturas, colores y momentos espec\u00edficos.<br \/><br \/>Los poemas a\u00f1aden una dimensi\u00f3n subjetiva e introspectiva, explorando las emociones, historias y simbolismos detr\u00e1s de los elementos visuales.<br \/><br \/><strong>Ritmo pausado e \u00edntimo<\/strong><br \/><br \/>La estructura del libro invita a un ritmo de lectura lento e \u00edntimo. Cada p\u00e1gina ofrece un poema o una imagen que requiere contemplaci\u00f3n, permitiendo al lector sumergirse plenamente en el universo cultural descrito. Este ritmo pausado:<br \/><br \/>Genera una experiencia meditativa que conecta al lector con el alma de las tradiciones ibicencas.<br \/><br \/>Refuerza la sensaci\u00f3n de respeto hacia los valores culturales representados.<br \/><br \/><strong>Di\u00e1logo entre tradici\u00f3n y modernidad<\/strong><br \/><br \/>La estructura tambi\u00e9n refleja un di\u00e1logo entre lo antiguo y lo contempor\u00e1neo:<br \/><br \/>Los poemas siguen formas m\u00e9tricas tradicionales (como el verso octos\u00edlabo), mientras que las fotograf\u00edas emplean t\u00e9cnicas modernas para capturar detalles con precisi\u00f3n.<br \/><br \/>Este contraste subraya c\u00f3mo las tradiciones pueden ser reinterpretadas y preservadas en el presente.<br \/><br \/><strong>Percepci\u00f3n global del lector<\/strong><br \/><br \/>Gracias a su estructura cuidadosamente dise\u00f1ada,\u00a0<em>\"Detalles con Alma\"<\/em>\u00a0logra transmitir m\u00e1s que informaci\u00f3n o emociones aisladas; crea una experiencia sensorial completa. El lector no solo observa las tradiciones ibicencas, sino que tambi\u00e9n las siente como algo vivo y significativo. La alternancia entre poes\u00eda e imagen permite explorar tanto lo tangible como lo intangible: desde los bordados minuciosos hasta el orgullo cultural o el amor impl\u00edcito en cada gesto.<br \/><br \/>En suma, la estructura del libro gu\u00eda al lector hacia una percepci\u00f3n profunda y respetuosa del legado cultural pitiuso, destacando su belleza visual mientras invita a reflexionar sobre su valor emocional e identitario.<br \/><br \/><strong>TEMAS Y SECUENCIAS<\/strong><br \/><br \/>El poemario\u00a0<em>\"Detalles con Alma\"<\/em>\u00a0est\u00e1 estructurado en torno a temas que reflejan las tradiciones, costumbres y valores culturales de Ibiza y Formentera. La secuencia de los poemas sigue un esquema tem\u00e1tico que gu\u00eda al lector a trav\u00e9s de diferentes aspectos de la vida pitiusa, desde la vestimenta y el baile hasta los oficios y las emociones humanas. Esta organizaci\u00f3n permite una experiencia inmersiva y progresiva, donde cada tema se desarrolla con profundidad y sensibilidad.<br \/><br \/><strong>Estructura tem\u00e1tica del poemario<\/strong><br \/><br \/><strong>Celebraci\u00f3n de las tradiciones culturales<\/strong>:<br \/><br \/>Los primeros poemas se centran en elementos ic\u00f3nicos de la cultura pitiusa, como los trajes tradicionales (<em>\"Gal\u00e1n\"<\/em>,\u00a0<em>\"Gonella y Plata\"<\/em>,\u00a0<em>\"Vestida de Blanco\"<\/em>) y las joyas (<em>\"Emprendada de Anillos\"<\/em>,\u00a0<em>\"Mano de Plata\"<\/em>). Estos textos destacan el orgullo por el linaje y la riqueza simb\u00f3lica de estos elementos.<br \/><br \/>La danza tradicional es otro tema recurrente, abordado en poemas como\u00a0<em>\"El Baile\"<\/em>,\u00a0<em>\"Comp\u00e1s\"<\/em>\u00a0y\u00a0<em>\"Cortejo\"<\/em>, donde se explora su papel como expresi\u00f3n cultural y emocional.<br \/><br \/><strong>Oficios y labores cotidianas<\/strong>:<br \/><br \/>Una parte significativa del poemario est\u00e1 dedicada a los oficios tradicionales, como la elaboraci\u00f3n del pan (<em>\"El Pan\"<\/em>), el bordado (<em>\"Refacos\"<\/em>,\u00a0<em>\"Manos de Alm\u00edbar\"<\/em>) o la construcci\u00f3n de instrumentos musicales (<em>\"Pep\"<\/em>). Estos poemas simbolizan el esfuerzo, la dedicaci\u00f3n y el legado transmitido a trav\u00e9s del trabajo manual.<br \/><br \/><strong>Rituales religiosos y comunitarios<\/strong>:<br \/><br \/>Los poemas relacionados con festividades religiosas, como\u00a0<em>\"Procesi\u00f3n\"<\/em>\u00a0o\u00a0<em>\"Entrada a Misa\"<\/em>, reflejan la espiritualidad colectiva y el sentido de comunidad. Tambi\u00e9n se abordan momentos solemnes como el\u00a0<em>V\u00eda Crucis<\/em>, que conecta lo religioso con lo emocional.<br \/><br \/><strong>Relaciones humanas y emociones<\/strong>:<br \/><br \/>El amor, la familia y las conexiones emocionales son temas centrales en poemas como\u00a0<em>\"Petici\u00f3n de Mano\"<\/em>,\u00a0<em>\"Reencuentro\"<\/em>\u00a0o\u00a0<em>\"Las Llaves del Coraz\u00f3n\"<\/em>. Estos textos celebran los v\u00ednculos humanos desde una perspectiva \u00edntima, pero tambi\u00e9n arraigada en las tradiciones culturales.<br \/><br \/><strong>Naturaleza e identidad rural<\/strong>:<br \/><br \/>La conexi\u00f3n con la naturaleza aparece en varios poemas, como\u00a0<em>\"Paz\"<\/em>\u00a0o\u00a0<em>\"Esparde\u00f1as\"<\/em>, que simbolizan el v\u00ednculo entre las personas y su entorno natural. Este tema refuerza la identidad rural y el respeto por la tierra.<br \/><br \/><strong>Legado cultural e hist\u00f3rico<\/strong>:<br \/><br \/>El poemario concluye con textos que reflexionan sobre el legado cultural, como\u00a0<em>\"Heredero\"<\/em>\u00a0o\u00a0<em>\"Legado\"<\/em>. Estos poemas subrayan la importancia de preservar las tradiciones para futuras generaciones.<br \/><br \/><strong>Secuencia narrativa<\/strong><br \/><br \/>La secuencia del poemario no sigue una narrativa lineal, sino que est\u00e1 organizada tem\u00e1ticamente para crear un recorrido emocional y cultural. Esta estructura permite al lector explorar diferentes facetas de la vida pitiusa mientras se mantiene un hilo conductor: la celebraci\u00f3n del alma colectiva de Ibiza y Formentera.<br \/><br \/><strong>Inicio<\/strong>: Introducci\u00f3n al orgullo cultural mediante elementos visuales como los trajes y joyas.<br \/><br \/><strong>Desarrollo<\/strong>: Profundizaci\u00f3n en los oficios, rituales religiosos y danzas tradicionales.<br \/><br \/><strong>Cl\u00edmax<\/strong>: Exploraci\u00f3n de las relaciones humanas, el amor y las emociones universales.<br \/><br \/><strong>Cierre<\/strong>: Reflexi\u00f3n sobre el legado cultural e hist\u00f3rico, conectando pasado, presente y futuro.<br \/><br \/><strong>Impacto en el lector<\/strong><br \/><br \/>La estructura tem\u00e1tica permite al lector sumergirse en un universo cultural rico y diverso, mientras que la secuencia progresiva facilita una experiencia emocionalmente envolvente. Cada poema complementa al anterior, construyendo una visi\u00f3n integral de las tradiciones pitiusas que resalta tanto su belleza visual como su profundidad simb\u00f3lica.<\/pre><\/p><\/div><\/li><li><div id=\"aux-tab-content-2366\" class=\"entry-editor\" role=\"tabpanel\" aria-labelledby=\"aux-tab-2366\"><p><pre>Capturar no solo la est\u00e9tica de los elementos culturales, sino tambi\u00e9n el esp\u00edritu y la emoci\u00f3n que subyacen en ellos. A continuaci\u00f3n, se analiza c\u00f3mo las fotograf\u00edas contribuyen a la narrativa del libro y qu\u00e9 impacto tienen en el lector.<br \/><br \/><strong>Tem\u00e1tica de las fotograf\u00edas<\/strong><br \/><br \/>Las im\u00e1genes de Concas est\u00e1n organizadas en torno a temas clave que reflejan la vida pitiusa:<br \/><br \/><strong>Vestimenta tradicional<\/strong>: Las fotograf\u00edas destacan los detalles minuciosos de los trajes t\u00edpicos, como los bordados, refajos, joyas (la emprendada) y botones de plata. Estas im\u00e1genes no solo muestran la belleza visual, sino tambi\u00e9n el significado simb\u00f3lico de estas prendas como herencia cultural.<br \/><br \/><strong>Danza y m\u00fasica<\/strong>: Capturan momentos din\u00e1micos del\u00a0<em>ball pag\u00e8s<\/em>, con \u00e9nfasis en el movimiento, las posturas corporales y la interacci\u00f3n entre los bailarines. Tambi\u00e9n se incluyen instrumentos tradicionales como las casta\u00f1uelas y el tamboril, reflejando la conexi\u00f3n entre m\u00fasica y baile.<br \/><br \/><strong>Oficios artesanales<\/strong>: Las im\u00e1genes documentan actividades como el bordado, la elaboraci\u00f3n del pan y la construcci\u00f3n de instrumentos musicales. Estas fotograf\u00edas celebran el esfuerzo humano y el legado transmitido a trav\u00e9s del trabajo manual.<br \/><br \/><strong>Rituales religiosos y festividades<\/strong>: Se retratan procesiones y momentos solemnes que muestran la devoci\u00f3n religiosa de las islas, as\u00ed como escenas festivas llenas de color y alegr\u00eda.<br \/><br \/><strong>Naturaleza e identidad rural<\/strong>: Las fotograf\u00edas incluyen paisajes rurales y detalles del entorno natural que conectan a las personas con su tierra.<br \/><br \/><strong>Estilo fotogr\u00e1fico<\/strong><br \/><br \/>Concas emplea una t\u00e9cnica fotogr\u00e1fica que combina precisi\u00f3n t\u00e9cnica con sensibilidad art\u00edstica:<br \/><br \/><strong>Atenci\u00f3n al detalle<\/strong>: Las im\u00e1genes destacan texturas, patrones y colores con gran nitidez, lo que permite al espectador apreciar los elementos m\u00e1s peque\u00f1os, como los bordados o las vetas de la madera en las casta\u00f1uelas.<br \/><br \/><strong>Uso del color<\/strong>: Los colores vibrantes de los trajes tradicionales contrastan con fondos m\u00e1s neutros, dirigiendo la atenci\u00f3n hacia los elementos culturales. En otras ocasiones, utiliza tonos c\u00e1lidos para evocar nostalgia o solemnidad.<br \/><br \/><strong>Composici\u00f3n cuidadosa<\/strong>: Cada fotograf\u00eda est\u00e1 cuidadosamente encuadrada para resaltar tanto los elementos individuales como su contexto cultural. Por ejemplo, un primer plano de unas manos bordando puede estar acompa\u00f1ado por un fondo desenfocado que insin\u00faa el entorno rural.<br \/><br \/><strong>Juego con la luz<\/strong>: La iluminaci\u00f3n es clave en muchas im\u00e1genes, ya sea para resaltar la textura de un tejido o para crear un ambiente \u00edntimo en escenas religiosas.<br \/><br \/><strong>Simbolismo visual<\/strong><br \/><br \/>Las fotograf\u00edas est\u00e1n cargadas de simbolismo que complementa los poemas:<br \/><br \/>Los trajes tradicionales simbolizan identidad cultural y orgullo por las ra\u00edces.<br \/><br \/>Los instrumentos musicales representan la conexi\u00f3n entre arte, emoci\u00f3n y comunidad.<br \/><br \/>Las manos trabajadoras evocan esfuerzo, dedicaci\u00f3n y continuidad generacional.<br \/><br \/>Las procesiones religiosas sugieren unidad espiritual y cohesi\u00f3n social.<br \/><br \/><strong>Relaci\u00f3n con los poemas<\/strong><br \/><br \/>Las im\u00e1genes no son meros acompa\u00f1amientos visuales; dialogan activamente con los versos de Jos\u00e9 Mart\u00ednez Garc\u00eda. Mientras los poemas exploran emociones e historias relacionadas con las tradiciones, las fotograf\u00edas ofrecen una representaci\u00f3n visual que amplifica estas ideas. Por ejemplo:<br \/><br \/>Un poema sobre bordados puede ir acompa\u00f1ado de una imagen que muestra hilos entrelazados con precisi\u00f3n.<br \/><br \/>Un texto sobre el\u00a0<em>ball pag\u00e8s<\/em> se complementa con una fotograf\u00eda que captura el movimiento fluido de los bailarines.<br \/><br \/><strong>Impacto en el lector<\/strong><br \/><br \/>Las fotograf\u00edas tienen un impacto emocional profundo:<br \/><br \/><strong>Evocaci\u00f3n sensorial<\/strong>: Invitan al lector a imaginar texturas, sonidos y movimientos asociados a las tradiciones ibicencas.<br \/><br \/><strong>Conexi\u00f3n emocional<\/strong>: Al centrarse en detalles \u00edntimos (como unas manos bordando o unos pies calzados con esparde\u00f1as), las im\u00e1genes humanizan las tradiciones y permiten al lector empatizar con sus protagonistas.<br \/><br \/><strong>Reflexi\u00f3n cultural<\/strong>: Las fotograf\u00edas inspiran una apreciaci\u00f3n m\u00e1s profunda por el patrimonio pitiuso, mostrando c\u00f3mo cada elemento cultural est\u00e1 impregnado de historia y significado.<br \/><br \/><strong>Ejemplo destacado<\/strong><br \/><br \/>Una fotograf\u00eda particularmente simb\u00f3lica es \"Sa Tauleta\", que presenta un bodeg\u00f3n compuesto por esparde\u00f1as, tamboril, flauta y casta\u00f1uelas. Esta imagen encapsula varios aspectos clave del libro: tradici\u00f3n (los objetos), identidad (los elementos culturales) y conexi\u00f3n emocional (la disposici\u00f3n cuidadosa sugiere reverencia). Es un ejemplo perfecto de c\u00f3mo Concas transforma objetos cotidianos en s\u00edmbolos visuales cargados de significado.<br \/><br \/><strong>Conclusi\u00f3n<\/strong><br \/><br \/>Las fotograf\u00edas de Giuseppe Concas son mucho m\u00e1s que documentaci\u00f3n visual; son obras art\u00edsticas que capturan el alma de Ibiza y Formentera. A trav\u00e9s de su atenci\u00f3n al detalle, composici\u00f3n cuidadosa y simbolismo profundo, estas im\u00e1genes complementan perfectamente los poemas del libro, creando una experiencia multisensorial que celebra la riqueza cultural pitiusa.<\/pre><\/p><\/div><\/li><\/ul><\/div><\/div><\/section><!-- widget-container -->\t\t\t\t<\/div>\n\t\t\t\t<\/div>\n\t\t\t\t<\/div>\n\t\t\t\t<section class=\"elementor-section elementor-top-section elementor-element elementor-element-70b8e201 elementor-section-full_width elementor-section-content-middle elementor-section-height-default elementor-section-height-default\" data-id=\"70b8e201\" data-element_type=\"section\" data-e-type=\"section\">\n\t\t\t\t\t\t\t<div class=\"elementor-background-overlay\"><\/div>\n\t\t\t\t\t\t\t<div class=\"elementor-container elementor-column-gap-wider\">\n\t\t\t\t\t<div class=\"aux-parallax-section elementor-column elementor-col-100 elementor-top-column elementor-element elementor-element-c48e036\" data-id=\"c48e036\" data-element_type=\"column\" data-e-type=\"column\">\n\t\t\t<div class=\"elementor-widget-wrap elementor-element-populated\">\n\t\t\t\t\t\t<div class=\"elementor-element elementor-element-203acdf1 elementor-widget elementor-widget-aux-gallery\" data-id=\"203acdf1\" data-element_type=\"widget\" data-e-type=\"widget\" data-widget_type=\"aux-gallery.default\">\n\t\t\t\t<div class=\"elementor-widget-container\">\n\t\t\t\t\t<section class=\"widget-container aux-widget-gallery aux-parent-auf3c8c81d\"><div id='aux-gallery-1' class='aux-gallery galleryid-58 gallery-columns-3 aux-lightbox-gallery'><div class=\"aux-gallery-container aux-isotope-animated aux-row aux-de-col3 aux-tb-col2 aux-mb-col1 elementor-clickable aux-no-gutter aux-layout-masonry\"  data-pagination=\"false\" data-lazyload=\"false\" data-perpage=\"24\" data-layout=\"masonry\" data-space=\"\" >    <figure class=\"gallery-item aux-hover-active aux-iso-item aux-col \">\n            <div class=\"aux-frame-mask-plain aux-frame-ratio \">\n                <a href=\"https:\/\/nuestrosescritores.com\/joseygiuseppe\/wp-content\/uploads\/sites\/190\/2024\/12\/book6-2.png\" class=\"aux-frame-ratio-inner aux-frame-darken aux-lightbox-btn \" data-elementor-open-lightbox=\"no\" data-original-width=\"965\" data-original-height=\"749\" data-caption=\"book6\">\n                                <div class=\"aux-hover-scale-circle-plus2\">\n                        <span class=\"aux-symbol-plus\"><\/span>\n                        <span class=\"aux-symbol-circle\"><\/span>\n                    <\/div>\n                        <img decoding=\"async\" width=\"300\" height=\"300\" src=\"https:\/\/nuestrosescritores.com\/joseygiuseppe\/wp-content\/uploads\/sites\/190\/2024\/12\/book6-2.png\" class=\"aux-attachment aux-featured-image attachment-300x300 aux-attachment-id-79 \" alt=\"book6\" srcset=\"https:\/\/nuestrosescritores.com\/joseygiuseppe\/wp-content\/uploads\/sites\/190\/2024\/12\/book6-2-150x150.png 150w,https:\/\/nuestrosescritores.com\/joseygiuseppe\/wp-content\/uploads\/sites\/190\/2024\/12\/book6-2-300x300.png 300w,https:\/\/nuestrosescritores.com\/joseygiuseppe\/wp-content\/uploads\/sites\/190\/2024\/12\/book6-2-768x749.png 768w,https:\/\/nuestrosescritores.com\/joseygiuseppe\/wp-content\/uploads\/sites\/190\/2024\/12\/book6-2.png 300w,https:\/\/nuestrosescritores.com\/joseygiuseppe\/wp-content\/uploads\/sites\/190\/2024\/12\/book6-2-955x955.png 955w\" data-ratio=\"1\" data-original-w=\"965\" sizes=\"(max-width:767px) 100vw,(min-width:768px) and (max-width:1025px) 50vw,667px\" \/>                <\/a>\n            <\/div>\n                <\/figure>\n    <figure class=\"gallery-item aux-hover-active aux-iso-item aux-col \">\n            <div class=\"aux-frame-mask-plain aux-frame-ratio \">\n                <a href=\"https:\/\/nuestrosescritores.com\/joseygiuseppe\/wp-content\/uploads\/sites\/190\/2024\/12\/book4-2.png\" class=\"aux-frame-ratio-inner aux-frame-darken aux-lightbox-btn \" data-elementor-open-lightbox=\"no\" data-original-width=\"965\" data-original-height=\"907\" data-caption=\"book4\">\n                                <div class=\"aux-hover-scale-circle-plus2\">\n                        <span class=\"aux-symbol-plus\"><\/span>\n                        <span class=\"aux-symbol-circle\"><\/span>\n                    <\/div>\n                        <img loading=\"lazy\" decoding=\"async\" width=\"300\" height=\"300\" src=\"https:\/\/nuestrosescritores.com\/joseygiuseppe\/wp-content\/uploads\/sites\/190\/2024\/12\/book4-2.png\" class=\"aux-attachment aux-featured-image attachment-300x300 aux-attachment-id-78 \" alt=\"book4\" srcset=\"https:\/\/nuestrosescritores.com\/joseygiuseppe\/wp-content\/uploads\/sites\/190\/2024\/12\/book4-2-150x150.png 150w,https:\/\/nuestrosescritores.com\/joseygiuseppe\/wp-content\/uploads\/sites\/190\/2024\/12\/book4-2-300x300.png 300w,https:\/\/nuestrosescritores.com\/joseygiuseppe\/wp-content\/uploads\/sites\/190\/2024\/12\/book4-2-768x768.png 768w,https:\/\/nuestrosescritores.com\/joseygiuseppe\/wp-content\/uploads\/sites\/190\/2024\/12\/book4-2.png 300w,https:\/\/nuestrosescritores.com\/joseygiuseppe\/wp-content\/uploads\/sites\/190\/2024\/12\/book4-2-955x955.png 955w\" data-ratio=\"1\" data-original-w=\"965\" sizes=\"(max-width:767px) 100vw,(min-width:768px) and (max-width:1025px) 50vw,667px\" \/>                <\/a>\n            <\/div>\n                <\/figure>\n    <figure class=\"gallery-item aux-hover-active aux-iso-item aux-col \">\n            <div class=\"aux-frame-mask-plain aux-frame-ratio \">\n                <a href=\"https:\/\/nuestrosescritores.com\/joseygiuseppe\/wp-content\/uploads\/sites\/190\/2024\/12\/book6-1.png\" class=\"aux-frame-ratio-inner aux-frame-darken aux-lightbox-btn \" data-elementor-open-lightbox=\"no\" data-original-width=\"965\" data-original-height=\"749\" data-caption=\"book6\">\n                                <div class=\"aux-hover-scale-circle-plus2\">\n                        <span class=\"aux-symbol-plus\"><\/span>\n                        <span class=\"aux-symbol-circle\"><\/span>\n                    <\/div>\n                        <img loading=\"lazy\" decoding=\"async\" width=\"300\" height=\"300\" src=\"https:\/\/nuestrosescritores.com\/joseygiuseppe\/wp-content\/uploads\/sites\/190\/2024\/12\/book6-1.png\" class=\"aux-attachment aux-featured-image attachment-300x300 aux-attachment-id-77 \" alt=\"book6\" srcset=\"https:\/\/nuestrosescritores.com\/joseygiuseppe\/wp-content\/uploads\/sites\/190\/2024\/12\/book6-1-150x150.png 150w,https:\/\/nuestrosescritores.com\/joseygiuseppe\/wp-content\/uploads\/sites\/190\/2024\/12\/book6-1-300x300.png 300w,https:\/\/nuestrosescritores.com\/joseygiuseppe\/wp-content\/uploads\/sites\/190\/2024\/12\/book6-1-768x749.png 768w,https:\/\/nuestrosescritores.com\/joseygiuseppe\/wp-content\/uploads\/sites\/190\/2024\/12\/book6-1.png 300w,https:\/\/nuestrosescritores.com\/joseygiuseppe\/wp-content\/uploads\/sites\/190\/2024\/12\/book6-1-955x955.png 955w\" data-ratio=\"1\" data-original-w=\"965\" sizes=\"(max-width:767px) 100vw,(min-width:768px) and (max-width:1025px) 50vw,667px\" \/>                <\/a>\n            <\/div>\n                <\/figure>\n    <figure class=\"gallery-item aux-hover-active aux-iso-item aux-col \">\n            <div class=\"aux-frame-mask-plain aux-frame-ratio \">\n                <a href=\"https:\/\/nuestrosescritores.com\/joseygiuseppe\/wp-content\/uploads\/sites\/190\/2024\/12\/book5-1.png\" class=\"aux-frame-ratio-inner aux-frame-darken aux-lightbox-btn \" data-elementor-open-lightbox=\"no\" data-original-width=\"965\" data-original-height=\"907\" data-caption=\"book5\">\n                                <div class=\"aux-hover-scale-circle-plus2\">\n                        <span class=\"aux-symbol-plus\"><\/span>\n                        <span class=\"aux-symbol-circle\"><\/span>\n                    <\/div>\n                        <img loading=\"lazy\" decoding=\"async\" width=\"300\" height=\"300\" src=\"https:\/\/nuestrosescritores.com\/joseygiuseppe\/wp-content\/uploads\/sites\/190\/2024\/12\/book5-1.png\" class=\"aux-attachment aux-featured-image attachment-300x300 aux-attachment-id-76 \" alt=\"book5\" srcset=\"https:\/\/nuestrosescritores.com\/joseygiuseppe\/wp-content\/uploads\/sites\/190\/2024\/12\/book5-1-150x150.png 150w,https:\/\/nuestrosescritores.com\/joseygiuseppe\/wp-content\/uploads\/sites\/190\/2024\/12\/book5-1-300x300.png 300w,https:\/\/nuestrosescritores.com\/joseygiuseppe\/wp-content\/uploads\/sites\/190\/2024\/12\/book5-1-768x768.png 768w,https:\/\/nuestrosescritores.com\/joseygiuseppe\/wp-content\/uploads\/sites\/190\/2024\/12\/book5-1.png 300w,https:\/\/nuestrosescritores.com\/joseygiuseppe\/wp-content\/uploads\/sites\/190\/2024\/12\/book5-1-955x955.png 955w\" data-ratio=\"1\" data-original-w=\"965\" sizes=\"(max-width:767px) 100vw,(min-width:768px) and (max-width:1025px) 50vw,667px\" \/>                <\/a>\n            <\/div>\n                <\/figure>\n    <figure class=\"gallery-item aux-hover-active aux-iso-item aux-col \">\n            <div class=\"aux-frame-mask-plain aux-frame-ratio \">\n                <a href=\"https:\/\/nuestrosescritores.com\/joseygiuseppe\/wp-content\/uploads\/sites\/190\/2024\/12\/book4-1.png\" class=\"aux-frame-ratio-inner aux-frame-darken aux-lightbox-btn \" data-elementor-open-lightbox=\"no\" data-original-width=\"965\" data-original-height=\"907\" data-caption=\"book4\">\n                                <div class=\"aux-hover-scale-circle-plus2\">\n                        <span class=\"aux-symbol-plus\"><\/span>\n                        <span class=\"aux-symbol-circle\"><\/span>\n                    <\/div>\n                        <img loading=\"lazy\" decoding=\"async\" width=\"300\" height=\"300\" src=\"https:\/\/nuestrosescritores.com\/joseygiuseppe\/wp-content\/uploads\/sites\/190\/2024\/12\/book4-1.png\" class=\"aux-attachment aux-featured-image attachment-300x300 aux-attachment-id-75 \" alt=\"book4\" srcset=\"https:\/\/nuestrosescritores.com\/joseygiuseppe\/wp-content\/uploads\/sites\/190\/2024\/12\/book4-1-150x150.png 150w,https:\/\/nuestrosescritores.com\/joseygiuseppe\/wp-content\/uploads\/sites\/190\/2024\/12\/book4-1-300x300.png 300w,https:\/\/nuestrosescritores.com\/joseygiuseppe\/wp-content\/uploads\/sites\/190\/2024\/12\/book4-1-768x768.png 768w,https:\/\/nuestrosescritores.com\/joseygiuseppe\/wp-content\/uploads\/sites\/190\/2024\/12\/book4-1.png 300w,https:\/\/nuestrosescritores.com\/joseygiuseppe\/wp-content\/uploads\/sites\/190\/2024\/12\/book4-1-955x955.png 955w\" data-ratio=\"1\" data-original-w=\"965\" sizes=\"(max-width:767px) 100vw,(min-width:768px) and (max-width:1025px) 50vw,667px\" \/>                <\/a>\n            <\/div>\n                <\/figure>\n    <figure class=\"gallery-item aux-hover-active aux-iso-item aux-col \">\n            <div class=\"aux-frame-mask-plain aux-frame-ratio \">\n                <a href=\"https:\/\/nuestrosescritores.com\/joseygiuseppe\/wp-content\/uploads\/sites\/190\/2024\/12\/book3-2.png\" class=\"aux-frame-ratio-inner aux-frame-darken aux-lightbox-btn \" data-elementor-open-lightbox=\"no\" data-original-width=\"965\" data-original-height=\"907\" data-caption=\"book3\">\n                                <div class=\"aux-hover-scale-circle-plus2\">\n                        <span class=\"aux-symbol-plus\"><\/span>\n                        <span class=\"aux-symbol-circle\"><\/span>\n                    <\/div>\n                        <img loading=\"lazy\" decoding=\"async\" width=\"300\" height=\"300\" src=\"https:\/\/nuestrosescritores.com\/joseygiuseppe\/wp-content\/uploads\/sites\/190\/2024\/12\/book3-2.png\" class=\"aux-attachment aux-featured-image attachment-300x300 aux-attachment-id-74 \" alt=\"book3\" srcset=\"https:\/\/nuestrosescritores.com\/joseygiuseppe\/wp-content\/uploads\/sites\/190\/2024\/12\/book3-2-150x150.png 150w,https:\/\/nuestrosescritores.com\/joseygiuseppe\/wp-content\/uploads\/sites\/190\/2024\/12\/book3-2-300x300.png 300w,https:\/\/nuestrosescritores.com\/joseygiuseppe\/wp-content\/uploads\/sites\/190\/2024\/12\/book3-2-768x768.png 768w,https:\/\/nuestrosescritores.com\/joseygiuseppe\/wp-content\/uploads\/sites\/190\/2024\/12\/book3-2.png 300w,https:\/\/nuestrosescritores.com\/joseygiuseppe\/wp-content\/uploads\/sites\/190\/2024\/12\/book3-2-955x955.png 955w\" data-ratio=\"1\" data-original-w=\"965\" sizes=\"(max-width:767px) 100vw,(min-width:768px) and (max-width:1025px) 50vw,667px\" \/>                <\/a>\n            <\/div>\n                <\/figure>\n    <figure class=\"gallery-item aux-hover-active aux-iso-item aux-col \">\n            <div class=\"aux-frame-mask-plain aux-frame-ratio \">\n                <a href=\"https:\/\/nuestrosescritores.com\/joseygiuseppe\/wp-content\/uploads\/sites\/190\/2024\/12\/book2-1.png\" class=\"aux-frame-ratio-inner aux-frame-darken aux-lightbox-btn \" data-elementor-open-lightbox=\"no\" data-original-width=\"965\" data-original-height=\"907\" data-caption=\"book2\">\n                                <div class=\"aux-hover-scale-circle-plus2\">\n                        <span class=\"aux-symbol-plus\"><\/span>\n                        <span class=\"aux-symbol-circle\"><\/span>\n                    <\/div>\n                        <img loading=\"lazy\" decoding=\"async\" width=\"300\" height=\"300\" src=\"https:\/\/nuestrosescritores.com\/joseygiuseppe\/wp-content\/uploads\/sites\/190\/2024\/12\/book2-1.png\" class=\"aux-attachment aux-featured-image attachment-300x300 aux-attachment-id-73 \" alt=\"book2\" srcset=\"https:\/\/nuestrosescritores.com\/joseygiuseppe\/wp-content\/uploads\/sites\/190\/2024\/12\/book2-1-150x150.png 150w,https:\/\/nuestrosescritores.com\/joseygiuseppe\/wp-content\/uploads\/sites\/190\/2024\/12\/book2-1-300x300.png 300w,https:\/\/nuestrosescritores.com\/joseygiuseppe\/wp-content\/uploads\/sites\/190\/2024\/12\/book2-1-768x768.png 768w,https:\/\/nuestrosescritores.com\/joseygiuseppe\/wp-content\/uploads\/sites\/190\/2024\/12\/book2-1.png 300w,https:\/\/nuestrosescritores.com\/joseygiuseppe\/wp-content\/uploads\/sites\/190\/2024\/12\/book2-1-955x955.png 955w\" data-ratio=\"1\" data-original-w=\"965\" sizes=\"(max-width:767px) 100vw,(min-width:768px) and (max-width:1025px) 50vw,667px\" \/>                <\/a>\n            <\/div>\n                <\/figure>\n    <figure class=\"gallery-item aux-hover-active aux-iso-item aux-col \">\n            <div class=\"aux-frame-mask-plain aux-frame-ratio \">\n                <a href=\"https:\/\/nuestrosescritores.com\/joseygiuseppe\/wp-content\/uploads\/sites\/190\/2024\/12\/book1-1.png\" class=\"aux-frame-ratio-inner aux-frame-darken aux-lightbox-btn \" data-elementor-open-lightbox=\"no\" data-original-width=\"965\" data-original-height=\"907\" data-caption=\"book1\">\n                                <div class=\"aux-hover-scale-circle-plus2\">\n                        <span class=\"aux-symbol-plus\"><\/span>\n                        <span class=\"aux-symbol-circle\"><\/span>\n                    <\/div>\n                        <img loading=\"lazy\" decoding=\"async\" width=\"300\" height=\"300\" src=\"https:\/\/nuestrosescritores.com\/joseygiuseppe\/wp-content\/uploads\/sites\/190\/2024\/12\/book1-1.png\" class=\"aux-attachment aux-featured-image attachment-300x300 aux-attachment-id-72 \" alt=\"book1\" srcset=\"https:\/\/nuestrosescritores.com\/joseygiuseppe\/wp-content\/uploads\/sites\/190\/2024\/12\/book1-1-150x150.png 150w,https:\/\/nuestrosescritores.com\/joseygiuseppe\/wp-content\/uploads\/sites\/190\/2024\/12\/book1-1-300x300.png 300w,https:\/\/nuestrosescritores.com\/joseygiuseppe\/wp-content\/uploads\/sites\/190\/2024\/12\/book1-1-768x768.png 768w,https:\/\/nuestrosescritores.com\/joseygiuseppe\/wp-content\/uploads\/sites\/190\/2024\/12\/book1-1.png 300w,https:\/\/nuestrosescritores.com\/joseygiuseppe\/wp-content\/uploads\/sites\/190\/2024\/12\/book1-1-955x955.png 955w\" data-ratio=\"1\" data-original-w=\"965\" sizes=\"(max-width:767px) 100vw,(min-width:768px) and (max-width:1025px) 50vw,667px\" \/>                <\/a>\n            <\/div>\n                <\/figure>\n<\/div><\/div><\/section><!-- widget-container --><style>.aux-parent-auf3c8c81d .aux-frame-ratio { padding-bottom:75% }<\/style>\t\t\t\t<\/div>\n\t\t\t\t<\/div>\n\t\t\t\t\t<\/div>\n\t\t<\/div>\n\t\t\t\t\t<\/div>\n\t\t<\/section>\n\t\t\t\t<section class=\"elementor-section elementor-top-section elementor-element elementor-element-4543c2cd elementor-section-full_width elementor-section-height-default elementor-section-height-default\" data-id=\"4543c2cd\" data-element_type=\"section\" data-e-type=\"section\">\n\t\t\t\t\t\t<div class=\"elementor-container elementor-column-gap-default\">\n\t\t\t\t\t<div class=\"aux-parallax-section elementor-column elementor-col-100 elementor-top-column elementor-element elementor-element-13379aa0\" data-id=\"13379aa0\" data-element_type=\"column\" data-e-type=\"column\">\n\t\t\t<div class=\"elementor-widget-wrap elementor-element-populated\">\n\t\t\t\t\t\t<div class=\"elementor-element elementor-element-4b886b6a elementor-widget elementor-widget-video\" data-id=\"4b886b6a\" data-element_type=\"widget\" data-e-type=\"widget\" data-settings=\"{&quot;youtube_url&quot;:&quot;https:\\\/\\\/youtu.be\\\/C5sWcHY33No&quot;,&quot;autoplay&quot;:&quot;yes&quot;,&quot;play_on_mobile&quot;:&quot;yes&quot;,&quot;mute&quot;:&quot;yes&quot;,&quot;loop&quot;:&quot;yes&quot;,&quot;lazy_load&quot;:&quot;yes&quot;,&quot;video_type&quot;:&quot;youtube&quot;,&quot;controls&quot;:&quot;yes&quot;}\" data-widget_type=\"video.default\">\n\t\t\t\t<div class=\"elementor-widget-container\">\n\t\t\t\t\t\t\t<div class=\"elementor-wrapper elementor-open-inline\">\n\t\t\t<div class=\"elementor-video\"><\/div>\t\t<\/div>\n\t\t\t\t\t\t<\/div>\n\t\t\t\t<\/div>\n\t\t\t\t\t<\/div>\n\t\t<\/div>\n\t\t\t\t\t<\/div>\n\t\t<\/section>\n\t\t\t\t<section class=\"elementor-section elementor-top-section elementor-element elementor-element-13e5ea2c elementor-section-boxed elementor-section-height-default elementor-section-height-default\" data-id=\"13e5ea2c\" data-element_type=\"section\" data-e-type=\"section\">\n\t\t\t\t\t\t<div class=\"elementor-container elementor-column-gap-default\">\n\t\t\t\t\t<div class=\"aux-parallax-section elementor-column elementor-col-100 elementor-top-column elementor-element elementor-element-1589cacd\" data-id=\"1589cacd\" data-element_type=\"column\" data-e-type=\"column\">\n\t\t\t<div class=\"elementor-widget-wrap elementor-element-populated\">\n\t\t\t\t\t\t<div class=\"elementor-element elementor-element-61f4cd06 elementor-align-center elementor-widget elementor-widget-button\" data-id=\"61f4cd06\" data-element_type=\"widget\" data-e-type=\"widget\" data-widget_type=\"button.default\">\n\t\t\t\t<div class=\"elementor-widget-container\">\n\t\t\t\t\t\t\t\t\t<div class=\"elementor-button-wrapper\">\n\t\t\t\t\t<a class=\"elementor-button elementor-button-link elementor-size-sm\" href=\"https:\/\/gepa.es\/producto\/detalles-con-alma-giuseppe-concas-jose-martinez-garcia\/\">\n\t\t\t\t\t\t<span class=\"elementor-button-content-wrapper\">\n\t\t\t\t\t\t\t\t\t<span class=\"elementor-button-text\">COMPRAR EL LIBRO<\/span>\n\t\t\t\t\t<\/span>\n\t\t\t\t\t<\/a>\n\t\t\t\t<\/div>\n\t\t\t\t\t\t\t\t<\/div>\n\t\t\t\t<\/div>\n\t\t\t\t\t<\/div>\n\t\t<\/div>\n\t\t\t\t\t<\/div>\n\t\t<\/section>\n\t\t\t\t<section class=\"elementor-section elementor-top-section elementor-element elementor-element-2fb70846 elementor-section-boxed elementor-section-height-default elementor-section-height-default\" data-id=\"2fb70846\" data-element_type=\"section\" data-e-type=\"section\">\n\t\t\t\t\t\t<div class=\"elementor-container elementor-column-gap-default\">\n\t\t\t\t\t<div class=\"aux-parallax-section elementor-column elementor-col-100 elementor-top-column elementor-element elementor-element-20ab6fed\" data-id=\"20ab6fed\" data-element_type=\"column\" data-e-type=\"column\">\n\t\t\t<div class=\"elementor-widget-wrap elementor-element-populated\">\n\t\t\t\t\t\t<div class=\"elementor-element elementor-element-4d4a4e9a elementor-widget elementor-widget-layerslider\" data-id=\"4d4a4e9a\" data-element_type=\"widget\" data-e-type=\"widget\" data-widget_type=\"layerslider.default\">\n\t\t\t\t<div class=\"elementor-widget-container\">\n\t\t\t\t\t<script type=\"text\/javascript\">jQuery(function() { _initLayerSlider( '#layerslider_3_e9wxzrpxnnrc', {createdWith: '7.14.0', sliderVersion: '7.14.2', skin: 'v6', useSrcset: true, skinsPath: 'https:\/\/nuestrosescritores.com\/joseygiuseppe\/wp-content\/plugins\/LayerSlider\/assets\/static\/layerslider\/skins\/', performanceMode: true}); });<\/script><div id=\"layerslider_3_e9wxzrpxnnrc\"  class=\"ls-wp-container fitvidsignore\" style=\"width:1280px;height:720px;margin:0 auto;\"><div class=\"ls-slide\" ><ls-layer style=\"width:1280px;height:720px;top:0px;left:0px;\" class=\"ls-l ls-media-layer\" data-ls=\"autoplay:instant;showinfo:enabled;controls:enabled;poster:https:\/\/nuestrosescritores.com\/joseygiuseppe\/wp-content\/uploads\/sites\/190\/2024\/12\/Youtube.png;muted:enabled;\"><iframe width=\"560\" height=\"315\" frameborder=\"0\" allowfullscreen data-src=\"https:\/\/www.youtube.com\/embed\/C5sWcHY33No\"><\/iframe><\/ls-layer><\/div><div class=\"ls-slide\" ><ls-layer style=\"width:1280px;height:720px;top:0px;left:0px;\" class=\"ls-l ls-media-layer\" data-ls=\"autoplay:instant;showinfo:enabled;controls:enabled;poster:https:\/\/nuestrosescritores.com\/joseygiuseppe\/wp-content\/uploads\/sites\/190\/2024\/12\/Youtube.png;muted:enabled;\"><iframe width=\"560\" height=\"315\" frameborder=\"0\" allowfullscreen data-src=\"https:\/\/www.youtube.com\/embed\/C5sWcHY33No\"><\/iframe><\/ls-layer><\/div><\/div>\t\t\t\t<\/div>\n\t\t\t\t<\/div>\n\t\t\t\t\t<\/div>\n\t\t<\/div>\n\t\t\t\t\t<\/div>\n\t\t<\/section>\n\t\t<div class=\"aux-parallax-section elementor-element elementor-element-90bb710 e-flex e-con-boxed e-con e-parent\" data-id=\"90bb710\" data-element_type=\"container\" data-e-type=\"container\">\n\t\t\t\t\t<div class=\"e-con-inner\">\n\t\t\t\t<div class=\"elementor-element elementor-element-f335d20 elementor-widget elementor-widget-layerslider\" data-id=\"f335d20\" data-element_type=\"widget\" data-e-type=\"widget\" data-widget_type=\"layerslider.default\">\n\t\t\t\t<div class=\"elementor-widget-container\">\n\t\t\t\t\t<script type=\"text\/javascript\">jQuery(function() { _initLayerSlider( '#layerslider_5_1uve0ehfwnuzz', {createdWith: '6.6.1', sliderVersion: '7.14.0', allowFullscreen: true, skin: 'noskin', sliderFadeInDuration: 350, globalBGColor: '#ffffff', globalBGSize: 'cover', navPrevNext: false, hoverPrevNext: false, navStartStop: false, navButtons: false, showCircleTimer: false, thumbnailNavigation: 'disabled', useSrcset: true, skinsPath: 'https:\/\/nuestrosescritores.com\/joseygiuseppe\/wp-content\/plugins\/LayerSlider\/assets\/static\/layerslider\/skins\/', performanceMode: true}); });<\/script><link href=\"https:\/\/fonts.googleapis.com\/css?family=Montserrat:100,100i,200,200i,300,300i,400,400i,500,500i,600,600i,700,700i,800,800i,900,900i%7CPoppins:100,100i,200,200i,300,300i,400,400i,500,500i,600,600i,700,700i,800,800i,900,900i\" rel=\"stylesheet\"><div id=\"layerslider_5_1uve0ehfwnuzz\"  class=\"ls-wp-container fitvidsignore ls-selectable\" style=\"width:1200px;height:600px;margin:0 auto;border-radius: 10px; overflow: hidden;\"><div class=\"ls-slide\" data-ls=\"bgcolor:#ffffff;duration:4000;timeshift:-500;\"><img loading=\"lazy\" decoding=\"async\" width=\"965\" height=\"907\" src=\"https:\/\/nuestrosescritores.com\/joseygiuseppe\/wp-content\/uploads\/sites\/190\/2024\/12\/book2-1.png\" class=\"ls-l ls-img-layer\" alt=\"\" srcset=\"https:\/\/nuestrosescritores.com\/joseygiuseppe\/wp-content\/uploads\/sites\/190\/2024\/12\/book2-1.png 965w, https:\/\/nuestrosescritores.com\/joseygiuseppe\/wp-content\/uploads\/sites\/190\/2024\/12\/book2-1-500x470.png 500w\" sizes=\"(max-width: 965px) 100vw, 965px\" style=\"top:32px;left:664px;text-align:initial;mix-blend-mode:normal;width:459px;height:445px;\" data-ls=\"showinfo:disabled;controls:disabled;offsetxin:700;delayin:100;easingin:easeOutQuint;offsetxout:-1000;easingout:easeInQuint;position:relative;\"><p style=\"top:255px;left:81px;text-align:initial;font-weight:600;mix-blend-mode:normal;font-family:Poppins;font-size:16px;line-height:34px;color:rgba(40, 47, 56, 0.6);width:420px;white-space:normal;\" class=\"ls-l ls-text-layer\" data-ls=\"showinfo:disabled;controls:disabled;offsetxin:700;easingin:easeOutQuint;offsetxout:-600;easingout:easeInCubic;texttransitionin:true;texttypein:lines_asc;textoffsetxin:100;textdurationin:900;texteasingin:easeOutQuint;textfadein:false;textstartatin:transitioninstart + 0;position:relative;\">GIUSEPPE CONCAS. JOS\u00c9 MART\u00cdNEZ GARC\u00cdA<\/p><p style=\"top:147px;left:81px;text-align:initial;font-weight:900;mix-blend-mode:normal;font-family:Montserrat;font-size:42px;line-height:54px;color:#282f37;width:420px;letter-spacing:0.5px;white-space:normal;\" class=\"ls-l ls-text-layer\" data-ls=\"showinfo:disabled;controls:disabled;offsetxin:700;easingin:easeOutQuint;offsetxout:-600;easingout:easeInCubic;texttransitionin:true;texttypein:lines_asc;textoffsetxin:100;textdurationin:900;texteasingin:easeOutQuint;textfadein:false;textstartatin:transitioninstart + 0;position:relative;\">DETALLES CON ALMA<\/p><a style=\"\" class=\"ls-l\" href=\"https:\/\/gepa.es\/producto\/detalles-con-alma-giuseppe-concas-jose-martinez-garcia\/\" target=\"_self\" data-ls=\"showinfo:disabled;controls:disabled;position:relative;\"><span style=\"top:378px;left:82px;text-align:center;font-weight:600;mix-blend-mode:normal;font-family:Montserrat;font-size:16px;line-height:46px;color:#ffffff;letter-spacing:0.5px;width:210px;height:46px;border-radius:25px;background-color:#4592fe;white-space:normal;\" class=\"ls-button-layer\">COMPRA AQU\u00cd<\/span><\/a><img loading=\"lazy\" decoding=\"async\" width=\"965\" height=\"907\" src=\"https:\/\/nuestrosescritores.com\/joseygiuseppe\/wp-content\/uploads\/sites\/190\/2024\/12\/book1-1.png\" class=\"ls-l ls-img-layer\" alt=\"\" srcset=\"https:\/\/nuestrosescritores.com\/joseygiuseppe\/wp-content\/uploads\/sites\/190\/2024\/12\/book1-1.png 965w, https:\/\/nuestrosescritores.com\/joseygiuseppe\/wp-content\/uploads\/sites\/190\/2024\/12\/book1-1-500x470.png 500w\" sizes=\"(max-width: 965px) 100vw, 965px\" style=\"top:515px;left:64px;text-align:initial;mix-blend-mode:normal;height:62px;\" data-ls=\"showinfo:disabled;controls:disabled;offsetyin:50;easingin:easeOutQuint;transitionout:false;static:forever;position:relative;\"><a style=\"\" class=\"ls-l\" href=\"#1\" target=\"_self\" data-ls=\"showinfo:disabled;controls:disabled;offsetyin:50;easingin:easeOutQuint;offsetxout:-600;easingout:easeInCubic;hover:true;hovereasingin:easeInOutQuint;hovercolor:#282f38;hoveralwaysontop:false;static:forever;position:relative;\"><p style=\"top:517px;left:179px;text-align:initial;font-weight:600;mix-blend-mode:normal;font-family:Poppins;font-size:15px;line-height:20px;color:rgba(40, 47, 56, 0.5);width:200px;white-space:normal;\" class=\"ls-text-layer\">DETALLES CON ALMA<\/p><\/a><p style=\"top:561px;left:179px;text-align:initial;font-weight:700;mix-blend-mode:normal;font-family:Poppins;font-size:15px;line-height:20px;color:rgba(40, 47, 56, 0.75);width:200px;white-space:normal;\" class=\"ls-l ls-text-layer\" data-ls=\"showinfo:disabled;controls:disabled;offsetyin:50;easingin:easeOutQuint;offsetxout:-600;easingout:easeInCubic;static:forever;position:relative;\">25 \u20ac<\/p><img loading=\"lazy\" decoding=\"async\" width=\"470\" height=\"482\" src=\"https:\/\/nuestrosescritores.com\/joseygiuseppe\/wp-content\/uploads\/sites\/190\/2024\/12\/JoseMartinezgarciaEscritor.png\" class=\"ls-l ls-img-layer\" alt=\"\" style=\"top:515px;left:431px;text-align:initial;mix-blend-mode:normal;height:62px;\" data-ls=\"showinfo:disabled;controls:disabled;offsetyin:50;delayin:100;easingin:easeOutQuint;transitionout:false;static:forever;position:relative;\"><img loading=\"lazy\" decoding=\"async\" width=\"473\" height=\"477\" src=\"https:\/\/nuestrosescritores.com\/joseygiuseppe\/wp-content\/uploads\/sites\/190\/2024\/12\/GiusepeConcasFotografo.png\" class=\"ls-l ls-img-layer\" alt=\"\" srcset=\"https:\/\/nuestrosescritores.com\/joseygiuseppe\/wp-content\/uploads\/sites\/190\/2024\/12\/GiusepeConcasFotografo.png 473w, https:\/\/nuestrosescritores.com\/joseygiuseppe\/wp-content\/uploads\/sites\/190\/2024\/12\/GiusepeConcasFotografo-150x150.png 150w\" sizes=\"(max-width: 473px) 100vw, 473px\" style=\"top:515px;left:491px;text-align:initial;mix-blend-mode:normal;height:62px;\" data-ls=\"showinfo:disabled;controls:disabled;offsetyin:50;delayin:100;easingin:easeOutQuint;transitionout:false;static:forever;position:relative;\"><a style=\"\" class=\"ls-l\" href=\"#2\" target=\"_self\" data-ls=\"showinfo:disabled;controls:disabled;offsetyin:50;delayin:100;easingin:easeOutQuint;offsetxout:-600;easingout:easeInCubic;hover:true;hovereasingin:easeInOutQuint;hovercolor:#282f38;hoveralwaysontop:false;static:forever;position:relative;\"><p style=\"top:517px;left:561px;text-align:initial;font-weight:600;mix-blend-mode:normal;font-family:Poppins;font-size:15px;line-height:20px;color:rgba(40, 47, 56, 0.5);width:200px;white-space:normal;\" class=\"ls-text-layer\">GIUSEPPE CONCAS. JOS\u00c9 MART\u00cdNEZ GARC\u00cdA<\/p><\/a><p style=\"top:561px;left:561px;text-align:initial;font-weight:700;mix-blend-mode:normal;font-family:Poppins;font-size:15px;line-height:20px;color:rgba(40, 47, 56, 0.75);width:200px;white-space:normal;\" class=\"ls-l ls-text-layer\" data-ls=\"showinfo:disabled;controls:disabled;offsetyin:50;delayin:100;easingin:easeOutQuint;offsetxout:-600;easingout:easeInCubic;static:forever;position:relative;\">FOT\u00d3GRAFO Y ESCRITOR<\/p><img loading=\"lazy\" decoding=\"async\" width=\"1280\" height=\"720\" src=\"https:\/\/nuestrosescritores.com\/joseygiuseppe\/wp-content\/uploads\/sites\/190\/2024\/12\/Youtube-1.png\" class=\"ls-l ls-img-layer\" alt=\"\" srcset=\"https:\/\/nuestrosescritores.com\/joseygiuseppe\/wp-content\/uploads\/sites\/190\/2024\/12\/Youtube-1.png 1280w, https:\/\/nuestrosescritores.com\/joseygiuseppe\/wp-content\/uploads\/sites\/190\/2024\/12\/Youtube-1-500x281.png 500w\" sizes=\"(max-width: 1280px) 100vw, 1280px\" style=\"top:515px;left:836px;text-align:initial;mix-blend-mode:normal;height:62px;\" data-ls=\"showinfo:disabled;controls:disabled;offsetyin:50;delayin:200;easingin:easeOutQuint;transitionout:false;static:forever;position:relative;\"><a style=\"\" class=\"ls-l\" href=\"#3\" target=\"_self\" data-ls=\"showinfo:disabled;controls:disabled;offsetyin:50;delayin:200;easingin:easeOutQuint;offsetxout:-600;easingout:easeInCubic;hover:true;hovereasingin:easeInOutQuint;hovercolor:#282f38;hoveralwaysontop:false;static:forever;position:relative;\"><p style=\"top:517px;left:951px;text-align:initial;font-weight:600;mix-blend-mode:normal;font-family:Poppins;font-size:15px;line-height:20px;color:rgba(40, 47, 56, 0.5);width:200px;white-space:normal;\" class=\"ls-text-layer\">BOOKTRAILER<\/p><\/a><div style=\"top:515px;left:399px;text-align:initial;mix-blend-mode:normal;width:2px;height:70px;background-color:#f3f2f7;\" class=\"ls-l ls-html-layer\" data-ls=\"showinfo:disabled;controls:disabled;static:forever;position:relative;\"><\/div><div style=\"top:515px;left:799px;text-align:initial;mix-blend-mode:normal;width:2px;height:70px;background-color:#f3f2f7;\" class=\"ls-l ls-html-layer\" data-ls=\"showinfo:disabled;controls:disabled;static:forever;position:relative;\"><\/div><div style=\"top:498px;left:50%;text-align:initial;mix-blend-mode:normal;width:1100px;height:2px;z-index:100;background-color:#f3f2f7;\" class=\"ls-l ls-html-layer\" data-ls=\"showinfo:disabled;controls:disabled;static:forever;position:relative;\"><\/div><div style=\"top:498px;left:70px;text-align:initial;opacity:0.7;mix-blend-mode:normal;width:310px;height:2px;background-color:#4592fe;\" class=\"ls-l ls-html-layer\" data-ls=\"showinfo:disabled;controls:disabled;scalexin:0;scalexout:0;position:relative;\"><\/div><div style=\"top:513px;left:61px;text-align:initial;mix-blend-mode:normal;width:328px;height:70px;font-size:17px;z-index:200;background-color:rgba(255, 255, 255, 0.03);\" class=\"ls-l ls-html-layer\" data-ls=\"showinfo:disabled;controls:disabled;hover:true;hovereasingin:easeInOutQuint;hoverbgcolor:rgba(255, 255, 255, 0.4);position:relative;\"><\/div><\/div><div class=\"ls-slide\" data-ls=\"bgcolor:#ffffff;duration:4000;timeshift:-500;\"><img loading=\"lazy\" decoding=\"async\" width=\"470\" height=\"482\" src=\"https:\/\/nuestrosescritores.com\/joseygiuseppe\/wp-content\/uploads\/sites\/190\/2024\/12\/JoseMartinezgarciaEscritor.png\" class=\"ls-l ls-img-layer\" alt=\"\" style=\"top:78px;left:783px;text-align:initial;mix-blend-mode:normal;width:406px;height:402px;\" data-ls=\"showinfo:disabled;controls:disabled;offsetxin:700;delayin:100;easingin:easeOutQuint;offsetxout:-1000;easingout:easeInQuint;position:relative;\"><img loading=\"lazy\" decoding=\"async\" width=\"473\" height=\"477\" src=\"https:\/\/nuestrosescritores.com\/joseygiuseppe\/wp-content\/uploads\/sites\/190\/2024\/12\/GiusepeConcasFotografo.png\" class=\"ls-l ls-img-layer\" alt=\"\" srcset=\"https:\/\/nuestrosescritores.com\/joseygiuseppe\/wp-content\/uploads\/sites\/190\/2024\/12\/GiusepeConcasFotografo.png 473w, https:\/\/nuestrosescritores.com\/joseygiuseppe\/wp-content\/uploads\/sites\/190\/2024\/12\/GiusepeConcasFotografo-150x150.png 150w\" sizes=\"(max-width: 473px) 100vw, 473px\" style=\"top:97px;left:450px;text-align:initial;mix-blend-mode:normal;width:387px;height:383px;\" data-ls=\"showinfo:disabled;controls:disabled;offsetxin:700;delayin:100;easingin:easeOutQuint;offsetxout:-1000;easingout:easeInQuint;position:relative;\"><p style=\"top:56px;left:81px;text-align:initial;font-weight:900;mix-blend-mode:normal;font-family:Montserrat;font-size:42px;line-height:54px;color:#282f37;width:420px;letter-spacing:0.5px;white-space:normal;\" class=\"ls-l ls-text-layer\" data-ls=\"showinfo:disabled;controls:disabled;offsetxin:700;easingin:easeOutQuint;offsetxout:-600;easingout:easeInCubic;texttransitionin:true;texttypein:lines_asc;textoffsetxin:100;textdurationin:900;texteasingin:easeOutQuint;textfadein:false;textstartatin:transitioninstart + 0;position:relative;\">GIUSEPPE CONCAS. JOS\u00c9 MART\u00cdNEZ GARC\u00cdA<\/p><p style=\"top:272px;left:81px;text-align:initial;font-weight:600;mix-blend-mode:normal;font-family:Poppins;font-size:16px;line-height:34px;color:rgba(40, 47, 56, 0.6);width:420px;white-space:normal;\" class=\"ls-l ls-text-layer\" data-ls=\"showinfo:disabled;controls:disabled;offsetxin:700;easingin:easeOutQuint;offsetxout:-600;easingout:easeInCubic;texttransitionin:true;texttypein:lines_asc;textoffsetxin:100;textdurationin:900;texteasingin:easeOutQuint;textfadein:false;textstartatin:transitioninstart + 0;position:relative;\">FOT\u00d3GRAFO Y ESCRITOR<\/p><a style=\"\" class=\"ls-l\" href=\"https:\/\/librodepoesia.com\/libro\/entre-el-miedo-y-la-ausencia-mi-soledad-conversada-juan-carlos-barcelo-sanchez\/\" target=\"_self\" data-ls=\"showinfo:disabled;controls:disabled;position:relative;\"><span style=\"top:378px;left:82px;text-align:center;font-weight:600;mix-blend-mode:normal;font-family:Montserrat;font-size:16px;line-height:46px;color:#ffffff;letter-spacing:0.5px;width:210px;height:46px;border-radius:25px;background-color:#4592fe;white-space:normal;\" class=\"ls-button-layer\">25 \u20ac | Compra su libro<\/span><\/a><div style=\"top:498px;left:445px;text-align:initial;opacity:0.7;mix-blend-mode:normal;width:310px;height:2px;background-color:#4592fe;\" class=\"ls-l ls-html-layer\" data-ls=\"showinfo:disabled;controls:disabled;scalexin:0;scalexout:0;position:relative;\"><\/div><div style=\"top:513px;left:436px;text-align:initial;mix-blend-mode:normal;width:328px;height:70px;font-size:17px;z-index:200;background-color:rgba(255, 255, 255, 0.03);\" class=\"ls-l ls-html-layer\" data-ls=\"showinfo:disabled;controls:disabled;hover:true;hovereasingin:easeInOutQuint;hoverbgcolor:rgba(255, 255, 255, 0.4);position:relative;\"><\/div><\/div><div class=\"ls-slide\" data-ls=\"bgcolor:#ffffff;duration:4000;timeshift:-500;\"><p style=\"top:188px;left:81px;text-align:initial;font-weight:900;mix-blend-mode:normal;font-family:Montserrat;font-size:42px;line-height:54px;color:#282f37;width:440px;letter-spacing:0.5px;white-space:normal;\" class=\"ls-l ls-text-layer\" data-ls=\"showinfo:disabled;controls:disabled;offsetxin:700;easingin:easeOutQuint;offsetxout:-600;easingout:easeInCubic;texttransitionin:true;texttypein:lines_asc;textoffsetxin:100;textdurationin:900;texteasingin:easeOutQuint;textfadein:false;textstartatin:transitioninstart + 0;position:relative;\">BOOKTRAILER<\/p><p style=\"top:242px;left:81px;text-align:initial;font-weight:600;mix-blend-mode:normal;font-family:Poppins;font-size:16px;line-height:34px;color:rgba(40, 47, 56, 0.6);width:420px;white-space:normal;\" class=\"ls-l ls-text-layer\" data-ls=\"showinfo:disabled;controls:disabled;offsetxin:700;easingin:easeOutQuint;offsetxout:-600;easingout:easeInCubic;texttransitionin:true;texttypein:lines_asc;textoffsetxin:100;textdurationin:900;texteasingin:easeOutQuint;textfadein:false;textstartatin:transitioninstart + 0;position:relative;\">DETALLES CON ALMA<\/p><div style=\"top:498px;left:823px;text-align:initial;opacity:0.7;mix-blend-mode:normal;width:310px;height:2px;background-color:#4592fe;\" class=\"ls-l ls-html-layer\" data-ls=\"showinfo:disabled;controls:disabled;scalexin:0;scalexout:0;position:relative;\"><\/div><div style=\"top:513px;left:828px;text-align:initial;mix-blend-mode:normal;width:328px;height:70px;font-size:17px;z-index:200;background-color:rgba(255, 255, 255, 0.03);\" class=\"ls-l ls-html-layer\" data-ls=\"showinfo:disabled;controls:disabled;hover:true;hovereasingin:easeInOutQuint;hoverbgcolor:rgba(255, 255, 255, 0.4);position:relative;\"><\/div><ls-layer style=\"overflow:visible;top:94px;left:545px;\" class=\"ls-l ls-media-layer\" data-ls=\"autoplay:enabled;showinfo:enabled;controls:enabled;poster:https:\/\/nuestrosescritores.com\/joseygiuseppe\/wp-content\/uploads\/sites\/190\/2024\/12\/Youtube.png;muted:enabled;loopmedia:disabled;\"><iframe width=\"560\" height=\"315\" title=\"YouTube video player\" frameborder=\"0\" allow=\"accelerometer; autoplay; clipboard-write; encrypted-media; gyroscope; picture-in-picture; web-share\" referrerpolicy=\"strict-origin-when-cross-origin\" allowfullscreen data-src=\"https:\/\/www.youtube.com\/embed\/C5sWcHY33No?si=4AE9DLnXmU9sON3V\"><\/iframe><\/ls-layer><\/div><\/div>\t\t\t\t<\/div>\n\t\t\t\t<\/div>\n\t\t\t\t\t<\/div>\n\t\t\t\t<\/div>\n\t\t\t\t<\/div>\n\t\t","protected":false},"excerpt":{"rendered":"<p>T\u00edtulo: DETALLES CON ALMA \u00a0 Autor: GIUSEPPE CONCAS. JOS\u00c9 MART\u00cdNEZ GARC\u00cdA \u00a0 A\u00f1o de Publicaci\u00f3n: 2024 \u00a0 Editorial: Poes\u00eda eres t\u00fa https:\/\/www.poesiaerestu.com \u00a0 ISBN-13: 978-84-18893-87-2 \u00a0 PVP: 25 Euros (IVA Incluido). \u00a0 P\u00e1gs. 210 \u00a0 \u00a0 \u00a0 \u00a0 \u00a0 RESE\u00d1A: \u00a0 El libro que el lector tiene en sus manos, es una obra \u00fanica que [&hellip;]<\/p>\n","protected":false},"author":1,"featured_media":0,"parent":0,"menu_order":0,"comment_status":"closed","ping_status":"closed","template":"","meta":{"_acf_changed":false,"footnotes":""},"class_list":["post-58","page","type-page","status-publish","hentry"],"acf":[],"yoast_head":"<!-- This site is optimized with the Yoast SEO Premium plugin v24.7 (Yoast SEO v27.4) - https:\/\/yoast.com\/product\/yoast-seo-premium-wordpress\/ -->\n<title>DETALLES CON ALMA - Jos\u00e9 Mart\u00ednez Garc\u00eda y Giuseppe Concas<\/title>\n<meta name=\"description\" content=\"Detalles con alma es el libro de poes\u00eda y fotograf\u00eda de Jos\u00e9 Mart\u00ednez Garc\u00eda y Giuseppe Concas. Acaban de publicar un libro con la Editorial Poes\u00eda eres t\u00fa.\" \/>\n<meta name=\"robots\" content=\"index, follow, max-snippet:-1, max-image-preview:large, max-video-preview:-1\" \/>\n<link rel=\"canonical\" href=\"https:\/\/nuestrosescritores.com\/joseygiuseppe\/detalles-con-alma\/\" \/>\n<meta property=\"og:locale\" content=\"es_ES\" \/>\n<meta property=\"og:type\" content=\"article\" \/>\n<meta property=\"og:title\" content=\"DETALLES CON ALMA\" \/>\n<meta property=\"og:description\" content=\"Detalles con alma es el libro de poes\u00eda y fotograf\u00eda de Jos\u00e9 Mart\u00ednez Garc\u00eda y Giuseppe Concas. Acaban de publicar un libro con la Editorial Poes\u00eda eres t\u00fa.\" \/>\n<meta property=\"og:url\" content=\"https:\/\/nuestrosescritores.com\/joseygiuseppe\/detalles-con-alma\/\" \/>\n<meta property=\"og:site_name\" content=\"Jos\u00e9 Mart\u00ednez Garc\u00eda y Giuseppe Concas\" \/>\n<meta property=\"article:modified_time\" content=\"2024-12-26T15:45:00+00:00\" \/>\n<meta property=\"og:image\" content=\"https:\/\/nuestrosescritores.com\/joseygiuseppe\/wp-content\/uploads\/sites\/190\/2024\/12\/0_Portada_Detallesconalma.jpg\" \/>\n\t<meta property=\"og:image:width\" content=\"643\" \/>\n\t<meta property=\"og:image:height\" content=\"907\" \/>\n\t<meta property=\"og:image:type\" content=\"image\/jpeg\" \/>\n<meta name=\"twitter:card\" content=\"summary_large_image\" \/>\n<meta name=\"twitter:label1\" content=\"Tiempo de lectura\" \/>\n\t<meta name=\"twitter:data1\" content=\"35 minutos\" \/>\n<script type=\"application\/ld+json\" class=\"yoast-schema-graph\">{\"@context\":\"https:\\\/\\\/schema.org\",\"@graph\":[{\"@type\":\"WebPage\",\"@id\":\"https:\\\/\\\/nuestrosescritores.com\\\/joseygiuseppe\\\/detalles-con-alma\\\/\",\"url\":\"https:\\\/\\\/nuestrosescritores.com\\\/joseygiuseppe\\\/detalles-con-alma\\\/\",\"name\":\"DETALLES CON ALMA - Jos\u00e9 Mart\u00ednez Garc\u00eda y Giuseppe Concas\",\"isPartOf\":{\"@id\":\"https:\\\/\\\/nuestrosescritores.com\\\/joseygiuseppe\\\/#website\"},\"primaryImageOfPage\":{\"@id\":\"https:\\\/\\\/nuestrosescritores.com\\\/joseygiuseppe\\\/detalles-con-alma\\\/#primaryimage\"},\"image\":{\"@id\":\"https:\\\/\\\/nuestrosescritores.com\\\/joseygiuseppe\\\/detalles-con-alma\\\/#primaryimage\"},\"thumbnailUrl\":\"http:\\\/\\\/nuestrosescritores.com\\\/joseygiuseppe\\\/wp-content\\\/uploads\\\/sites\\\/190\\\/2024\\\/12\\\/0_Portada_Detallesconalma.jpg\",\"datePublished\":\"2024-12-23T19:48:38+00:00\",\"dateModified\":\"2024-12-26T15:45:00+00:00\",\"description\":\"Detalles con alma es el libro de poes\u00eda y fotograf\u00eda de Jos\u00e9 Mart\u00ednez Garc\u00eda y Giuseppe Concas. Acaban de publicar un libro con la Editorial Poes\u00eda eres t\u00fa.\",\"breadcrumb\":{\"@id\":\"https:\\\/\\\/nuestrosescritores.com\\\/joseygiuseppe\\\/detalles-con-alma\\\/#breadcrumb\"},\"inLanguage\":\"es\",\"potentialAction\":[{\"@type\":\"ReadAction\",\"target\":[\"https:\\\/\\\/nuestrosescritores.com\\\/joseygiuseppe\\\/detalles-con-alma\\\/\"]}]},{\"@type\":\"ImageObject\",\"inLanguage\":\"es\",\"@id\":\"https:\\\/\\\/nuestrosescritores.com\\\/joseygiuseppe\\\/detalles-con-alma\\\/#primaryimage\",\"url\":\"https:\\\/\\\/nuestrosescritores.com\\\/joseygiuseppe\\\/wp-content\\\/uploads\\\/sites\\\/190\\\/2024\\\/12\\\/0_Portada_Detallesconalma.jpg\",\"contentUrl\":\"https:\\\/\\\/nuestrosescritores.com\\\/joseygiuseppe\\\/wp-content\\\/uploads\\\/sites\\\/190\\\/2024\\\/12\\\/0_Portada_Detallesconalma.jpg\",\"width\":643,\"height\":907},{\"@type\":\"BreadcrumbList\",\"@id\":\"https:\\\/\\\/nuestrosescritores.com\\\/joseygiuseppe\\\/detalles-con-alma\\\/#breadcrumb\",\"itemListElement\":[{\"@type\":\"ListItem\",\"position\":1,\"name\":\"Portada\",\"item\":\"https:\\\/\\\/nuestrosescritores.com\\\/joseygiuseppe\\\/\"},{\"@type\":\"ListItem\",\"position\":2,\"name\":\"DETALLES CON ALMA\"}]},{\"@type\":\"WebSite\",\"@id\":\"https:\\\/\\\/nuestrosescritores.com\\\/joseygiuseppe\\\/#website\",\"url\":\"https:\\\/\\\/nuestrosescritores.com\\\/joseygiuseppe\\\/\",\"name\":\"Nuestros escritores\",\"description\":\"Escritor y Fot\u00f3grafo\",\"potentialAction\":[{\"@type\":\"SearchAction\",\"target\":{\"@type\":\"EntryPoint\",\"urlTemplate\":\"https:\\\/\\\/nuestrosescritores.com\\\/joseygiuseppe\\\/?s={search_term_string}\"},\"query-input\":{\"@type\":\"PropertyValueSpecification\",\"valueRequired\":true,\"valueName\":\"search_term_string\"}}],\"inLanguage\":\"es\"}]}<\/script>\n<!-- \/ Yoast SEO Premium plugin. -->","yoast_head_json":{"title":"DETALLES CON ALMA - Jos\u00e9 Mart\u00ednez Garc\u00eda y Giuseppe Concas","description":"Detalles con alma es el libro de poes\u00eda y fotograf\u00eda de Jos\u00e9 Mart\u00ednez Garc\u00eda y Giuseppe Concas. Acaban de publicar un libro con la Editorial Poes\u00eda eres t\u00fa.","robots":{"index":"index","follow":"follow","max-snippet":"max-snippet:-1","max-image-preview":"max-image-preview:large","max-video-preview":"max-video-preview:-1"},"canonical":"https:\/\/nuestrosescritores.com\/joseygiuseppe\/detalles-con-alma\/","og_locale":"es_ES","og_type":"article","og_title":"DETALLES CON ALMA","og_description":"Detalles con alma es el libro de poes\u00eda y fotograf\u00eda de Jos\u00e9 Mart\u00ednez Garc\u00eda y Giuseppe Concas. Acaban de publicar un libro con la Editorial Poes\u00eda eres t\u00fa.","og_url":"https:\/\/nuestrosescritores.com\/joseygiuseppe\/detalles-con-alma\/","og_site_name":"Jos\u00e9 Mart\u00ednez Garc\u00eda y Giuseppe Concas","article_modified_time":"2024-12-26T15:45:00+00:00","og_image":[{"width":643,"height":907,"url":"https:\/\/nuestrosescritores.com\/joseygiuseppe\/wp-content\/uploads\/sites\/190\/2024\/12\/0_Portada_Detallesconalma.jpg","type":"image\/jpeg"}],"twitter_card":"summary_large_image","twitter_misc":{"Tiempo de lectura":"35 minutos"},"schema":{"@context":"https:\/\/schema.org","@graph":[{"@type":"WebPage","@id":"https:\/\/nuestrosescritores.com\/joseygiuseppe\/detalles-con-alma\/","url":"https:\/\/nuestrosescritores.com\/joseygiuseppe\/detalles-con-alma\/","name":"DETALLES CON ALMA - Jos\u00e9 Mart\u00ednez Garc\u00eda y Giuseppe Concas","isPartOf":{"@id":"https:\/\/nuestrosescritores.com\/joseygiuseppe\/#website"},"primaryImageOfPage":{"@id":"https:\/\/nuestrosescritores.com\/joseygiuseppe\/detalles-con-alma\/#primaryimage"},"image":{"@id":"https:\/\/nuestrosescritores.com\/joseygiuseppe\/detalles-con-alma\/#primaryimage"},"thumbnailUrl":"http:\/\/nuestrosescritores.com\/joseygiuseppe\/wp-content\/uploads\/sites\/190\/2024\/12\/0_Portada_Detallesconalma.jpg","datePublished":"2024-12-23T19:48:38+00:00","dateModified":"2024-12-26T15:45:00+00:00","description":"Detalles con alma es el libro de poes\u00eda y fotograf\u00eda de Jos\u00e9 Mart\u00ednez Garc\u00eda y Giuseppe Concas. Acaban de publicar un libro con la Editorial Poes\u00eda eres t\u00fa.","breadcrumb":{"@id":"https:\/\/nuestrosescritores.com\/joseygiuseppe\/detalles-con-alma\/#breadcrumb"},"inLanguage":"es","potentialAction":[{"@type":"ReadAction","target":["https:\/\/nuestrosescritores.com\/joseygiuseppe\/detalles-con-alma\/"]}]},{"@type":"ImageObject","inLanguage":"es","@id":"https:\/\/nuestrosescritores.com\/joseygiuseppe\/detalles-con-alma\/#primaryimage","url":"https:\/\/nuestrosescritores.com\/joseygiuseppe\/wp-content\/uploads\/sites\/190\/2024\/12\/0_Portada_Detallesconalma.jpg","contentUrl":"https:\/\/nuestrosescritores.com\/joseygiuseppe\/wp-content\/uploads\/sites\/190\/2024\/12\/0_Portada_Detallesconalma.jpg","width":643,"height":907},{"@type":"BreadcrumbList","@id":"https:\/\/nuestrosescritores.com\/joseygiuseppe\/detalles-con-alma\/#breadcrumb","itemListElement":[{"@type":"ListItem","position":1,"name":"Portada","item":"https:\/\/nuestrosescritores.com\/joseygiuseppe\/"},{"@type":"ListItem","position":2,"name":"DETALLES CON ALMA"}]},{"@type":"WebSite","@id":"https:\/\/nuestrosescritores.com\/joseygiuseppe\/#website","url":"https:\/\/nuestrosescritores.com\/joseygiuseppe\/","name":"Nuestros escritores","description":"Escritor y Fot\u00f3grafo","potentialAction":[{"@type":"SearchAction","target":{"@type":"EntryPoint","urlTemplate":"https:\/\/nuestrosescritores.com\/joseygiuseppe\/?s={search_term_string}"},"query-input":{"@type":"PropertyValueSpecification","valueRequired":true,"valueName":"search_term_string"}}],"inLanguage":"es"}]}},"_links":{"self":[{"href":"https:\/\/nuestrosescritores.com\/joseygiuseppe\/wp-json\/wp\/v2\/pages\/58","targetHints":{"allow":["GET"]}}],"collection":[{"href":"https:\/\/nuestrosescritores.com\/joseygiuseppe\/wp-json\/wp\/v2\/pages"}],"about":[{"href":"https:\/\/nuestrosescritores.com\/joseygiuseppe\/wp-json\/wp\/v2\/types\/page"}],"author":[{"embeddable":true,"href":"https:\/\/nuestrosescritores.com\/joseygiuseppe\/wp-json\/wp\/v2\/users\/1"}],"replies":[{"embeddable":true,"href":"https:\/\/nuestrosescritores.com\/joseygiuseppe\/wp-json\/wp\/v2\/comments?post=58"}],"version-history":[{"count":0,"href":"https:\/\/nuestrosescritores.com\/joseygiuseppe\/wp-json\/wp\/v2\/pages\/58\/revisions"}],"wp:attachment":[{"href":"https:\/\/nuestrosescritores.com\/joseygiuseppe\/wp-json\/wp\/v2\/media?parent=58"}],"curies":[{"name":"wp","href":"https:\/\/api.w.org\/{rel}","templated":true}]}}