{"id":13,"date":"2025-01-04T17:17:23","date_gmt":"2025-01-04T16:17:23","guid":{"rendered":"https:\/\/nuestrosescritores.com\/joseluisperezfuentes\/?page_id=13"},"modified":"2025-01-04T19:47:56","modified_gmt":"2025-01-04T18:47:56","slug":"escritor","status":"publish","type":"page","link":"https:\/\/nuestrosescritores.com\/joseluisperezfuentes\/","title":{"rendered":"ESCRITOR"},"content":{"rendered":"<div class=\"wpb-content-wrapper\">[vc_row full_width=&#8221;stretch_row_content_no_spaces&#8221;][vc_column extend=&#8221;false&#8221;][layerslider_vc id=&#8221;5&#8243;][\/vc_column][\/vc_row][vc_row full_width=&#8221;stretch_row_content_no_spaces&#8221; full_height=&#8221;yes&#8221; content_placement=&#8221;middle&#8221; bg_type=&#8221;bg_color&#8221; bg_color_value=&#8221;#000000&#8243;][vc_column extend=&#8221;false&#8221;][layerslider_vc id=&#8221;2&#8243;][\/vc_column][\/vc_row][vc_row extend=&#8221;false&#8221; design__empty_1=&#8221;&#8221; background=&#8221;&#8221; background_image_type=&#8221;static&#8221; background_image__effect=&#8221;&#8221; bg_size=&#8221;initial&#8221; bg_position=&#8221;center-center&#8221; row_bg_image=&#8221;&#8221; bg_repeat=&#8221;no-repeat&#8221; background_image_type__bg_color=&#8221;rgba(255, 255, 255, 1)&#8221; row_bg_parallax_images=&#8221;&#8221; row_bg_slideshow_images=&#8221;&#8221; background_video_type=&#8221;youtube&#8221; background_video__youtube__url=&#8221;&#8221; background_video__youtube__parallax=&#8221;&#8221; background_video__youtube__options=&#8221;&#8221; background_video__youtube__fallback_image=&#8221;&#8221; background_video__hosted__mp4=&#8221;&#8221; background_video__hosted__webm=&#8221;&#8221; background_video__hosted__ogv=&#8221;&#8221; background_video__hosted__parallax=&#8221;&#8221; background_video__hosted__options=&#8221;&#8221; background_video__hosted__fallback_image=&#8221;&#8221; background_color_type=&#8221;color&#8221; bg__empty_1=&#8221;&#8221; background_color_type__gradient_color1=&#8221;rgba(44, 74, 228, 1)&#8221; background_color_type__gradient_color2=&#8221;rgba(44, 74, 228, 1)&#8221; background_color_type__color_color1=&#8221;rgba(44, 74, 228, 1)&#8221; bg__empty_2=&#8221;&#8221; background_color__effect=&#8221;&#8221; background_color__direction=&#8221;left-to-right&#8221; settings__tag_1=&#8221;&#8221; viewport_lg=&#8221;&#8221; viewport_md=&#8221;&#8221; viewport_sm=&#8221;&#8221; viewport_xs=&#8221;&#8221; settings__empty_1=&#8221;&#8221; version=&#8221;1&#8243;][vc_column width=&#8221;1\/2&#8243; extend=&#8221;false&#8221;]<div class=\"ult-content-box-container \" >\t\t<div class=\"ult-content-box\" style=\"background-color:rgba(255,255,255,0.49);box-shadow: px px 8px px #f2f2f2 none;border-style:none;-webkit-transition: all 700ms ease;-moz-transition: all 700ms ease;-ms-transition: all 700ms ease;-o-transition: all 700ms ease;transition: all 700ms ease;\"  data-hover_box_shadow=\"none\"     data-bg=\"rgba(255,255,255,0.49)\"  data-border_color=\"\" >[vc_column_text css=&#8221;.vc_custom_1736007193669{padding-top: 15% !important;padding-right: 15% !important;padding-bottom: 15% !important;padding-left: 15% !important;}&#8221;]Jos\u00e9 Luis P\u00e9rez Fuentes es un destacado escritor y poeta gallego nacido en A Coru\u00f1a el 23 de abril de 1941.<\/p>\n<p>Su trayectoria literaria comenz\u00f3 durante sus a\u00f1os universitarios, donde demostr\u00f3 un talento excepcional para la poes\u00eda tanto en castellano como en gallego.Durante su etapa en la Universidad de Santiago de Compostela, P\u00e9rez Fuentes obtuvo varios reconocimientos importantes:<\/p>\n<ul>\n<li>En 1961, gan\u00f3 el Primer premio nacional y flor natural para poes\u00eda universitaria en lengua castellana.<\/li>\n<li>En 1963, recibi\u00f3 el Segundo premio nacional y menci\u00f3n de honor para poes\u00eda en lengua gallega.<\/li>\n<\/ul>\n<p>Su talento po\u00e9tico fue reconocido por la Universidad de Santiago de Compostela, que lo design\u00f3 como el \u00fanico poeta para recitar un poema propio ante la tumba de Ram\u00f3n Mar\u00eda del Valle-Incl\u00e1n en el vig\u00e9simo quinto aniversario de su muerte.<\/p>\n<p>Posteriormente, mientras estudiaba Filolog\u00eda Hisp\u00e1nica y Lenguas y Literaturas Rom\u00e1nicas en la Universidad Complutense de Madrid, P\u00e9rez Fuentes continu\u00f3 cosechando \u00e9xitos literarios. En 2005, obtuvo el Tercer premio nacional de poes\u00eda Vicente Aleixandre.<\/p>\n<p>Aunque su carrera profesional se desarroll\u00f3 principalmente en el campo de la publicidad, donde ocup\u00f3 cargos directivos en varias agencias multinacionales antes de fundar su propia agencia, P\u00e9rez Fuentes nunca abandon\u00f3 su pasi\u00f3n por la escritura.<\/p>\n<p>Actualmente jubilado y residiendo en un pueblo de Madrid, contin\u00faa dedic\u00e1ndose a la creaci\u00f3n literaria.<\/p>\n<p>La obra de Jos\u00e9 Luis P\u00e9rez Fuentes se caracteriza por su versatilidad ling\u00fc\u00edstica, escribiendo tanto en castellano como en gallego, y por su capacidad para destacar en cert\u00e1menes po\u00e9ticos de prestigio nacional. Su trayectoria literaria, que abarca m\u00e1s de seis d\u00e9cadas, lo posiciona como una figura relevante en el panorama po\u00e9tico espa\u00f1ol contempor\u00e1neo.<\/p>\n<p>&nbsp;<\/p>\n<span class='bctt-click-to-tweet'><span class='bctt-ctt-text'><a href='https:\/\/x.com\/intent\/tweet?url=https%3A%2F%2Fnuestrosescritores.com%2Fjoseluisperezfuentes%2F&#038;text=Jos%C3%A9%20Luis%20P%C3%A9rez%20Fuentes.%20Escritor.&#038;related' target='_blank'rel=\"noopener noreferrer\">Jos\u00e9 Luis P\u00e9rez Fuentes. Escritor. <\/a><\/span><a href='https:\/\/x.com\/intent\/tweet?url=https%3A%2F%2Fnuestrosescritores.com%2Fjoseluisperezfuentes%2F&#038;text=Jos%C3%A9%20Luis%20P%C3%A9rez%20Fuentes.%20Escritor.&#038;related' target='_blank' class='bctt-ctt-btn'rel=\"noopener noreferrer\">Compartir en X<\/a><\/span>[\/vc_column_text]\t\t<\/div><\/div>[\/vc_column][vc_column width=&#8221;1\/2&#8243; extend=&#8221;false&#8221;]<div class=\"gambit_fullheight_row\" data-content-location=\"center\" style=\"display: none\"><\/div><div id=\"rowvcpt-row-settings\" class=\"rowvcpt-row-set RowVcPt-row-setting69f1fb3b9fefd \" data-no=\"RowVcPt-row-setting69f1fb3b9fefd\"><div  id=\"bgGallaryslide69f1fb3b9ff03\" class=\"rowvcpt-slideshow \"><\/div><script type=\"text\/javascript\">\n(function($) {\n$(\"#bgGallaryslide69f1fb3b9ff03\").vegas({\n        overlay: \"https:\/\/nuestrosescritores.com\/joseluisperezfuentes\/wp-content\/plugins\/ultimate-row-background\/css\/overlays\/0'.esc_attr(1.png).'\",\n        transitionDuration: 4e3,\n        delay: 7000,\n        slides: [{src: \"https:\/\/nuestrosescritores.com\/joseluisperezfuentes\/wp-content\/uploads\/sites\/192\/2025\/01\/qrvy1g2urda.jpg\",transition: \"fade2\",transitionDuration: 5000},{src: \"https:\/\/nuestrosescritores.com\/joseluisperezfuentes\/wp-content\/uploads\/sites\/192\/2025\/01\/w3g70a_meri.jpg\",transition: \"fade2\",transitionDuration: 5000},{src: \"https:\/\/nuestrosescritores.com\/joseluisperezfuentes\/wp-content\/uploads\/sites\/192\/2025\/01\/ciffdn_gqoa.jpg\",transition: \"fade2\",transitionDuration: 5000},]\n    });\t\t\n})(jQuery);\n<\/script><div class=\"rowvcpt-overlay\" style=\"background:rgba(255,255,255,0.69)\"><\/div><\/div>[vc_single_image image=&#8221;11&#8243; img_size=&#8221;full&#8221; alignment=&#8221;center&#8221; css=&#8221;&#8221;][\/vc_column][\/vc_row][vc_row full_height=&#8221;yes&#8221; equal_height=&#8221;yes&#8221; content_placement=&#8221;middle&#8221; css_animation=&#8221;appear&#8221; css=&#8221;.vc_custom_1638093275611{background-position: center !important;background-repeat: no-repeat !important;background-size: cover !important;}&#8221;][vc_column extend=&#8221;false&#8221;]<div class=\"ult-spacer spacer-69f1fb3ba07c1\" data-id=\"69f1fb3ba07c1\" data-height=\"500\" data-height-mobile=\"500\" data-height-tab=\"500\" data-height-tab-portrait=\"\" data-height-mobile-landscape=\"\" style=\"clear:both;display:block;\"><\/div><div id=\"rowvcpt-row-settings\" class=\"rowvcpt-row-set RowVcPt-row-setting69f1fb3ba07ea \" data-no=\"RowVcPt-row-setting69f1fb3ba07ea\"><div class=\"columns-bg-wrap columns-bg-anim-colors columns-bg-image  columns_animated_bg columns-right-animation\" id=\"RowVcPt-image-bg-69f1fb3ba07e9\"   data-direction=\"right\" data-parallax_sense=\"30\" src=\"https:\/\/nuestrosescritores.com\/joseluisperezfuentes\/wp-content\/uploads\/sites\/192\/2025\/01\/uaxh9je7rmc.jpg\" style=\"background-image: url(https:\/\/nuestrosescritores.com\/joseluisperezfuentes\/wp-content\/uploads\/sites\/192\/2025\/01\/uaxh9je7rmc.jpg);background-position: center center;background-size: cover;background-attachment: fixed;\"><\/div><\/div>[\/vc_column][\/vc_row][vc_row full_width=&#8221;stretch_row_content_no_spaces&#8221; full_height=&#8221;yes&#8221; content_placement=&#8221;middle&#8221;][vc_column extend=&#8221;false&#8221;]<div class=\"gambit_fullheight_row\" data-content-location=\"center\" style=\"display: none\"><\/div><div id=\"rowvcpt-row-settings\" class=\"rowvcpt-row-set RowVcPt-row-setting69f1fb3ba0aea \" data-no=\"RowVcPt-row-setting69f1fb3ba0aea\"><div  id=\"bgGallaryslide69f1fb3ba0aee\" class=\"rowvcpt-slideshow \"><\/div><script type=\"text\/javascript\">\n(function($) {\n$(\"#bgGallaryslide69f1fb3ba0aee\").vegas({\n        overlay: \"https:\/\/nuestrosescritores.com\/joseluisperezfuentes\/wp-content\/plugins\/ultimate-row-background\/css\/overlays\/0'.esc_attr(2.png).'\",\n        transitionDuration: 4e3,\n        delay: 7000,\n        slides: [{src: \"https:\/\/nuestrosescritores.com\/joseluisperezfuentes\/wp-content\/uploads\/sites\/192\/2025\/01\/w3g70a_meri.jpg\",transition: \"fade2\",transitionDuration: 5000},{src: \"https:\/\/nuestrosescritores.com\/joseluisperezfuentes\/wp-content\/uploads\/sites\/192\/2025\/01\/qrvy1g2urda.jpg\",transition: \"fade2\",transitionDuration: 5000},{src: \"https:\/\/nuestrosescritores.com\/joseluisperezfuentes\/wp-content\/uploads\/sites\/192\/2025\/01\/ciffdn_gqoa-1.jpg\",transition: \"fade2\",transitionDuration: 5000},{src: \"https:\/\/nuestrosescritores.com\/joseluisperezfuentes\/wp-content\/uploads\/sites\/192\/2025\/01\/nevcy-fzzjc.jpg\",transition: \"fade2\",transitionDuration: 5000},]\n    });\t\t\n})(jQuery);\n<\/script><div class=\"rowvcpt-overlay\" style=\"background:rgba(255,255,255,0.69)\"><\/div><\/div><div id=\"uvc-type-wrap-7378\"  data-ultimate-target='#uvc-type-wrap-7378'  data-responsive-json-new='{\"font-size\":\"\",\"line-height\":\"\"}'  class=\"uvc-type-wrap vc_custom_1736007158747 ult-adjust-bottom-margin ult-responsive  uvc-type-align-center uvc-type-no-prefix uvc-wrap-11041353369f1fb3ba1094\" style=\"text-align:center;\"><span id=\"typed-11041353369f1fb3ba1094\" class=\"ultimate-typed-main \" style=\" font-weight:bold; text-transform: unset;\"><\/span><script type=\"text\/javascript\">\n\t\t\t\t\t\tjQuery(function($){ \n\t\t\t\t\t\t\t$(document).ready(function(){\n\t\t\t\t\t\t\t\tif( typeof jQuery(\"#typed-11041353369f1fb3ba1094\").typed == \"function\"){\n\t\t\t\t\t\t\t\t\t$(\"#typed-11041353369f1fb3ba1094\").typed({\n\t\t\t\t\t\t\t\t\t\tstrings: [\"El autor, Jos\u00e9 Luis P\u00e9rez Fuentes, naci\u00f3 en A Coru\u00f1a el 23 de Abril de 1941, estudi\u00f3 el bachillerato en el Instituto Masculino de esa ciudad y, en su \u00faltima rev\u00e1lida de Letras, obtuvo Matr\u00edcula de Honor y Premio Extraordinario de Bachillerato.\",\"Estudi\u00f3 en la Universidad de Santiago de Compostela los cursos comunes de Filosof\u00eda y Letras En su primer curso obtuvo el Primer Premio y la Flor Natural en el Certamen Nacional de Poes\u00eda Universitaria en Lengua Castellana y comenz\u00f3 a publicar art\u00edculos y poemas en diarios gallegos como La Voz de Galicia. En segundo curso fue elegido por votaci\u00f3n del alumnado Delegado de Facultad, nombrado Consejero Nacional del Sindicato Espa\u00f1ol Universitario y logr\u00f3 el Segundo Premio en el Certamen Nacional de Poes\u00eda Universitaria en Lengua Gallega de aquel a\u00f1o.\",\"En la Universidad Complutense de Madrid, estudi\u00f3 Filolog\u00eda Hisp\u00e1nica y Lenguas y Literaturas Rom\u00e1nicas y gan\u00f3 otro premio nacional de poes\u00eda en el Certamen Po\u00e9tico VICENTE ALEIXANDRE.\",\"Su vida profesional se centr\u00f3 en la publicidad y fue Director Creativo o Director General y Creativo de varias Agencias Multinacionales; hasta que mont\u00f3 su propia Agencia.\",\"Ahora est\u00e1 jubilado, vive en un pueblo de Madrid y sigue escribiendo.\"],\n\t\t\t\t\t\t\t\t\t\ttypeSpeed: 35,\n\t\t\t\t\t\t\t\t\t\tbackSpeed: 0,\n\t\t\t\t\t\t\t\t\t\tstartDelay: \"200\",\n\t\t\t\t\t\t\t\t\t\tbackDelay: \"1500\",\n\t\t\t\t\t\t\t\t\t\tloop: true,\n\t\t\t\t\t\t\t\t\t\tloopCount: false,\n\t\t\t\t\t\t\t\t\t\tshowCursor: true,\n\t\t\t\t\t\t\t\t\t\tcursorChar: \"|\",\n\t\t\t\t\t\t\t\t\t\tattr: null\n\t\t\t\t\t\t\t\t\t});\n\t\t\t\t\t\t\t\t}\n\t\t\t\t\t\t\t});\n\t\t\t\t\t\t});\n\t\t\t\t\t<\/script><\/div>[\/vc_column][\/vc_row][vc_row full_height=&#8221;yes&#8221; content_placement=&#8221;middle&#8221; parallax=&#8221;content-moving&#8221; parallax_image=&#8221;86&#8243; css_animation=&#8221;appear&#8221; bg_type=&#8221;image&#8221; css=&#8221;.vc_custom_1634746787147{background-image: url(https:\/\/nuestrosescritores.com\/tinahernandezherrero\/wp-content\/uploads\/sites\/107\/2021\/10\/TinaHernandezHerrero-Mediano.jpg?id=86) !important;}&#8221;][vc_column extend=&#8221;false&#8221;][vc_empty_space height=&#8221;150px&#8221;]<div id=\"rowvcpt-row-settings\" class=\"rowvcpt-row-set RowVcPt-row-setting69f1fb3ba1335 \" data-no=\"RowVcPt-row-setting69f1fb3ba1335\"><div class=\"columns-bg-wrap columns-bg-anim-colors columns-bg-image  columns_simple_image\" id=\"RowVcPt-image-bg-69f1fb3ba1334\"   data-parallax_sense=\"30\" src=\"https:\/\/nuestrosescritores.com\/joseluisperezfuentes\/wp-content\/uploads\/sites\/192\/2025\/01\/FotoPortadaalbanildelanostalgia.jpeg\" style=\"background-image: url(https:\/\/nuestrosescritores.com\/joseluisperezfuentes\/wp-content\/uploads\/sites\/192\/2025\/01\/FotoPortadaalbanildelanostalgia.jpeg);background-position: center center;background-size: cover;background-attachment: fixed;\"><\/div><\/div>[vc_column_text css=&#8221;&#8221;]\n<p style=\"text-align: center;\"><a class=\"fasc-button fasc-size-xlarge fasc-type-glossy fasc-rounded-medium\" style=\"background-color: #2b3336; color: #ffffff;\" href=\"https:\/\/librodepoesia.com\/libro\/albanil-de-la-nostalgia-poemas-jose-luis-perez-fuentes\/\">COMPRA SUS LIBROS<\/a><\/p>\n[\/vc_column_text][\/vc_column][\/vc_row][vc_row][vc_column]<div id=\"rowvcpt-row-settings\" class=\"rowvcpt-row-set RowVcPt-row-setting69f1fb3ba1636 \" data-no=\"RowVcPt-row-setting69f1fb3ba1636\"><div class=\"columns-bg-wrap columns-bg-anim-colors\" style=\"opacity: 1;background: -moz-linear-gradient(top, #e0e0e0 0%, #f7f7f7 100%);background: -webkit-gradient(linear, left top, left bottom, color-stop(0%,#e0e0e0), color-stop(100%,#f7f7f7));background: -webkit-linear-gradient(top, #e0e0e0 0%,#f7f7f7 100%);background: -o-linear-gradient(top, #e0e0e0 0%,#f7f7f7 100%);background: -ms-linear-gradient(top, #e0e0e0 0%,#f7f7f7 100%);background: linear-gradient(to bottom, #e0e0e0 0%,#f7f7f7 100%);\"><\/div><\/div>[vc_column_text css=&#8221;.vc_custom_1736007299385{padding-top: 5% !important;padding-right: 5% !important;padding-bottom: 5% !important;padding-left: 5% !important;background-color: rgba(206,206,206,0.01) !important;*background-color: rgb(206,206,206) !important;border-radius: 1px !important;}&#8221;]Esta p\u00e1gina web est\u00e1 realizada por el GRUPO EDITORIAL P\u00c9REZ-AYALA para el escritor JOS\u00c9 LUIS P\u00c9REZ FUENTES porque acaba de publicar un libro en una de las siguientes <a href=\"https:\/\/editorialesdepoesia.com\">editoriales de poes\u00eda<\/a>:<br \/>\n<a href=\"https:\/\/poesiaerestu.com\">Editorial Poes\u00eda eres t\u00fa<\/a>: Una editorial para poetas contempor\u00e1neos, con un cat\u00e1logo diverso de las diferentes tendencias de la poes\u00eda.<br \/>\n<a href=\"https:\/\/edicionesrilke.com\">Ediciones Rilke<\/a>: Una colecci\u00f3n de poes\u00eda cl\u00e1sica con poetas contempor\u00e1neos de gran trayectoria.<br \/>\n<a href=\"https:\/\/edicionesazorin.com\">Ediciones Azor\u00edn<\/a>: Una editorial para escritores y temas de Alicante y Murcia, un sello regional a nivel nacional.<br \/>\nContamos tambi\u00e9n con editoriales de narrativa como <a href=\"https:\/\/edicionesamaniel.com\">Ediciones Amaniel<\/a> y una editorial de autoedici\u00f3n como la <a href=\"https:\/\/agenciadellibro.com\">Editorial Agencia del libro<\/a> y un sistema de <a href=\"https:\/\/crowdfundingdelibros.com\">crowdfunding de libros<\/a> para que los nuevos escritores puedan <a href=\"https:\/\/crowdfundingdelibros.com\/\">publicar un libro gratis<\/a>.<br \/>\nInformaci\u00f3n tras publicar un libro: ALBA\u00d1IL DE LA NOSTALGIA de JOS\u00c9 LUIS P\u00c9REZ FUENTES con la editorial de poes\u00eda Editorial Poes\u00eda eres t\u00fa.<br \/>\nJOS\u00c9 LUIS P\u00c9REZ FUENTES logra publicar un libro de poes\u00eda, ALBA\u00d1IL DE LA NOSTALGIA, tras un proceso de selecci\u00f3n de obras con la Editorial Poes\u00eda eres t\u00fa.<br \/>\nTodos los derechos del libro ALBA\u00d1IL DE LA NOSTALGIA pertenecen a JOS\u00c9 LUIS P\u00c9REZ FUENTES tras publicar un libro con la Editorial Poes\u00eda eres t\u00fa.<br \/>\nPublicar un libro de poes\u00eda como ALBA\u00d1IL DE LA NOSTALGIA de JOS\u00c9 LUIS P\u00c9REZ FUENTES es posible gracias al trabajo de todo el equipo de la Editorial Poes\u00eda eres t\u00fa.<br \/>\nToda la promoci\u00f3n del libro ALBA\u00d1IL DE LA NOSTALGIA la puedes ver en la p\u00e1gina de la Editorial Poes\u00eda eres t\u00fa y en la web que la editorial le hace a JOS\u00c9 LUIS P\u00c9REZ FUENTES tras publicar un libro.<br \/>\nJOS\u00c9 LUIS P\u00c9REZ FUENTES agradece a la Editorial Poes\u00eda eres t\u00fa y la Agencia del libro por facilitar el trabajo de <a href=\"https:\/\/agenciadellibro.com\">publicar un libro<\/a>: ALBA\u00d1IL DE LA NOSTALGIA.<br \/>\nLa Editorial Poes\u00eda eres t\u00fa y JOS\u00c9 LUIS P\u00c9REZ FUENTES agradecen la colaboraci\u00f3n de los poetas, que han conseguido publicar un libro, y lectores del libro ALBA\u00d1IL DE LA NOSTALGIA por su colaboraci\u00f3n en la promoci\u00f3n y difusi\u00f3n de la obra.[\/vc_column_text][\/vc_column][\/vc_row]\n<\/div>","protected":false},"excerpt":{"rendered":"<p>[vc_row full_width=&#8221;stretch_row_content_no_spaces&#8221;][vc_column extend=&#8221;false&#8221;][layerslider_vc id=&#8221;5&#8243;][\/vc_column][\/vc_row][vc_row full_width=&#8221;stretch_row_content_no_spaces&#8221; full_height=&#8221;yes&#8221; content_placement=&#8221;middle&#8221; bg_type=&#8221;bg_color&#8221; bg_color_value=&#8221;#000000&#8243;][vc_column extend=&#8221;false&#8221;][layerslider_vc id=&#8221;2&#8243;][\/vc_column][\/vc_row][vc_row extend=&#8221;false&#8221; design__empty_1=&#8221;&#8221; background=&#8221;&#8221; background_image_type=&#8221;static&#8221; background_image__effect=&#8221;&#8221; bg_size=&#8221;initial&#8221; bg_position=&#8221;center-center&#8221; row_bg_image=&#8221;&#8221; bg_repeat=&#8221;no-repeat&#8221; background_image_type__bg_color=&#8221;rgba(255, 255, 255, 1)&#8221; row_bg_parallax_images=&#8221;&#8221; row_bg_slideshow_images=&#8221;&#8221; background_video_type=&#8221;youtube&#8221; background_video__youtube__url=&#8221;&#8221; background_video__youtube__parallax=&#8221;&#8221; background_video__youtube__options=&#8221;&#8221; background_video__youtube__fallback_image=&#8221;&#8221; background_video__hosted__mp4=&#8221;&#8221; background_video__hosted__webm=&#8221;&#8221; background_video__hosted__ogv=&#8221;&#8221; background_video__hosted__parallax=&#8221;&#8221; background_video__hosted__options=&#8221;&#8221; background_video__hosted__fallback_image=&#8221;&#8221; background_color_type=&#8221;color&#8221; bg__empty_1=&#8221;&#8221; background_color_type__gradient_color1=&#8221;rgba(44, 74, 228, 1)&#8221; background_color_type__gradient_color2=&#8221;rgba(44, 74, 228, 1)&#8221; background_color_type__color_color1=&#8221;rgba(44, 74, 228, 1)&#8221; bg__empty_2=&#8221;&#8221; background_color__effect=&#8221;&#8221; background_color__direction=&#8221;left-to-right&#8221; settings__tag_1=&#8221;&#8221; [&hellip;]<\/p>\n","protected":false},"author":1,"featured_media":0,"parent":0,"menu_order":0,"comment_status":"closed","ping_status":"closed","template":"","meta":{"_acf_changed":false,"footnotes":""},"class_list":["post-13","page","type-page","status-publish","hentry"],"acf":[],"yoast_head":"<!-- This site is optimized with the Yoast SEO Premium plugin v24.7 (Yoast SEO v27.5) - https:\/\/yoast.com\/product\/yoast-seo-premium-wordpress\/ -->\n<title>ESCRITOR - Jos\u00e9 Luis P\u00e9rez Fuentes<\/title>\n<meta name=\"description\" content=\"Jos\u00e9 Luis P\u00e9rez Fuentes es el escritor del libro de poes\u00eda ALBA\u00d1IL DE LA NOSTALGIA, acaba de publicar un libro con Ediciones Rilke.\" \/>\n<meta name=\"robots\" content=\"index, follow, max-snippet:-1, max-image-preview:large, max-video-preview:-1\" \/>\n<link rel=\"canonical\" href=\"https:\/\/nuestrosescritores.com\/joseluisperezfuentes\/\" \/>\n<meta property=\"og:locale\" content=\"es_ES\" \/>\n<meta property=\"og:type\" content=\"article\" \/>\n<meta property=\"og:title\" content=\"ESCRITOR\" \/>\n<meta property=\"og:description\" content=\"Jos\u00e9 Luis P\u00e9rez Fuentes es el escritor del libro de poes\u00eda ALBA\u00d1IL DE LA NOSTALGIA, acaba de publicar un libro con Ediciones Rilke.\" \/>\n<meta property=\"og:url\" content=\"https:\/\/nuestrosescritores.com\/joseluisperezfuentes\/\" \/>\n<meta property=\"og:site_name\" content=\"Jos\u00e9 Luis P\u00e9rez Fuentes\" \/>\n<meta property=\"article:modified_time\" content=\"2025-01-04T18:47:56+00:00\" \/>\n<meta name=\"twitter:card\" content=\"summary_large_image\" \/>\n<meta name=\"twitter:label1\" content=\"Tiempo de lectura\" \/>\n\t<meta name=\"twitter:data1\" content=\"5 minutos\" \/>\n<script type=\"application\/ld+json\" class=\"yoast-schema-graph\">{\"@context\":\"https:\\\/\\\/schema.org\",\"@graph\":[{\"@type\":\"WebPage\",\"@id\":\"https:\\\/\\\/nuestrosescritores.com\\\/joseluisperezfuentes\\\/\",\"url\":\"https:\\\/\\\/nuestrosescritores.com\\\/joseluisperezfuentes\\\/\",\"name\":\"ESCRITOR - Jos\u00e9 Luis P\u00e9rez Fuentes\",\"isPartOf\":{\"@id\":\"https:\\\/\\\/nuestrosescritores.com\\\/joseluisperezfuentes\\\/#website\"},\"datePublished\":\"2025-01-04T16:17:23+00:00\",\"dateModified\":\"2025-01-04T18:47:56+00:00\",\"description\":\"Jos\u00e9 Luis P\u00e9rez Fuentes es el escritor del libro de poes\u00eda ALBA\u00d1IL DE LA NOSTALGIA, acaba de publicar un libro con Ediciones Rilke.\",\"breadcrumb\":{\"@id\":\"https:\\\/\\\/nuestrosescritores.com\\\/joseluisperezfuentes\\\/#breadcrumb\"},\"inLanguage\":\"es\",\"potentialAction\":[{\"@type\":\"ReadAction\",\"target\":[\"https:\\\/\\\/nuestrosescritores.com\\\/joseluisperezfuentes\\\/\"]}]},{\"@type\":\"BreadcrumbList\",\"@id\":\"https:\\\/\\\/nuestrosescritores.com\\\/joseluisperezfuentes\\\/#breadcrumb\",\"itemListElement\":[{\"@type\":\"ListItem\",\"position\":1,\"name\":\"Portada\",\"item\":\"https:\\\/\\\/nuestrosescritores.com\\\/joseluisperezfuentes\\\/\"},{\"@type\":\"ListItem\",\"position\":2,\"name\":\"ESCRITOR\"}]},{\"@type\":\"WebSite\",\"@id\":\"https:\\\/\\\/nuestrosescritores.com\\\/joseluisperezfuentes\\\/#website\",\"url\":\"https:\\\/\\\/nuestrosescritores.com\\\/joseluisperezfuentes\\\/\",\"name\":\"Nuestros escritores\",\"description\":\"Escritor\",\"potentialAction\":[{\"@type\":\"SearchAction\",\"target\":{\"@type\":\"EntryPoint\",\"urlTemplate\":\"https:\\\/\\\/nuestrosescritores.com\\\/joseluisperezfuentes\\\/?s={search_term_string}\"},\"query-input\":{\"@type\":\"PropertyValueSpecification\",\"valueRequired\":true,\"valueName\":\"search_term_string\"}}],\"inLanguage\":\"es\"}]}<\/script>\n<!-- \/ Yoast SEO Premium plugin. -->","yoast_head_json":{"title":"ESCRITOR - Jos\u00e9 Luis P\u00e9rez Fuentes","description":"Jos\u00e9 Luis P\u00e9rez Fuentes es el escritor del libro de poes\u00eda ALBA\u00d1IL DE LA NOSTALGIA, acaba de publicar un libro con Ediciones Rilke.","robots":{"index":"index","follow":"follow","max-snippet":"max-snippet:-1","max-image-preview":"max-image-preview:large","max-video-preview":"max-video-preview:-1"},"canonical":"https:\/\/nuestrosescritores.com\/joseluisperezfuentes\/","og_locale":"es_ES","og_type":"article","og_title":"ESCRITOR","og_description":"Jos\u00e9 Luis P\u00e9rez Fuentes es el escritor del libro de poes\u00eda ALBA\u00d1IL DE LA NOSTALGIA, acaba de publicar un libro con Ediciones Rilke.","og_url":"https:\/\/nuestrosescritores.com\/joseluisperezfuentes\/","og_site_name":"Jos\u00e9 Luis P\u00e9rez Fuentes","article_modified_time":"2025-01-04T18:47:56+00:00","twitter_card":"summary_large_image","twitter_misc":{"Tiempo de lectura":"5 minutos"},"schema":{"@context":"https:\/\/schema.org","@graph":[{"@type":"WebPage","@id":"https:\/\/nuestrosescritores.com\/joseluisperezfuentes\/","url":"https:\/\/nuestrosescritores.com\/joseluisperezfuentes\/","name":"ESCRITOR - Jos\u00e9 Luis P\u00e9rez Fuentes","isPartOf":{"@id":"https:\/\/nuestrosescritores.com\/joseluisperezfuentes\/#website"},"datePublished":"2025-01-04T16:17:23+00:00","dateModified":"2025-01-04T18:47:56+00:00","description":"Jos\u00e9 Luis P\u00e9rez Fuentes es el escritor del libro de poes\u00eda ALBA\u00d1IL DE LA NOSTALGIA, acaba de publicar un libro con Ediciones Rilke.","breadcrumb":{"@id":"https:\/\/nuestrosescritores.com\/joseluisperezfuentes\/#breadcrumb"},"inLanguage":"es","potentialAction":[{"@type":"ReadAction","target":["https:\/\/nuestrosescritores.com\/joseluisperezfuentes\/"]}]},{"@type":"BreadcrumbList","@id":"https:\/\/nuestrosescritores.com\/joseluisperezfuentes\/#breadcrumb","itemListElement":[{"@type":"ListItem","position":1,"name":"Portada","item":"https:\/\/nuestrosescritores.com\/joseluisperezfuentes\/"},{"@type":"ListItem","position":2,"name":"ESCRITOR"}]},{"@type":"WebSite","@id":"https:\/\/nuestrosescritores.com\/joseluisperezfuentes\/#website","url":"https:\/\/nuestrosescritores.com\/joseluisperezfuentes\/","name":"Nuestros escritores","description":"Escritor","potentialAction":[{"@type":"SearchAction","target":{"@type":"EntryPoint","urlTemplate":"https:\/\/nuestrosescritores.com\/joseluisperezfuentes\/?s={search_term_string}"},"query-input":{"@type":"PropertyValueSpecification","valueRequired":true,"valueName":"search_term_string"}}],"inLanguage":"es"}]}},"_links":{"self":[{"href":"https:\/\/nuestrosescritores.com\/joseluisperezfuentes\/wp-json\/wp\/v2\/pages\/13","targetHints":{"allow":["GET"]}}],"collection":[{"href":"https:\/\/nuestrosescritores.com\/joseluisperezfuentes\/wp-json\/wp\/v2\/pages"}],"about":[{"href":"https:\/\/nuestrosescritores.com\/joseluisperezfuentes\/wp-json\/wp\/v2\/types\/page"}],"author":[{"embeddable":true,"href":"https:\/\/nuestrosescritores.com\/joseluisperezfuentes\/wp-json\/wp\/v2\/users\/1"}],"replies":[{"embeddable":true,"href":"https:\/\/nuestrosescritores.com\/joseluisperezfuentes\/wp-json\/wp\/v2\/comments?post=13"}],"version-history":[{"count":0,"href":"https:\/\/nuestrosescritores.com\/joseluisperezfuentes\/wp-json\/wp\/v2\/pages\/13\/revisions"}],"wp:attachment":[{"href":"https:\/\/nuestrosescritores.com\/joseluisperezfuentes\/wp-json\/wp\/v2\/media?parent=13"}],"curies":[{"name":"wp","href":"https:\/\/api.w.org\/{rel}","templated":true}]}}