{"id":122,"date":"2025-01-05T11:21:51","date_gmt":"2025-01-05T10:21:51","guid":{"rendered":"https:\/\/nuestrosescritores.com\/joseluisperezfuentes\/?page_id=122"},"modified":"2025-01-05T11:25:51","modified_gmt":"2025-01-05T10:25:51","slug":"poesia","status":"publish","type":"page","link":"https:\/\/nuestrosescritores.com\/joseluisperezfuentes\/poesia\/","title":{"rendered":"POES\u00cdA"},"content":{"rendered":"<div class=\"wpb-content-wrapper\">[vc_row full_width=&#8221;stretch_row_content_no_spaces&#8221;][vc_column extend=&#8221;false&#8221;]<div class='gambit_parallax_row' data-bg-align='' data-direction='fixed' data-opacity='100' data-velocity='-0.3' data-mobile-enabled='' data-bg-height='720' data-bg-width='1280' data-bg-image='https:\/\/nuestrosescritores.com\/joseluisperezfuentes\/wp-content\/uploads\/sites\/192\/2025\/01\/1617327.jpg' data-bg-repeat='false' data-id='' style='display: none'><\/div><div class=\"gambit_fullheight_row\" data-content-location=\"center\" style=\"display: none\"><\/div>[\/vc_column][\/vc_row][vc_row][vc_column extend=&#8221;false&#8221;][vc_column_text css=&#8221;&#8221;]Quiero morir en la mar,<\/p>\n<p>la mar de los marineros<\/p>\n<p>de mi tierra, los braceros<\/p>\n<p>del agua de pan llevar.<\/p>\n<p>&nbsp;<\/p>\n<p>Quiero morir en la mar,<\/p>\n<p>llevadme a los caladeros,<\/p>\n<p>cosedme el coy, compa\u00f1eros,<\/p>\n<p>y \u00a1abajo!, que hay que abonar.<\/p>\n<p>&nbsp;<\/p>\n<p>Quiero volver al hogar<\/p>\n<p>en que se meci\u00f3 mi cuna,<\/p>\n<p>sin m\u00e1s techo que la luna,<\/p>\n<p>sin m\u00e1s puertas que cerrar.<\/p>\n<p>&nbsp;<\/p>\n<p>Dejadme hundirme y bajar,<\/p>\n<p>allende vuestra carena,<\/p>\n<p>hasta mi olvido en la arena.<\/p>\n<p>Quiero morir en la mar.<\/p>\n<p>&nbsp;<\/p>\n<span class='bctt-click-to-tweet'><span class='bctt-ctt-text'><a href='https:\/\/x.com\/intent\/tweet?url=https%3A%2F%2Fnuestrosescritores.com%2Fjoseluisperezfuentes%2Fpoesia%2F&#038;text=Quiero%20morir%20en%20la%20mar%20No%20incluido%20en%20su%20libro%20ALBA%C3%91IL%20DE%20LA%20NOSTALGIA%20de%20Jos%C3%A9%20Luis%20P%C3%A9rez%20Fuentes&#038;via=poesiaerestu&#038;related=poesiaerestu' target='_blank'rel=\"noopener noreferrer\">Quiero morir en la mar No incluido en su libro ALBA\u00d1IL DE LA NOSTALGIA de Jos\u00e9 Luis P\u00e9rez Fuentes <\/a><\/span><a href='https:\/\/x.com\/intent\/tweet?url=https%3A%2F%2Fnuestrosescritores.com%2Fjoseluisperezfuentes%2Fpoesia%2F&#038;text=Quiero%20morir%20en%20la%20mar%20No%20incluido%20en%20su%20libro%20ALBA%C3%91IL%20DE%20LA%20NOSTALGIA%20de%20Jos%C3%A9%20Luis%20P%C3%A9rez%20Fuentes&#038;via=poesiaerestu&#038;related=poesiaerestu' target='_blank' class='bctt-ctt-btn'rel=\"noopener noreferrer\">Compartir en X<\/a><\/span>\n<p>&nbsp;[\/vc_column_text][\/vc_column][\/vc_row][vc_row full_width=&#8221;stretch_row_content_no_spaces&#8221;][vc_column extend=&#8221;false&#8221;]<div class='gambit_parallax_row' data-bg-align='' data-direction='fixed' data-opacity='100' data-velocity='-0.3' data-mobile-enabled='' data-bg-height='1200' data-bg-width='960' data-bg-image='https:\/\/nuestrosescritores.com\/joseluisperezfuentes\/wp-content\/uploads\/sites\/192\/2025\/01\/w3g70a_meri.jpg' data-bg-repeat='false' data-id='' style='display: none'><\/div><div class=\"gambit_fullheight_row\" data-content-location=\"center\" style=\"display: none\"><\/div>[\/vc_column][\/vc_row][vc_row][vc_column extend=&#8221;false&#8221;][vc_column_text css=&#8221;&#8221;]\n<h1><strong>TERCER PREMIO VICENTE ALEIXANDRE 2005<\/strong><\/h1>\n<h1>&nbsp;<\/h1>\n<p>&nbsp;<\/p>\n<p>&nbsp;<\/p>\n<p>&nbsp;<\/p>\n<p>Elen, hoy que te vas y te llevas de Espa\u00f1a<\/p>\n<p>muy pocos <em>souvenirs<\/em> y muchos desenga\u00f1os,<\/p>\n<p>entre las despedidas, las voces, los pa\u00f1uelos,<\/p>\n<p>los &#8220;escr\u00edbeme pronto&#8221;, &#8220;ven el pr\u00f3ximo a\u00f1o&#8221;,<\/p>\n<p>aunque, todos lo saben, no volver\u00e1s ya nunca,<\/p>\n<p>me atrever\u00e9 a pedirte que olvides a este loco<\/p>\n<p>que una noche te vio llorar medio borracho.<\/p>\n<p>&nbsp;<\/p>\n<p>El d\u00eda de ma\u00f1ana me lo s\u00e9 de memoria:<\/p>\n<p>otra Elen diferente ocupar\u00e1 tu cuarto,<\/p>\n<p>retirar\u00e1 de en medio las cosas que te dejas<\/p>\n<p>y cambiar\u00e1 los cuadros.<\/p>\n<p>Vendr\u00e1n tus gorriones como siempre, al crep\u00fasculo,<\/p>\n<p>y se acostumbrar\u00e1n a comer de otra mano,<\/p>\n<p>y tu cara y tus gestos y tu voz y tu risa<\/p>\n<p>se nos ir\u00e1n borrando&#8230;<\/p>\n<p>&nbsp;<\/p>\n<p>Cuando el dolor me deje publicar estos versos,<\/p>\n<p>que hablan de lo que nunca te dijeron mis labios,<\/p>\n<p>puede que alg\u00fan imb\u00e9cil pregunte si exististe.<\/p>\n<p>&nbsp;<\/p>\n<p>Un d\u00eda yo tambi\u00e9n cerrar\u00e9 la maleta<\/p>\n<p>y marchar\u00e9 de aqu\u00ed,&nbsp; solo, como he llegado,<\/p>\n<p>nadie estar\u00e1 en la \u00faltima estaci\u00f3n despidi\u00e9ndome,<\/p>\n<p>nadie en el otro extremo del camino esperando;<\/p>\n<p>otro dedo tendr\u00e1 el anillo que hoy llevas,<\/p>\n<p>sin saber que una vez fue tambi\u00e9n de mi mano,<\/p>\n<p>sin saber que hubo un hombre que escuch\u00f3 tus palabras<\/p>\n<p>con dolor en la boca y el coraz\u00f3n amargo;<\/p>\n<p>pero, si te preguntan, diles que fue de uno<\/p>\n<p>que pas\u00f3 por la vida como pasan los p\u00e1jaros:<\/p>\n<p>con la esperanza abierta a todo lo imposible,<\/p>\n<p>sin grandes alegr\u00edas y sin grandes fracasos.<\/p>\n<p>&nbsp;<\/p>\n<p>Quiz\u00e1 entonces ni sepas ya cu\u00e1l era mi nombre,<\/p>\n<p>sonr\u00ede y, por favor, no intentes recordarlo;<\/p>\n<p>diles s\u00f3lo que, un d\u00eda, al ver que estabas triste,<\/p>\n<p>me puse tambi\u00e9n triste<\/p>\n<p>y camin\u00e9 a tu lado.<\/p>\n<p>&nbsp;<\/p>\n<p>&nbsp;<\/p>\n<span class='bctt-click-to-tweet'><span class='bctt-ctt-text'><a href='https:\/\/x.com\/intent\/tweet?url=https%3A%2F%2Fnuestrosescritores.com%2Fjoseluisperezfuentes%2Fpoesia%2F&#038;text=Elen%20poema%20no%20incluido%20en%20su%20libro%20ALBA%C3%91IL%20DE%20LA%20NOSTALGIA&#038;via=poesiaerestu&#038;related=poesiaerestu' target='_blank'rel=\"noopener noreferrer\">Elen poema no incluido en su libro ALBA\u00d1IL DE LA NOSTALGIA <\/a><\/span><a href='https:\/\/x.com\/intent\/tweet?url=https%3A%2F%2Fnuestrosescritores.com%2Fjoseluisperezfuentes%2Fpoesia%2F&#038;text=Elen%20poema%20no%20incluido%20en%20su%20libro%20ALBA%C3%91IL%20DE%20LA%20NOSTALGIA&#038;via=poesiaerestu&#038;related=poesiaerestu' target='_blank' class='bctt-ctt-btn'rel=\"noopener noreferrer\">Compartir en X<\/a><\/span>\n<p>&nbsp;<\/p>\n<p>&nbsp;[\/vc_column_text][\/vc_column][\/vc_row][vc_row][vc_column extend=&#8221;false&#8221;]<div class='gambit_parallax_row' data-bg-align='' data-direction='fixed' data-opacity='100' data-velocity='-0.3' data-mobile-enabled='' data-bg-height='853' data-bg-width='1280' data-bg-image='https:\/\/nuestrosescritores.com\/joseluisperezfuentes\/wp-content\/uploads\/sites\/192\/2025\/01\/419254.jpg' data-bg-repeat='false' data-id='' style='display: none'><\/div><div class=\"gambit_fullheight_row\" data-content-location=\"center\" style=\"display: none\"><\/div>[\/vc_column][\/vc_row][vc_row][vc_column extend=&#8221;false&#8221;][vc_column_text css=&#8221;&#8221;]\n<h1><strong>Primer Premio Internacional y Flor Natural de la Universidad de Santiago de Compostela para poes\u00eda universitaria en lengua castellana (1961).<\/strong><\/h1>\n<p>&nbsp;<\/p>\n<p>&nbsp;<\/p>\n<p>B\u00e1rbara,<\/p>\n<p>apretado cristal entre los labios<\/p>\n<p>hasta quebrar las puertas de la sangre,<\/p>\n<p>yo te pronuncio sin pensarte, virgen,<\/p>\n<p>que solo el viento sepa d\u00f3nde acabe<\/p>\n<p>el arroyo bullente de tu pelo,<\/p>\n<p>solo la noche tenga cierto el norte<\/p>\n<p>de tu perfil de aire.<\/p>\n<p>&nbsp;<\/p>\n<p>B\u00e1rbara,<\/p>\n<p>yo era un ni\u00f1o a\u00fan<\/p>\n<p>y me colgaron la palabra hombre<\/p>\n<p>como un cartel de feria a las espaldas,<\/p>\n<p>porque es horrible ser hijo de madre&#8230;<\/p>\n<p>&nbsp;<\/p>\n<p>B\u00e1rbara, ven,<\/p>\n<p>tengo los ojos desgarrados<\/p>\n<p>de preguntarle al alba:<\/p>\n<p>Ayer.<\/p>\n<p>Esta tarde.<\/p>\n<p>Todas las tardes.<\/p>\n<p>&nbsp;<\/p>\n<p>S\u00ed, yo te o\u00ed llamar a la ventana,<\/p>\n<p>pero el viento soplaba fuera,<\/p>\n<p>hac\u00eda fr\u00edo,<\/p>\n<p>no me dejaron salir&#8230;<\/p>\n<p>recuerdo bien la mesa con manzanas<\/p>\n<p>y a un ni\u00f1o que lloraba en otra habitaci\u00f3n,<\/p>\n<p>muy lejos&#8230;<\/p>\n<p>&nbsp;<\/p>\n<p>Y t\u00fa hab\u00edas venido.<\/p>\n<p>Lo dijeron<\/p>\n<p>a la puerta del aula,<\/p>\n<p>donde me volv\u00edan<\/p>\n<p>la vida en cifras de cero a diez<\/p>\n<p>hasta quebrar las alas al milagro<\/p>\n<p>del porvenir.<\/p>\n<p>&nbsp;<\/p>\n<p>S\u00ed, los grillos, el mar,<\/p>\n<p>tambi\u00e9n el mar,<\/p>\n<p>estaban roncos fuera<\/p>\n<p>aquella noche triste de verano,<\/p>\n<p>y tuve miedo, y no sal\u00ed a buscarte<\/p>\n<p>entre las barcas.<\/p>\n<p>&nbsp;<\/p>\n<p>B\u00e1rbara, ven,<\/p>\n<p>no quiero que me lleven<\/p>\n<p>a plantar alambradas,<\/p>\n<p>a cavar tumbas entre los olivos,<\/p>\n<p>tengo por todo el cuerpo las lanzadas<\/p>\n<p>del tiempo<\/p>\n<p>y c\u00f3mo duelen,<\/p>\n<p>ay, c\u00f3mo duelen los minutos, B\u00e1rbara.<\/p>\n<p>Descuelga<\/p>\n<p>las tijeras del viento,<\/p>\n<p>corta<\/p>\n<p>estas nubes inmensas que me abrazan,<\/p>\n<p>enjuga con tu falda<\/p>\n<p>la lluvia de rencor en que me empapo,<\/p>\n<p>t\u00edrame de la boca las palabras<\/p>\n<p>que aprend\u00ed de los hombres,<\/p>\n<p>ens\u00e9\u00f1ame a olvidar<\/p>\n<p>que, m\u00e1s all\u00e1 del l\u00edmite de cruces,<\/p>\n<p>detr\u00e1s del caos profundo de la noche,<\/p>\n<p>nada se mueve,<\/p>\n<p>nada existe,<\/p>\n<p>B\u00e1rbara.<\/p>\n<p>&nbsp;<\/p>\n<span class='bctt-click-to-tweet'><span class='bctt-ctt-text'><a href='https:\/\/x.com\/intent\/tweet?url=https%3A%2F%2Fnuestrosescritores.com%2Fjoseluisperezfuentes%2Fpoesia%2F&#038;text=B%C3%A1rbara%20poema%20no%20incluido%20en%20su%20libro%20ALBA%C3%91IL%20DE%20LA%20NOSTALGIA%20de%20Jos%C3%A9%20Luis%20P%C3%A9rez%20Fuentes&#038;via=poesiaerestu&#038;related=poesiaerestu' target='_blank'rel=\"noopener noreferrer\">B\u00e1rbara poema no incluido en su libro ALBA\u00d1IL DE LA NOSTALGIA de Jos\u00e9 Luis P\u00e9rez Fuentes <\/a><\/span><a href='https:\/\/x.com\/intent\/tweet?url=https%3A%2F%2Fnuestrosescritores.com%2Fjoseluisperezfuentes%2Fpoesia%2F&#038;text=B%C3%A1rbara%20poema%20no%20incluido%20en%20su%20libro%20ALBA%C3%91IL%20DE%20LA%20NOSTALGIA%20de%20Jos%C3%A9%20Luis%20P%C3%A9rez%20Fuentes&#038;via=poesiaerestu&#038;related=poesiaerestu' target='_blank' class='bctt-ctt-btn'rel=\"noopener noreferrer\">Compartir en X<\/a><\/span>[\/vc_column_text][\/vc_column][\/vc_row][vc_row][vc_column extend=&#8221;false&#8221;]<div class='gambit_parallax_row' data-bg-align='' data-direction='fixed' data-opacity='100' data-velocity='-0.3' data-mobile-enabled='' data-bg-height='794' data-bg-width='559' data-bg-image='https:\/\/nuestrosescritores.com\/joseluisperezfuentes\/wp-content\/uploads\/sites\/192\/2025\/01\/0_Portada_Albanildelanostalgia.jpg' data-bg-repeat='false' data-id='' style='display: none'><\/div><div class=\"gambit_fullheight_row\" data-content-location=\"center\" style=\"display: none\"><\/div>[vc_column_text css=&#8221;&#8221;]\n<p style=\"text-align: center;\"><a class=\"fasc-button fasc-size-xlarge fasc-type-glossy fasc-rounded-medium\" style=\"background-color: #33809e; color: #ffffff;\" href=\"https:\/\/librodepoesia.com\/libro\/albanil-de-la-nostalgia-poemas-jose-luis-perez-fuentes\/\">Comprar el libro<\/a><\/p>\n[\/vc_column_text][\/vc_column][\/vc_row]\n<\/div>","protected":false},"excerpt":{"rendered":"<p>[vc_row full_width=&#8221;stretch_row_content_no_spaces&#8221;][vc_column extend=&#8221;false&#8221;][\/vc_column][\/vc_row][vc_row][vc_column extend=&#8221;false&#8221;][vc_column_text css=&#8221;&#8221;]Quiero morir en la mar, la mar de los marineros de mi tierra, los braceros del agua de pan llevar. &nbsp; Quiero morir en la mar, llevadme a los caladeros, cosedme el coy, compa\u00f1eros, y \u00a1abajo!, que hay que abonar. &nbsp; Quiero volver al hogar en que se meci\u00f3 mi cuna, [&hellip;]<\/p>\n","protected":false},"author":1,"featured_media":0,"parent":0,"menu_order":0,"comment_status":"closed","ping_status":"closed","template":"","meta":{"_acf_changed":false,"footnotes":""},"class_list":["post-122","page","type-page","status-publish","hentry"],"acf":[],"yoast_head":"<!-- This site is optimized with the Yoast SEO Premium plugin v24.7 (Yoast SEO v27.5) - https:\/\/yoast.com\/product\/yoast-seo-premium-wordpress\/ -->\n<title>POES\u00cdA - Jos\u00e9 Luis P\u00e9rez Fuentes<\/title>\n<meta name=\"description\" content=\"Poes\u00eda no incluida en su libro ALBA\u00d1IL DE LA NOSTALGIA de Jos\u00e9 Luis P\u00e9rez Fuentes. Publicado por la editorial de poes\u00eda Ediciones Rilke.\" \/>\n<meta name=\"robots\" content=\"index, follow, max-snippet:-1, max-image-preview:large, max-video-preview:-1\" \/>\n<link rel=\"canonical\" href=\"https:\/\/nuestrosescritores.com\/joseluisperezfuentes\/poesia\/\" \/>\n<meta property=\"og:locale\" content=\"es_ES\" \/>\n<meta property=\"og:type\" content=\"article\" \/>\n<meta property=\"og:title\" content=\"POES\u00cdA\" \/>\n<meta property=\"og:description\" content=\"Poes\u00eda no incluida en su libro ALBA\u00d1IL DE LA NOSTALGIA de Jos\u00e9 Luis P\u00e9rez Fuentes. Publicado por la editorial de poes\u00eda Ediciones Rilke.\" \/>\n<meta property=\"og:url\" content=\"https:\/\/nuestrosescritores.com\/joseluisperezfuentes\/poesia\/\" \/>\n<meta property=\"og:site_name\" content=\"Jos\u00e9 Luis P\u00e9rez Fuentes\" \/>\n<meta property=\"article:modified_time\" content=\"2025-01-05T10:25:51+00:00\" \/>\n<meta name=\"twitter:card\" content=\"summary_large_image\" \/>\n<meta name=\"twitter:label1\" content=\"Tiempo de lectura\" \/>\n\t<meta name=\"twitter:data1\" content=\"4 minutos\" \/>\n<script type=\"application\/ld+json\" class=\"yoast-schema-graph\">{\"@context\":\"https:\\\/\\\/schema.org\",\"@graph\":[{\"@type\":\"WebPage\",\"@id\":\"https:\\\/\\\/nuestrosescritores.com\\\/joseluisperezfuentes\\\/poesia\\\/\",\"url\":\"https:\\\/\\\/nuestrosescritores.com\\\/joseluisperezfuentes\\\/poesia\\\/\",\"name\":\"POES\u00cdA - Jos\u00e9 Luis P\u00e9rez Fuentes\",\"isPartOf\":{\"@id\":\"https:\\\/\\\/nuestrosescritores.com\\\/joseluisperezfuentes\\\/#website\"},\"datePublished\":\"2025-01-05T10:21:51+00:00\",\"dateModified\":\"2025-01-05T10:25:51+00:00\",\"description\":\"Poes\u00eda no incluida en su libro ALBA\u00d1IL DE LA NOSTALGIA de Jos\u00e9 Luis P\u00e9rez Fuentes. Publicado por la editorial de poes\u00eda Ediciones Rilke.\",\"breadcrumb\":{\"@id\":\"https:\\\/\\\/nuestrosescritores.com\\\/joseluisperezfuentes\\\/poesia\\\/#breadcrumb\"},\"inLanguage\":\"es\",\"potentialAction\":[{\"@type\":\"ReadAction\",\"target\":[\"https:\\\/\\\/nuestrosescritores.com\\\/joseluisperezfuentes\\\/poesia\\\/\"]}]},{\"@type\":\"BreadcrumbList\",\"@id\":\"https:\\\/\\\/nuestrosescritores.com\\\/joseluisperezfuentes\\\/poesia\\\/#breadcrumb\",\"itemListElement\":[{\"@type\":\"ListItem\",\"position\":1,\"name\":\"Portada\",\"item\":\"https:\\\/\\\/nuestrosescritores.com\\\/joseluisperezfuentes\\\/\"},{\"@type\":\"ListItem\",\"position\":2,\"name\":\"POES\u00cdA\"}]},{\"@type\":\"WebSite\",\"@id\":\"https:\\\/\\\/nuestrosescritores.com\\\/joseluisperezfuentes\\\/#website\",\"url\":\"https:\\\/\\\/nuestrosescritores.com\\\/joseluisperezfuentes\\\/\",\"name\":\"Nuestros escritores\",\"description\":\"Escritor\",\"potentialAction\":[{\"@type\":\"SearchAction\",\"target\":{\"@type\":\"EntryPoint\",\"urlTemplate\":\"https:\\\/\\\/nuestrosescritores.com\\\/joseluisperezfuentes\\\/?s={search_term_string}\"},\"query-input\":{\"@type\":\"PropertyValueSpecification\",\"valueRequired\":true,\"valueName\":\"search_term_string\"}}],\"inLanguage\":\"es\"}]}<\/script>\n<!-- \/ Yoast SEO Premium plugin. -->","yoast_head_json":{"title":"POES\u00cdA - Jos\u00e9 Luis P\u00e9rez Fuentes","description":"Poes\u00eda no incluida en su libro ALBA\u00d1IL DE LA NOSTALGIA de Jos\u00e9 Luis P\u00e9rez Fuentes. Publicado por la editorial de poes\u00eda Ediciones Rilke.","robots":{"index":"index","follow":"follow","max-snippet":"max-snippet:-1","max-image-preview":"max-image-preview:large","max-video-preview":"max-video-preview:-1"},"canonical":"https:\/\/nuestrosescritores.com\/joseluisperezfuentes\/poesia\/","og_locale":"es_ES","og_type":"article","og_title":"POES\u00cdA","og_description":"Poes\u00eda no incluida en su libro ALBA\u00d1IL DE LA NOSTALGIA de Jos\u00e9 Luis P\u00e9rez Fuentes. Publicado por la editorial de poes\u00eda Ediciones Rilke.","og_url":"https:\/\/nuestrosescritores.com\/joseluisperezfuentes\/poesia\/","og_site_name":"Jos\u00e9 Luis P\u00e9rez Fuentes","article_modified_time":"2025-01-05T10:25:51+00:00","twitter_card":"summary_large_image","twitter_misc":{"Tiempo de lectura":"4 minutos"},"schema":{"@context":"https:\/\/schema.org","@graph":[{"@type":"WebPage","@id":"https:\/\/nuestrosescritores.com\/joseluisperezfuentes\/poesia\/","url":"https:\/\/nuestrosescritores.com\/joseluisperezfuentes\/poesia\/","name":"POES\u00cdA - Jos\u00e9 Luis P\u00e9rez Fuentes","isPartOf":{"@id":"https:\/\/nuestrosescritores.com\/joseluisperezfuentes\/#website"},"datePublished":"2025-01-05T10:21:51+00:00","dateModified":"2025-01-05T10:25:51+00:00","description":"Poes\u00eda no incluida en su libro ALBA\u00d1IL DE LA NOSTALGIA de Jos\u00e9 Luis P\u00e9rez Fuentes. Publicado por la editorial de poes\u00eda Ediciones Rilke.","breadcrumb":{"@id":"https:\/\/nuestrosescritores.com\/joseluisperezfuentes\/poesia\/#breadcrumb"},"inLanguage":"es","potentialAction":[{"@type":"ReadAction","target":["https:\/\/nuestrosescritores.com\/joseluisperezfuentes\/poesia\/"]}]},{"@type":"BreadcrumbList","@id":"https:\/\/nuestrosescritores.com\/joseluisperezfuentes\/poesia\/#breadcrumb","itemListElement":[{"@type":"ListItem","position":1,"name":"Portada","item":"https:\/\/nuestrosescritores.com\/joseluisperezfuentes\/"},{"@type":"ListItem","position":2,"name":"POES\u00cdA"}]},{"@type":"WebSite","@id":"https:\/\/nuestrosescritores.com\/joseluisperezfuentes\/#website","url":"https:\/\/nuestrosescritores.com\/joseluisperezfuentes\/","name":"Nuestros escritores","description":"Escritor","potentialAction":[{"@type":"SearchAction","target":{"@type":"EntryPoint","urlTemplate":"https:\/\/nuestrosescritores.com\/joseluisperezfuentes\/?s={search_term_string}"},"query-input":{"@type":"PropertyValueSpecification","valueRequired":true,"valueName":"search_term_string"}}],"inLanguage":"es"}]}},"_links":{"self":[{"href":"https:\/\/nuestrosescritores.com\/joseluisperezfuentes\/wp-json\/wp\/v2\/pages\/122","targetHints":{"allow":["GET"]}}],"collection":[{"href":"https:\/\/nuestrosescritores.com\/joseluisperezfuentes\/wp-json\/wp\/v2\/pages"}],"about":[{"href":"https:\/\/nuestrosescritores.com\/joseluisperezfuentes\/wp-json\/wp\/v2\/types\/page"}],"author":[{"embeddable":true,"href":"https:\/\/nuestrosescritores.com\/joseluisperezfuentes\/wp-json\/wp\/v2\/users\/1"}],"replies":[{"embeddable":true,"href":"https:\/\/nuestrosescritores.com\/joseluisperezfuentes\/wp-json\/wp\/v2\/comments?post=122"}],"version-history":[{"count":0,"href":"https:\/\/nuestrosescritores.com\/joseluisperezfuentes\/wp-json\/wp\/v2\/pages\/122\/revisions"}],"wp:attachment":[{"href":"https:\/\/nuestrosescritores.com\/joseluisperezfuentes\/wp-json\/wp\/v2\/media?parent=122"}],"curies":[{"name":"wp","href":"https:\/\/api.w.org\/{rel}","templated":true}]}}