{"id":107,"date":"2022-03-12T09:31:06","date_gmt":"2022-03-12T09:31:06","guid":{"rendered":"https:\/\/nuestrosescritores.com\/enriquegamezclemente\/?page_id=107"},"modified":"2022-03-12T11:22:41","modified_gmt":"2022-03-12T11:22:41","slug":"poesia","status":"publish","type":"page","link":"https:\/\/nuestrosescritores.com\/enriquegamezclemente\/poesia\/","title":{"rendered":"Poes\u00eda"},"content":{"rendered":"<div class=\"wpb-content-wrapper\">[vc_row full_width=&#8221;stretch_row_content_no_spaces&#8221; full_height=&#8221;yes&#8221; equal_height=&#8221;yes&#8221;][vc_column extend=&#8221;false&#8221;]<div id=\"rowvcpt-row-settings\" class=\"rowvcpt-row-set RowVcPt-row-setting69f4fad5b8001 \" data-no=\"RowVcPt-row-setting69f4fad5b8001\"><div class=\"columns-bg-wrap columns-bg-anim-colors columns-bg-image  columns_simple_image\" id=\"RowVcPt-image-bg-69f4fad5b8000\"   data-parallax_sense=\"30\" src=\"https:\/\/nuestrosescritores.com\/enriquegamezclemente\/wp-content\/uploads\/sites\/125\/2022\/03\/11145293.jpg\" style=\"background-image: url(https:\/\/nuestrosescritores.com\/enriquegamezclemente\/wp-content\/uploads\/sites\/125\/2022\/03\/11145293.jpg);background-position: center center;background-size: cover;background-attachment: fixed;\"><\/div><\/div>[\/vc_column][\/vc_row][vc_row][vc_column extend=&#8221;false&#8221;][vc_column_text]\n<h1>&nbsp;<\/h1>\n<h1><a name=\"_Toc96625659\"><\/a><strong>Miedo<\/strong><\/h1>\n<p>&nbsp;<\/p>\n<p>Me da miedo que no te gusten<\/p>\n<p>mis ojos sombr\u00edos,<\/p>\n<p>mi nariz torcida,<\/p>\n<p>mi caja de dientes desali\u00f1ada,<\/p>\n<p>mis caderas prominentes,<\/p>\n<p>mis piernas arqueadas,<\/p>\n<p>mi pelo yermo y oscurecido<\/p>\n<p>de la melanc\u00f3lica trampa.<\/p>\n<p>&nbsp;<\/p>\n<p>Y eso no es lo peor.<\/p>\n<p>&nbsp;<\/p>\n<p>Me da miedo que no te guste mi &#8220;Yo&#8221;.<\/p>\n<p>Mi esp\u00edritu.<\/p>\n<p>Mi forma de ser contigo.<\/p>\n<p>Los besos,<\/p>\n<p>conversaciones innecesarias,<\/p>\n<p>tener que aguantar pensamientos cr\u00edticos,<\/p>\n<p>ver lo que sobresale de mis entra\u00f1as&#8230;<\/p>\n<p>&nbsp;<\/p>\n<p>Eso me da miedo.<\/p>\n<p>&nbsp;<\/p>\n<p>&nbsp;<\/p>\n<p>Que no te guste la capa de dentro,<\/p>\n<p>y me rechaces,<\/p>\n<p>y te vayas&#8230;<\/p>\n<p>&nbsp;<\/p>\n<p>No,<\/p>\n<p>no quiero Moonlight<\/p>\n<p>cuando la lluvia caiga.<\/p>\n<p>&nbsp;<\/p>\n<p>Me da miedo,<\/p>\n<p>mucho miedo<\/p>\n<p>levantarme<\/p>\n<p>y no verte<\/p>\n<p>&nbsp;<\/p>\n<p>y que ni el sol<\/p>\n<p>ni el amor<\/p>\n<p>nazcan.<\/p>\n<span class='bctt-click-to-tweet'><span class='bctt-ctt-text'><a href='https:\/\/x.com\/intent\/tweet?url=https%3A%2F%2Fnuestrosescritores.com%2Fenriquegamezclemente%2Fpoesia%2F&#038;text=Miedo%20del%20libro%20EN%20EL%20PAT%C3%8DBULO%20de%20ENRIQUE%20G%C3%81MEZ%20CLEMENTE&#038;via=poesiaerestu&#038;related=poesiaerestu' target='_blank'rel=\"noopener noreferrer\">Miedo del libro EN EL PAT\u00cdBULO de ENRIQUE G\u00c1MEZ CLEMENTE <\/a><\/span><a href='https:\/\/x.com\/intent\/tweet?url=https%3A%2F%2Fnuestrosescritores.com%2Fenriquegamezclemente%2Fpoesia%2F&#038;text=Miedo%20del%20libro%20EN%20EL%20PAT%C3%8DBULO%20de%20ENRIQUE%20G%C3%81MEZ%20CLEMENTE&#038;via=poesiaerestu&#038;related=poesiaerestu' target='_blank' class='bctt-ctt-btn'rel=\"noopener noreferrer\">Compartir en X<\/a><\/span>[\/vc_column_text][\/vc_column][\/vc_row][vc_row full_width=&#8221;stretch_row_content_no_spaces&#8221; full_height=&#8221;yes&#8221; equal_height=&#8221;yes&#8221;][vc_column extend=&#8221;false&#8221;]<div id=\"rowvcpt-row-settings\" class=\"rowvcpt-row-set RowVcPt-row-setting69f4fad5b853e \" data-no=\"RowVcPt-row-setting69f4fad5b853e\"><div class=\"columns-bg-wrap columns-bg-anim-colors columns-bg-image  columns_simple_image\" id=\"RowVcPt-image-bg-69f4fad5b853d\"   data-parallax_sense=\"30\" src=\"https:\/\/nuestrosescritores.com\/enriquegamezclemente\/wp-content\/uploads\/sites\/125\/2022\/03\/11210402.jpg\" style=\"background-image: url(https:\/\/nuestrosescritores.com\/enriquegamezclemente\/wp-content\/uploads\/sites\/125\/2022\/03\/11210402.jpg);background-position: center center;background-size: cover;background-attachment: fixed;\"><\/div><\/div>[\/vc_column][\/vc_row][vc_row][vc_column extend=&#8221;false&#8221;][vc_column_text]\n<h1><a name=\"_Toc96625665\"><\/a><strong>Espero que no<\/strong><\/h1>\n<p>&nbsp;<\/p>\n<p>Un a\u00f1o despu\u00e9s vuelvo a estar con la misma persona<\/p>\n<p>en la misma ciudad<\/p>\n<p>y con la misma magia en el ambiente.<\/p>\n<p>&nbsp;<\/p>\n<p>Terminamos haciendo el amor<\/p>\n<p>y qu\u00e9 dif\u00edcil es, amigos, hacer el amor&#8230;<\/p>\n<p>&nbsp;<\/p>\n<p>Y a la ma\u00f1ana siguiente nos volvemos a separar.<\/p>\n<p>&nbsp;<\/p>\n<p>Espero que esta vez no sea igual.<\/p>\n<p>&nbsp;<\/p>\n<p>Me siento vac\u00edo sin ella&#8230;<\/p>\n<p>ya tuve esa sensaci\u00f3n de abandono<\/p>\n<p>y no me gusta la idea de volver a perder<\/p>\n<p>a la princesa.<\/p>\n<p>&nbsp;<\/p>\n<p>Recuerdo una frase<\/p>\n<p>&#8220;&#8230;ellas ablandan a los hombres y luego los dejan<\/p>\n<p>escuchando la lluvia&#8221;<\/p>\n<p>&nbsp;<\/p>\n<p>a m\u00ed me dej\u00f3<\/p>\n<p>adem\u00e1s<\/p>\n<p>como un marinero sin velas.<\/p>\n<span class='bctt-click-to-tweet'><span class='bctt-ctt-text'><a href='https:\/\/x.com\/intent\/tweet?url=https%3A%2F%2Fnuestrosescritores.com%2Fenriquegamezclemente%2Fpoesia%2F&#038;text=Espero%20que%20no%20del%20libro%20EN%20EL%20PAT%C3%8DBULO%20de%20ENRIQUE%20G%C3%81MEZ%20CLEMENTE&#038;via=poesiaerestu&#038;related=poesiaerestu' target='_blank'rel=\"noopener noreferrer\">Espero que no del libro EN EL PAT\u00cdBULO de ENRIQUE G\u00c1MEZ CLEMENTE <\/a><\/span><a href='https:\/\/x.com\/intent\/tweet?url=https%3A%2F%2Fnuestrosescritores.com%2Fenriquegamezclemente%2Fpoesia%2F&#038;text=Espero%20que%20no%20del%20libro%20EN%20EL%20PAT%C3%8DBULO%20de%20ENRIQUE%20G%C3%81MEZ%20CLEMENTE&#038;via=poesiaerestu&#038;related=poesiaerestu' target='_blank' class='bctt-ctt-btn'rel=\"noopener noreferrer\">Compartir en X<\/a><\/span>\n<p>&nbsp;<\/p>\n<p>&nbsp;[\/vc_column_text][\/vc_column][\/vc_row][vc_row full_width=&#8221;stretch_row_content_no_spaces&#8221; full_height=&#8221;yes&#8221; equal_height=&#8221;yes&#8221;][vc_column extend=&#8221;false&#8221;]<div id=\"rowvcpt-row-settings\" class=\"rowvcpt-row-set RowVcPt-row-setting69f4fad5b88d6 \" data-no=\"RowVcPt-row-setting69f4fad5b88d6\"><div class=\"columns-bg-wrap columns-bg-anim-colors columns-bg-image  columns_simple_image\" id=\"RowVcPt-image-bg-69f4fad5b88d5\"   data-parallax_sense=\"30\" src=\"https:\/\/nuestrosescritores.com\/enriquegamezclemente\/wp-content\/uploads\/sites\/125\/2022\/03\/7018154.jpg\" style=\"background-image: url(https:\/\/nuestrosescritores.com\/enriquegamezclemente\/wp-content\/uploads\/sites\/125\/2022\/03\/7018154.jpg);background-position: center center;background-size: cover;background-attachment: fixed;\"><\/div><\/div>[\/vc_column][\/vc_row][vc_row][vc_column extend=&#8221;false&#8221;][vc_column_text]\n<h1><a name=\"_Toc96625674\"><\/a><strong>Un mensaje de apoyo<\/strong><\/h1>\n<p>&nbsp;<\/p>\n<p>Vi a personas risue\u00f1as,<\/p>\n<p>gentiles, serenas,<\/p>\n<p>que te ofrec\u00edan lo poco que ten\u00edan<\/p>\n<p>con una triste sonrisa<\/p>\n<p>mientras sus parejas<\/p>\n<p>las humillaban<\/p>\n<p>como si fueran mu\u00f1ecos o mu\u00f1ecas<\/p>\n<p>&nbsp;<\/p>\n<p>y esas personas<\/p>\n<p>lloraban por dentro&#8230;<\/p>\n<p>&nbsp;<\/p>\n<p>y sufr\u00edan&#8230;<\/p>\n<p>&nbsp;<\/p>\n<p>pod\u00eda sentirlo<\/p>\n<p>siendo tan s\u00f3lo un ni\u00f1o<\/p>\n<p>&nbsp;<\/p>\n<p>y ahora les grito<\/p>\n<p>que saquen fortaleza.<\/p>\n<p>&nbsp;<\/p>\n<p>Que se alejen,<\/p>\n<p>que se encuentren,<\/p>\n<p>que busquen el sentido en esta vida ef\u00edmera<\/p>\n<p>&nbsp;<\/p>\n<p>que llamen a Soledad<\/p>\n<p>y despu\u00e9s<\/p>\n<p>devuelvan en forma de paz<\/p>\n<p>toda esa basura t\u00e9trica.<\/p>\n<p>&nbsp;<\/p>\n<p>Les digo que renazcan,<\/p>\n<p>que las mejores almas<\/p>\n<p>alg\u00fan d\u00eda ser\u00e1n cometas.<\/p>\n<p>&nbsp;<\/p>\n<p>Que nuestro reflejo<\/p>\n<p>debe ser el Amor<\/p>\n<p>y no<\/p>\n<p>Donald Trump<\/p>\n<p>o Manuel Delgado Villegas.<\/p>\n<span class='bctt-click-to-tweet'><span class='bctt-ctt-text'><a href='https:\/\/x.com\/intent\/tweet?url=https%3A%2F%2Fnuestrosescritores.com%2Fenriquegamezclemente%2Fpoesia%2F&#038;text=Un%20mensaje%20de%20apoyo%20del%20libro%20EN%20EL%20PAT%C3%8DBULO%20de%20ENRIQUE%20G%C3%81MEZ%20CLEMENTE&#038;via=poesiaerestu&#038;related=poesiaerestu' target='_blank'rel=\"noopener noreferrer\">Un mensaje de apoyo del libro EN EL PAT\u00cdBULO de ENRIQUE G\u00c1MEZ CLEMENTE <\/a><\/span><a href='https:\/\/x.com\/intent\/tweet?url=https%3A%2F%2Fnuestrosescritores.com%2Fenriquegamezclemente%2Fpoesia%2F&#038;text=Un%20mensaje%20de%20apoyo%20del%20libro%20EN%20EL%20PAT%C3%8DBULO%20de%20ENRIQUE%20G%C3%81MEZ%20CLEMENTE&#038;via=poesiaerestu&#038;related=poesiaerestu' target='_blank' class='bctt-ctt-btn'rel=\"noopener noreferrer\">Compartir en X<\/a><\/span>\n<p>&nbsp;<\/p>\n<p>&nbsp;[\/vc_column_text][\/vc_column][\/vc_row][vc_row full_height=&#8221;yes&#8221; equal_height=&#8221;yes&#8221;][vc_column extend=&#8221;false&#8221;]<div id=\"rowvcpt-row-settings\" class=\"rowvcpt-row-set RowVcPt-row-setting69f4fad5b8c7a \" data-no=\"RowVcPt-row-setting69f4fad5b8c7a\"><div class=\"columns-bg-wrap columns-bg-anim-colors columns-bg-image  columns_simple_image\" id=\"RowVcPt-image-bg-69f4fad5b8c79\"   data-parallax_sense=\"30\" src=\"https:\/\/nuestrosescritores.com\/enriquegamezclemente\/wp-content\/uploads\/sites\/125\/2022\/03\/7043267.jpg\" style=\"background-image: url(https:\/\/nuestrosescritores.com\/enriquegamezclemente\/wp-content\/uploads\/sites\/125\/2022\/03\/7043267.jpg);background-position: center center;background-size: cover;background-attachment: fixed;\"><\/div><\/div><div class=\"ult-spacer spacer-69f4fad5b8fba\" data-id=\"69f4fad5b8fba\" data-height=\"150\" data-height-mobile=\"150\" data-height-tab=\"150\" data-height-tab-portrait=\"\" data-height-mobile-landscape=\"\" style=\"clear:both;display:block;\"><\/div>[vc_column_text]\n<p style=\"text-align: center;\"><a class=\"fasc-button fasc-size-xlarge fasc-type-glossy fasc-rounded-medium\" style=\"background-color: #33809e; color: #ffffff;\" href=\"https:\/\/librodepoesia.com\/libro\/en-el-patibulo-enrique-gamez-clemente\/\">Comprar el libro<\/a><\/p>\n[\/vc_column_text][\/vc_column][\/vc_row][vc_row][vc_column][vc_column_text]\n<p><a name=\"_Toc85047636\"><\/a><\/p>\n<p><a name=\"_Toc85385647\"><\/a><\/p>\n<p><a name=\"_Toc83400473\"><\/a>[\/vc_column_text][\/vc_column][\/vc_row]\n<\/div>","protected":false},"excerpt":{"rendered":"<p>[vc_row full_width=&#8221;stretch_row_content_no_spaces&#8221; full_height=&#8221;yes&#8221; equal_height=&#8221;yes&#8221;][vc_column extend=&#8221;false&#8221;][\/vc_column][\/vc_row][vc_row][vc_column extend=&#8221;false&#8221;][vc_column_text] &nbsp; Miedo &nbsp; Me da miedo que no te gusten mis ojos sombr\u00edos, mi nariz torcida, mi caja de dientes desali\u00f1ada, mis caderas prominentes, mis piernas arqueadas, mi pelo yermo y oscurecido de la melanc\u00f3lica trampa. &nbsp; Y eso no es lo peor. &nbsp; Me da miedo que no [&hellip;]<\/p>\n","protected":false},"author":1,"featured_media":0,"parent":0,"menu_order":0,"comment_status":"closed","ping_status":"closed","template":"","meta":{"_acf_changed":false,"footnotes":""},"class_list":["post-107","page","type-page","status-publish","hentry"],"acf":[],"yoast_head":"<!-- This site is optimized with the Yoast SEO Premium plugin v24.7 (Yoast SEO v27.5) - https:\/\/yoast.com\/product\/yoast-seo-premium-wordpress\/ -->\n<title>Poes\u00eda - Enrique G\u00e1mez Clemente<\/title>\n<meta name=\"description\" content=\"Poes\u00eda del libro EN EL PAT\u00cdBULO. El escritor ENRIQUE G\u00c1MEZ CLEMENTE nos da una muestra tras publicar su libro.\" \/>\n<meta name=\"robots\" content=\"index, follow, max-snippet:-1, max-image-preview:large, max-video-preview:-1\" \/>\n<link rel=\"canonical\" href=\"https:\/\/nuestrosescritores.com\/enriquegamezclemente\/poesia\/\" \/>\n<meta property=\"og:locale\" content=\"es_ES\" \/>\n<meta property=\"og:type\" content=\"article\" \/>\n<meta property=\"og:title\" content=\"Poes\u00eda\" \/>\n<meta property=\"og:description\" content=\"Poes\u00eda del libro EN EL PAT\u00cdBULO. El escritor ENRIQUE G\u00c1MEZ CLEMENTE nos da una muestra tras publicar su libro.\" \/>\n<meta property=\"og:url\" content=\"https:\/\/nuestrosescritores.com\/enriquegamezclemente\/poesia\/\" \/>\n<meta property=\"og:site_name\" content=\"Enrique G\u00e1mez Clemente\" \/>\n<meta property=\"article:modified_time\" content=\"2022-03-12T11:22:41+00:00\" \/>\n<meta name=\"twitter:card\" content=\"summary_large_image\" \/>\n<meta name=\"twitter:label1\" content=\"Tiempo de lectura\" \/>\n\t<meta name=\"twitter:data1\" content=\"3 minutos\" \/>\n<script type=\"application\/ld+json\" class=\"yoast-schema-graph\">{\"@context\":\"https:\\\/\\\/schema.org\",\"@graph\":[{\"@type\":\"WebPage\",\"@id\":\"https:\\\/\\\/nuestrosescritores.com\\\/enriquegamezclemente\\\/poesia\\\/\",\"url\":\"https:\\\/\\\/nuestrosescritores.com\\\/enriquegamezclemente\\\/poesia\\\/\",\"name\":\"Poes\u00eda - Enrique G\u00e1mez Clemente\",\"isPartOf\":{\"@id\":\"https:\\\/\\\/nuestrosescritores.com\\\/enriquegamezclemente\\\/#website\"},\"datePublished\":\"2022-03-12T09:31:06+00:00\",\"dateModified\":\"2022-03-12T11:22:41+00:00\",\"description\":\"Poes\u00eda del libro EN EL PAT\u00cdBULO. El escritor ENRIQUE G\u00c1MEZ CLEMENTE nos da una muestra tras publicar su libro.\",\"breadcrumb\":{\"@id\":\"https:\\\/\\\/nuestrosescritores.com\\\/enriquegamezclemente\\\/poesia\\\/#breadcrumb\"},\"inLanguage\":\"es\",\"potentialAction\":[{\"@type\":\"ReadAction\",\"target\":[\"https:\\\/\\\/nuestrosescritores.com\\\/enriquegamezclemente\\\/poesia\\\/\"]}]},{\"@type\":\"BreadcrumbList\",\"@id\":\"https:\\\/\\\/nuestrosescritores.com\\\/enriquegamezclemente\\\/poesia\\\/#breadcrumb\",\"itemListElement\":[{\"@type\":\"ListItem\",\"position\":1,\"name\":\"Portada\",\"item\":\"https:\\\/\\\/nuestrosescritores.com\\\/enriquegamezclemente\\\/\"},{\"@type\":\"ListItem\",\"position\":2,\"name\":\"Poes\u00eda\"}]},{\"@type\":\"WebSite\",\"@id\":\"https:\\\/\\\/nuestrosescritores.com\\\/enriquegamezclemente\\\/#website\",\"url\":\"https:\\\/\\\/nuestrosescritores.com\\\/enriquegamezclemente\\\/\",\"name\":\"Nuestros escritores\",\"description\":\"Escritor\",\"potentialAction\":[{\"@type\":\"SearchAction\",\"target\":{\"@type\":\"EntryPoint\",\"urlTemplate\":\"https:\\\/\\\/nuestrosescritores.com\\\/enriquegamezclemente\\\/?s={search_term_string}\"},\"query-input\":{\"@type\":\"PropertyValueSpecification\",\"valueRequired\":true,\"valueName\":\"search_term_string\"}}],\"inLanguage\":\"es\"}]}<\/script>\n<!-- \/ Yoast SEO Premium plugin. -->","yoast_head_json":{"title":"Poes\u00eda - Enrique G\u00e1mez Clemente","description":"Poes\u00eda del libro EN EL PAT\u00cdBULO. El escritor ENRIQUE G\u00c1MEZ CLEMENTE nos da una muestra tras publicar su libro.","robots":{"index":"index","follow":"follow","max-snippet":"max-snippet:-1","max-image-preview":"max-image-preview:large","max-video-preview":"max-video-preview:-1"},"canonical":"https:\/\/nuestrosescritores.com\/enriquegamezclemente\/poesia\/","og_locale":"es_ES","og_type":"article","og_title":"Poes\u00eda","og_description":"Poes\u00eda del libro EN EL PAT\u00cdBULO. El escritor ENRIQUE G\u00c1MEZ CLEMENTE nos da una muestra tras publicar su libro.","og_url":"https:\/\/nuestrosescritores.com\/enriquegamezclemente\/poesia\/","og_site_name":"Enrique G\u00e1mez Clemente","article_modified_time":"2022-03-12T11:22:41+00:00","twitter_card":"summary_large_image","twitter_misc":{"Tiempo de lectura":"3 minutos"},"schema":{"@context":"https:\/\/schema.org","@graph":[{"@type":"WebPage","@id":"https:\/\/nuestrosescritores.com\/enriquegamezclemente\/poesia\/","url":"https:\/\/nuestrosescritores.com\/enriquegamezclemente\/poesia\/","name":"Poes\u00eda - Enrique G\u00e1mez Clemente","isPartOf":{"@id":"https:\/\/nuestrosescritores.com\/enriquegamezclemente\/#website"},"datePublished":"2022-03-12T09:31:06+00:00","dateModified":"2022-03-12T11:22:41+00:00","description":"Poes\u00eda del libro EN EL PAT\u00cdBULO. El escritor ENRIQUE G\u00c1MEZ CLEMENTE nos da una muestra tras publicar su libro.","breadcrumb":{"@id":"https:\/\/nuestrosescritores.com\/enriquegamezclemente\/poesia\/#breadcrumb"},"inLanguage":"es","potentialAction":[{"@type":"ReadAction","target":["https:\/\/nuestrosescritores.com\/enriquegamezclemente\/poesia\/"]}]},{"@type":"BreadcrumbList","@id":"https:\/\/nuestrosescritores.com\/enriquegamezclemente\/poesia\/#breadcrumb","itemListElement":[{"@type":"ListItem","position":1,"name":"Portada","item":"https:\/\/nuestrosescritores.com\/enriquegamezclemente\/"},{"@type":"ListItem","position":2,"name":"Poes\u00eda"}]},{"@type":"WebSite","@id":"https:\/\/nuestrosescritores.com\/enriquegamezclemente\/#website","url":"https:\/\/nuestrosescritores.com\/enriquegamezclemente\/","name":"Nuestros escritores","description":"Escritor","potentialAction":[{"@type":"SearchAction","target":{"@type":"EntryPoint","urlTemplate":"https:\/\/nuestrosescritores.com\/enriquegamezclemente\/?s={search_term_string}"},"query-input":{"@type":"PropertyValueSpecification","valueRequired":true,"valueName":"search_term_string"}}],"inLanguage":"es"}]}},"_links":{"self":[{"href":"https:\/\/nuestrosescritores.com\/enriquegamezclemente\/wp-json\/wp\/v2\/pages\/107","targetHints":{"allow":["GET"]}}],"collection":[{"href":"https:\/\/nuestrosescritores.com\/enriquegamezclemente\/wp-json\/wp\/v2\/pages"}],"about":[{"href":"https:\/\/nuestrosescritores.com\/enriquegamezclemente\/wp-json\/wp\/v2\/types\/page"}],"author":[{"embeddable":true,"href":"https:\/\/nuestrosescritores.com\/enriquegamezclemente\/wp-json\/wp\/v2\/users\/1"}],"replies":[{"embeddable":true,"href":"https:\/\/nuestrosescritores.com\/enriquegamezclemente\/wp-json\/wp\/v2\/comments?post=107"}],"version-history":[{"count":0,"href":"https:\/\/nuestrosescritores.com\/enriquegamezclemente\/wp-json\/wp\/v2\/pages\/107\/revisions"}],"wp:attachment":[{"href":"https:\/\/nuestrosescritores.com\/enriquegamezclemente\/wp-json\/wp\/v2\/media?parent=107"}],"curies":[{"name":"wp","href":"https:\/\/api.w.org\/{rel}","templated":true}]}}