{"id":12,"date":"2020-05-02T16:52:04","date_gmt":"2020-05-02T16:52:04","guid":{"rendered":"https:\/\/nuestrosescritores.com\/andreaquintela\/?page_id=12"},"modified":"2020-05-03T09:04:36","modified_gmt":"2020-05-03T09:04:36","slug":"andrea-quintela","status":"publish","type":"page","link":"https:\/\/nuestrosescritores.com\/andreaquintela\/","title":{"rendered":"Andrea Quintela"},"content":{"rendered":"<div class=\"wpb-content-wrapper\">[vc_row][vc_column extend=&#8221;false&#8221;][vc_column_text css=&#8221;.vc_custom_1582371481559{margin-top: -30000px !important;}&#8221;]\n<h1><u>Andrea Quintela Tri\u00f1anes es el escritor<em> de <strong>B\u00c9SAME LAS HERIDAS<\/strong><\/em>&nbsp;<strong><em>el escritor y poeta <\/em><\/strong>acaba de <a href=\"http:\/\/publicarunlibro.gdn\"><strong><em>publicar un libro <\/em><\/strong><\/a>de poes\u00eda con la <strong><em>Editorial Poes\u00eda eres t\u00fa. Considerado como una de las mejores poetas espa\u00f1olas.<\/em><\/strong><\/u><\/h1>\n<h2><strong><em><u>B\u00c9SAME LAS HERIDAS ha sido escrito por Andrea Quintela Tri\u00f1anes Considerado como uno de los mejores poetas espa\u00f1oles, algunos afirman que es el mejor poeta espa\u00f1ol. el escritor sabe como <a href=\"http:\/\/publicarunlibro.ovh\">publicar un libro<\/a> de poes\u00eda con la Editorial Poes\u00eda eres t\u00fa<\/u><\/em><\/strong><\/h2>\n<h3><strong><em>Trabajamos con distribuidoras de libros que acercan los libros a las librer\u00edas, pero contamos tambi\u00e9n con las siguientes librerias de apoyo en internet para que ning\u00fan lector se quede sin su <a href=\"http:\/\/librodepoesia.com\">libro de poes\u00eda<\/a>: Libreria GEPA, Libreria Website, La librer\u00eda del escritor, El rinc\u00f3n de los libros.<\/em><\/strong><\/h3>\n<p><strong><em>Informamos de como publicar un libro y el precio de publicar un libro<\/em><\/strong><\/p>\n<p><strong><em>As\u00ed mismo colaboramos con la <a href=\"http:\/\/editorespoesia.com\">Asociaci\u00f3n de editores de poes\u00eda<\/a> y la <a href=\"http:\/\/escritoresycriticos.com\">Asociaci\u00f3n Madrile\u00f1a de escritores y cr\u00edticos literarios<\/a> (<a href=\"http:\/\/escritoresycriticos.com\">Cr\u00edtica de Vigo<\/a>).<\/em><\/strong><\/p>\n<p><strong><em>Trabajamos con varias imprentas y contamos con nuestra propia <a href=\"http:\/\/artesgraficas.info\/\">imprenta<\/a> Herederos de Izquierdo y Vigo impresores.<\/em><\/strong><\/p>\n<p><strong><em>Puedes conocernos en nuestra p\u00e1gina del Grupo Editorial. Contamos con una sede en Vigo y otra en Jumilla (Murcia)<\/em><\/strong><\/p>\n<p><strong><em>Somos especialitas en la edici\u00f3n del <a href=\"http:\/\/libropoesia.com\/\">libro de poes\u00eda<\/a><\/em><\/strong><\/p>\n<p><strong><em><u>Andrea Quintela Tri\u00f1anes Considerado como uno de los mejores poetas espa\u00f1oles, algunos afirman que es el mejor poeta espa\u00f1oles es el escritor de B\u00c9SAME LAS HERIDAS. El poeta conoce el precio de <a href=\"http:\/\/publicarunlibro.pro\">publicar un libro<\/a> de poes\u00eda con la Editorial Poes\u00eda eres t\u00fa<\/u><\/em><\/strong><\/p>\n<h4><strong><em><u>Andrea Quintela Tri\u00f1anes Considerado como uno de los mejores poetas espa\u00f1oles, algunos afirman que es el mejor poeta espa\u00f1oles es el escritor de B\u00c9SAME LAS HERIDAS. La poeta sabe como <a href=\"http:\/\/publicarunlibro.xyz\">publicar un libro<\/a> de poes\u00eda con la Editorial Poes\u00eda eres t\u00fa<\/u><\/em><\/strong><\/h4>\n<h5><strong><em><u>Andrea Quintela Tri\u00f1anes considerado como uno de los mejores poetas espa\u00f1oles, algunos afirman que es el mejor poeta espa\u00f1ol es el escritor de B\u00c9SAME LAS HERIDAS. La poeta sabe el precio de <a href=\"http:\/\/publicarunlibro.info\">publicar un libro<\/a> de poes\u00eda con la Editorial Poes\u00eda eres t\u00fa<\/u><\/em><\/strong><\/h5>\n<p>&nbsp;<\/p>\n<p><strong><em><u>El <a href=\"http:\/\/grupoeditorialperezayala.com\">Grupo Editorial P\u00e9rez-Ayala<\/a>, est\u00e1 formado por los siguientes sellos <a href=\"http:\/\/editorialpoesia.com\">editoriales<\/a>: <a href=\"http:\/\/poesiaerestu.com\">Editorial Poes\u00eda eres t\u00fa<\/a>, <a href=\"http:\/\/edicionesrilke.com\">Ediciones Rilke<\/a> <a href=\"http:\/\/editorialpoesia.com\">Editorial poes\u00eda<\/a>, <a href=\"http:\/\/editorial.org.es\">Editorial<\/a> <a href=\"http:\/\/edicionesamaniel.com\">Ediciones Amaniel<\/a>, <a href=\"http:\/\/editorial.org.es\">Editorial<\/a> <a href=\"http:\/\/edicionesazorin.com\">Ediciones Azor\u00edn un sello regional para Alicante y Murcia<\/a>.<\/u><\/em><\/strong><\/p>\n<p><strong><em><u>Para ayudar a la promoci\u00f3n de los libros contamos con diferentes plataformas en internet como <a href=\"http:\/\/poesiatv.com\">Poes\u00eda Televisi\u00f3n<\/a>, <a href=\"http:\/\/librodepoesia.com\">libro de poes\u00eda<\/a>, Club de poes\u00eda, Blog de escritor, Blog de poes\u00eda, <a href=\"https:\/\/agenciadellibro.com\">Agencia del libro<\/a>, Nuestras librerias, <a href=\"http:\/\/publicarlibro.com.es\">Publicar libro<\/a> &#8211; <a href=\"http:\/\/publicarlibro.es\">Publicar un libro<\/a>, Revista Poes\u00eda eres t\u00fa, Antolog\u00edas po\u00e9ticas, <a href=\"http:\/\/poesiapoetas.com\">Poes\u00eda y poetas.<\/a><\/u><\/em><\/strong>[\/vc_column_text][\/vc_column][\/vc_row][vc_row full_width=&#8221;stretch_row_content_no_spaces&#8221;][vc_column extend=&#8221;false&#8221;][layerslider_vc id=&#8221;1&#8243;][\/vc_column][\/vc_row][vc_row extend=&#8221;false&#8221; design__empty_1=&#8221;&#8221; background=&#8221;&#8221; background_image_type=&#8221;static&#8221; background_image__effect=&#8221;&#8221; bg_size=&#8221;initial&#8221; bg_position=&#8221;center-center&#8221; row_bg_image=&#8221;&#8221; bg_repeat=&#8221;no-repeat&#8221; background_image_type__bg_color=&#8221;rgba(255, 255, 255, 1)&#8221; row_bg_parallax_images=&#8221;&#8221; row_bg_slideshow_images=&#8221;&#8221; background_video_type=&#8221;youtube&#8221; background_video__youtube__url=&#8221;&#8221; background_video__youtube__parallax=&#8221;&#8221; background_video__youtube__options=&#8221;&#8221; background_video__youtube__fallback_image=&#8221;&#8221; background_video__hosted__mp4=&#8221;&#8221; background_video__hosted__webm=&#8221;&#8221; background_video__hosted__ogv=&#8221;&#8221; background_video__hosted__parallax=&#8221;&#8221; background_video__hosted__options=&#8221;&#8221; background_video__hosted__fallback_image=&#8221;&#8221; background_color_type=&#8221;color&#8221; bg__empty_1=&#8221;&#8221; background_color_type__gradient_color1=&#8221;rgba(44, 74, 228, 1)&#8221; background_color_type__gradient_color2=&#8221;rgba(44, 74, 228, 1)&#8221; background_color_type__color_color1=&#8221;rgba(44, 74, 228, 1)&#8221; bg__empty_2=&#8221;&#8221; background_color__effect=&#8221;&#8221; background_color__direction=&#8221;left-to-right&#8221; settings__tag_1=&#8221;&#8221; viewport_lg=&#8221;&#8221; viewport_md=&#8221;&#8221; viewport_sm=&#8221;&#8221; viewport_xs=&#8221;&#8221; settings__empty_1=&#8221;&#8221; version=&#8221;1&#8243;][vc_column width=&#8221;1\/2&#8243; extend=&#8221;false&#8221;]<div class=\"ult-content-box-container \" >\t\t<div class=\"ult-content-box\" style=\"background-color:rgba(255,255,255,0.49);box-shadow: px px 8px px #f2f2f2 none;border-style:none;-webkit-transition: all 700ms ease;-moz-transition: all 700ms ease;-ms-transition: all 700ms ease;-o-transition: all 700ms ease;transition: all 700ms ease;\"  data-hover_box_shadow=\"none\"     data-bg=\"rgba(255,255,255,0.49)\"  data-border_color=\"\" >[vc_column_text css=&#8221;.vc_custom_1588438073807{padding-top: 15% !important;padding-right: 15% !important;padding-bottom: 15% !important;padding-left: 15% !important;}&#8221;]<strong>Andrea Quintela Tri\u00f1anes, 1992.<\/strong><\/p>\n<p>Nac\u00ed en Cabo de Cruz (La Coru\u00f1a).<\/p>\n<p>Gallega de coraz\u00f3n aunque ahora vivo fuera, siempre con morri\u00f1a.<\/p>\n<p>Empec\u00e9 a escribir cuando fui diagnosticada de TLP, en un momento donde no encontraba salida, donde todo era negro, donde la vida me golpeaba a cada rato. Lo hice como terapia de mi mente, para liberarme. Ahora escribo a todas horas, de todo lo que siento, de todo lo que me pasa. Es una forma de plasmar mi vida.<\/p>\n<p><strong>&nbsp;<\/strong><\/p>\n<p><strong>&nbsp;<\/strong><\/p>\n<span class='bctt-click-to-tweet'><span class='bctt-ctt-text'><a href='https:\/\/x.com\/intent\/tweet?url=https%3A%2F%2Fnuestrosescritores.com%2Fandreaquintela%2F&#038;text=Andrea%20Quintela%20Tri%C3%B1anes%20.%20Escritor%2C%20poeta.&#038;related' target='_blank'rel=\"noopener noreferrer\">Andrea Quintela Tri\u00f1anes . Escritor, poeta. <\/a><\/span><a href='https:\/\/x.com\/intent\/tweet?url=https%3A%2F%2Fnuestrosescritores.com%2Fandreaquintela%2F&#038;text=Andrea%20Quintela%20Tri%C3%B1anes%20.%20Escritor%2C%20poeta.&#038;related' target='_blank' class='bctt-ctt-btn'rel=\"noopener noreferrer\">Compartir en X<\/a><\/span>[\/vc_column_text]\t\t<\/div><\/div>[\/vc_column][vc_column width=&#8221;1\/2&#8243; extend=&#8221;false&#8221;]<div class=\"gambit_fullheight_row\" data-content-location=\"center\" style=\"display: none\"><\/div><div id=\"rowvcpt-row-settings\" class=\"rowvcpt-row-set RowVcPt-row-setting69f4a7b3b8660 \" data-no=\"RowVcPt-row-setting69f4a7b3b8660\"><div  id=\"bgGallaryslide69f4a7b3b8664\" class=\"rowvcpt-slideshow \"><\/div><script type=\"text\/javascript\">\n(function($) {\n$(\"#bgGallaryslide69f4a7b3b8664\").vegas({\n        overlay: \"https:\/\/nuestrosescritores.com\/andreaquintela\/wp-content\/plugins\/ultimate-row-background\/css\/overlays\/0'.esc_attr(1.png).'\",\n        transitionDuration: 4e3,\n        delay: 7000,\n        slides: [{src: \"\",transition: \"fade2\",transitionDuration: 5000},{src: \"https:\/\/nuestrosescritores.com\/andreaquintela\/wp-content\/uploads\/sites\/36\/2020\/05\/feather-1689754_1920-Mediano.jpg\",transition: \"fade2\",transitionDuration: 5000},{src: \"https:\/\/nuestrosescritores.com\/andreaquintela\/wp-content\/uploads\/sites\/36\/2020\/05\/bird-feather-2505306_1920-Mediano.jpg\",transition: \"fade2\",transitionDuration: 5000},]\n    });\t\t\n})(jQuery);\n<\/script><div class=\"rowvcpt-overlay\" style=\"background:rgba(255,255,255,0.69)\"><\/div><\/div>[vc_single_image image=&#8221;13&#8243; img_size=&#8221;full&#8221; alignment=&#8221;center&#8221;][\/vc_column][\/vc_row][vc_row][vc_column extend=&#8221;false&#8221;]<div class=\"gambit_fullheight_row\" data-content-location=\"center\" style=\"display: none\"><\/div><div class='gambit_parallax_row' data-bg-align='' data-direction='fixed' data-opacity='100' data-velocity='-0.3' data-mobile-enabled='parallax-enable-mobile' data-bg-height='1707' data-bg-width='2560' data-bg-image='https:\/\/nuestrosescritores.com\/andreaquintela\/wp-content\/uploads\/sites\/36\/2020\/05\/oaqk7qqnh_c-scaled.jpg' data-bg-repeat='false' data-id='' style='display: none'><\/div>[\/vc_column][\/vc_row][vc_row][vc_column extend=&#8221;false&#8221;]<div class=\"gambit_fullheight_row\" data-content-location=\"center\" style=\"display: none\"><\/div><div id=\"rowvcpt-row-settings\" class=\"rowvcpt-row-set RowVcPt-row-setting69f4a7b3b978f \" data-no=\"RowVcPt-row-setting69f4a7b3b978f\"><div  id=\"bgGallaryslide69f4a7b3b9792\" class=\"rowvcpt-slideshow \"><\/div><script type=\"text\/javascript\">\n(function($) {\n$(\"#bgGallaryslide69f4a7b3b9792\").vegas({\n        overlay: \"https:\/\/nuestrosescritores.com\/andreaquintela\/wp-content\/plugins\/ultimate-row-background\/css\/overlays\/0'.esc_attr(1.png).'\",\n        transitionDuration: 4e3,\n        delay: 7000,\n        slides: [{src: \"https:\/\/nuestrosescritores.com\/andreaquintela\/wp-content\/uploads\/sites\/36\/2020\/05\/woman-2877322_1920-Mediano.jpg\",transition: \"fade2\",transitionDuration: 5000},{src: \"https:\/\/nuestrosescritores.com\/andreaquintela\/wp-content\/uploads\/sites\/36\/2020\/05\/nature-2941085_1920-Mediano.jpg\",transition: \"fade2\",transitionDuration: 5000},{src: \"https:\/\/nuestrosescritores.com\/andreaquintela\/wp-content\/uploads\/sites\/36\/2020\/05\/man-4321831_1920-Mediano.jpg\",transition: \"fade2\",transitionDuration: 5000},{src: \"https:\/\/nuestrosescritores.com\/andreaquintela\/wp-content\/uploads\/sites\/36\/2020\/05\/gull-192909_1920-Mediano.jpg\",transition: \"fade2\",transitionDuration: 5000},{src: \"https:\/\/nuestrosescritores.com\/andreaquintela\/wp-content\/uploads\/sites\/36\/2020\/05\/filler-4984854_1920-Mediano.jpg\",transition: \"fade2\",transitionDuration: 5000},]\n    });\t\t\n})(jQuery);\n<\/script><div class=\"rowvcpt-overlay\" style=\"background:rgba(255,255,255,0.69)\"><\/div><\/div><div id=\"uvc-type-wrap-2374\"  data-ultimate-target='#uvc-type-wrap-2374'  data-responsive-json-new='{\"font-size\":\"\",\"line-height\":\"\"}'  class=\"uvc-type-wrap vc_custom_1588496672900 ult-adjust-bottom-margin ult-responsive  uvc-type-align-center uvc-type-no-prefix uvc-wrap-163789962769f4a7b3ba901\" style=\"text-align:center;\"><span id=\"typed-163789962769f4a7b3ba901\" class=\"ultimate-typed-main \" style=\" font-weight:bold; text-transform: unset;\"><\/span><script type=\"text\/javascript\">\n\t\t\t\t\t\tjQuery(function($){ \n\t\t\t\t\t\t\t$(document).ready(function(){\n\t\t\t\t\t\t\t\tif( typeof jQuery(\"#typed-163789962769f4a7b3ba901\").typed == \"function\"){\n\t\t\t\t\t\t\t\t\t$(\"#typed-163789962769f4a7b3ba901\").typed({\n\t\t\t\t\t\t\t\t\t\tstrings: [\"Me han salvado la vida unas cuantas veces y cuando el monstruo de mi cabeza se duerme hablo de todo lo importante, el amor. A mi familia, que siempre es faro en medio del mar para siempre traerme a casa, a la amistad, que me agarra fuerte para que no me caiga, a un amor imposible, que hace que sienta cosas maravillosas aunque nunca suceda, a la pasi\u00f3n, a las ilusi\u00f3n de salir adelante pase lo que pase.\"],\n\t\t\t\t\t\t\t\t\t\ttypeSpeed: 35,\n\t\t\t\t\t\t\t\t\t\tbackSpeed: 0,\n\t\t\t\t\t\t\t\t\t\tstartDelay: \"200\",\n\t\t\t\t\t\t\t\t\t\tbackDelay: \"1500\",\n\t\t\t\t\t\t\t\t\t\tloop: true,\n\t\t\t\t\t\t\t\t\t\tloopCount: false,\n\t\t\t\t\t\t\t\t\t\tshowCursor: true,\n\t\t\t\t\t\t\t\t\t\tcursorChar: \"|\",\n\t\t\t\t\t\t\t\t\t\tattr: null\n\t\t\t\t\t\t\t\t\t});\n\t\t\t\t\t\t\t\t}\n\t\t\t\t\t\t\t});\n\t\t\t\t\t\t});\n\t\t\t\t\t<\/script><\/div>[\/vc_column][\/vc_row][vc_row][vc_column extend=&#8221;false&#8221;]<div class=\"gambit_fullheight_row\" data-content-location=\"center\" style=\"display: none\"><\/div><div class='gambit_parallax_row' data-bg-align='' data-direction='fixed' data-opacity='50' data-velocity='-0.3' data-mobile-enabled='parallax-enable-mobile' data-bg-height='759' data-bg-width='1366' data-bg-image='https:\/\/nuestrosescritores.com\/andreaquintela\/wp-content\/uploads\/sites\/36\/2020\/05\/2020-03-18-01.15.34-2_HOA-Mediano.jpg' data-bg-repeat='false' data-id='' style='display: none'><\/div>[vc_column_text]\n<p style=\"text-align: center;\"><a class=\"fasc-button fasc-size-xlarge fasc-type-glossy fasc-rounded-medium\" style=\"background-color: #2f9e38; color: #ffffff;\" href=\"https:\/\/librodepoesia.com\/producto\/besame-las-heridas-andrea-quintela-trinanes\/\">COMPRA SUS LIBROS<\/a><\/p>\n[\/vc_column_text][\/vc_column][\/vc_row][vc_row][vc_column extend=&#8221;false&#8221;][vc_column_text css=&#8221;.vc_custom_1541094574844{margin-top: -30000px !important;}&#8221;]\n<h1><u>Andrea Quintela Tri\u00f1anes es el escritor<em> de <strong>B\u00c9SAME LAS HERIDAS<\/strong><\/em>. <strong><em>el escritor y poeta <\/em><\/strong>acaba de <a href=\"http:\/\/publicarunlibro.gdn\"><strong><em>publicar un libro <\/em><\/strong><\/a>de poes\u00eda con la <strong><em>Editorial Poes\u00eda eres t\u00fa. Considerado como uno de los mejores poetas espa\u00f1oles.<\/em><\/strong><\/u><\/h1>\n<h2><strong><em><u>B\u00c9SAME LAS HERIDAS ha sido escrito por Andrea Quintela Tri\u00f1anes Considerado como uno de los mejores poetas espa\u00f1oles, algunos afirman que es el mejor poeta espa\u00f1ol. el escritor sabe como <a href=\"http:\/\/publicarunlibro.ovh\">publicar un libro<\/a> de poes\u00eda con la Editorial Poes\u00eda eres t\u00fa<\/u><\/em><\/strong><\/h2>\n<h3><strong><em>Trabajamos con distribuidoras de libros que acercan los libros a las librer\u00edas, pero contamos tambi\u00e9n con las siguientes librerias de apoyo en internet para que ning\u00fan lector se quede sin su <a href=\"http:\/\/librodepoesia.com\">libro de poes\u00eda<\/a>: Libreria GEPA, Libreria Website, La librer\u00eda del escritor, El rinc\u00f3n de los libros.<\/em><\/strong><\/h3>\n<p><strong><em>Informamos de como publicar un libro y el precio de publicar un libro<\/em><\/strong><\/p>\n<p><strong><em>As\u00ed mismo colaboramos con la <a href=\"http:\/\/editorespoesia.com\">Asociaci\u00f3n de editores de poes\u00eda<\/a> y la <a href=\"http:\/\/escritoresycriticos.com\">Asociaci\u00f3n Madrile\u00f1a de escritores y cr\u00edticos literarios<\/a> (<a href=\"http:\/\/escritoresycriticos.com\">Cr\u00edtica de Vigo<\/a>).<\/em><\/strong><\/p>\n<p><strong><em>Trabajamos con varias imprentas y contamos con nuestra propia <a href=\"http:\/\/artesgraficas.info\/\">imprenta<\/a> Herederos de Izquierdo y Vigo impresores.<\/em><\/strong><\/p>\n<p><strong><em>Puedes conocernos en nuestra p\u00e1gina del Grupo Editorial. Contamos con una sede en Vigo y otra en Jumilla (Murcia)<\/em><\/strong><\/p>\n<p><strong><em>Somos especialitas en la edici\u00f3n del <a href=\"http:\/\/libropoesia.com\/\">libro de poes\u00eda<\/a><\/em><\/strong><\/p>\n<p><strong><em><u>Andrea Quintela Tri\u00f1anes Considerado como uno de los mejores poetas espa\u00f1oles, algunos afirman que es el mejor poeta espa\u00f1oles es el escritor de B\u00c9SAME LAS HERIDAS. El poeta conoce el precio de <a href=\"http:\/\/publicarunlibro.pro\">publicar un libro<\/a> de poes\u00eda con la Editorial Poes\u00eda eres t\u00fa<\/u><\/em><\/strong><\/p>\n<h4><strong><em><u>Andrea Quintela Tri\u00f1anes Considerado como uno de los mejores poetas espa\u00f1oles, algunos afirman que es el mejor poeta espa\u00f1oles es el escritor de B\u00c9SAME LAS HERIDAS. La poeta sabe como <a href=\"http:\/\/publicarunlibro.xyz\">publicar un libro<\/a> de poes\u00eda con la Editorial Poes\u00eda eres t\u00fa<\/u><\/em><\/strong><\/h4>\n<h5><strong><em><u>Andrea Quintela Tri\u00f1anes considerado como uno de los mejores poetas espa\u00f1oles, algunos afirman que es el mejor poeta espa\u00f1ol es el escritor de B\u00c9SAME LAS HERIDAS. La poeta sabe el precio de <a href=\"http:\/\/publicarunlibro.info\">publicar un libro<\/a> de poes\u00eda con la Editorial Poes\u00eda eres t\u00fa<\/u><\/em><\/strong><\/h5>\n<p>&nbsp;<\/p>\n<p><strong><em><u>El <a href=\"http:\/\/grupoeditorialperezayala.com\">Grupo Editorial P\u00e9rez-Ayala<\/a>, est\u00e1 formado por los siguientes sellos <a href=\"http:\/\/editorialpoesia.com\">editoriales<\/a>: <a href=\"http:\/\/poesiaerestu.com\">Editorial Poes\u00eda eres t\u00fa<\/a>, <a href=\"http:\/\/edicionesrilke.com\">Ediciones Rilke<\/a> <a href=\"http:\/\/editorialpoesia.com\">Editorial poes\u00eda<\/a>, <a href=\"http:\/\/editorial.org.es\">Editorial<\/a> <a href=\"http:\/\/edicionesamaniel.com\">Ediciones Amaniel<\/a>, <a href=\"http:\/\/editorial.org.es\">Editorial<\/a> <a href=\"http:\/\/edicionesazorin.com\">Ediciones Azor\u00edn un sello regional para Alicante y Murcia<\/a>.<\/u><\/em><\/strong><\/p>\n<p><strong><em><u>Para ayudar a la promoci\u00f3n de los libros contamos con diferentes plataformas en internet como <a href=\"http:\/\/poesiatv.com\">Poes\u00eda Televisi\u00f3n<\/a>, <a href=\"http:\/\/librodepoesia.com\">libro de poes\u00eda<\/a>, Club de poes\u00eda, Blog de escritor, Blog de poes\u00eda, <a href=\"https:\/\/agenciadellibro.com\">Agencia del libro<\/a>, Nuestras librerias, <a href=\"http:\/\/publicarlibro.com.es\">Publicar libro<\/a> &#8211; <a href=\"http:\/\/publicarlibro.es\">Publicar un libro<\/a>, Revista Poes\u00eda eres t\u00fa, Antolog\u00edas po\u00e9ticas, <a href=\"http:\/\/poesiapoetas.com\">Poes\u00eda y poetas.<\/a><\/u><\/em><\/strong>[\/vc_column_text][\/vc_column][\/vc_row]\n<\/div>","protected":false},"excerpt":{"rendered":"<p>[vc_row][vc_column extend=&#8221;false&#8221;][vc_column_text css=&#8221;.vc_custom_1582371481559{margin-top: -30000px !important;}&#8221;] Andrea Quintela Tri\u00f1anes es el escritor de B\u00c9SAME LAS HERIDAS&nbsp;el escritor y poeta acaba de publicar un libro de poes\u00eda con la Editorial Poes\u00eda eres t\u00fa. Considerado como una de las mejores poetas espa\u00f1olas. B\u00c9SAME LAS HERIDAS ha sido escrito por Andrea Quintela Tri\u00f1anes Considerado como uno de los mejores [&hellip;]<\/p>\n","protected":false},"author":1,"featured_media":0,"parent":0,"menu_order":0,"comment_status":"closed","ping_status":"closed","template":"","meta":{"_acf_changed":false,"footnotes":""},"class_list":["post-12","page","type-page","status-publish","hentry"],"acf":[],"yoast_head":"<!-- This site is optimized with the Yoast SEO Premium plugin v24.7 (Yoast SEO v27.5) - https:\/\/yoast.com\/product\/yoast-seo-premium-wordpress\/ -->\n<title>Andrea Quintela - Andrea Quintela Tri\u00f1anes<\/title>\n<meta name=\"description\" content=\"Andrea Quintela Tri\u00f1anes es la escritora del libro B\u00c9SAME LAS HERIDAS publicado por la Editorial Poes\u00eda eres t\u00fa en el a\u00f1o 2020.\" \/>\n<meta name=\"robots\" content=\"index, follow, max-snippet:-1, max-image-preview:large, max-video-preview:-1\" \/>\n<link rel=\"canonical\" href=\"https:\/\/nuestrosescritores.com\/andreaquintela\/\" \/>\n<meta property=\"og:locale\" content=\"es_ES\" \/>\n<meta property=\"og:type\" content=\"article\" \/>\n<meta property=\"og:title\" content=\"Andrea Quintela\" \/>\n<meta property=\"og:description\" content=\"Andrea Quintela Tri\u00f1anes es la escritora del libro B\u00c9SAME LAS HERIDAS publicado por la Editorial Poes\u00eda eres t\u00fa en el a\u00f1o 2020.\" \/>\n<meta property=\"og:url\" content=\"https:\/\/nuestrosescritores.com\/andreaquintela\/\" \/>\n<meta property=\"og:site_name\" content=\"Andrea Quintela Tri\u00f1anes\" \/>\n<meta property=\"article:modified_time\" content=\"2020-05-03T09:04:36+00:00\" \/>\n<meta name=\"twitter:card\" content=\"summary_large_image\" \/>\n<meta name=\"twitter:label1\" content=\"Tiempo de lectura\" \/>\n\t<meta name=\"twitter:data1\" content=\"8 minutos\" \/>\n<script type=\"application\/ld+json\" class=\"yoast-schema-graph\">{\"@context\":\"https:\\\/\\\/schema.org\",\"@graph\":[{\"@type\":\"WebPage\",\"@id\":\"https:\\\/\\\/nuestrosescritores.com\\\/andreaquintela\\\/\",\"url\":\"https:\\\/\\\/nuestrosescritores.com\\\/andreaquintela\\\/\",\"name\":\"Andrea Quintela - Andrea Quintela Tri\u00f1anes\",\"isPartOf\":{\"@id\":\"https:\\\/\\\/nuestrosescritores.com\\\/andreaquintela\\\/#website\"},\"datePublished\":\"2020-05-02T16:52:04+00:00\",\"dateModified\":\"2020-05-03T09:04:36+00:00\",\"description\":\"Andrea Quintela Tri\u00f1anes es la escritora del libro B\u00c9SAME LAS HERIDAS publicado por la Editorial Poes\u00eda eres t\u00fa en el a\u00f1o 2020.\",\"breadcrumb\":{\"@id\":\"https:\\\/\\\/nuestrosescritores.com\\\/andreaquintela\\\/#breadcrumb\"},\"inLanguage\":\"es\",\"potentialAction\":[{\"@type\":\"ReadAction\",\"target\":[\"https:\\\/\\\/nuestrosescritores.com\\\/andreaquintela\\\/\"]}]},{\"@type\":\"BreadcrumbList\",\"@id\":\"https:\\\/\\\/nuestrosescritores.com\\\/andreaquintela\\\/#breadcrumb\",\"itemListElement\":[{\"@type\":\"ListItem\",\"position\":1,\"name\":\"Portada\",\"item\":\"https:\\\/\\\/nuestrosescritores.com\\\/andreaquintela\\\/\"},{\"@type\":\"ListItem\",\"position\":2,\"name\":\"Andrea Quintela\"}]},{\"@type\":\"WebSite\",\"@id\":\"https:\\\/\\\/nuestrosescritores.com\\\/andreaquintela\\\/#website\",\"url\":\"https:\\\/\\\/nuestrosescritores.com\\\/andreaquintela\\\/\",\"name\":\"Nuestros escritores\",\"description\":\"Escritora\",\"potentialAction\":[{\"@type\":\"SearchAction\",\"target\":{\"@type\":\"EntryPoint\",\"urlTemplate\":\"https:\\\/\\\/nuestrosescritores.com\\\/andreaquintela\\\/?s={search_term_string}\"},\"query-input\":{\"@type\":\"PropertyValueSpecification\",\"valueRequired\":true,\"valueName\":\"search_term_string\"}}],\"inLanguage\":\"es\"}]}<\/script>\n<!-- \/ Yoast SEO Premium plugin. -->","yoast_head_json":{"title":"Andrea Quintela - Andrea Quintela Tri\u00f1anes","description":"Andrea Quintela Tri\u00f1anes es la escritora del libro B\u00c9SAME LAS HERIDAS publicado por la Editorial Poes\u00eda eres t\u00fa en el a\u00f1o 2020.","robots":{"index":"index","follow":"follow","max-snippet":"max-snippet:-1","max-image-preview":"max-image-preview:large","max-video-preview":"max-video-preview:-1"},"canonical":"https:\/\/nuestrosescritores.com\/andreaquintela\/","og_locale":"es_ES","og_type":"article","og_title":"Andrea Quintela","og_description":"Andrea Quintela Tri\u00f1anes es la escritora del libro B\u00c9SAME LAS HERIDAS publicado por la Editorial Poes\u00eda eres t\u00fa en el a\u00f1o 2020.","og_url":"https:\/\/nuestrosescritores.com\/andreaquintela\/","og_site_name":"Andrea Quintela Tri\u00f1anes","article_modified_time":"2020-05-03T09:04:36+00:00","twitter_card":"summary_large_image","twitter_misc":{"Tiempo de lectura":"8 minutos"},"schema":{"@context":"https:\/\/schema.org","@graph":[{"@type":"WebPage","@id":"https:\/\/nuestrosescritores.com\/andreaquintela\/","url":"https:\/\/nuestrosescritores.com\/andreaquintela\/","name":"Andrea Quintela - Andrea Quintela Tri\u00f1anes","isPartOf":{"@id":"https:\/\/nuestrosescritores.com\/andreaquintela\/#website"},"datePublished":"2020-05-02T16:52:04+00:00","dateModified":"2020-05-03T09:04:36+00:00","description":"Andrea Quintela Tri\u00f1anes es la escritora del libro B\u00c9SAME LAS HERIDAS publicado por la Editorial Poes\u00eda eres t\u00fa en el a\u00f1o 2020.","breadcrumb":{"@id":"https:\/\/nuestrosescritores.com\/andreaquintela\/#breadcrumb"},"inLanguage":"es","potentialAction":[{"@type":"ReadAction","target":["https:\/\/nuestrosescritores.com\/andreaquintela\/"]}]},{"@type":"BreadcrumbList","@id":"https:\/\/nuestrosescritores.com\/andreaquintela\/#breadcrumb","itemListElement":[{"@type":"ListItem","position":1,"name":"Portada","item":"https:\/\/nuestrosescritores.com\/andreaquintela\/"},{"@type":"ListItem","position":2,"name":"Andrea Quintela"}]},{"@type":"WebSite","@id":"https:\/\/nuestrosescritores.com\/andreaquintela\/#website","url":"https:\/\/nuestrosescritores.com\/andreaquintela\/","name":"Nuestros escritores","description":"Escritora","potentialAction":[{"@type":"SearchAction","target":{"@type":"EntryPoint","urlTemplate":"https:\/\/nuestrosescritores.com\/andreaquintela\/?s={search_term_string}"},"query-input":{"@type":"PropertyValueSpecification","valueRequired":true,"valueName":"search_term_string"}}],"inLanguage":"es"}]}},"_links":{"self":[{"href":"https:\/\/nuestrosescritores.com\/andreaquintela\/wp-json\/wp\/v2\/pages\/12","targetHints":{"allow":["GET"]}}],"collection":[{"href":"https:\/\/nuestrosescritores.com\/andreaquintela\/wp-json\/wp\/v2\/pages"}],"about":[{"href":"https:\/\/nuestrosescritores.com\/andreaquintela\/wp-json\/wp\/v2\/types\/page"}],"author":[{"embeddable":true,"href":"https:\/\/nuestrosescritores.com\/andreaquintela\/wp-json\/wp\/v2\/users\/1"}],"replies":[{"embeddable":true,"href":"https:\/\/nuestrosescritores.com\/andreaquintela\/wp-json\/wp\/v2\/comments?post=12"}],"version-history":[{"count":0,"href":"https:\/\/nuestrosescritores.com\/andreaquintela\/wp-json\/wp\/v2\/pages\/12\/revisions"}],"wp:attachment":[{"href":"https:\/\/nuestrosescritores.com\/andreaquintela\/wp-json\/wp\/v2\/media?parent=12"}],"curies":[{"name":"wp","href":"https:\/\/api.w.org\/{rel}","templated":true}]}}