{"id":12,"date":"2021-10-31T11:50:31","date_gmt":"2021-10-31T11:50:31","guid":{"rendered":"https:\/\/nuestrosescritores.com\/albertommarzal\/?page_id=12"},"modified":"2021-11-11T09:38:15","modified_gmt":"2021-11-11T09:38:15","slug":"escritor","status":"publish","type":"page","link":"https:\/\/nuestrosescritores.com\/albertommarzal\/","title":{"rendered":"Escritor"},"content":{"rendered":"<div class=\"wpb-content-wrapper\">[vc_row full_width=&#8221;stretch_row_content_no_spaces&#8221;][vc_column extend=&#8221;false&#8221;][layerslider_vc id=&#8221;1&#8243;][\/vc_column][\/vc_row][vc_row extend=&#8221;false&#8221; design__empty_1=&#8221;&#8221; background=&#8221;&#8221; background_image_type=&#8221;static&#8221; background_image__effect=&#8221;&#8221; bg_size=&#8221;initial&#8221; bg_position=&#8221;center-center&#8221; row_bg_image=&#8221;&#8221; bg_repeat=&#8221;no-repeat&#8221; background_image_type__bg_color=&#8221;rgba(255, 255, 255, 1)&#8221; row_bg_parallax_images=&#8221;&#8221; row_bg_slideshow_images=&#8221;&#8221; background_video_type=&#8221;youtube&#8221; background_video__youtube__url=&#8221;&#8221; background_video__youtube__parallax=&#8221;&#8221; background_video__youtube__options=&#8221;&#8221; background_video__youtube__fallback_image=&#8221;&#8221; background_video__hosted__mp4=&#8221;&#8221; background_video__hosted__webm=&#8221;&#8221; background_video__hosted__ogv=&#8221;&#8221; background_video__hosted__parallax=&#8221;&#8221; background_video__hosted__options=&#8221;&#8221; background_video__hosted__fallback_image=&#8221;&#8221; background_color_type=&#8221;color&#8221; bg__empty_1=&#8221;&#8221; background_color_type__gradient_color1=&#8221;rgba(44, 74, 228, 1)&#8221; background_color_type__gradient_color2=&#8221;rgba(44, 74, 228, 1)&#8221; background_color_type__color_color1=&#8221;rgba(44, 74, 228, 1)&#8221; bg__empty_2=&#8221;&#8221; background_color__effect=&#8221;&#8221; background_color__direction=&#8221;left-to-right&#8221; settings__tag_1=&#8221;&#8221; viewport_lg=&#8221;&#8221; viewport_md=&#8221;&#8221; viewport_sm=&#8221;&#8221; viewport_xs=&#8221;&#8221; settings__empty_1=&#8221;&#8221; version=&#8221;1&#8243;][vc_column width=&#8221;1\/2&#8243; extend=&#8221;false&#8221;]<div class=\"ult-content-box-container \" >\t\t<div class=\"ult-content-box\" style=\"background-color:rgba(255,255,255,0.49);box-shadow: px px 8px px #f2f2f2 none;border-style:none;-webkit-transition: all 700ms ease;-moz-transition: all 700ms ease;-ms-transition: all 700ms ease;-o-transition: all 700ms ease;transition: all 700ms ease;\"  data-hover_box_shadow=\"none\"     data-bg=\"rgba(255,255,255,0.49)\"  data-border_color=\"\" >[vc_column_text css=&#8221;.vc_custom_1635680732311{padding-top: 15% !important;padding-right: 15% !important;padding-bottom: 15% !important;padding-left: 15% !important;}&#8221;]ALBERTO M. MARZAL&nbsp;(Lanaja) tras abandonar sus estudios de medicina y de ejercer los m\u00e1s variados trabajos, decide adentrarse en el espinoso y siempre incierto campo de la creaci\u00f3n literaria, donde a\u00fan sigue y espera seguir si Dios no lo remedia. \u00c9sta es su primera novela. Y acaba de dar a la imprenta el libro de relatos <em>Piezas de Museo.<\/em><\/p>\n<span class='bctt-click-to-tweet'><span class='bctt-ctt-text'><a href='https:\/\/x.com\/intent\/tweet?url=https%3A%2F%2Fnuestrosescritores.com%2Falbertommarzal%2F&#038;text=ALBERTO%20M.%20MARZAL.%20Escritora.&#038;related' target='_blank'rel=\"noopener noreferrer\">ALBERTO M. MARZAL. Escritora. <\/a><\/span><a href='https:\/\/x.com\/intent\/tweet?url=https%3A%2F%2Fnuestrosescritores.com%2Falbertommarzal%2F&#038;text=ALBERTO%20M.%20MARZAL.%20Escritora.&#038;related' target='_blank' class='bctt-ctt-btn'rel=\"noopener noreferrer\">Compartir en X<\/a><\/span>[\/vc_column_text]\t\t<\/div><\/div>[\/vc_column][vc_column width=&#8221;1\/2&#8243; extend=&#8221;false&#8221;]<div class=\"gambit_fullheight_row\" data-content-location=\"center\" style=\"display: none\"><\/div><div id=\"rowvcpt-row-settings\" class=\"rowvcpt-row-set RowVcPt-row-setting69f1fb0518320 \" data-no=\"RowVcPt-row-setting69f1fb0518320\"><div  id=\"bgGallaryslide69f1fb0518324\" class=\"rowvcpt-slideshow \"><\/div><script type=\"text\/javascript\">\n(function($) {\n$(\"#bgGallaryslide69f1fb0518324\").vegas({\n        overlay: \"https:\/\/nuestrosescritores.com\/albertommarzal\/wp-content\/plugins\/ultimate-row-background\/css\/overlays\/0'.esc_attr(1.png).'\",\n        transitionDuration: 4e3,\n        delay: 7000,\n        slides: [{src: \"https:\/\/nuestrosescritores.com\/albertommarzal\/wp-content\/uploads\/sites\/109\/2021\/10\/lost-places-2380356_1920-Mediano.jpg\",transition: \"fade2\",transitionDuration: 5000},{src: \"https:\/\/nuestrosescritores.com\/albertommarzal\/wp-content\/uploads\/sites\/109\/2021\/10\/lost-places-3035877_1920-Mediano.jpg\",transition: \"fade2\",transitionDuration: 5000},{src: \"https:\/\/nuestrosescritores.com\/albertommarzal\/wp-content\/uploads\/sites\/109\/2021\/10\/lost-places-4034478_1920-Mediano.jpg\",transition: \"fade2\",transitionDuration: 5000},{src: \"https:\/\/nuestrosescritores.com\/albertommarzal\/wp-content\/uploads\/sites\/109\/2021\/10\/lost-places-g748dc7f95_1920-Mediano.jpg\",transition: \"fade2\",transitionDuration: 5000},]\n    });\t\t\n})(jQuery);\n<\/script><div class=\"rowvcpt-overlay\" style=\"background:rgba(255,255,255,0.69)\"><\/div><\/div>[vc_single_image image=&#8221;28&#8243; img_size=&#8221;full&#8221; alignment=&#8221;center&#8221;][\/vc_column][\/vc_row][vc_row full_height=&#8221;yes&#8221; columns_placement=&#8221;stretch&#8221; equal_height=&#8221;yes&#8221; content_placement=&#8221;middle&#8221; css_animation=&#8221;appear&#8221; css=&#8221;.vc_custom_1635682675219{background-position: center !important;background-repeat: no-repeat !important;background-size: cover !important;}&#8221;][vc_column extend=&#8221;false&#8221;]<section class=\"widget-container aux-widget-image aux-alignnone aux-parent-aue46690c7\">\n    <div class=\"aux-media-hint-frame \">\n        <div class=\"aux-media-image \" >\n        \n            \n\n                            <div class='aux-hover-scale-circle-plus'>\n                    <span class='aux-symbol-plus'><\/span>\n                    <span class='aux-symbol-circle'><\/span>\n                <\/div>\n            \n            <img fetchpriority=\"high\" decoding=\"async\" width=\"768\" height=\"768\" src=\"https:\/\/nuestrosescritores.com\/albertommarzal\/wp-content\/uploads\/sites\/109\/2021\/10\/book2-768x768.png\" class=\"aux-attachment aux-featured-image aux-attachment-id-55\" alt=\"book2\" srcset=\"https:\/\/nuestrosescritores.com\/albertommarzal\/wp-content\/uploads\/sites\/109\/2021\/10\/book2-150x150.png 150w,https:\/\/nuestrosescritores.com\/albertommarzal\/wp-content\/uploads\/sites\/109\/2021\/10\/book2-300x300.png 300w,https:\/\/nuestrosescritores.com\/albertommarzal\/wp-content\/uploads\/sites\/109\/2021\/10\/book2-768x768.png 768w,https:\/\/nuestrosescritores.com\/albertommarzal\/wp-content\/uploads\/sites\/109\/2021\/10\/book2-768x768.png 768w\" data-ratio=\"1\" data-original-w=\"839\" sizes=\"(max-width:479px) 480px,(max-width:767px) 768px,(max-width:1023px) 1024px,768px\" \/>            \n                <\/div>\n    <\/div>\n\n<\/section><!-- widget-container --><div id=\"rowvcpt-row-settings\" class=\"rowvcpt-row-set RowVcPt-row-setting69f1fb05191eb \" data-no=\"RowVcPt-row-setting69f1fb05191eb\"><div class=\"columns-bg-wrap columns-bg-anim-colors columns-bg-image  columns_simple_image\" id=\"RowVcPt-image-bg-69f1fb05191ea\"   data-parallax_sense=\"30\" src=\"https:\/\/nuestrosescritores.com\/albertommarzal\/wp-content\/uploads\/sites\/109\/2021\/10\/ruin-542097_1920-Mediano.jpg\" style=\"background-image: url(https:\/\/nuestrosescritores.com\/albertommarzal\/wp-content\/uploads\/sites\/109\/2021\/10\/ruin-542097_1920-Mediano.jpg);background-position: center center;background-size: cover;background-attachment: fixed;\"><\/div><\/div>[\/vc_column][\/vc_row][vc_row][vc_column extend=&#8221;false&#8221;]<div class=\"gambit_fullheight_row\" data-content-location=\"center\" style=\"display: none\"><\/div><div id=\"rowvcpt-row-settings\" class=\"rowvcpt-row-set RowVcPt-row-setting69f1fb0519471 \" data-no=\"RowVcPt-row-setting69f1fb0519471\"><div  id=\"bgGallaryslide69f1fb0519474\" class=\"rowvcpt-slideshow \"><\/div><script type=\"text\/javascript\">\n(function($) {\n$(\"#bgGallaryslide69f1fb0519474\").vegas({\n        overlay: \"https:\/\/nuestrosescritores.com\/albertommarzal\/wp-content\/plugins\/ultimate-row-background\/css\/overlays\/0'.esc_attr(2.png).'\",\n        transitionDuration: 4e3,\n        delay: 7000,\n        slides: [{src: \"https:\/\/nuestrosescritores.com\/albertommarzal\/wp-content\/uploads\/sites\/109\/2021\/10\/ruin-540835_1920-Mediano.jpg\",transition: \"fade2\",transitionDuration: 5000},{src: \"https:\/\/nuestrosescritores.com\/albertommarzal\/wp-content\/uploads\/sites\/109\/2021\/10\/stairs-338428_1920-Mediano.jpg\",transition: \"fade2\",transitionDuration: 5000},{src: \"https:\/\/nuestrosescritores.com\/albertommarzal\/wp-content\/uploads\/sites\/109\/2021\/10\/stone-stairway-1797631_1920-Mediano.jpg\",transition: \"fade2\",transitionDuration: 5000},{src: \"https:\/\/nuestrosescritores.com\/albertommarzal\/wp-content\/uploads\/sites\/109\/2021\/10\/factory-191263_1920-Mediano.jpg\",transition: \"fade2\",transitionDuration: 5000},{src: \"https:\/\/nuestrosescritores.com\/albertommarzal\/wp-content\/uploads\/sites\/109\/2021\/10\/urbex-4526321_1920-Mediano.jpg\",transition: \"fade2\",transitionDuration: 5000},{src: \"https:\/\/nuestrosescritores.com\/albertommarzal\/wp-content\/uploads\/sites\/109\/2021\/10\/lost-places-2380356_1920-Mediano.jpg\",transition: \"fade2\",transitionDuration: 5000},]\n    });\t\t\n})(jQuery);\n<\/script><div class=\"rowvcpt-overlay\" style=\"background:rgba(255,255,255,0.69)\"><\/div><\/div><div id=\"uvc-type-wrap-1297\"  data-ultimate-target='#uvc-type-wrap-1297'  data-responsive-json-new='{\"font-size\":\"\",\"line-height\":\"\"}'  class=\"uvc-type-wrap vc_custom_1635680948381 ult-adjust-bottom-margin ult-responsive  uvc-type-align-center uvc-type-no-prefix uvc-wrap-45913289769f1fb0519eed\" style=\"text-align:center;\"><span id=\"typed-45913289769f1fb0519eed\" class=\"ultimate-typed-main \" style=\" font-weight:bold; text-transform: unset;\"><\/span><script type=\"text\/javascript\">\n\t\t\t\t\t\tjQuery(function($){ \n\t\t\t\t\t\t\t$(document).ready(function(){\n\t\t\t\t\t\t\t\tif( typeof jQuery(\"#typed-45913289769f1fb0519eed\").typed == \"function\"){\n\t\t\t\t\t\t\t\t\t$(\"#typed-45913289769f1fb0519eed\").typed({\n\t\t\t\t\t\t\t\t\t\tstrings: [\"Despu\u00e9s de algunos a\u00f1os, Mart\u00edn visita el pueblo que un d\u00eda se vio obligado a dejar, del que s\u00f3lo queda el recuerdo y la desoladora y esperp\u00e9ntica imagen de un enorme cementerio de residuos nucleares. Las antiguas voces empiezan a tomar cuerpo y la vida parece moverse en la superficie como los restos de un naufragio.\"],\n\t\t\t\t\t\t\t\t\t\ttypeSpeed: 35,\n\t\t\t\t\t\t\t\t\t\tbackSpeed: 0,\n\t\t\t\t\t\t\t\t\t\tstartDelay: \"200\",\n\t\t\t\t\t\t\t\t\t\tbackDelay: \"1500\",\n\t\t\t\t\t\t\t\t\t\tloop: true,\n\t\t\t\t\t\t\t\t\t\tloopCount: false,\n\t\t\t\t\t\t\t\t\t\tshowCursor: true,\n\t\t\t\t\t\t\t\t\t\tcursorChar: \"|\",\n\t\t\t\t\t\t\t\t\t\tattr: null\n\t\t\t\t\t\t\t\t\t});\n\t\t\t\t\t\t\t\t}\n\t\t\t\t\t\t\t});\n\t\t\t\t\t\t});\n\t\t\t\t\t<\/script><\/div>[\/vc_column][\/vc_row][vc_row full_height=&#8221;yes&#8221; content_placement=&#8221;middle&#8221; parallax=&#8221;content-moving&#8221; parallax_image=&#8221;86&#8243; css_animation=&#8221;appear&#8221; bg_type=&#8221;image&#8221; css=&#8221;.vc_custom_1634746787147{background-image: url(https:\/\/nuestrosescritores.com\/tinahernandezherrero\/wp-content\/uploads\/sites\/107\/2021\/10\/TinaHernandezHerrero-Mediano.jpg?id=86) !important;}&#8221;][vc_column extend=&#8221;false&#8221;][vc_empty_space height=&#8221;150px&#8221;]<div id=\"rowvcpt-row-settings\" class=\"rowvcpt-row-set RowVcPt-row-setting69f1fb051a0d3 \" data-no=\"RowVcPt-row-setting69f1fb051a0d3\"><div class=\"columns-bg-wrap columns-bg-anim-colors columns-bg-image  columns_simple_image\" id=\"RowVcPt-image-bg-69f1fb051a0d2\"   data-parallax_sense=\"30\" src=\"https:\/\/nuestrosescritores.com\/albertommarzal\/wp-content\/uploads\/sites\/109\/2021\/10\/AlbertoMMarzal.jpg\" style=\"background-image: url(https:\/\/nuestrosescritores.com\/albertommarzal\/wp-content\/uploads\/sites\/109\/2021\/10\/AlbertoMMarzal.jpg);background-position: center center;background-size: cover;background-attachment: fixed;\"><\/div><\/div>[vc_column_text]\n<p style=\"text-align: center;\"><a class=\"fasc-button fasc-size-xlarge fasc-type-glossy fasc-rounded-medium\" style=\"background-color: #32383b; color: #ffffff;\" href=\"https:\/\/gepa.es\/producto\/me-queda-tu-voz-alberto-martinez-marzal\/\">COMPRA SUS LIBROS<\/a><\/p>\n[\/vc_column_text][\/vc_column][\/vc_row][vc_row][vc_column]<div id=\"rowvcpt-row-settings\" class=\"rowvcpt-row-set RowVcPt-row-setting69f1fb051a30d \" data-no=\"RowVcPt-row-setting69f1fb051a30d\"><div class=\"columns-bg-wrap columns-bg-anim-colors\" style=\"opacity: 1;background: -moz-linear-gradient(top, #e0e0e0 0%, #f7f7f7 100%);background: -webkit-gradient(linear, left top, left bottom, color-stop(0%,#e0e0e0), color-stop(100%,#f7f7f7));background: -webkit-linear-gradient(top, #e0e0e0 0%,#f7f7f7 100%);background: -o-linear-gradient(top, #e0e0e0 0%,#f7f7f7 100%);background: -ms-linear-gradient(top, #e0e0e0 0%,#f7f7f7 100%);background: linear-gradient(to bottom, #e0e0e0 0%,#f7f7f7 100%);\"><\/div><\/div>[vc_column_text css=&#8221;.vc_custom_1636623494074{padding-top: 5% !important;padding-right: 5% !important;padding-bottom: 5% !important;padding-left: 5% !important;background-color: rgba(206,206,206,0.01) !important;*background-color: rgb(206,206,206) !important;border-radius: 1px !important;}&#8221;]Esta p\u00e1gina est\u00e1 realizada por el Grupo Editorial P\u00e9rez- Ayala para el escritor Alberto M. Marzal, que acaba de publicar su novela: Me queda tu voz, tras un proceso de selecci\u00f3n y nada f\u00e1cil de obras.<br \/>\nEl libro nos ha sorprendido tanto por su estilo limpio, fluido y de gran sensibilidad, con momentos de una gran belleza, como por su tem\u00e1tica sobre el desarraigo,el sentimiento de culpa o la muerte nunca aceptada del todo.<br \/>\nTodo ha sido posible gracias al equipo editorial de Ediciones Amaniel, nuestro sello de narrativa<br \/>\nLa promoci\u00f3n de la novela Me queda tu voz, la puedes ver en la P\u00e1gina de nuestra editorial : Ediciones Amaniel y en la p\u00e1gina web que la editorial ha creado para su autor.<br \/>\n<a href=\"https:\/\/libro.link\/p\/albertommarzal\">https:\/\/libro.link\/p\/albertommarzal<\/a><br \/>\nEdiciones Amaniel y el escritor Aberto Mart\u00ednez Marzal agradecen al resto de escritores y a los lectores de esta novela su colaboraci\u00f3n y difusi\u00f3n de la misma.[\/vc_column_text][\/vc_column][\/vc_row]\n<\/div>","protected":false},"excerpt":{"rendered":"<p>[vc_row full_width=&#8221;stretch_row_content_no_spaces&#8221;][vc_column extend=&#8221;false&#8221;][layerslider_vc id=&#8221;1&#8243;][\/vc_column][\/vc_row][vc_row extend=&#8221;false&#8221; design__empty_1=&#8221;&#8221; background=&#8221;&#8221; background_image_type=&#8221;static&#8221; background_image__effect=&#8221;&#8221; bg_size=&#8221;initial&#8221; bg_position=&#8221;center-center&#8221; row_bg_image=&#8221;&#8221; bg_repeat=&#8221;no-repeat&#8221; background_image_type__bg_color=&#8221;rgba(255, 255, 255, 1)&#8221; row_bg_parallax_images=&#8221;&#8221; row_bg_slideshow_images=&#8221;&#8221; background_video_type=&#8221;youtube&#8221; background_video__youtube__url=&#8221;&#8221; background_video__youtube__parallax=&#8221;&#8221; background_video__youtube__options=&#8221;&#8221; background_video__youtube__fallback_image=&#8221;&#8221; background_video__hosted__mp4=&#8221;&#8221; background_video__hosted__webm=&#8221;&#8221; background_video__hosted__ogv=&#8221;&#8221; background_video__hosted__parallax=&#8221;&#8221; background_video__hosted__options=&#8221;&#8221; background_video__hosted__fallback_image=&#8221;&#8221; background_color_type=&#8221;color&#8221; bg__empty_1=&#8221;&#8221; background_color_type__gradient_color1=&#8221;rgba(44, 74, 228, 1)&#8221; background_color_type__gradient_color2=&#8221;rgba(44, 74, 228, 1)&#8221; background_color_type__color_color1=&#8221;rgba(44, 74, 228, 1)&#8221; bg__empty_2=&#8221;&#8221; background_color__effect=&#8221;&#8221; background_color__direction=&#8221;left-to-right&#8221; settings__tag_1=&#8221;&#8221; viewport_lg=&#8221;&#8221; viewport_md=&#8221;&#8221; viewport_sm=&#8221;&#8221; viewport_xs=&#8221;&#8221; settings__empty_1=&#8221;&#8221; version=&#8221;1&#8243;][vc_column width=&#8221;1\/2&#8243; [&hellip;]<\/p>\n","protected":false},"author":1,"featured_media":0,"parent":0,"menu_order":0,"comment_status":"closed","ping_status":"closed","template":"","meta":{"_acf_changed":false,"footnotes":""},"class_list":["post-12","page","type-page","status-publish","hentry"],"acf":[],"yoast_head":"<!-- This site is optimized with the Yoast SEO Premium plugin v24.7 (Yoast SEO v27.5) - https:\/\/yoast.com\/product\/yoast-seo-premium-wordpress\/ -->\n<title>Escritor - Alberto M. Marzal<\/title>\n<meta name=\"description\" content=\"ME QUEDA TU VOZ es la novela del escritor ALBERTO M. MARZAL. Acaba de publicar un libro con Ediciones Amaniel en el a\u00f1o 2021.\" \/>\n<meta name=\"robots\" content=\"index, follow, max-snippet:-1, max-image-preview:large, max-video-preview:-1\" \/>\n<link rel=\"canonical\" href=\"https:\/\/nuestrosescritores.com\/albertommarzal\/\" \/>\n<meta property=\"og:locale\" content=\"es_ES\" \/>\n<meta property=\"og:type\" content=\"article\" \/>\n<meta property=\"og:title\" content=\"Escritor\" \/>\n<meta property=\"og:description\" content=\"ME QUEDA TU VOZ es la novela del escritor ALBERTO M. MARZAL. Acaba de publicar un libro con Ediciones Amaniel en el a\u00f1o 2021.\" \/>\n<meta property=\"og:url\" content=\"https:\/\/nuestrosescritores.com\/albertommarzal\/\" \/>\n<meta property=\"og:site_name\" content=\"Alberto M. Marzal\" \/>\n<meta property=\"article:modified_time\" content=\"2021-11-11T09:38:15+00:00\" \/>\n<meta name=\"twitter:card\" content=\"summary_large_image\" \/>\n<meta name=\"twitter:label1\" content=\"Tiempo de lectura\" \/>\n\t<meta name=\"twitter:data1\" content=\"2 minutos\" \/>\n<script type=\"application\/ld+json\" class=\"yoast-schema-graph\">{\"@context\":\"https:\\\/\\\/schema.org\",\"@graph\":[{\"@type\":\"WebPage\",\"@id\":\"https:\\\/\\\/nuestrosescritores.com\\\/albertommarzal\\\/\",\"url\":\"https:\\\/\\\/nuestrosescritores.com\\\/albertommarzal\\\/\",\"name\":\"Escritor - Alberto M. Marzal\",\"isPartOf\":{\"@id\":\"https:\\\/\\\/nuestrosescritores.com\\\/albertommarzal\\\/#website\"},\"datePublished\":\"2021-10-31T11:50:31+00:00\",\"dateModified\":\"2021-11-11T09:38:15+00:00\",\"description\":\"ME QUEDA TU VOZ es la novela del escritor ALBERTO M. MARZAL. Acaba de publicar un libro con Ediciones Amaniel en el a\u00f1o 2021.\",\"breadcrumb\":{\"@id\":\"https:\\\/\\\/nuestrosescritores.com\\\/albertommarzal\\\/#breadcrumb\"},\"inLanguage\":\"es\",\"potentialAction\":[{\"@type\":\"ReadAction\",\"target\":[\"https:\\\/\\\/nuestrosescritores.com\\\/albertommarzal\\\/\"]}]},{\"@type\":\"BreadcrumbList\",\"@id\":\"https:\\\/\\\/nuestrosescritores.com\\\/albertommarzal\\\/#breadcrumb\",\"itemListElement\":[{\"@type\":\"ListItem\",\"position\":1,\"name\":\"Portada\",\"item\":\"https:\\\/\\\/nuestrosescritores.com\\\/albertommarzal\\\/\"},{\"@type\":\"ListItem\",\"position\":2,\"name\":\"Escritor\"}]},{\"@type\":\"WebSite\",\"@id\":\"https:\\\/\\\/nuestrosescritores.com\\\/albertommarzal\\\/#website\",\"url\":\"https:\\\/\\\/nuestrosescritores.com\\\/albertommarzal\\\/\",\"name\":\"Nuestros escritores\",\"description\":\"Escritor\",\"potentialAction\":[{\"@type\":\"SearchAction\",\"target\":{\"@type\":\"EntryPoint\",\"urlTemplate\":\"https:\\\/\\\/nuestrosescritores.com\\\/albertommarzal\\\/?s={search_term_string}\"},\"query-input\":{\"@type\":\"PropertyValueSpecification\",\"valueRequired\":true,\"valueName\":\"search_term_string\"}}],\"inLanguage\":\"es\"}]}<\/script>\n<!-- \/ Yoast SEO Premium plugin. -->","yoast_head_json":{"title":"Escritor - Alberto M. Marzal","description":"ME QUEDA TU VOZ es la novela del escritor ALBERTO M. MARZAL. Acaba de publicar un libro con Ediciones Amaniel en el a\u00f1o 2021.","robots":{"index":"index","follow":"follow","max-snippet":"max-snippet:-1","max-image-preview":"max-image-preview:large","max-video-preview":"max-video-preview:-1"},"canonical":"https:\/\/nuestrosescritores.com\/albertommarzal\/","og_locale":"es_ES","og_type":"article","og_title":"Escritor","og_description":"ME QUEDA TU VOZ es la novela del escritor ALBERTO M. MARZAL. Acaba de publicar un libro con Ediciones Amaniel en el a\u00f1o 2021.","og_url":"https:\/\/nuestrosescritores.com\/albertommarzal\/","og_site_name":"Alberto M. Marzal","article_modified_time":"2021-11-11T09:38:15+00:00","twitter_card":"summary_large_image","twitter_misc":{"Tiempo de lectura":"2 minutos"},"schema":{"@context":"https:\/\/schema.org","@graph":[{"@type":"WebPage","@id":"https:\/\/nuestrosescritores.com\/albertommarzal\/","url":"https:\/\/nuestrosescritores.com\/albertommarzal\/","name":"Escritor - Alberto M. Marzal","isPartOf":{"@id":"https:\/\/nuestrosescritores.com\/albertommarzal\/#website"},"datePublished":"2021-10-31T11:50:31+00:00","dateModified":"2021-11-11T09:38:15+00:00","description":"ME QUEDA TU VOZ es la novela del escritor ALBERTO M. MARZAL. Acaba de publicar un libro con Ediciones Amaniel en el a\u00f1o 2021.","breadcrumb":{"@id":"https:\/\/nuestrosescritores.com\/albertommarzal\/#breadcrumb"},"inLanguage":"es","potentialAction":[{"@type":"ReadAction","target":["https:\/\/nuestrosescritores.com\/albertommarzal\/"]}]},{"@type":"BreadcrumbList","@id":"https:\/\/nuestrosescritores.com\/albertommarzal\/#breadcrumb","itemListElement":[{"@type":"ListItem","position":1,"name":"Portada","item":"https:\/\/nuestrosescritores.com\/albertommarzal\/"},{"@type":"ListItem","position":2,"name":"Escritor"}]},{"@type":"WebSite","@id":"https:\/\/nuestrosescritores.com\/albertommarzal\/#website","url":"https:\/\/nuestrosescritores.com\/albertommarzal\/","name":"Nuestros escritores","description":"Escritor","potentialAction":[{"@type":"SearchAction","target":{"@type":"EntryPoint","urlTemplate":"https:\/\/nuestrosescritores.com\/albertommarzal\/?s={search_term_string}"},"query-input":{"@type":"PropertyValueSpecification","valueRequired":true,"valueName":"search_term_string"}}],"inLanguage":"es"}]}},"_links":{"self":[{"href":"https:\/\/nuestrosescritores.com\/albertommarzal\/wp-json\/wp\/v2\/pages\/12","targetHints":{"allow":["GET"]}}],"collection":[{"href":"https:\/\/nuestrosescritores.com\/albertommarzal\/wp-json\/wp\/v2\/pages"}],"about":[{"href":"https:\/\/nuestrosescritores.com\/albertommarzal\/wp-json\/wp\/v2\/types\/page"}],"author":[{"embeddable":true,"href":"https:\/\/nuestrosescritores.com\/albertommarzal\/wp-json\/wp\/v2\/users\/1"}],"replies":[{"embeddable":true,"href":"https:\/\/nuestrosescritores.com\/albertommarzal\/wp-json\/wp\/v2\/comments?post=12"}],"version-history":[{"count":0,"href":"https:\/\/nuestrosescritores.com\/albertommarzal\/wp-json\/wp\/v2\/pages\/12\/revisions"}],"wp:attachment":[{"href":"https:\/\/nuestrosescritores.com\/albertommarzal\/wp-json\/wp\/v2\/media?parent=12"}],"curies":[{"name":"wp","href":"https:\/\/api.w.org\/{rel}","templated":true}]}}