{"id":78,"date":"2024-11-11T17:17:53","date_gmt":"2024-11-11T16:17:53","guid":{"rendered":"https:\/\/nuestrosescritores.com\/aixavalfiguer\/?page_id=78"},"modified":"2024-11-11T17:27:42","modified_gmt":"2024-11-11T16:27:42","slug":"poesias","status":"publish","type":"page","link":"https:\/\/nuestrosescritores.com\/aixavalfiguer\/poesias\/","title":{"rendered":"POES\u00cdAS"},"content":{"rendered":"\t\t<div data-elementor-type=\"wp-page\" data-elementor-id=\"78\" class=\"elementor elementor-78\">\n\t\t\t\t\t\t<section class=\"elementor-section elementor-top-section elementor-element elementor-element-f2f21b8 elementor-section-full_width elementor-section-height-full elementor-section-content-middle back elementor-section-height-default elementor-section-items-middle\" data-id=\"f2f21b8\" data-element_type=\"section\" data-e-type=\"section\">\n\t\t\t\t\t\t\t<div class=\"elementor-background-overlay\"><\/div>\n\t\t\t\t\t\t\t<div class=\"elementor-container elementor-column-gap-no\">\n\t\t\t\t\t<div class=\"aux-parallax-section elementor-column elementor-col-100 elementor-top-column elementor-element elementor-element-1dc596d9\" data-id=\"1dc596d9\" data-element_type=\"column\" data-e-type=\"column\">\n\t\t\t<div class=\"elementor-widget-wrap\">\n\t\t\t\t\t\t\t<\/div>\n\t\t<\/div>\n\t\t\t\t\t<\/div>\n\t\t<\/section>\n\t\t\t\t<section class=\"elementor-section elementor-top-section elementor-element elementor-element-693b91f0 elementor-section-boxed elementor-section-height-default elementor-section-height-default\" data-id=\"693b91f0\" data-element_type=\"section\" data-e-type=\"section\">\n\t\t\t\t\t\t<div class=\"elementor-container elementor-column-gap-default\">\n\t\t\t\t\t<div class=\"aux-parallax-section elementor-column elementor-col-100 elementor-top-column elementor-element elementor-element-58ff6cb0\" data-id=\"58ff6cb0\" data-element_type=\"column\" data-e-type=\"column\">\n\t\t\t<div class=\"elementor-widget-wrap elementor-element-populated\">\n\t\t\t\t\t\t<div class=\"elementor-element elementor-element-1cc6a450 elementor-widget elementor-widget-text-editor\" data-id=\"1cc6a450\" data-element_type=\"widget\" data-e-type=\"widget\" data-widget_type=\"text-editor.default\">\n\t\t\t\t<div class=\"elementor-widget-container\">\n\t\t\t\t\t\t\t\t\t<h1><a name=\"_Toc180425332\"><\/a><strong>Mundo de bestias<\/strong><\/h1><p>Hay un alma olvidada por cada estrella,<\/p><p>hay cien almas calladas por cada mirada valiente,<\/p><p>hay mil almas llorando por cada l\u00e1grima seca.<\/p><p>Vengo de un mundo condenado al olvido,<\/p><p>viviendo tras los interminables trazos<\/p><p>de un comp\u00e1s descompuesto y herido.<\/p><p>Vivo en un mundo hecho de sombras<\/p><p>y de luces escondidas tras billetes inasibles;<\/p><p>de verdades que matan, de silencios que agotan<\/p><p>mientras suena una m\u00fasica de circo imperceptible.<\/p><p>Ya los d\u00edas son a\u00f1os, ya los a\u00f1os son vidas<\/p><p>y los muros asfixian y las bestias se enaltecen<\/p><p>viendo c\u00f3mo los \u00faltimos suspiros de sus v\u00edctimas<\/p><p>se acallan y se confunden y languidecen.<\/p><p><span class='bctt-click-to-tweet'><span class='bctt-ctt-text'><a href='https:\/\/x.com\/intent\/tweet?url=https%3A%2F%2Fnuestrosescritores.com%2Faixavalfiguer%2Fpoesias%2F&#038;text=Mundo%20de%20bestias%20del%20libro%20P%C3%93KER%20CON%20LAS%20ESTRELLAS%20de%20AIXA%20VALFIGUER.&#038;related' target='_blank'rel=\"noopener noreferrer\">Mundo de bestias del libro P\u00d3KER CON LAS ESTRELLAS de AIXA VALFIGUER. <\/a><\/span><a href='https:\/\/x.com\/intent\/tweet?url=https%3A%2F%2Fnuestrosescritores.com%2Faixavalfiguer%2Fpoesias%2F&#038;text=Mundo%20de%20bestias%20del%20libro%20P%C3%93KER%20CON%20LAS%20ESTRELLAS%20de%20AIXA%20VALFIGUER.&#038;related' target='_blank' class='bctt-ctt-btn'rel=\"noopener noreferrer\">Compartir en X<\/a><\/span><\/p>\t\t\t\t\t\t\t\t<\/div>\n\t\t\t\t<\/div>\n\t\t\t\t\t<\/div>\n\t\t<\/div>\n\t\t\t\t\t<\/div>\n\t\t<\/section>\n\t\t\t\t<section class=\"elementor-section elementor-top-section elementor-element elementor-element-721e74e9 elementor-section-height-full elementor-section-content-middle back elementor-section-boxed elementor-section-height-default elementor-section-items-middle\" data-id=\"721e74e9\" data-element_type=\"section\" data-e-type=\"section\">\n\t\t\t\t\t\t\t<div class=\"elementor-background-overlay\"><\/div>\n\t\t\t\t\t\t\t<div class=\"elementor-container elementor-column-gap-no\">\n\t\t\t\t\t<div class=\"aux-parallax-section elementor-column elementor-col-100 elementor-top-column elementor-element elementor-element-4b254a15\" data-id=\"4b254a15\" data-element_type=\"column\" data-e-type=\"column\">\n\t\t\t<div class=\"elementor-widget-wrap\">\n\t\t\t\t\t\t\t<\/div>\n\t\t<\/div>\n\t\t\t\t\t<\/div>\n\t\t<\/section>\n\t\t\t\t<section class=\"elementor-section elementor-top-section elementor-element elementor-element-1ac8bfdc elementor-section-full_width elementor-section-height-full elementor-section-height-default elementor-section-items-middle\" data-id=\"1ac8bfdc\" data-element_type=\"section\" data-e-type=\"section\">\n\t\t\t\t\t\t<div class=\"elementor-container elementor-column-gap-default\">\n\t\t\t\t\t<div class=\"aux-parallax-section elementor-column elementor-col-100 elementor-top-column elementor-element elementor-element-6269fb9a\" data-id=\"6269fb9a\" data-element_type=\"column\" data-e-type=\"column\">\n\t\t\t<div class=\"elementor-widget-wrap elementor-element-populated\">\n\t\t\t\t\t\t<div class=\"elementor-element elementor-element-6f48ec75 elementor-widget elementor-widget-text-editor\" data-id=\"6f48ec75\" data-element_type=\"widget\" data-e-type=\"widget\" data-widget_type=\"text-editor.default\">\n\t\t\t\t<div class=\"elementor-widget-container\">\n\t\t\t\t\t\t\t\t\t<h1><a name=\"_Toc132999983\"><\/a><\/h1><h1><a name=\"_Toc132999987\"><\/a><\/h1><h1><a name=\"_Toc180425335\"><\/a><strong>Himno de los locos<\/strong><\/h1><p>Una tarde de primavera volviendo del trabajo<\/p><p>un compa\u00f1ero se detuvo ante una flor hermosa<\/p><p>y quiso arrancarla para tenerla entre sus manos<\/p><p>y nos acercamos corriendo a proteger la rosa.<\/p><p>\u201cLa belleza no se mata\u201d \u2014le reclamamos en coro.<\/p><p>\u201cLa belleza no se mata\u201d \u2014repiti\u00f3 \u00e9l\u2014 \u201cSe admira\u201d.<\/p><p>Volvimos a la senda cantando el dogma de los locos.<\/p><p>\u201cEl amor no se compra\u201d \u2014comenz\u00f3 uno de los esclavos<\/p><p>y rio fuerte de pena, pues nadie hab\u00eda amado nunca.<\/p><p>\u201cEl amor no se compra\u201d \u2014repetimos nosotros m\u00e1s alto.<\/p><p>\u201cLa vida no se espera\u201d \u2014continu\u00f3 el m\u00e1s viejo hombre.<\/p><p>\u201cLa vida no se espera. La vida se busca\u201d \u2014respondimos<\/p><p>con un nudo en la garganta y el dolor de un fuerte golpe.<\/p><p>\u201cLa muerte no se cava\u201d \u2014replic\u00f3 el esclavo m\u00e1s nuevo.<\/p><p>\u201cLa muerte no se cava\u201d \u2014le confirmamos\u2014 \u201cNosotros<\/p><p>ya no estamos vivos, es para cuando se pudra el cuerpo\u201d.<\/p><p><span class='bctt-click-to-tweet'><span class='bctt-ctt-text'><a href='https:\/\/x.com\/intent\/tweet?url=https%3A%2F%2Fnuestrosescritores.com%2Faixavalfiguer%2Fpoesias%2F&#038;text=Himno%20de%20los%20locos%20del%20libro%20P%C3%93KER%20CON%20LAS%20ESTRELLAS%20de%20AIXA%20VALFIGUER.&#038;related' target='_blank'rel=\"noopener noreferrer\">Himno de los locos del libro P\u00d3KER CON LAS ESTRELLAS de AIXA VALFIGUER. <\/a><\/span><a href='https:\/\/x.com\/intent\/tweet?url=https%3A%2F%2Fnuestrosescritores.com%2Faixavalfiguer%2Fpoesias%2F&#038;text=Himno%20de%20los%20locos%20del%20libro%20P%C3%93KER%20CON%20LAS%20ESTRELLAS%20de%20AIXA%20VALFIGUER.&#038;related' target='_blank' class='bctt-ctt-btn'rel=\"noopener noreferrer\">Compartir en X<\/a><\/span><\/p>\t\t\t\t\t\t\t\t<\/div>\n\t\t\t\t<\/div>\n\t\t\t\t\t<\/div>\n\t\t<\/div>\n\t\t\t\t\t<\/div>\n\t\t<\/section>\n\t\t\t\t<section class=\"elementor-section elementor-top-section elementor-element elementor-element-3c33d15 elementor-section-full_width elementor-section-height-full elementor-section-content-middle back elementor-section-height-default elementor-section-items-middle\" data-id=\"3c33d15\" data-element_type=\"section\" data-e-type=\"section\">\n\t\t\t\t\t\t\t<div class=\"elementor-background-overlay\"><\/div>\n\t\t\t\t\t\t\t<div class=\"elementor-container elementor-column-gap-no\">\n\t\t\t\t\t<div class=\"aux-parallax-section elementor-column elementor-col-100 elementor-top-column elementor-element elementor-element-1248130d\" data-id=\"1248130d\" data-element_type=\"column\" data-e-type=\"column\">\n\t\t\t<div class=\"elementor-widget-wrap\">\n\t\t\t\t\t\t\t<\/div>\n\t\t<\/div>\n\t\t\t\t\t<\/div>\n\t\t<\/section>\n\t\t\t\t<section class=\"elementor-section elementor-top-section elementor-element elementor-element-46e1fded elementor-section-boxed elementor-section-height-default elementor-section-height-default\" data-id=\"46e1fded\" data-element_type=\"section\" data-e-type=\"section\">\n\t\t\t\t\t\t<div class=\"elementor-container elementor-column-gap-default\">\n\t\t\t\t\t<div class=\"aux-parallax-section elementor-column elementor-col-100 elementor-top-column elementor-element elementor-element-121aaf1b\" data-id=\"121aaf1b\" data-element_type=\"column\" data-e-type=\"column\">\n\t\t\t<div class=\"elementor-widget-wrap elementor-element-populated\">\n\t\t\t\t\t\t<div class=\"elementor-element elementor-element-37be154b elementor-widget elementor-widget-text-editor\" data-id=\"37be154b\" data-element_type=\"widget\" data-e-type=\"widget\" data-widget_type=\"text-editor.default\">\n\t\t\t\t<div class=\"elementor-widget-container\">\n\t\t\t\t\t\t\t\t\t<h1><a name=\"_Toc132999983\"><\/a><\/h1><h1><a name=\"_Toc132999987\"><\/a><\/h1><h1><a name=\"_Toc133000005\"><\/a><\/h1><h1><a name=\"_Toc180425350\"><\/a><strong>El orden de las v\u00edboras<\/strong><\/h1><p>Las v\u00edboras mantienen el orden<\/p><p>en las noches oscuras y revueltas<\/p><p>calculando cu\u00e1nto alcohol entra<\/p><p>y sale de las tabernas de los pecadores.<\/p><p>Controlan que las puertas de los infantes<\/p><p>se mantengan cerradas e insonorizadas,<\/p><p>y que todas las bestias sean mimadas<\/p><p>dejando que las leyes se quebranten.<\/p><p>Ignoran a los hombres como yo en la noche<\/p><p>dejando que nos unamos a sus bacanales<\/p><p>con la \u00fanica condici\u00f3n de olvidar sus nombres.<\/p><p>En la madrugada, observan en el cielo a las aves<\/p><p>y asesinan, obligadas y tristes, a las que no retornen<\/p><p>y as\u00ed los ni\u00f1os cumplan las normas que les dan en clase.<\/p><p><span class='bctt-click-to-tweet'><span class='bctt-ctt-text'><a href='https:\/\/x.com\/intent\/tweet?url=https%3A%2F%2Fnuestrosescritores.com%2Faixavalfiguer%2Fpoesias%2F&#038;text=El%20orden%20de%20las%20v%C3%ADboras%20del%20libro%20P%C3%93KER%20CON%20LAS%20ESTRELLAS%20de%20AIXA%20VALFIGUER.&#038;related' target='_blank'rel=\"noopener noreferrer\">El orden de las v\u00edboras del libro P\u00d3KER CON LAS ESTRELLAS de AIXA VALFIGUER. <\/a><\/span><a href='https:\/\/x.com\/intent\/tweet?url=https%3A%2F%2Fnuestrosescritores.com%2Faixavalfiguer%2Fpoesias%2F&#038;text=El%20orden%20de%20las%20v%C3%ADboras%20del%20libro%20P%C3%93KER%20CON%20LAS%20ESTRELLAS%20de%20AIXA%20VALFIGUER.&#038;related' target='_blank' class='bctt-ctt-btn'rel=\"noopener noreferrer\">Compartir en X<\/a><\/span><\/p>\t\t\t\t\t\t\t\t<\/div>\n\t\t\t\t<\/div>\n\t\t\t\t\t<\/div>\n\t\t<\/div>\n\t\t\t\t\t<\/div>\n\t\t<\/section>\n\t\t\t\t<section class=\"elementor-section elementor-top-section elementor-element elementor-element-221a6c15 elementor-section-full_width elementor-section-height-full elementor-section-content-middle back elementor-section-height-default elementor-section-items-middle\" data-id=\"221a6c15\" data-element_type=\"section\" data-e-type=\"section\">\n\t\t\t\t\t\t\t<div class=\"elementor-background-overlay\"><\/div>\n\t\t\t\t\t\t\t<div class=\"elementor-container elementor-column-gap-no\">\n\t\t\t\t\t<div class=\"aux-parallax-section elementor-column elementor-col-100 elementor-top-column elementor-element elementor-element-5b268815\" data-id=\"5b268815\" data-element_type=\"column\" data-e-type=\"column\">\n\t\t\t<div class=\"elementor-widget-wrap\">\n\t\t\t\t\t\t\t<\/div>\n\t\t<\/div>\n\t\t\t\t\t<\/div>\n\t\t<\/section>\n\t\t\t\t<section class=\"elementor-section elementor-top-section elementor-element elementor-element-6cc0842b elementor-section-boxed elementor-section-height-default elementor-section-height-default\" data-id=\"6cc0842b\" data-element_type=\"section\" data-e-type=\"section\">\n\t\t\t\t\t\t<div class=\"elementor-container elementor-column-gap-default\">\n\t\t\t\t\t<div class=\"aux-parallax-section elementor-column elementor-col-100 elementor-top-column elementor-element elementor-element-5a4ab502\" data-id=\"5a4ab502\" data-element_type=\"column\" data-e-type=\"column\">\n\t\t\t<div class=\"elementor-widget-wrap elementor-element-populated\">\n\t\t\t\t\t\t<div class=\"elementor-element elementor-element-3a2b5e9c elementor-widget elementor-widget-text-editor\" data-id=\"3a2b5e9c\" data-element_type=\"widget\" data-e-type=\"widget\" data-widget_type=\"text-editor.default\">\n\t\t\t\t<div class=\"elementor-widget-container\">\n\t\t\t\t\t\t\t\t\t<h1><a name=\"_Toc180425377\"><\/a><strong>Me disculpo<\/strong><\/h1><p>Me disculpo de antemano por ser yo mismo,<\/p><p>por no seguir los pasos de las bestias de la noche,<\/p><p>por no entender las normas que aterran de d\u00eda,<\/p><p>por saber ser otro cuando alguien me escoge.<\/p><p>Me disculpo de antemano de mis trampas,<\/p><p>por levantarme en la noche entre sudores,<\/p><p>por deleitarme con pecados a trav\u00e9s de una pantalla,<\/p><p>por escaparme de mi jaula en mis enso\u00f1aciones.<\/p><p>Me disculpo por no sentir euforia ni alegr\u00eda<\/p><p>cuando me exigen que me sienta alegre y brav\u00edo<\/p><p>y no muestro los dientes en mi falsa sonrisa.<\/p><p>Me disculpo por no sentir tristeza ni ira<\/p><p>cuando me exigen que me sienta triste y herido<\/p><p>y no ven una l\u00e1grima correr por mis mejillas.<\/p><p><span class='bctt-click-to-tweet'><span class='bctt-ctt-text'><a href='https:\/\/x.com\/intent\/tweet?url=https%3A%2F%2Fnuestrosescritores.com%2Faixavalfiguer%2Fpoesias%2F&#038;text=Me%20disculpo%20del%20libro%20P%C3%93KER%20CON%20LAS%20ESTRELLAS%20de%20AIXA%20VALFIGUER.&#038;related' target='_blank'rel=\"noopener noreferrer\">Me disculpo del libro P\u00d3KER CON LAS ESTRELLAS de AIXA VALFIGUER. <\/a><\/span><a href='https:\/\/x.com\/intent\/tweet?url=https%3A%2F%2Fnuestrosescritores.com%2Faixavalfiguer%2Fpoesias%2F&#038;text=Me%20disculpo%20del%20libro%20P%C3%93KER%20CON%20LAS%20ESTRELLAS%20de%20AIXA%20VALFIGUER.&#038;related' target='_blank' class='bctt-ctt-btn'rel=\"noopener noreferrer\">Compartir en X<\/a><\/span><\/p>\t\t\t\t\t\t\t\t<\/div>\n\t\t\t\t<\/div>\n\t\t\t\t\t<\/div>\n\t\t<\/div>\n\t\t\t\t\t<\/div>\n\t\t<\/section>\n\t\t\t\t<section class=\"elementor-section elementor-top-section elementor-element elementor-element-309764f1 elementor-section-full_width elementor-section-height-full elementor-section-content-middle back elementor-section-height-default elementor-section-items-middle\" data-id=\"309764f1\" data-element_type=\"section\" data-e-type=\"section\">\n\t\t\t\t\t\t\t<div class=\"elementor-background-overlay\"><\/div>\n\t\t\t\t\t\t\t<div class=\"elementor-container elementor-column-gap-no\">\n\t\t\t\t\t<div class=\"aux-parallax-section elementor-column elementor-col-100 elementor-top-column elementor-element elementor-element-76118305\" data-id=\"76118305\" data-element_type=\"column\" data-e-type=\"column\">\n\t\t\t<div class=\"elementor-widget-wrap elementor-element-populated\">\n\t\t\t\t\t\t<div class=\"elementor-element elementor-element-2d821024 elementor-button-success elementor-align-center elementor-widget elementor-widget-button\" data-id=\"2d821024\" data-element_type=\"widget\" data-e-type=\"widget\" data-widget_type=\"button.default\">\n\t\t\t\t<div class=\"elementor-widget-container\">\n\t\t\t\t\t\t\t\t\t<div class=\"elementor-button-wrapper\">\n\t\t\t\t\t<a class=\"elementor-button elementor-button-link elementor-size-xl\" href=\"https:\/\/gepa.es\/producto\/poker-con-las-estrellas-aixa-valfiguer\/\">\n\t\t\t\t\t\t<span class=\"elementor-button-content-wrapper\">\n\t\t\t\t\t\t\t\t\t<span class=\"elementor-button-text\">COMPRAR EL LIBRO<\/span>\n\t\t\t\t\t<\/span>\n\t\t\t\t\t<\/a>\n\t\t\t\t<\/div>\n\t\t\t\t\t\t\t\t<\/div>\n\t\t\t\t<\/div>\n\t\t\t\t\t<\/div>\n\t\t<\/div>\n\t\t\t\t\t<\/div>\n\t\t<\/section>\n\t\t\t\t<\/div>\n\t\t","protected":false},"excerpt":{"rendered":"<p>Mundo de bestias Hay un alma olvidada por cada estrella, hay cien almas calladas por cada mirada valiente, hay mil almas llorando por cada l\u00e1grima seca. Vengo de un mundo condenado al olvido, viviendo tras los interminables trazos de un comp\u00e1s descompuesto y herido. Vivo en un mundo hecho de sombras y de luces escondidas [&hellip;]<\/p>\n","protected":false},"author":1,"featured_media":0,"parent":0,"menu_order":0,"comment_status":"closed","ping_status":"closed","template":"","meta":{"_acf_changed":false,"footnotes":""},"class_list":["post-78","page","type-page","status-publish","hentry"],"acf":[],"yoast_head":"<!-- This site is optimized with the Yoast SEO Premium plugin v24.7 (Yoast SEO v27.5) - https:\/\/yoast.com\/product\/yoast-seo-premium-wordpress\/ -->\n<title>POES\u00cdAS - Aixa Valfiguer<\/title>\n<meta name=\"description\" content=\"Poes\u00edas del libro P\u00d3KER CON LAS ESTRELLAS, la escritora AIXA VALFIGUER, nos da una muestra tras publicar un libro de poes\u00eda con la Editorial Poes\u00eda eres t\u00fa.\" \/>\n<meta name=\"robots\" content=\"index, follow, max-snippet:-1, max-image-preview:large, max-video-preview:-1\" \/>\n<link rel=\"canonical\" href=\"https:\/\/nuestrosescritores.com\/aixavalfiguer\/poesias\/\" \/>\n<meta property=\"og:locale\" content=\"es_ES\" \/>\n<meta property=\"og:type\" content=\"article\" \/>\n<meta property=\"og:title\" content=\"POES\u00cdAS\" \/>\n<meta property=\"og:description\" content=\"Poes\u00edas del libro P\u00d3KER CON LAS ESTRELLAS, la escritora AIXA VALFIGUER, nos da una muestra tras publicar un libro de poes\u00eda con la Editorial Poes\u00eda eres t\u00fa.\" \/>\n<meta property=\"og:url\" content=\"https:\/\/nuestrosescritores.com\/aixavalfiguer\/poesias\/\" \/>\n<meta property=\"og:site_name\" content=\"Aixa Valfiguer\" \/>\n<meta property=\"article:modified_time\" content=\"2024-11-11T16:27:42+00:00\" \/>\n<meta name=\"twitter:card\" content=\"summary_large_image\" \/>\n<meta name=\"twitter:label1\" content=\"Tiempo de lectura\" \/>\n\t<meta name=\"twitter:data1\" content=\"3 minutos\" \/>\n<script type=\"application\/ld+json\" class=\"yoast-schema-graph\">{\"@context\":\"https:\\\/\\\/schema.org\",\"@graph\":[{\"@type\":\"WebPage\",\"@id\":\"https:\\\/\\\/nuestrosescritores.com\\\/aixavalfiguer\\\/poesias\\\/\",\"url\":\"https:\\\/\\\/nuestrosescritores.com\\\/aixavalfiguer\\\/poesias\\\/\",\"name\":\"POES\u00cdAS - Aixa Valfiguer\",\"isPartOf\":{\"@id\":\"https:\\\/\\\/nuestrosescritores.com\\\/aixavalfiguer\\\/#website\"},\"datePublished\":\"2024-11-11T16:17:53+00:00\",\"dateModified\":\"2024-11-11T16:27:42+00:00\",\"description\":\"Poes\u00edas del libro P\u00d3KER CON LAS ESTRELLAS, la escritora AIXA VALFIGUER, nos da una muestra tras publicar un libro de poes\u00eda con la Editorial Poes\u00eda eres t\u00fa.\",\"breadcrumb\":{\"@id\":\"https:\\\/\\\/nuestrosescritores.com\\\/aixavalfiguer\\\/poesias\\\/#breadcrumb\"},\"inLanguage\":\"es\",\"potentialAction\":[{\"@type\":\"ReadAction\",\"target\":[\"https:\\\/\\\/nuestrosescritores.com\\\/aixavalfiguer\\\/poesias\\\/\"]}]},{\"@type\":\"BreadcrumbList\",\"@id\":\"https:\\\/\\\/nuestrosescritores.com\\\/aixavalfiguer\\\/poesias\\\/#breadcrumb\",\"itemListElement\":[{\"@type\":\"ListItem\",\"position\":1,\"name\":\"Portada\",\"item\":\"https:\\\/\\\/nuestrosescritores.com\\\/aixavalfiguer\\\/\"},{\"@type\":\"ListItem\",\"position\":2,\"name\":\"POES\u00cdAS\"}]},{\"@type\":\"WebSite\",\"@id\":\"https:\\\/\\\/nuestrosescritores.com\\\/aixavalfiguer\\\/#website\",\"url\":\"https:\\\/\\\/nuestrosescritores.com\\\/aixavalfiguer\\\/\",\"name\":\"Nuestros escritores\",\"description\":\"Escritora\",\"potentialAction\":[{\"@type\":\"SearchAction\",\"target\":{\"@type\":\"EntryPoint\",\"urlTemplate\":\"https:\\\/\\\/nuestrosescritores.com\\\/aixavalfiguer\\\/?s={search_term_string}\"},\"query-input\":{\"@type\":\"PropertyValueSpecification\",\"valueRequired\":true,\"valueName\":\"search_term_string\"}}],\"inLanguage\":\"es\"}]}<\/script>\n<!-- \/ Yoast SEO Premium plugin. -->","yoast_head_json":{"title":"POES\u00cdAS - Aixa Valfiguer","description":"Poes\u00edas del libro P\u00d3KER CON LAS ESTRELLAS, la escritora AIXA VALFIGUER, nos da una muestra tras publicar un libro de poes\u00eda con la Editorial Poes\u00eda eres t\u00fa.","robots":{"index":"index","follow":"follow","max-snippet":"max-snippet:-1","max-image-preview":"max-image-preview:large","max-video-preview":"max-video-preview:-1"},"canonical":"https:\/\/nuestrosescritores.com\/aixavalfiguer\/poesias\/","og_locale":"es_ES","og_type":"article","og_title":"POES\u00cdAS","og_description":"Poes\u00edas del libro P\u00d3KER CON LAS ESTRELLAS, la escritora AIXA VALFIGUER, nos da una muestra tras publicar un libro de poes\u00eda con la Editorial Poes\u00eda eres t\u00fa.","og_url":"https:\/\/nuestrosescritores.com\/aixavalfiguer\/poesias\/","og_site_name":"Aixa Valfiguer","article_modified_time":"2024-11-11T16:27:42+00:00","twitter_card":"summary_large_image","twitter_misc":{"Tiempo de lectura":"3 minutos"},"schema":{"@context":"https:\/\/schema.org","@graph":[{"@type":"WebPage","@id":"https:\/\/nuestrosescritores.com\/aixavalfiguer\/poesias\/","url":"https:\/\/nuestrosescritores.com\/aixavalfiguer\/poesias\/","name":"POES\u00cdAS - Aixa Valfiguer","isPartOf":{"@id":"https:\/\/nuestrosescritores.com\/aixavalfiguer\/#website"},"datePublished":"2024-11-11T16:17:53+00:00","dateModified":"2024-11-11T16:27:42+00:00","description":"Poes\u00edas del libro P\u00d3KER CON LAS ESTRELLAS, la escritora AIXA VALFIGUER, nos da una muestra tras publicar un libro de poes\u00eda con la Editorial Poes\u00eda eres t\u00fa.","breadcrumb":{"@id":"https:\/\/nuestrosescritores.com\/aixavalfiguer\/poesias\/#breadcrumb"},"inLanguage":"es","potentialAction":[{"@type":"ReadAction","target":["https:\/\/nuestrosescritores.com\/aixavalfiguer\/poesias\/"]}]},{"@type":"BreadcrumbList","@id":"https:\/\/nuestrosescritores.com\/aixavalfiguer\/poesias\/#breadcrumb","itemListElement":[{"@type":"ListItem","position":1,"name":"Portada","item":"https:\/\/nuestrosescritores.com\/aixavalfiguer\/"},{"@type":"ListItem","position":2,"name":"POES\u00cdAS"}]},{"@type":"WebSite","@id":"https:\/\/nuestrosescritores.com\/aixavalfiguer\/#website","url":"https:\/\/nuestrosescritores.com\/aixavalfiguer\/","name":"Nuestros escritores","description":"Escritora","potentialAction":[{"@type":"SearchAction","target":{"@type":"EntryPoint","urlTemplate":"https:\/\/nuestrosescritores.com\/aixavalfiguer\/?s={search_term_string}"},"query-input":{"@type":"PropertyValueSpecification","valueRequired":true,"valueName":"search_term_string"}}],"inLanguage":"es"}]}},"_links":{"self":[{"href":"https:\/\/nuestrosescritores.com\/aixavalfiguer\/wp-json\/wp\/v2\/pages\/78","targetHints":{"allow":["GET"]}}],"collection":[{"href":"https:\/\/nuestrosescritores.com\/aixavalfiguer\/wp-json\/wp\/v2\/pages"}],"about":[{"href":"https:\/\/nuestrosescritores.com\/aixavalfiguer\/wp-json\/wp\/v2\/types\/page"}],"author":[{"embeddable":true,"href":"https:\/\/nuestrosescritores.com\/aixavalfiguer\/wp-json\/wp\/v2\/users\/1"}],"replies":[{"embeddable":true,"href":"https:\/\/nuestrosescritores.com\/aixavalfiguer\/wp-json\/wp\/v2\/comments?post=78"}],"version-history":[{"count":0,"href":"https:\/\/nuestrosescritores.com\/aixavalfiguer\/wp-json\/wp\/v2\/pages\/78\/revisions"}],"wp:attachment":[{"href":"https:\/\/nuestrosescritores.com\/aixavalfiguer\/wp-json\/wp\/v2\/media?parent=78"}],"curies":[{"name":"wp","href":"https:\/\/api.w.org\/{rel}","templated":true}]}}