{"id":46,"date":"2025-02-22T13:22:09","date_gmt":"2025-02-22T12:22:09","guid":{"rendered":"https:\/\/nuestrosescritores.com\/adrianagordillo\/?page_id=46"},"modified":"2025-03-15T19:24:30","modified_gmt":"2025-03-15T18:24:30","slug":"adriana-i-gordillo","status":"publish","type":"page","link":"https:\/\/nuestrosescritores.com\/adrianagordillo\/","title":{"rendered":"ADRIANA I. GORDILLO"},"content":{"rendered":"<div class=\"wpb-content-wrapper\">[vc_row][vc_column extend=&#8221;false&#8221;][vc_column_text css=&#8221;.vc_custom_1740225783264{margin-top: -30000px !important;}&#8221;]\n<h1><u>ADRIANA I. GORDILLO: Autor de <strong>EL TIEMPO AL REV\u00c9S<\/strong> &#8211; <strong><em>Destacado escritor y poeta<\/em><\/strong> <strong><em>publica nuevo libro<\/em><\/strong> de poes\u00eda con Editorial Poes\u00eda eres t\u00fa. <strong><em>Reconocido entre los mejores poetas espa\u00f1oles.<\/em><\/strong><\/u><\/h1>\n<h2><strong><em><u>EL TIEMPO AL REV\u00c9S: La nueva obra maestra de ADRIANA I. GORDILLO. Aclamado como uno de los mejores poetas espa\u00f1oles de la actualidad, ADRIANA I. GORDILLO demuestra su maestr\u00eda en publicar poes\u00eda con Editorial Poes\u00eda eres t\u00fa<\/u><\/em><\/strong><\/h2>\n<h3><strong><em>Facilitamos el acceso a EL TIEMPO AL REV\u00c9S a trav\u00e9s de distribuidoras y librer\u00edas online. Encuentra tu <a href=\"http:\/\/librodepoesia.com\">libro de poes\u00eda<\/a> en: Librer\u00eda GEPA, Librer\u00eda Website, La librer\u00eda del escritor, El rinc\u00f3n de los libros.<\/em><\/strong><\/h3>\n<p><strong><em>Descubre el proceso y costos para publicar tu propio libro de poes\u00eda<\/em><\/strong><\/p>\n<p><strong><em>Colaboramos con la <a href=\"http:\/\/editorespoesia.com\">Asociaci\u00f3n de editores de poes\u00eda<\/a> y la <a href=\"http:\/\/escritoresycriticos.com\">Asociaci\u00f3n Madrile\u00f1a de escritores y cr\u00edticos literarios<\/a> (<a href=\"http:\/\/escritoresycriticos.com\">Cr\u00edtica de Madrid<\/a>).<\/em><\/strong><\/p>\n<p><strong><em>Visita nuestra p\u00e1gina del <a href=\"https:\/\/grupoeditorial.org\">Grupo Editorial<\/a> para m\u00e1s informaci\u00f3n. Sedes en Madrid y Jumilla (Murcia)<\/em><\/strong><\/p>\n<p><strong><em>Expertos en la edici\u00f3n del <a href=\"http:\/\/librodepoesia.com\/\">libro de poes\u00eda<\/a><\/em><\/strong><\/p>\n<p><strong><em><u>ADRIANA I. GORDILLO, autor de EL TIEMPO AL REV\u00c9S, es considerado uno de los mejores poetas espa\u00f1oles contempor\u00e1neos. Conoce los detalles para publicar poes\u00eda con Editorial Poes\u00eda eres t\u00fa<\/u><\/em><\/strong><\/p>\n<h4><strong><em><u>EL TIEMPO AL REV\u00c9S: La obra cumbre de ADRIANA I. GORDILLO. Descubre c\u00f3mo este reconocido poeta logr\u00f3 publicar su libro con Editorial Poes\u00eda eres t\u00fa<\/u><\/em><\/strong><\/h4>\n<h5><strong><em><u>ADRIANA I. GORDILLO, creador de EL TIEMPO AL REV\u00c9S, se consolida entre los mejores poetas espa\u00f1oles. Conoce el proceso y costos para publicar poes\u00eda con Editorial Poes\u00eda eres t\u00fa<\/u><\/em><\/strong><\/h5>\n<p><strong><em><u>El <a href=\"http:\/\/grupoeditorialperezayala.com\">Grupo Editorial P\u00e9rez-Ayala<\/a> incluye: <a href=\"http:\/\/poesiaerestu.com\">Editorial Poes\u00eda eres t\u00fa<\/a>, <a href=\"http:\/\/edicionesrilke.com\">Ediciones Rilke<\/a>, <a href=\"http:\/\/editorialpoesia.com\">Editorial poes\u00eda<\/a>, <a href=\"http:\/\/edicionesamaniel.com\">Ediciones Amaniel<\/a>, y <a href=\"http:\/\/edicionesazorin.com\">Ediciones Azor\u00edn<\/a> para Alicante y Murcia.<\/u><\/em><\/strong><\/p>\n<p><strong><em><u>Promocionamos EL TIEMPO AL REV\u00c9S y otros libros a trav\u00e9s de: <a href=\"http:\/\/poesiatv.com\">Poes\u00eda Televisi\u00f3n<\/a>, <a href=\"http:\/\/librodepoesia.com\">libro de poes\u00eda<\/a>, Club de poes\u00eda, Blog de escritor, Blog de poes\u00eda, <a href=\"https:\/\/agenciadellibro.com\">Agencia del libro<\/a>, Nuestras librer\u00edas, <a href=\"http:\/\/publicarlibro.com.es\">Publicar libro<\/a> &#8211; <a href=\"http:\/\/publicarlibro.es\">Publicar un libro<\/a>, Revista Poes\u00eda eres t\u00fa.<\/u><\/em><\/strong>[\/vc_column_text][\/vc_column][\/vc_row][vc_row full_width=&#8221;stretch_row_content_no_spaces&#8221; full_height=&#8221;yes&#8221; equal_height=&#8221;yes&#8221;][vc_column extend=&#8221;false&#8221;][layerslider_vc id=&#8221;4&#8243;][\/vc_column][\/vc_row][vc_row full_width=&#8221;stretch_row_content_no_spaces&#8221; full_height=&#8221;yes&#8221; equal_height=&#8221;yes&#8221;][vc_column extend=&#8221;false&#8221;][layerslider_vc id=&#8221;1&#8243;][\/vc_column][\/vc_row][vc_row extend=&#8221;false&#8221; design__empty_1=&#8221;&#8221; background=&#8221;&#8221; background_image_type=&#8221;static&#8221; background_image__effect=&#8221;&#8221; bg_size=&#8221;initial&#8221; bg_position=&#8221;center-center&#8221; row_bg_image=&#8221;&#8221; bg_repeat=&#8221;no-repeat&#8221; background_image_type__bg_color=&#8221;rgba(255, 255, 255, 1)&#8221; row_bg_parallax_images=&#8221;&#8221; row_bg_slideshow_images=&#8221;&#8221; background_video_type=&#8221;youtube&#8221; background_video__youtube__url=&#8221;&#8221; background_video__youtube__parallax=&#8221;&#8221; background_video__youtube__options=&#8221;&#8221; background_video__youtube__fallback_image=&#8221;&#8221; background_video__hosted__mp4=&#8221;&#8221; background_video__hosted__webm=&#8221;&#8221; background_video__hosted__ogv=&#8221;&#8221; background_video__hosted__parallax=&#8221;&#8221; background_video__hosted__options=&#8221;&#8221; background_video__hosted__fallback_image=&#8221;&#8221; background_color_type=&#8221;color&#8221; bg__empty_1=&#8221;&#8221; background_color_type__gradient_color1=&#8221;rgba(44, 74, 228, 1)&#8221; background_color_type__gradient_color2=&#8221;rgba(44, 74, 228, 1)&#8221; background_color_type__color_color1=&#8221;rgba(44, 74, 228, 1)&#8221; bg__empty_2=&#8221;&#8221; background_color__effect=&#8221;&#8221; background_color__direction=&#8221;left-to-right&#8221; settings__tag_1=&#8221;&#8221; viewport_lg=&#8221;&#8221; viewport_md=&#8221;&#8221; viewport_sm=&#8221;&#8221; viewport_xs=&#8221;&#8221; settings__empty_1=&#8221;&#8221; version=&#8221;1&#8243;][vc_column width=&#8221;1\/2&#8243; extend=&#8221;false&#8221;]<div class=\"ult-content-box-container \" >\t\t<div class=\"ult-content-box\" style=\"background-color:rgba(255,255,255,0.49);box-shadow: px px 8px px #f2f2f2 none;border-style:none;-webkit-transition: all 700ms ease;-moz-transition: all 700ms ease;-ms-transition: all 700ms ease;-o-transition: all 700ms ease;transition: all 700ms ease;\"  data-hover_box_shadow=\"none\"     data-bg=\"rgba(255,255,255,0.49)\"  data-border_color=\"\" >[vc_column_text css=&#8221;.vc_custom_1742058444213{padding-top: 15% !important;padding-right: 15% !important;padding-bottom: 15% !important;padding-left: 15% !important;}&#8221;]<strong>ADRIANA I. GORDILLO<\/strong><br \/>\n<em>Poeta, tejedora de universos<\/em><\/p>\n<p>Nacida en Cali, Colombia (1976), y arraigada en los paisajes invernales de Minnesota, ADRIANA I. GORDILLO es una voz literaria que cose versos con hilos de ciencia y agujas de nostalgia. Doctora en Estudios Culturales y artista multidisciplinar, su obra transita entre el rigor acad\u00e9mico y la calidez de los manteles bordados por generaciones de mujeres.<\/p>\n<p>Autora del aclamado&nbsp;<em>EL TIEMPO AL REV\u00c9S<\/em>&nbsp;(2025), Gordillo fusiona ecuaciones c\u00f3smicas con memorias dom\u00e9sticas, creando un lenguaje donde los agujeros negros bailan tango con m\u00e1quinas de coser. Su poes\u00eda, premiada internacionalmente, desdibuja fronteras: explora el desarraigo a trav\u00e9s de la f\u00edsica del agua, convierte el fr\u00edo de Minneapolis en met\u00e1fora del exilio y transforma tazas de caf\u00e9 abandonadas en portales estelares.<\/p>\n<p>M\u00e1s que escritora, es&nbsp;<em>cart\u00f3grafa de lo invisible<\/em>. Imparte talleres donde la poes\u00eda se teje con polvo de estrellas y defiende que \u00abun haiku puede contener la fuerza de un hurac\u00e1n c\u00f3smico\u00bb. Entre sus proyectos, destaca su investigaci\u00f3n sobre mitos femeninos, donde analiza c\u00f3mo Pen\u00e9lope y las nebulosas comparten el arte de tejer destinos.<\/p>\n<p>Adriana escribe con manos manchadas de tinta y tierra: cada verso suyo es un puente entre el latido \u00edntimo de los hogares y el susurro ancestral de las galaxias. Para ella, bordar un recuerdo es tan revolucionario como descifrar el nacimiento de una estrella.<\/p>\n<p><strong>&nbsp;<\/strong><\/p>\n<p><strong>&nbsp;<\/strong><\/p>\n<p><strong>&nbsp;<\/strong><\/p>\n<span class='bctt-click-to-tweet'><span class='bctt-ctt-text'><a href='https:\/\/x.com\/intent\/tweet?url=https%3A%2F%2Fnuestrosescritores.com%2Fadrianagordillo%2F&#038;text=Adriana%20I.%20Gordillo.%20Escritora%2C%20poeta.&#038;related' target='_blank'rel=\"noopener noreferrer\">Adriana I. Gordillo. Escritora, poeta. <\/a><\/span><a href='https:\/\/x.com\/intent\/tweet?url=https%3A%2F%2Fnuestrosescritores.com%2Fadrianagordillo%2F&#038;text=Adriana%20I.%20Gordillo.%20Escritora%2C%20poeta.&#038;related' target='_blank' class='bctt-ctt-btn'rel=\"noopener noreferrer\">Compartir en X<\/a><\/span>[\/vc_column_text]\t\t<\/div><\/div>[\/vc_column][vc_column width=&#8221;1\/2&#8243; extend=&#8221;false&#8221;]<div class=\"gambit_fullheight_row\" data-content-location=\"center\" style=\"display: none\"><\/div><div id=\"rowvcpt-row-settings\" class=\"rowvcpt-row-set RowVcPt-row-setting69f73aab6b9a6 \" data-no=\"RowVcPt-row-setting69f73aab6b9a6\"><div  id=\"bgGallaryslide69f73aab6b9aa\" class=\"rowvcpt-slideshow \"><\/div><script type=\"text\/javascript\">\n(function($) {\n$(\"#bgGallaryslide69f73aab6b9aa\").vegas({\n        overlay: \"https:\/\/nuestrosescritores.com\/adrianagordillo\/wp-content\/plugins\/ultimate-row-background\/css\/overlays\/0'.esc_attr(1.png).'\",\n        transitionDuration: 4e3,\n        delay: 7000,\n        slides: [{src: \"https:\/\/nuestrosescritores.com\/adrianagordillo\/wp-content\/uploads\/sites\/196\/2025\/02\/uhkekme3myfpn5s0vrzj_nuestrosescritores.webp\",transition: \"fade2\",transitionDuration: 5000},{src: \"https:\/\/nuestrosescritores.com\/adrianagordillo\/wp-content\/uploads\/sites\/196\/2025\/02\/vfslcmzglcluuk6ardv6_nuestrosescritores.webp\",transition: \"fade2\",transitionDuration: 5000},{src: \"https:\/\/nuestrosescritores.com\/adrianagordillo\/wp-content\/uploads\/sites\/196\/2025\/02\/xib4vdo9kzzt8kxbgify_nuestrosescritores.webp\",transition: \"fade2\",transitionDuration: 5000},{src: \"\",transition: \"fade2\",transitionDuration: 5000},{src: \"\",transition: \"fade2\",transitionDuration: 5000},{src: \"\",transition: \"fade2\",transitionDuration: 5000},{src: \"\",transition: \"fade2\",transitionDuration: 5000},]\n    });\t\t\n})(jQuery);\n<\/script><div class=\"rowvcpt-overlay\" style=\"background:rgba(255,255,255,0.69)\"><\/div><\/div>[vc_single_image image=&#8221;81&#8243; img_size=&#8221;full&#8221; alignment=&#8221;center&#8221; css=&#8221;&#8221;][\/vc_column][\/vc_row][vc_row full_height=&#8221;yes&#8221; equal_height=&#8221;yes&#8221;][vc_column extend=&#8221;false&#8221;]<div id=\"rowvcpt-row-settings\" class=\"rowvcpt-row-set RowVcPt-row-setting69f73aab6d1b0 \" data-no=\"RowVcPt-row-setting69f73aab6d1b0\"><div class=\"columns-bg-wrap columns-bg-anim-colors columns-bg-image  columns_simple_image\" id=\"RowVcPt-image-bg-69f73aab6d1af\"   data-parallax_sense=\"30\" src=\"https:\/\/nuestrosescritores.com\/adrianagordillo\/wp-content\/uploads\/sites\/196\/2025\/02\/Designer-37_nuestrosescritores.webp\" style=\"background-image: url(https:\/\/nuestrosescritores.com\/adrianagordillo\/wp-content\/uploads\/sites\/196\/2025\/02\/Designer-37_nuestrosescritores.webp);background-size: cover;background-attachment: fixed;\"><\/div><\/div>[\/vc_column][\/vc_row][vc_row][vc_column extend=&#8221;false&#8221;]<div class=\"gambit_fullheight_row\" data-content-location=\"center\" style=\"display: none\"><\/div><div id=\"rowvcpt-row-settings\" class=\"rowvcpt-row-set RowVcPt-row-setting69f73aab6d4be \" data-no=\"RowVcPt-row-setting69f73aab6d4be\"><div  id=\"bgGallaryslide69f73aab6d4c1\" class=\"rowvcpt-slideshow \"><\/div><script type=\"text\/javascript\">\n(function($) {\n$(\"#bgGallaryslide69f73aab6d4c1\").vegas({\n        overlay: \"https:\/\/nuestrosescritores.com\/adrianagordillo\/wp-content\/plugins\/ultimate-row-background\/css\/overlays\/0'.esc_attr(1.png).'\",\n        transitionDuration: 4e3,\n        delay: 7000,\n        slides: [{src: \"\",transition: \"fade2\",transitionDuration: 5000},{src: \"\",transition: \"fade2\",transitionDuration: 5000},{src: \"https:\/\/nuestrosescritores.com\/adrianagordillo\/wp-content\/uploads\/sites\/196\/2025\/02\/xib4vdo9kzzt8kxbgify_nuestrosescritores.webp\",transition: \"fade2\",transitionDuration: 5000},{src: \"\",transition: \"fade2\",transitionDuration: 5000},{src: \"https:\/\/nuestrosescritores.com\/adrianagordillo\/wp-content\/uploads\/sites\/196\/2025\/02\/cropped-nuestrosescritores_AdrianaGordilloAvatar.webp\",transition: \"fade2\",transitionDuration: 5000},{src: \"https:\/\/nuestrosescritores.com\/adrianagordillo\/wp-content\/uploads\/sites\/196\/2025\/02\/Designer-34_nuestrosescritores.webp\",transition: \"fade2\",transitionDuration: 5000},{src: \"https:\/\/nuestrosescritores.com\/adrianagordillo\/wp-content\/uploads\/sites\/196\/2025\/02\/Designer-35_nuestrosescritores.webp\",transition: \"fade2\",transitionDuration: 5000},]\n    });\t\t\n})(jQuery);\n<\/script><div class=\"rowvcpt-overlay\" style=\"background:rgba(255,255,255,0.69)\"><\/div><\/div><div id=\"uvc-type-wrap-8621\"  data-ultimate-target='#uvc-type-wrap-8621'  data-responsive-json-new='{\"font-size\":\"\",\"line-height\":\"\"}'  class=\"uvc-type-wrap vc_custom_1740226285477 ult-adjust-bottom-margin ult-responsive  uvc-type-align-center uvc-type-no-prefix uvc-wrap-302516684469f73aab6e542\" style=\"text-align:center;\"><span id=\"typed-302516684469f73aab6e542\" class=\"ultimate-typed-main \" style=\" font-weight:bold; text-transform: unset;\"><\/span><script type=\"text\/javascript\">\n\t\t\t\t\t\tjQuery(function($){ \n\t\t\t\t\t\t\t$(document).ready(function(){\n\t\t\t\t\t\t\t\tif( typeof jQuery(\"#typed-302516684469f73aab6e542\").typed == \"function\"){\n\t\t\t\t\t\t\t\t\t$(\"#typed-302516684469f73aab6e542\").typed({\n\t\t\t\t\t\t\t\t\t\tstrings: [\"Adriana Gordillo (Cali, Colombia, 1976), vive en Saint Paul, Minnesota (EE. UU.) y es profesora de espa\u00f1ol, literatura y cultura latinoamericana en Minnesota State University, Mankato. Su trabajo acad\u00e9mico gira en torno a lo monstruoso, el mito y la intersecci\u00f3n entre arte, memoria y otredad. Adriana es miembro fundador del colectivo \u201cPrifmata\u201d, un grupo de artistas visuales y escritores de origen colombiano e italiano radicados en los Estados Unidos. Hereticum, su primer libro de poemas, fue publicado bajo el sello Valpara\u00edso Ediciones en 2024. Adriana ha publicado su obra creativa en revistas latinoamericanas y estadounidenses y recibi\u00f3 los premios de poes\u00eda Victoria Urbano en 2011 y Voces nuevas en 2014. Adriana es tambi\u00e9n una entusiasta de las artes visuales y algunas de sus obras han sido exhibidas en Minnesota y Texas (EE. UU). Su trabajo art\u00edstico se enfoca en la intersecci\u00f3n entre el texto escrito y visual utilizando la simbolog\u00eda textil y de la industria papelera, adem\u00e1s de la construcci\u00f3n de la memoria a trav\u00e9s de la exploraci\u00f3n de im\u00e1genes corporales que se desdibujan y recombinan para reinventar el presente.\"],\n\t\t\t\t\t\t\t\t\t\ttypeSpeed: 35,\n\t\t\t\t\t\t\t\t\t\tbackSpeed: 0,\n\t\t\t\t\t\t\t\t\t\tstartDelay: \"200\",\n\t\t\t\t\t\t\t\t\t\tbackDelay: \"1500\",\n\t\t\t\t\t\t\t\t\t\tloop: true,\n\t\t\t\t\t\t\t\t\t\tloopCount: false,\n\t\t\t\t\t\t\t\t\t\tshowCursor: true,\n\t\t\t\t\t\t\t\t\t\tcursorChar: \"|\",\n\t\t\t\t\t\t\t\t\t\tattr: null\n\t\t\t\t\t\t\t\t\t});\n\t\t\t\t\t\t\t\t}\n\t\t\t\t\t\t\t});\n\t\t\t\t\t\t});\n\t\t\t\t\t<\/script><\/div>[\/vc_column][\/vc_row][vc_row full_height=&#8221;yes&#8221; equal_height=&#8221;yes&#8221;][vc_column extend=&#8221;false&#8221;]<div id=\"rowvcpt-row-settings\" class=\"rowvcpt-row-set RowVcPt-row-setting69f73aab6e78b \" data-no=\"RowVcPt-row-setting69f73aab6e78b\"><div class=\"columns-bg-wrap columns-bg-anim-colors columns-bg-image  columns_simple_image\" id=\"RowVcPt-image-bg-69f73aab6e78a\"   data-parallax_sense=\"30\" src=\"https:\/\/nuestrosescritores.com\/adrianagordillo\/wp-content\/uploads\/sites\/196\/2025\/02\/nuestrosescritores_AdrianaIGordilloSSquare-scaled.webp\" style=\"background-image: url(https:\/\/nuestrosescritores.com\/adrianagordillo\/wp-content\/uploads\/sites\/196\/2025\/02\/nuestrosescritores_AdrianaIGordilloSSquare-scaled.webp);background-position: left center;background-size: cover;background-attachment: fixed;\"><\/div><\/div>[vc_column_text css=&#8221;&#8221;]\n<p style=\"text-align: center;\"><a class=\"fasc-button fasc-size-xlarge fasc-type-glossy fasc-rounded-medium\" style=\"background-color: #2f9e38; color: #ffffff;\" href=\"https:\/\/librodepoesia.com\/libro\/el-tiempo-al-reves-adriana-i-gordillo\/\">COMPRA SUS LIBROS<\/a><\/p>\n[\/vc_column_text][\/vc_column][\/vc_row][vc_row][vc_column extend=&#8221;false&#8221;][vc_column_text css=&#8221;.vc_custom_1740225612275{margin-top: -30000px !important;}&#8221;]\n<h1><u>ADRIANA I. GORDILLO es el escritor<em> de <strong>EL TIEMPO AL REV\u00c9S<\/strong><\/em>. <strong><em>el escritor y poeta <\/em><\/strong>acaba de <strong><em>publicar un libro <\/em><\/strong>de poes\u00eda con la <strong><em>Editorial Poes\u00eda eres t\u00fa. Considerado como uno de los mejores poetas espa\u00f1oles.<\/em><\/strong><\/u><\/h1>\n<h2><strong><em><u>EL TIEMPO AL REV\u00c9S ha sido escrito por ADRIANA I. GORDILLO Considerado como uno de los mejores poetas espa\u00f1oles, algunos afirman que es el mejor poeta espa\u00f1ol. el escritor sabe como publicar un libro de poes\u00eda con la Editorial Poes\u00eda eres t\u00fa<\/u><\/em><\/strong><\/h2>\n<h3><strong><em>Trabajamos con distribuidoras de libros que acercan los libros a las librer\u00edas, pero contamos tambi\u00e9n con las siguientes librerias de apoyo en internet para que ning\u00fan lector se quede sin su <a href=\"http:\/\/librodepoesia.com\">libro de poes\u00eda<\/a>: Libreria GEPA, Libreria Website, La librer\u00eda del escritor, El rinc\u00f3n de los libros.<\/em><\/strong><\/h3>\n<p><strong><em>Informamos de como publicar un libro y el precio de publicar un libro<\/em><\/strong><\/p>\n<p><strong><em>As\u00ed mismo colaboramos con la <a href=\"http:\/\/editorespoesia.com\">Asociaci\u00f3n de editores de poes\u00eda<\/a> y la <a href=\"http:\/\/escritoresycriticos.com\">Asociaci\u00f3n Madrile\u00f1a de escritores y cr\u00edticos literarios<\/a> (<a href=\"http:\/\/escritoresycriticos.com\">Cr\u00edtica de Vigo<\/a>).<\/em><\/strong><\/p>\n<p><strong><em>Puedes conocernos en nuestra p\u00e1gina del <a href=\"https:\/\/grupoeditorial.org\">Grupo Editorial<\/a>. Contamos con una sede en Madrid y otra en Jumilla (Murcia)<\/em><\/strong><\/p>\n<p><strong><em>Somos especialitas en la edici\u00f3n del <a href=\"http:\/\/libropoesia.com\/\">libro de poes\u00eda<\/a><\/em><\/strong><\/p>\n<p><strong><em><u>ADRIANA I. GORDILLO Considerado como uno de los mejores poetas espa\u00f1oles, algunos afirman que es el mejor poeta espa\u00f1oles es el escritor de EL TIEMPO AL REV\u00c9S. El poeta conoce el precio de publicar un libro de poes\u00eda con la Editorial Poes\u00eda eres t\u00fa<\/u><\/em><\/strong><\/p>\n<h4><strong><em><u>ADRIANA I. GORDILLO Considerado como uno de los mejores poetas espa\u00f1oles, algunos afirman que es el mejor poeta espa\u00f1oles es el escritor de EL TIEMPO AL REV\u00c9S. La poeta sabe como publicar un libro de poes\u00eda con la Editorial Poes\u00eda eres t\u00fa<\/u><\/em><\/strong><\/h4>\n<h5><strong><em><u>ADRIANA I. GORDILLO considerado como uno de los mejores poetas espa\u00f1oles, algunos afirman que es el mejor poeta espa\u00f1ol es el escritor de EL TIEMPO AL REV\u00c9S. La poeta sabe el precio de publicar un libro de poes\u00eda con la Editorial Poes\u00eda eres t\u00fa<\/u><\/em><\/strong><\/h5>\n<h1><u>ADRIANA I. GORDILLO: el escritor de <strong>EL TIEMPO AL REV\u00c9S<\/strong> que revoluciona la poes\u00eda contempor\u00e1nea<\/u><\/h1>\n<h2><em>Descubre <strong>EL TIEMPO AL REV\u00c9S<\/strong>, la obra cumbre de <strong>ADRIANA I. GORDILLO<\/strong><\/em><\/h2>\n<p>&nbsp;<\/p>\n<h3>La trayectoria literaria de <strong>ADRIANA I. GORDILLO<\/strong><\/h3>\n<p>Reconocido como <strong>el mejor poeta espa\u00f1ol de su generaci\u00f3n<\/strong>, <strong>ADRIANA I. GORDILLO<\/strong> ha alcanzado nuevos hitos con <strong>EL TIEMPO AL REV\u00c9S<\/strong>. Esta obra maestra, publicada con <a href=\"http:\/\/publicarunlibro.gdn\">Editorial Poes\u00eda eres t\u00fa<\/a>, consolida su posici\u00f3n en el panorama literario nacional.<\/p>\n<h3>Distribuci\u00f3n exclusiva de <strong>EL TIEMPO AL REV\u00c9S<\/strong><\/h3>\n<p>Nuestra red incluye distribuidoras especializadas y librer\u00edas l\u00edderes como:<\/p>\n<ul>\n<li><a href=\"https:\/\/gepa.es\">Librer\u00eda GEPA<\/a> (referente en poes\u00eda contempor\u00e1nea)<\/li>\n<li><a href=\"https:\/\/lalibreria.com.es\">La librer\u00eda del escritor<\/a> (especializada en primeras ediciones)<\/li>\n<li><a href=\"http:\/\/librodepoesia.com\">Libro de poes\u00eda<\/a> (venta online certificada)<\/li>\n<\/ul>\n<h4>Proceso editorial de excelencia<\/h4>\n<p>En <strong>Editorial Poes\u00eda eres t\u00fa<\/strong>, dirigida por <strong>ADRIANA I. GORDILLO<\/strong>, ofrecemos:<\/p>\n<ul>\n<li>Asesoramiento personalizado para publicar libros de poes\u00eda<\/li>\n<li>Paquetes editoriales adaptados a cada autor<\/li>\n<li>Distribuci\u00f3n nacional e internacional garantizada<\/li>\n<\/ul>\n<h3>Alianzas estrat\u00e9gicas para <strong>EL TIEMPO AL REV\u00c9S<\/strong><\/h3>\n<p>Colaboramos activamente con:<\/p>\n<ul>\n<li><a href=\"http:\/\/editorespoesia.com\">Asociaci\u00f3n Nacional de Editores de poes\u00eda<\/a><\/li>\n<li><a href=\"http:\/\/escritoresycriticos.com\">Asociaci\u00f3n Madrile\u00f1a de Cr\u00edtica Literaria<\/a><\/li>\n<\/ul>\n<h4>Infraestructura editorial de vanguardia<\/h4>\n<p>Nuestro grupo editorial, con sedes en Madrid y Murcia, integra:<\/p>\n<ul>\n<li><a href=\"http:\/\/edicionesrilke.com\">Ediciones Rilke<\/a> (poes\u00eda internacional)<\/li>\n<li><a href=\"http:\/\/edicionesazorin.com\">Ediciones Azor\u00edn<\/a> (autores mediterr\u00e1neos)<\/li>\n<li><a href=\"http:\/\/poesiatv.com\">Poes\u00eda Televisi\u00f3n<\/a> (difusi\u00f3n multimedia)<\/li>\n<\/ul>\n<h2>Por qu\u00e9 elegir a <strong>ADRIANA I. GORDILLO<\/strong><\/h2>\n<p>El autor de <strong>EL TIEMPO AL REV\u00c9S<\/strong> ofrece:<\/p>\n<p>Contenido ajustado por nuestra editorial que ha revisado el libro <strong>EL TIEMPO AL REV\u00c9S<\/strong> y que garantiza la calidad de <strong>EL TIEMPO AL REV\u00c9S<\/strong>.<\/p>\n<footer><em>Descubre el proceso completo para publicar tu libro de poes\u00eda con los est\u00e1ndares profesionales de <strong>ADRIANA I. GORDILLO<\/strong> y el \u00e9xito alcanzado con <strong>EL TIEMPO AL REV\u00c9S<\/strong>.<\/em><\/footer>\n[\/vc_column_text][\/vc_column][\/vc_row][vc_row][vc_column css=&#8221;.vc_custom_1741951284915{padding: 5% !important;}&#8221;][vc_column_text css=&#8221;.vc_custom_1742063066327{padding-top: 5% !important;padding-right: 5% !important;padding-bottom: 5% !important;padding-left: 5% !important;background-color: #eaeaea !important;}&#8221;]\n<h1 class=\"first:mt-xs mb-3 mt-8 text-[1.4rem] font-[475] leading-[1.5em]\">EL TIEMPO AL REV\u00c9S por ADRIANA I. GORDILLO: Una obra po\u00e9tica de la poes\u00eda contemporanea.<\/h1>\n<h2 class=\"mb-2 mt-6 text-lg font-[500] first:mt-3\">Descubre la nueva obra maestra de ADRIANA I. GORDILLO<\/h2>\n<p class=\"my-0\">EL TIEMPO AL REV\u00c9S es la \u00faltima creaci\u00f3n de ADRIANA I. GORDILLO, una propuesta innovadora que redefine la poes\u00eda contempor\u00e1nea. Editorial Poes\u00eda eres t\u00fa se enorgullece de presentar esta obra excepcional, fruto de un riguroso proceso de selecci\u00f3n.<\/p>\n<h2 class=\"mb-2 mt-6 text-lg font-[500] first:mt-3\">EL TIEMPO AL REV\u00c9S: Innovaci\u00f3n y calidad literaria<\/h2>\n<p class=\"my-0\">Esta obra de ADRIANA I. GORDILLO destaca por su originalidad en el panorama po\u00e9tico actual. EL TIEMPO AL REV\u00c9S invita a los lectores a explorar nuevas dimensiones l\u00edricas, consolidando el compromiso de la editorial con voces po\u00e9ticas relevantes.<\/p>\n<h2 class=\"mb-2 mt-6 text-lg font-[500] first:mt-3\">ADRIANA I. GORDILLO: Un referente en la poes\u00eda actual<\/h2>\n<p class=\"my-0\">ADRIANA I. GORDILLO se ha establecido como una figura prominente en la literatura contempor\u00e1nea. Su estilo \u00fanico en EL TIEMPO AL REV\u00c9S fusiona tradici\u00f3n e innovaci\u00f3n, conectando con lectores de diversas sensibilidades.<\/p>\n<h2 class=\"mb-2 mt-6 text-lg font-[500] first:mt-3\">El proceso creativo detr\u00e1s de EL TIEMPO AL REV\u00c9S<\/h2>\n<p class=\"my-0\">La colaboraci\u00f3n entre ADRIANA I. GORDILLO y Editorial Poes\u00eda eres t\u00fa ha dado como resultado EL TIEMPO AL REV\u00c9S, una obra que respeta la visi\u00f3n art\u00edstica del autor mientras mantiene los altos est\u00e1ndares de calidad del sello editorial.<\/p>\n<h2 class=\"mb-2 mt-6 text-lg font-[500] first:mt-3\">EL TIEMPO AL REV\u00c9S: Un hito en la poes\u00eda contempor\u00e1nea<\/h2>\n<p class=\"my-0\">En un mundo de inmediatez, EL TIEMPO AL REV\u00c9S ofrece un espacio para la reflexi\u00f3n profunda. La incorporaci\u00f3n de esta obra de ADRIANA I. GORDILLO al cat\u00e1logo reafirma el compromiso con la diversidad y calidad po\u00e9tica.<\/p>\n<h2 class=\"mb-2 mt-6 text-lg font-[500] first:mt-3\">Edici\u00f3n y publicaci\u00f3n de EL TIEMPO AL REV\u00c9S<\/h2>\n<p class=\"my-0\">ADRIANA I. GORDILLO ha participado activamente en cada etapa del proceso editorial de EL TIEMPO AL REV\u00c9S, desde la revisi\u00f3n hasta la maquetaci\u00f3n, asegurando que la esencia de su creaci\u00f3n se mantenga intacta.<\/p>\n<h2 class=\"mb-2 mt-6 text-lg font-[500] first:mt-3\">Promoci\u00f3n y difusi\u00f3n de EL TIEMPO AL REV\u00c9S<\/h2>\n<p class=\"my-0\">La obra de ADRIANA I. GORDILLO se promociona a trav\u00e9s de m\u00faltiples canales, incluyendo una p\u00e1gina web personalizada que ofrece contenido exclusivo sobre EL TIEMPO AL REV\u00c9S y su creador.<\/p>\n<h2 class=\"mb-2 mt-6 text-lg font-[500] first:mt-3\">Colaboraciones estrat\u00e9gicas para EL TIEMPO AL REV\u00c9S<\/h2>\n<p class=\"my-0\">El GRUPO EDITORIAL P\u00c9REZ-AYALA ha colaborado con entidades como Ediciones Azor\u00edn y la Agencia del libro para potenciar la visibilidad de EL TIEMPO AL REV\u00c9S de ADRIANA I. GORDILLO.<\/p>\n<h2 class=\"mb-2 mt-6 text-lg font-[500] first:mt-3\">Celebra la poes\u00eda con EL TIEMPO AL REV\u00c9S<\/h2>\n<p class=\"my-0\">EL TIEMPO AL REV\u00c9S de ADRIANA I. GORDILLO es una celebraci\u00f3n de la poes\u00eda contempor\u00e1nea. Invitamos a los amantes de la literatura a descubrir esta obra singular que enriquece el panorama po\u00e9tico actual.<\/p>\n<p class=\"my-0\">ADRIANA I. GORDILLO y Editorial Poes\u00eda eres t\u00fa agradecen el apoyo continuo que permite que obras como EL TIEMPO AL REV\u00c9S encuentren su lugar en el mundo literario.<\/p>\n[\/vc_column_text][\/vc_column][\/vc_row]\n<\/div>","protected":false},"excerpt":{"rendered":"<p>[vc_row][vc_column extend=&#8221;false&#8221;][vc_column_text css=&#8221;.vc_custom_1740225783264{margin-top: -30000px !important;}&#8221;] : Autor de &#8211; Destacado escritor y poeta publica nuevo libro de poes\u00eda con Editorial Poes\u00eda eres t\u00fa. Reconocido entre los mejores poetas espa\u00f1oles. : La nueva obra maestra de . Aclamado como uno de los mejores poetas espa\u00f1oles de la actualidad, demuestra su maestr\u00eda en publicar poes\u00eda con Editorial [&hellip;]<\/p>\n","protected":false},"author":1,"featured_media":81,"parent":0,"menu_order":0,"comment_status":"closed","ping_status":"closed","template":"","meta":{"_acf_changed":false,"footnotes":""},"class_list":["post-46","page","type-page","status-publish","has-post-thumbnail","hentry"],"acf":[],"yoast_head":"<!-- This site is optimized with the Yoast SEO Premium plugin v24.7 (Yoast SEO v27.5) - https:\/\/yoast.com\/product\/yoast-seo-premium-wordpress\/ -->\n<title>ADRIANA I. GORDILLO - Adriana I. Gordillo<\/title>\n<meta name=\"description\" content=\"Adriana I. Gordillo es la escritora del libro de poes\u00eda EL TIEMPO AL REV\u00c9S. Acaba de publicar un libro de poes\u00eda con la Editorial Poes\u00eda eres t\u00fa\" \/>\n<meta name=\"robots\" content=\"index, follow, max-snippet:-1, max-image-preview:large, max-video-preview:-1\" \/>\n<link rel=\"canonical\" href=\"https:\/\/nuestrosescritores.com\/adrianagordillo\/\" \/>\n<meta property=\"og:locale\" content=\"es_ES\" \/>\n<meta property=\"og:type\" content=\"article\" \/>\n<meta property=\"og:title\" content=\"ADRIANA I. GORDILLO\" \/>\n<meta property=\"og:description\" content=\"Adriana I. Gordillo es la escritora del libro de poes\u00eda EL TIEMPO AL REV\u00c9S. Acaba de publicar un libro de poes\u00eda con la Editorial Poes\u00eda eres t\u00fa\" \/>\n<meta property=\"og:url\" content=\"https:\/\/nuestrosescritores.com\/adrianagordillo\/\" \/>\n<meta property=\"og:site_name\" content=\"Adriana I. Gordillo\" \/>\n<meta property=\"article:modified_time\" content=\"2025-03-15T18:24:30+00:00\" \/>\n<meta property=\"og:image\" content=\"http:\/\/nuestrosescritores.com\/adrianagordillo\/wp-content\/uploads\/sites\/196\/2025\/02\/nuestrosescritores_AIG_9643-2-1024x1024.webp\" \/>\n\t<meta property=\"og:image:width\" content=\"1024\" \/>\n\t<meta property=\"og:image:height\" content=\"1024\" \/>\n\t<meta property=\"og:image:type\" content=\"image\/webp\" \/>\n<meta name=\"twitter:card\" content=\"summary_large_image\" \/>\n<meta name=\"twitter:label1\" content=\"Tiempo de lectura\" \/>\n\t<meta name=\"twitter:data1\" content=\"9 minutos\" \/>\n<script type=\"application\/ld+json\" class=\"yoast-schema-graph\">{\"@context\":\"https:\\\/\\\/schema.org\",\"@graph\":[{\"@type\":\"WebPage\",\"@id\":\"https:\\\/\\\/nuestrosescritores.com\\\/adrianagordillo\\\/\",\"url\":\"https:\\\/\\\/nuestrosescritores.com\\\/adrianagordillo\\\/\",\"name\":\"ADRIANA I. GORDILLO - Adriana I. Gordillo\",\"isPartOf\":{\"@id\":\"https:\\\/\\\/nuestrosescritores.com\\\/adrianagordillo\\\/#website\"},\"primaryImageOfPage\":{\"@id\":\"https:\\\/\\\/nuestrosescritores.com\\\/adrianagordillo\\\/#primaryimage\"},\"image\":{\"@id\":\"https:\\\/\\\/nuestrosescritores.com\\\/adrianagordillo\\\/#primaryimage\"},\"thumbnailUrl\":\"https:\\\/\\\/nuestrosescritores.com\\\/adrianagordillo\\\/wp-content\\\/uploads\\\/sites\\\/196\\\/2025\\\/02\\\/nuestrosescritores_AIG_9643-2.webp\",\"datePublished\":\"2025-02-22T12:22:09+00:00\",\"dateModified\":\"2025-03-15T18:24:30+00:00\",\"description\":\"Adriana I. Gordillo es la escritora del libro de poes\u00eda EL TIEMPO AL REV\u00c9S. Acaba de publicar un libro de poes\u00eda con la Editorial Poes\u00eda eres t\u00fa\",\"breadcrumb\":{\"@id\":\"https:\\\/\\\/nuestrosescritores.com\\\/adrianagordillo\\\/#breadcrumb\"},\"inLanguage\":\"es\",\"potentialAction\":[{\"@type\":\"ReadAction\",\"target\":[\"https:\\\/\\\/nuestrosescritores.com\\\/adrianagordillo\\\/\"]}]},{\"@type\":\"ImageObject\",\"inLanguage\":\"es\",\"@id\":\"https:\\\/\\\/nuestrosescritores.com\\\/adrianagordillo\\\/#primaryimage\",\"url\":\"https:\\\/\\\/nuestrosescritores.com\\\/adrianagordillo\\\/wp-content\\\/uploads\\\/sites\\\/196\\\/2025\\\/02\\\/nuestrosescritores_AIG_9643-2.webp\",\"contentUrl\":\"https:\\\/\\\/nuestrosescritores.com\\\/adrianagordillo\\\/wp-content\\\/uploads\\\/sites\\\/196\\\/2025\\\/02\\\/nuestrosescritores_AIG_9643-2.webp\",\"width\":1602,\"height\":2100,\"caption\":\"ADRIANA I. GORDILLO\"},{\"@type\":\"BreadcrumbList\",\"@id\":\"https:\\\/\\\/nuestrosescritores.com\\\/adrianagordillo\\\/#breadcrumb\",\"itemListElement\":[{\"@type\":\"ListItem\",\"position\":1,\"name\":\"Portada\",\"item\":\"https:\\\/\\\/nuestrosescritores.com\\\/adrianagordillo\\\/\"},{\"@type\":\"ListItem\",\"position\":2,\"name\":\"ADRIANA I. GORDILLO\"}]},{\"@type\":\"WebSite\",\"@id\":\"https:\\\/\\\/nuestrosescritores.com\\\/adrianagordillo\\\/#website\",\"url\":\"https:\\\/\\\/nuestrosescritores.com\\\/adrianagordillo\\\/\",\"name\":\"Nuestros escritores\",\"description\":\"Escritora\",\"potentialAction\":[{\"@type\":\"SearchAction\",\"target\":{\"@type\":\"EntryPoint\",\"urlTemplate\":\"https:\\\/\\\/nuestrosescritores.com\\\/adrianagordillo\\\/?s={search_term_string}\"},\"query-input\":{\"@type\":\"PropertyValueSpecification\",\"valueRequired\":true,\"valueName\":\"search_term_string\"}}],\"inLanguage\":\"es\"}]}<\/script>\n<!-- \/ Yoast SEO Premium plugin. -->","yoast_head_json":{"title":"ADRIANA I. GORDILLO - Adriana I. Gordillo","description":"Adriana I. Gordillo es la escritora del libro de poes\u00eda EL TIEMPO AL REV\u00c9S. Acaba de publicar un libro de poes\u00eda con la Editorial Poes\u00eda eres t\u00fa","robots":{"index":"index","follow":"follow","max-snippet":"max-snippet:-1","max-image-preview":"max-image-preview:large","max-video-preview":"max-video-preview:-1"},"canonical":"https:\/\/nuestrosescritores.com\/adrianagordillo\/","og_locale":"es_ES","og_type":"article","og_title":"ADRIANA I. GORDILLO","og_description":"Adriana I. Gordillo es la escritora del libro de poes\u00eda EL TIEMPO AL REV\u00c9S. Acaba de publicar un libro de poes\u00eda con la Editorial Poes\u00eda eres t\u00fa","og_url":"https:\/\/nuestrosescritores.com\/adrianagordillo\/","og_site_name":"Adriana I. Gordillo","article_modified_time":"2025-03-15T18:24:30+00:00","og_image":[{"width":1024,"height":1024,"url":"http:\/\/nuestrosescritores.com\/adrianagordillo\/wp-content\/uploads\/sites\/196\/2025\/02\/nuestrosescritores_AIG_9643-2-1024x1024.webp","type":"image\/webp"}],"twitter_card":"summary_large_image","twitter_misc":{"Tiempo de lectura":"9 minutos"},"schema":{"@context":"https:\/\/schema.org","@graph":[{"@type":"WebPage","@id":"https:\/\/nuestrosescritores.com\/adrianagordillo\/","url":"https:\/\/nuestrosescritores.com\/adrianagordillo\/","name":"ADRIANA I. GORDILLO - Adriana I. Gordillo","isPartOf":{"@id":"https:\/\/nuestrosescritores.com\/adrianagordillo\/#website"},"primaryImageOfPage":{"@id":"https:\/\/nuestrosescritores.com\/adrianagordillo\/#primaryimage"},"image":{"@id":"https:\/\/nuestrosescritores.com\/adrianagordillo\/#primaryimage"},"thumbnailUrl":"https:\/\/nuestrosescritores.com\/adrianagordillo\/wp-content\/uploads\/sites\/196\/2025\/02\/nuestrosescritores_AIG_9643-2.webp","datePublished":"2025-02-22T12:22:09+00:00","dateModified":"2025-03-15T18:24:30+00:00","description":"Adriana I. Gordillo es la escritora del libro de poes\u00eda EL TIEMPO AL REV\u00c9S. Acaba de publicar un libro de poes\u00eda con la Editorial Poes\u00eda eres t\u00fa","breadcrumb":{"@id":"https:\/\/nuestrosescritores.com\/adrianagordillo\/#breadcrumb"},"inLanguage":"es","potentialAction":[{"@type":"ReadAction","target":["https:\/\/nuestrosescritores.com\/adrianagordillo\/"]}]},{"@type":"ImageObject","inLanguage":"es","@id":"https:\/\/nuestrosescritores.com\/adrianagordillo\/#primaryimage","url":"https:\/\/nuestrosescritores.com\/adrianagordillo\/wp-content\/uploads\/sites\/196\/2025\/02\/nuestrosescritores_AIG_9643-2.webp","contentUrl":"https:\/\/nuestrosescritores.com\/adrianagordillo\/wp-content\/uploads\/sites\/196\/2025\/02\/nuestrosescritores_AIG_9643-2.webp","width":1602,"height":2100,"caption":"ADRIANA I. GORDILLO"},{"@type":"BreadcrumbList","@id":"https:\/\/nuestrosescritores.com\/adrianagordillo\/#breadcrumb","itemListElement":[{"@type":"ListItem","position":1,"name":"Portada","item":"https:\/\/nuestrosescritores.com\/adrianagordillo\/"},{"@type":"ListItem","position":2,"name":"ADRIANA I. GORDILLO"}]},{"@type":"WebSite","@id":"https:\/\/nuestrosescritores.com\/adrianagordillo\/#website","url":"https:\/\/nuestrosescritores.com\/adrianagordillo\/","name":"Nuestros escritores","description":"Escritora","potentialAction":[{"@type":"SearchAction","target":{"@type":"EntryPoint","urlTemplate":"https:\/\/nuestrosescritores.com\/adrianagordillo\/?s={search_term_string}"},"query-input":{"@type":"PropertyValueSpecification","valueRequired":true,"valueName":"search_term_string"}}],"inLanguage":"es"}]}},"_links":{"self":[{"href":"https:\/\/nuestrosescritores.com\/adrianagordillo\/wp-json\/wp\/v2\/pages\/46","targetHints":{"allow":["GET"]}}],"collection":[{"href":"https:\/\/nuestrosescritores.com\/adrianagordillo\/wp-json\/wp\/v2\/pages"}],"about":[{"href":"https:\/\/nuestrosescritores.com\/adrianagordillo\/wp-json\/wp\/v2\/types\/page"}],"author":[{"embeddable":true,"href":"https:\/\/nuestrosescritores.com\/adrianagordillo\/wp-json\/wp\/v2\/users\/1"}],"replies":[{"embeddable":true,"href":"https:\/\/nuestrosescritores.com\/adrianagordillo\/wp-json\/wp\/v2\/comments?post=46"}],"version-history":[{"count":0,"href":"https:\/\/nuestrosescritores.com\/adrianagordillo\/wp-json\/wp\/v2\/pages\/46\/revisions"}],"wp:featuredmedia":[{"embeddable":true,"href":"https:\/\/nuestrosescritores.com\/adrianagordillo\/wp-json\/wp\/v2\/media\/81"}],"wp:attachment":[{"href":"https:\/\/nuestrosescritores.com\/adrianagordillo\/wp-json\/wp\/v2\/media?parent=46"}],"curies":[{"name":"wp","href":"https:\/\/api.w.org\/{rel}","templated":true}]}}