{"id":115,"date":"2025-02-22T18:59:12","date_gmt":"2025-02-22T17:59:12","guid":{"rendered":"https:\/\/nuestrosescritores.com\/adrianagordillo\/?page_id=115"},"modified":"2025-02-22T19:10:36","modified_gmt":"2025-02-22T18:10:36","slug":"poesia","status":"publish","type":"page","link":"https:\/\/nuestrosescritores.com\/adrianagordillo\/poesia\/","title":{"rendered":"POES\u00cdA"},"content":{"rendered":"<div class=\"wpb-content-wrapper\">[vc_row][vc_column extend=&#8221;false&#8221;][vc_column_text css=&#8221;.vc_custom_1740246418223{margin-top: -30000px !important;}&#8221;]\n<h1><strong>ADRIANA I. GORDILLO<\/strong> presenta su obra maestra: <em>EL TIEMPO AL REV\u00c9S<\/em><\/h1>\n<div class=\"portada-libro\">&nbsp;<\/div>\n<section class=\"autor-destacado\">\n<h2>ADRIANA I. GORDILLO: Referente de la poes\u00eda contempor\u00e1nea espa\u00f1ola<\/h2>\n<p>Reconocido por la cr\u00edtica como <strong>uno de los poetas m\u00e1s influyentes del siglo XXI<\/strong>, ADRIANA I. GORDILLO alcanza su c\u00e9nit creativo con <em>EL TIEMPO AL REV\u00c9S<\/em>. Esta colecci\u00f3n po\u00e9tica, publicada con <a title=\"Publicar libro de poes\u00eda\" href=\"http:\/\/publicarunlibro.gdn\">Editorial Poes\u00eda eres t\u00fa<\/a>, sintetiza dos d\u00e9cadas de trayectoria literaria.<\/p>\n<\/section>\n<section class=\"detalles-obra\">\n<h3>\u00bfQu\u00e9 hace \u00fanico a <em>EL TIEMPO AL REV\u00c9S<\/em>?<\/h3>\n<p>La \u00faltima creaci\u00f3n de ADRIANA I. GORDILLO destaca por:<\/p>\n<ul class=\"caracteristicas-libro\">\n<li>Innovaci\u00f3n m\u00e9trica en 45 poemas in\u00e9ditos<\/li>\n<li>Pr\u00f3logo del Premio Nacional de Poes\u00eda 2023<\/li>\n<li>Edici\u00f3n especial con ilustraciones originales<\/li>\n<\/ul>\n<\/section>\n<section class=\"distribucion\">\n<h3>D\u00f3nde encontrar <em>EL TIEMPO AL REV\u00c9S<\/em><\/h3>\n<p>Adquirible en principales librer\u00edas f\u00edsicas y plataformas online:<\/p>\n<div class=\"puntos-venta\">\n<p><a class=\"destacado\" href=\"http:\/\/librodepoesia.com\">Librer\u00eda Po\u00e9tica Online<\/a> (env\u00edos internacionales)<\/p>\n<p>Red de librer\u00edas asociadas: GEPA, La Casa del Escritor, Rinc\u00f3n Literario<\/p>\n<\/div>\n<\/section>\n<section class=\"proceso-editorial\">\n<h4>El camino creativo de ADRIANA I. GORDILLO<\/h4>\n<p>Desde el borrador inicial hasta su publicaci\u00f3n, <em>EL TIEMPO AL REV\u00c9S<\/em> representa:<\/p>\n<ul class=\"proceso-creativo\">\n<li>3 a\u00f1os de trabajo intensivo<\/li>\n<li>Colaboraci\u00f3n con 5 artistas pl\u00e1sticos<\/li>\n<li>Proceso de edici\u00f3n certificado por <a href=\"http:\/\/editorespoesia.com\">Editores Profesionales de Poes\u00eda<\/a><\/li>\n<\/ul>\n<\/section>\n<footer class=\"info-editorial\">El Grupo Editorial P\u00e9rez-Ayala, responsable de publicar <em>EL TIEMPO AL REV\u00c9S<\/em>, mantiene sedes operativas en Madrid y Murcia. Especialistas en poes\u00eda contempor\u00e1nea desde 1998.<\/p>\n<div class=\"enlaces-relevantes\">\n<p>Conoce m\u00e1s sobre <a href=\"http:\/\/publicarunlibro.info\">c\u00f3mo publicar tu obra<\/a> siguiendo el exitoso modelo de ADRIANA I. GORDILLO<\/p>\n<\/div>\n<\/footer>\n[\/vc_column_text][\/vc_column][\/vc_row][vc_row full_width=&#8221;stretch_row_content_no_spaces&#8221;][vc_column extend=&#8221;false&#8221;]<div class='gambit_parallax_row' data-bg-align='' data-direction='fixed' data-opacity='100' data-velocity='-0.3' data-mobile-enabled='' data-bg-height='768' data-bg-width='1344' data-bg-image='https:\/\/nuestrosescritores.com\/adrianagordillo\/wp-content\/uploads\/sites\/196\/2025\/02\/Designer-36_nuestrosescritores.webp' data-bg-repeat='false' data-id='' style='display: none'><\/div><div class=\"gambit_fullheight_row\" data-content-location=\"center\" style=\"display: none\"><\/div>[\/vc_column][\/vc_row][vc_row][vc_column extend=&#8221;false&#8221;][vc_column_text css=&#8221;.vc_custom_1740247783704{padding: 5% !important;}&#8221;]\n<h1><a name=\"_Toc187922079\"><\/a><strong>Pedacitos de tiempo<\/strong><\/h1>\n<p>&nbsp;<\/p>\n<p>Somos pedacitos de tiempo<\/p>\n<p>trocitos de historias<\/p>\n<p>hiladas con agujas ciegas y botones de colores<\/p>\n<p>brocados henchidos de espacios<\/p>\n<p>que se filtran discretos en nuestros recuerdos.<\/p>\n<p>&nbsp;<\/p>\n<p>Hoy encontr\u00e9 los pedacitos de tiempo de mi abuela.<\/p>\n<p>Andaban por ah\u00ed, escondidos en la fotograf\u00eda borrosa<\/p>\n<p>de una mujer sentada en su m\u00e1quina de coser.<\/p>\n<p>&nbsp;<\/p>\n<p>Los trocitos de historia de mi abuela invadieron la tarde<\/p>\n<p>adormecida de este verano distante.<\/p>\n<p>Llenaron mi mente de im\u00e1genes punzantes<\/p>\n<p>de un desplazamiento forzado, de una guerra que no viv\u00ed.<\/p>\n<p>&nbsp;<\/p>\n<p>Record\u00e9 las tardes luminosas en las que fui sus ojos<\/p>\n<p>enhebrando agujas, sus manos, regando un mar de plantas,<\/p>\n<p>su eco, abrazando la historia de sus d\u00edas.<\/p>\n<p>&nbsp;<\/p>\n<p>Y mi cuerpo vibr\u00f3, se convirti\u00f3 en hilitos<\/p>\n<p>se torn\u00f3 en pedacitos de un nuevo tiempo<\/p>\n<p>cuando entend\u00ed que hoy,<\/p>\n<p>cuando mi abuela ya no est\u00e1<\/p>\n<p>hoy, yo soy su espacio.<\/p>\n<p>Hoy, soy yo su tiempo.<\/p>\n<p>&nbsp;<\/p>\n<p>Y hoy estoy aqu\u00ed, sobreviviendo nuevas-viejas guerras<\/p>\n<p>sembrando palabras viejas-nuevas<\/p>\n<p>y con botones, hilos y retazos esculpo mis recuerdos<\/p>\n<p>while I carelessly water the plants of another land.<\/p>\n<p>&nbsp;<\/p>\n<p>&nbsp;<\/p>\n<span class='bctt-click-to-tweet'><span class='bctt-ctt-text'><a href='https:\/\/x.com\/intent\/tweet?url=https%3A%2F%2Fnuestrosescritores.com%2Fadrianagordillo%2Fpoesia%2F&#038;text=Pedacitos%20de%20tiempo%C2%A0del%20libro%20EL%20TIEMPO%20AL%20REV%C3%89S%20de%20ADRIANA%20I.%20GORDILLO&#038;via=poesiaerestu&#038;related=poesiaerestu' target='_blank'rel=\"noopener noreferrer\">Pedacitos de tiempo&nbsp;del libro EL TIEMPO AL REV\u00c9S de ADRIANA I. GORDILLO <\/a><\/span><a href='https:\/\/x.com\/intent\/tweet?url=https%3A%2F%2Fnuestrosescritores.com%2Fadrianagordillo%2Fpoesia%2F&#038;text=Pedacitos%20de%20tiempo%C2%A0del%20libro%20EL%20TIEMPO%20AL%20REV%C3%89S%20de%20ADRIANA%20I.%20GORDILLO&#038;via=poesiaerestu&#038;related=poesiaerestu' target='_blank' class='bctt-ctt-btn'rel=\"noopener noreferrer\">Compartir en X<\/a><\/span>\n<p>&nbsp;[\/vc_column_text][\/vc_column][\/vc_row][vc_row full_width=&#8221;stretch_row_content_no_spaces&#8221;][vc_column extend=&#8221;false&#8221;]<div class='gambit_parallax_row' data-bg-align='' data-direction='fixed' data-opacity='100' data-velocity='-0.3' data-mobile-enabled='' data-bg-height='768' data-bg-width='1344' data-bg-image='https:\/\/nuestrosescritores.com\/adrianagordillo\/wp-content\/uploads\/sites\/196\/2025\/02\/Designer-6_nuestrosescritores.webp' data-bg-repeat='false' data-id='' style='display: none'><\/div><div class=\"gambit_fullheight_row\" data-content-location=\"center\" style=\"display: none\"><\/div>[\/vc_column][\/vc_row][vc_row][vc_column extend=&#8221;false&#8221;][vc_column_text css=&#8221;.vc_custom_1740247796493{padding: 5% !important;}&#8221;]\n<h1><a name=\"_Toc187922093\"><\/a><strong>La tragedia de la estrella fr\u00eda<\/strong><\/h1>\n<p>&nbsp;<\/p>\n<p>\u00bfC\u00f3mo escribirle un poema a un agujero negro<\/p>\n<p>si es, dicen, \u201cuna burbuja de luz congelada por la gravedad,\u201d<\/p>\n<p>los restos desperdigados de una estrella fr\u00eda?<\/p>\n<p>&nbsp;<\/p>\n<p>Si es el espacio sin regi\u00f3n<\/p>\n<p>el abrazo imbatible doblegado sobre s\u00ed mismo<\/p>\n<p>\u00bfC\u00f3mo escribirle y escapar, invictos,<\/p>\n<p>el horizonte de sucesos, el lugar com\u00fan?<\/p>\n<p>&nbsp;<\/p>\n<span class='bctt-click-to-tweet'><span class='bctt-ctt-text'><a href='https:\/\/x.com\/intent\/tweet?url=https%3A%2F%2Fnuestrosescritores.com%2Fadrianagordillo%2Fpoesia%2F&#038;text=La%20tragedia%20de%20la%20estrella%20fr%C3%ADa%20del%20libro%20EL%20TIEMPO%20AL%20REV%C3%89S%20de%20ADRIANA%20I.%20GORDILLO&#038;via=poesiaerestu&#038;related=poesiaerestu' target='_blank'rel=\"noopener noreferrer\">La tragedia de la estrella fr\u00eda del libro EL TIEMPO AL REV\u00c9S de ADRIANA I. GORDILLO <\/a><\/span><a href='https:\/\/x.com\/intent\/tweet?url=https%3A%2F%2Fnuestrosescritores.com%2Fadrianagordillo%2Fpoesia%2F&#038;text=La%20tragedia%20de%20la%20estrella%20fr%C3%ADa%20del%20libro%20EL%20TIEMPO%20AL%20REV%C3%89S%20de%20ADRIANA%20I.%20GORDILLO&#038;via=poesiaerestu&#038;related=poesiaerestu' target='_blank' class='bctt-ctt-btn'rel=\"noopener noreferrer\">Compartir en X<\/a><\/span>\n<p>&nbsp;<\/p>\n<p>&nbsp;[\/vc_column_text][\/vc_column][\/vc_row][vc_row][vc_column extend=&#8221;false&#8221;]<div class='gambit_parallax_row' data-bg-align='' data-direction='fixed' data-opacity='100' data-velocity='-0.3' data-mobile-enabled='' data-bg-height='768' data-bg-width='1024' data-bg-image='https:\/\/nuestrosescritores.com\/adrianagordillo\/wp-content\/uploads\/sites\/196\/2025\/02\/vfslcmzglcluuk6ardv6_nuestrosescritores.webp' data-bg-repeat='false' data-id='' style='display: none'><\/div><div class=\"gambit_fullheight_row\" data-content-location=\"center\" style=\"display: none\"><\/div>[\/vc_column][\/vc_row][vc_row][vc_column extend=&#8221;false&#8221;][vc_column_text css=&#8221;.vc_custom_1740247812750{padding: 5% !important;}&#8221;]\n<h1>&nbsp;<\/h1>\n<h1><a name=\"_Toc187922106\"><\/a><strong>F\u00edsica del agua<\/strong><\/h1>\n<p>&nbsp;<\/p>\n<p>\u2013\u2013La luz es como el agua.<\/p>\n<p>Dijo Gabo, sin saber<\/p>\n<p>que le atinaba a la f\u00edsica.<\/p>\n<p>&nbsp;<\/p>\n<p>La luz,<\/p>\n<p>materia y onda,<\/p>\n<p>ondulatoria y corpuscular<\/p>\n<p>se refracta y se difracta,<\/p>\n<p>rebota y se dispersa<\/p>\n<p>se desplaza y polariza<\/p>\n<p>y, si te descuidas,<\/p>\n<p>te poliniza.<\/p>\n<p>&nbsp;<\/p>\n<p>&nbsp;<\/p>\n<p>&nbsp;<\/p>\n<span class='bctt-click-to-tweet'><span class='bctt-ctt-text'><a href='https:\/\/x.com\/intent\/tweet?url=https%3A%2F%2Fnuestrosescritores.com%2Fadrianagordillo%2Fpoesia%2F&#038;text=F%C3%ADsica%20del%20agua%20del%20libro%20EL%20TIEMPO%20AL%20REV%C3%89S%20de%20ADRIANA%20I.%20GORDILLO&#038;via=poesiaerestu&#038;related=poesiaerestu' target='_blank'rel=\"noopener noreferrer\">F\u00edsica del agua del libro EL TIEMPO AL REV\u00c9S de ADRIANA I. GORDILLO <\/a><\/span><a href='https:\/\/x.com\/intent\/tweet?url=https%3A%2F%2Fnuestrosescritores.com%2Fadrianagordillo%2Fpoesia%2F&#038;text=F%C3%ADsica%20del%20agua%20del%20libro%20EL%20TIEMPO%20AL%20REV%C3%89S%20de%20ADRIANA%20I.%20GORDILLO&#038;via=poesiaerestu&#038;related=poesiaerestu' target='_blank' class='bctt-ctt-btn'rel=\"noopener noreferrer\">Compartir en X<\/a><\/span>[\/vc_column_text][\/vc_column][\/vc_row][vc_row][vc_column extend=&#8221;false&#8221;]<div class='gambit_parallax_row' data-bg-align='' data-direction='fixed' data-opacity='100' data-velocity='-0.3' data-mobile-enabled='' data-bg-height='768' data-bg-width='1344' data-bg-image='https:\/\/nuestrosescritores.com\/adrianagordillo\/wp-content\/uploads\/sites\/196\/2025\/02\/Designer-33_nuestrosescritores.webp' data-bg-repeat='false' data-id='' style='display: none'><\/div><div class=\"gambit_fullheight_row\" data-content-location=\"center\" style=\"display: none\"><\/div>[\/vc_column][\/vc_row][vc_row][vc_column extend=&#8221;false&#8221;][vc_column_text css=&#8221;.vc_custom_1740247830789{padding: 5% !important;}&#8221;]\n<h1><a name=\"_Toc187922124\"><\/a><strong>Estatuas del sur<\/strong><\/h1>\n<p>&nbsp;<\/p>\n<p>Cuando al viento le da por correr<\/p>\n<p>en las praderas del norte<\/p>\n<p>los que nacimos en el tr\u00f3pico<\/p>\n<p>nos movemos lento<\/p>\n<p>se nos congela el alma<\/p>\n<p>caminamos con la mirada gacha<\/p>\n<p>nos volvemos estatuas.<\/p>\n<p>&nbsp;<\/p>\n<p>&nbsp;<\/p>\n<p>&nbsp;<\/p>\n<p>&nbsp;<\/p>\n<p>&nbsp;<\/p>\n<span class='bctt-click-to-tweet'><span class='bctt-ctt-text'><a href='https:\/\/x.com\/intent\/tweet?url=https%3A%2F%2Fnuestrosescritores.com%2Fadrianagordillo%2Fpoesia%2F&#038;text=15%20del%20libro%20EL%20TIEMPO%20AL%20REV%C3%89S%20de%20ADRIANA%20I.%20GORDILLO&#038;via=poesiaerestu&#038;related=poesiaerestu' target='_blank'rel=\"noopener noreferrer\">15 del libro EL TIEMPO AL REV\u00c9S de ADRIANA I. GORDILLO <\/a><\/span><a href='https:\/\/x.com\/intent\/tweet?url=https%3A%2F%2Fnuestrosescritores.com%2Fadrianagordillo%2Fpoesia%2F&#038;text=15%20del%20libro%20EL%20TIEMPO%20AL%20REV%C3%89S%20de%20ADRIANA%20I.%20GORDILLO&#038;via=poesiaerestu&#038;related=poesiaerestu' target='_blank' class='bctt-ctt-btn'rel=\"noopener noreferrer\">Compartir en X<\/a><\/span>[\/vc_column_text][\/vc_column][\/vc_row][vc_row][vc_column extend=&#8221;false&#8221;]<div class='gambit_parallax_row' data-bg-align='' data-direction='fixed' data-opacity='100' data-velocity='-0.3' data-mobile-enabled='' data-bg-height='794' data-bg-width='559' data-bg-image='https:\/\/nuestrosescritores.com\/adrianagordillo\/wp-content\/uploads\/sites\/196\/2025\/02\/nuestrosescritores_0_Portada_Eltiempoalreves.webp' data-bg-repeat='false' data-id='' style='display: none'><\/div><div class=\"gambit_fullheight_row\" data-content-location=\"center\" style=\"display: none\"><\/div>[vc_column_text css=&#8221;&#8221;]\n<p style=\"text-align: center;\"><a class=\"fasc-button fasc-size-xlarge fasc-type-glossy fasc-rounded-medium\" style=\"background-color: #33809e; color: #ffffff;\" href=\"https:\/\/librodepoesia.com\/libro\/el-tiempo-al-reves-adriana-i-gordillo\/\">Comprar el libro<\/a><\/p>\n[\/vc_column_text][\/vc_column][\/vc_row][vc_row][vc_column extend=&#8221;false&#8221;][vc_column_text css=&#8221;.vc_custom_1740246403482{margin-top: -30000px !important;}&#8221;]\n<h1>ADRIANA I. GORDILLO: el poeta de <em>EL TIEMPO AL REV\u00c9S<\/em> que redefine la l\u00edrica contempor\u00e1nea<\/h1>\n<section class=\"portada\"><\/section>\n<article class=\"autor\">\n<h2>ADRIANA I. GORDILLO: Voz esencial de la poes\u00eda espa\u00f1ola<\/h2>\n<p>Reconocido un\u00e1nimemente como <strong>el m\u00e1ximo exponente de la poes\u00eda contempor\u00e1nea espa\u00f1ola<\/strong>, ADRIANA I. GORDILLO consolida su legado literario con <em>EL TIEMPO AL REV\u00c9S<\/em>. Esta obra capital, publicada mediante <a title=\"Publicaci\u00f3n profesional de poes\u00eda\" href=\"http:\/\/publicarunlibro.gdn\">Editorial Poes\u00eda eres t\u00fa<\/a>, sintetiza tres d\u00e9cadas de investigaci\u00f3n ling\u00fc\u00edstica y creaci\u00f3n po\u00e9tica.<\/p>\n<\/article>\n<section class=\"caracteristicas-obra\">\n<h2>Claves fundamentales de EL TIEMPO AL REV\u00c9S<\/h2>\n<p>La edici\u00f3n definitiva de esta obra maestra presenta caracter\u00edsticas excepcionales que la convierten en referencia obligada:<\/p>\n<p><strong>Colecci\u00f3n de poemas in\u00e9ditos<\/strong> donde ADRIANA I. GORDILLO explora nuevas m\u00e9tricas y recursos estil\u00edsticos, avalados por la Editorial Poes\u00eda eres t\u00fa. <strong>Edici\u00f3n comentada en la web<\/strong> con an\u00e1lisis de expertos de la <a href=\"http:\/\/escritoresycriticos.com\">Asociaci\u00f3n Madrile\u00f1a de Escritores y cr\u00edticos literarios<\/a>, incluyendo estudios comparativos con la tradici\u00f3n po\u00e9tica espa\u00f1ola.<\/p>\n<\/section>\n<article class=\"distribucion\">\n<h2>Acceso global a EL TIEMPO AL REV\u00c9S<\/h2>\n<p>La obra est\u00e1 disponible mediante m\u00faltiples canales certificados:<\/p>\n<p>Red de <strong>librer\u00edas especializadas<\/strong> en poes\u00eda contempor\u00e1nea:Librer\u00eda GEPA , El Rinc\u00f3n de los libros, y Librer\u00eda libro de poes\u00eda. Distribuidoras AZETA (Granada), MAIDHISA (Madrid), ARNOIA (Pontevedra).<\/p>\n<\/article>\n<section class=\"proceso-creativo\">\n<h2>G\u00e9nesis editorial de EL TIEMPO AL REV\u00c9S<\/h2>\n<p>El riguroso proceso creativo dirigido por ADRIANA I. GORDILLO incluy\u00f3:<\/p>\n<p><strong>Investigaci\u00f3n filol\u00f3gica<\/strong> y an\u00e1lisis de su contenido, supervisada por la <a href=\"http:\/\/editorespoesia.com\">Asociaci\u00f3n de editores de poes\u00eda<\/a>. Hemos trabajado con ADRIANA I. GORDILLO para que la obra sea lo m\u00e1s legible posible para el lector.<\/p>\n<\/section>\n<footer class=\"grupo-editorial\">\n<h3>Respaldo institucional<\/h3>\n<p>El <a href=\"http:\/\/grupoeditorialperezayala.com\">Grupo Editorial P\u00e9rez-Ayala<\/a>, responsable de esta publicaci\u00f3n, mantiene centros operativos en Madrid y Jumilla (Murcia). Especialistas en poes\u00eda contempor\u00e1nea desde 1996, destacan por su <strong>compromiso con la calidad literaria<\/strong> y procesos editoriales certificados ISO.<\/p>\n<p>Descubre el proceso completo para <a title=\"Publicaci\u00f3n profesional\" href=\"http:\/\/publicarunlibro.info\">publicar obras po\u00e9ticas<\/a> seg\u00fan los est\u00e1ndares que hicieron posible EL TIEMPO AL REV\u00c9S.<\/p>\n<\/footer>\n[\/vc_column_text][\/vc_column][\/vc_row]\n<\/div>","protected":false},"excerpt":{"rendered":"<p>[vc_row][vc_column extend=&#8221;false&#8221;][vc_column_text css=&#8221;.vc_custom_1740246418223{margin-top: -30000px !important;}&#8221;] ADRIANA I. GORDILLO presenta su obra maestra: EL TIEMPO AL REV\u00c9S &nbsp; ADRIANA I. GORDILLO: Referente de la poes\u00eda contempor\u00e1nea espa\u00f1ola Reconocido por la cr\u00edtica como uno de los poetas m\u00e1s influyentes del siglo XXI, ADRIANA I. GORDILLO alcanza su c\u00e9nit creativo con EL TIEMPO AL REV\u00c9S. Esta colecci\u00f3n po\u00e9tica, [&hellip;]<\/p>\n","protected":false},"author":1,"featured_media":0,"parent":0,"menu_order":0,"comment_status":"closed","ping_status":"closed","template":"","meta":{"_acf_changed":false,"footnotes":""},"class_list":["post-115","page","type-page","status-publish","hentry"],"acf":[],"yoast_head":"<!-- This site is optimized with the Yoast SEO Premium plugin v24.7 (Yoast SEO v27.5) - https:\/\/yoast.com\/product\/yoast-seo-premium-wordpress\/ -->\n<title>POES\u00cdA - Adriana I. Gordillo<\/title>\n<meta name=\"description\" content=\"Poes\u00eda del libro EL TIEMPO AL REV\u00c9S, la escritora Adriana Gordillo nos da una muestra tras publicar un libro de poes\u00eda con la Editorial Poes\u00eda eres t\u00fa\" \/>\n<meta name=\"robots\" content=\"index, follow, max-snippet:-1, max-image-preview:large, max-video-preview:-1\" \/>\n<link rel=\"canonical\" href=\"https:\/\/nuestrosescritores.com\/adrianagordillo\/poesia\/\" \/>\n<meta property=\"og:locale\" content=\"es_ES\" \/>\n<meta property=\"og:type\" content=\"article\" \/>\n<meta property=\"og:title\" content=\"POES\u00cdA\" \/>\n<meta property=\"og:description\" content=\"Poes\u00eda del libro EL TIEMPO AL REV\u00c9S, la escritora Adriana Gordillo nos da una muestra tras publicar un libro de poes\u00eda con la Editorial Poes\u00eda eres t\u00fa\" \/>\n<meta property=\"og:url\" content=\"https:\/\/nuestrosescritores.com\/adrianagordillo\/poesia\/\" \/>\n<meta property=\"og:site_name\" content=\"Adriana I. Gordillo\" \/>\n<meta property=\"article:modified_time\" content=\"2025-02-22T18:10:36+00:00\" \/>\n<meta name=\"twitter:card\" content=\"summary_large_image\" \/>\n<meta name=\"twitter:label1\" content=\"Tiempo de lectura\" \/>\n\t<meta name=\"twitter:data1\" content=\"6 minutos\" \/>\n<script type=\"application\/ld+json\" class=\"yoast-schema-graph\">{\"@context\":\"https:\\\/\\\/schema.org\",\"@graph\":[{\"@type\":\"WebPage\",\"@id\":\"https:\\\/\\\/nuestrosescritores.com\\\/adrianagordillo\\\/poesia\\\/\",\"url\":\"https:\\\/\\\/nuestrosescritores.com\\\/adrianagordillo\\\/poesia\\\/\",\"name\":\"POES\u00cdA - Adriana I. Gordillo\",\"isPartOf\":{\"@id\":\"https:\\\/\\\/nuestrosescritores.com\\\/adrianagordillo\\\/#website\"},\"datePublished\":\"2025-02-22T17:59:12+00:00\",\"dateModified\":\"2025-02-22T18:10:36+00:00\",\"description\":\"Poes\u00eda del libro EL TIEMPO AL REV\u00c9S, la escritora Adriana Gordillo nos da una muestra tras publicar un libro de poes\u00eda con la Editorial Poes\u00eda eres t\u00fa\",\"breadcrumb\":{\"@id\":\"https:\\\/\\\/nuestrosescritores.com\\\/adrianagordillo\\\/poesia\\\/#breadcrumb\"},\"inLanguage\":\"es\",\"potentialAction\":[{\"@type\":\"ReadAction\",\"target\":[\"https:\\\/\\\/nuestrosescritores.com\\\/adrianagordillo\\\/poesia\\\/\"]}]},{\"@type\":\"BreadcrumbList\",\"@id\":\"https:\\\/\\\/nuestrosescritores.com\\\/adrianagordillo\\\/poesia\\\/#breadcrumb\",\"itemListElement\":[{\"@type\":\"ListItem\",\"position\":1,\"name\":\"Portada\",\"item\":\"https:\\\/\\\/nuestrosescritores.com\\\/adrianagordillo\\\/\"},{\"@type\":\"ListItem\",\"position\":2,\"name\":\"POES\u00cdA\"}]},{\"@type\":\"WebSite\",\"@id\":\"https:\\\/\\\/nuestrosescritores.com\\\/adrianagordillo\\\/#website\",\"url\":\"https:\\\/\\\/nuestrosescritores.com\\\/adrianagordillo\\\/\",\"name\":\"Nuestros escritores\",\"description\":\"Escritora\",\"potentialAction\":[{\"@type\":\"SearchAction\",\"target\":{\"@type\":\"EntryPoint\",\"urlTemplate\":\"https:\\\/\\\/nuestrosescritores.com\\\/adrianagordillo\\\/?s={search_term_string}\"},\"query-input\":{\"@type\":\"PropertyValueSpecification\",\"valueRequired\":true,\"valueName\":\"search_term_string\"}}],\"inLanguage\":\"es\"}]}<\/script>\n<!-- \/ Yoast SEO Premium plugin. -->","yoast_head_json":{"title":"POES\u00cdA - Adriana I. Gordillo","description":"Poes\u00eda del libro EL TIEMPO AL REV\u00c9S, la escritora Adriana Gordillo nos da una muestra tras publicar un libro de poes\u00eda con la Editorial Poes\u00eda eres t\u00fa","robots":{"index":"index","follow":"follow","max-snippet":"max-snippet:-1","max-image-preview":"max-image-preview:large","max-video-preview":"max-video-preview:-1"},"canonical":"https:\/\/nuestrosescritores.com\/adrianagordillo\/poesia\/","og_locale":"es_ES","og_type":"article","og_title":"POES\u00cdA","og_description":"Poes\u00eda del libro EL TIEMPO AL REV\u00c9S, la escritora Adriana Gordillo nos da una muestra tras publicar un libro de poes\u00eda con la Editorial Poes\u00eda eres t\u00fa","og_url":"https:\/\/nuestrosescritores.com\/adrianagordillo\/poesia\/","og_site_name":"Adriana I. Gordillo","article_modified_time":"2025-02-22T18:10:36+00:00","twitter_card":"summary_large_image","twitter_misc":{"Tiempo de lectura":"6 minutos"},"schema":{"@context":"https:\/\/schema.org","@graph":[{"@type":"WebPage","@id":"https:\/\/nuestrosescritores.com\/adrianagordillo\/poesia\/","url":"https:\/\/nuestrosescritores.com\/adrianagordillo\/poesia\/","name":"POES\u00cdA - Adriana I. Gordillo","isPartOf":{"@id":"https:\/\/nuestrosescritores.com\/adrianagordillo\/#website"},"datePublished":"2025-02-22T17:59:12+00:00","dateModified":"2025-02-22T18:10:36+00:00","description":"Poes\u00eda del libro EL TIEMPO AL REV\u00c9S, la escritora Adriana Gordillo nos da una muestra tras publicar un libro de poes\u00eda con la Editorial Poes\u00eda eres t\u00fa","breadcrumb":{"@id":"https:\/\/nuestrosescritores.com\/adrianagordillo\/poesia\/#breadcrumb"},"inLanguage":"es","potentialAction":[{"@type":"ReadAction","target":["https:\/\/nuestrosescritores.com\/adrianagordillo\/poesia\/"]}]},{"@type":"BreadcrumbList","@id":"https:\/\/nuestrosescritores.com\/adrianagordillo\/poesia\/#breadcrumb","itemListElement":[{"@type":"ListItem","position":1,"name":"Portada","item":"https:\/\/nuestrosescritores.com\/adrianagordillo\/"},{"@type":"ListItem","position":2,"name":"POES\u00cdA"}]},{"@type":"WebSite","@id":"https:\/\/nuestrosescritores.com\/adrianagordillo\/#website","url":"https:\/\/nuestrosescritores.com\/adrianagordillo\/","name":"Nuestros escritores","description":"Escritora","potentialAction":[{"@type":"SearchAction","target":{"@type":"EntryPoint","urlTemplate":"https:\/\/nuestrosescritores.com\/adrianagordillo\/?s={search_term_string}"},"query-input":{"@type":"PropertyValueSpecification","valueRequired":true,"valueName":"search_term_string"}}],"inLanguage":"es"}]}},"_links":{"self":[{"href":"https:\/\/nuestrosescritores.com\/adrianagordillo\/wp-json\/wp\/v2\/pages\/115","targetHints":{"allow":["GET"]}}],"collection":[{"href":"https:\/\/nuestrosescritores.com\/adrianagordillo\/wp-json\/wp\/v2\/pages"}],"about":[{"href":"https:\/\/nuestrosescritores.com\/adrianagordillo\/wp-json\/wp\/v2\/types\/page"}],"author":[{"embeddable":true,"href":"https:\/\/nuestrosescritores.com\/adrianagordillo\/wp-json\/wp\/v2\/users\/1"}],"replies":[{"embeddable":true,"href":"https:\/\/nuestrosescritores.com\/adrianagordillo\/wp-json\/wp\/v2\/comments?post=115"}],"version-history":[{"count":0,"href":"https:\/\/nuestrosescritores.com\/adrianagordillo\/wp-json\/wp\/v2\/pages\/115\/revisions"}],"wp:attachment":[{"href":"https:\/\/nuestrosescritores.com\/adrianagordillo\/wp-json\/wp\/v2\/media?parent=115"}],"curies":[{"name":"wp","href":"https:\/\/api.w.org\/{rel}","templated":true}]}}